{"id":44390,"date":"2015-03-11T14:08:10","date_gmt":"2015-03-11T13:08:10","guid":{"rendered":"https:\/\/centcols.org\/backup\/les-voyages\/"},"modified":"2020-06-05T08:42:36","modified_gmt":"2020-06-05T06:42:36","slug":"les-voyages","status":"publish","type":"page","link":"https:\/\/centcols.org\/backup\/en\/les-voyages\/","title":{"rendered":"Journeys"},"content":{"rendered":"<p style=\"text-align: justify;\"><strong>18\/04\/15 :<\/strong> <a href=\"https:\/\/centcols.org\/backup\/wp-content\/uploads\/2015\/03\/La-Grande-Transhumance.pdf\">La Grande Transhumance<\/a>\u00a0 (Guy Camb\u00e9ss\u00e8des N\u00b01420) Prix Charles Antonin 2014.\u00a0 (PDF de 5 Mo)<\/p>\n<p style=\"text-align: justify;\"><strong>05\/05\/14 :<\/strong><a href=\"https:\/\/www.modachulvelo.com\/category\/divisoria-etapes\/\" target=\"_blank\" rel=\"noopener noreferrer\"> M\u00f4da chu lv\u00e9lo &#8212; La Divisoria<\/a>\u00a0 The Randonn\u00e9e Permanente Cent Cols \u00ab La Divisoria \u00bb made by G\u00e9rard Fillion-Robin et R\u00e9gis Parazfrom 6 May 2014..<\/p>\n<p style=\"text-align: justify;\"><strong>18\/04\/12 :<\/strong><a href=\"http:\/\/alain.jugla.name\/\" target=\"_blank\" rel=\"noopener noreferrer\"> Blog Le Teil &#8211; Cap Nord<\/a>\u00a0 The 23 April 2012, <span lang=\"EN-GB\" style=\"font-family: 'Times','serif'; color: #222222;\">Alain Jugla (CC n\u00b06544) and Marie-Antoinette Delaroche will leave fromTeil (07) for a five month journey which will lead them to the northernmost point of Europe \u2013 the Cap Nord.We will finish our journey having covered more than 8000 km.<\/span><\/p>\n<p style=\"text-align: justify;\"><strong>08\/12\/11 :<\/strong> <a href=\"http:\/\/velo.hennebert.fr\/amerique%20du%20sud%202011\/amerique%20du%20sud2011.html\" target=\"_blank\" rel=\"noopener noreferrer\">Blog Buenos Aires &#8211; Ushua\u00efa &#8211; Quito<\/a>\u00a0 The 28 November 2011, Fran\u00e7ois Hennebert (Cent Cols n\u00b0 5532) began his solo adventure in South America.\u00a0 You can follow him on his blog <a href=\"http:\/\/velo.hennebert.fr\/index.html\" target=\"_blank\" rel=\"noopener noreferrer\">sa page d&#8217;accueil<\/a>,<\/p>\n<p style=\"text-align: justify;\"><strong>01\/08\/11 :<\/strong><a class=\"iframe-fancybox\" href=\"\/voyages\/Rudaz\/\" target=\"_blank\" rel=\"noopener noreferrer\"> Les diaporamas des grimp\u00e9s d&#8217;Andr\u00e9 Rudaz<\/a> \u00a0<span lang=\"EN-GB\" style=\"font-family: 'Times','serif'; color: #222222;\">At each year\u2019s end, Andr\u00e9 Rudaz has collected together the photos of all his journeys, which you can see here.<\/span><\/p>\n<p style=\"text-align: justify;\"><strong>15\/05\/11 :<\/strong> <a href=\"http:\/\/www.modachulvelo.com\/avelo\/index.php?option=com_k2&amp;view=item&amp;layout=item&amp;id=10&amp;Itemid=8\" target=\"_blank\" rel=\"noopener noreferrer\">M\u00f4da chu lv\u00e9lo ou Je pars sur le v\u00e9lo<\/a> Le Tour de la France de R\u00e9gis Paraz : \u00ab A project which I had had in mind for more than twenty years \u2013 a journey of 7500 km with a visit to all corners of the Hexagon : Lauterbourg, Dunkerque, Cap de la Hague, Pointe du Raz, Hendaye, Cerb\u00e8re (col des Balitres), Menton et St Gingolph<\/p>\n<p style=\"text-align: justify;\"><strong>22\/11\/09 :<\/strong> <a class=\"iframe-fancybox\" href=\"\/voyages\/trieste-thonon\/trieste-thonon.htm\" target=\"_blank\" rel=\"noopener noreferrer\">Trieste &#8211; Thonon<\/a>\u00a0\u00a0\u00a0 (Philippe Chazottier, N\u00b0 5178)<\/p>\n<p style=\"text-align: justify;\"><strong>19\/06\/07 :<\/strong> <a class=\"iframe-fancybox\" href=\"\/voyages\/300_30\/index.htm\" target=\"_blank\" rel=\"noopener noreferrer\">300 cols en 30 jours<\/a>\u00a0\u00a0\u00a0 (Philip Deeker)<\/p>\n<p style=\"text-align: justify;\"><strong>21\/10\/05 :<\/strong> <a class=\"iframe-fancybox\" href=\"\/voyages\/peru_by_bike\/peruByBike.htm\" target=\"_blank\" rel=\"noopener noreferrer\">Peru by bike<\/a>\u00a0\u00a0\u00a0 (Pieter Parmentier N\u00b06041)<\/p>\n<p style=\"text-align: justify;\"><strong>10\/04\/05 :<\/strong> <a class=\"iframe-fancybox\" href=\"\/voyages\/tibet_by_bike\/tibet_by_bike.htm\" target=\"_blank\" rel=\"noopener noreferrer\">Tibet by bike<\/a>\u00a0\u00a0\u00a0 (Pieter Parmentier N\u00b06041)<\/p>\n<p style=\"text-align: justify;\"><strong>05\/02\/05 :<\/strong> <a class=\"iframe-fancybox\" href=\"\/voyages\/les_muletiers_du_colorado\/les_muletiers_du_colorado.htm\" target=\"_blank\" rel=\"noopener noreferrer\">Les muletiers du Colorado<\/a>\u00a0\u00a0\u00a0 (Robert de Rudder, N\u00b0 5278)<\/p>\n<p style=\"text-align: justify;\"><strong>22\/01\/05 :<\/strong> <a class=\"iframe-fancybox\" href=\"\/voyages\/thonon-venise\/thonon-venise.htm\" target=\"_blank\" rel=\"noopener noreferrer\">Chauny-Thonon-Venise<\/a>\u00a0\u00a0\u00a0 (Jean-Marc Lef\u00e8vre, N\u00b0 3331)<\/p>\n<p style=\"text-align: justify;\"><strong>30\/10\/03 :<\/strong> <a class=\"iframe-fancybox\" href=\"\/voyages\/st-jacques\/je_partirai_un_beau_matin.htm\" target=\"_blank\" rel=\"noopener noreferrer\">Je partirai un beau matin de la Belgique \u00e0 Santiago de Compostela<\/a>\u00a0\u00a0 (Fernand Yasse, N\u00b0 3680)<\/p>\n<p style=\"text-align: justify;\"><strong>21\/06\/03 :<\/strong> <a class=\"iframe-fancybox\" href=\"\/voyages\/lalpine_thonon-antibes\/lalpine_thonon-antibes.htm\" target=\"_blank\" rel=\"noopener noreferrer\">L&#8217;Alpine Thonon &#8211; Antibes<\/a>\u00a0\u00a0\u00a0 (Jean-Marc Lef\u00e8vre, N\u00b0 3331)<\/p>\n<p style=\"text-align: justify;\"><strong>21\/10\/02 :<\/strong> <a class=\"iframe-fancybox\" href=\"\/voyages\/colorado\/colorado_2002.htm\" target=\"_blank\" rel=\"noopener noreferrer\">Tour du Colorado 2002<\/a>\u00a0\u00a0\u00a0 (Bernard Chalchat, N\u00b0 837)<\/p>\n<p style=\"text-align: justify;\"><strong>25\/11\/01 :<\/strong> <a class=\"iframe-fancybox\" href=\"\/voyages\/thonon-antibes\/thonon-antibes.htm\" target=\"_blank\" rel=\"noopener noreferrer\">Thonon &#8211; Antibes par les Pr\u00e9alpes\u00a0<\/a>\u00a0\u00a0 (Jean-Marc Lef\u00e8vre, N\u00b0 3331)<\/p>\n<p style=\"text-align: justify;\"><strong>15\/09\/01 :<\/strong> <a class=\"iframe-fancybox\" href=\"\/voyages\/thonon-trieste\/thonon-trieste.htm\" target=\"_blank\" rel=\"noopener noreferrer\">Thonon &#8211; Trieste<\/a>\u00a0\u00a0\u00a0 (Jean-Marc Lef\u00e8vre, N\u00b0 3331)<\/p>\n<p style=\"text-align: justify;\"><strong>10\/03\/01 :<\/strong> <a class=\"iframe-fancybox\" href=\"\/voyages\/ventoux_93\/ventoux_93.htm\" target=\"_blank\" rel=\"noopener noreferrer\">Randonn\u00e9e proven\u00e7ale<\/a>\u00a0\u00a0\u00a0 (Patrice Godart, N\u00b0 2049)<\/p>\n<p style=\"text-align: justify;\"><strong>28\/10\/00 :<\/strong> <a href=\"\/voyages\/pelerinage.htm\" target=\"_blank\" rel=\"noopener noreferrer\">R\u00e9cit d&#8217;une randonn\u00e9e vers Saint-Jacques<\/a>\u00a0\u00a0\u00a0 (Roger Giraud, N\u00b0 712)<\/p>\n","protected":false},"excerpt":{"rendered":"<p>18\/04\/15 : La Grande Transhumance\u00a0 (Guy Camb\u00e9ss\u00e8des N\u00b01420) Prix Charles Antonin 2014.\u00a0 (PDF de 5 Mo) 05\/05\/14 : M\u00f4da chu lv\u00e9lo &#8212; La Divisoria\u00a0 The Randonn\u00e9e Permanente Cent Cols \u00ab La Divisoria \u00bb made by G\u00e9rard Fillion-Robin et R\u00e9gis Parazfrom 6 May 2014.. 18\/04\/12 : Blog Le Teil &#8211; Cap Nord\u00a0 The 23 April 2012, [&hellip;]<\/p>\n","protected":false},"author":69,"featured_media":0,"parent":0,"menu_order":0,"comment_status":"closed","ping_status":"closed","template":"","meta":{"_acf_changed":false,"ub_ctt_via":"","_monsterinsights_skip_tracking":false,"_monsterinsights_sitenote_active":false,"_monsterinsights_sitenote_note":"","_monsterinsights_sitenote_category":0,"footnotes":""},"acf":[],"featured_image_urls":{"full":"","thumbnail":"","medium":"","medium_large":"","large":"","1536x1536":"","2048x2048":"","woocommerce_thumbnail":"","woocommerce_single":"","woocommerce_gallery_thumbnail":""},"post_excerpt_stackable":"<p>18\/04\/15 : La Grande Transhumance\u00a0 (Guy Camb\u00e9ss\u00e8des N\u00b01420) Prix Charles Antonin 2014.\u00a0 (PDF de 5 Mo) 05\/05\/14 : M\u00f4da chu lv\u00e9lo &#8212; La Divisoria\u00a0 The Randonn\u00e9e Permanente Cent Cols \u00ab La Divisoria \u00bb made by G\u00e9rard Fillion-Robin et R\u00e9gis Parazfrom 6 May 2014.. 18\/04\/12 : Blog Le Teil &#8211; Cap Nord\u00a0 The 23 April 2012, Alain Jugla (CC n\u00b06544) and Marie-Antoinette Delaroche will leave fromTeil (07) for a five month journey which will lead them to the northernmost point of Europe \u2013 the Cap Nord.We will finish our journey having covered more than 8000 km. 08\/12\/11 : Blog Buenos Aires&hellip;<\/p>\n","category_list":"","author_info":{"name":"Enrico Alberini","url":"https:\/\/centcols.org\/backup\/en\/author\/5065\/"},"comments_num":"0 comments","featured_image_urls_v2":{"full":"","thumbnail":"","medium":"","medium_large":"","large":"","1536x1536":"","2048x2048":"","woocommerce_thumbnail":"","woocommerce_single":"","woocommerce_gallery_thumbnail":""},"post_excerpt_stackable_v2":"<p>18\/04\/15 : La Grande Transhumance\u00a0 (Guy Camb\u00e9ss\u00e8des N\u00b01420) Prix Charles Antonin 2014.\u00a0 (PDF de 5 Mo) 05\/05\/14 : M\u00f4da chu lv\u00e9lo &#8212; La Divisoria\u00a0 The Randonn\u00e9e Permanente Cent Cols \u00ab La Divisoria \u00bb made by G\u00e9rard Fillion-Robin et R\u00e9gis Parazfrom 6 May 2014.. 18\/04\/12 : Blog Le Teil &#8211; Cap Nord\u00a0 The 23 April 2012, Alain Jugla (CC n\u00b06544) and Marie-Antoinette Delaroche will leave fromTeil (07) for a five month journey which will lead them to the northernmost point of Europe \u2013 the Cap Nord.We will finish our journey having covered more than 8000 km. 08\/12\/11 : Blog Buenos Aires&hellip;<\/p>\n","category_list_v2":"","author_info_v2":{"name":"Enrico Alberini","url":"https:\/\/centcols.org\/backup\/en\/author\/5065\/"},"comments_num_v2":"0 comments","featured_image_src":null,"_links":{"self":[{"href":"https:\/\/centcols.org\/backup\/en\/wp-json\/wp\/v2\/pages\/44390"}],"collection":[{"href":"https:\/\/centcols.org\/backup\/en\/wp-json\/wp\/v2\/pages"}],"about":[{"href":"https:\/\/centcols.org\/backup\/en\/wp-json\/wp\/v2\/types\/page"}],"author":[{"embeddable":true,"href":"https:\/\/centcols.org\/backup\/en\/wp-json\/wp\/v2\/users\/69"}],"replies":[{"embeddable":true,"href":"https:\/\/centcols.org\/backup\/en\/wp-json\/wp\/v2\/comments?post=44390"}],"version-history":[{"count":0,"href":"https:\/\/centcols.org\/backup\/en\/wp-json\/wp\/v2\/pages\/44390\/revisions"}],"wp:attachment":[{"href":"https:\/\/centcols.org\/backup\/en\/wp-json\/wp\/v2\/media?parent=44390"}],"curies":[{"name":"wp","href":"https:\/\/api.w.org\/{rel}","templated":true}]}}