{"id":69869,"date":"2022-12-22T10:26:40","date_gmt":"2022-12-22T09:26:40","guid":{"rendered":"https:\/\/centcols.org\/backup\/la-gazette-quoi-de-neuf\/"},"modified":"2023-08-15T18:59:09","modified_gmt":"2023-08-15T16:59:09","slug":"la-gazette-quoi-de-neuf","status":"publish","type":"page","link":"https:\/\/centcols.org\/backup\/en\/la-gazette-quoi-de-neuf\/","title":{"rendered":"The Gazette, what&#8217;s new?"},"content":{"rendered":"\n<p class=\"has-small-font-size\"><em>Texts published in the Gazette are directly posted in the relevant section (The Club, the Federations, etc.). To make it easier to find new texts, their links are listed here, sorted by decreasing date.<\/em><\/p>\n\n\n\n<p>August 15: how\u00a0<strong>to find a news item<\/strong>\u00a0on the Club&#8217;s website? It&#8217;s in &#8221;\u00a0<a href=\"https:\/\/centcols.org\/backup\/en\/facile\/\" target=\"_blank\" rel=\"noopener\" title=\"\"><strong>it&#8217;s easy<\/strong><\/a>&#8221;\u00a0<\/p>\n\n\n\n<p>August 11: creation in La Gazette \/ Le Club of a new section <strong>&#8220;<a href=\"https:\/\/centcols.org\/backup\/en\/facile\/\" target=\"_blank\" rel=\"noopener\" title=\"\">it&#8217;s easy<\/a>&#8220;<\/strong> with, as the 1st article,\u00a0<strong>Easy finding and listing of cols for future members<\/strong>.<\/p>\n\n\n\n<p>July 28: The programme for the <strong>Alpes du Sud gathering<\/strong> on Saturday 19 August 2023 is in <strong><a href=\"https:\/\/centcols.org\/backup\/en\/le-club-y-etait\/\" target=\"_blank\" rel=\"noopener\" title=\"\">Members&#8217; activities<\/a> <\/strong>\/ internal events<\/p>\n\n\n\n<p>July 25:<strong> The Vosges Mountain ride <\/strong>&#8211; Summary is in <strong><a href=\"https:\/\/centcols.org\/backup\/activites-des-membres\/\" target=\"_blank\" rel=\"noreferrer noopener\">Members&#8217; activities<\/a><\/strong> \/external events<\/p>\n\n\n\n<p>July 24: the&nbsp;<strong>Swiss meeting of 15 July 2023 in Montbenoit&nbsp;<\/strong>(France): Pierre Mai&#8217;s report, photos are in&nbsp;<strong><a href=\"https:\/\/centcols.org\/backup\/activites-des-membres\/\" target=\"_blank\" rel=\"noreferrer noopener\">Members&#8217; activities<\/a><\/strong> \/internal events<\/p>\n\n\n\n<p>July 14: <a href=\"https:\/\/centcols.org\/backup\/en\/un-col-a-la-pedale-ou-a-la-loupe\/\" target=\"_blank\" rel=\"noreferrer noopener\"><strong>a pass with a pedal or a magnifying glass<\/strong><\/a>&nbsp;: a new article on the<strong> col du Glandon<\/strong><\/p>\n\n\n\n<p>July 7:&nbsp;<strong>the Spring s\u00e9jour at Todtmoos<\/strong>, a verbatim of participants&#8217; views is in&nbsp;<strong><a href=\"https:\/\/centcols.org\/backup\/activites-des-membres\/\" target=\"_blank\" rel=\"noreferrer noopener\">Members&#8217; activities<\/a><\/strong>&nbsp;\/internal events<\/p>\n\n\n\n<p>July 7:&nbsp;<strong>Grand-Est regional meeting&nbsp;<\/strong>in Plancher-les-Mines is in&nbsp;<strong><a href=\"https:\/\/centcols.org\/backup\/en\/le-club-y-etait\/\" target=\"_blank\" rel=\"noopener\" title=\"\">Members&#8217; activities<\/a><\/strong>&nbsp;\/internal events<\/p>\n\n\n\n<p>June 27 : <strong>Anecdotes and stories from the BR<\/strong>A on This and that \/ <a href=\"https:\/\/centcols.org\/backup\/en\/a-suivre\/\" target=\"_blank\" rel=\"noopener\" title=\"\">Read, reread, look, relook<\/a><\/p>\n\n\n\n<p>June 23: creation in This and that of a new category of articles on the history, geography of the passes:<a href=\"https:\/\/centcols.org\/backup\/en\/un-col-a-la-pedale-ou-a-la-loupe\/\" target=\"_blank\" rel=\"noopener\" title=\"\">&nbsp;<strong>a pass with a pedal or a magnifying glass<\/strong><\/a>&nbsp;? To kick off the section, the&nbsp;<strong>col du Galibier<\/strong><\/p>\n\n\n\n<p>June 14: Death of <strong>Bernard Migaud <\/strong>on <a href=\"https:\/\/centcols.org\/backup\/en\/ils-nous-ont-quittes\/\" target=\"_blank\" rel=\"noreferrer noopener\"><strong>The departed<\/strong><\/a><\/p>\n\n\n\n<p>June 5 : <strong>Swiss MTB meeting &#8211; Ballens<\/strong> &#8211; 3 June 2023 &#8211; Report in <a href=\"https:\/\/centcols.org\/backup\/en\/le-club-y-etait\/\" target=\"_blank\" rel=\"noopener\" title=\"\"><strong>members&#8217; activities<\/strong><\/a><\/p>\n\n\n\n<p>June 5:&nbsp;<strong>women in action<\/strong>&nbsp;in&nbsp;<a href=\"https:\/\/centcols.org\/backup\/en\/les-femmes-par-les-femmes-pour-les-femmes\/\" target=\"_blank\" rel=\"noopener\" title=\"\"><strong>Women, by women, for women<\/strong><\/a><\/p>\n\n\n\n<p>May 19: The quarterly update from&nbsp;<strong>L&#8217;Ours<\/strong>&nbsp;in <strong>This and That \/ <a href=\"https:\/\/centcols.org\/backup\/en\/une-info-un-article-qui-pourrait-paraitre-ici\/\" target=\"_blank\" rel=\"noreferrer noopener\">Information, articles : how do they get into the Gazette?<\/a> <\/strong><\/p>\n\n\n\n<p>May 12: some details on the <strong>Cyclomontagnarde du Vercors<\/strong> in the <strong><a href=\"https:\/\/centcols.org\/backup\/en\/codep-haute-savoie\/\" target=\"_blank\" rel=\"noreferrer noopener\">F\u00e9d\u00e9s \/ Codep<\/a><\/strong><\/p>\n\n\n\n<p>May 1: Death of <strong>Alain Balalas <\/strong>on <a href=\"https:\/\/centcols.org\/backup\/en\/ils-nous-ont-quittes\/\" target=\"_blank\" rel=\"noreferrer noopener\"><strong>The departed<\/strong><\/a><\/p>\n\n\n\n<p>April 30: The <strong>evolution of the FFCT licences<\/strong> at the Club des Cent Cols on <strong><a href=\"https:\/\/centcols.org\/backup\/en\/federation-francaise-de-cyclotourisme\/\" target=\"_blank\" rel=\"noreferrer noopener\">The Federations \/ FFCT<\/a><\/strong><\/p>\n\n\n\n<p>April 29: the presentation of the <strong>European Week of Plasencia<\/strong> in Extremadura (Spain) can be read in <a href=\"https:\/\/centcols.org\/backup\/en\/uect\/\" target=\"_blank\" rel=\"noreferrer noopener\"><strong>The Federations \/ UECT<\/strong><\/a><\/p>\n\n\n\n<p>April 26: Death of <strong>Jean-Paul Cuffolo <\/strong>on <a href=\"https:\/\/centcols.org\/backup\/en\/ils-nous-ont-quittes\/\" target=\"_blank\" rel=\"noreferrer noopener\"><strong>The departed<\/strong><\/a><\/p>\n\n\n\n<p>April 13: the <strong>multi-activity stay<\/strong> of the Coreg Auvergne &#8211; Rh\u00f4ne-Alpes is presented in the<a href=\"https:\/\/centcols.org\/backup\/en\/coreg\/\" target=\"_blank\" rel=\"noreferrer noopener\"> <strong>F\u00e9d\u00e9s \/ Coreg<\/strong><\/a><\/p>\n\n\n\n<p>April 9: the <strong>MTB meeting<\/strong>, originally scheduled for April 16 in Puidoux (Switzerland) and presented on <strong><a href=\"https:\/\/centcols.org\/backup\/en\/le-club-y-etait\/\" target=\"_blank\" rel=\"noreferrer noopener\">Members&#8217; activities<\/a><\/strong>, is cancelled (weather)<\/p>\n\n\n\n<p>30 March: in <a href=\"https:\/\/centcols.org\/backup\/en\/amicale-des-cyclos-cardiaques\/\" target=\"_blank\" rel=\"noreferrer noopener\"><strong>P\u00eale-M\u00eale<\/strong><\/a>, the Amicale des cyclo-cardiaques, the <strong>&#8220;Club ami&#8221; convention<\/strong> and the quarterly newsletter April &#8211; June 2023<\/p>\n\n\n\n<p>26 March: <strong>Swiss meeting, the fondue of Vevey<\/strong> &#8211; March 24, 2023 on <strong><a href=\"https:\/\/centcols.org\/backup\/en\/le-club-y-etait\/\" target=\"_blank\" rel=\"noreferrer noopener\">Members&#8217; activities<\/a><\/strong><\/p>\n\n\n\n<p>12 March: the update of the particpants to the <strong>Challenge des 100, 150, 200 plus beaux cols routiers des Alpes<\/strong> on <strong><a href=\"https:\/\/centcols.org\/backup\/en\/le-club-y-etait\/\" target=\"_blank\" rel=\"noreferrer noopener\">Members&#8217; activities<\/a><\/strong><\/p>\n\n\n\n<p>12 March: the update of the catalogs of <strong>Italy <\/strong>and <strong>Norway <\/strong>is announced on<strong> <a href=\"https:\/\/centcols.org\/backup\/le-site-quoi-de-neuf\/\" target=\"_blank\" rel=\"noreferrer noopener\"><a href=\"https:\/\/centcols.org\/backup\/le-site-quoi-de-neuf\/\" target=\"_blank\" rel=\"noreferrer noopener\"><strong>The site, what&#8217;s new ?<\/strong><\/a><\/a><\/strong><\/p>\n\n\n\n<p>7 March: Death of <strong>Jean-Louis Portaz<\/strong> on<strong> <a href=\"https:\/\/centcols.org\/backup\/en\/ils-nous-ont-quittes\/\" target=\"_blank\" rel=\"noreferrer noopener\">The departed<\/a><\/strong><\/p>\n\n\n\n<p>27 February:  The <strong>Semaine Europ\u00e9enne in Plasencia<\/strong> (Province of C\u00e1ceres &#8211; Spain) on <a href=\"https:\/\/centcols.org\/backup\/en\/uect\/\" target=\"_blank\" rel=\"noreferrer noopener\">UECT<\/a><\/p>\n\n\n\n<p>26 February: the presentation of<strong> the Club des Cent Cols \/ UECT partnership<\/strong> on&nbsp;<a href=\"https:\/\/centcols.org\/backup\/le-site-quoi-de-neuf\/\" target=\"_blank\" rel=\"noreferrer noopener\"><strong>The site, what&#8217;s new ?<\/strong><\/a><\/p>\n\n\n\n<p>26 February: the presentation of<strong> the Club des Cent Cols \/ FECT partnership<\/strong> on&nbsp;<a href=\"https:\/\/centcols.org\/backup\/le-site-quoi-de-neuf\/\" target=\"_blank\" rel=\"noreferrer noopener\">The site, what&#8217;s new ?<\/a><\/p>\n\n\n\n<p>26 February: the &#8220;<strong>Traits d&#8217;Union Europ\u00e9ens<\/strong>&#8221; of the UECT on <a href=\"https:\/\/centcols.org\/backup\/le-site-quoi-de-neuf\/\" target=\"_blank\" rel=\"noreferrer noopener\">The site, what&#8217;s new ?<\/a><\/p>\n\n\n\n<p>25 February: the &#8220;<strong>radiales ibericas<\/strong>&#8221; of the FECT on <a href=\"https:\/\/centcols.org\/backup\/le-site-quoi-de-neuf\/\" target=\"_blank\" rel=\"noreferrer noopener\">The site, what&#8217;s new ?<\/a><\/p>\n\n\n\n<p>19 February: the presentation of<strong> the Club des Cent Cols \/ FFCT partnership<\/strong> on&nbsp;<a href=\"https:\/\/centcols.org\/backup\/le-site-quoi-de-neuf\/\" target=\"_blank\" rel=\"noreferrer noopener\">The site, what&#8217;s new ?<\/a><\/p>\n\n\n\n<p>19 February: <strong>catalogues now evolve in real tim<\/strong>e, an article by Graham Cutting on <a href=\"https:\/\/centcols.org\/backup\/le-site-quoi-de-neuf\/\">The site, what&#8217;s new ?<\/a><\/p>\n\n\n\n<p>18 February: the updated <strong>specifications of photos of cols<\/strong> are on <a href=\"https:\/\/centcols.org\/backup\/en\/le-site-quoi-de-neuf\/\"><\/a><a href=\"https:\/\/centcols.org\/backup\/le-site-quoi-de-neuf\/\">The site, what&#8217;s new ?<\/a><\/p>\n\n\n\n<p>14 February: recent <strong>catalogues updates<\/strong> on <a href=\"https:\/\/centcols.org\/backup\/en\/le-site-quoi-de-neuf\/\" target=\"_blank\" rel=\"noreferrer noopener\"><\/a><a href=\"https:\/\/centcols.org\/backup\/le-site-quoi-de-neuf\/\">The site, what&#8217;s new ?<\/a><\/p>\n\n\n\n<p>13 February: a glance at the<strong> workings of Veloenfrance<\/strong> on <a href=\"https:\/\/centcols.org\/backup\/en\/federation-francaise-de-cyclotourisme\/\">F\u00e9d\u00e9ration Fran\u00e7aise de Cyclotourisme<\/a><\/p>\n\n\n\n<p>12 February: the <strong>photos of the home page<\/strong> on <a href=\"https:\/\/centcols.org\/backup\/en\/le-site-quoi-de-neuf\/\"><\/a><a href=\"https:\/\/centcols.org\/backup\/le-site-quoi-de-neuf\/\">The site, what&#8217;s new ?<\/a><\/p>\n\n\n\n<p>30 January: <strong>The Club des Cent Cols wins the Challenge de France<\/strong> on <a href=\"https:\/\/centcols.org\/backup\/en\/federation-francaise-de-cyclotourisme\/\">F\u00e9d\u00e9ration Fran\u00e7aise de Cyclotourisme<\/a><\/p>\n\n\n\n<p>29 January: Death of <strong>Maurice Metral<\/strong> on <a href=\"https:\/\/centcols.org\/backup\/en\/ils-nous-ont-quittes\/\">The departed<\/a><\/p>\n\n\n\n<p>28 January: the <strong>3 articles of Fran\u00e7oise Valluche<\/strong> on <a href=\"https:\/\/centcols.org\/backup\/en\/les-femmes-par-les-femmes-pour-les-femmes\/\">Women, by women, for women<\/a><\/p>\n\n\n\n<p>28 January: the <strong>Randonnees permanentes <\/strong>of the Club des Cent Cols on<a href=\"https:\/\/centcols.org\/backup\/le-site-quoi-de-neuf\/\">The site, what&#8217;s new ?<\/a><\/p>\n\n\n\n<p>28 january: <strong>The Gazette, what it is ?<\/strong> on <a href=\"https:\/\/centcols.org\/backup\/en\/le-site-quoi-de-neuf\/\"><\/a><a href=\"https:\/\/centcols.org\/backup\/le-site-quoi-de-neuf\/\">The site, what&#8217;s new ?<\/a><\/p>\n\n\n\n<p>28 January: <strong>Must we wear a helmet ? <\/strong>on <a href=\"https:\/\/centcols.org\/backup\/en\/securite-a-velo\/\">Safety on the bike<\/a><\/p>\n\n\n\n<p>27 january: <strong>BCN, BPF, the 2022 club&#8217;s laureates<\/strong> on <a href=\"https:\/\/centcols.org\/backup\/en\/le-club-y-etait\/\">Members&#8217; activities<\/a><\/p>\n\n\n\n<p>22 January: death of <strong>Luigi Capellani<\/strong> on <a href=\"https:\/\/centcols.org\/backup\/en\/la-gazette-quoi-de-neuf\/\">The departed<\/a><\/p>\n\n\n\n<p>19 January: update of the <strong>Swiss and Spanish pass catalogues<\/strong> on <a href=\"https:\/\/centcols.org\/backup\/en\/le-site-quoi-de-neuf\/\"><\/a><a href=\"https:\/\/centcols.org\/backup\/le-site-quoi-de-neuf\/\">The site, what&#8217;s new ?<\/a><\/p>\n\n\n\n<p>19 January: update of the <strong>Swiss and Spanish pass catalogues<\/strong> on <a href=\"https:\/\/centcols.org\/backup\/en\/le-site-quoi-de-neuf\/\"><\/a><a href=\"https:\/\/centcols.org\/backup\/le-site-quoi-de-neuf\/\">The site, what&#8217;s new ?<\/a><\/p>\n\n\n\n<p>16 January: <strong>Cent Cols on the Parpaillon<\/strong> on <a href=\"https:\/\/centcols.org\/backup\/en\/a-suivre\/\">Read, reread, look, relook<\/a><\/p>\n\n\n\n<p>16 January: <strong>Openrunner, exporting your pass list<\/strong> on <a href=\"https:\/\/centcols.org\/backup\/en\/partenariats\/\">Partnership<\/a> and the corresponding tutorial via <a href=\"https:\/\/centcols.org\/backup\/en\/le-site-quoi-de-neuf\/\">The site, what&#8217;s new<\/a><\/p>\n\n\n\n<p>16 janvier :<strong> mise \u00e0 jour du partenariat avec Openrunner<\/strong> dans <a href=\"https:\/\/centcols.org\/backup\/partenariats\/\">Partenariats<\/a><\/p>\n\n\n\n<p>15 janvier : D\u00e9c\u00e8s de <strong>Paul Fabre<\/strong> dans <a href=\"https:\/\/centcols.org\/backup\/ils-nous-ont-quittes\/\">Ils nous ont quitt\u00e9s<\/a><\/p>\n\n\n\n<p>15 janvier : D\u00e9c\u00e8s de <strong>Christian G\u00e9rard<\/strong> dans <a href=\"https:\/\/centcols.org\/backup\/ils-nous-ont-quittes\/\">Ils nous ont quitt\u00e9s<\/a><\/p>\n\n\n\n<p>10 janvier 2023 : L&#8217;intervention du Club des Cent Cols \u00e0<strong> l&#8217;Assembl\u00e9e G\u00e9n\u00e9rale de la FFVELO<\/strong> 2022 dans <a href=\"https:\/\/centcols.org\/backup\/federation-francaise-de-cyclotourisme\/\">F\u00e9d\u00e9ration Fran\u00e7aise de CycloTourisme<\/a><\/p>\n\n\n\n<p>30 d\u00e9cembre 2022 : L&#8217;interview du <strong>Pr Cottin, l&#8217;atout coeur,<\/strong> dans <a href=\"https:\/\/centcols.org\/backup\/amicale-des-cyclos-cardiaques\/\">l&#8217;Amicale des cyclo-cardiaque<\/a>s<\/p>\n<p>30 d\u00e9cembre 2022 : le <strong>bulletin trimestriel<\/strong> Janvier &#8211; Mars 2023 de l&#8217;<strong>Amicale des Cyclo-Cardiaques<\/strong> dans <a href=\"https:\/\/centcols.org\/backup\/amicale-des-cyclos-cardiaques\/\">P\u00eale-M\u00eale<\/a><\/p>\n<p>30 d\u00e9cembre 2022 : le <strong>Coreg Corse<\/strong> se pr\u00e9sente dans <a href=\"https:\/\/centcols.org\/backup\/coreg\/\">F\u00e9d\u00e9s \/ Coreg<\/a><\/p>\n<p>21 d\u00e9cembre 2022 : D\u00e9c\u00e8s de <strong>Constant Van Watershoot <\/strong>dans <a href=\"https:\/\/centcols.org\/backup\/en\/ils-nous-ont-quittes\/\">Ils nous ont quitt\u00e9s<\/a><\/p>\n<p>20 d\u00e9cembre 2022 : Etude du Codep 74 sur l&#8217;<strong>accidentologie \u00e0 v\u00e9lo<\/strong> en Haute Savoie, en 2021 et 2022 dans <a href=\"https:\/\/centcols.org\/backup\/en\/securite-a-velo\/\">P\u00eale-M\u00eale \/ S\u00e9curit\u00e9 \u00e0 v\u00e9lo<\/a><\/p>\n<p>18 d\u00e9cembre 2022 : Suite au d\u00e9c\u00e8s de <strong>Michel Minard<\/strong>, Mise \u00e0 jour de <strong>L&#8217;Ours<\/strong> dans <a href=\"https:\/\/centcols.org\/backup\/en\/une-info-un-article-qui-pourrait-paraitre-ici\/\">P\u00eale-M\u00eale \/ Une info, un article qui pourrait para\u00eetre ici\u00a0<\/a><\/p>\n<p>18 d\u00e9cembre 2022 : Un <strong>verbatim<\/strong> des r\u00e9actions dans la liste de discussion au d\u00e9c\u00e8s de <strong>Michel Minard<\/strong> est dans <a href=\"https:\/\/centcols.org\/backup\/en\/ils-nous-ont-quittes\/\">Ils nous ont quitt\u00e9s<\/a><\/p>\n\n\n\n<p>11 d\u00e9cembre 2022 : Mise \u00e0 jour de <a href=\"https:\/\/centcols.org\/backup\/en\/lours\/\">L&#8217;Ours <\/a>dans P\u00eale-M\u00eale \/ Une info, un article qui pourrait para\u00eetre ici<\/p>\n\n\n\n<p>8 d\u00e9cembre 2022 : <a href=\"https:\/\/centcols.org\/backup\/en\/les-nouveaux-membres-etude-2\/\">Les nouveaux membres d&#8217;une AG \u00e0 l&#8217;autre<\/a> dans Les nouveaux membres<\/p>\n\n\n\n<p>8 novembre 2022 : <a href=\"https:\/\/centcols.org\/backup\/en\/note-pour-gazette-bandol-ffct-2\/\">S\u00e9jour cyclotouriste<\/a> \u00e0 Bandol du 8 au 15 avril 2023 dans F\u00e9d\u00e9s \/ COREG<\/p>\n\n\n\n<p>22 octobre 2022 : <a href=\"https:\/\/centcols.org\/backup\/en\/guy-feignon-2\/\">D\u00e9c\u00e8s de Guy Feignon<\/a> dans Le Club \/ Ils nous ont quitt\u00e9s<\/p>\n\n\n\n<p>21 octobre 2022 : <a href=\"https:\/\/centcols.org\/backup\/en\/les-brevets-nationaux-2\/\">Les brevets nationaux des cols routiers <\/a>dans Les membres l&#8217;ont fait<\/p>\n\n\n\n<p>17 octobre 2022 : <a href=\"https:\/\/centcols.org\/backup\/en\/les-nuls-declarent-leurs-cols-2\/\">Les nuls d\u00e9clarent leurs cols<\/a> dans Le site, quoi de neuf \/ Pour m\u00e9moire<\/p>\n\n\n\n<p>15 octobre 2022 : <a href=\"https:\/\/docs.google.com\/document\/d\/1T-uubxQI9Svi0BYQ608o9K5wEMITVkTU\/edit?usp=sharing&amp;ouid=100525306210356446259&amp;rtpof=true&amp;sd=true\">D\u00e9couvrir La Gazette <\/a>dans Le Site, quoi de neuf \/ pour m\u00e9moire<\/p>\n\n\n\n<p>15 octobre 2022 : <a href=\"https:\/\/centcols.org\/backup\/en\/forum-2\/\">Le Forum du Club des Cent Cols \u00e0 (re)d\u00e9couvrir<\/a> dans Le Site, quoi de neuf \/ Pour m\u00e9moire<\/p>\n\n\n\n<p>8 octobre 2022 : <a href=\"https:\/\/centcols.org\/backup\/en\/rp-pays-2\/\">Les Randonn\u00e9es Permanentes : les pays d&#8217;origine des participants<\/a> dans Le Club \/ Activit\u00e9s des membres \/ Nouvelles des Randonn\u00e9es Permanentes<\/p>\n\n\n\n<p>8 octobre 2022 : <a href=\"https:\/\/docs.google.com\/document\/d\/1SDbhVnJNuY5wfdsSffSbmtTkb8GTfXIp\/edit?usp=sharing&amp;ouid=100525306210356446259&amp;rtpof=true&amp;sd=true\">Les Randonn\u00e9es Permanentes : l&#8217;historique<\/a> dans Le Club \/ Activit\u00e9s des membres \/ Nouvelles des Randonn\u00e9es Permanentes<\/p>\n\n\n\n<p>09 septembre 2022 : <a href=\"https:\/\/centcols.org\/backup\/en\/deces-de-mireille-fevrier-2\/\">D\u00e9c\u00e8s de Mireille F\u00e9vrier <\/a>dans Le Club \/ Ils nous ont quitt\u00e9s<\/p>\n\n\n\n<p>23 ao\u00fbt 2022 : <a href=\"https:\/\/centcols.org\/backup\/en\/radiales-ibericas-2\/\">Radiales Ibericas<\/a> dans F\u00e9d\u00e9ration Espagnole de Cyclotourisme<\/p>\n\n\n\n<p>23 ao\u00fbt 2022 : <a href=\"https:\/\/centcols.org\/backup\/en\/fect-et-ccc-2\/\">FECT et CCC <\/a>dans F\u00e9d\u00e9ration Espagnole de Cyclotourisme<\/p>\n\n\n\n<p>17 ao\u00fbt 2022 : <a href=\"https:\/\/centcols.org\/backup\/en\/les-cols-de-la-gtmc-2\/\">La Grande Travers\u00e9e du Massif Central, les cols <\/a> dans Des cols sortant des sentiers battus<\/p>\n\n\n\n<p>14 ao\u00fbt 2022 : <a href=\"https:\/\/centcols.org\/backup\/en\/la-mort-subite-2\/\">La mort subite <\/a>dans Amicale des cyclo-cardiaques<\/p>\n\n\n\n<p>6 ao\u00fbt 2022 : <a href=\"https:\/\/centcols.org\/backup\/en\/ecrire-un-article-dans-la-gazette-2\/\">Ecrire ou publier un article dans &#8220;La Gazette&#8221; ?<\/a> dans P\u00eale-M\u00eale \/<br>Une info, un article qui pourrait para\u00eetre ici<\/p>\n\n\n\n<p>29 juillet 2022 : <a href=\"https:\/\/docs.google.com\/document\/d\/1WgRYNktMTFlO5hpopb1KIJkZO9DRRZ-e\/edit\"> La gazette c&#8217;est quoi ? <\/a> dans Le site, quoi de neuf<\/p>\n\n\n\n<p>29 juillet 2022 : <a href=\"https:\/\/centcols.org\/backup\/en\/le-club-des-cent-cols-dans-wikipedia-2\/\">Wikip\u00e9dia<\/a><\/p>\n\n\n\n<p>29 juillet 2022 : <a href=\"https:\/\/centcols.org\/backup\/en\/cols-sur-trace-docx-2\/\">Red\u00e9couvert sur la liste de discussion et sur Facebook: Cols sur trace<\/a><\/p>\n\n\n\n<p>29 juillet 2022 : <a href=\"https:\/\/centcols.org\/backup\/en\/le-partenariat-club-des-cent-cols-et-openrunner-2\/\">Le partenariat Club des Cent Cols-Openrunner<\/a> dans Le club \/ partenariats<\/p>\n\n\n\n<p>29 juillet 2022 : <a href=\"https:\/\/centcols.org\/backup\/en\/securite-codep74-2-docx-2\/\">Accidentologie et v\u00e9lo CODEP 74 2021<\/a> dans P\u00eale-M\u00eale \/ S\u00e9curit\u00e9<\/p>\n\n\n\n<p>29 juillet 2022 :<a href=\"https:\/\/centcols.org\/backup\/en\/gazette-bpf-docx-2\/\"> Les Brevets des Provinces Fran\u00e7aises<\/a><\/p>\n","protected":false},"excerpt":{"rendered":"<p>Texts published in the Gazette are directly posted in the relevant section (The Club, the Federations, etc.). To make it easier to find new texts, their links are listed here, sorted by decreasing date. August 15: how\u00a0to find a news item\u00a0on the Club&#8217;s website? It&#8217;s in &#8221;\u00a0it&#8217;s easy&#8221;\u00a0 August 11: creation in La Gazette \/ [&hellip;]<\/p>\n","protected":false},"author":397,"featured_media":0,"parent":0,"menu_order":0,"comment_status":"closed","ping_status":"closed","template":"","meta":{"_acf_changed":false,"ub_ctt_via":"","_monsterinsights_skip_tracking":false,"_monsterinsights_sitenote_active":false,"_monsterinsights_sitenote_note":"","_monsterinsights_sitenote_category":0,"footnotes":""},"acf":[],"featured_image_urls":{"full":"","thumbnail":"","medium":"","medium_large":"","large":"","1536x1536":"","2048x2048":"","woocommerce_thumbnail":"","woocommerce_single":"","woocommerce_gallery_thumbnail":""},"post_excerpt_stackable":"<p>Texts published in the Gazette are directly posted in the relevant section (The Club, the Federations, etc.). To make it easier to find new texts, their links are listed here, sorted by decreasing date. August 15: how\u00a0to find a news item\u00a0on the Club&#8217;s website? It&#8217;s in &#8221;\u00a0it&#8217;s easy&#8221;\u00a0 August 11: creation in La Gazette \/ Le Club of a new section &#8220;it&#8217;s easy&#8220; with, as the 1st article,\u00a0Easy finding and listing of cols for future members. July 28: The programme for the Alpes du Sud gathering on Saturday 19 August 2023 is in Members&#8217; activities \/ internal events July 25:&hellip;<\/p>\n","category_list":"","author_info":{"name":"Denis Chouquet-Stringer","url":"https:\/\/centcols.org\/backup\/en\/author\/6183\/"},"comments_num":"0 comments","featured_image_urls_v2":{"full":"","thumbnail":"","medium":"","medium_large":"","large":"","1536x1536":"","2048x2048":"","woocommerce_thumbnail":"","woocommerce_single":"","woocommerce_gallery_thumbnail":""},"post_excerpt_stackable_v2":"<p>Texts published in the Gazette are directly posted in the relevant section (The Club, the Federations, etc.). To make it easier to find new texts, their links are listed here, sorted by decreasing date. August 15: how\u00a0to find a news item\u00a0on the Club&#8217;s website? It&#8217;s in &#8221;\u00a0it&#8217;s easy&#8221;\u00a0 August 11: creation in La Gazette \/ Le Club of a new section &#8220;it&#8217;s easy&#8220; with, as the 1st article,\u00a0Easy finding and listing of cols for future members. July 28: The programme for the Alpes du Sud gathering on Saturday 19 August 2023 is in Members&#8217; activities \/ internal events July 25:&hellip;<\/p>\n","category_list_v2":"","author_info_v2":{"name":"Denis Chouquet-Stringer","url":"https:\/\/centcols.org\/backup\/en\/author\/6183\/"},"comments_num_v2":"0 comments","featured_image_src":null,"_links":{"self":[{"href":"https:\/\/centcols.org\/backup\/en\/wp-json\/wp\/v2\/pages\/69869"}],"collection":[{"href":"https:\/\/centcols.org\/backup\/en\/wp-json\/wp\/v2\/pages"}],"about":[{"href":"https:\/\/centcols.org\/backup\/en\/wp-json\/wp\/v2\/types\/page"}],"author":[{"embeddable":true,"href":"https:\/\/centcols.org\/backup\/en\/wp-json\/wp\/v2\/users\/397"}],"replies":[{"embeddable":true,"href":"https:\/\/centcols.org\/backup\/en\/wp-json\/wp\/v2\/comments?post=69869"}],"version-history":[{"count":0,"href":"https:\/\/centcols.org\/backup\/en\/wp-json\/wp\/v2\/pages\/69869\/revisions"}],"wp:attachment":[{"href":"https:\/\/centcols.org\/backup\/en\/wp-json\/wp\/v2\/media?parent=69869"}],"curies":[{"name":"wp","href":"https:\/\/api.w.org\/{rel}","templated":true}]}}