{"id":69967,"date":"2023-01-20T17:17:22","date_gmt":"2023-01-20T16:17:22","guid":{"rendered":"https:\/\/centcols.org\/backup\/?page_id=69967"},"modified":"2023-01-20T18:13:41","modified_gmt":"2023-01-20T17:13:41","slug":"challenge-des-cols-routiers-situes-sur-les-lignes-de-partage-des-eaux-inter-mer-des-alpes","status":"publish","type":"page","link":"https:\/\/centcols.org\/backup\/en\/challenge-des-cols-routiers-situes-sur-les-lignes-de-partage-des-eaux-inter-mer-des-alpes\/","title":{"rendered":"<a>CHALLENGE DES COLS ROUTIERS SITU\u00c9S SUR LES LIGNES DE PARTAGE DES EAUX \u00ab&nbsp;INTER-MER&nbsp;\u00bb DES ALPES<\/a>"},"content":{"rendered":"\n<h2 class=\"kt-adv-heading_743a20-5d wp-block-kadence-advancedheading\" data-kb-block=\"kb-adv-heading_743a20-5d\">1.&nbsp;&nbsp;&nbsp;&nbsp; Les lignes de partage des eaux des Alpes<\/h2>\n\n\n\n<p class=\"has-medium-font-size\">Chaque franchissement d\u2019un col est un franchissement d\u2019une ligne de partage des eaux.<\/p>\n\n\n\n<p class=\"has-medium-font-size\">Car la d\u00e9finition d\u2019un col, telle que retenue par le Club des Cent Cols, est que c&#8217;est un \u00ab&nbsp;<em>point de passage privil\u00e9gi\u00e9, impos\u00e9 par le relief, <strong><u>situ\u00e9 sur une ligne de partage des eaux<\/u><\/strong>, et autre qu\u2019un sommet.&nbsp;\u00bb&nbsp;<\/em><\/p>\n\n\n\n<p class=\"has-medium-font-size\">Chaque LPE s\u00e9pare ainsi les <a href=\"https:\/\/fr.wikipedia.org\/wiki\/Bassin_versant\">bassins versants<\/a> de 2 mers, de 2 fleuves ou simplement de 2 affluents ou sous-affluents d\u2019un m\u00eame fleuve. Il en existe ainsi des milliers. <\/p>\n\n\n\n<div class=\"wp-block-image\"><figure class=\"aligncenter size-large\"><img loading=\"lazy\" decoding=\"async\" width=\"838\" height=\"828\" src=\"https:\/\/centcols.org\/backup\/wp-content\/uploads\/2023\/01\/image-9.png\" alt=\"\" class=\"wp-image-69974\" srcset=\"https:\/\/centcols.org\/backup\/wp-content\/uploads\/2023\/01\/image-9.png 838w, https:\/\/centcols.org\/backup\/wp-content\/uploads\/2023\/01\/image-9-500x494.png 500w, https:\/\/centcols.org\/backup\/wp-content\/uploads\/2023\/01\/image-9-768x759.png 768w, https:\/\/centcols.org\/backup\/wp-content\/uploads\/2023\/01\/image-9-600x593.png 600w, https:\/\/centcols.org\/backup\/wp-content\/uploads\/2023\/01\/image-9-100x100.png 100w\" sizes=\"(max-width: 838px) 100vw, 838px\" \/><figcaption>Source : <a href=\"https:\/\/fr.wikipedia.org\/wiki\/Ligne_de_partage_des_eaux\">wikipedia<\/a><\/figcaption><\/figure><\/div>\n\n\n\n<p class=\"has-medium-font-size\">Les <strong>Alpes<\/strong>, s\u2019\u00e9tendent sur 1.100 km du sud-est de la France, \u00e0 l&#8217;ouest puis le nord de l\u2019Italie,&nbsp;la&nbsp;Suisse, le&nbsp;Liechtenstein, l\u2019Autriche, le sud de l\u2019Allemagne&nbsp;et la&nbsp;Slov\u00e9nie.<\/p>\n\n\n\n<div class=\"wp-block-image\"><figure class=\"aligncenter size-large\"><img loading=\"lazy\" decoding=\"async\" width=\"813\" height=\"529\" src=\"https:\/\/centcols.org\/backup\/wp-content\/uploads\/2023\/01\/image-8.png\" alt=\"\" class=\"wp-image-69968\" srcset=\"https:\/\/centcols.org\/backup\/wp-content\/uploads\/2023\/01\/image-8.png 813w, https:\/\/centcols.org\/backup\/wp-content\/uploads\/2023\/01\/image-8-500x325.png 500w, https:\/\/centcols.org\/backup\/wp-content\/uploads\/2023\/01\/image-8-768x500.png 768w, https:\/\/centcols.org\/backup\/wp-content\/uploads\/2023\/01\/image-8-600x390.png 600w\" sizes=\"(max-width: 813px) 100vw, 813px\" \/><figcaption>Source :&nbsp;<a href=\"http:\/\/www.homoalpinus.com\/alpes\/limites\/\" target=\"_blank\" rel=\"noreferrer noopener\">http:\/\/www.homoalpinus.com\/alpes\/limites\/<\/a><\/figcaption><\/figure><\/div>\n\n\n\n<ul><li>A l\u2019ouest, la limite entre les Alpes (Alpes Ligures) et les Apennins est \u00e0 la <a href=\"https:\/\/centcols.org\/backup\/util\/geo\/visuGen.php?code=IT-SV-0440\">Bocchetta di Altare<\/a> en Italie (au nord-ouest de Savona).<\/li><li>A l\u2019est, les Alpes se terminent avec le massif du Sopron dans l\u2019extr\u00eame ouest de la Hongrie (\u00e0 la limite du Burgenland autrichien).<\/li><\/ul>\n\n\n\n<p class=\"has-medium-font-size\">Sur tout ce territoire, 5 LPE seulement sont \u00ab&nbsp;inter-mer&nbsp;\u00bb. Elles partent de 2 tripoints (un tripoint hydrographique est un point o\u00f9 se rejoignent trois&nbsp;<a href=\"https:\/\/fr.wikipedia.org\/wiki\/Bassin_versant\">bassins versants<\/a>). Ils sont tous les 2 situ\u00e9s en Suisse.<\/p>\n\n\n\n<p class=\"has-medium-font-size\">Les <strong>2 tripoints<\/strong> :<\/p>\n\n\n\n<ul><li>le <a href=\"https:\/\/centcols.org\/backup\/util\/geo\/visu.php?code=CH-UR-2816b\">Witenwasserenpass<\/a> (bassins versants du Rh\u00f4ne, du Rhin et du P\u00f4)<\/li><li>le <a href=\"https:\/\/centcols.org\/backup\/util\/geo\/visu.php?code=CH-GR-2645\">Pass Lunghin<\/a> (bassins versants du Rhin, du P\u00f4 et du Danube)<\/li><\/ul>\n\n\n\n<p class=\"has-medium-font-size\">Les <strong>5 lignes de partage inter-mer des eaux<\/strong>\u00a0 qui en partent\u00a0<\/p>\n\n\n\n<div class=\"wp-block-image\"><figure class=\"aligncenter size-large\"><img loading=\"lazy\" decoding=\"async\" width=\"1111\" height=\"673\" src=\"https:\/\/centcols.org\/backup\/wp-content\/uploads\/2023\/01\/LPE2.jpg\" alt=\"\" class=\"wp-image-70013\" srcset=\"https:\/\/centcols.org\/backup\/wp-content\/uploads\/2023\/01\/LPE2.jpg 1111w, https:\/\/centcols.org\/backup\/wp-content\/uploads\/2023\/01\/LPE2-500x303.jpg 500w, https:\/\/centcols.org\/backup\/wp-content\/uploads\/2023\/01\/LPE2-768x465.jpg 768w, https:\/\/centcols.org\/backup\/wp-content\/uploads\/2023\/01\/LPE2-600x363.jpg 600w\" sizes=\"(max-width: 1111px) 100vw, 1111px\" \/><\/figure><\/div>\n\n\n\n<h2 class=\"kt-adv-heading_ae79d9-8c wp-block-kadence-advancedheading\" data-kb-block=\"kb-adv-heading_ae79d9-8c\">2.&nbsp;&nbsp;&nbsp;&nbsp; Les cols sur les lignes de partage des eaux \u00ab&nbsp;inter-mer&nbsp;\u00bb des Alpes<\/h2>\n\n\n\n<p class=\"has-medium-font-size\">La&nbsp;<strong>ligne de partage des eaux<\/strong>&nbsp;est une limite g\u00e9ographique qui divise un territoire en deux bassins versants&nbsp;mais qui aussi, souvent, s\u00e9pare le territoire en 2 parties diff\u00e9rentes, sur le plan, par exemple, politique, g\u00e9ographique, linguistique, administratif etc\u2026<\/p>\n\n\n\n<p class=\"has-medium-font-size\">Ainsi, sur la LPE inter-mer des Alpes, <strong>80 cols<\/strong> se r\u00e9partissent sur 6 pays et 4 fronti\u00e8res&nbsp;:<\/p>\n\n\n\n<figure class=\"wp-block-image size-large\"><img loading=\"lazy\" decoding=\"async\" width=\"988\" height=\"197\" src=\"https:\/\/centcols.org\/backup\/wp-content\/uploads\/2023\/01\/image-11.png\" alt=\"\" class=\"wp-image-69986\" srcset=\"https:\/\/centcols.org\/backup\/wp-content\/uploads\/2023\/01\/image-11.png 988w, https:\/\/centcols.org\/backup\/wp-content\/uploads\/2023\/01\/image-11-500x100.png 500w, https:\/\/centcols.org\/backup\/wp-content\/uploads\/2023\/01\/image-11-768x153.png 768w, https:\/\/centcols.org\/backup\/wp-content\/uploads\/2023\/01\/image-11-600x120.png 600w\" sizes=\"(max-width: 988px) 100vw, 988px\" \/><\/figure>\n\n\n\n<p class=\"has-medium-font-size\">Et parmi eux, 27 cols de plus de 2.000 m&nbsp;:<\/p>\n\n\n\n<figure class=\"wp-block-image size-large\"><img loading=\"lazy\" decoding=\"async\" width=\"988\" height=\"197\" src=\"https:\/\/centcols.org\/backup\/wp-content\/uploads\/2023\/01\/image-12.png\" alt=\"\" class=\"wp-image-69992\" srcset=\"https:\/\/centcols.org\/backup\/wp-content\/uploads\/2023\/01\/image-12.png 988w, https:\/\/centcols.org\/backup\/wp-content\/uploads\/2023\/01\/image-12-500x100.png 500w, https:\/\/centcols.org\/backup\/wp-content\/uploads\/2023\/01\/image-12-768x153.png 768w, https:\/\/centcols.org\/backup\/wp-content\/uploads\/2023\/01\/image-12-600x120.png 600w\" sizes=\"(max-width: 988px) 100vw, 988px\" \/><\/figure>\n\n\n\n<h2 class=\"wp-block-heading\" style=\"font-size:35px\">3.&nbsp;&nbsp;&nbsp;&nbsp; Le challenge<\/h2>\n\n\n\n<p class=\"has-medium-font-size\">Ce challenge est propos\u00e9 par <strong>G\u00e9rard Galland<\/strong> (il en d&#8217;ailleurs est un des premiers laur\u00e9ats).<\/p>\n\n\n\n<p class=\"has-medium-font-size\">Plut\u00f4t que l\u2019augmentation infinie du nombre de cols gravis, le <strong>challenge<\/strong> consiste \u00e0 se fixer un objectif g\u00e9ographique, gravir les <strong>80 cols de la LPE<\/strong>, voire culturel, s\u2019int\u00e9resser au futur parcours des eaux s\u2019\u00e9coulant de part et d\u2019autre des cols escalad\u00e9s et aux r\u00e9gions qu\u2019elles traversent.<\/p>\n\n\n\n<p class=\"has-medium-font-size\">Le challenge est ouvert aux <strong>membres et non membres<\/strong> du Club des Cent Cols.<\/p>\n\n\n\n<p class=\"has-medium-font-size\">Au lancement du challenge (avril 2019) 78 cols \u00e9taient r\u00e9pertori\u00e9s.<br>2 cols, situ\u00e9s sur la LPE Mer du Nord \u2013 M\u00e9diterran\u00e9e occidentale, ont \u00e9t\u00e9 ajout\u00e9s au catalogue suisse en 2020 et 2021. Ainsi les inscrits depuis juillet 2022 ont un nombre total de cols \u00e0 franchir de 80 (dont 27 cols d\u2019une altitude sup\u00e9rieure \u00e0 2000 m).<strong><\/strong><\/p>\n\n\n\n<p class=\"has-medium-font-size\">Dans tous les cas, les cols escalad\u00e9s avant la cr\u00e9ation du challenge sont pris en compte.<\/p>\n\n\n\n<p class=\"has-medium-font-size\">La <strong>liste compl\u00e8te des 80 cols<\/strong> est t\u00e9l\u00e9chargeable <a href=\"https:\/\/centcols.org\/backup\/en\/cols-lpe-2\/\">ici (excel)<\/a> ou <a href=\"https:\/\/centcols.org\/backup\/en\/cols-lpe\/\">l\u00e0 (pdf)<\/a><\/p>\n\n\n\n<p class=\"has-medium-font-size\">Un <strong>brevet<\/strong> est d\u00e9cern\u00e9 lorsque tous les cols situ\u00e9s sur les LPE \u00ab&nbsp;inter-mer&nbsp;\u00bb ont \u00e9t\u00e9 gravis.<\/p>\n\n\n\n<p class=\"has-medium-font-size\"><strong>Contact&nbsp;et inscription<\/strong> : <a href=\"mailto:lpedesAlpes@centcols.net\">lpedesAlpes@centcols.net<\/a>&nbsp;&nbsp;<\/p>\n\n\n\n<h2 class=\"kt-adv-heading_95d6e5-75 wp-block-kadence-advancedheading\" data-kb-block=\"kb-adv-heading_95d6e5-75\">4.&nbsp;&nbsp;&nbsp;&nbsp; Le r\u00e8glement du challenge<\/h2>\n\n\n\n<ul><li>Pour s\u2019inscrire au Challenge, il faut : remplir&nbsp;le <strong>bulletin d\u2019inscription<\/strong> (format <a href=\"https:\/\/centcols.org\/backup\/wp-content\/uploads\/2019\/08\/bichallengelpe.pdf\">pdf<\/a> ou <a href=\"https:\/\/centcols.org\/backup\/wp-content\/uploads\/2019\/08\/bichallengelpe.zip\">word<\/a>) valant acceptation de ce r\u00e8glement<\/li><li>Le but du Challenge est de <strong>franchir tous les cols<\/strong> situ\u00e9s sur les LPE \u00ab&nbsp;inter-mer&nbsp;\u00bb des Alpes. La liste des cols est \u00e9tablie par le Club des Cent Cols selon des crit\u00e8res stricts de topographie et de toponymie<\/li><li>Les cols doivent \u00eatre gravis conform\u00e9ment \u00e0 la <strong>r\u00e8gle du jeu <\/strong>du Club des Cent Cols<\/li><li>Chaque col gravi est d\u00e9clar\u00e9 comme tel sur la bonne foi du participant<\/li><li>Il n\u2019y a pas de d\u00e9lai impos\u00e9<\/li><li>Un Tableau d\u2019avancement des cols franchis sera r\u00e9guli\u00e8rement publi\u00e9 sur le site du club ou dans la revue annuelle. Tout participant peut demander que son nom ne soit pas cit\u00e9<\/li><\/ul>\n","protected":false},"excerpt":{"rendered":"<p>Chaque franchissement d\u2019un col est un franchissement d\u2019une ligne de partage des eaux. Car la d\u00e9finition d\u2019un col, telle que retenue par le Club des Cent Cols, est que c&#8217;est un \u00ab&nbsp;point de passage privil\u00e9gi\u00e9, impos\u00e9 par le relief, situ\u00e9 sur une ligne de partage des eaux, et autre qu\u2019un sommet.&nbsp;\u00bb&nbsp; Chaque LPE s\u00e9pare ainsi [&hellip;]<\/p>\n","protected":false},"author":397,"featured_media":0,"parent":0,"menu_order":0,"comment_status":"closed","ping_status":"closed","template":"","meta":{"_acf_changed":false,"ub_ctt_via":"","_monsterinsights_skip_tracking":false,"_monsterinsights_sitenote_active":false,"_monsterinsights_sitenote_note":"","_monsterinsights_sitenote_category":0,"footnotes":""},"acf":[],"featured_image_urls":{"full":"","thumbnail":"","medium":"","medium_large":"","large":"","1536x1536":"","2048x2048":"","woocommerce_thumbnail":"","woocommerce_single":"","woocommerce_gallery_thumbnail":""},"post_excerpt_stackable":"<p>1.&nbsp;&nbsp;&nbsp;&nbsp; Les lignes de partage des eaux des Alpes Chaque franchissement d\u2019un col est un franchissement d\u2019une ligne de partage des eaux. Car la d\u00e9finition d\u2019un col, telle que retenue par le Club des Cent Cols, est que c&#8217;est un \u00ab&nbsp;point de passage privil\u00e9gi\u00e9, impos\u00e9 par le relief, situ\u00e9 sur une ligne de partage des eaux, et autre qu\u2019un sommet.&nbsp;\u00bb&nbsp; Chaque LPE s\u00e9pare ainsi les bassins versants de 2 mers, de 2 fleuves ou simplement de 2 affluents ou sous-affluents d\u2019un m\u00eame fleuve. Il en existe ainsi des milliers. Source : wikipedia Les Alpes, s\u2019\u00e9tendent sur 1.100 km du sud-est&hellip;<\/p>\n","category_list":"","author_info":{"name":"Denis Chouquet-Stringer","url":"https:\/\/centcols.org\/backup\/en\/author\/6183\/"},"comments_num":"0 comments","featured_image_urls_v2":{"full":"","thumbnail":"","medium":"","medium_large":"","large":"","1536x1536":"","2048x2048":"","woocommerce_thumbnail":"","woocommerce_single":"","woocommerce_gallery_thumbnail":""},"post_excerpt_stackable_v2":"<p>1.&nbsp;&nbsp;&nbsp;&nbsp; Les lignes de partage des eaux des Alpes Chaque franchissement d\u2019un col est un franchissement d\u2019une ligne de partage des eaux. Car la d\u00e9finition d\u2019un col, telle que retenue par le Club des Cent Cols, est que c&#8217;est un \u00ab&nbsp;point de passage privil\u00e9gi\u00e9, impos\u00e9 par le relief, situ\u00e9 sur une ligne de partage des eaux, et autre qu\u2019un sommet.&nbsp;\u00bb&nbsp; Chaque LPE s\u00e9pare ainsi les bassins versants de 2 mers, de 2 fleuves ou simplement de 2 affluents ou sous-affluents d\u2019un m\u00eame fleuve. Il en existe ainsi des milliers. Source : wikipedia Les Alpes, s\u2019\u00e9tendent sur 1.100 km du sud-est&hellip;<\/p>\n","category_list_v2":"","author_info_v2":{"name":"Denis Chouquet-Stringer","url":"https:\/\/centcols.org\/backup\/en\/author\/6183\/"},"comments_num_v2":"0 comments","featured_image_src":null,"_links":{"self":[{"href":"https:\/\/centcols.org\/backup\/en\/wp-json\/wp\/v2\/pages\/69967"}],"collection":[{"href":"https:\/\/centcols.org\/backup\/en\/wp-json\/wp\/v2\/pages"}],"about":[{"href":"https:\/\/centcols.org\/backup\/en\/wp-json\/wp\/v2\/types\/page"}],"author":[{"embeddable":true,"href":"https:\/\/centcols.org\/backup\/en\/wp-json\/wp\/v2\/users\/397"}],"replies":[{"embeddable":true,"href":"https:\/\/centcols.org\/backup\/en\/wp-json\/wp\/v2\/comments?post=69967"}],"version-history":[{"count":0,"href":"https:\/\/centcols.org\/backup\/en\/wp-json\/wp\/v2\/pages\/69967\/revisions"}],"wp:attachment":[{"href":"https:\/\/centcols.org\/backup\/en\/wp-json\/wp\/v2\/media?parent=69967"}],"curies":[{"name":"wp","href":"https:\/\/api.w.org\/{rel}","templated":true}]}}