{"id":70530,"date":"2023-01-17T11:10:20","date_gmt":"2023-01-17T10:10:20","guid":{"rendered":"https:\/\/centcols.org\/backup\/club-des-cent-cols\/"},"modified":"2023-12-24T11:58:33","modified_gmt":"2023-12-24T10:58:33","slug":"club-des-cent-cols","status":"publish","type":"page","link":"https:\/\/centcols.org\/backup\/en\/club-des-cent-cols\/","title":{"rendered":"The Club des Cent Cols V2"},"content":{"rendered":"\n<div class=\"wp-block-columns is-layout-flex wp-container-core-columns-is-layout-5 wp-block-columns-is-layout-flex\">\n<div class=\"wp-block-column is-layout-flow wp-block-column-is-layout-flow\" style=\"flex-basis:100%\">\n<div class=\"wp-block-kadence-tabs alignnone\"><div class=\"kt-tabs-wrap kt-tabs-id70530_5a3878-89 kt-tabs-has-4-tabs kt-active-tab-2 kt-tabs-layout-tabs kt-tabs-tablet-layout-inherit kt-tabs-mobile-layout-inherit kt-tab-alignment-left \"><ul class=\"kt-tabs-title-list\"><li id=\"tab-whoarewe\" class=\"kt-title-item kt-title-item-1 kt-tabs-svg-show-always kt-tabs-icon-side-right kt-tab-title-inactive\"><a href=\"#tab-whoarewe\" data-tab=\"1\" class=\"kt-tab-title kt-tab-title-1 \"><span class=\"kt-title-text\">Who are we ?<\/span><\/a><\/li><li id=\"tab-headlines\" class=\"kt-title-item kt-title-item-2 kt-tabs-svg-show-always kt-tabs-icon-side-right kt-tab-title-active\"><a href=\"#tab-headlines\" data-tab=\"2\" class=\"kt-tab-title kt-tab-title-2 \"><span class=\"kt-title-text\">Headlines<\/span><\/a><\/li><li id=\"tab-press\" class=\"kt-title-item kt-title-item-3 kt-tabs-svg-show-always kt-tabs-icon-side-right kt-tab-title-inactive\"><a href=\"#tab-press\" data-tab=\"3\" class=\"kt-tab-title kt-tab-title-3 \"><span class=\"kt-title-text\">Press<\/span><\/a><\/li><li id=\"tab-thegazette\" class=\"kt-title-item kt-title-item-4 kt-tabs-svg-show-always kt-tabs-icon-side-right kt-tab-title-inactive\"><a href=\"#tab-thegazette\" data-tab=\"4\" class=\"kt-tab-title kt-tab-title-4 \"><span class=\"kt-title-text\">The Gazette<\/span><\/a><\/li><\/ul><div class=\"kt-tabs-content-wrap\">\n<div class=\"wp-block-kadence-tab kt-tab-inner-content kt-inner-tab-1 kt-inner-tab_3405cf-bb\"><div class=\"kt-tab-inner-content-inner\">\n<div class=\"wp-block-columns is-layout-flex wp-container-core-columns-is-layout-2 wp-block-columns-is-layout-flex\">\n<div class=\"wp-block-column is-layout-flow wp-block-column-is-layout-flow\" style=\"flex-basis:100%\">\n<p><span style=\"font-size: 14pt;\">We are a cycling club founded in 1972, made up of men and women of all ages, all nationalities, and all cycling disciplines.&nbsp; We seek out mountain passes (cols)to climb, but we are not a competitive club \u2013 our members cycle at their own pace, where and when they wish, on roads or mountain trails, alone or in groups.&nbsp; Some members may climb less than ten cols a year, others over a hundred.&nbsp; But we have all met the main <a href=\"https:\/\/centcols.org\/backup\/en\/regle-du-jeu\/\">Rule of the Club<\/a>, which stipulates that, to become a member, you must have climbed (by bike, using only your own muscle-power) at least one hundred different cols, with five out of each hundred being over 2000m high.<\/span><\/p>\n<\/div>\n\n\n\n<div class=\"wp-block-column is-layout-flow wp-block-column-is-layout-flow\" style=\"flex-basis:50%\">\n<div class=\"wp-block-columns is-layout-flex wp-container-core-columns-is-layout-1 wp-block-columns-is-layout-flex\">\n<div class=\"wp-block-column is-vertically-aligned-top is-layout-flow wp-block-column-is-layout-flow\">\n<p class=\"has-text-align-center has-medium-font-size\"><a href=\"https:\/\/centcols.org\/backup\/annexe\/\"><strong>Further information<\/strong><\/a><\/p>\n\n\n\n<p class=\"has-text-align-center has-medium-font-size\"><a href=\"https:\/\/centcols.org\/backup\/regle-du-jeu\/\"><strong>Rules of the game<\/strong><\/a><\/p>\n\n\n\n<p class=\"has-text-align-center has-medium-font-size\"><a href=\"https:\/\/centcols.org\/backup\/en\/diaporama\/\"><strong><a href=\"https:\/\/centcols.org\/backup\/en\/diaporama\/\">Presentation slide-show (in French)<\/a><\/strong><\/a><\/p>\n<\/div>\n<\/div>\n<\/div>\n<\/div>\n<\/div><\/div>\n\n\n\n<div class=\"wp-block-kadence-tab kt-tab-inner-content kt-inner-tab-2 kt-inner-tab_46e981-20\"><div class=\"kt-tab-inner-content-inner\">\n<div class=\"wp-block-stackable-columns stk-block-columns stk-block stk-7141dac\" data-block-id=\"7141dac\"><div class=\"stk-row stk-inner-blocks stk-block-content stk-content-align stk-7141dac-column\">\n<div class=\"wp-block-stackable-column stk-block-column stk-column stk-block stk-af3ae86\" data-v=\"4\" data-block-id=\"af3ae86\"><div class=\"stk-column-wrapper stk-block-column__content stk-container stk-af3ae86-container stk--no-background stk--no-padding\"><div class=\"stk-block-content stk-inner-blocks stk-af3ae86-inner-blocks\">\n<h2 class=\"wp-block-heading\">General Assembly 2024<\/h2>\n\n\n\n<p class=\"has-medium-font-size\">The date of the Annual General Assembly has been changed: it will be held on 28 September 2024 rather than 5 October as originally <\/p>\n\n\n\n<h2 class=\"wp-block-heading\">New regional animators<\/h2>\n\n\n\n<p class=\"has-medium-font-size\">Alain BENOIST (CCC5663&nbsp;and DT zone 04SW) and Alain THIBON&nbsp; (CCC 3723) will replace Jean-Marie GILLOUIN&nbsp; in organising the regional meeting DAV Dr\u00f4me-Ard\u00e8che-Vaucluse. Many thanks to Jean-Marie for all he has done for the Club.<\/p>\n\n\n\n<p class=\"has-medium-font-size\">Pierre BRIVET (CCC601) replaces Philippe CHAZOTTIER for the organisation of the regional get-together Massif Central-East. Many thanks to Philippe for all his work for the Club.<\/p>\n\n\n\n<p class=\"has-medium-font-size\">The regional meeting Alpes du Nord of 2024 will take place in the Ain. Alain GUILLAUD-BACHET (CCC6270) joins Guy HARLE\u2019 (CCC5193) and Bernard VIEILLARD (CCC1335). Many thanks to Raymond Barbier for all he has done for the Club.<\/p>\n<\/div><\/div><\/div>\n\n\n\n<div class=\"wp-block-stackable-column stk-block-column stk-column stk-block stk-cc3e66d\" data-v=\"4\" data-block-id=\"cc3e66d\"><div class=\"stk-column-wrapper stk-block-column__content stk-container stk-cc3e66d-container stk--no-background stk--no-padding\"><div class=\"stk-block-content stk-inner-blocks stk-cc3e66d-inner-blocks\">\n<h2 class=\"wp-block-heading\">Renaming catalogues<\/h2>\n\n\n\n<p class=\"has-medium-font-size\">To enable members to better follow the evolution of our catalogues &#8211; especially when several modifications sometimes succeed in a single day &#8211; the files that are available to download will be named in such a way that shows the date they were modified and the version number of the catalogue.<\/p>\n\n\n\n<p class=\"has-medium-font-size\">The version is a number that increases at each update&nbsp; &#8211; however small &#8211; of the catalogue since the start of the database.<\/p>\n\n\n\n<p class=\"has-medium-font-size\"><br>For example, instead of &#8216;catFR-fr.xlsx&#8217; , we&#8217;ll have&#8217;catFR-fr-231031-009.xlsx&#8217;&nbsp; where 231031 represents the date (format year-month-day to make filtering easier) and 009 represents the number of the version.<br>In addition, on the catalogue download page, a new column shows you the version number of each catalogue.<\/p>\n\n\n\n<figure class=\"wp-block-image size-full\"><img loading=\"lazy\" decoding=\"async\" width=\"1008\" height=\"369\" src=\"https:\/\/centcols.org\/backup\/wp-content\/uploads\/2023\/11\/image-2.png\" alt=\"\" class=\"wp-image-77575\" srcset=\"https:\/\/centcols.org\/backup\/wp-content\/uploads\/2023\/11\/image-2.png 1008w, https:\/\/centcols.org\/backup\/wp-content\/uploads\/2023\/11\/image-2-500x183.png 500w, https:\/\/centcols.org\/backup\/wp-content\/uploads\/2023\/11\/image-2-768x281.png 768w, https:\/\/centcols.org\/backup\/wp-content\/uploads\/2023\/11\/image-2-600x220.png 600w\" sizes=\"(max-width: 1008px) 100vw, 1008px\" \/><\/figure>\n\n\n\n<p><br><\/p>\n<\/div><\/div><\/div>\n<\/div><\/div>\n<\/div><\/div>\n\n\n\n<div class=\"wp-block-kadence-tab kt-tab-inner-content kt-inner-tab-3 kt-inner-tab_11d23e-50\"><div class=\"kt-tab-inner-content-inner\">\n<div class=\"wp-block-columns is-layout-flex wp-container-core-columns-is-layout-3 wp-block-columns-is-layout-flex\">\n<div class=\"wp-block-column is-layout-flow wp-block-column-is-layout-flow\">\n<h3 class=\"kt-adv-heading70530_1a638c-5d wp-block-kadence-advancedheading\" data-kb-block=\"kb-adv-heading70530_1a638c-5d\">Henri Dusseau celebrated his 90th birthday at the col de l&#8217;Iseran<\/h3>\n\n\n\n<figure class=\"wp-block-image size-large\"><img loading=\"lazy\" decoding=\"async\" width=\"222\" height=\"261\" src=\"https:\/\/centcols.org\/backup\/wp-content\/uploads\/2023\/08\/Henri-Dusseau-90-2.jpg\" alt=\"\" class=\"wp-image-76259\"\/><\/figure>\n\n\n\n<p class=\"has-medium-font-size\"><a href=\"https:\/\/centcols.org\/backup\/wp-content\/uploads\/2023\/08\/Henri-Dusseau-90.jpg\" target=\"_blank\" rel=\"noreferrer noopener\">Velomag&nbsp;<\/a>\u2013 6 ao\u00fbt 2023<br>(in French)<br>Regis Paraz <a href=\"https:\/\/photos.app.goo.gl\/aZHf1mTZVWMRqv9cA\" target=\"_blank\" rel=\"noopener\" title=\"\">photo album<\/a><\/p>\n<\/div>\n\n\n\n<div class=\"wp-block-column is-layout-flow wp-block-column-is-layout-flow\">\n<h3 class=\"kt-adv-heading70530_132b08-f3 wp-block-kadence-advancedheading\" data-kb-block=\"kb-adv-heading70530_132b08-f3\">Velocio, the master thinker of cycling<\/h3>\n\n\n\n<p class=\"has-medium-font-size\"><a href=\"https:\/\/centcols.org\/backup\/wp-content\/uploads\/2023\/08\/Liberation_2023_08_03-Velocio.png\" target=\"_blank\" rel=\"noopener\" title=\"\">Liberation<\/a> &#8211; 3<sup>rd <\/sup>august 2023<br>(in french)<\/p>\n<\/div>\n<\/div>\n<\/div><\/div>\n\n\n\n<div class=\"wp-block-kadence-tab kt-tab-inner-content kt-inner-tab-4 kt-inner-tab_1d7a66-e0\"><div class=\"kt-tab-inner-content-inner\">\n<div class=\"wp-block-columns is-layout-flex wp-container-core-columns-is-layout-4 wp-block-columns-is-layout-flex\">\n<div class=\"wp-block-column is-layout-flow wp-block-column-is-layout-flow\">\n<h2 class=\"kt-adv-heading70530_6d4925-a8 wp-block-kadence-advancedheading\" data-kb-block=\"kb-adv-heading70530_6d4925-a8\">The club<\/h2>\n\n\n\n<p class=\"has-medium-font-size\"><a href=\"https:\/\/centcols.org\/backup\/en\/le-club-y-etait\/\">Members&#8217; activities<\/a><\/p>\n\n\n\n<p class=\"has-medium-font-size\"><a href=\"https:\/\/centcols.org\/backup\/en\/partenariats\/\">Partnership<\/a><\/p>\n\n\n\n<p class=\"has-medium-font-size\"><a href=\"https:\/\/centcols.org\/backup\/en\/les-nouveaux-membres\/\">New members<\/a><\/p>\n\n\n\n<p class=\"has-medium-font-size\"><a href=\"https:\/\/centcols.org\/backup\/ils-nous-ont-quittes\/\">The departed<\/a><\/p>\n\n\n\n<p class=\"has-medium-font-size\"><a href=\"https:\/\/centcols.org\/backup\/en\/facile\/\" target=\"_blank\" rel=\"noopener\" title=\"\">It&#8217;s easy<\/a><\/p>\n<\/div>\n\n\n\n<div class=\"wp-block-column is-layout-flow wp-block-column-is-layout-flow\">\n<h2 class=\"kt-adv-heading70530_9d03d6-af wp-block-kadence-advancedheading\" data-kb-block=\"kb-adv-heading70530_9d03d6-af\">The Federations<\/h2>\n\n\n\n<p class=\"has-medium-font-size\"><a href=\"https:\/\/centcols.org\/backup\/en\/federation-francaise-de-cyclotourisme\/\">F\u00e9d\u00e9ration fran\u00e7aise de Cyclotourisme<\/a><\/p>\n\n\n\n<p class=\"has-medium-font-size\"><a href=\"https:\/\/centcols.org\/backup\/en\/codep-haute-savoie\/\">CODEP<\/a><\/p>\n\n\n\n<p class=\"has-medium-font-size\"><a href=\"https:\/\/centcols.org\/backup\/coreg\">COREG<\/a><\/p>\n\n\n\n<p class=\"has-medium-font-size\"><a href=\"https:\/\/centcols.org\/backup\/en\/uect\/\">UECT<\/a><\/p>\n\n\n\n<p class=\"has-medium-font-size\"><a href=\"https:\/\/centcols.org\/backup\/en\/federation-espagnole-de-cyclotourisme\/\">F\u00e9d\u00e9ration espagnole de Cyclotourisme<\/a><\/p>\n<\/div>\n\n\n\n<div class=\"wp-block-column is-layout-flow wp-block-column-is-layout-flow\">\n<h2 class=\"kt-adv-heading70530_1d1608-e4 wp-block-kadence-advancedheading\" data-kb-block=\"kb-adv-heading70530_1d1608-e4\">This and that<\/h2>\n\n\n\n<p class=\"has-medium-font-size\"><a href=\"https:\/\/centcols.org\/backup\/securite-a-velo\/\">Safety on the bike<\/a><\/p>\n\n\n\n<p class=\"has-medium-font-size\"><a href=\"https:\/\/centcols.org\/backup\/amicale-des-cyclos-cardiaques\/\">A<\/a><a href=\"https:\/\/centcols.org\/backup\/en\/amicale-des-cyclos-cardiaques\/\">micale des cyclos cardiaques<\/a><\/p>\n\n\n\n<p class=\"has-medium-font-size\"><a href=\"https:\/\/centcols.org\/backup\/handicap-et-velos\/\">Disability and bikes<\/a><\/p>\n\n\n\n<p class=\"has-medium-font-size\"><a href=\"https:\/\/centcols.org\/backup\/des-cols-sortant-des-sentiers-battus\/\">Off-footpath cols<\/a><\/p>\n\n\n\n<p class=\"has-medium-font-size\"><a href=\"https:\/\/centcols.org\/backup\/en\/un-col-a-la-pedale-ou-a-la-loupe\/\" target=\"_blank\" rel=\"noopener\" title=\"\">A mountain pass, with a pedal or a magnifying glass?<\/a><\/p>\n\n\n\n<p class=\"has-medium-font-size\"><a href=\"https:\/\/centcols.org\/backup\/en\/les-femmes-par-les-femmes-pour-les-femmes\/\">Women, by women, for women<\/a><\/p>\n\n\n\n<p class=\"has-medium-font-size\"><a href=\"https:\/\/centcols.org\/backup\/en\/une-info-un-article-qui-pourrait-paraitre-ici\/\"><a href=\"https:\/\/centcols.org\/backup\/en\/une-info-un-article-qui-pourrait-paraitre-ici\/\">Information, articles : how do they get into the Gazette?<\/a><\/a><\/p>\n\n\n\n<p class=\"has-medium-font-size\"><a href=\"https:\/\/centcols.org\/backup\/en\/a-suivre\/\">Read, reread, look, relook <\/a><\/p>\n<\/div>\n<\/div>\n<\/div><\/div>\n<\/div><\/div><\/div>\n<\/div>\n<\/div>\n\n\n\n<div class=\"wp-block-columns is-layout-flex wp-container-core-columns-is-layout-7 wp-block-columns-is-layout-flex\">\n<div class=\"wp-block-column is-layout-flow wp-block-column-is-layout-flow\" style=\"flex-basis:100%\">\n<div class=\"wp-block-columns is-layout-flex wp-container-core-columns-is-layout-6 wp-block-columns-is-layout-flex\">\n<div class=\"wp-block-column is-vertically-aligned-top is-layout-flow wp-block-column-is-layout-flow\"><\/div>\n<\/div>\n<\/div>\n<\/div>\n\n\n\n<div class=\"wp-block-columns is-layout-flex wp-container-core-columns-is-layout-8 wp-block-columns-is-layout-flex\">\n<div class=\"wp-block-column is-layout-flow wp-block-column-is-layout-flow\" style=\"flex-basis:66.66%\">\n<div class=\"wp-block-group\"><div class=\"wp-block-group__inner-container is-layout-flow wp-block-group-is-layout-flow\">\n<div class=\"wp-block-group has-very-light-gray-background-color has-background\"><div class=\"wp-block-group__inner-container is-layout-flow wp-block-group-is-layout-flow\">\n<h2 class=\"wp-block-heading\">Provisionnal club calendar 2024<\/h2>\n\n\n\n<p><strong>Spring break<\/strong>, MTB, road, gravel, <strong>Porticcio<\/strong>, <strong>Corsica<\/strong>, 20 to 27 April 2024<br><strong>Summer break<\/strong>, MTB, road, gravel, <strong>Vog\u00fc\u00e9, Ard\u00e8che &#8211; France<\/strong>, 29 June to 6 July 2024<br><strong>General Assembly of the club<\/strong>, <strong>Bugeat, France &#8211; Corr\u00e8ze<\/strong>, 27 to 29 September 2024<\/p>\n<\/div><\/div>\n\n\n\n<h2 class=\"wp-block-heading\">Semaine f\u00e9d\u00e9rale&nbsp;internationale de Cyclotourisme<\/h2>\n\n\n\n<p><a href=\"https:\/\/www.cycloroanne2024.fr\/\" title=\"\">Roanne  20-28 July 2024<\/a><\/p>\n<\/div><\/div>\n<\/div>\n\n\n\n<div class=\"wp-block-column is-layout-flow wp-block-column-is-layout-flow\" style=\"flex-basis:33.33%\">\n<div class=\"wp-block-group\"><div class=\"wp-block-group__inner-container is-layout-flow wp-block-group-is-layout-flow\">\n<div class=\"wp-block-group has-very-light-gray-background-color has-background\"><div class=\"wp-block-group__inner-container is-layout-flow wp-block-group-is-layout-flow\">\n<h2 class=\"kt-adv-heading70530_aa54e1-dd wp-block-kadence-advancedheading\" data-kb-block=\"kb-adv-heading70530_aa54e1-dd\">The cyclomontagnardes 2024<\/h2>\n\n\n\n<p class=\"has-kb-palette-2-color has-text-color has-medium-font-size\">Cyclomontagnarde du Jura<br>15 &#8211; 16 June 2024 <\/p>\n\n\n\n<p class=\"has-kb-palette-2-color has-text-color has-medium-font-size\">Cyclomontagnarde Luchon &#8211; Bayonne- 15 &#8211; 16 June 2024<\/p>\n\n\n\n<p class=\"has-medium-font-size\"><span style=\"color:#888888\" class=\"tadv-color\">Cyclomontagnarde  Vosges &#8211; Alsace<br>22 &#8211; 23 June 2024<\/span><\/p>\n\n\n\n<p class=\"has-kb-palette-2-color has-text-color has-medium-font-size\">Cyclomontagnarde de Annecy<br>29 &#8211; 30 June 2024<\/p>\n<\/div><\/div>\n<\/div><\/div>\n<\/div>\n<\/div>\n\n\n\n<div class=\"wp-block-columns is-layout-flex wp-container-core-columns-is-layout-9 wp-block-columns-is-layout-flex\">\n<div class=\"wp-block-column is-layout-flow wp-block-column-is-layout-flow\" style=\"flex-basis:100%\">\n<div style=\"height:100px\" aria-hidden=\"true\" class=\"wp-block-spacer\"><\/div>\n\n\n\n<h2 class=\"kt-adv-heading70530_a44fc6-28 wp-block-kadence-advancedheading\" data-kb-block=\"kb-adv-heading70530_a44fc6-28\">Partnership<\/h2>\n<\/div>\n<\/div>\n\n\n\n<div class=\"wp-block-columns is-layout-flex wp-container-core-columns-is-layout-12 wp-block-columns-is-layout-flex\">\n<div class=\"wp-block-column is-layout-flow wp-block-column-is-layout-flow\">\n<div class=\"wp-block-columns is-layout-flex wp-container-core-columns-is-layout-10 wp-block-columns-is-layout-flex\">\n<div class=\"wp-block-column is-layout-flow wp-block-column-is-layout-flow\"><div class=\"wp-block-image\">\n<figure class=\"aligncenter size-large is-resized\"><img loading=\"lazy\" decoding=\"async\" width=\"148\" height=\"148\" src=\"https:\/\/centcols.org\/backup\/wp-content\/uploads\/2023\/01\/FFCT-4.png\" alt=\"\" class=\"wp-image-69631\" style=\"width:114px;height:114px\" srcset=\"https:\/\/centcols.org\/backup\/wp-content\/uploads\/2023\/01\/FFCT-4.png 148w, https:\/\/centcols.org\/backup\/wp-content\/uploads\/2023\/01\/FFCT-4-100x100.png 100w\" sizes=\"(max-width: 148px) 100vw, 148px\" \/><figcaption class=\"wp-element-caption\"><a href=\"https:\/\/centcols.org\/backup\/en\/le-partenariat-club-des-cent-cols-federation-francaise-de-cyclotourisme\/\" target=\"_blank\" rel=\"noreferrer noopener\">F\u00e9d\u00e9ration Fran\u00e7aise de Cyclotourisme<\/a><\/figcaption><\/figure><\/div><\/div>\n\n\n\n<div class=\"wp-block-column is-layout-flow wp-block-column-is-layout-flow\"><div class=\"wp-block-image\">\n<figure class=\"aligncenter size-large is-resized\"><img loading=\"lazy\" decoding=\"async\" width=\"288\" height=\"288\" src=\"https:\/\/centcols.org\/backup\/wp-content\/uploads\/2023\/01\/FECT-4.jpg\" alt=\"\" class=\"wp-image-69637\" style=\"width:117px;height:117px\" srcset=\"https:\/\/centcols.org\/backup\/wp-content\/uploads\/2023\/01\/FECT-4.jpg 288w, https:\/\/centcols.org\/backup\/wp-content\/uploads\/2023\/01\/FECT-4-100x100.jpg 100w\" sizes=\"(max-width: 288px) 100vw, 288px\" \/><figcaption class=\"wp-element-caption\"><a href=\"https:\/\/centcols.org\/backup\/en\/le-partenariat-entre-la-federation-espagnole-de-cyclotourisme-et-le-club-des-cent-cols\/\" target=\"_blank\" rel=\"noreferrer noopener\">F\u00e9d\u00e9ration Espagnole de Cyclotourisme<\/a><\/figcaption><\/figure><\/div><\/div>\n<\/div>\n<\/div>\n\n\n\n<div class=\"wp-block-column is-layout-flow wp-block-column-is-layout-flow\">\n<div class=\"wp-block-columns is-layout-flex wp-container-core-columns-is-layout-11 wp-block-columns-is-layout-flex\">\n<div class=\"wp-block-column is-layout-flow wp-block-column-is-layout-flow\"><div class=\"wp-block-image\">\n<figure class=\"aligncenter size-large is-resized\"><img loading=\"lazy\" decoding=\"async\" width=\"183\" height=\"180\" src=\"https:\/\/centcols.org\/backup\/wp-content\/uploads\/2023\/01\/OR-4.jpg\" alt=\"\" class=\"wp-image-69667\" style=\"width:111px;height:107px\"\/><figcaption class=\"wp-element-caption\"><a href=\"https:\/\/centcols.org\/backup\/en\/openrunner-et-le-club-des-cent-cols\/\" target=\"_blank\" rel=\"noreferrer noopener\">Openrunner<\/a><\/figcaption><\/figure><\/div><\/div>\n\n\n\n<div class=\"wp-block-column is-layout-flow wp-block-column-is-layout-flow\"><div class=\"wp-block-image\">\n<figure class=\"aligncenter size-large is-resized\"><img loading=\"lazy\" decoding=\"async\" width=\"522\" height=\"221\" src=\"https:\/\/centcols.org\/backup\/wp-content\/uploads\/2023\/01\/UECT-3.jpg\" alt=\"\" class=\"wp-image-69649\" style=\"width:184px;height:77px\" srcset=\"https:\/\/centcols.org\/backup\/wp-content\/uploads\/2023\/01\/UECT-3.jpg 522w, https:\/\/centcols.org\/backup\/wp-content\/uploads\/2023\/01\/UECT-3-500x212.jpg 500w\" sizes=\"(max-width: 522px) 100vw, 522px\" \/><figcaption class=\"wp-element-caption\"><a href=\"https:\/\/centcols.org\/backup\/en\/lunion-europeenne-de-cyclotourisme-uect\/\" target=\"_blank\" rel=\"noreferrer noopener\">Union Europ\u00e9enne de Cyclotourisme<\/a><\/figcaption><\/figure><\/div><\/div>\n<\/div>\n<\/div>\n<\/div>\n\n\n\n<h2 class=\"kt-adv-heading70530_40935d-75 wp-block-kadence-advancedheading\" data-kb-block=\"kb-adv-heading70530_40935d-75\">Press packs<\/h2>\n\n\n\n<div class=\"wp-block-columns is-layout-flex wp-container-core-columns-is-layout-16 wp-block-columns-is-layout-flex\">\n<div class=\"wp-block-column is-layout-flow wp-block-column-is-layout-flow\">\n<div class=\"wp-block-columns is-layout-flex wp-container-core-columns-is-layout-13 wp-block-columns-is-layout-flex\">\n<div class=\"wp-block-column is-layout-flow wp-block-column-is-layout-flow\">\n<figure class=\"wp-block-image size-large is-resized\"><a href=\"\/fr\/dossier-presse\/\"><img loading=\"lazy\" decoding=\"async\" width=\"323\" height=\"211\" src=\"https:\/\/centcols.org\/backup\/wp-content\/uploads\/2023\/01\/Drapeau-FR-1.jpg\" alt=\"\" class=\"wp-image-69673\" style=\"width:83px;height:53px\"\/><\/a><figcaption class=\"wp-element-caption\"><a href=\"\/fr\/dossier-presse\/\">Dossier de presse<\/a><\/figcaption><\/figure>\n<\/div>\n\n\n\n<div class=\"wp-block-column is-layout-flow wp-block-column-is-layout-flow\">\n<figure class=\"wp-block-image size-large is-resized\"><a href=\"\/en\/press-pack\/\"><img loading=\"lazy\" decoding=\"async\" width=\"243\" height=\"167\" src=\"https:\/\/centcols.org\/backup\/wp-content\/uploads\/2023\/01\/Drapeau-EN-1.jpg\" alt=\"\" class=\"wp-image-69679\" style=\"width:86px;height:58px\"\/><\/a><figcaption class=\"wp-element-caption\"><a href=\"\/en\/press-pack\/\">Press pack<\/a><\/figcaption><\/figure>\n<\/div>\n<\/div>\n<\/div>\n\n\n\n<div class=\"wp-block-column is-layout-flow wp-block-column-is-layout-flow\">\n<div class=\"wp-block-columns is-layout-flex wp-container-core-columns-is-layout-14 wp-block-columns-is-layout-flex\">\n<div class=\"wp-block-column is-layout-flow wp-block-column-is-layout-flow\">\n<figure class=\"wp-block-image size-large is-resized\"><a href=\"\/it\/dossier-di-stampa\/\"><img loading=\"lazy\" decoding=\"async\" width=\"249\" height=\"165\" src=\"https:\/\/centcols.org\/backup\/wp-content\/uploads\/2023\/01\/Drapeau-IT-1.jpg\" alt=\"\" class=\"wp-image-69685\" style=\"width:87px;height:57px\"\/><\/a><figcaption class=\"wp-element-caption\"><a href=\"\/it\/dossier-di-stampa\/\">Dossier di Stampa<\/a><\/figcaption><\/figure>\n<\/div>\n\n\n\n<div class=\"wp-block-column is-layout-flow wp-block-column-is-layout-flow\">\n<figure class=\"wp-block-image size-large is-resized\"><a href=\"\/pressemappe\/\"><img loading=\"lazy\" decoding=\"async\" width=\"167\" height=\"118\" src=\"https:\/\/centcols.org\/backup\/wp-content\/uploads\/2023\/01\/Drapeau-D-1.jpg\" alt=\"\" class=\"wp-image-69691\" style=\"width:85px;height:58px\"\/><\/a><figcaption class=\"wp-element-caption\"><a href=\"\/pressemappe\/\">Pressemappe<\/a><\/figcaption><\/figure>\n<\/div>\n<\/div>\n<\/div>\n\n\n\n<div class=\"wp-block-column is-layout-flow wp-block-column-is-layout-flow\">\n<div class=\"wp-block-columns is-layout-flex wp-container-core-columns-is-layout-15 wp-block-columns-is-layout-flex\">\n<div class=\"wp-block-column is-layout-flow wp-block-column-is-layout-flow\">\n<figure class=\"wp-block-image size-large is-resized\"><a href=\"\/archivo-prensa\/\"><img loading=\"lazy\" decoding=\"async\" width=\"155\" height=\"103\" src=\"https:\/\/centcols.org\/backup\/wp-content\/uploads\/2023\/01\/Drapeau-ES.jpg\" alt=\"\" class=\"wp-image-69697\" style=\"width:96px;height:62px\"\/><\/a><figcaption class=\"wp-element-caption\"><a href=\"\/archivo-prensa\/\">Archivo prensa<\/a><\/figcaption><\/figure>\n<\/div>\n\n\n\n<div class=\"wp-block-column is-layout-flow wp-block-column-is-layout-flow\">\n<figure class=\"wp-block-image size-large is-resized\"><a href=\"\/persdossier\/\"><img loading=\"lazy\" decoding=\"async\" width=\"176\" height=\"121\" src=\"https:\/\/centcols.org\/backup\/wp-content\/uploads\/2023\/01\/Drapeau-NL.jpg\" alt=\"\" class=\"wp-image-69703\" style=\"width:89px;height:60px\"\/><\/a><figcaption class=\"wp-element-caption\"><a href=\"\/persdossier\/\">Persmap<\/a><\/figcaption><\/figure>\n<\/div>\n<\/div>\n<\/div>\n<\/div>\n\n\n\n<p>&nbsp;<\/p>\n","protected":false},"excerpt":{"rendered":"<p>Provisionnal club calendar 2024 Spring break, MTB, road, gravel, Porticcio, Corsica, 20 to 27 April 2024Summer break, MTB, road, gravel, Vog\u00fc\u00e9, Ard\u00e8che &#8211; France, 29 June to 6 July 2024General Assembly of the club, Bugeat, France &#8211; Corr\u00e8ze, 27 to 29 September 2024 Semaine f\u00e9d\u00e9rale&nbsp;internationale de Cyclotourisme Roanne 20-28 July 2024 Cyclomontagnarde du Jura15 &#8211; [&hellip;]<\/p>\n","protected":false},"author":397,"featured_media":0,"parent":0,"menu_order":0,"comment_status":"closed","ping_status":"closed","template":"","meta":{"_acf_changed":false,"ub_ctt_via":"","_monsterinsights_skip_tracking":false,"_monsterinsights_sitenote_active":false,"_monsterinsights_sitenote_note":"","_monsterinsights_sitenote_category":0,"footnotes":""},"acf":[],"featured_image_urls":{"full":"","thumbnail":"","medium":"","medium_large":"","large":"","1536x1536":"","2048x2048":"","woocommerce_thumbnail":"","woocommerce_single":"","woocommerce_gallery_thumbnail":""},"post_excerpt_stackable":"<p>Who are we ?HeadlinesPressThe Gazette We are a cycling club founded in 1972, made up of men and women of all ages, all nationalities, and all cycling disciplines.&nbsp; We seek out mountain passes (cols)to climb, but we are not a competitive club \u2013 our members cycle at their own pace, where and when they wish, on roads or mountain trails, alone or in groups.&nbsp; Some members may climb less than ten cols a year, others over a hundred.&nbsp; But we have all met the main Rule of the Club, which stipulates that, to become a member, you must have climbed&hellip;<\/p>\n","category_list":"","author_info":{"name":"Denis Chouquet-Stringer","url":"https:\/\/centcols.org\/backup\/en\/author\/6183\/"},"comments_num":"0 comments","featured_image_urls_v2":{"full":"","thumbnail":"","medium":"","medium_large":"","large":"","1536x1536":"","2048x2048":"","woocommerce_thumbnail":"","woocommerce_single":"","woocommerce_gallery_thumbnail":""},"post_excerpt_stackable_v2":"<p>Who are we ?HeadlinesPressThe Gazette We are a cycling club founded in 1972, made up of men and women of all ages, all nationalities, and all cycling disciplines.&nbsp; We seek out mountain passes (cols)to climb, but we are not a competitive club \u2013 our members cycle at their own pace, where and when they wish, on roads or mountain trails, alone or in groups.&nbsp; Some members may climb less than ten cols a year, others over a hundred.&nbsp; But we have all met the main Rule of the Club, which stipulates that, to become a member, you must have climbed&hellip;<\/p>\n","category_list_v2":"","author_info_v2":{"name":"Denis Chouquet-Stringer","url":"https:\/\/centcols.org\/backup\/en\/author\/6183\/"},"comments_num_v2":"0 comments","featured_image_src":null,"_links":{"self":[{"href":"https:\/\/centcols.org\/backup\/en\/wp-json\/wp\/v2\/pages\/70530"}],"collection":[{"href":"https:\/\/centcols.org\/backup\/en\/wp-json\/wp\/v2\/pages"}],"about":[{"href":"https:\/\/centcols.org\/backup\/en\/wp-json\/wp\/v2\/types\/page"}],"author":[{"embeddable":true,"href":"https:\/\/centcols.org\/backup\/en\/wp-json\/wp\/v2\/users\/397"}],"replies":[{"embeddable":true,"href":"https:\/\/centcols.org\/backup\/en\/wp-json\/wp\/v2\/comments?post=70530"}],"version-history":[{"count":0,"href":"https:\/\/centcols.org\/backup\/en\/wp-json\/wp\/v2\/pages\/70530\/revisions"}],"wp:attachment":[{"href":"https:\/\/centcols.org\/backup\/en\/wp-json\/wp\/v2\/media?parent=70530"}],"curies":[{"name":"wp","href":"https:\/\/api.w.org\/{rel}","templated":true}]}}