{"id":78746,"date":"2023-12-14T09:14:10","date_gmt":"2023-12-14T08:14:10","guid":{"rendered":"https:\/\/centcols.org\/backup\/le-club-des-cent-cols-decembre-2023\/"},"modified":"2024-03-22T15:08:53","modified_gmt":"2024-03-22T14:08:53","slug":"le-club-des-cent-cols-decembre-2023","status":"publish","type":"page","link":"https:\/\/centcols.org\/backup\/en\/","title":{"rendered":"The Club des Cent Cols"},"content":{"rendered":"\n<div class=\"wp-block-stackable-button-group aligncenter stk-block-button-group stk-block stk-109140c\" data-block-id=\"109140c\"><style>.stk-109140c{margin-bottom:2px !important}<\/style><div class=\"stk-row stk-inner-blocks has-text-align-right stk-block-content stk-button-group\">\n<div class=\"wp-block-stackable-button stk-block-button has-text-align-center stk-block stk-8b007b7\" data-block-id=\"8b007b7\"><style>.stk-8b007b7{border-top-left-radius:25px !important;border-top-right-radius:25px !important;border-bottom-right-radius:25px !important;border-bottom-left-radius:25px !important;overflow:hidden !important;box-shadow:none !important;align-items:flex-end !important;padding-top:0px !important;padding-right:0px !important;padding-bottom:0px !important;padding-left:0px !important;margin-top:-180px !important;display:flex !important}.stk-8b007b7 .stk-button{background:#3dab38 !important}<\/style><a class=\"stk-link stk-button stk--hover-effect-darken\" href=\"https:\/\/centcols.org\/backup\/membres\/login.php\" target=\"_blank\" rel=\"noreferrer noopener\"><span class=\"stk-button__inner-text\">Member section<\/span><\/a><\/div>\n<\/div><\/div>\n\n\n\n<div class=\"wp-block-columns is-layout-flex wp-container-core-columns-is-layout-1 wp-block-columns-is-layout-flex\">\n<div class=\"wp-block-column is-layout-flow wp-block-column-is-layout-flow\" style=\"flex-basis:15%\">\n<h2 class=\"wp-block-heading has-text-align-left\">Founded in 1972<\/h2>\n<\/div>\n\n\n\n<div class=\"wp-block-column is-layout-flow wp-block-column-is-layout-flow\" style=\"flex-basis:70%\">\n<p style=\"text-align: justify;\"><span style=\"font-size: 14px; font-family: arial, helvetica, sans-serif;\">We are a cycling club founded in 1972, made up of men and women of all ages, all nationalities, and all cycling disciplines.&nbsp; We seek out mountain passes (cols)to climb, but we are not a competitive club \u2013 our members cycle at their own pace, where and when they wish, on roads or mountain trails, alone or in groups.&nbsp; Some members may climb less than ten cols a year, others over a hundred.&nbsp; But we have all met the main <a href=\"https:\/\/centcols.org\/backup\/en\/regle-du-jeu\/\">Rule of the Club<\/a>, which stipulates that, to become a member, you must have climbed (by bike, using only your own muscle-power) at least one hundred different cols, with five out of each hundred being over 2000m high.<\/span><br><span style=\"font-family: arial, helvetica, sans-serif; font-size: 12pt;\"><a class=\"btn-arrow\" href=\"https:\/\/centcols.org\/backup\/en\/annexe\/\" target=\"_blank\" rel=\"noopener\">Further information<\/a><\/span><\/p>\n<\/div>\n\n\n\n<div class=\"wp-block-column is-layout-flow wp-block-column-is-layout-flow\" style=\"flex-basis:15%\">\n<div class=\"wp-block-column is-layout-flow wp-block-column-is-layout-flow\">\n<div class=\"wp-block-columns is-layout-flex wp-container-56 wp-block-columns-is-layout-flex\">\n<div class=\"wp-block-column is-vertically-aligned-top is-layout-flow wp-block-column-is-layout-flow\">\n<p class=\"has-text-align-center has-medium-font-size\" style=\"text-align: center;\"><span style=\"font-family: arial, helvetica, sans-serif; font-size: 12pt;\"><a href=\"https:\/\/centcols.org\/backup\/en\/regle-du-jeu\/\" target=\"_blank\" rel=\"noopener\"><strong>Rules of the game<\/strong><\/a><\/span><\/p>\n<p style=\"text-align: center;\"><strong><a href=\"https:\/\/centcols.org\/backup\/en\/historique-cent-cols-2\/\" target=\"_blank\" rel=\"noopener\">50 years of history<\/a><\/strong><\/p>\n<p class=\"has-text-align-center has-medium-font-size\"><span style=\"font-family: arial, helvetica, sans-serif; font-size: 12pt;\"><a href=\"https:\/\/centcols.org\/backup\/en\/diaporama-2\/\"><strong>Presentation slide-show (in French)<\/strong><\/a><\/span><\/p>\n<\/div>\n<\/div>\n<\/div>\n<\/div>\n<\/div>\n\n\n\n<div class=\"wp-block-columns is-layout-flex wp-container-core-columns-is-layout-2 wp-block-columns-is-layout-flex\">\n<div class=\"wp-block-column is-layout-flow wp-block-column-is-layout-flow\" style=\"flex-basis:50%\">\n<figure class=\"wp-block-gallery has-nested-images columns-2 is-cropped wp-block-gallery-1 is-layout-flex wp-block-gallery-is-layout-flex\">\n<figure class=\"wp-block-image size-full\"><a href=\"https:\/\/centcols.org\/backup\/en\/formulaire-inscription\/\" target=\"_blank\" rel=\"noreferrer noopener\"><img loading=\"lazy\" decoding=\"async\" width=\"600\" height=\"800\" src=\"https:\/\/centcols.org\/backup\/wp-content\/uploads\/2023\/12\/accueil-rejoin-us.jpg\" alt=\"\" class=\"wp-image-78879\" srcset=\"https:\/\/centcols.org\/backup\/wp-content\/uploads\/2023\/12\/accueil-rejoin-us.jpg 600w, https:\/\/centcols.org\/backup\/wp-content\/uploads\/2023\/12\/accueil-rejoin-us-375x500.jpg 375w\" sizes=\"(max-width: 600px) 100vw, 600px\" \/><\/a><\/figure>\n\n\n\n<figure class=\"wp-block-image size-full\"><a href=\"https:\/\/centcols.org\/backup\/en\/randonner\/\" target=\"_blank\" rel=\"noreferrer noopener\"><img loading=\"lazy\" decoding=\"async\" width=\"600\" height=\"800\" src=\"https:\/\/centcols.org\/backup\/wp-content\/uploads\/2023\/12\/acceuil-ride-with-us.jpg\" alt=\"\" class=\"wp-image-78861\" srcset=\"https:\/\/centcols.org\/backup\/wp-content\/uploads\/2023\/12\/acceuil-ride-with-us.jpg 600w, https:\/\/centcols.org\/backup\/wp-content\/uploads\/2023\/12\/acceuil-ride-with-us-375x500.jpg 375w\" sizes=\"(max-width: 600px) 100vw, 600px\" \/><\/a><\/figure>\n<\/figure>\n\n\n<div class=\"wp-block-image\">\n<figure class=\"aligncenter size-full is-resized\"><a href=\"https:\/\/centcols.org\/backup\/en\/la-gazette\/\" target=\"_blank\" rel=\"noreferrer noopener\"><img loading=\"lazy\" decoding=\"async\" width=\"600\" height=\"800\" src=\"https:\/\/centcols.org\/backup\/wp-content\/uploads\/2023\/12\/The-Gazette.jpg\" alt=\"\" class=\"wp-image-78891\" style=\"object-fit:contain;width:288px;height:411px\" srcset=\"https:\/\/centcols.org\/backup\/wp-content\/uploads\/2023\/12\/The-Gazette.jpg 600w, https:\/\/centcols.org\/backup\/wp-content\/uploads\/2023\/12\/The-Gazette-375x500.jpg 375w\" sizes=\"(max-width: 600px) 100vw, 600px\" \/><\/a><\/figure><\/div><\/div>\n\n\n\n<div class=\"wp-block-column is-layout-flow wp-block-column-is-layout-flow\" style=\"flex-basis:50%\">\n<h1 class=\"wp-block-heading has-text-align-left\">Headlines<\/h1>\n\n\n\n<h2 class=\"wp-block-heading\">DEATH OF JEAN PERDOUX<\/h2>\n\n\n\n<p>Jean Perdoux, founding president of the Club des Cent Cols, died on 13 March at the age of 87. A long page in the history of the Club des Cent Cols has been turned. We have lost our guide, not his ideas.<\/p>\n\n\n\n<h2 class=\"wp-block-heading\">Regional Assemblies 2024<\/h2>\n\n\n\n<p>You can read about it <a href=\"https:\/\/centcols.org\/backup\/en\/rassemblements-regionaux-2024\/\" title=\"\">here<\/a><\/p>\n\n\n\n<h2 class=\"wp-block-heading\">General Assembly 2024<\/h2>\n\n\n\n<p class=\"has-background\" style=\"background-color:#e4e4e4\">The date of the Annual General Assembly has been changed: it will be held on 28 September 2024 rather than 5 October as originally planned.<\/p>\n\n\n\n<h2 class=\"wp-block-heading\">New regional animators<\/h2>\n\n\n<div class=\"wp-block-ub-expand ub-expand \" id=\"ub-expand-be5bf3c0-79f1-4165-bcb0-eafb8f7b09cb\">\n<div class=\"ub-expand-portion ub-expand-partial\" id=\"ub-expand-portion-1eed83cb-9ab8-46d9-8551-d0f9c604dff7\">\n\n<p class=\"has-background\" style=\"background-color:#e4e4e4\">Alain BENOIST (CCC5663&nbsp;and DT zone 04SW) and Alain THIBON&nbsp; (CCC 3723) will replace Jean-Marie GILLOUIN&nbsp; in organising the regional meeting DAV Dr\u00f4me-Ard\u00e8che-Vaucluse. Many thanks to Jean-Marie for all he has done for the Club.<\/p>\n\n<a class=\"ub-expand-toggle-button\" role=\"button\" aria-expanded=\"false\" aria-controls=\"ub-expand-full-b5187007-9e8b-4455-906d-e84143cf2d48\" tabindex=\"0\">Read more<\/a><\/div>\n\n<div class=\"ub-expand-portion ub-expand-full ub-hide\" id=\"ub-expand-portion-0842f4af-1531-48ff-a2e4-713f4563392f\">\n\n<p class=\"has-background\" style=\"background-color:#e4e4e4\">Pierre BRIVET (CCC601) replaces Philippe CHAZOTTIER for the organisation of the regional get-together Massif Central-East. Many thanks to Philippe for all his work for the Club.<br>The regional meeting Alpes du Nord of 2024 will take place in the Ain. Alain GUILLAUD-BACHET (CCC6270) joins Guy HARLE\u2019 (CCC5193) and Bernard VIEILLARD (CCC1335). Many thanks to Raymond Barbier for all he has done for the Club. Barbier pour tout ce qu\u2019il a f ait pour le Club.<\/p>\n\n<a class=\"ub-expand-toggle-button\" role=\"button\" aria-expanded=\"false\" aria-controls=\"ub-expand-full-b5187007-9e8b-4455-906d-e84143cf2d48\" tabindex=\"0\">Retourn<\/a><\/div>\n<\/div>\n\n\n<h2 class=\"wp-block-heading\">New tutorial for declaring passes<\/h2>\n\n\n<div class=\"wp-block-ub-expand ub-expand \" id=\"ub-expand-d38de2f9-cb22-4026-8f7a-72239aeac71c\">\n<div class=\"ub-expand-portion ub-expand-partial\" id=\"ub-expand-portion-f4b5240e-9a6f-4b49-ae16-617d5d7858af\">\n\n<p class=\"has-background\" style=\"background-color:#e4e4e4\">A new tutorial for the official declaration of cols <a title=\"\" href=\"https:\/\/centcols.org\/backup\/en\/tuto-declaration-cols\/\" target=\"_blank\" rel=\"noopener\">https:\/\/centcols.org\/backup\/en\/tuto-declaration-cols\/<\/a>&nbsp;is available on our website, and can be found under the following headings<\/p>\n\n<a class=\"ub-expand-toggle-button\" role=\"button\" aria-expanded=\"false\" aria-controls=\"ub-expand-full-719ef31b-beeb-4b34-a96f-8e5b82f692ec\" tabindex=\"0\">Read more<\/a><\/div>\n\n<div class=\"ub-expand-portion ub-expand-full ub-hide\" id=\"ub-expand-portion-d4e6f3e3-d7e5-445c-bf63-d2f41f15159a\">\n\n<p class=\"has-background\" style=\"background-color:#e4e4e4\">&nbsp; \u2013 In the header of the <a href=\"https:\/\/centcols.org\/backup\/membres\/cols\/declcols.php\" target=\"_blank\" rel=\"noreferrer noopener\">OFFICIAL DECLARATION<\/a><br>&nbsp; \u2013 In the first paragraph of the <a title=\"\" href=\"https:\/\/centcols.org\/backup\/declaration-en-ligne\/\">DETAILED INSTRUCTIONS<\/a> for the official declaration<br>&nbsp; \u2013 In the&nbsp;<a href=\"https:\/\/centcols.org\/backup\/en\/boite-a-outils\/\" target=\"_blank\" rel=\"noreferrer noopener\">TOOLBOX<\/a>.<\/p>\n\n<a class=\"ub-expand-toggle-button\" role=\"button\" aria-expanded=\"false\" aria-controls=\"ub-expand-full-719ef31b-beeb-4b34-a96f-8e5b82f692ec\" tabindex=\"0\">Retourn<\/a><\/div>\n<\/div><\/div>\n<\/div>\n\n\n\n<div class=\"wp-block-columns is-layout-flex wp-container-core-columns-is-layout-3 wp-block-columns-is-layout-flex\">\n<div class=\"wp-block-column is-layout-flow wp-block-column-is-layout-flow\">\n<h2 class=\"wp-block-heading\">Provisionnal club calendar 2024<\/h2>\n\n\n\n<blockquote class=\"wp-block-quote is-layout-flow wp-block-quote-is-layout-flow\">\n<p>Only the major events are listed on this page. For access to the year&#8217;s calendar, including regional events (which will be entered as they are scheduled), <a href=\"https:\/\/centcols.org\/backup\/en\/calendrier-general\/?annee=2024\" title=\"\">click here<\/a>.<\/p>\n<\/blockquote>\n\n\n\n<p><strong>Spring break<\/strong>, MTB, road, gravel, <strong>Porticcio<\/strong>, <strong>Corsica<\/strong>, 20 to 27 April 2024<br data-rich-text-line-break=\"true\"><strong>Summer break<\/strong>, MTB, road, gravel, <strong>Vog\u00fc\u00e9, Ard\u00e8che &#8211; France<\/strong>, 29 June to 6 July 2024<br data-rich-text-line-break=\"true\"><strong>General Assembly of the club<\/strong>, <strong>Bugeat, France &#8211; Corr\u00e8ze<\/strong>, 27 to 29 September 2024<\/p>\n\n\n\n<h2 class=\"wp-block-heading\">Semaine F\u00e9d\u00e9rale FFCT<\/h2>\n\n\n\n<p><span style=\"font-family: arial, helvetica, sans-serif;\"><a href=\"https:\/\/www.cycloroanne2024.fr\/\" target=\"_blank\" rel=\"noopener\">Du 20 au 28 juillet 2024 \u00e0 Roanne<\/a><\/span><\/p>\n<\/div>\n\n\n\n<div class=\"wp-block-column is-layout-flow wp-block-column-is-layout-flow\">\n<h2 class=\"wp-block-heading\">The cyclomontagnardes 2024<\/h2>\n\n\n\n<p><span style=\"font-family: arial, helvetica, sans-serif;\">\n\n<\/span><\/p>\n<p class=\"has-medium-font-size\"><span class=\"tadv-color\">\n\n<\/span><\/p>\n<p class=\"has-kb-palette-2-color has-text-color has-medium-font-size\"><span style=\"color: #000000;\">Cyclomontagnarde du Jura<\/span><br \/><span style=\"color: #000000;\">15 &#8211; 16 June 2024<\/span><\/p>\n<p class=\"has-medium-font-size\"><span class=\"tadv-color\">\n\n \n\n<\/span><\/p>\n<p class=\"has-kb-palette-2-color has-text-color has-medium-font-size\"><span style=\"color: #000000;\">Cyclomontagnarde Luchon &#8211; Bayonne- 15 &#8211; 16 June 2024<\/span><\/p>\n<p>\n\n<\/p>\n<p class=\"has-medium-font-size\"><span class=\"tadv-color\">Cyclomontagnarde Vosges &#8211; Alsace<br \/>22 &#8211; 23 June 2024<\/span><\/p>\n<p>\n\n \n\n<\/p>\n<p class=\"has-kb-palette-2-color has-text-color has-medium-font-size\"><span style=\"color: #000000;\">Cyclomontagnarde de Annecy<\/span><br \/><span style=\"color: #000000;\">29 &#8211; 30 June 2024<\/span><\/p>\n<p>\n\n<\/p>\n<p class=\"has-medium-font-size\"><span class=\"tadv-color\">\n\n \n\n<\/span><\/p>\n<p class=\"has-medium-font-size\"><span class=\"tadv-color\">\n\n<\/span><\/p>\n<p>\u00a0<\/p>\n\n<\/div>\n<\/div>\n\n\n\n<div class=\"wp-block-stackable-spacer stk-block-spacer stk--no-padding stk-block stk-cb03399\" data-block-id=\"cb03399\"><\/div>\n\n\n\n<h2 class=\"wp-block-heading has-text-align-center\">Partnership<\/h2>\n\n\n\n<div class=\"wp-block-stackable-columns alignwide stk-block-columns stk-block stk-1cc382a\" data-block-id=\"1cc382a\"><div class=\"stk-row stk-inner-blocks has-text-align-center stk-block-content stk-content-align stk-1cc382a-column alignwide\">\n<div class=\"wp-block-stackable-column stk-block-column stk-column stk-block stk-05d5330\" data-v=\"4\" data-block-id=\"05d5330\"><style>@media screen and (min-width:768px){.stk-05d5330{flex:1 1 calc(25% - var(--stk-column-gap,0px) * 3 \/ 4 ) !important}}<\/style><div class=\"stk-column-wrapper stk-block-column__content stk-container stk-05d5330-container stk--no-background stk--no-padding\"><div class=\"has-text-align-center stk-block-content stk-inner-blocks stk-05d5330-inner-blocks\"><div class=\"wp-block-image\">\n<figure class=\"aligncenter size-large is-resized\"><img decoding=\"async\" src=\"\/wp-content\/uploads\/2023\/12\/FFCT-4.png\" alt=\"\" style=\"object-fit:contain;width:140px;height:140px\"\/><figcaption class=\"wp-element-caption\"><a href=\"https:\/\/centcols.org\/backup\/en\/le-partenariat-club-des-cent-cols-federation-francaise-de-cyclotourisme\/\" target=\"_blank\" rel=\"noopener\" title=\"\">F\u00e9d\u00e9ration Fran\u00e7aise de Cyclotourisme<\/a><\/figcaption><\/figure><\/div><\/div><\/div><\/div>\n\n\n\n<div class=\"wp-block-stackable-column stk-block-column stk-column stk-block stk-34ec6d7\" data-v=\"4\" data-block-id=\"34ec6d7\"><style>@media screen and (min-width:768px){.stk-34ec6d7{flex:1 1 calc(25% - var(--stk-column-gap,0px) * 3 \/ 4 ) !important}}<\/style><div class=\"stk-column-wrapper stk-block-column__content stk-container stk-34ec6d7-container stk--no-background stk--no-padding\"><div class=\"stk-block-content stk-inner-blocks stk-34ec6d7-inner-blocks\"><div class=\"wp-block-image\">\n<figure class=\"aligncenter size-full is-resized\"><img loading=\"lazy\" decoding=\"async\" width=\"288\" height=\"288\" src=\"https:\/\/centcols.org\/backup\/wp-content\/uploads\/2023\/12\/FECT-4.jpg\" alt=\"\" class=\"wp-image-78398\" style=\"object-fit:contain;width:140px;height:140px\" srcset=\"https:\/\/centcols.org\/backup\/wp-content\/uploads\/2023\/12\/FECT-4.jpg 288w, https:\/\/centcols.org\/backup\/wp-content\/uploads\/2023\/12\/FECT-4-100x100.jpg 100w\" sizes=\"(max-width: 288px) 100vw, 288px\" \/><figcaption class=\"wp-element-caption\"><a href=\"https:\/\/centcols.org\/backup\/en\/le-partenariat-entre-la-federation-espagnole-de-cyclotourisme-et-le-club-des-cent-cols\/\" target=\"_blank\" rel=\"noopener\" title=\"\">F\u00e9d\u00e9ration Espagnole de Cyclotourisme<\/a><\/figcaption><\/figure><\/div><\/div><\/div><\/div>\n\n\n\n<div class=\"wp-block-stackable-column stk-block-column stk-column stk-block stk-dafe4e3\" data-v=\"4\" data-block-id=\"dafe4e3\"><style>@media screen and (min-width:768px){.stk-dafe4e3{flex:1 1 calc(25% - var(--stk-column-gap,0px) * 3 \/ 4 ) !important}}<\/style><div class=\"stk-column-wrapper stk-block-column__content stk-container stk-dafe4e3-container stk--no-background stk--no-padding\"><div class=\"stk-block-content stk-inner-blocks stk-dafe4e3-inner-blocks\"><div class=\"wp-block-image\">\n<figure class=\"aligncenter size-full is-resized\"><img loading=\"lazy\" decoding=\"async\" width=\"183\" height=\"180\" src=\"https:\/\/centcols.org\/backup\/wp-content\/uploads\/2023\/12\/image-1.jpeg\" alt=\"This image has an empty alt attribute; its file name is OR-4.jpg\" class=\"wp-image-78769\" style=\"object-fit:contain;width:140px;height:140px\"\/><figcaption class=\"wp-element-caption\"><a href=\"https:\/\/centcols.org\/backup\/en\/openrunner-et-le-club-des-cent-cols\/\" target=\"_blank\" rel=\"noopener\" title=\"\">Openrunner<\/a><\/figcaption><\/figure><\/div><\/div><\/div><\/div>\n\n\n\n<div class=\"wp-block-stackable-column stk-block-column stk-column stk-block stk-0c82fce\" data-v=\"4\" data-block-id=\"0c82fce\"><style>@media screen and (min-width:768px){.stk-0c82fce{flex:1 1 calc(25% - var(--stk-column-gap,0px) * 3 \/ 4 ) !important}}<\/style><div class=\"stk-column-wrapper stk-block-column__content stk-container stk-0c82fce-container stk--no-background stk--no-padding\"><div class=\"stk-block-content stk-inner-blocks stk-0c82fce-inner-blocks\">\n<figure class=\"wp-block-image size-full is-resized\"><img loading=\"lazy\" decoding=\"async\" width=\"522\" height=\"221\" src=\"https:\/\/centcols.org\/backup\/wp-content\/uploads\/2023\/12\/UECT-3.jpg\" alt=\"\" class=\"wp-image-78434\" style=\"aspect-ratio:1;object-fit:contain;width:auto;height:140px\" srcset=\"https:\/\/centcols.org\/backup\/wp-content\/uploads\/2023\/12\/UECT-3.jpg 522w, https:\/\/centcols.org\/backup\/wp-content\/uploads\/2023\/12\/UECT-3-500x212.jpg 500w\" sizes=\"(max-width: 522px) 100vw, 522px\" \/><figcaption class=\"wp-element-caption\"><a href=\"https:\/\/centcols.org\/backup\/en\/lunion-europeenne-de-cyclotourisme-uect\/\" target=\"_blank\" rel=\"noopener\" title=\"\">Union Europ\u00e9enne de Cyclotourisme<\/a><\/figcaption><\/figure>\n<\/div><\/div><\/div>\n<\/div><\/div>\n\n\n\n<div class=\"wp-block-stackable-spacer stk-block-spacer stk--no-padding stk-block stk-55bedfe\" data-block-id=\"55bedfe\"><\/div>\n\n\n\n<h2 class=\"wp-block-heading has-text-align-center\">Press packs<\/h2>\n\n\n\n<div class=\"wp-block-stackable-columns alignwide stk-block-columns stk-block stk-dd88c00\" data-block-id=\"dd88c00\"><div class=\"stk-row stk-inner-blocks has-text-align-center stk-block-content stk-content-align stk-dd88c00-column alignwide\">\n<div class=\"wp-block-stackable-column stk-block-column stk-column stk-block stk-3b96d22\" data-v=\"4\" data-block-id=\"3b96d22\"><div class=\"stk-column-wrapper stk-block-column__content stk-container stk-3b96d22-container stk--no-background stk--no-padding\"><div class=\"stk-block-content stk-inner-blocks stk-3b96d22-inner-blocks\">\n<figure class=\"wp-block-image size-large\"><img decoding=\"async\" src=\"\/wp-content\/uploads\/2023\/12\/drapeaufr.png\" alt=\"\"\/><figcaption class=\"wp-element-caption\"><a href=\"https:\/\/centcols.org\/backup\/en\/historique-cent-cols-2\/\" target=\"_blank\" rel=\"noopener\" title=\"\">Dossier de presse<\/a><\/figcaption><\/figure>\n<\/div><\/div><\/div>\n\n\n\n<div class=\"wp-block-stackable-column stk-block-column stk-column stk-block stk-1b28639\" data-v=\"4\" data-block-id=\"1b28639\"><div class=\"stk-column-wrapper stk-block-column__content stk-container stk-1b28639-container stk--no-background stk--no-padding\"><div class=\"stk-block-content stk-inner-blocks stk-1b28639-inner-blocks\">\n<figure class=\"wp-block-image size-full\"><img loading=\"lazy\" decoding=\"async\" width=\"216\" height=\"125\" src=\"https:\/\/centcols.org\/backup\/wp-content\/uploads\/2023\/12\/drapeaugb.png\" alt=\"\" class=\"wp-image-78380\"\/><figcaption class=\"wp-element-caption\"><a href=\"\/en\/press-pack\/\" target=\"_blank\" rel=\"noopener\" title=\"\">Press pack<\/a><\/figcaption><\/figure>\n<\/div><\/div><\/div>\n\n\n\n<div class=\"wp-block-stackable-column stk-block-column stk-column stk-block stk-89a7d74\" data-v=\"4\" data-block-id=\"89a7d74\"><div class=\"stk-column-wrapper stk-block-column__content stk-container stk-89a7d74-container stk--no-background stk--no-padding\"><div class=\"stk-block-content stk-inner-blocks stk-89a7d74-inner-blocks\">\n<figure class=\"wp-block-image size-large\"><img decoding=\"async\" src=\"\/wp-content\/uploads\/2023\/12\/drapeauit.png\" alt=\"\"\/><figcaption class=\"wp-element-caption\"><a href=\"\/it\/dossier-di-stampa\/\" target=\"_blank\" rel=\"noopener\" title=\"\">Dossier di Stampa<\/a><\/figcaption><\/figure>\n<\/div><\/div><\/div>\n\n\n\n<div class=\"wp-block-stackable-column stk-block-column stk-column stk-block stk-d9c9128\" data-v=\"4\" data-block-id=\"d9c9128\"><div class=\"stk-column-wrapper stk-block-column__content stk-container stk-d9c9128-container stk--no-background stk--no-padding\"><div class=\"stk-block-content stk-inner-blocks stk-d9c9128-inner-blocks\">\n<figure class=\"wp-block-image size-large\"><img decoding=\"async\" src=\"\/wp-content\/uploads\/2023\/12\/drapeaude.png\" alt=\"\"\/><figcaption class=\"wp-element-caption\"><a href=\"https:\/\/centcols.org\/backup\/en\/historique-cent-cols-2\/\" target=\"_blank\" rel=\"noopener\" title=\"\">Pressemappe<\/a><\/figcaption><\/figure>\n<\/div><\/div><\/div>\n\n\n\n<div class=\"wp-block-stackable-column stk-block-column stk-column stk-block stk-68c52ac\" data-v=\"4\" data-block-id=\"68c52ac\"><div class=\"stk-column-wrapper stk-block-column__content stk-container stk-68c52ac-container stk--no-background stk--no-padding\"><div class=\"stk-block-content stk-inner-blocks stk-68c52ac-inner-blocks\">\n<figure class=\"wp-block-image size-large\"><img decoding=\"async\" src=\"\/wp-content\/uploads\/2023\/12\/drapeaues.png\" alt=\"\"\/><figcaption class=\"wp-element-caption\"><a href=\"https:\/\/centcols.org\/backup\/en\/historique-cent-cols-2\/\" target=\"_blank\" rel=\"noopener\" title=\"\">Archivo prensa<\/a><\/figcaption><\/figure>\n<\/div><\/div><\/div>\n\n\n\n<div class=\"wp-block-stackable-column stk-block-column stk-column stk-block stk-c1bb339\" data-v=\"4\" data-block-id=\"c1bb339\"><div class=\"stk-column-wrapper stk-block-column__content stk-container stk-c1bb339-container stk--no-background stk--no-padding\"><div class=\"stk-block-content stk-inner-blocks stk-c1bb339-inner-blocks\">\n<figure class=\"wp-block-image size-large\"><img decoding=\"async\" src=\"\/wp-content\/uploads\/2023\/12\/drapeaunl.png\" alt=\"\"\/><figcaption class=\"wp-element-caption\"><a href=\"https:\/\/centcols.org\/backup\/en\/historique-cent-cols-2\/\" target=\"_blank\" rel=\"noopener\" title=\"\">Persmap<\/a><\/figcaption><\/figure>\n<\/div><\/div><\/div>\n<\/div><\/div>\n<\/div>\n","protected":false},"excerpt":{"rendered":"<p>Member section Founded in 1972 We are a cycling club founded in 1972, made up of men and women of all ages, all nationalities, and all cycling disciplines.&nbsp; We seek out mountain passes (cols)to climb, but we are not a competitive club \u2013 our members cycle at their own pace, where and when they wish, [&hellip;]<\/p>\n","protected":false},"author":69,"featured_media":0,"parent":0,"menu_order":0,"comment_status":"closed","ping_status":"closed","template":"","meta":{"_acf_changed":false,"ub_ctt_via":"","_monsterinsights_skip_tracking":false,"_monsterinsights_sitenote_active":false,"_monsterinsights_sitenote_note":"","_monsterinsights_sitenote_category":0,"footnotes":""},"acf":[],"featured_image_urls":{"full":"","thumbnail":"","medium":"","medium_large":"","large":"","1536x1536":"","2048x2048":"","woocommerce_thumbnail":"","woocommerce_single":"","woocommerce_gallery_thumbnail":""},"post_excerpt_stackable":"<p>Member section Founded in 1972 We are a cycling club founded in 1972, made up of men and women of all ages, all nationalities, and all cycling disciplines.&nbsp; We seek out mountain passes (cols)to climb, but we are not a competitive club \u2013 our members cycle at their own pace, where and when they wish, on roads or mountain trails, alone or in groups.&nbsp; Some members may climb less than ten cols a year, others over a hundred.&nbsp; But we have all met the main Rule of the Club, which stipulates that, to become a member, you must have climbed&hellip;<\/p>\n","category_list":"","author_info":{"name":"Enrico Alberini","url":"https:\/\/centcols.org\/backup\/en\/author\/5065\/"},"comments_num":"0 comments","featured_image_urls_v2":{"full":"","thumbnail":"","medium":"","medium_large":"","large":"","1536x1536":"","2048x2048":"","woocommerce_thumbnail":"","woocommerce_single":"","woocommerce_gallery_thumbnail":""},"post_excerpt_stackable_v2":"<p>Member section Founded in 1972 We are a cycling club founded in 1972, made up of men and women of all ages, all nationalities, and all cycling disciplines.&nbsp; We seek out mountain passes (cols)to climb, but we are not a competitive club \u2013 our members cycle at their own pace, where and when they wish, on roads or mountain trails, alone or in groups.&nbsp; Some members may climb less than ten cols a year, others over a hundred.&nbsp; But we have all met the main Rule of the Club, which stipulates that, to become a member, you must have climbed&hellip;<\/p>\n","category_list_v2":"","author_info_v2":{"name":"Enrico Alberini","url":"https:\/\/centcols.org\/backup\/en\/author\/5065\/"},"comments_num_v2":"0 comments","featured_image_src":null,"_links":{"self":[{"href":"https:\/\/centcols.org\/backup\/en\/wp-json\/wp\/v2\/pages\/78746"}],"collection":[{"href":"https:\/\/centcols.org\/backup\/en\/wp-json\/wp\/v2\/pages"}],"about":[{"href":"https:\/\/centcols.org\/backup\/en\/wp-json\/wp\/v2\/types\/page"}],"author":[{"embeddable":true,"href":"https:\/\/centcols.org\/backup\/en\/wp-json\/wp\/v2\/users\/69"}],"replies":[{"embeddable":true,"href":"https:\/\/centcols.org\/backup\/en\/wp-json\/wp\/v2\/comments?post=78746"}],"version-history":[{"count":0,"href":"https:\/\/centcols.org\/backup\/en\/wp-json\/wp\/v2\/pages\/78746\/revisions"}],"wp:attachment":[{"href":"https:\/\/centcols.org\/backup\/en\/wp-json\/wp\/v2\/media?parent=78746"}],"curies":[{"name":"wp","href":"https:\/\/api.w.org\/{rel}","templated":true}]}}