{"id":43363,"date":"2020-05-16T17:18:59","date_gmt":"2020-05-16T15:18:59","guid":{"rendered":"https:\/\/centcols.org\/backup\/?page_id=43363"},"modified":"2020-05-17T16:54:09","modified_gmt":"2020-05-17T14:54:09","slug":"soggiorno-autunnale-autun","status":"publish","type":"page","link":"https:\/\/centcols.org\/backup\/it\/soggiorno-autunnale-autun\/","title":{"rendered":"Soggiorno autunnale a Autun (Sa\u00f4ne e Loira),  con AG Da venerdi 13 a domenica 15 novembre 2020"},"content":{"rendered":"\n<p>Hanno contribuito a questa pagina di presentazione del soggiorno&nbsp;i responsabili informatici, internazionale e soggiorni, e naturalmente  i &#8220;locali&#8221; Nicole e Jean-Claude Durand.<\/p>\n\n\n\n<figure class=\"wp-block-image size-large\"><img loading=\"lazy\" decoding=\"async\" width=\"1200\" height=\"900\" src=\"https:\/\/centcols.org\/backup\/wp-content\/uploads\/2020\/05\/village-de-Dun-1200x900.jpg\" alt=\"village de Dun (\u00a9 JC Durand)\" class=\"wp-image-43023\" srcset=\"https:\/\/centcols.org\/backup\/wp-content\/uploads\/2020\/05\/village-de-Dun-1200x900.jpg 1200w, https:\/\/centcols.org\/backup\/wp-content\/uploads\/2020\/05\/village-de-Dun-500x375.jpg 500w, https:\/\/centcols.org\/backup\/wp-content\/uploads\/2020\/05\/village-de-Dun-768x576.jpg 768w, https:\/\/centcols.org\/backup\/wp-content\/uploads\/2020\/05\/village-de-Dun-1536x1152.jpg 1536w, https:\/\/centcols.org\/backup\/wp-content\/uploads\/2020\/05\/village-de-Dun-600x450.jpg 600w, https:\/\/centcols.org\/backup\/wp-content\/uploads\/2020\/05\/village-de-Dun.jpg 1365w\" sizes=\"(max-width: 1200px) 100vw, 1200px\" \/><figcaption>village de Dun (\u00a9 JC Durand)<\/figcaption><\/figure>\n\n\n\n<p>E&#8217; nella Sa\u00f4ne e Loira che organizziamo la nostra Assemblea Generale quest&#8217;anno e il nostro soggiorno d&#8217;autunno che vi \u00e8 associato.<\/p>\n\n\n\n<div id=\"lmm_f61a40dc\" style=\"width:100%;\" class=\"mapsmarker markermap marker-30\">\n<div id=\"lmm_panel_f61a40dc\" class=\"lmm-panel\" style=\"background:#efefef;\">\n<div id=\"lmm_panel_api_f61a40dc\" class=\"lmm-panel-api\"><a href=\"https:\/\/maps.google.com\/maps?daddr=Espace+Saint+EX&amp;t=m&amp;layer=1&amp;doflg=ptk&amp;om=0\" target=\"_blank\" title=\"Trova indicazioni stradali\"><img loading=\"lazy\" decoding=\"async\" alt=\"icon-car.png\" src=\"https:\/\/centcols.org\/backup\/wp-content\/plugins\/leaflet-maps-marker\/inc\/img\/icon-car.png\" width=\"14\" height=\"14\" class=\"lmm-panel-api-images\" \/><\/a><\/div><div id=\"lmm_panel_text_f61a40dc\" class=\"lmm-panel-text\" style=\"font-weight:bold;color:#373737;\">Autun<\/div><\/div>\n<div id=\"lmm_map_f61a40dc\" class=\"lmm-map\" style=\"background:#f6f6f6;border:1px solid #ccc;height:480px; overflow:hidden;padding:0;\"><p style=\"font-size:80%;color:#9f9e9e;margin-left:5px;\">Caricamento delle mappe in corso - restare in attesa...<noscript><br\/><strong>Non \u00e8 stato possibile caricare le mappe - abilitare JavaScript!<\/strong><br\/><a style=\"text-decoration:none;\" href=\"https:\/\/www.mapsmarker.com\/js-disabled\" target=\"_blank\">&rarr; maggiori informazioni<\/a><\/noscript><\/p><\/div>\n<div id=\"lmm_geo_tags_f61a40dc\" class=\"lmm-geo-tags geo\">\n<span class=\"paneltext\">Autun<\/span>\n<span class=\"latitude\">46.952280<\/span>, <span class=\"longitude\">4.289102<\/span>\n<span class=\"popuptext\"><\/span>\n<\/div>\n<\/div>\n\n\n\n<p>Troverete qui sotto le rubriche :<\/p>\n\n\n\n<ul><li>Presentazione della regione<\/li><li>I percorsi<\/li><li>L\u2019alloggio<\/li><li>Nota del Consiglio d\u2019Amministrazione<\/li><li>Iscrizione<\/li><li>Assemblea Generale del Club des Cent Cols<\/li><li>Altre attivit\u00e0 o visite&nbsp;&nbsp;<\/li><\/ul>\n","protected":false},"excerpt":{"rendered":"<p>Hanno contribuito a questa pagina di presentazione del soggiorno&nbsp;i responsabili informatici, internazionale e soggiorni, e naturalmente i &#8220;locali&#8221; Nicole e Jean-Claude Durand. E&#8217; nella Sa\u00f4ne e Loira che organizziamo la nostra Assemblea Generale quest&#8217;anno e il nostro soggiorno d&#8217;autunno che vi \u00e8 associato. Troverete qui sotto le rubriche : Presentazione della regione I percorsi L\u2019alloggio [&hellip;]<\/p>\n","protected":false},"author":69,"featured_media":0,"parent":0,"menu_order":0,"comment_status":"closed","ping_status":"closed","template":"","meta":{"_acf_changed":false,"ub_ctt_via":"","_monsterinsights_skip_tracking":false,"_monsterinsights_sitenote_active":false,"_monsterinsights_sitenote_note":"","_monsterinsights_sitenote_category":0,"footnotes":""},"acf":[],"featured_image_urls":{"full":"","thumbnail":"","medium":"","medium_large":"","large":"","1536x1536":"","2048x2048":"","woocommerce_thumbnail":"","woocommerce_single":"","woocommerce_gallery_thumbnail":""},"post_excerpt_stackable":"<p>Hanno contribuito a questa pagina di presentazione del soggiorno&nbsp;i responsabili informatici, internazionale e soggiorni, e naturalmente i &#8220;locali&#8221; Nicole e Jean-Claude Durand. village de Dun (\u00a9 JC Durand) E&#8217; nella Sa\u00f4ne e Loira che organizziamo la nostra Assemblea Generale quest&#8217;anno e il nostro soggiorno d&#8217;autunno che vi \u00e8 associato. Autun Caricamento delle mappe in corso &#8211; restare in attesa&#8230;Non \u00e8 stato possibile caricare le mappe &#8211; abilitare JavaScript!&rarr; maggiori informazioni Autun 46.952280, 4.289102 Troverete qui sotto le rubriche : Presentazione della regioneI percorsiL\u2019alloggioNota del Consiglio d\u2019AmministrazioneIscrizioneAssemblea Generale del Club des Cent ColsAltre attivit\u00e0 o visite&nbsp;&nbsp;<\/p>\n","category_list":"","author_info":{"name":"Enrico Alberini","url":"https:\/\/centcols.org\/backup\/it\/author\/5065\/"},"comments_num":"0 commenti","featured_image_urls_v2":{"full":"","thumbnail":"","medium":"","medium_large":"","large":"","1536x1536":"","2048x2048":"","woocommerce_thumbnail":"","woocommerce_single":"","woocommerce_gallery_thumbnail":""},"post_excerpt_stackable_v2":"<p>Hanno contribuito a questa pagina di presentazione del soggiorno&nbsp;i responsabili informatici, internazionale e soggiorni, e naturalmente i &#8220;locali&#8221; Nicole e Jean-Claude Durand. village de Dun (\u00a9 JC Durand) E&#8217; nella Sa\u00f4ne e Loira che organizziamo la nostra Assemblea Generale quest&#8217;anno e il nostro soggiorno d&#8217;autunno che vi \u00e8 associato. Autun Caricamento delle mappe in corso &#8211; restare in attesa&#8230;Non \u00e8 stato possibile caricare le mappe &#8211; abilitare JavaScript!&rarr; maggiori informazioni Autun 46.952280, 4.289102 Troverete qui sotto le rubriche : Presentazione della regioneI percorsiL\u2019alloggioNota del Consiglio d\u2019AmministrazioneIscrizioneAssemblea Generale del Club des Cent ColsAltre attivit\u00e0 o visite&nbsp;&nbsp;<\/p>\n","category_list_v2":"","author_info_v2":{"name":"Enrico Alberini","url":"https:\/\/centcols.org\/backup\/it\/author\/5065\/"},"comments_num_v2":"0 commenti","featured_image_src":null,"_links":{"self":[{"href":"https:\/\/centcols.org\/backup\/it\/wp-json\/wp\/v2\/pages\/43363"}],"collection":[{"href":"https:\/\/centcols.org\/backup\/it\/wp-json\/wp\/v2\/pages"}],"about":[{"href":"https:\/\/centcols.org\/backup\/it\/wp-json\/wp\/v2\/types\/page"}],"author":[{"embeddable":true,"href":"https:\/\/centcols.org\/backup\/it\/wp-json\/wp\/v2\/users\/69"}],"replies":[{"embeddable":true,"href":"https:\/\/centcols.org\/backup\/it\/wp-json\/wp\/v2\/comments?post=43363"}],"version-history":[{"count":0,"href":"https:\/\/centcols.org\/backup\/it\/wp-json\/wp\/v2\/pages\/43363\/revisions"}],"wp:attachment":[{"href":"https:\/\/centcols.org\/backup\/it\/wp-json\/wp\/v2\/media?parent=43363"}],"curies":[{"name":"wp","href":"https:\/\/api.w.org\/{rel}","templated":true}]}}