{"id":69709,"date":"2023-01-17T11:10:23","date_gmt":"2023-01-17T10:10:23","guid":{"rendered":"https:\/\/centcols.org\/backup\/?page_id=69709"},"modified":"2023-12-24T11:57:31","modified_gmt":"2023-12-24T10:57:31","slug":"club-des-cent-cols","status":"publish","type":"page","link":"https:\/\/centcols.org\/backup\/it\/club-des-cent-cols\/","title":{"rendered":"Il Club des Cent Cols V2"},"content":{"rendered":"\n<div class=\"wp-block-columns is-layout-flex wp-container-core-columns-is-layout-6 wp-block-columns-is-layout-flex\">\n<div class=\"wp-block-column is-layout-flow wp-block-column-is-layout-flow\" style=\"flex-basis:100%\">\n<div class=\"wp-block-kadence-tabs alignnone\"><div class=\"kt-tabs-wrap kt-tabs-id69709_5dab60-04 kt-tabs-has-4-tabs kt-active-tab-2 kt-tabs-layout-tabs kt-tabs-tablet-layout-inherit kt-tabs-mobile-layout-inherit kt-tab-alignment-left \"><ul class=\"kt-tabs-title-list\"><li id=\"tab-chisiamo\" class=\"kt-title-item kt-title-item-1 kt-tabs-svg-show-always kt-tabs-icon-side-right kt-tab-title-inactive\"><a href=\"#tab-chisiamo\" data-tab=\"1\" class=\"kt-tab-title kt-tab-title-1 \"><span class=\"kt-title-text\">Chi siamo ?<\/span><\/a><\/li><li id=\"tab-inprimopiano\" class=\"kt-title-item kt-title-item-2 kt-tabs-svg-show-always kt-tabs-icon-side-right kt-tab-title-active\"><a href=\"#tab-inprimopiano\" data-tab=\"2\" class=\"kt-tab-title kt-tab-title-2 \"><span class=\"kt-title-text\">In primo piano<\/span><\/a><\/li><li id=\"tab-stampa\" class=\"kt-title-item kt-title-item-3 kt-tabs-svg-show-always kt-tabs-icon-side-right kt-tab-title-inactive\"><a href=\"#tab-stampa\" data-tab=\"3\" class=\"kt-tab-title kt-tab-title-3 \"><span class=\"kt-title-text\">Stampa<\/span><\/a><\/li><li id=\"tab-lagazzetta\" class=\"kt-title-item kt-title-item-4 kt-tabs-svg-show-always kt-tabs-icon-side-right kt-tab-title-inactive\"><a href=\"#tab-lagazzetta\" data-tab=\"4\" class=\"kt-tab-title kt-tab-title-4 \"><span class=\"kt-title-text\">La Gazzetta<\/span><\/a><\/li><\/ul><div class=\"kt-tabs-content-wrap\">\n<div class=\"wp-block-kadence-tab kt-tab-inner-content kt-inner-tab-1 kt-inner-tab_30c2ba-53\"><div class=\"kt-tab-inner-content-inner\">\n<div class=\"wp-block-columns is-layout-flex wp-container-core-columns-is-layout-2 wp-block-columns-is-layout-flex\">\n<div class=\"wp-block-column is-layout-flow wp-block-column-is-layout-flow\" style=\"flex-basis:100%\">\n<p>Siamo un&#8217;associazione di cicloturisti <strong>fondata nel 1972<\/strong>, membri della <a href=\"http:\/\/www.ffct.org\/\">Federazione Francese di Cicloturismo<\/a> (FFCT), amanti del ciclismo in montagna e vogliamo dedicare le nostre rubriche, direttamente o indirettamente, solo a questo argomento. Il nostro Club accetta tutte le pratiche ciclistiche nel rispetto delle nostre <a href=\"https:\/\/centcols.org\/backup\/it\/regola-del-gioco\/\">Regole del Gioco<\/a>.<br>Per entrare nel Club des Cent Cols, bisogna aver valicato almeno cento passi diversi, di cui cinque di 2000 m o pi\u00f9 per ogni centinaio proposto.<\/p>\n<\/div>\n\n\n\n<div class=\"wp-block-column is-layout-flow wp-block-column-is-layout-flow\" style=\"flex-basis:50%\">\n<div class=\"wp-block-columns is-layout-flex wp-container-core-columns-is-layout-1 wp-block-columns-is-layout-flex\">\n<div class=\"wp-block-column is-vertically-aligned-top is-layout-flow wp-block-column-is-layout-flow\">\n<p><a href=\"https:\/\/centcols.org\/backup\/it\/annexe\/\">Per saperne di pi\u00f9<\/a><\/p>\n\n\n\n<p><a href=\"https:\/\/centcols.org\/backup\/it\/regola-del-gioco\/\">Regola del gioco<\/a><\/p>\n\n\n\n<p><a href=\"https:\/\/centcols.org\/backup\/it\/diaporama\/\">Diaporama di presentazione<\/a><\/p>\n<\/div>\n<\/div>\n<\/div>\n<\/div>\n<\/div><\/div>\n\n\n\n<div class=\"wp-block-kadence-tab kt-tab-inner-content kt-inner-tab-2 kt-inner-tab_6b7ee1-01\"><div class=\"kt-tab-inner-content-inner\">\n<div class=\"wp-block-columns is-layout-flex wp-container-core-columns-is-layout-3 wp-block-columns-is-layout-flex\">\n<div class=\"wp-block-column is-layout-flow wp-block-column-is-layout-flow\">\n<h2 class=\"wp-block-heading\">Nuovi animatori regionali<\/h2>\n\n\n\n<p class=\"has-medium-font-size\">Alain BENOIST (CCC5663&nbsp;e DT zona 04SW) e Alain THIBON&nbsp; (CCC 3723) rimpiazzeranno Jean-Marie GILLOUIN&nbsp; nell\u2019organizzazione dell\u2019incontro regionale DAV Dr\u00f4me- Ard\u00e8che-Vaucluse. Un grande ringraziamento a Jean-Marie per tutto quello che ha fatto per il Club.<\/p>\n\n\n\n<p class=\"has-medium-font-size\">Pierre BRIVET (CCC601) rimpiazza &nbsp;CHAZOTTIER nell\u2019organizzazione dell\u2019incontro regionale Massif Central-Est.<br>Un grande ringraziamento a Philippe per tutto quello che ha fatto per il Club.<\/p>\n\n\n\n<p class=\"has-medium-font-size\">Alain Guillaud-Bachet (CCC6270) per l&#8217;Ain &nbsp;si aggiunge a Bernard Vieillard (CCC1335)per la Savoi e Guy Harl\u00e9 (CCC5193) per la Haute-Savoie. Grazie a Raymond Barbier per tutto quello che ha fatto per il Club.<\/p>\n\n\n\n<p>.<\/p>\n<\/div>\n\n\n\n<div class=\"wp-block-column is-layout-flow wp-block-column-is-layout-flow\">\n<h2 class=\"wp-block-heading\">Nuovo tutorial per la dichiarazione ufficiale dei passi<\/h2>\n\n\n\n<p class=\"has-medium-font-size\">Un nuovo tutorial per la dichiarazione ufficiale dei passi <a href=\"https:\/\/centcols.org\/backup\/tuto-declaration-cols\/\" target=\"_blank\" rel=\"noreferrer noopener\">https:\/\/centcols.org\/backup\/it\/tuto-declaration-cols\/<\/a>&nbsp;\u00e8 disponibile sul nostro sito, lo si trova nelle seguenti rubriche:<\/p>\n\n\n\n<p class=\"has-medium-font-size\">&nbsp; &#8211; Nell&#8217;intestazione della <a href=\"https:\/\/centcols.org\/backup\/membres\/cols\/declcols.php\" target=\"_blank\" rel=\"noopener\" title=\"\">DICHIARAZIONE UFFICIALE<\/a><\/p>\n\n\n\n<p class=\"has-medium-font-size\">&nbsp; &#8211; Nel primo paragrafo delle&nbsp;<a href=\"https:\/\/centcols.org\/backup\/it\/declaration-en-ligne\/\" target=\"_blank\" rel=\"noopener\" title=\"\">ISTRUZIONI DETTAGLIATE<\/a>&nbsp;per la dichiarazione ufficiale online<\/p>\n\n\n\n<p class=\"has-medium-font-size\">&nbsp; &#8211; Nella &nbsp;<a href=\"https:\/\/centcols.org\/backup\/boite-a-outils\/\" target=\"_blank\" rel=\"noreferrer noopener\">CASSETTA DEGLI ATTREZZI<\/a><\/p>\n<\/div>\n\n\n\n<div class=\"wp-block-column is-layout-flow wp-block-column-is-layout-flow\">\n<h2 class=\"wp-block-heading\">Assemblea Generale 2024<\/h2>\n\n\n\n<p class=\"has-medium-font-size\">La data dell&#8217;Assemblea generale annuale \u00e8 stata modificata: si terr\u00e0 il 28 settembre 2024 anzich\u00e9 il 5 ottobre come inizialmente previsto.<\/p>\n\n\n\n<p class=\"has-medium-font-size\"><\/p>\n<\/div>\n<\/div>\n<\/div><\/div>\n\n\n\n<div class=\"wp-block-kadence-tab kt-tab-inner-content kt-inner-tab-3 kt-inner-tab_2cc61c-18\"><div class=\"kt-tab-inner-content-inner\">\n<div class=\"wp-block-columns is-layout-flex wp-container-core-columns-is-layout-4 wp-block-columns-is-layout-flex\">\n<div class=\"wp-block-column is-layout-flow wp-block-column-is-layout-flow\">\n<h3 class=\"kt-adv-heading69709_d1e8f7-bf wp-block-kadence-advancedheading\" data-kb-block=\"kb-adv-heading69709_d1e8f7-bf\">Un 1\/2 secolo in bicicletta<\/h3>\n\n\n\n<p class=\"has-medium-font-size\"><a href=\"https:\/\/centcols.org\/backup\/wp-content\/uploads\/2022\/11\/Art-DL-11-nov.pdf\">Dauphin\u00e9 Lib\u00e9r\u00e9<\/a> &#8211; 11 novembre 2022<\/p>\n\n\n\n<h3 class=\"kt-adv-heading69709_c8ba36-cd wp-block-kadence-advancedheading\" data-kb-block=\"kb-adv-heading69709_c8ba36-cd\">L&#8217;AG del Cinquantenario<\/h3>\n\n\n\n<p class=\"has-medium-font-size\"><a href=\"https:\/\/cyclotourisme-mag.com\/2022\/11\/09\/assemblee-generale-du-cinquantenaire-du-club-des-cent-cols\/\">Cyclomag <\/a>&#8211; 9 novembre 2022<\/p>\n\n\n\n<h3 class=\"kt-adv-heading69709_5f7045-3f wp-block-kadence-advancedheading\" data-kb-block=\"kb-adv-heading69709_5f7045-3f\">I Ciclisti della Madallaz all&#8217;AG del Cinquantenario<\/h3>\n\n\n\n<p class=\"has-medium-font-size\"><a href=\"https:\/\/centcols.org\/backup\/wp-content\/uploads\/2022\/11\/Dauphine-Libere-08112022.jpg\">Dauphin\u00e9 Lib\u00e9r\u00e9<\/a> &#8211; 8 novembre 2022<\/p>\n<\/div>\n\n\n\n<div class=\"wp-block-column is-layout-flow wp-block-column-is-layout-flow\">\n<h3 class=\"kt-adv-heading69709_e85a52-a7 wp-block-kadence-advancedheading\" data-kb-block=\"kb-adv-heading69709_e85a52-a7\">Al col Luitel, i 50 anni del Club<\/h3>\n\n\n\n<p class=\"has-medium-font-size\"><a href=\"https:\/\/centcols.org\/backup\/wp-content\/uploads\/2022\/07\/D-L-100-cols.jpg\">Dauphin\u00e9 Lib\u00e9r\u00e9<\/a> &#8211; 30 giugno 2022<\/p>\n\n\n\n<h3 class=\"kt-adv-heading69709_1d7922-1d wp-block-kadence-advancedheading\" data-kb-block=\"kb-adv-heading69709_1d7922-1d\">I Cent Cols, un club di collezionisti<\/h3>\n\n\n\n<p class=\"has-medium-font-size\"><a href=\"https:\/\/www.gazzetta.it\/bici\/turismo\/08-11-2021\/cent-cols-club-ciclisti-che-collezionano-salite-4202212507272.shtml\">Gazzetta dello Sport<\/a><a href=\"https:\/\/centcols.org\/backup\/article-paru-sur-la-gazzetta-dello-sport-du-08-11-2021\/\"> <\/a>&#8211; 8 novembre 2021<\/p>\n<\/div>\n<\/div>\n<\/div><\/div>\n\n\n\n<div class=\"wp-block-kadence-tab kt-tab-inner-content kt-inner-tab-4 kt-inner-tab_7aff02-25\"><div class=\"kt-tab-inner-content-inner\">\n<div class=\"wp-block-columns is-layout-flex wp-container-core-columns-is-layout-5 wp-block-columns-is-layout-flex\">\n<div class=\"wp-block-column is-layout-flow wp-block-column-is-layout-flow\">\n<h2 class=\"kt-adv-heading69709_090fb5-89 wp-block-kadence-advancedheading\" data-kb-block=\"kb-adv-heading69709_090fb5-89\">Il club<\/h2>\n\n\n\n<p><a href=\"https:\/\/centcols.org\/backup\/it\/activites-des-membres\/\">Attivit\u00e0 dei membri<\/a><br><br><a href=\"https:\/\/centcols.org\/backup\/it\/partenariats\/\">Collaborazioni<\/a><\/p>\n\n\n\n<p><a href=\"https:\/\/centcols.org\/backup\/les-nouveaux-membres\/\">I nuovi membri<\/a><\/p>\n\n\n\n<p><a href=\"https:\/\/centcols.org\/backup\/it\/ils-nous-ont-quittes\/\">Ci hanno lasciato<\/a><\/p>\n<\/div>\n\n\n\n<div class=\"wp-block-column is-layout-flow wp-block-column-is-layout-flow\">\n<h2 class=\"kt-adv-heading69709_eed1ae-24 wp-block-kadence-advancedheading\" data-kb-block=\"kb-adv-heading69709_eed1ae-24\">Le Federazioni<\/h2>\n\n\n\n<p><a href=\"https:\/\/centcols.org\/backup\/federation-francaise-de-cyclotourisme\/\">Federazione Francese di Cicloturismo<\/a><\/p>\n\n\n\n<p><a href=\"https:\/\/centcols.org\/backup\/codep-haute-savoie\/\">CODEP<\/a><\/p>\n\n\n\n<p><a href=\"https:\/\/centcols.org\/backup\/coreg-auvergne-rhone-alpes\/\">COREG<\/a><\/p>\n\n\n\n<p><a href=\"https:\/\/centcols.org\/backup\/uect\/\">UECT<\/a><\/p>\n\n\n\n<p><a href=\"https:\/\/centcols.org\/backup\/federation-espagnole-de-cyclotourisme\/\">Federazione Spagnola di Cicloturismo<\/a><\/p>\n<\/div>\n\n\n\n<div class=\"wp-block-column is-layout-flow wp-block-column-is-layout-flow\">\n<h2 class=\"kt-adv-heading69709_69bf5a-63 wp-block-kadence-advancedheading\" data-kb-block=\"kb-adv-heading69709_69bf5a-63\">Alla rinfusa<\/h2>\n\n\n\n<p><a href=\"https:\/\/centcols.org\/backup\/securite-a-velo\/\">Sicurezza in bicicletta<\/a><\/p>\n\n\n\n<p><a href=\"https:\/\/centcols.org\/backup\/amicale-des-cyclos-cardiaques\/\">Gli amici dei ciclo cardiaci<\/a><\/p>\n\n\n\n<p><a href=\"https:\/\/centcols.org\/backup\/handicap-et-velos\/\">Handicap e ciclismo<\/a><\/p>\n\n\n\n<p><a href=\"https:\/\/centcols.org\/backup\/des-cols-sortant-des-sentiers-battus\/\">Passi al di fuori dei sentieri battuti<\/a><\/p>\n\n\n\n<p><a href=\"https:\/\/centcols.org\/backup\/les-femmes-par-les-femmes-pour-les-femmes\/\">Le donne, dalle donne, per le donne<\/a><\/p>\n\n\n\n<p><a href=\"https:\/\/centcols.org\/backup\/une-info-un-article-qui-pourrait-paraitre-ici\/\">Una informazione, un articolo che potrebbe essere pubblicato ?<\/a><\/p>\n\n\n\n<p><a href=\"https:\/\/centcols.org\/backup\/a-suivre\/\">Leggere, Rileggere, Vedere, Rivedere<\/a><\/p>\n<\/div>\n<\/div>\n<\/div><\/div>\n<\/div><\/div><\/div>\n<\/div>\n<\/div>\n\n\n\n<p><\/p>\n\n\n\n<div class=\"wp-block-columns is-layout-flex wp-container-core-columns-is-layout-7 wp-block-columns-is-layout-flex\">\n<div class=\"wp-block-column is-layout-flow wp-block-column-is-layout-flow\">\n<h2 class=\"wp-block-heading has-kb-palette-3-color has-text-color\">CALENDARIO 2024<\/h2>\n\n\n\n<p><strong>Soggiorno di primavera<\/strong>, Mtb, strada, Gravel,&nbsp;<strong>Porticcio<\/strong>, Corsica, 20 &#8211; 27 avril 2024<br><strong>S<\/strong>oggiorno estivo, Mtb, strada, Gravel,&nbsp;<strong>Vog\u00fc\u00e9<\/strong>, Ard\u00e8che \u2013 Francia, 29 giugno -6 luglio 2024<br><strong>Assemblea Generale&nbsp;<\/strong>del club,&nbsp;<strong>Bugeat<\/strong>, Francia \u2013 Corr\u00e8ze, 27-29 settembre 2024<\/p>\n\n\n\n<h2 class=\"wp-block-heading\">Settimana Federale FFCT<\/h2>\n\n\n\n<p><a href=\"https:\/\/www.cycloroanne2024.fr\/\" title=\"\">dal 20 al 28 luglio 2024 a Roanne<\/a><\/p>\n<\/div>\n\n\n\n<div class=\"wp-block-column is-vertically-aligned-top is-layout-flow wp-block-column-is-layout-flow\">\n<div class=\"wp-block-group has-very-light-gray-background-color has-background\"><div class=\"wp-block-group__inner-container is-layout-flow wp-block-group-is-layout-flow\">\n<h2 class=\"kt-adv-heading69709_eeb641-9a wp-block-kadence-advancedheading\" data-kb-block=\"kb-adv-heading69709_eeb641-9a\">Le cyclomontagnarde 2024<\/h2>\n\n\n\n<p class=\"has-kb-palette-2-color has-text-color has-medium-font-size\">Cyclomontagnarde du Jura<br>Dal 15 al 16 giugno 2024 <\/p>\n\n\n\n<p class=\"has-kb-palette-2-color has-text-color has-medium-font-size\">Cyclomontagnarde Luchon &#8211; Bayonne <br>Dal 15 al 16 giugno 2024<\/p>\n\n\n\n<p class=\"has-medium-font-size\"><span style=\"color:#888888\" class=\"tadv-color\">Cyclomontagnarde  Vosges &#8211; Alsace<br>Dal 22 al 23 giugno 2024<\/span><\/p>\n\n\n\n<p class=\"has-kb-palette-2-color has-text-color has-medium-font-size\">Cyclomontagnarde de Annecy<br>Dal 29 al 30 giugno 2024<\/p>\n\n\n\n<h4 class=\"kt-adv-heading69709_c3f436-b5 wp-block-kadence-advancedheading\" data-kb-block=\"kb-adv-heading69709_c3f436-b5\"><\/h4>\n\n\n\n<p> <\/p>\n<\/div><\/div>\n\n\n\n<p> <\/p>\n\n\n\n<p> <\/p>\n<\/div>\n<\/div>\n\n\n\n<h2 class=\"kt-adv-heading69709_f8fee0-53 wp-block-kadence-advancedheading\" data-kb-block=\"kb-adv-heading69709_f8fee0-53\">I nostri parteners<\/h2>\n\n\n\n<div class=\"wp-block-columns is-layout-flex wp-container-core-columns-is-layout-10 wp-block-columns-is-layout-flex\">\n<div class=\"wp-block-column is-layout-flow wp-block-column-is-layout-flow\">\n<div class=\"wp-block-columns is-layout-flex wp-container-core-columns-is-layout-8 wp-block-columns-is-layout-flex\">\n<div class=\"wp-block-column is-layout-flow wp-block-column-is-layout-flow\"><div class=\"wp-block-image\">\n<figure class=\"aligncenter size-large is-resized\"><img loading=\"lazy\" decoding=\"async\" width=\"148\" height=\"148\" src=\"https:\/\/centcols.org\/backup\/wp-content\/uploads\/2023\/01\/FFCT-4.png\" alt=\"\" class=\"wp-image-69633\" style=\"width:114px;height:114px\" srcset=\"https:\/\/centcols.org\/backup\/wp-content\/uploads\/2023\/01\/FFCT-4.png 148w, https:\/\/centcols.org\/backup\/wp-content\/uploads\/2023\/01\/FFCT-4-100x100.png 100w\" sizes=\"(max-width: 148px) 100vw, 148px\" \/><figcaption class=\"wp-element-caption\"><a href=\"https:\/\/centcols.org\/backup\/it\/le-partenariat-club-des-cent-cols-federation-francaise-de-cyclotourisme\/\">Federazione Francese di Cicloturismo<\/a><\/figcaption><\/figure><\/div><\/div>\n\n\n\n<div class=\"wp-block-column is-layout-flow wp-block-column-is-layout-flow\"><div class=\"wp-block-image\">\n<figure class=\"aligncenter size-large is-resized\"><img loading=\"lazy\" decoding=\"async\" width=\"288\" height=\"288\" src=\"https:\/\/centcols.org\/backup\/wp-content\/uploads\/2023\/01\/FECT-4.jpg\" alt=\"\" class=\"wp-image-69639\" style=\"width:117px;height:117px\" srcset=\"https:\/\/centcols.org\/backup\/wp-content\/uploads\/2023\/01\/FECT-4.jpg 288w, https:\/\/centcols.org\/backup\/wp-content\/uploads\/2023\/01\/FECT-4-100x100.jpg 100w\" sizes=\"(max-width: 288px) 100vw, 288px\" \/><figcaption class=\"wp-element-caption\"><a href=\"https:\/\/centcols.org\/backup\/it\/le-partenariat-entre-la-federation-espagnole-de-cyclotourisme-et-le-club-des-cent-cols\/\">Federazione Spagnola di Cicloturismo<\/a><\/figcaption><\/figure><\/div><\/div>\n<\/div>\n<\/div>\n\n\n\n<div class=\"wp-block-column is-layout-flow wp-block-column-is-layout-flow\">\n<div class=\"wp-block-columns is-layout-flex wp-container-core-columns-is-layout-9 wp-block-columns-is-layout-flex\">\n<div class=\"wp-block-column is-layout-flow wp-block-column-is-layout-flow\"><div class=\"wp-block-image\">\n<figure class=\"aligncenter size-large is-resized\"><img loading=\"lazy\" decoding=\"async\" width=\"183\" height=\"180\" src=\"https:\/\/centcols.org\/backup\/wp-content\/uploads\/2023\/01\/OR-4.jpg\" alt=\"\" class=\"wp-image-69669\" style=\"width:111px;height:107px\"\/><figcaption class=\"wp-element-caption\"><a href=\"https:\/\/www.openrunner.com\/\">Openrunner<\/a><\/figcaption><\/figure><\/div><\/div>\n\n\n\n<div class=\"wp-block-column is-layout-flow wp-block-column-is-layout-flow\"><div class=\"wp-block-image\">\n<figure class=\"aligncenter size-large is-resized\"><img loading=\"lazy\" decoding=\"async\" width=\"522\" height=\"221\" src=\"https:\/\/centcols.org\/backup\/wp-content\/uploads\/2023\/01\/UECT-3.jpg\" alt=\"\" class=\"wp-image-69651\" style=\"width:184px;height:77px\" srcset=\"https:\/\/centcols.org\/backup\/wp-content\/uploads\/2023\/01\/UECT-3.jpg 522w, https:\/\/centcols.org\/backup\/wp-content\/uploads\/2023\/01\/UECT-3-500x212.jpg 500w\" sizes=\"(max-width: 522px) 100vw, 522px\" \/><figcaption class=\"wp-element-caption\"><a href=\"https:\/\/centcols.org\/backup\/it\/lunion-europeenne-de-cyclotourisme-uect\/\">Unione Europea di Cicloturismo<\/a><\/figcaption><\/figure><\/div><\/div>\n<\/div>\n<\/div>\n<\/div>\n\n\n\n<h2 class=\"kt-adv-heading69709_157de5-7e wp-block-kadence-advancedheading\" data-kb-block=\"kb-adv-heading69709_157de5-7e\">Dossier di stampa<\/h2>\n\n\n\n<div class=\"wp-block-columns is-layout-flex wp-container-core-columns-is-layout-14 wp-block-columns-is-layout-flex\">\n<div class=\"wp-block-column is-layout-flow wp-block-column-is-layout-flow\">\n<div class=\"wp-block-columns is-layout-flex wp-container-core-columns-is-layout-11 wp-block-columns-is-layout-flex\">\n<div class=\"wp-block-column is-vertically-aligned-center is-layout-flow wp-block-column-is-layout-flow\"><div class=\"wp-block-image\">\n<figure class=\"aligncenter size-large is-resized\"><a href=\"\/fr\/dossier-presse\/\"><img loading=\"lazy\" decoding=\"async\" width=\"323\" height=\"211\" src=\"https:\/\/centcols.org\/backup\/wp-content\/uploads\/2023\/01\/Drapeau-FR-1.jpg\" alt=\"\" class=\"wp-image-69675\" style=\"width:74px;height:47px\"\/><\/a><figcaption class=\"wp-element-caption\"><a href=\"\/fr\/dossier-presse\/\">Dossier de presse<\/a><\/figcaption><\/figure><\/div><\/div>\n\n\n\n<div class=\"wp-block-column is-layout-flow wp-block-column-is-layout-flow\"><div class=\"wp-block-image\">\n<figure class=\"aligncenter size-large is-resized\"><a href=\"\/en\/press-pack\/\"><img loading=\"lazy\" decoding=\"async\" width=\"243\" height=\"167\" src=\"https:\/\/centcols.org\/backup\/wp-content\/uploads\/2023\/01\/Drapeau-EN-1.jpg\" alt=\"\" class=\"wp-image-69681\" style=\"width:75px;height:51px\"\/><\/a><figcaption class=\"wp-element-caption\"><a href=\"\/en\/press-pack\/\">Press pack<\/a><\/figcaption><\/figure><\/div><\/div>\n<\/div>\n<\/div>\n\n\n\n<div class=\"wp-block-column is-layout-flow wp-block-column-is-layout-flow\">\n<div class=\"wp-block-columns is-layout-flex wp-container-core-columns-is-layout-12 wp-block-columns-is-layout-flex\">\n<div class=\"wp-block-column is-layout-flow wp-block-column-is-layout-flow\"><div class=\"wp-block-image\">\n<figure class=\"aligncenter size-large is-resized\"><a href=\"\/it\/dossier-di-stampa\/\"><img loading=\"lazy\" decoding=\"async\" width=\"249\" height=\"165\" src=\"https:\/\/centcols.org\/backup\/wp-content\/uploads\/2023\/01\/Drapeau-IT-1.jpg\" alt=\"\" class=\"wp-image-69687\" style=\"width:90px;height:59px\"\/><\/a><figcaption class=\"wp-element-caption\"><a href=\"\/it\/dossier-di-stampa\/\">Dossier di stampa<\/a><\/figcaption><\/figure><\/div><\/div>\n\n\n\n<div class=\"wp-block-column is-layout-flow wp-block-column-is-layout-flow\"><div class=\"wp-block-image\">\n<figure class=\"aligncenter size-large is-resized\"><a href=\"\/pressemappe\/\"><img loading=\"lazy\" decoding=\"async\" width=\"167\" height=\"118\" src=\"https:\/\/centcols.org\/backup\/wp-content\/uploads\/2023\/01\/Drapeau-D-1.jpg\" alt=\"\" class=\"wp-image-69693\" style=\"width:96px;height:66px\"\/><\/a><figcaption class=\"wp-element-caption\"><a href=\"\/pressemappe\/\">Pressemappe<\/a><\/figcaption><\/figure><\/div><\/div>\n<\/div>\n<\/div>\n\n\n\n<div class=\"wp-block-column is-layout-flow wp-block-column-is-layout-flow\">\n<div class=\"wp-block-columns is-layout-flex wp-container-core-columns-is-layout-13 wp-block-columns-is-layout-flex\">\n<div class=\"wp-block-column is-layout-flow wp-block-column-is-layout-flow\"><div class=\"wp-block-image\">\n<figure class=\"aligncenter size-large is-resized\"><a href=\"\/archivo-prensa\/\"><img loading=\"lazy\" decoding=\"async\" width=\"155\" height=\"103\" src=\"https:\/\/centcols.org\/backup\/wp-content\/uploads\/2023\/01\/Drapeau-ES.jpg\" alt=\"\" class=\"wp-image-69699\" style=\"width:106px;height:69px\"\/><\/a><figcaption class=\"wp-element-caption\"><a href=\"\/archivo-prensa\/\">Archivo prensa<\/a><\/figcaption><\/figure><\/div><\/div>\n\n\n\n<div class=\"wp-block-column is-layout-flow wp-block-column-is-layout-flow\"><div class=\"wp-block-image\">\n<figure class=\"aligncenter size-large is-resized\"><a href=\"\/persdossier\/\"><img loading=\"lazy\" decoding=\"async\" width=\"176\" height=\"121\" src=\"https:\/\/centcols.org\/backup\/wp-content\/uploads\/2023\/01\/Drapeau-NL.jpg\" alt=\"\" class=\"wp-image-69705\" style=\"width:92px;height:61px\"\/><\/a><figcaption class=\"wp-element-caption\"><a href=\"\/persdossier\/\">Persmap<\/a><\/figcaption><\/figure><\/div>\n\n\n<p><\/p>\n<\/div>\n<\/div>\n<\/div>\n<\/div>\n\n\n\n<p><\/p>\n","protected":false},"excerpt":{"rendered":"<p>CALENDARIO 2024 Soggiorno di primavera, Mtb, strada, Gravel,&nbsp;Porticcio, Corsica, 20 &#8211; 27 avril 2024Soggiorno estivo, Mtb, strada, Gravel,&nbsp;Vog\u00fc\u00e9, Ard\u00e8che \u2013 Francia, 29 giugno -6 luglio 2024Assemblea Generale&nbsp;del club,&nbsp;Bugeat, Francia \u2013 Corr\u00e8ze, 27-29 settembre 2024 Settimana Federale FFCT dal 20 al 28 luglio 2024 a Roanne Cyclomontagnarde du JuraDal 15 al 16 giugno 2024 Cyclomontagnarde Luchon [&hellip;]<\/p>\n","protected":false},"author":69,"featured_media":0,"parent":0,"menu_order":0,"comment_status":"closed","ping_status":"closed","template":"","meta":{"_acf_changed":false,"ub_ctt_via":"","_monsterinsights_skip_tracking":false,"_monsterinsights_sitenote_active":false,"_monsterinsights_sitenote_note":"","_monsterinsights_sitenote_category":0,"footnotes":""},"acf":[],"featured_image_urls":{"full":"","thumbnail":"","medium":"","medium_large":"","large":"","1536x1536":"","2048x2048":"","woocommerce_thumbnail":"","woocommerce_single":"","woocommerce_gallery_thumbnail":""},"post_excerpt_stackable":"<p>Chi siamo ?In primo pianoStampaLa Gazzetta Siamo un&#8217;associazione di cicloturisti fondata nel 1972, membri della Federazione Francese di Cicloturismo (FFCT), amanti del ciclismo in montagna e vogliamo dedicare le nostre rubriche, direttamente o indirettamente, solo a questo argomento. Il nostro Club accetta tutte le pratiche ciclistiche nel rispetto delle nostre Regole del Gioco.Per entrare nel Club des Cent Cols, bisogna aver valicato almeno cento passi diversi, di cui cinque di 2000 m o pi\u00f9 per ogni centinaio proposto. Per saperne di pi\u00f9 Regola del gioco Diaporama di presentazione Nuovi animatori regionali Alain BENOIST (CCC5663&nbsp;e DT zona 04SW) e Alain THIBON&nbsp;&hellip;<\/p>\n","category_list":"","author_info":{"name":"Enrico Alberini","url":"https:\/\/centcols.org\/backup\/it\/author\/5065\/"},"comments_num":"0 commenti","featured_image_urls_v2":{"full":"","thumbnail":"","medium":"","medium_large":"","large":"","1536x1536":"","2048x2048":"","woocommerce_thumbnail":"","woocommerce_single":"","woocommerce_gallery_thumbnail":""},"post_excerpt_stackable_v2":"<p>Chi siamo ?In primo pianoStampaLa Gazzetta Siamo un&#8217;associazione di cicloturisti fondata nel 1972, membri della Federazione Francese di Cicloturismo (FFCT), amanti del ciclismo in montagna e vogliamo dedicare le nostre rubriche, direttamente o indirettamente, solo a questo argomento. Il nostro Club accetta tutte le pratiche ciclistiche nel rispetto delle nostre Regole del Gioco.Per entrare nel Club des Cent Cols, bisogna aver valicato almeno cento passi diversi, di cui cinque di 2000 m o pi\u00f9 per ogni centinaio proposto. Per saperne di pi\u00f9 Regola del gioco Diaporama di presentazione Nuovi animatori regionali Alain BENOIST (CCC5663&nbsp;e DT zona 04SW) e Alain THIBON&nbsp;&hellip;<\/p>\n","category_list_v2":"","author_info_v2":{"name":"Enrico Alberini","url":"https:\/\/centcols.org\/backup\/it\/author\/5065\/"},"comments_num_v2":"0 commenti","featured_image_src":null,"_links":{"self":[{"href":"https:\/\/centcols.org\/backup\/it\/wp-json\/wp\/v2\/pages\/69709"}],"collection":[{"href":"https:\/\/centcols.org\/backup\/it\/wp-json\/wp\/v2\/pages"}],"about":[{"href":"https:\/\/centcols.org\/backup\/it\/wp-json\/wp\/v2\/types\/page"}],"author":[{"embeddable":true,"href":"https:\/\/centcols.org\/backup\/it\/wp-json\/wp\/v2\/users\/69"}],"replies":[{"embeddable":true,"href":"https:\/\/centcols.org\/backup\/it\/wp-json\/wp\/v2\/comments?post=69709"}],"version-history":[{"count":0,"href":"https:\/\/centcols.org\/backup\/it\/wp-json\/wp\/v2\/pages\/69709\/revisions"}],"wp:attachment":[{"href":"https:\/\/centcols.org\/backup\/it\/wp-json\/wp\/v2\/media?parent=69709"}],"curies":[{"name":"wp","href":"https:\/\/api.w.org\/{rel}","templated":true}]}}