{"id":69855,"date":"2023-01-16T18:22:40","date_gmt":"2023-01-16T17:22:40","guid":{"rendered":"https:\/\/centcols.org\/backup\/?page_id=69855"},"modified":"2023-05-05T14:37:25","modified_gmt":"2023-05-05T12:37:25","slug":"la-gazette-quoi-de-neuf","status":"publish","type":"page","link":"https:\/\/centcols.org\/backup\/it\/la-gazette-quoi-de-neuf\/","title":{"rendered":"La Gazzetta, cosa c&#8217;\u00e8 di nuovo?"},"content":{"rendered":"\n<p class=\"has-small-font-size\">I testi pubblicati sulla Gazzetta sono pubblicati direttamente nella sezione pertinente (Il Club, le Federazioni, ecc.). Per facilitare la ricerca di nuovi testi, i loro link sono elencati qui, ordinati per data decrescente.<\/p>\n<p><\/p>\n<p>1 maggio : decesso di <strong>Alain Balalas<\/strong> in\u00a0 <a href=\"https:\/\/centcols.org\/backup\/it\/ils-nous-ont-quittes\/\" target=\"_blank\" rel=\"noreferrer noopener\">Ci hanno lasciato<\/a><\/p>\n<p> <\/p>\n<p>30 aprile : <strong>l&#8217;evoluzione delle licenze FFCT presso il club Cent Cols in<\/strong>\u00a0<strong><a href=\"https:\/\/centcols.org\/backup\/it\/federation-francaise-de-cyclotourisme\/\" target=\"_blank\" rel=\"noreferrer noopener\">Le Federazioni \/ FFCT<\/a><\/strong><\/p>\n<p> <\/p>\n<p>29 aprile: la presentazione della <strong>Settimana Europea di Plasencia<\/strong> in Estremadura (Spagna) pu\u00f2 essere letta in\u00a0<a href=\"https:\/\/centcols.org\/backup\/it\/uect\/\" target=\"_blank\" rel=\"noreferrer noopener\">Le Federazioni \/ UECT<\/a><\/p>\n<p> <\/p>\n<p>26 aprile: decesso di <strong>Jean-Paul Cuffolo<\/strong> in\u00a0 <a href=\"https:\/\/centcols.org\/backup\/it\/ils-nous-ont-quittes\/\" target=\"_blank\" rel=\"noreferrer noopener\">Ci hanno lasciato<\/a><\/p>\n<p> <\/p>\n<p>13 aprile: le <strong>s\u00e9jour multi-activit\u00e9s <\/strong>du Coreg Auvergne &#8211; Rh\u00f4ne-Alpes est pr\u00e9sent\u00e9 dans les <a href=\"https:\/\/centcols.org\/backup\/coreg\/\" target=\"_blank\" rel=\"noreferrer noopener\">F\u00e9d\u00e9s \/ Coreg <\/a><\/p>\n<p> <\/p>\n<p>9 aprile: le <strong>rassemblement VTT<\/strong>, initalement pr\u00e9vu le 16 avril \u00e0 Puidoux (Suisse) et pr\u00e9sent\u00e9 dans <strong><a href=\"https:\/\/centcols.org\/backup\/activites-des-membres\/\" target=\"_blank\" rel=\"noreferrer noopener\">Activit\u00e9s des membres<\/a><\/strong>, est annul\u00e9 (m\u00e9t\u00e9o)<\/p>\n<p><\/p>\n<p class=\"has-luminous-vivid-orange-color has-text-color\">31 marzo: una nuova rubrica nella Gazzetta \/ Il\u00a0 club : <strong><a href=\"https:\/\/centcols.org\/backup\/it\/solidarite\/\">Solidariet\u00e0<\/a><\/strong>. La inauguriamo trasmettendo una semplice richiesta dell&#8217;Associazione \u00ab Mathilde e i suoi amici \u00bb<\/p>\n<p>30 marzo: in <a href=\"https:\/\/centcols.org\/backup\/it\/amicale-des-cyclos-cardiaques\/\" target=\"_blank\" rel=\"noreferrer noopener\"><strong>Alla rinfusa, Gli amici dei ciclo cardiaci<\/strong><\/a>, la convenzione \u00ab Club amico \u00bb e il bollettino trimestrale Aprile &#8211; Giugno 2023<\/p>\n<p>26 marzo : incontro svizzero, la <strong>fonduta a Vevey<\/strong> in<strong><a href=\"https:\/\/centcols.org\/backup\/it\/activites-des-membres\/\" target=\"_blank\" rel=\"noreferrer noopener\"> Attivit\u00e0 dei membri<\/a><\/strong><\/p>\n<p>12 marzo :\u00a0 aggiornamento dei partecipanti al <strong>Challenge dei 100 , 150, 200 pi\u00f9 bei passi stradali delle Alpi<\/strong>\u00a0nelle <a href=\"https:\/\/centcols.org\/backup\/it\/activites-des-membres\/\" target=\"_blank\" rel=\"noreferrer noopener\">Attivit\u00e0 dei membri<\/a><\/p>\n<p>12 marzo : l&#8217;aggiornamento dei cataloghi dell<strong>\u2019Italia <\/strong>e della <strong>Norvegia \u00e8 annunciato nel <\/strong><a href=\"https:\/\/centcols.org\/backup\/it\/le-site-quoi-de-neuf\/\">il sito, cosa c&#8217;\u00e8 di nuovo?<\/a><\/p>\n<p>7 marzo : decesso di\u00a0<strong>Jean-Louis Portaz\u00a0<\/strong>in\u00a0<a href=\"https:\/\/centcols.org\/backup\/it\/ils-nous-ont-quittes\/\" target=\"_blank\" rel=\"noreferrer noopener\">ci hanno lasciato<\/a><\/p>\n<p>27 febbraio :\u00a0<strong>La Settimana europea di Plasencia\u00a0<\/strong>(Provincia di C\u00e1ceres \u2013 Spagna) in\u00a0<a href=\"https:\/\/centcols.org\/backup\/it\/uect\/\" target=\"_blank\" rel=\"noreferrer noopener\">UECT<\/a><\/p>\n<p>26 febbraio : in\u00a0<a href=\"https:\/\/centcols.org\/backup\/it\/le-site-quoi-de-neuf\/\" target=\"_blank\" rel=\"noreferrer noopener\">Il sito, cosa c\u2019\u00e8 di nuovo?<\/a>\u00a0aggiunta di 80 passi in Spagna<\/p>\n<p>24 febbraio : i <strong>Radiales Ibericas<\/strong> della FECT in <a href=\"https:\/\/centcols.org\/backup\/it\/le-site-quoi-de-neuf\/\">il sito, cosa c&#8217;\u00e8 di nuovo?<\/a><\/p>\n<p>24 febbraio : i <strong>Tratti di collegamento europei <\/strong>\u00a0dell\u2019UECT in <a href=\"https:\/\/centcols.org\/backup\/it\/le-site-quoi-de-neuf\/\">il sito, cosa c&#8217;\u00e8 di nuovo?<\/a><\/p>\n<p>22 febbraio : il <strong>salone delle bici usate\u00a0<\/strong>2023 dei clubs del Codep 74 in <a href=\"https:\/\/centcols.org\/backup\/codep-haute-savoie\/\" target=\"_blank\" rel=\"noreferrer noopener\">Codep<\/a><\/p>\n<p>22 febbraio : le <strong>randonn\u00e9 2023<\/strong> de Codep 74 in <a href=\"https:\/\/centcols.org\/backup\/codep-haute-savoie\/\" target=\"_blank\" rel=\"noreferrer noopener\">Codep<\/a><\/p>\n<p>22 febbraio : la presentazione del <strong>partenariato Club des Cent Cols \/ FECT<\/strong> in <a href=\"https:\/\/centcols.org\/backup\/it\/le-site-quoi-de-neuf\/\">il sito, cosa c&#8217;\u00e8 di nuovo?<\/a><\/p>\n<p>22 febbraio : la presentazione del <strong>partenariato Club des Cent Cols \/ UECT<\/strong> in <a href=\"https:\/\/centcols.org\/backup\/it\/le-site-quoi-de-neuf\/\">il sito, cosa c&#8217;\u00e8 di nuovo?<\/a><\/p>\n<p>17 febbraio : la presentazione del <strong>partenariato Club des Cent Cols \/ FFCT<\/strong> in <a href=\"https:\/\/centcols.org\/backup\/it\/le-site-quoi-de-neuf\/\">il Sito, cosa c&#8217;\u00e8 di nuovo?<\/a><\/p>\n<p>15 febbraio : i <strong>cataloghi ora evolvono in tempo reale<\/strong>, un articolo di Graham Cutting\u00a0in <a href=\"https:\/\/centcols.org\/backup\/it\/le-site-quoi-de-neuf\/\">il Sito, cosa c&#8217;\u00e8 di nuovo?<\/a><\/p>\n<p>15 febbraio : L&#8217;aggiornametno delle <strong>specifiche di caricamento delle foto dei passi<\/strong>\u00a0in <a href=\"https:\/\/centcols.org\/backup\/it\/le-site-quoi-de-neuf\/\">il Sito, cosa c&#8217;\u00e8 di nuovo?<\/a><\/p>\n<p>13 febbraio : dei recenti\u00a0 <strong>aggiornamenti dei cataloghi<\/strong>\u00a0in <a href=\"https:\/\/centcols.org\/backup\/it\/le-site-quoi-de-neuf\/\">il Sito, cosa c&#8217;\u00e8 di nuovo?<\/a><\/p>\n<p>12 febbraio : <strong>Uno sguardo alle caratteristiche di V\u00e9loenfrance<\/strong> in <a href=\"https:\/\/centcols.org\/backup\/it\/federation-francaise-de-cyclotourisme\/\">Le federazioni\/FFCT<\/a><\/p>\n<p>12 febbraio : <strong>Le foto della home page<\/strong> in <a href=\"https:\/\/centcols.org\/backup\/it\/le-site-quoi-de-neuf\/\">il Sito, cosa c&#8217;\u00e8 di nuovo<\/a><\/p>\n<p>29 gennaio : il <strong>Club des Cent Cols<\/strong> vince il <strong>Challenge de France 2022<\/strong> in <a href=\"https:\/\/centcols.org\/backup\/federation-francaise-de-cyclotourisme\/\">Federazione francese di cicloturismo<\/a><\/p>\n<p>29 gennaio : Decesso di <strong>Maurice Metral<\/strong> in <a href=\"https:\/\/centcols.org\/backup\/it\/ils-nous-ont-quittes\/\">Ci hanno lasciato<\/a><\/p>\n<p>27 gennaio : <strong>BCN, BPF, il bilancio 2022 dei membri<\/strong> in <a href=\"https:\/\/centcols.org\/backup\/activites-des-membres\/\">Attivit\u00e0 dei membri<\/a><\/p>\n<p>24 gennaio : <strong>Misto e parit\u00e0, le donne nelle strutture associative<\/strong>\u00a0in <a href=\"https:\/\/centcols.org\/backup\/it\/les-femmes-par-les-femmes-pour-les-femmes\/\">le donne, dalle donne, per le donne<\/a>\u00a0<\/p>\n<p>22 gennaio : Decesso di <strong>Luigi Capellani <\/strong>in <a href=\"https:\/\/centcols.org\/backup\/it\/ils-nous-ont-quittes\/\">Ci hanno lasciato<\/a><\/p>\n<p>18 gennaio : <strong>\u00a0Aggiornamento dei cataloghi dei passi di Svizzera e Spagna in<\/strong> <a href=\"https:\/\/centcols.org\/backup\/le-site-quoi-de-neuf\/\">il sito, cosa c&#8217;\u00e8 di nuovo<\/a><\/p>\n<p>16 gennaio :<strong> aggiornamento della collaborazione con\u00a0 Openrunner<\/strong> in <a href=\"https:\/\/centcols.org\/backup\/it\/partenariats\/\">Collaborazioni<\/a><\/p>\n<p>16 gennaio : <strong>Openrunner, esportare la propria lista di passi<\/strong> in <a href=\"https:\/\/centcols.org\/backup\/it\/partenariats\/\">Collaborazioni<\/a> e il tutorial corrispondente partendo da <a href=\"https:\/\/centcols.org\/backup\/it\/le-site-quoi-de-neuf\/\">Il sito, cosa c&#8217;\u00e8 di nuovo?<\/a><\/p>\n<p>15 gennaio : Decesso di <strong>Paul Fabre<\/strong> in <a href=\"https:\/\/centcols.org\/backup\/it\/ils-nous-ont-quittes\/\">Ci hanno lasciato<\/a><\/p>\n<p>15 gennaio : Decesso di <strong>Christian G\u00e9rard<\/strong> in <a href=\"https:\/\/centcols.org\/backup\/it\/ils-nous-ont-quittes\/\">Ci hanno lasciato<\/a><\/p>\n<p>10 gennaio 2023 : L&#8217;intervento del Club des Cent Cols all<strong>l&#8217;Assembl\u00e9e G\u00e9n\u00e9rale della FFVELO<\/strong> 2022 in <a href=\"https:\/\/centcols.org\/backup\/it\/federation-francaise-de-cyclotourisme\/\">Federazione francese di cicloturismo<\/a><\/p>\n<p>\u00a0<\/p>\n\n\n<p>\u00a0<\/p>\n<p>: <strong>Mixit\u00e9 et parit\u00e9, les femmes au sein des structures associatives<\/strong>\u00a0dans\u00a0<a href=\"https:\/\/centcols.org\/backup\/les-femmes-par-les-femmes-pour-les-femmes\/\">Les femmes, par les femmes, pour les femmes<\/a><\/p>\n<p>22 gennaio : Decesso di <strong>Luigi Capellani <\/strong>in <a href=\"https:\/\/centcols.org\/backup\/it\/ils-nous-ont-quittes\/\">Ci hanno lasciato<\/a><\/p>\n<p>18 gennaio : <strong>\u00a0Aggiornamento dei cataloghi dei passi di Svizzera e Spagna in<\/strong> <a href=\"https:\/\/centcols.org\/backup\/le-site-quoi-de-neuf\/\">il sito, cosa c&#8217;\u00e8 di nuovo<\/a><\/p>\n<p>16 gennaio :<strong> aggiornamento della collaborazione con\u00a0 Openrunner<\/strong> in <a href=\"https:\/\/centcols.org\/backup\/it\/partenariats\/\">Collaborazioni<\/a><\/p>\n<p>16 gennaio : <strong>Openrunner, esportare la propria lista di passi<\/strong> in <a href=\"https:\/\/centcols.org\/backup\/it\/partenariats\/\">Collaborazioni<\/a> e il tutorial corrispondente partendo da <a href=\"https:\/\/centcols.org\/backup\/it\/le-site-quoi-de-neuf\/\">Il sito, cosa c&#8217;\u00e8 di nuovo?<\/a><\/p>\n<p>15 gennaio : Decesso di <strong>Paul Fabre<\/strong> in <a href=\"https:\/\/centcols.org\/backup\/it\/ils-nous-ont-quittes\/\">Ci hanno lasciato<\/a><\/p>\n<p>15 gennaio : Decesso di <strong>Christian G\u00e9rard<\/strong> in <a href=\"https:\/\/centcols.org\/backup\/it\/ils-nous-ont-quittes\/\">Ci hanno lasciato<\/a><\/p>\n<p>10 gennaio 2023 : L&#8217;intervento del Club des Cent Cols all<strong>l&#8217;Assembl\u00e9e G\u00e9n\u00e9rale della FFVELO<\/strong> 2022 in <a href=\"https:\/\/centcols.org\/backup\/it\/federation-francaise-de-cyclotourisme\/\">Federazione francese di cicloturismo<\/a><\/p>\n<p><!-- \/wp:tadv\/classic-paragraph --><\/p>\n<p><!-- wp:tadv\/classic-paragraph --><\/p>\n<p>30 d\u00e9cembre 2022 : L&#8217;interview du <strong>Pr Cottin, l&#8217;atout coeur,<\/strong> dans <a href=\"https:\/\/centcols.org\/backup\/amicale-des-cyclos-cardiaques\/\">l&#8217;Amicale des cyclo-cardiaque<\/a>s<\/p>\n<p>30 d\u00e9cembre 2022 : le <strong>bulletin trimestriel<\/strong> Janvier &#8211; Mars 2023 de l&#8217;<strong>Amicale des Cyclo-Cardiaques<\/strong> dans <a href=\"https:\/\/centcols.org\/backup\/amicale-des-cyclos-cardiaques\/\">P\u00eale-M\u00eale<\/a><\/p>\n<p>30 d\u00e9cembre 2022 : le <strong>Coreg Corse<\/strong> se pr\u00e9sente dans <a href=\"https:\/\/centcols.org\/backup\/coreg\/\">F\u00e9d\u00e9s \/ Coreg<\/a><\/p>\n<p>21 d\u00e9cembre 2022 : D\u00e9c\u00e8s de <strong>Constant Van Watershoot <\/strong>dans <a href=\"https:\/\/centcols.org\/backup\/it\/ils-nous-ont-quittes\/\">Ils nous ont quitt\u00e9s<\/a><\/p>\n<p>20 d\u00e9cembre 2022 : Etude du Codep 74 sur l&#8217;<strong>accidentologie \u00e0 v\u00e9lo<\/strong> en Haute Savoie, en 2021 et 2022 dans <a href=\"https:\/\/centcols.org\/backup\/securite-a-velo\/\">P\u00eale-M\u00eale \/ S\u00e9curit\u00e9 \u00e0 v\u00e9lo<\/a><\/p>\n<p>18 d\u00e9cembre 2022 : Suite au d\u00e9c\u00e8s de <strong>Michel Minard<\/strong>, Mise \u00e0 jour de <strong>L&#8217;Ours<\/strong> dans <a href=\"https:\/\/centcols.org\/backup\/une-info-un-article-qui-pourrait-paraitre-ici\/\">P\u00eale-M\u00eale \/ Une info, un article qui pourrait para\u00eetre ici\u00a0<\/a><\/p>\n<p>18 d\u00e9cembre 2022 : Un <strong>verbatim<\/strong> des r\u00e9actions dans la liste de discussion au d\u00e9c\u00e8s de <strong>Michel Minard<\/strong> est dans <a href=\"https:\/\/centcols.org\/backup\/it\/ils-nous-ont-quittes\/\">Ils nous ont quitt\u00e9s<\/a><\/p>\n<p><!-- \/wp:tadv\/classic-paragraph --><\/p>\n<p><!-- wp:paragraph --><\/p>\n<p>13 d\u00e9cembre 2022 : Le<strong> compte rendu de l&#8217;Assembl\u00e9e G\u00e9n\u00e9rale<\/strong> est dans <a href=\"https:\/\/centcols.org\/backup\/it\/le-site-quoi-de-neuf\/\">le site, quoi de neuf<\/a><\/p>\n<p><!-- \/wp:paragraph --><\/p>\n<p><!-- wp:paragraph --><\/p>\n<p>11 d\u00e9cembre 2022 : Mise \u00e0 jour de <a href=\"https:\/\/centcols.org\/backup\/it\/lours\/\">L&#8217;Ours <\/a>dans P\u00eale-M\u00eale \/ Une info, un article qui pourrait para\u00eetre ici<\/p>\n<p><!-- \/wp:paragraph --><\/p>\n<p><!-- wp:paragraph --><\/p>\n<p>8 d\u00e9cembre 2022 : <a href=\"https:\/\/centcols.org\/backup\/it\/les-nouveaux-membres-etude\/\">Les nouveaux membres d&#8217;une AG \u00e0 l&#8217;autre<\/a> dans Les nouveaux membres<\/p>\n<p><!-- \/wp:paragraph --><\/p>\n<p><!-- wp:paragraph --><\/p>\n<p>18 novembre 2022 : <a href=\"https:\/\/centcols.org\/backup\/it\/la-loge-des-gardes-claude-mabillot-2\/\">Rencontre Auvergne &#8211; Sept 2022<\/a> dans Le Club \/ activit\u00e9s des membres<\/p>\n<p><!-- \/wp:paragraph --><\/p>\n<p><!-- wp:paragraph --><\/p>\n<p>8 novembre 2022 : <a href=\"https:\/\/centcols.org\/backup\/it\/note-pour-gazette-bandol-ffct-2\/\">S\u00e9jour cyclotouriste<\/a> \u00e0 Bandol du 8 au 15 avril 2023 dans F\u00e9d\u00e9s \/ COREG<\/p>\n<p><!-- \/wp:paragraph --><\/p>\n<p><!-- wp:paragraph --><\/p>\n<p>1 novembre 2022 : <a href=\"https:\/\/centcols.org\/backup\/it\/beste-leden-van-de-club-des-cent-cols-2\/\">Rassemblement natio.Belgique\/Nationale bijeenkomst Belgi\u00eb<\/a> dans Le club \/ Activit\u00e9s des membres<\/p>\n<p><!-- \/wp:paragraph --><\/p>\n<p><!-- wp:paragraph --><\/p>\n<p>24 octobre 2022 : <a href=\"https:\/\/centcols.org\/backup\/it\/candidates-2\/\">Candidates <\/a>dans Les femmes, par les femmes, pour les femmes<\/p>\n<p><!-- \/wp:paragraph --><\/p>\n<p><!-- wp:paragraph --><\/p>\n<p>22 octobre 2022 : <a href=\"https:\/\/centcols.org\/backup\/it\/guy-feignon-2\/\">D\u00e9c\u00e8s de Guy Feignon<\/a> dans Le Club \/ Ils nous ont quitt\u00e9s<\/p>\n<p><!-- \/wp:paragraph --><\/p>\n<p><!-- wp:paragraph --><\/p>\n<p>21 octobre 2022 : <a href=\"https:\/\/centcols.org\/backup\/it\/les-brevets-nationaux-2\/\">Les brevets nationaux des cols routiers <\/a>dans Les membres l&#8217;ont fait<\/p>\n<p><!-- \/wp:paragraph --><\/p>\n<p><!-- wp:paragraph --><\/p>\n<p>17 octobre 2022 : <a href=\"https:\/\/centcols.org\/backup\/it\/les-nuls-declarent-leurs-cols-2\/\">Les nuls d\u00e9clarent leurs cols<\/a> dans Le site, quoi de neuf \/ Pour m\u00e9moire<\/p>\n<p><!-- \/wp:paragraph --><\/p>\n<p><!-- wp:paragraph --><\/p>\n<p>15 octobre 2022 : <a href=\"https:\/\/docs.google.com\/document\/d\/1T-uubxQI9Svi0BYQ608o9K5wEMITVkTU\/edit?usp=sharing&amp;ouid=100525306210356446259&amp;rtpof=true&amp;sd=true\">D\u00e9couvrir La Gazette <\/a>dans Le Site, quoi de neuf \/ pour m\u00e9moire<\/p>\n<p><!-- \/wp:paragraph --><\/p>\n<p><!-- wp:paragraph --><\/p>\n<p>15 octobre 2022 : <a href=\"https:\/\/centcols.org\/backup\/it\/cent-cols-au-parpaillon-lintegrale-2-2\/\">La saga du Parpaillon &#8211; L&#8217;Int\u00e9grale (&amp; \u00e9pisode 6)<\/a> dans P\u00eale-M\u00eale \/ Lire, relire, voir, revoir<\/p>\n<p><!-- \/wp:paragraph --><\/p>\n<p><!-- wp:paragraph --><\/p>\n<p>15 octobre 2022 : <a href=\"https:\/\/centcols.org\/backup\/it\/forum-2\/\">Le Forum du Club des Cent Cols \u00e0 (re)d\u00e9couvrir<\/a> dans Le Site, quoi de neuf \/ Pour m\u00e9moire<\/p>\n<p><!-- \/wp:paragraph --><\/p>\n<p><!-- wp:paragraph --><\/p>\n<p>8 octobre 2022 : <a href=\"https:\/\/centcols.org\/backup\/it\/rp-pays-2\/\">Les Randonn\u00e9es Permanentes : les pays d&#8217;origine des participants<\/a> dans Le Club \/ Activit\u00e9s des membres \/ Nouvelles des Randonn\u00e9es Permanentes<\/p>\n<p><!-- \/wp:paragraph --><\/p>\n<p><!-- wp:paragraph --><\/p>\n<p>8 octobre 2022 : <a href=\"https:\/\/docs.google.com\/document\/d\/1SDbhVnJNuY5wfdsSffSbmtTkb8GTfXIp\/edit?usp=sharing&amp;ouid=100525306210356446259&amp;rtpof=true&amp;sd=true\">Les Randonn\u00e9es Permanentes : l&#8217;historique<\/a> dans Le Club \/ Activit\u00e9s des membres \/ Nouvelles des Randonn\u00e9es Permanentes<\/p>\n<p><!-- \/wp:paragraph --><\/p>\n<p><!-- wp:paragraph --><\/p>\n<p>6 octobre 2022 :<a href=\"https:\/\/centcols.org\/backup\/it\/club-des-cent-cols-article-femmes-1-2\/\"> Les femmes par les femmes<\/a> dans P\u00eale-M\u00eale \/ Les femmes, pour les femmes, par les femmes<\/p>\n<p><!-- \/wp:paragraph --><\/p>\n<p><!-- wp:paragraph --><\/p>\n<p>1 octobre 2022 :<a href=\"https:\/\/centcols.org\/backup\/it\/rencontres-suisses-2022-2\/\"> Rencontres nationales suisses <\/a>dans Le club \/ Activit\u00e9s des membres<\/p>\n<p><!-- \/wp:paragraph --><\/p>\n<p><!-- wp:paragraph --><\/p>\n<p>23 septembre 2022 : <a href=\"https:\/\/centcols.org\/backup\/it\/rencontre-regionale-alpes-du-sud-2\/\">Rencontre r\u00e9gionale Alpes du Sud, cyclotouristes des Hautes-Alpes<\/a>, dans le club \/ Activit\u00e9s des membres<\/p>\n<p><!-- \/wp:paragraph --><\/p>\n<p><!-- wp:paragraph --><\/p>\n<p>23 septembre 2022 : <a href=\"https:\/\/centcols.org\/backup\/it\/rencontre-regionale-ccc-ocd-2\/\">Rencontre CCC \/ OCD Pyr\u00e9n\u00e9es 2022 <\/a>dans Le club \/ Activit\u00e9s des membres<\/p>\n<p><!-- \/wp:paragraph --><\/p>\n<p><!-- wp:paragraph --><\/p>\n<p>22 septembre 2022 : <a href=\"https:\/\/centcols.org\/backup\/it\/bernardini-2022-2\/\">La Bernardini 2022<\/a> dans Le club \/ Activit\u00e9s des membres<\/p>\n<p><!-- \/wp:paragraph --><\/p>\n<p><!-- wp:paragraph --><\/p>\n<p>15 septembre 2022 : <a href=\"https:\/\/docs.google.com\/document\/d\/1Z8sIPn-yBWYT2eBRXvA2FL9R1tzPKu7D\/edit\">La semaine f\u00e9d\u00e9rale 2022 FFCT \u00e0 Loud\u00e9ac <\/a> dans Le club \/ Activit\u00e9s des membres \/ Evenements externes<\/p>\n<p><!-- \/wp:paragraph --><\/p>\n<p><!-- wp:paragraph --><\/p>\n<p>09 septembre 2022 : <a href=\"https:\/\/centcols.org\/backup\/it\/deces-de-mireille-fevrier-2\/\">D\u00e9c\u00e8s de Mireille F\u00e9vrier <\/a>dans Le Club \/ Ils nous ont quitt\u00e9s<\/p>\n<p><!-- \/wp:paragraph --><\/p>\n<p><!-- wp:paragraph --><\/p>\n<p>09 septembre 2022 : <a href=\"https:\/\/centcols.org\/backup\/it\/concentration-regionale-du-grand-est-cr-2\/\">Rencontre r\u00e9gionale Grand-est<\/a> dans le club \/ activit\u00e9 des membres y \u00e9tait<\/p>\n<p><!-- \/wp:paragraph --><\/p>\n<p><!-- wp:paragraph --><\/p>\n<p>06 septembre 2022 : <a href=\"https:\/\/centcols.org\/backup\/it\/rencontre-regionale-drome-ard-vau-2\/\">Rencontre r\u00e9gionale Dr\u00f4me-Ard\u00e8che-Vaucluse<\/a> dans Le club \/ Activit\u00e9s des membres<\/p>\n<p><!-- \/wp:paragraph --><\/p>\n<p><!-- wp:paragraph --><\/p>\n<p>23 ao\u00fbt 2022 : <a href=\"https:\/\/centcols.org\/backup\/it\/radiales-ibericas-2\/\">Radiales Ibericas<\/a> dans F\u00e9d\u00e9ration Espagnole de Cyclotourisme<\/p>\n<p><!-- \/wp:paragraph --><\/p>\n<p><!-- wp:paragraph --><\/p>\n<p>23 ao\u00fbt 2022 : <a href=\"https:\/\/centcols.org\/backup\/it\/fect-et-ccc-2\/\">FECT et CCC <\/a>dans F\u00e9d\u00e9ration Espagnole de Cyclotourisme<\/p>\n<p><!-- \/wp:paragraph --><\/p>\n<p><!-- wp:paragraph --><\/p>\n<p>17 ao\u00fbt 2022 : <a href=\"https:\/\/centcols.org\/backup\/it\/les-cols-de-la-gtmc-2\/\">La Grande Travers\u00e9e du Massif Central, les cols <\/a> dans Des cols sortant des sentiers battus<\/p>\n<p><!-- \/wp:paragraph --><\/p>\n<p><!-- wp:paragraph --><\/p>\n<p>14 ao\u00fbt 2022 : <a href=\"https:\/\/centcols.org\/backup\/it\/la-mort-subite-2\/\">La mort subite <\/a>dans Amicale des cyclo-cardiaques<\/p>\n<p><!-- \/wp:paragraph --><\/p>\n<p><!-- wp:paragraph --><\/p>\n<p>6 ao\u00fbt 2022 : <a href=\"https:\/\/centcols.org\/backup\/it\/ecrire-un-article-dans-la-gazette-2\/\">Ecrire ou publier un article dans &#8220;La Gazette&#8221; ?<\/a> dans P\u00eale-M\u00eale \/<br \/>Une info, un article qui pourrait para\u00eetre ici<\/p>\n<p><!-- \/wp:paragraph --><\/p>\n<p><!-- wp:paragraph --><\/p>\n<p>5 ao\u00fbt 2022 : <a href=\"https:\/\/centcols.org\/backup\/it\/la-cyclomontagnarde-2022-2\/\">La Cyclomontagnarde d&#8217;Annecy 2022<\/a> dans Le Club \/ Activit\u00e9 des membres<\/p>\n<p><!-- \/wp:paragraph --><\/p>\n<p><!-- wp:paragraph --><\/p>\n<p>29 juillet 2022 : <a href=\"https:\/\/docs.google.com\/document\/d\/1WgRYNktMTFlO5hpopb1KIJkZO9DRRZ-e\/edit\"> La gazette c&#8217;est quoi ? <\/a> dans Lesite, quoi de neuf<\/p>\n<p><!-- \/wp:paragraph --><\/p>\n<p><!-- wp:paragraph --><\/p>\n<p>29 juillet 2022 : <a href=\"https:\/\/centcols.org\/backup\/it\/les-rp-evoluent-2-2\/\">Les Randonn\u00e9es du Club des Cent Cols, elles \u00e9voluent <\/a> dans Le site \/ quoi de neuf \/ A la une<\/p>\n<p><!-- \/wp:paragraph --><\/p>\n<p><!-- wp:paragraph --><\/p>\n<p>29 juillet 2022 : <a href=\"https:\/\/centcols.org\/backup\/it\/le-club-des-cent-cols-dans-wikipedia-2\/\">Wikip\u00e9dia<\/a><\/p>\n<p><!-- \/wp:paragraph --><\/p>\n<p><!-- wp:paragraph --><\/p>\n<p>29 juillet 2022 : <a href=\"https:\/\/centcols.org\/backup\/it\/cols-sur-trace-docx-2\/\">Red\u00e9couvert sur la liste de discussion et sur Facebook: Cols sur trace<\/a><\/p>\n<p><!-- \/wp:paragraph --><\/p>\n<p><!-- wp:paragraph --><\/p>\n<p>29 juillet 2022 : <a href=\"https:\/\/centcols.org\/backup\/it\/le-partenariat-club-des-cent-cols-et-openrunner-2\/\">Le partenariat Club des Cent Cols-Openrunner<\/a> dans Le club \/ partenariats<\/p>\n<p><!-- \/wp:paragraph --><\/p>\n<p><!-- wp:paragraph --><\/p>\n<p>29 juillet 2022 : <a href=\"https:\/\/docs.google.com\/document\/d\/1qGPwmukgrOEYiPivWy3KPkeAK3RTmnM1\/edit\">L&#8217;Ard\u00e9choise 2022, stand et parcours<\/a> <a href=\"https:\/\/photos.google.com\/share\/AF1QipNayhz2vT8qjUtZh7LVJIw9N4VbGQRFnUAcj9sRw-R1ZAXY2Itv9yqs5-MfKSpFTw?key=MGF2SzFqcXVsS0YxUDI5V1pVOXJvZDZpSWZvVUZ3\">et photos<\/a><\/p>\n<p><!-- \/wp:paragraph --><\/p>\n<p><!-- wp:paragraph --><\/p>\n<p>29 juillet 2022 : <a href=\"https:\/\/centcols.org\/backup\/it\/le-port-du-casque-docx-2\/\">Le port du casque, obligatoire ? <\/a> dans P\u00eale-M\u00eale \/ S\u00e9curit\u00e9 \u00e0 v\u00e9lo<\/p>\n<p><!-- \/wp:paragraph --><\/p>\n<p><!-- wp:paragraph --><\/p>\n<p>29 juillet 2022 : <a href=\"https:\/\/centcols.org\/backup\/it\/securite-codep74-2-docx-2\/\">Accidentologie et v\u00e9lo CODEP 74 2021<\/a> dans P\u00eale-M\u00eale \/ S\u00e9curit\u00e9<\/p>\n<p><!-- \/wp:paragraph --><\/p>\n<p><!-- wp:paragraph --><\/p>\n<p>29 juillet 2022 :<a href=\"https:\/\/centcols.org\/backup\/it\/gazette-bpf-docx-2\/\"> Les Brevets des Provinces Fran\u00e7aises<\/a><\/p>\n<p><!-- \/wp:paragraph --><\/p>","protected":false},"excerpt":{"rendered":"<p>I testi pubblicati sulla Gazzetta sono pubblicati direttamente nella sezione pertinente (Il Club, le Federazioni, ecc.). Per facilitare la ricerca di nuovi testi, i loro link sono elencati qui, ordinati per data decrescente. 1 maggio : decesso di Alain Balalas in\u00a0 Ci hanno lasciato 30 aprile : l&#8217;evoluzione delle licenze FFCT presso il club Cent [&hellip;]<\/p>\n","protected":false},"author":69,"featured_media":0,"parent":0,"menu_order":0,"comment_status":"closed","ping_status":"closed","template":"","meta":{"_acf_changed":false,"ub_ctt_via":"","_monsterinsights_skip_tracking":false,"_monsterinsights_sitenote_active":false,"_monsterinsights_sitenote_note":"","_monsterinsights_sitenote_category":0,"footnotes":""},"acf":[],"featured_image_urls":{"full":"","thumbnail":"","medium":"","medium_large":"","large":"","1536x1536":"","2048x2048":"","woocommerce_thumbnail":"","woocommerce_single":"","woocommerce_gallery_thumbnail":""},"post_excerpt_stackable":"<p>I testi pubblicati sulla Gazzetta sono pubblicati direttamente nella sezione pertinente (Il Club, le Federazioni, ecc.). Per facilitare la ricerca di nuovi testi, i loro link sono elencati qui, ordinati per data decrescente. 1 maggio : decesso di Alain Balalas in\u00a0 Ci hanno lasciato 30 aprile : l&#8217;evoluzione delle licenze FFCT presso il club Cent Cols in\u00a0Le Federazioni \/ FFCT 29 aprile: la presentazione della Settimana Europea di Plasencia in Estremadura (Spagna) pu\u00f2 essere letta in\u00a0Le Federazioni \/ UECT 26 aprile: decesso di Jean-Paul Cuffolo in\u00a0 Ci hanno lasciato 13 aprile: le s\u00e9jour multi-activit\u00e9s du Coreg Auvergne &#8211; Rh\u00f4ne-Alpes est&hellip;<\/p>\n","category_list":"","author_info":{"name":"Enrico Alberini","url":"https:\/\/centcols.org\/backup\/it\/author\/5065\/"},"comments_num":"0 commenti","featured_image_urls_v2":{"full":"","thumbnail":"","medium":"","medium_large":"","large":"","1536x1536":"","2048x2048":"","woocommerce_thumbnail":"","woocommerce_single":"","woocommerce_gallery_thumbnail":""},"post_excerpt_stackable_v2":"<p>I testi pubblicati sulla Gazzetta sono pubblicati direttamente nella sezione pertinente (Il Club, le Federazioni, ecc.). Per facilitare la ricerca di nuovi testi, i loro link sono elencati qui, ordinati per data decrescente. 1 maggio : decesso di Alain Balalas in\u00a0 Ci hanno lasciato 30 aprile : l&#8217;evoluzione delle licenze FFCT presso il club Cent Cols in\u00a0Le Federazioni \/ FFCT 29 aprile: la presentazione della Settimana Europea di Plasencia in Estremadura (Spagna) pu\u00f2 essere letta in\u00a0Le Federazioni \/ UECT 26 aprile: decesso di Jean-Paul Cuffolo in\u00a0 Ci hanno lasciato 13 aprile: le s\u00e9jour multi-activit\u00e9s du Coreg Auvergne &#8211; Rh\u00f4ne-Alpes est&hellip;<\/p>\n","category_list_v2":"","author_info_v2":{"name":"Enrico Alberini","url":"https:\/\/centcols.org\/backup\/it\/author\/5065\/"},"comments_num_v2":"0 commenti","featured_image_src":null,"_links":{"self":[{"href":"https:\/\/centcols.org\/backup\/it\/wp-json\/wp\/v2\/pages\/69855"}],"collection":[{"href":"https:\/\/centcols.org\/backup\/it\/wp-json\/wp\/v2\/pages"}],"about":[{"href":"https:\/\/centcols.org\/backup\/it\/wp-json\/wp\/v2\/types\/page"}],"author":[{"embeddable":true,"href":"https:\/\/centcols.org\/backup\/it\/wp-json\/wp\/v2\/users\/69"}],"replies":[{"embeddable":true,"href":"https:\/\/centcols.org\/backup\/it\/wp-json\/wp\/v2\/comments?post=69855"}],"version-history":[{"count":0,"href":"https:\/\/centcols.org\/backup\/it\/wp-json\/wp\/v2\/pages\/69855\/revisions"}],"wp:attachment":[{"href":"https:\/\/centcols.org\/backup\/it\/wp-json\/wp\/v2\/media?parent=69855"}],"curies":[{"name":"wp","href":"https:\/\/api.w.org\/{rel}","templated":true}]}}