{"id":74334,"date":"2023-06-02T14:48:16","date_gmt":"2023-06-02T12:48:16","guid":{"rendered":"https:\/\/centcols.org\/backup\/?page_id=74334"},"modified":"2023-06-02T14:53:19","modified_gmt":"2023-06-02T12:53:19","slug":"bra","status":"publish","type":"page","link":"https:\/\/centcols.org\/backup\/it\/bra\/","title":{"rendered":"Le Brevet de Randonneur des Alpes (BRA)"},"content":{"rendered":"\n<div class=\"wp-block-columns is-layout-flex wp-container-core-columns-is-layout-1 wp-block-columns-is-layout-flex\">\n<div class=\"wp-block-column is-layout-flow wp-block-column-is-layout-flow\" style=\"flex-basis:66.66%\">\n<p class=\"has-medium-font-size\">Le BRA a \u00e9t\u00e9 cr\u00e9\u00e9 en 1936 par Gustave Darchieux et est organis\u00e9 par les Cyclotouristes Grenoblois.<\/p>\n\n\n\n<p class=\"has-medium-font-size\">Le 51<sup>\u00e8me<\/sup> Brevet de Randonneur des Alpes aura lieu les\u00a0 15 et 16 juillet prochain.<br><em>(Le samedi 15 et dimanche 16 pour le <strong>BAC <\/strong>(Brevet Alpin de Cyclotourisme) et le dimanche 16 pour l\u2019\u00e9preuve traditionnelle en 1 jour).<\/em><\/p>\n<\/div>\n\n\n\n<div class=\"wp-block-column is-layout-flow wp-block-column-is-layout-flow\" style=\"flex-basis:33.33%\">\n<div class=\"wp-block-image\"><figure class=\"aligncenter size-large is-resized\"><img loading=\"lazy\" decoding=\"async\" src=\"https:\/\/centcols.org\/backup\/wp-content\/uploads\/2023\/06\/CTG.jpg\" alt=\"\" class=\"wp-image-74335\" width=\"184\" height=\"173\"\/><\/figure><\/div>\n<\/div>\n<\/div>\n\n\n\n<p class=\"has-medium-font-size\">Cette cyclomontagnarde\u00a0 &#8211; la plus belle &#8211; vous permettra d\u2019admirer \u2026.au loin<br>&#8211; depuis le col du Glandon : le Mont-Blanc, <br>&#8211; du col de la Croix de Fer : les Aiguilles d&#8217;Arves,<br>&#8211; du col du Galibier : le Massif des \u00c9crins et la Meije.<\/p>\n\n\n\n<p class=\"has-medium-font-size\"><strong>Le BRA permet de franchir 8 cols (9 pour le Super-BRA) dont 4 cols \u00e0 plus de 2000 m<\/strong>\u00a0 \u2026.<\/p>\n\n\n\n<h3 class=\"kt-adv-heading_2762cb-81 wp-block-kadence-advancedheading\" data-kb-block=\"kb-adv-heading_2762cb-81\"><strong>D\u00e9parts (BRA et BAC)\u00a0 et h\u00e9bergement (BAC)<\/strong><\/h3>\n\n\n\n<p class=\"has-medium-font-size\">Depuis la 50<sup>\u00e8me<\/sup> \u00e9dition (2019) le <strong>d\u00e9part a lieu de Bourg d\u2019Oisans<\/strong> (ce qui \u00e9vite, comme c\u2019\u00e9tait le cas des pr\u00e9c\u00e9dentes \u00e9ditions, la fastidieuse mont\u00e9e (de nuit) de la vall\u00e9e de la Romanche de Vizille \u00e0 Rochetaill\u00e9 (et sa descente au retour\u00a0!).<\/p>\n\n\n\n<p class=\"has-medium-font-size\"><strong>BAC\u00a0<\/strong>: d\u00e9part le samedi de 7h \u00e0 10h \u2013 H\u00e9bergement\u00a0 \u00e0 Saint Michel de Maurienne, Valmenier ou Valloire\u00a0 (r\u00e9servation en ligne d\u2019urgence \u2026)<\/p>\n\n\n\n<p class=\"has-medium-font-size\"><strong>BRA\u00a0<\/strong>: d\u00e9part le dimanche \u00e0 4 h, 5 h et 6 heures.<\/p>\n\n\n\n<h2 class=\"kt-adv-heading_117c51-a8 wp-block-kadence-advancedheading\" data-kb-block=\"kb-adv-heading_117c51-a8\"><strong>Le parcours traditionnel\u00a0: BRA et BAC<\/strong><br>174 km et 4.280 m de D+ &#8211; Option 1<\/h2>\n\n\n\n<p class=\"has-medium-font-size\">D\u00e9part de <strong>Bourg d\u2019Oisans<\/strong>, voie verte \u00a0rive gauche de la Romanche\u00a0 jusqu\u2019\u00e0 <strong>Rochetaill\u00e9 <\/strong>(lieudit Pont Rouge), puis remont\u00e9e de la <strong>Vall\u00e9e de l\u2019eau d\u2019Olle<\/strong>, par Allemond, le Barrage du Verney, le Rivier d\u2019Allemond, travers\u00e9e de l\u2019Eau d\u2019Olle, apr\u00e8s une courte descente, et une remont\u00e9e assez raide (11% pour le premier kilom\u00e8tre) <em>\u2013 (l\u2019ancienne route emport\u00e9e en avril 1989 par l\u2019\u00e9boulement du Pic Brunard est encore visible sur la rive droite) \u2013 <\/em>puis \u00e0 droite le barrage et le Lac de Grandmaison,\u00a0 \u00e0 la c\u00f4te 1907 (\u00e0 2,7 km du col de la Croix de Fer, le carrefour vers le <strong>Col du Glandon<\/strong> <strong>(<u><a href=\"https:\/\/centcols.org\/backup\/util\/geo\/visu.php?code=FR-73-1924\" target=\"_blank\" rel=\"noopener\" title=\"\">FR-73-1924<\/a><\/u>)<\/strong> \u00e0 250 m \u2013 le chasseur de col ne manquera pas le d\u00e9tour et en profitera pour admirer le Mont Blanc\u00a0.<\/p>\n\n\n\n<p class=\"has-medium-font-size\">Contr\u00f4le au <strong>Col de la Croix de Fer<\/strong> <strong>(<u><a href=\"https:\/\/centcols.org\/backup\/util\/geo\/visu.php?code=FR-73-2064a\" target=\"_blank\" rel=\"noopener\" title=\"\">FR-73-2064a<\/a><\/u>) <\/strong>\u00a0\u2013 face aux Aiguilles d\u2019Arves.<\/p>\n\n\n\n<p class=\"has-medium-font-size\">Ensuite descente par Saint Sorlin d\u2019Arves, remont\u00e9e au <strong>Col du Mollard<\/strong> <strong>(<u><a href=\"https:\/\/centcols.org\/backup\/util\/geo\/visu.php?code=FR-73-1638\" target=\"_blank\" rel=\"noopener\" title=\"\">FR-73-1638<\/a><\/u>)<\/strong>, descente sur la Maurienne par Albiez le Jeune et Villargondran (et les 48 lacets)\u00a0; remont\u00e9e de la vall\u00e9e de l\u2019Arc par Saint-Julien Mondenis jusqu\u2019\u00e0 <strong>Saint Michel de Maurienne.<\/strong><\/p>\n\n\n\n<p class=\"has-medium-font-size\">Ascension du <strong>Col du T\u00e9l\u00e9graphe<\/strong> <strong>(<u><a href=\"https:\/\/centcols.org\/backup\/util\/geo\/visu.php?code=FR-73-1566\" target=\"_blank\" rel=\"noopener\" title=\"\">FR-73-1566<\/a><\/u>)<\/strong>, dans la courte descente sur Valloire, passage <strong>Le Col\u00a0 \u00a0(<u><a href=\"https:\/\/centcols.org\/backup\/util\/geo\/visu.php?code=FR-73-1522\" target=\"_blank\" rel=\"noopener\" title=\"\">FR-73-1522<\/a><\/u>)<\/strong>, puis attaque du principal morceau\u00a0: Les Verneys, Plan Lachat, \u00e0 droite de la route Le <strong>Collet du Plan Nicolas\u00a0 (<u><a href=\"https:\/\/centcols.org\/backup\/util\/geo\/visu.php?code=FR-73-2406\" target=\"_blank\" rel=\"noopener\" title=\"\">FR-73-2406<\/a><\/u>) <\/strong>et \u2026 le <strong>Col du Galibier (<u><a href=\"https:\/\/centcols.org\/backup\/util\/geo\/visu.php?code=FR-05-2642a\" target=\"_blank\" rel=\"noopener\" title=\"\">FR-05-2642a<\/a><\/u>)<\/strong>, face \u00e0 la Meige.<br>Descente au <strong>Col du Lautaret (<u><a href=\"https:\/\/centcols.org\/backup\/util\/geo\/visu.php?code=FR-05-2057\" target=\"_blank\" rel=\"noopener\" title=\"\">FR-05-2057<\/a><\/u>)<\/strong>, la Grave, le parcours empruntera la voie verte <em>(qui a \u00e9t\u00e9 cr\u00e9\u00e9e comme route de secours apr\u00e8s l\u2019effondrement du Tunnel du Chambon)<\/em>, barrage du Chambon, le Freney d\u2019Oisans et Bourg d\u2019Oisans.<\/p>\n\n\n\n<div class=\"wp-block-image\"><figure class=\"aligncenter size-large is-resized\"><img loading=\"lazy\" decoding=\"async\" src=\"https:\/\/centcols.org\/backup\/wp-content\/uploads\/2023\/06\/BRA1.jpg\" alt=\"\" class=\"wp-image-74341\" width=\"1003\" height=\"611\" srcset=\"https:\/\/centcols.org\/backup\/wp-content\/uploads\/2023\/06\/BRA1.jpg 1023w, https:\/\/centcols.org\/backup\/wp-content\/uploads\/2023\/06\/BRA1-500x305.jpg 500w, https:\/\/centcols.org\/backup\/wp-content\/uploads\/2023\/06\/BRA1-768x468.jpg 768w, https:\/\/centcols.org\/backup\/wp-content\/uploads\/2023\/06\/BRA1-600x366.jpg 600w\" sizes=\"(max-width: 1003px) 100vw, 1003px\" \/><figcaption><strong>BRA et BAC : la carte<\/strong><\/figcaption><\/figure><\/div>\n\n\n\n<div class=\"wp-block-image\"><figure class=\"aligncenter size-large\"><img loading=\"lazy\" decoding=\"async\" width=\"405\" height=\"336\" src=\"https:\/\/centcols.org\/backup\/wp-content\/uploads\/2023\/06\/BRA2.jpg\" alt=\"\" class=\"wp-image-74347\"\/><figcaption><strong>BRA et BAC : le profil<\/strong><\/figcaption><\/figure><\/div>\n\n\n\n<h2 class=\"kt-adv-heading_929d31-5b wp-block-kadence-advancedheading\" data-kb-block=\"kb-adv-heading_929d31-5b\"><strong>BRA+ et BAC+<\/strong> <br>182 km et 4.680 m de D+ &#8211; Option 2 en rouge sur la carte ci-apr\u00e8s<\/h2>\n\n\n\n<p class=\"has-medium-font-size\">Au retour, au km 162, au <strong>Freney d\u2019Oisans<\/strong>, la mont\u00e9e en direction de la station d\u2019<strong>Auris<\/strong>, jusqu\u2019au Cerf d\u2019Auris (1343 m), permettra de revenir par le <strong>Belv\u00e9d\u00e8re de l\u2019Armentier<\/strong> et d\u2019admirer la vue plongeante sur la vall\u00e9e\u00a0de la Romanche 600 m plus bas\u00a0!<\/p>\n\n\n\n<h2 class=\"kt-adv-heading_4087bd-e2 wp-block-kadence-advancedheading\" data-kb-block=\"kb-adv-heading_4087bd-e2\"><strong>Super BRA et Super-BAC<\/strong> <br>197 km et 5.200 m de D+ &#8211; Option 3 en vert sur la carte<\/h2>\n\n\n\n<p class=\"has-medium-font-size\">Du <strong>barrage du Chambon<\/strong>, direction Mizo\u00ebn et Clavans par la vall\u00e9e du Ferrand pour atteindre le <strong>Col de Sarenne (<u><a href=\"https:\/\/centcols.org\/backup\/util\/geo\/visu.php?code=FR-38-1999\" target=\"_blank\" rel=\"noopener\" title=\"\">FR-38-1999<\/a><\/u>) <\/strong><em>(h\u00e9las apr\u00e8s de nombreuses recherche nous avons d\u00fb admettre \u2026.qu\u2019il manque un m\u00e8tre pour atteindre les 2.000 m) <\/em>puis rejoindre Bourg d\u2019Oisans en passant par l\u2019Alpe d\u2019Huez.<\/p>\n\n\n\n<h2 class=\"kt-adv-heading_ca3553-c4 wp-block-kadence-advancedheading\" data-kb-block=\"kb-adv-heading_ca3553-c4\"><strong>Super BRA+ et Super BAC +<\/strong> <br>209 km et 5.252 m de D+ &#8211; Option 4 en vert puis violet<\/h2>\n\n\n\n<p class=\"has-medium-font-size\">Dans la descente de l\u2019Alpe, \u00e0 <strong>Huez village<\/strong> \u00e0 droite vers le <strong>Passage de la Confession<\/strong> <em>(non\u00a0! ce n\u2019est pas un col\u00a0!)<\/em> et Villard-Reculas pour retour \u00e0 Bourg d\u2019Oisans par Allemond et sa voie verte en rive gauche de la Romanche.<\/p>\n\n\n\n<div class=\"wp-block-image\"><figure class=\"aligncenter size-large is-resized\"><img loading=\"lazy\" decoding=\"async\" src=\"https:\/\/centcols.org\/backup\/wp-content\/uploads\/2023\/06\/BRA3.jpg\" alt=\"\" class=\"wp-image-74353\" width=\"1011\" height=\"657\" srcset=\"https:\/\/centcols.org\/backup\/wp-content\/uploads\/2023\/06\/BRA3.jpg 978w, https:\/\/centcols.org\/backup\/wp-content\/uploads\/2023\/06\/BRA3-500x325.jpg 500w, https:\/\/centcols.org\/backup\/wp-content\/uploads\/2023\/06\/BRA3-768x499.jpg 768w, https:\/\/centcols.org\/backup\/wp-content\/uploads\/2023\/06\/BRA3-600x390.jpg 600w\" sizes=\"(max-width: 1011px) 100vw, 1011px\" \/><figcaption><br><strong>BRA+ et BAC+ en rouge, Super Bra et Super Bac en Vert, Super BRA+ et super BAC+ en vert puis violet<\/strong><\/figcaption><\/figure><\/div>\n\n\n\n<div class=\"wp-block-image\"><figure class=\"aligncenter size-large\"><img loading=\"lazy\" decoding=\"async\" width=\"580\" height=\"432\" src=\"https:\/\/centcols.org\/backup\/wp-content\/uploads\/2023\/06\/BRA4.jpg\" alt=\"\" class=\"wp-image-74359\" srcset=\"https:\/\/centcols.org\/backup\/wp-content\/uploads\/2023\/06\/BRA4.jpg 580w, https:\/\/centcols.org\/backup\/wp-content\/uploads\/2023\/06\/BRA4-500x372.jpg 500w\" sizes=\"(max-width: 580px) 100vw, 580px\" \/><figcaption><strong>Profil du Super BRA+<\/strong><\/figcaption><\/figure><\/div>\n\n\n\n<p class=\"has-medium-font-size\">Enfin pour ceux qui souhaitent participer \u00e0 la f\u00eate avec un parcours all\u00e9g\u00e9 un parcours D\u00e9couverte de l\u2019Oisans (77 km et 1774 m de D+) est propos\u00e9 avec le <strong>Col de Sarenne (<u><a href=\"https:\/\/centcols.org\/backup\/util\/geo\/visu.php?code=FR-38-1999\" target=\"_blank\" rel=\"noopener\" title=\"\">FR-38-1999<\/a><\/u>) <\/strong>ou seulement le <strong>Balcon de l\u2019Armentier<\/strong> (50 km et 1047 m de D+)<\/p>\n\n\n\n<p class=\"has-medium-font-size\"><a href=\"https:\/\/cyclotourisme-grenoble-ctg.org\/bra\/\" target=\"_blank\" rel=\"noopener\" title=\"\">Informations en ligne<\/a><\/p>\n\n\n\n<p class=\"has-medium-font-size\"><a href=\"https:\/\/inscriptions-ffct.org\/cmbra2023\/select_competition\" target=\"_blank\" rel=\"noopener\" title=\"\">Bulletin d\u2019Inscription<\/a><\/p>\n","protected":false},"excerpt":{"rendered":"<p>Le BRA a \u00e9t\u00e9 cr\u00e9\u00e9 en 1936 par Gustave Darchieux et est organis\u00e9 par les Cyclotouristes Grenoblois. Le 51\u00e8me Brevet de Randonneur des Alpes aura lieu les\u00a0 15 et 16 juillet prochain.(Le samedi 15 et dimanche 16 pour le BAC (Brevet Alpin de Cyclotourisme) et le dimanche 16 pour l\u2019\u00e9preuve traditionnelle en 1 jour). Cette [&hellip;]<\/p>\n","protected":false},"author":397,"featured_media":0,"parent":0,"menu_order":0,"comment_status":"closed","ping_status":"closed","template":"","meta":{"_acf_changed":false,"ub_ctt_via":"","_monsterinsights_skip_tracking":false,"_monsterinsights_sitenote_active":false,"_monsterinsights_sitenote_note":"","_monsterinsights_sitenote_category":0,"footnotes":""},"acf":[],"featured_image_urls":{"full":"","thumbnail":"","medium":"","medium_large":"","large":"","1536x1536":"","2048x2048":"","woocommerce_thumbnail":"","woocommerce_single":"","woocommerce_gallery_thumbnail":""},"post_excerpt_stackable":"<p>Le BRA a \u00e9t\u00e9 cr\u00e9\u00e9 en 1936 par Gustave Darchieux et est organis\u00e9 par les Cyclotouristes Grenoblois. Le 51\u00e8me Brevet de Randonneur des Alpes aura lieu les\u00a0 15 et 16 juillet prochain.(Le samedi 15 et dimanche 16 pour le BAC (Brevet Alpin de Cyclotourisme) et le dimanche 16 pour l\u2019\u00e9preuve traditionnelle en 1 jour). Cette cyclomontagnarde\u00a0 &#8211; la plus belle &#8211; vous permettra d\u2019admirer \u2026.au loin&#8211; depuis le col du Glandon : le Mont-Blanc, &#8211; du col de la Croix de Fer : les Aiguilles d&#8217;Arves,&#8211; du col du Galibier : le Massif des \u00c9crins et la Meije. Le BRA&hellip;<\/p>\n","category_list":"","author_info":{"name":"Denis Chouquet-Stringer","url":"https:\/\/centcols.org\/backup\/it\/author\/6183\/"},"comments_num":"0 commenti","featured_image_urls_v2":{"full":"","thumbnail":"","medium":"","medium_large":"","large":"","1536x1536":"","2048x2048":"","woocommerce_thumbnail":"","woocommerce_single":"","woocommerce_gallery_thumbnail":""},"post_excerpt_stackable_v2":"<p>Le BRA a \u00e9t\u00e9 cr\u00e9\u00e9 en 1936 par Gustave Darchieux et est organis\u00e9 par les Cyclotouristes Grenoblois. Le 51\u00e8me Brevet de Randonneur des Alpes aura lieu les\u00a0 15 et 16 juillet prochain.(Le samedi 15 et dimanche 16 pour le BAC (Brevet Alpin de Cyclotourisme) et le dimanche 16 pour l\u2019\u00e9preuve traditionnelle en 1 jour). Cette cyclomontagnarde\u00a0 &#8211; la plus belle &#8211; vous permettra d\u2019admirer \u2026.au loin&#8211; depuis le col du Glandon : le Mont-Blanc, &#8211; du col de la Croix de Fer : les Aiguilles d&#8217;Arves,&#8211; du col du Galibier : le Massif des \u00c9crins et la Meije. Le BRA&hellip;<\/p>\n","category_list_v2":"","author_info_v2":{"name":"Denis Chouquet-Stringer","url":"https:\/\/centcols.org\/backup\/it\/author\/6183\/"},"comments_num_v2":"0 commenti","featured_image_src":null,"_links":{"self":[{"href":"https:\/\/centcols.org\/backup\/it\/wp-json\/wp\/v2\/pages\/74334"}],"collection":[{"href":"https:\/\/centcols.org\/backup\/it\/wp-json\/wp\/v2\/pages"}],"about":[{"href":"https:\/\/centcols.org\/backup\/it\/wp-json\/wp\/v2\/types\/page"}],"author":[{"embeddable":true,"href":"https:\/\/centcols.org\/backup\/it\/wp-json\/wp\/v2\/users\/397"}],"replies":[{"embeddable":true,"href":"https:\/\/centcols.org\/backup\/it\/wp-json\/wp\/v2\/comments?post=74334"}],"version-history":[{"count":0,"href":"https:\/\/centcols.org\/backup\/it\/wp-json\/wp\/v2\/pages\/74334\/revisions"}],"wp:attachment":[{"href":"https:\/\/centcols.org\/backup\/it\/wp-json\/wp\/v2\/media?parent=74334"}],"curies":[{"name":"wp","href":"https:\/\/api.w.org\/{rel}","templated":true}]}}