{"id":77910,"date":"2023-03-03T11:09:55","date_gmt":"2023-03-03T10:09:55","guid":{"rendered":"https:\/\/centcols.org\/backup\/liste-parcours-cent-cols-sur-or-2\/"},"modified":"2023-11-20T07:54:15","modified_gmt":"2023-11-20T06:54:15","slug":"liste-parcours-cent-cols-sur-or-2","status":"publish","type":"page","link":"https:\/\/centcols.org\/backup\/it\/liste-parcours-cent-cols-sur-or-2\/","title":{"rendered":"I percorsi dei membri etichettati dal Club: gli elenchi"},"content":{"rendered":"\n<p>I titoli dei corsi sono ordinati alfabeticamente e poi per suddivisione amministrativa. Il link sul titolo apre direttamente la descrizione del percorso.<\/p>\n\n\n\n<p>Una prima idea della difficolt\u00e0 complessiva del percorso \u00e8 data dalla distanza percorsa e dal dislivello. Ulteriori informazioni sulle difficolt\u00e0 specifiche sono fornite nella descrizione di ciascun percorso.<\/p>\n\n\n\n<p class=\"has-text-align-center has-normal-font-size\">Nella tabella seguente, <strong>i percorsi in grassetto, corsivo e su sfondo blu <\/strong>non soddisfano le specifiche, ma potrebbero essere di interesse per alcuni membri.<\/p>\n\n\n\n<h2 class=\"kt-adv-heading77910_d9d040-ac wp-block-kadence-advancedheading\" data-kb-block=\"kb-adv-heading77910_d9d040-ac\">Germania<\/h2>\n\n\n\n<figure class=\"wp-block-table is-style-stripes has-small-font-size\">\n<table>\n<thead>\n<tr>\n<th><span style=\"font-size: 20px;\">Titolo del percorso<\/span><\/th>\n<th><span style=\"font-size: 20px;\">Strada, MTB, gravel<\/span><\/th>\n<th><span style=\"font-size: 20px;\">km<\/span><\/th>\n<th><span style=\"font-size: 20px;\">D+<\/span><\/th>\n<th><span style=\"font-size: 20px;\">Passi<\/span><\/th>\n<th><span style=\"font-size: 20px;\">Autore<\/span><\/th>\n<\/tr>\n<\/thead>\n<tbody>\n<tr>\n<td>\n<p><a title=\"\" href=\"https:\/\/centcols.org\/backup\/de-bw-bad-krozingen-foret-noire\/\" target=\"_blank\" rel=\"noopener\"><span style=\"font-size: 20px;\">DE-BW For\u00eat Noire Bad Krozingen&nbsp;<\/span><\/a><\/p>\n<\/td>\n<td><span style=\"font-size: 20px;\">Gravel<\/span><\/td>\n<td><span style=\"font-size: 20px;\">66<\/span><\/td>\n<td><span style=\"font-size: 20px;\">1550<\/span><\/td>\n<td><span style=\"font-size: 20px;\">12<\/span><\/td>\n<td rowspan=\"24\"><span style=\"font-size: 20px;\">&nbsp;<\/span><br><span style=\"font-size: 20px;\">&nbsp;<\/span><br><span style=\"font-size: 20px;\">&nbsp;<\/span><br><span style=\"font-size: 20px;\">&nbsp;<\/span><br><span style=\"font-size: 20px;\">&nbsp;<\/span><br><span style=\"font-size: 20px; color: #000000;\"><strong><em>&nbsp;<\/em><\/strong><\/span><br><span style=\"font-size: 20px;\">Jean-Luc&nbsp;<\/span><br><span style=\"font-size: 20px;\">&nbsp;<\/span><br><span style=\"font-size: 20px;\">&nbsp;<\/span><br><span style=\"font-size: 20px;\">&nbsp;<\/span><br><span style=\"font-size: 20px;\">Ceccato<\/span><br><em><strong><span style=\"font-size: 20px;\">&nbsp;<\/span><\/strong><\/em><br><span style=\"font-size: 20px;\">&nbsp;<\/span><br><span style=\"font-size: 20px;\">&nbsp;<\/span><br><span style=\"font-size: 20px;\">&nbsp;<\/span><br><span style=\"font-size: 20px;\">&nbsp;<\/span><br><span style=\"font-size: 20px;\">&nbsp;<\/span><br><span style=\"font-size: 20px;\">&nbsp;<\/span><br><span style=\"font-size: 20px;\">&nbsp;<\/span><br><span style=\"font-size: 20px;\">&nbsp;<\/span><br><span style=\"font-size: 20px;\">&nbsp;<\/span><br><span style=\"font-size: 20px;\">&nbsp;<\/span><br><span style=\"font-size: 20px; color: #000000;\">&nbsp;<\/span><br><span style=\"font-size: 20px;\">&nbsp;<\/span><\/td>\n<\/tr>\n<tr>\n<td><span style=\"font-size: 20px;\"><a title=\"\" href=\"https:\/\/centcols.org\/backup\/de-bw-biberach-est-foret-noire\/\" target=\"_blank\" rel=\"noopener\">DE-BW For\u00eat Noire Biberach est<\/a><\/span><\/td>\n<td><span style=\"font-size: 20px;\">Gravel<\/span><\/td>\n<td><span style=\"font-size: 20px;\">41<\/span><\/td>\n<td><span style=\"font-size: 20px;\">1250<\/span><\/td>\n<td><span style=\"font-size: 20px;\">11<\/span><\/td>\n<\/tr>\n<tr>\n<td><span style=\"font-size: 20px;\"><a title=\"\" href=\"https:\/\/centcols.org\/backup\/de-bw-biberach-ouest-foret-noire\/\" target=\"_blank\" rel=\"noopener\">DE-BW For\u00eat Noire Biberach ouest<\/a><\/span><\/td>\n<td><span style=\"font-size: 20px;\">Gravel&nbsp;<\/span><\/td>\n<td><span style=\"font-size: 20px;\">50<\/span><\/td>\n<td><span style=\"font-size: 20px;\">1250<\/span><\/td>\n<td><span style=\"font-size: 20px;\">6<\/span><\/td>\n<\/tr>\n<tr>\n<td><span style=\"font-size: 20px;\"><a title=\"\" href=\"https:\/\/centcols.org\/backup\/de-bw-buchenbach-foret-noire\/\" target=\"_blank\" rel=\"noopener\">DE-BW For\u00eat Noire Buchenbach<\/a><\/span><\/td>\n<td><span style=\"font-size: 20px;\">Gravel<\/span><\/td>\n<td><span style=\"font-size: 20px;\">61<\/span><\/td>\n<td><span style=\"font-size: 20px;\">1360<\/span><\/td>\n<td><span style=\"font-size: 20px;\">10<\/span><\/td>\n<\/tr>\n<tr>\n<td><a title=\"\" href=\"https:\/\/centcols.org\/backup\/de-bw-durbach-foret-noire\/\" target=\"_blank\" rel=\"noopener\"><span style=\"font-size: 20px;\">DE-BW For\u00eat Noire Durbach<\/span><\/a><\/td>\n<td><span style=\"font-size: 20px;\">MTB \/ Gravel<\/span><\/td>\n<td><span style=\"font-size: 20px;\">41<\/span><\/td>\n<td><span style=\"font-size: 20px;\">1309<\/span><\/td>\n<td><span style=\"font-size: 20px;\">12<\/span><\/td>\n<\/tr>\n<tr>\n<td><span style=\"font-size: 20px; color: #000000;\"><a title=\"\" href=\"https:\/\/centcols.org\/backup\/de-bw-gaggenau-foret-noire\/\" target=\"_blank\" rel=\"noopener\"><strong><em>DE-BW For\u00eat Noire Gaggenau<\/em><\/strong><\/a><\/span><\/td>\n<td><span style=\"font-size: 20px; color: #000000;\"><strong><em>Gravel<\/em><\/strong><\/span><\/td>\n<td><span style=\"font-size: 20px; color: #000000;\"><strong><em>120<\/em><\/strong><\/span><\/td>\n<td><span style=\"font-size: 20px; color: #000000;\"><strong><em>2750<\/em><\/strong><\/span><\/td>\n<td><span style=\"font-size: 20px; color: #000000;\"><strong><em>9<\/em><\/strong><\/span><\/td>\n<\/tr>\n<tr>\n<td><span style=\"font-size: 20px;\"><a title=\"\" href=\"https:\/\/centcols.org\/backup\/de-bw-gengenbach-foret-noire\/\" target=\"_blank\" rel=\"noopener\">DE-BW For\u00eat Noire Gengenbach<\/a><\/span><\/td>\n<td><span style=\"font-size: 20px;\">Gravel<\/span><\/td>\n<td><span style=\"font-size: 20px;\">69<\/span><\/td>\n<td><span style=\"font-size: 20px;\">2080<\/span><\/td>\n<td><span style=\"font-size: 20px;\">25<\/span><\/td>\n<\/tr>\n<tr>\n<td><span style=\"font-size: 20px;\"><a title=\"\" href=\"https:\/\/centcols.org\/backup\/de-bw-gernsbach-nord-foret-noire\/\" target=\"_blank\" rel=\"noopener\">DE-BW For\u00eat Noire Gernsbach nord<\/a><\/span><\/td>\n<td><span style=\"font-size: 20px;\">Gravel&nbsp;<\/span><\/td>\n<td><span style=\"font-size: 20px;\">58<\/span><\/td>\n<td><span style=\"font-size: 20px;\">1330<\/span><\/td>\n<td><span style=\"font-size: 20px;\">6<\/span><\/td>\n<\/tr>\n<tr>\n<td><span style=\"font-size: 20px;\"><a title=\"\" href=\"https:\/\/centcols.org\/backup\/de-bw-gernsbach-sud-foret-noire\/\" target=\"_blank\" rel=\"noopener\">DE-BW For\u00eat Noire Gernsbach sud<\/a><\/span><\/td>\n<td><span style=\"font-size: 20px;\">Gravel&nbsp;<\/span><\/td>\n<td><span style=\"font-size: 20px;\">84<\/span><\/td>\n<td><span style=\"font-size: 20px;\">1930<\/span><\/td>\n<td><span style=\"font-size: 20px;\">6<\/span><\/td>\n<\/tr>\n<tr>\n<td><span style=\"font-size: 20px;\"><a title=\"\" href=\"https:\/\/centcols.org\/backup\/de-bw-gremmelsbach-foret-noire\/\" target=\"_blank\" rel=\"noopener\">DE-BW For\u00eat Noire Gremmelsbach<\/a><\/span><\/td>\n<td><span style=\"font-size: 20px;\">Gravel<\/span><\/td>\n<td><span style=\"font-size: 20px;\">67.7<\/span><\/td>\n<td><span style=\"font-size: 20px;\">2020<\/span><\/td>\n<td><span style=\"font-size: 20px;\">12<\/span><\/td>\n<\/tr>\n<tr>\n<td><em><strong><span style=\"font-size: 20px;\"><a title=\"\" href=\"https:\/\/centcols.org\/backup\/de-bw-haslach-est-foret-noire\/\" target=\"_blank\" rel=\"noopener\">DE-BW For\u00eat Noire Haslach \/ Kinsig Est<\/a><\/span><\/strong><\/em><\/td>\n<td><em><strong><span style=\"font-size: 20px;\">Gravel<\/span><\/strong><\/em><\/td>\n<td><em><strong><span style=\"font-size: 20px;\">69<\/span><\/strong><\/em><\/td>\n<td><em><strong><span style=\"font-size: 20px;\">2150<\/span><\/strong><\/em><\/td>\n<td><em><strong><span style=\"font-size: 20px;\">18<\/span><\/strong><\/em><\/td>\n<\/tr>\n<tr>\n<td><em><strong><span style=\"font-size: 20px;\"><a title=\"\" href=\"https:\/\/centcols.org\/backup\/de-bw-haslach-ouest-foret-noire\/\" target=\"_blank\" rel=\"noopener\">DE-BW For\u00eat Noire Haslach \/ Kinsig Ouest<\/a><\/span><\/strong><\/em><\/td>\n<td><em><strong><span style=\"font-size: 20px;\">Gravel&nbsp;<\/span><\/strong><\/em><\/td>\n<td><em><strong><span style=\"font-size: 20px;\">87<\/span><\/strong><\/em><\/td>\n<td><em><strong><span style=\"font-size: 20px;\">2550<\/span><\/strong><\/em><\/td>\n<td><em><strong><span style=\"font-size: 20px;\">20<\/span><\/strong><\/em><\/td>\n<\/tr>\n<tr>\n<td><span style=\"font-size: 20px;\"><a title=\"\" href=\"https:\/\/centcols.org\/backup\/de-bw-haslach-sud-foret-noire\/\" target=\"_blank\" rel=\"noopener\">DE-BW For\u00eat Noire Haslach \/ Kinsig sud<\/a><\/span><\/td>\n<td><span style=\"font-size: 20px;\">Gravel<\/span><\/td>\n<td><span style=\"font-size: 20px;\">38<\/span><\/td>\n<td><span style=\"font-size: 20px;\">900<\/span><\/td>\n<td><span style=\"font-size: 20px;\">8<\/span><\/td>\n<\/tr>\n<tr>\n<td><span style=\"font-size: 20px;\"><a title=\"\" href=\"https:\/\/centcols.org\/backup\/de-bw-hornberg-foret-noire\/\" target=\"_blank\" rel=\"noopener\">DE-BW For\u00eat Noire Hornberg&nbsp;<\/a><\/span><\/td>\n<td><span style=\"font-size: 20px;\">Gravel&nbsp;<\/span><\/td>\n<td><span style=\"font-size: 20px;\">59<\/span><\/td>\n<td><span style=\"font-size: 20px;\">1700<\/span><\/td>\n<td><span style=\"font-size: 20px;\">16<\/span><\/td>\n<\/tr>\n<tr>\n<td><span style=\"font-size: 20px;\"><a title=\"\" href=\"https:\/\/centcols.org\/backup\/de-bw-hornberg-sud-foret-noire\/\" target=\"_blank\" rel=\"noopener\">DE-BW For\u00eat Noire Hornberg sud&nbsp;<\/a><\/span><\/td>\n<td><span style=\"font-size: 20px;\">Gravel&nbsp;<\/span><\/td>\n<td><span style=\"font-size: 20px;\">67.3<\/span><\/td>\n<td><span style=\"font-size: 20px;\">1800<\/span><\/td>\n<td><span style=\"font-size: 20px;\">12<\/span><\/td>\n<\/tr>\n<tr>\n<td><span style=\"font-size: 20px;\"><a title=\"\" href=\"https:\/\/centcols.org\/backup\/de-bw-kirchzarten-foret-noire\/\" target=\"_blank\" rel=\"noopener\">DE-BW For\u00eat Noire Kirchzarten&nbsp;<\/a><\/span><\/td>\n<td><span style=\"font-size: 20px;\">Gravel&nbsp;<\/span><\/td>\n<td><span style=\"font-size: 20px;\">61<\/span><\/td>\n<td><span style=\"font-size: 20px;\">1980<\/span><\/td>\n<td><span style=\"font-size: 20px;\">13<\/span><\/td>\n<\/tr>\n<tr>\n<td><span style=\"font-size: 20px;\"><a title=\"\" href=\"https:\/\/centcols.org\/backup\/de-bw-nierderweiler-nord-foret-noire\/\" target=\"_blank\" rel=\"noopener\">DE-BW For\u00eat Noire Niederweiler nord<\/a><\/span><\/td>\n<td><span style=\"font-size: 20px;\">Gravel<\/span><\/td>\n<td><span style=\"font-size: 20px;\">57<\/span><\/td>\n<td><span style=\"font-size: 20px;\">1600<\/span><\/td>\n<td><span style=\"font-size: 20px;\">11<\/span><\/td>\n<\/tr>\n<tr>\n<td><span style=\"font-size: 20px;\"><a title=\"\" href=\"https:\/\/centcols.org\/backup\/de-bw-nierderweiler-sud\/\" target=\"_blank\" rel=\"noopener\">DE-BW For\u00eat Noire Niederweiler sud<\/a><\/span><\/td>\n<td><span style=\"font-size: 20px;\">Gravel<\/span><\/td>\n<td><span style=\"font-size: 20px;\">54<\/span><\/td>\n<td><span style=\"font-size: 20px;\">1550<\/span><\/td>\n<td><span style=\"font-size: 20px;\">12<\/span><\/td>\n<\/tr>\n<tr>\n<td><span style=\"font-size: 20px;\"><a title=\"\" href=\"https:\/\/centcols.org\/backup\/de-bw-oberrotweil-foret-noire\/\" target=\"_blank\" rel=\"noopener\">DE-BW For\u00eat Noire Oberrotweil&nbsp;<\/a><\/span><\/td>\n<td><span style=\"font-size: 20px;\">Gravel<\/span><\/td>\n<td><span style=\"font-size: 20px;\">37<\/span><\/td>\n<td><span style=\"font-size: 20px;\">865<\/span><\/td>\n<td><span style=\"font-size: 20px;\">10<\/span><\/td>\n<\/tr>\n<tr>\n<td><span style=\"font-size: 20px;\"><a href=\"https:\/\/centcols.org\/backup\/de-bw-oppenau\/\" target=\"_blank\" rel=\"noopener\">DE-BW For\u00eat Noire Oppenau<\/a><\/span><\/td>\n<td><span style=\"font-size: 20px;\">Gravel<\/span><\/td>\n<td><span style=\"font-size: 20px;\">62<\/span><\/td>\n<td><span style=\"font-size: 20px;\">2022<\/span><\/td>\n<td><span style=\"font-size: 20px;\">17<\/span><\/td>\n<\/tr>\n<tr>\n<td><span style=\"font-size: 20px;\"><a title=\"\" href=\"https:\/\/centcols.org\/backup\/de-bw-schiltach-court-foret-noire\/\" target=\"_blank\" rel=\"noopener\">DE-BW For\u00eat Noire Schiltach (court)<\/a><\/span><\/td>\n<td><span style=\"font-size: 20px;\">Gravel<\/span><\/td>\n<td><span style=\"font-size: 20px;\">51<\/span><\/td>\n<td><span style=\"font-size: 20px;\">1600<\/span><\/td>\n<td><span style=\"font-size: 20px;\">7<\/span><\/td>\n<\/tr>\n<tr>\n<td><a title=\"\" href=\"https:\/\/centcols.org\/backup\/de-bw-schiltach-long-foret-noire\/\" target=\"_blank\" rel=\"noopener\"><span style=\"font-size: 20px;\">DE-BW For\u00eat Noire Schiltach (long)<\/span><\/a><\/td>\n<td><span style=\"font-size: 20px;\">Gravel<\/span><\/td>\n<td><span style=\"font-size: 20px;\">66<\/span><\/td>\n<td><span style=\"font-size: 20px;\">1650<\/span><\/td>\n<td><span style=\"font-size: 20px;\">18<\/span><\/td>\n<\/tr>\n<tr>\n<td><a title=\"\" href=\"https:\/\/centcols.org\/backup\/de-bw-schonach-foret-noire\/\" target=\"_blank\" rel=\"noopener\"><span style=\"font-size: 20px;\">DE-BW For\u00eat Noire Schonach<\/span><\/a><\/td>\n<td><span style=\"font-size: 20px; color: #000000;\">Gravel<\/span><\/td>\n<td><span style=\"font-size: 20px; color: #000000;\">41<\/span><\/td>\n<td><span style=\"font-size: 20px; color: #000000;\">1500<\/span><\/td>\n<td><span style=\"font-size: 20px; color: #000000;\">14<\/span><\/td>\n<\/tr>\n<tr>\n<td><span style=\"font-size: 20px;\"><a title=\"\" href=\"https:\/\/centcols.org\/backup\/de-bw-foret-noire\/\" target=\"_blank\" rel=\"noopener\">DE-BW For\u00eat Noire Wehr&nbsp;<\/a><\/span><\/td>\n<td>Strada<\/td>\n<td><span style=\"font-size: 20px;\">28<\/span><\/td>\n<td><span style=\"font-size: 20px;\">650<\/span><\/td>\n<td><span style=\"font-size: 20px;\">1<\/span><\/td>\n<\/tr>\n<\/tbody>\n<\/table>\n<\/figure>\n\n\n\n<h2 class=\"kt-adv-heading77910_bf7e28-0a wp-block-kadence-advancedheading\" data-kb-block=\"kb-adv-heading77910_bf7e28-0a\">Belgio<\/h2>\n\n\n<h2 class=\"kt-adv-heading_721987-23 wp-block-kadence-advancedheading\" data-kb-block=\"kb-adv-heading_721987-23\">Francia<\/h2>\n<table style=\"height: 639px; width: 100%; border-style: solid;\">\n<thead>\n<tr style=\"border-style: solid;\">\n<th style=\"width: 37.3041%; border-style: solid; border-color: #000000; background-color: #fcfcfc; height: 35px;\"><span style=\"font-size: 20px;\">Titolo del percorso<\/span><\/th>\n<th style=\"width: 13.4496%; text-align: center; border-style: solid; border-color: #000000; background-color: #fcfcfc; height: 35px;\"><span style=\"font-size: 20px;\">Strada MTB, gravel<\/span><\/th>\n<th style=\"width: 3.82751%; text-align: center; border-style: solid; border-color: #000000; background-color: #fcfcfc; height: 35px;\"><span style=\"font-size: 20px;\">km<\/span><\/th>\n<th style=\"width: 5.38997%; text-align: center; border-style: solid; border-color: #000000; background-color: #fcfcfc; height: 35px;\"><span style=\"font-size: 20px;\">D+<\/span><\/th>\n<th style=\"width: 4.83483%; text-align: center; border-style: solid; border-color: #000000; background-color: #fcfcfc; height: 35px;\"><span style=\"font-size: 20px;\">Passi<\/span><\/th>\n<th style=\"width: 15.626%; text-align: center; border-style: solid; border-color: #000000; background-color: #fcfcfc; height: 35px;\"><span style=\"font-size: 20px;\">Autore<\/span><span style=\"font-size: 20px;\"><br \/><\/span><\/th>\n<\/tr>\n<\/thead>\n<tbody>\n<tr style=\"background-color: #a9cffc; height: 36px;\">\n<td style=\"width: 37.3041%; height: 48px;\"><strong><em><span style=\"font-size: 20px;\"><a href=\"https:\/\/centcols.org\/backup\/france-06-tende-o\/\" target=\"_blank\" rel=\"noopener\">FR-06 Tende Ouest<\/a><\/span><\/em><\/strong><\/td>\n<td style=\"width: 13.4496%; text-align: center; height: 48px;\"><strong><em><span style=\"font-size: 20px;\">MTB<\/span><\/em><\/strong><\/td>\n<td style=\"width: 3.82751%; text-align: center; height: 48px;\"><strong><em><span style=\"font-size: 20px;\">50<\/span><\/em><\/strong><\/td>\n<td style=\"width: 5.38997%; text-align: center; height: 48px;\"><strong><em><span style=\"font-size: 20px;\">1650<\/span><\/em><\/strong><\/td>\n<td style=\"width: 4.83483%; text-align: center; height: 48px;\"><strong><em><span style=\"font-size: 20px;\">7<\/span><\/em><\/strong><\/td>\n<td style=\"width: 15.626%; text-align: center; height: 96px;\" rowspan=\"2\"><strong><em><span style=\"font-size: 20px;\">Ren\u00e9 Rial<\/span><\/em><\/strong><br \/><strong><em><span style=\"font-size: 20px;\"><br \/><\/span><\/em><\/strong><\/td>\n<\/tr>\n<tr style=\"background-color: #a9cffc; height: 36px;\">\n<td style=\"width: 37.3041%; height: 48px;\"><strong><em><span style=\"font-size: 20px;\"><a href=\"https:\/\/centcols.org\/backup\/france-06-tende-e\/\" target=\"_blank\" rel=\"noopener\">FR-06 Tende Est<\/a><\/span><\/em><\/strong><\/td>\n<td style=\"width: 13.4496%; text-align: center; height: 48px;\"><strong><em><span style=\"font-size: 20px;\">MTB<\/span><\/em><\/strong><\/td>\n<td style=\"width: 3.82751%; text-align: center; height: 48px;\"><strong><em><span style=\"font-size: 20px;\">79<\/span><\/em><\/strong><\/td>\n<td style=\"width: 5.38997%; text-align: center; height: 48px;\"><strong><em><span style=\"font-size: 20px;\">2550<\/span><\/em><\/strong><\/td>\n<td style=\"width: 4.83483%; text-align: center; height: 48px;\"><strong><em><span style=\"font-size: 20px;\">20<\/span><\/em><\/strong><\/td>\n<\/tr>\n<tr style=\"height: 36px;\">\n<td style=\"width: 37.3041%; height: 26px;\"><span style=\"font-size: 20px;\"><a href=\"https:\/\/centcols.org\/backup\/fr-2a-gravona\/\" target=\"_blank\" rel=\"noopener\">FR-2A Entre Gravona et Prunelli<\/a><\/span><\/td>\n<td style=\"width: 13.4496%; text-align: center; height: 26px;\">Strada<\/td>\n<td style=\"width: 3.82751%; text-align: center; height: 26px;\"><span style=\"font-size: 20px;\">95<\/span><\/td>\n<td style=\"width: 5.38997%; text-align: center; height: 26px;\"><span style=\"font-size: 20px;\">1875<\/span><\/td>\n<td style=\"width: 4.83483%; text-align: center; height: 26px;\"><span style=\"font-size: 20px;\">6<\/span><\/td>\n<td style=\"width: 15.626%; text-align: center; height: 194px;\" rowspan=\"6\">\n<p><span style=\"font-size: 20px;\"><br \/>\u00a0 \u00a0 \u00a0 \u00a0 \u00a0 \u00a0 \u00a0 \u00a0 Bernard<\/span><br \/><span style=\"font-size: 20px;\">\u00a0 \u00a0 \u00a0 \u00a0 \u00a0 \u00a0 \u00a0 Giraudeau<br \/><\/span><span style=\"font-size: 20px;\"><br \/><\/span><span style=\"font-size: 20px;\"><br \/><\/span><span style=\"font-size: 20px;\"><br \/><\/span><span style=\"font-size: 20px;\"><br \/><\/span><\/p>\n<\/td>\n<\/tr>\n<tr style=\"height: 36px;\">\n<td style=\"width: 37.3041%; height: 36px;\"><a href=\"https:\/\/centcols.org\/backup\/france-2a-montagne-cagna\/\" target=\"_blank\" rel=\"noopener\"><span style=\"font-size: 20px;\">FR-2A La montagne de Cagna Piscia \/Vacca<\/span><\/a><\/td>\n<td style=\"width: 13.4496%; text-align: center; height: 36px;\"><em><span style=\"font-size: 20px;\">MTB<\/span><\/em><\/td>\n<td style=\"width: 3.82751%; text-align: center; height: 36px;\"><span style=\"font-size: 20px;\">22<\/span><\/td>\n<td style=\"width: 5.38997%; text-align: center; height: 36px;\"><span style=\"font-size: 20px;\">530<\/span><\/td>\n<td style=\"width: 4.83483%; text-align: center; height: 36px;\"><span style=\"font-size: 20px;\">5<\/span><\/td>\n<\/tr>\n<tr style=\"height: 36px;\">\n<td style=\"width: 37.3041%; height: 35px;\"><span style=\"font-size: 20px;\"><a href=\"https:\/\/centcols.org\/backup\/france-2a-cruzzini\/\" target=\"_blank\" rel=\"noopener\">FR-2A La vall\u00e9e du Cruzzini<\/a><\/span><\/td>\n<td style=\"width: 13.4496%; text-align: center; height: 35px;\">Strada<\/td>\n<td style=\"width: 3.82751%; text-align: center; height: 35px;\"><span style=\"font-size: 20px;\">87<\/span><\/td>\n<td style=\"width: 5.38997%; text-align: center; height: 35px;\"><span style=\"font-size: 20px;\">1654<\/span><\/td>\n<td style=\"width: 4.83483%; text-align: center; height: 35px;\"><span style=\"font-size: 20px;\">4<\/span><\/td>\n<\/tr>\n<tr style=\"height: 36px;\">\n<td style=\"width: 37.3041%; height: 22px;\"><span style=\"font-size: 20px;\"><a href=\"https:\/\/centcols.org\/backup\/france-2a-piana\/\" target=\"_blank\" rel=\"noopener\">FR-2A Piana &#8220;E Calanche&#8221; Porto<\/a><\/span><\/td>\n<td style=\"width: 13.4496%; text-align: center; height: 22px;\">Strada<\/td>\n<td style=\"width: 3.82751%; text-align: center; height: 22px;\"><span style=\"font-size: 20px;\">102<\/span><\/td>\n<td style=\"width: 5.38997%; text-align: center; height: 22px;\"><span style=\"font-size: 20px;\">2400<\/span><\/td>\n<td style=\"width: 4.83483%; text-align: center; height: 22px;\"><span style=\"font-size: 20px;\">9<\/span><\/td>\n<\/tr>\n<tr style=\"height: 36px;\">\n<td style=\"width: 37.3041%; height: 42px;\"><span style=\"font-size: 20px;\"><a href=\"https:\/\/centcols.org\/backup\/france-2b-agriates\/\" target=\"_blank\" rel=\"noopener\">FR-2B Au c\u0153ur du D\u00e9sert des Agriates<\/a><\/span><\/td>\n<td style=\"width: 13.4496%; text-align: center; height: 42px;\"><span style=\"font-size: 20px;\">Gravel<\/span><\/td>\n<td style=\"width: 3.82751%; text-align: center; height: 42px;\"><span style=\"font-size: 20px;\">35<\/span><\/td>\n<td style=\"width: 5.38997%; text-align: center; height: 42px;\"><span style=\"font-size: 20px;\">715<\/span><\/td>\n<td style=\"width: 4.83483%; text-align: center; height: 42px;\"><span style=\"font-size: 20px;\">8<\/span><\/td>\n<\/tr>\n<tr style=\"height: 36px;\">\n<td style=\"width: 37.3041%; height: 33px;\"><span style=\"font-size: 20px;\"><a href=\"https:\/\/centcols.org\/backup\/france-2b-niolu\/\" target=\"_blank\" rel=\"noopener\">FR-2B Les cr\u00eates sud du Niolu\u00a0<\/a><\/span><\/td>\n<td style=\"width: 13.4496%; text-align: center; height: 33px;\"><span style=\"font-size: 20px;\"><em>MTB<\/em> <span style=\"font-size: 14px;\">(Gravel en grande partie)<\/span><\/span><\/td>\n<td style=\"width: 3.82751%; text-align: center; height: 33px;\"><span style=\"font-size: 20px;\">46<\/span><\/td>\n<td style=\"width: 5.38997%; text-align: center; height: 33px;\"><span style=\"font-size: 20px;\">1500<\/span><\/td>\n<td style=\"width: 4.83483%; text-align: center; height: 33px;\"><span style=\"font-size: 20px;\">7<\/span><\/td>\n<\/tr>\n<tr style=\"height: 36px;\">\n<td style=\"width: 37.3041%; height: 35px;\"><a href=\"https:\/\/centcols.org\/backup\/france-13-alpilles-route\/\" target=\"_blank\" rel=\"noopener\"><span style=\"font-size: 20px;\">FR-13 Les Alpilles<\/span><\/a><\/td>\n<td style=\"width: 13.4496%; text-align: center; height: 35px;\">Strada<\/td>\n<td style=\"width: 3.82751%; text-align: center; height: 35px;\"><span style=\"font-size: 20px;\">74<\/span><\/td>\n<td style=\"width: 5.38997%; text-align: center; height: 35px;\"><span style=\"font-size: 20px;\">810<\/span><\/td>\n<td style=\"width: 4.83483%; text-align: center; height: 35px;\"><span style=\"font-size: 20px;\">7<\/span><\/td>\n<td style=\"width: 15.626%; text-align: center; height: 70px;\" rowspan=\"2\"><span style=\"font-size: 20px;\">Denis\u00a0<\/span><br \/><span style=\"font-size: 20px;\">Chouquet-Stringer<\/span><\/td>\n<\/tr>\n<tr style=\"height: 36px;\">\n<td style=\"width: 37.3041%; height: 35px;\"><span style=\"font-size: 20px;\"><a href=\"https:\/\/centcols.org\/backup\/france-13-alpilles-vtt\/\" target=\"_blank\" rel=\"noopener\">FR-13 Les Alpilles<\/a><\/span><\/td>\n<td style=\"width: 13.4496%; text-align: center; height: 35px;\"><em><span style=\"font-size: 20px;\">MTB<\/span><\/em><\/td>\n<td style=\"width: 3.82751%; text-align: center; height: 35px;\"><span style=\"font-size: 20px;\">53<\/span><\/td>\n<td style=\"width: 5.38997%; text-align: center; height: 35px;\"><span style=\"font-size: 20px;\">900<\/span><\/td>\n<td style=\"width: 4.83483%; text-align: center; height: 35px;\"><span style=\"font-size: 20px;\">10<\/span><\/td>\n<\/tr>\n<tr style=\"height: 36px;\">\n<td style=\"width: 37.3041%; height: 35px;\"><span style=\"font-size: 20px;\"><a href=\"https:\/\/centcols.org\/backup\/fr-38-amparis\/\" target=\"_blank\" rel=\"noopener\">FR-38 Le plateau d&#8217;Emparis<\/a><\/span><\/td>\n<td style=\"width: 13.4496%; text-align: center; height: 35px;\"><em><span style=\"font-size: 20px;\">MTB<\/span><\/em><\/td>\n<td style=\"width: 3.82751%; text-align: center; height: 35px;\"><span style=\"font-size: 20px;\">41<\/span><\/td>\n<td style=\"width: 5.38997%; text-align: center; height: 35px;\"><span style=\"font-size: 20px;\">1410<\/span><\/td>\n<td style=\"width: 4.83483%; text-align: center; height: 35px;\"><span style=\"font-size: 20px;\">4<\/span><\/td>\n<td style=\"width: 15.626%; text-align: center; height: 35px;\"><span style=\"font-size: 20px;\">Guy Garcin<\/span><\/td>\n<\/tr>\n<tr style=\"height: 36px;\">\n<td style=\"width: 37.3041%; height: 35px;\"><a href=\"https:\/\/centcols.org\/backup\/france-39-coda\/\" target=\"_blank\" rel=\"noopener\"><span style=\"font-size: 20px;\">FR-39 Col du Coda &#8211; Mont Poupet<\/span><\/a><\/td>\n<td style=\"width: 13.4496%; text-align: center; height: 35px;\">Strada<\/td>\n<td style=\"width: 3.82751%; text-align: center; height: 35px;\"><span style=\"font-size: 20px;\">98<\/span><\/td>\n<td style=\"width: 5.38997%; text-align: center; height: 35px;\"><span style=\"font-size: 20px;\">2160<\/span><\/td>\n<td style=\"width: 4.83483%; text-align: center; height: 35px;\"><span style=\"font-size: 20px;\">1<\/span><\/td>\n<td style=\"width: 15.626%; text-align: center; height: 35px;\"><span style=\"font-size: 20px;\">Joann Masuyer<\/span><\/td>\n<\/tr>\n<tr style=\"height: 36px;\">\n<td style=\"width: 37.3041%; height: 24px; border-style: none;\"><a href=\"https:\/\/centcols.org\/backup\/france-54-rencontre-regionale-2020\/\" target=\"_blank\" rel=\"noopener\"><span style=\"font-size: 20px;\">FR-54 Grand-est Rencontre r\u00e9gionale 2020<\/span><\/a><\/td>\n<td style=\"width: 13.4496%; height: 24px; text-align: center; border-style: none;\">Strada<\/td>\n<td style=\"width: 3.82751%; height: 24px; text-align: center; border-style: none;\"><span style=\"font-size: 20px;\">69<\/span><\/td>\n<td style=\"width: 5.38997%; height: 24px; text-align: center; border-style: none;\"><span style=\"font-size: 20px;\">800<\/span><\/td>\n<td style=\"width: 4.83483%; height: 24px; text-align: center; border-style: none;\"><span style=\"font-size: 20px;\">6<\/span><\/td>\n<td style=\"width: 15.626%; height: 104px; text-align: center; border-style: none;\" rowspan=\"4\">\n<p style=\"text-align: left;\"><span style=\"font-family: inherit; font-size: 20px;\"><br \/>\u00a0 \u00a0 \u00a0 \u00a0 \u00a0 \u00a0 \u00a0 \u00a0 \u00a0 \u00a0 Denis\u00a0<\/span><span style=\"font-size: 20px;\"><br \/><\/span><span style=\"font-size: 20px; color: #000000;\">\u00a0 \u00a0 \u00a0 \u00a0 \u00a0 \u00a0 \u00a0 \u00a0 \u00a0 Mathieu<br \/><\/span><span style=\"font-size: 20px; color: #000000;\"><br \/><\/span><\/p>\n<\/td>\n<\/tr>\n<tr style=\"height: 36px;\">\n<td style=\"width: 37.3041%; height: 35px; border-style: none;\"><a href=\"https:\/\/centcols.org\/backup\/fr-54-rencontre-regionale-2022\/\" target=\"_blank\" rel=\"noopener\"><span style=\"font-size: 20px;\">FR-54 Grand-est Rencontre r\u00e9gionale 2022<\/span><\/a><\/td>\n<td style=\"width: 13.4496%; height: 35px; text-align: center; border-style: none;\">Strada<\/td>\n<td style=\"width: 3.82751%; height: 35px; text-align: center; border-style: none;\"><span style=\"font-size: 20px;\">44<\/span><\/td>\n<td style=\"width: 5.38997%; height: 35px; text-align: center; border-style: none;\"><span style=\"font-size: 20px;\">490<\/span><\/td>\n<td style=\"width: 4.83483%; height: 35px; text-align: center; border-style: none;\"><span style=\"font-size: 20px;\">3<\/span><\/td>\n<\/tr>\n<tr style=\"height: 36px;\">\n<td style=\"width: 37.3041%; height: 35px; border-style: none;\"><span style=\"font-size: 20px; color: #000000;\"><a href=\"https:\/\/centcols.org\/backup\/france-70-ge-2023-route\/\" target=\"_blank\" rel=\"noopener\">FR-70 Grand Est Rencontre r\u00e9gionale 2023 Route<\/a><\/span><\/td>\n<td style=\"width: 13.4496%; height: 35px; text-align: center; border-style: none;\">Strada<\/td>\n<td style=\"width: 3.82751%; height: 35px; text-align: center; border-style: none;\"><span style=\"font-size: 20px; color: #000000;\">51<\/span><\/td>\n<td style=\"width: 5.38997%; height: 35px; text-align: center; border-style: none;\"><span style=\"font-size: 20px; color: #000000;\">1480<\/span><\/td>\n<td style=\"width: 4.83483%; height: 35px; text-align: center; border-style: none;\"><span style=\"font-size: 20px; color: #000000;\">2<\/span><\/td>\n<\/tr>\n<tr style=\"height: 36px;\">\n<td style=\"width: 37.3041%; height: 10px; border-style: none;\"><a href=\"https:\/\/centcols.org\/backup\/france-70-ge-2023-vtt\/\" target=\"_blank\" rel=\"noopener\"><span style=\"font-size: 20px; color: #000000;\">FR-70 Grand Est Rencontre r\u00e9gionale 2023 VTT<\/span><\/a><\/td>\n<td style=\"width: 13.4496%; height: 10px; text-align: center; border-style: none;\"><em><span style=\"font-size: 20px;\">MTB<\/span><\/em><\/td>\n<td style=\"width: 3.82751%; height: 10px; text-align: center; border-style: none;\"><span style=\"font-size: 20px; color: #000000;\">36<\/span><\/td>\n<td style=\"width: 5.38997%; height: 10px; text-align: center; border-style: none;\"><span style=\"font-size: 20px; color: #000000;\">1220<\/span><\/td>\n<td style=\"width: 4.83483%; height: 10px; text-align: center; border-style: none;\"><span style=\"font-size: 20px; color: #000000;\">4<\/span><\/td>\n<\/tr>\n<tr style=\"height: 36px;\">\n<td style=\"width: 37.3041%; height: 35px;\"><a href=\"https:\/\/centcols.org\/backup\/france-81-st-antonin\/\" target=\"_blank\" rel=\"noopener\"><span style=\"font-size: 20px;\">FR-81 Saint-Antonin-Noble-Val<\/span><\/a><\/td>\n<td style=\"width: 13.4496%; text-align: center; height: 35px;\">Strada<\/td>\n<td style=\"width: 3.82751%; text-align: center; height: 35px;\"><span style=\"font-size: 20px;\">73<\/span><\/td>\n<td style=\"width: 5.38997%; text-align: center; height: 35px;\"><span style=\"font-size: 20px;\">1100<\/span><\/td>\n<td style=\"width: 4.83483%; text-align: center; height: 35px;\"><span style=\"font-size: 20px;\">11<\/span><\/td>\n<td style=\"width: 15.626%; text-align: center; height: 35px;\"><span style=\"font-size: 20px;\">Thierry Labour<\/span><\/td>\n<\/tr>\n<tr style=\"height: 36px;\">\n<td style=\"width: 37.3041%; height: 35px;\"><a href=\"https:\/\/centcols.org\/backup\/france-83-maures\/\" target=\"_blank\" rel=\"noopener\"><span style=\"font-size: 20px;\">FR-83 Le Massif des Maures<\/span><\/a><\/td>\n<td style=\"width: 13.4496%; text-align: center; height: 35px;\"><span style=\"font-size: 20px;\">Strada \/ Gravel<\/span><\/td>\n<td style=\"width: 3.82751%; text-align: center; height: 35px;\"><span style=\"font-size: 20px;\">90<\/span><\/td>\n<td style=\"width: 5.38997%; text-align: center; height: 35px;\"><span style=\"font-size: 20px;\">1160<\/span><\/td>\n<td style=\"width: 4.83483%; text-align: center; height: 35px;\"><span style=\"font-size: 20px;\">6<\/span><\/td>\n<td style=\"width: 15.626%; text-align: center; height: 35px;\"><span style=\"font-size: 20px;\">Jean-Jacques Colin<\/span><\/td>\n<\/tr>\n<\/tbody>\n<\/table>\n<h2>Svizzera<\/h2>\n<table style=\"width: 100%;\">\n<thead>\n<tr style=\"border-style: solid;\">\n<th style=\"width: 37.3041%; border-style: solid; border-color: #000000; background-color: #fcfcfc; height: 35px;\"><span style=\"font-size: 20px;\">Titolo del percorso<\/span><\/th>\n<th style=\"width: 13.4496%; text-align: center; border-style: solid; border-color: #000000; background-color: #fcfcfc; height: 35px;\"><span style=\"font-size: 20px;\">Strada MTB, gravel<\/span><\/th>\n<th style=\"width: 3.82751%; text-align: center; border-style: solid; border-color: #000000; background-color: #fcfcfc; height: 35px;\"><span style=\"font-size: 20px;\">km<\/span><\/th>\n<th style=\"width: 5.38997%; text-align: center; border-style: solid; border-color: #000000; background-color: #fcfcfc; height: 35px;\"><span style=\"font-size: 20px;\">D+<\/span><\/th>\n<th style=\"width: 4.83483%; text-align: center; border-style: solid; border-color: #000000; background-color: #fcfcfc; height: 35px;\"><span style=\"font-size: 20px;\">Passi<\/span><\/th>\n<th style=\"width: 15.626%; text-align: center; border-style: solid; border-color: #000000; background-color: #fcfcfc; height: 35px;\"><span style=\"font-size: 20px;\">Autore<\/span><span style=\"font-size: 20px;\"><br \/><\/span><\/th>\n<\/tr>\n<\/thead>\n<tbody>\n<tr>\n<td style=\"width: 37.3041%;\"><a href=\"https:\/\/centcols.org\/backup\/it\/suisse-ch-ti-erbonne\/\"><span style=\"font-size: 20px;\">CH-TI Erbonne et Bocchetta d&#8217;Orimento<\/span><\/a><\/td>\n<td style=\"width: 13.4496%; text-align: center;\">Strada<\/td>\n<td style=\"width: 3.82751%; text-align: center;\"><span style=\"font-size: 20px;\">64<\/span><\/td>\n<td style=\"width: 5.38997%; text-align: center;\"><span style=\"font-size: 20px;\">1550<\/span><\/td>\n<td style=\"width: 4.83483%; text-align: center;\"><span style=\"font-size: 20px;\">1<\/span><\/td>\n<td style=\"width: 15.626%; text-align: center;\"><span style=\"font-size: 20px;\">Andr\u00e9 Rudaz<\/span><\/td>\n<\/tr>\n<\/tbody>\n<\/table>","protected":false},"excerpt":{"rendered":"<p>I titoli dei corsi sono ordinati alfabeticamente e poi per suddivisione amministrativa. Il link sul titolo apre direttamente la descrizione del percorso. Una prima idea della difficolt\u00e0 complessiva del percorso \u00e8 data dalla distanza percorsa e dal dislivello. Ulteriori informazioni sulle difficolt\u00e0 specifiche sono fornite nella descrizione di ciascun percorso. Nella tabella seguente, i percorsi [&hellip;]<\/p>\n","protected":false},"author":397,"featured_media":0,"parent":0,"menu_order":0,"comment_status":"closed","ping_status":"closed","template":"","meta":{"_acf_changed":false,"ub_ctt_via":"","_monsterinsights_skip_tracking":false,"_monsterinsights_sitenote_active":false,"_monsterinsights_sitenote_note":"","_monsterinsights_sitenote_category":0,"footnotes":""},"acf":[],"featured_image_urls":{"full":"","thumbnail":"","medium":"","medium_large":"","large":"","1536x1536":"","2048x2048":"","woocommerce_thumbnail":"","woocommerce_single":"","woocommerce_gallery_thumbnail":""},"post_excerpt_stackable":"<p>I titoli dei corsi sono ordinati alfabeticamente e poi per suddivisione amministrativa. Il link sul titolo apre direttamente la descrizione del percorso. Una prima idea della difficolt\u00e0 complessiva del percorso \u00e8 data dalla distanza percorsa e dal dislivello. Ulteriori informazioni sulle difficolt\u00e0 specifiche sono fornite nella descrizione di ciascun percorso. Nella tabella seguente, i percorsi in grassetto, corsivo e su sfondo blu non soddisfano le specifiche, ma potrebbero essere di interesse per alcuni membri. Germania Titolo del percorso Strada, MTB, gravel km D+ Passi Autore DE-BW For\u00eat Noire Bad Krozingen&nbsp; Gravel 66 1550 12 &nbsp;&nbsp;&nbsp;&nbsp;&nbsp;&nbsp;Jean-Luc&nbsp;&nbsp;&nbsp;&nbsp;Ceccato&nbsp;&nbsp;&nbsp;&nbsp;&nbsp;&nbsp;&nbsp;&nbsp;&nbsp;&nbsp;&nbsp;&nbsp;&nbsp; DE-BW For\u00eat Noire Biberach est&hellip;<\/p>\n","category_list":"","author_info":{"name":"Denis Chouquet-Stringer","url":"https:\/\/centcols.org\/backup\/it\/author\/6183\/"},"comments_num":"0 commenti","featured_image_urls_v2":{"full":"","thumbnail":"","medium":"","medium_large":"","large":"","1536x1536":"","2048x2048":"","woocommerce_thumbnail":"","woocommerce_single":"","woocommerce_gallery_thumbnail":""},"post_excerpt_stackable_v2":"<p>I titoli dei corsi sono ordinati alfabeticamente e poi per suddivisione amministrativa. Il link sul titolo apre direttamente la descrizione del percorso. Una prima idea della difficolt\u00e0 complessiva del percorso \u00e8 data dalla distanza percorsa e dal dislivello. Ulteriori informazioni sulle difficolt\u00e0 specifiche sono fornite nella descrizione di ciascun percorso. Nella tabella seguente, i percorsi in grassetto, corsivo e su sfondo blu non soddisfano le specifiche, ma potrebbero essere di interesse per alcuni membri. Germania Titolo del percorso Strada, MTB, gravel km D+ Passi Autore DE-BW For\u00eat Noire Bad Krozingen&nbsp; Gravel 66 1550 12 &nbsp;&nbsp;&nbsp;&nbsp;&nbsp;&nbsp;Jean-Luc&nbsp;&nbsp;&nbsp;&nbsp;Ceccato&nbsp;&nbsp;&nbsp;&nbsp;&nbsp;&nbsp;&nbsp;&nbsp;&nbsp;&nbsp;&nbsp;&nbsp;&nbsp; DE-BW For\u00eat Noire Biberach est&hellip;<\/p>\n","category_list_v2":"","author_info_v2":{"name":"Denis Chouquet-Stringer","url":"https:\/\/centcols.org\/backup\/it\/author\/6183\/"},"comments_num_v2":"0 commenti","featured_image_src":null,"_links":{"self":[{"href":"https:\/\/centcols.org\/backup\/it\/wp-json\/wp\/v2\/pages\/77910"}],"collection":[{"href":"https:\/\/centcols.org\/backup\/it\/wp-json\/wp\/v2\/pages"}],"about":[{"href":"https:\/\/centcols.org\/backup\/it\/wp-json\/wp\/v2\/types\/page"}],"author":[{"embeddable":true,"href":"https:\/\/centcols.org\/backup\/it\/wp-json\/wp\/v2\/users\/397"}],"replies":[{"embeddable":true,"href":"https:\/\/centcols.org\/backup\/it\/wp-json\/wp\/v2\/comments?post=77910"}],"version-history":[{"count":0,"href":"https:\/\/centcols.org\/backup\/it\/wp-json\/wp\/v2\/pages\/77910\/revisions"}],"wp:attachment":[{"href":"https:\/\/centcols.org\/backup\/it\/wp-json\/wp\/v2\/media?parent=77910"}],"curies":[{"name":"wp","href":"https:\/\/api.w.org\/{rel}","templated":true}]}}