{"id":78747,"date":"2023-12-14T09:14:10","date_gmt":"2023-12-14T08:14:10","guid":{"rendered":"https:\/\/centcols.org\/backup\/le-club-des-cent-cols-decembre-2023\/"},"modified":"2024-03-22T15:10:16","modified_gmt":"2024-03-22T14:10:16","slug":"le-club-des-cent-cols-decembre-2023","status":"publish","type":"page","link":"https:\/\/centcols.org\/backup\/it\/","title":{"rendered":"Il Club des Cent Cols"},"content":{"rendered":"\n<div class=\"wp-block-stackable-button-group aligncenter stk-block-button-group stk-block stk-109140c\" data-block-id=\"109140c\"><style>.stk-109140c{margin-bottom:2px !important}<\/style><div class=\"stk-row stk-inner-blocks has-text-align-right stk-block-content stk-button-group\">\n<div class=\"wp-block-stackable-button stk-block-button has-text-align-center stk-block stk-480a63b\" data-block-id=\"480a63b\"><style>.stk-480a63b{border-top-left-radius:25px !important;border-top-right-radius:25px !important;border-bottom-right-radius:25px !important;border-bottom-left-radius:25px !important;overflow:hidden !important;box-shadow:none !important;align-items:flex-end !important;padding-top:0px !important;padding-right:0px !important;padding-bottom:0px !important;padding-left:0px !important;margin-top:-180px !important;display:flex !important}.stk-480a63b .stk-button{background:#3dab38 !important}<\/style><a class=\"stk-link stk-button stk--hover-effect-darken\" href=\"https:\/\/centcols.org\/backup\/membres\/login.php\" target=\"_blank\" rel=\"noreferrer noopener\"><span class=\"stk-button__inner-text\">Sezione Membri<\/span><\/a><\/div>\n<\/div><\/div>\n\n\n\n<div class=\"wp-block-columns is-layout-flex wp-container-core-columns-is-layout-1 wp-block-columns-is-layout-flex\">\n<div class=\"wp-block-column is-layout-flow wp-block-column-is-layout-flow\" style=\"flex-basis:15%\">\n<h2 class=\"wp-block-heading has-text-align-left\">Fondato nel 1972<\/h2>\n<\/div>\n\n\n\n<div class=\"wp-block-column is-layout-flow wp-block-column-is-layout-flow\" style=\"flex-basis:70%\">\n<p style=\"text-align: justify;\">Siamo un&#8217;associazione di cicloturisti <strong>fondata nel 1972<\/strong>, membri della <a href=\"http:\/\/www.ffct.org\/\">Federazione Francese di Cicloturismo<\/a> (FFCT), amanti del ciclismo in montagna e vogliamo dedicare le nostre rubriche, direttamente o indirettamente, solo a questo argomento. Il nostro Club accetta tutte le pratiche ciclistiche nel rispetto delle nostre <a href=\"https:\/\/centcols.org\/backup\/it\/regola-del-gioco\/\">Regole del Gioco<\/a>.<br>Per entrare nel Club des Cent Cols, bisogna aver valicato almeno cento passi diversi, di cui cinque di 2000 m o pi\u00f9 per ogni centinaio proposto.<br><span style=\"font-family: arial, helvetica, sans-serif; font-size: 12pt;\"><a href=\"https:\/\/centcols.org\/backup\/it\/annexe\/\">per saperne di pi\u00f9<\/a><\/span><\/p>\n<\/div>\n\n\n\n<div class=\"wp-block-column is-layout-flow wp-block-column-is-layout-flow\" style=\"flex-basis:15%\">\n<div class=\"wp-block-column is-layout-flow wp-block-column-is-layout-flow\">\n<div class=\"wp-block-columns is-layout-flex wp-container-56 wp-block-columns-is-layout-flex\">\n<div class=\"wp-block-column is-vertically-aligned-top is-layout-flow wp-block-column-is-layout-flow\">\n<p class=\"has-text-align-center has-medium-font-size\" style=\"text-align: center;\"><span style=\"font-family: arial, helvetica, sans-serif; font-size: 12pt;\"><a href=\"https:\/\/centcols.org\/backup\/it\/regola-del-gioco\/\" target=\"_blank\" rel=\"noopener\"><strong>Regola del gioco<\/strong><\/a><\/span><\/p>\n<p style=\"text-align: center;\"><strong><a href=\"https:\/\/centcols.org\/backup\/it\/storia-cent-cols\/\" target=\"_blank\" rel=\"noopener\">50 anni di storia<\/a><\/strong><\/p>\n<p class=\"has-text-align-center has-medium-font-size\"><span style=\"font-family: arial, helvetica, sans-serif; font-size: 12pt;\"><a href=\"https:\/\/centcols.org\/backup\/it\/diaporama-2\/\" target=\"_blank\" rel=\"noopener\"><strong>Diaporama di presentazione<\/strong><\/a><\/span><\/p>\n<\/div>\n<\/div>\n<\/div>\n<\/div>\n<\/div>\n\n\n\n<div class=\"wp-block-columns is-layout-flex wp-container-core-columns-is-layout-2 wp-block-columns-is-layout-flex\">\n<div class=\"wp-block-column is-layout-flow wp-block-column-is-layout-flow\" style=\"flex-basis:50%\">\n<figure class=\"wp-block-gallery has-nested-images columns-2 is-cropped wp-block-gallery-1 is-layout-flex wp-block-gallery-is-layout-flex\">\n<figure class=\"wp-block-image size-full\"><a href=\"https:\/\/centcols.org\/backup\/it\/comment-faire-2\/\"><img loading=\"lazy\" decoding=\"async\" width=\"600\" height=\"800\" src=\"https:\/\/centcols.org\/backup\/wp-content\/uploads\/2023\/12\/accueil-raggiungeteci.jpg\" alt=\"\" class=\"wp-image-78871\" srcset=\"https:\/\/centcols.org\/backup\/wp-content\/uploads\/2023\/12\/accueil-raggiungeteci.jpg 600w, https:\/\/centcols.org\/backup\/wp-content\/uploads\/2023\/12\/accueil-raggiungeteci-375x500.jpg 375w\" sizes=\"(max-width: 600px) 100vw, 600px\" \/><\/a><\/figure>\n\n\n\n<figure class=\"wp-block-image size-full is-resized\"><a href=\"https:\/\/centcols.org\/backup\/it\/randonner\/\" target=\"_blank\" rel=\"noreferrer noopener\"><img loading=\"lazy\" decoding=\"async\" width=\"600\" height=\"800\" src=\"https:\/\/centcols.org\/backup\/wp-content\/uploads\/2023\/12\/accueil-pedalate-con-noi.jpg\" alt=\"\" class=\"wp-image-78865\" style=\"object-fit:contain;width:288px;height:411px\" srcset=\"https:\/\/centcols.org\/backup\/wp-content\/uploads\/2023\/12\/accueil-pedalate-con-noi.jpg 600w, https:\/\/centcols.org\/backup\/wp-content\/uploads\/2023\/12\/accueil-pedalate-con-noi-375x500.jpg 375w\" sizes=\"(max-width: 600px) 100vw, 600px\" \/><\/a><\/figure>\n<\/figure>\n\n\n\n<figure class=\"wp-block-gallery aligncenter has-nested-images columns-default is-cropped wp-block-gallery-2 is-layout-flex wp-block-gallery-is-layout-flex\"><div class=\"wp-block-image\">\n<figure class=\"aligncenter size-medium\"><a href=\"https:\/\/centcols.org\/backup\/it\/la-gazette\/\"><img loading=\"lazy\" decoding=\"async\" width=\"375\" height=\"500\" src=\"https:\/\/centcols.org\/backup\/wp-content\/uploads\/2023\/12\/la-Gazzetta-375x500.jpg\" alt=\"\" class=\"wp-image-78883\" style=\"object-fit:contain\" srcset=\"https:\/\/centcols.org\/backup\/wp-content\/uploads\/2023\/12\/la-Gazzetta-375x500.jpg 375w, https:\/\/centcols.org\/backup\/wp-content\/uploads\/2023\/12\/la-Gazzetta.jpg 600w\" sizes=\"(max-width: 375px) 100vw, 375px\" \/><\/a><\/figure><\/div><\/figure>\n<\/div>\n\n\n\n<div class=\"wp-block-column is-layout-flow wp-block-column-is-layout-flow\" style=\"flex-basis:50%\">\n<h1 class=\"wp-block-heading has-text-align-left\">In primo piano<\/h1>\n\n\n\n<h2 class=\"wp-block-heading\">MORTE DI JEAN PERDOUX<\/h2>\n\n\n\n<p>Jean Perdoux, presidente fondatore del Club des Cent Cols, \u00e8 morto il 13 marzo all&#8217;et\u00e0 di 87 anni. Una lunga pagina della storia del Club des Cent Cols \u00e8 stata voltata. Abbiamo perso la nostra guida, non le sue idee.<\/p>\n\n\n\n<h2 class=\"wp-block-heading\">Elenco degli incontri regionali 2024<\/h2>\n\n\n\n<p>Li potete leggere <a href=\"https:\/\/centcols.org\/backup\/it\/rassemblements-regionaux-2024\/\" title=\"\">qui<\/a><\/p>\n\n\n\n<h2 class=\"wp-block-heading\">Assemblea Generale 2024<\/h2>\n\n\n\n<p class=\"has-background\" style=\"background-color:#e4e4e4\">La data dell&#8217;Assemblea generale annuale \u00e8 stata modificata: si terr\u00e0 il 28 settembre 2024 anzich\u00e9 il 5 ottobre come inizialmente previsto.<\/p>\n\n\n\n<h2 class=\"wp-block-heading\">Nuovi animatori regionali<\/h2>\n\n\n<div class=\"wp-block-ub-expand ub-expand \" id=\"ub-expand-7337003b-b60c-458a-abb5-8904043a8fb5\">\n<div class=\"ub-expand-portion ub-expand-partial\" id=\"ub-expand-portion-e378545f-c8b9-4968-b1d0-6bce684b7d03\">\n\n<p class=\"has-background\" style=\"background-color:#e4e4e4\">Alain BENOIST (CCC5663&nbsp;e DT zona 04SW) e Alain THIBON&nbsp; (CCC 3723) rimpiazzeranno Jean-Marie GILLOUIN&nbsp; nell\u2019organizzazione dell\u2019incontro regionale DAV Dr\u00f4me- Ard\u00e8che-Vaucluse. Un grande ringraziamento a Jean-Marie per tutto quello che ha fatto per il Club.<\/p>\n\n<a class=\"ub-expand-toggle-button\" role=\"button\" aria-expanded=\"false\" aria-controls=\"ub-expand-full-056d1ece-3a28-4905-ac35-6fceb34b11dd\" tabindex=\"0\">Mostra di pi\u00f9<\/a><\/div>\n\n<div class=\"ub-expand-portion ub-expand-full ub-hide\" id=\"ub-expand-portion-6faebe6d-34b7-4ae5-885f-89153f7d2d4f\">\n\n<p class=\"has-background\" style=\"background-color:#e4e4e4\">Pierre BRIVET (CCC601) rimpiazza &nbsp;CHAZOTTIER nell\u2019organizzazione dell\u2019incontro regionale Massif Central-Est.<br>Un grande ringraziamento a Philippe per tutto quello che ha fatto per il Club.<br>Alain Guillaud-Bachet (CCC6270) per l&#8217;Ain &nbsp;si aggiunge a Bernard Vieillard (CCC1335)per la Savoi e Guy Harl\u00e9 (CCC5193) per la Haute-Savoie. Grazie a Raymond Barbier per tutto quello che ha fatto per il Club.<\/p>\n\n<a class=\"ub-expand-toggle-button\" role=\"button\" aria-expanded=\"false\" aria-controls=\"ub-expand-full-056d1ece-3a28-4905-ac35-6fceb34b11dd\" tabindex=\"0\">Mostra di meno<\/a><\/div>\n<\/div>\n\n\n<h2 class=\"wp-block-heading\">Nuovo tutorial per la dichiarazione ufficiale dei passi<\/h2>\n\n\n<div class=\"wp-block-ub-expand ub-expand \" id=\"ub-expand-396dfdd1-32fd-4799-b7b4-4df4c2118fe7\">\n<div class=\"ub-expand-portion ub-expand-partial\" id=\"ub-expand-portion-aa12cf5f-f2e8-4c91-afb7-632cf9399e8f\">\n\n<p class=\"has-background\" style=\"background-color:#e4e4e4\">Un nuovo tutorial per la dichiarazione ufficiale dei passi <a href=\"https:\/\/centcols.org\/backup\/tuto-declaration-cols\/\" target=\"_blank\" rel=\"noreferrer noopener\">https:\/\/centcols.org\/backup\/it\/tuto-declaration-cols\/<\/a>&nbsp;\u00e8 disponibile sul nostro sito, lo si trova nelle seguenti rubriche:<\/p>\n\n<a class=\"ub-expand-toggle-button\" role=\"button\" aria-expanded=\"false\" aria-controls=\"ub-expand-full-2a33b0b0-817f-44b0-9eb5-b4fe8f03f096\" tabindex=\"0\">Mostra di pi\u00f9<\/a><\/div>\n\n<div class=\"ub-expand-portion ub-expand-full ub-hide\" id=\"ub-expand-portion-22cda304-21f1-4f2c-8f22-028cab93182b\">\n\n<p class=\"has-background\" style=\"background-color:#e4e4e4\">&nbsp;&#8211; Nell&#8217;intestazione della <a href=\"https:\/\/centcols.org\/backup\/membres\/cols\/declcols.php\" target=\"_blank\" rel=\"noreferrer noopener\">DICHIARAZIONE UFFICIALE<\/a><br>&nbsp; &#8211; Nel primo paragrafo delle&nbsp;<a href=\"https:\/\/centcols.org\/backup\/it\/declaration-en-ligne\/\" target=\"_blank\" rel=\"noreferrer noopener\">ISTRUZIONI DETTAGLIATE<\/a>&nbsp;per la dichiarazione ufficiale online<br>&nbsp; &#8211; Nella &nbsp;<a href=\"https:\/\/centcols.org\/backup\/boite-a-outils\/\" target=\"_blank\" rel=\"noreferrer noopener\">CASSETTA DEGLI ATTREZZI<\/a><\/p>\n\n<a class=\"ub-expand-toggle-button\" role=\"button\" aria-expanded=\"false\" aria-controls=\"ub-expand-full-2a33b0b0-817f-44b0-9eb5-b4fe8f03f096\" tabindex=\"0\">Mostra di meno<\/a><\/div>\n<\/div><\/div>\n<\/div>\n\n\n\n<div class=\"wp-block-columns is-layout-flex wp-container-core-columns-is-layout-3 wp-block-columns-is-layout-flex\">\n<div class=\"wp-block-column is-layout-flow wp-block-column-is-layout-flow\">\n<h2 class=\"wp-block-heading\">CALENDARIO 2024<\/h2>\n\n\n\n<blockquote class=\"wp-block-quote is-layout-flow wp-block-quote-is-layout-flow\">\n<p>In questa pagina sono elencati solo gli eventi principali. Per accedere al calendario dell&#8217;anno, compresi gli eventi regionali (che verranno inseriti man mano che vengono programmati), <a href=\"https:\/\/centcols.org\/backup\/it\/calendrier-general\/?annee=2024\" target=\"_blank\" rel=\"noopener\" title=\"\">cliccare qui<\/a><\/p>\n<\/blockquote>\n\n\n\n<p><strong>Soggiorno di primavera<\/strong>, Mtb, strada, Gravel,&nbsp;<strong>Porticcio<\/strong>, Corsica, 20 &#8211; 27 avril 2024<br data-rich-text-line-break=\"true\"><strong>S<\/strong>oggiorno estivo, Mtb, strada, Gravel,&nbsp;<strong>Vog\u00fc\u00e9<\/strong>, Ard\u00e8che \u2013 Francia, 29 giugno -6 luglio 2024<br data-rich-text-line-break=\"true\"><strong>Assemblea Generale&nbsp;<\/strong>del club,&nbsp;<strong>Bugeat<\/strong>, Francia \u2013 Corr\u00e8ze, 27-29 settembre 2024<\/p>\n\n\n\n<h2 class=\"wp-block-heading\">Settimana Federale FFCT<\/h2>\n\n\n\n<p><span style=\"font-family: arial, helvetica, sans-serif;\"><a title=\"\" href=\"https:\/\/www.cycloroanne2024.fr\/\">dal 20 al 28 luglio 2024 a Roanne<\/a><\/span><\/p>\n<\/div>\n\n\n\n<div class=\"wp-block-column is-layout-flow wp-block-column-is-layout-flow\">\n<h2 class=\"wp-block-heading\">Le ciclomontagnarde 2024<\/h2>\n\n\n\n<p><span style=\"font-family: arial, helvetica, sans-serif;\">\n\n<\/span><\/p>\n<p class=\"has-kb-palette-2-color has-text-color has-medium-font-size\"><span style=\"color: #000000;\">Cyclomontagnarde du Jura<\/span><br \/><span style=\"color: #000000;\">Dal 15 al 16 giugno 2024<\/span><\/p>\n<p><span style=\"font-family: arial, helvetica, sans-serif;\">\n\n \n\n<\/span><\/p>\n<p class=\"has-kb-palette-2-color has-text-color has-medium-font-size\"><span style=\"color: #000000;\">Cyclomontagnarde Luchon &#8211; Bayonne <\/span><br \/><span style=\"color: #000000;\">Dal 15 al 16 giugno 2024<\/span><\/p>\n<p><span style=\"font-family: arial, helvetica, sans-serif;\">\n\n \n\n<\/span><\/p>\n<p class=\"has-medium-font-size\"><span class=\"tadv-color\">Cyclomontagnarde Vosges &#8211; Alsace<br \/>Dal 22 al 23 giugno 2024<\/span><\/p>\n<p><span style=\"font-family: arial, helvetica, sans-serif;\">\n\n \n\n<\/span><\/p>\n<p class=\"has-kb-palette-2-color has-text-color has-medium-font-size\"><span style=\"color: #000000;\">Cyclomontagnarde de Annecy<\/span><br \/><span style=\"color: #000000;\">Dal 29 al 30 giugno 2024<\/span><\/p>\n<p>\u00a0<\/p>\n\n<\/div>\n<\/div>\n\n\n\n<div class=\"wp-block-stackable-spacer stk-block-spacer stk--no-padding stk-block stk-cb03399\" data-block-id=\"cb03399\"><\/div>\n\n\n\n<h2 class=\"wp-block-heading has-text-align-center\">I nostri parteners<\/h2>\n\n\n\n<div class=\"wp-block-stackable-columns alignwide stk-block-columns stk-block stk-1cc382a\" data-block-id=\"1cc382a\"><div class=\"stk-row stk-inner-blocks has-text-align-center stk-block-content stk-content-align stk-1cc382a-column alignwide\">\n<div class=\"wp-block-stackable-column stk-block-column stk-column stk-block stk-05d5330\" data-v=\"4\" data-block-id=\"05d5330\"><style>@media screen and (min-width:768px){.stk-05d5330{flex:1 1 calc(25% - var(--stk-column-gap,0px) * 3 \/ 4 ) !important}}<\/style><div class=\"stk-column-wrapper stk-block-column__content stk-container stk-05d5330-container stk--no-background stk--no-padding\"><div class=\"has-text-align-center stk-block-content stk-inner-blocks stk-05d5330-inner-blocks\"><div class=\"wp-block-image\">\n<figure class=\"aligncenter size-large is-resized\"><img decoding=\"async\" src=\"\/wp-content\/uploads\/2023\/12\/FFCT-4.png\" alt=\"\" style=\"object-fit:contain;width:140px;height:140px\"\/><figcaption class=\"wp-element-caption\"><a href=\"https:\/\/centcols.org\/backup\/it\/le-partenariat-club-des-cent-cols-federation-francaise-de-cyclotourisme\/\">Federazione Francese di Cicloturismo<\/a><\/figcaption><\/figure><\/div><\/div><\/div><\/div>\n\n\n\n<div class=\"wp-block-stackable-column stk-block-column stk-column stk-block stk-34ec6d7\" data-v=\"4\" data-block-id=\"34ec6d7\"><style>@media screen and (min-width:768px){.stk-34ec6d7{flex:1 1 calc(25% - var(--stk-column-gap,0px) * 3 \/ 4 ) !important}}<\/style><div class=\"stk-column-wrapper stk-block-column__content stk-container stk-34ec6d7-container stk--no-background stk--no-padding\"><div class=\"stk-block-content stk-inner-blocks stk-34ec6d7-inner-blocks\"><div class=\"wp-block-image\">\n<figure class=\"aligncenter size-full is-resized\"><img loading=\"lazy\" decoding=\"async\" width=\"288\" height=\"288\" src=\"https:\/\/centcols.org\/backup\/wp-content\/uploads\/2023\/12\/FECT-4.jpg\" alt=\"\" class=\"wp-image-78398\" style=\"object-fit:contain;width:140px;height:140px\" srcset=\"https:\/\/centcols.org\/backup\/wp-content\/uploads\/2023\/12\/FECT-4.jpg 288w, https:\/\/centcols.org\/backup\/wp-content\/uploads\/2023\/12\/FECT-4-100x100.jpg 100w\" sizes=\"(max-width: 288px) 100vw, 288px\" \/><figcaption class=\"wp-element-caption\"><a href=\"https:\/\/centcols.org\/backup\/it\/le-partenariat-entre-la-federation-espagnole-de-cyclotourisme-et-le-club-des-cent-cols\/\">Federazione Spagnola di Cicloturismo<\/a><\/figcaption><\/figure><\/div><\/div><\/div><\/div>\n\n\n\n<div class=\"wp-block-stackable-column stk-block-column stk-column stk-block stk-dafe4e3\" data-v=\"4\" data-block-id=\"dafe4e3\"><style>@media screen and (min-width:768px){.stk-dafe4e3{flex:1 1 calc(25% - var(--stk-column-gap,0px) * 3 \/ 4 ) !important}}<\/style><div class=\"stk-column-wrapper stk-block-column__content stk-container stk-dafe4e3-container stk--no-background stk--no-padding\"><div class=\"stk-block-content stk-inner-blocks stk-dafe4e3-inner-blocks\"><div class=\"wp-block-image\">\n<figure class=\"aligncenter size-full is-resized\"><img loading=\"lazy\" decoding=\"async\" width=\"183\" height=\"180\" src=\"https:\/\/centcols.org\/backup\/wp-content\/uploads\/2023\/12\/OR-4.jpg\" alt=\"\" class=\"wp-image-78428\" style=\"object-fit:contain;width:140px;height:140px\"\/><figcaption class=\"wp-element-caption\"><a href=\"https:\/\/centcols.org\/backup\/it\/storia-cent-cols\/\" target=\"_blank\" rel=\"noopener\" title=\"\">Openrunner<\/a><\/figcaption><\/figure><\/div><\/div><\/div><\/div>\n\n\n\n<div class=\"wp-block-stackable-column stk-block-column stk-column stk-block stk-0c82fce\" data-v=\"4\" data-block-id=\"0c82fce\"><style>@media screen and (min-width:768px){.stk-0c82fce{flex:1 1 calc(25% - var(--stk-column-gap,0px) * 3 \/ 4 ) !important}}<\/style><div class=\"stk-column-wrapper stk-block-column__content stk-container stk-0c82fce-container stk--no-background stk--no-padding\"><div class=\"stk-block-content stk-inner-blocks stk-0c82fce-inner-blocks\">\n<figure class=\"wp-block-image size-full is-resized\"><img loading=\"lazy\" decoding=\"async\" width=\"522\" height=\"221\" src=\"https:\/\/centcols.org\/backup\/wp-content\/uploads\/2023\/12\/UECT-3.jpg\" alt=\"\" class=\"wp-image-78434\" style=\"aspect-ratio:1;object-fit:contain;width:auto;height:140px\" srcset=\"https:\/\/centcols.org\/backup\/wp-content\/uploads\/2023\/12\/UECT-3.jpg 522w, https:\/\/centcols.org\/backup\/wp-content\/uploads\/2023\/12\/UECT-3-500x212.jpg 500w\" sizes=\"(max-width: 522px) 100vw, 522px\" \/><figcaption class=\"wp-element-caption\"><a href=\"https:\/\/centcols.org\/backup\/it\/lunion-europeenne-de-cyclotourisme-uect\/\">Unione Europea di Cicloturismo<\/a><\/figcaption><\/figure>\n<\/div><\/div><\/div>\n<\/div><\/div>\n\n\n\n<div class=\"wp-block-stackable-spacer stk-block-spacer stk--no-padding stk-block stk-55bedfe\" data-block-id=\"55bedfe\"><\/div>\n\n\n\n<h2 class=\"wp-block-heading has-text-align-center\">Dossier di stampa<\/h2>\n\n\n\n<div class=\"wp-block-stackable-columns alignwide stk-block-columns stk-block stk-dd88c00\" data-block-id=\"dd88c00\"><div class=\"stk-row stk-inner-blocks has-text-align-center stk-block-content stk-content-align stk-dd88c00-column alignwide\">\n<div class=\"wp-block-stackable-column stk-block-column stk-column stk-block stk-3b96d22\" data-v=\"4\" data-block-id=\"3b96d22\"><div class=\"stk-column-wrapper stk-block-column__content stk-container stk-3b96d22-container stk--no-background stk--no-padding\"><div class=\"stk-block-content stk-inner-blocks stk-3b96d22-inner-blocks\">\n<figure class=\"wp-block-image size-large\"><img decoding=\"async\" src=\"\/wp-content\/uploads\/2023\/12\/drapeaufr.png\" alt=\"\"\/><figcaption class=\"wp-element-caption\"><a href=\"https:\/\/centcols.org\/backup\/it\/storia-cent-cols\/\" target=\"_blank\" rel=\"noopener\" title=\"\">Dossier de presse<\/a><\/figcaption><\/figure>\n<\/div><\/div><\/div>\n\n\n\n<div class=\"wp-block-stackable-column stk-block-column stk-column stk-block stk-1b28639\" data-v=\"4\" data-block-id=\"1b28639\"><div class=\"stk-column-wrapper stk-block-column__content stk-container stk-1b28639-container stk--no-background stk--no-padding\"><div class=\"stk-block-content stk-inner-blocks stk-1b28639-inner-blocks\">\n<figure class=\"wp-block-image size-full\"><img loading=\"lazy\" decoding=\"async\" width=\"216\" height=\"125\" src=\"https:\/\/centcols.org\/backup\/wp-content\/uploads\/2023\/12\/drapeaugb.png\" alt=\"\" class=\"wp-image-78380\"\/><figcaption class=\"wp-element-caption\"><a href=\"\/en\/press-pack\/\" target=\"_blank\" rel=\"noopener\" title=\"\">Press pack<\/a><\/figcaption><\/figure>\n<\/div><\/div><\/div>\n\n\n\n<div class=\"wp-block-stackable-column stk-block-column stk-column stk-block stk-89a7d74\" data-v=\"4\" data-block-id=\"89a7d74\"><div class=\"stk-column-wrapper stk-block-column__content stk-container stk-89a7d74-container stk--no-background stk--no-padding\"><div class=\"stk-block-content stk-inner-blocks stk-89a7d74-inner-blocks\">\n<figure class=\"wp-block-image size-large\"><img decoding=\"async\" src=\"\/wp-content\/uploads\/2023\/12\/drapeauit.png\" alt=\"\"\/><figcaption class=\"wp-element-caption\"><a href=\"\/it\/dossier-di-stampa\/\" target=\"_blank\" rel=\"noopener\" title=\"\">Dossier di Stampa<\/a><\/figcaption><\/figure>\n<\/div><\/div><\/div>\n\n\n\n<div class=\"wp-block-stackable-column stk-block-column stk-column stk-block stk-d9c9128\" data-v=\"4\" data-block-id=\"d9c9128\"><div class=\"stk-column-wrapper stk-block-column__content stk-container stk-d9c9128-container stk--no-background stk--no-padding\"><div class=\"stk-block-content stk-inner-blocks stk-d9c9128-inner-blocks\">\n<figure class=\"wp-block-image size-large\"><img decoding=\"async\" src=\"\/wp-content\/uploads\/2023\/12\/drapeaude.png\" alt=\"\"\/><figcaption class=\"wp-element-caption\"><a href=\"https:\/\/centcols.org\/backup\/it\/storia-cent-cols\/\" target=\"_blank\" rel=\"noopener\" title=\"\">Pressemappe<\/a><\/figcaption><\/figure>\n<\/div><\/div><\/div>\n\n\n\n<div class=\"wp-block-stackable-column stk-block-column stk-column stk-block stk-68c52ac\" data-v=\"4\" data-block-id=\"68c52ac\"><div class=\"stk-column-wrapper stk-block-column__content stk-container stk-68c52ac-container stk--no-background stk--no-padding\"><div class=\"stk-block-content stk-inner-blocks stk-68c52ac-inner-blocks\">\n<figure class=\"wp-block-image size-large\"><img decoding=\"async\" src=\"\/wp-content\/uploads\/2023\/12\/drapeaues.png\" alt=\"\"\/><figcaption class=\"wp-element-caption\"><a href=\"https:\/\/centcols.org\/backup\/it\/storia-cent-cols\/\" target=\"_blank\" rel=\"noopener\" title=\"\">Archivo prensa<\/a><\/figcaption><\/figure>\n<\/div><\/div><\/div>\n\n\n\n<div class=\"wp-block-stackable-column stk-block-column stk-column stk-block stk-c1bb339\" data-v=\"4\" data-block-id=\"c1bb339\"><div class=\"stk-column-wrapper stk-block-column__content stk-container stk-c1bb339-container stk--no-background stk--no-padding\"><div class=\"stk-block-content stk-inner-blocks stk-c1bb339-inner-blocks\">\n<figure class=\"wp-block-image size-large\"><img decoding=\"async\" src=\"\/wp-content\/uploads\/2023\/12\/drapeaunl.png\" alt=\"\"\/><figcaption class=\"wp-element-caption\"><a href=\"https:\/\/centcols.org\/backup\/it\/storia-cent-cols\/\" target=\"_blank\" rel=\"noopener\" title=\"\">Persmap<\/a><\/figcaption><\/figure>\n<\/div><\/div><\/div>\n<\/div><\/div>\n<\/div>\n","protected":false},"excerpt":{"rendered":"<p>Sezione Membri Fondato nel 1972 Siamo un&#8217;associazione di cicloturisti fondata nel 1972, membri della Federazione Francese di Cicloturismo (FFCT), amanti del ciclismo in montagna e vogliamo dedicare le nostre rubriche, direttamente o indirettamente, solo a questo argomento. Il nostro Club accetta tutte le pratiche ciclistiche nel rispetto delle nostre Regole del Gioco.Per entrare nel Club [&hellip;]<\/p>\n","protected":false},"author":69,"featured_media":0,"parent":0,"menu_order":0,"comment_status":"closed","ping_status":"closed","template":"","meta":{"_acf_changed":false,"ub_ctt_via":"","_monsterinsights_skip_tracking":false,"_monsterinsights_sitenote_active":false,"_monsterinsights_sitenote_note":"","_monsterinsights_sitenote_category":0,"footnotes":""},"acf":[],"featured_image_urls":{"full":"","thumbnail":"","medium":"","medium_large":"","large":"","1536x1536":"","2048x2048":"","woocommerce_thumbnail":"","woocommerce_single":"","woocommerce_gallery_thumbnail":""},"post_excerpt_stackable":"<p>Sezione Membri Fondato nel 1972 Siamo un&#8217;associazione di cicloturisti fondata nel 1972, membri della Federazione Francese di Cicloturismo (FFCT), amanti del ciclismo in montagna e vogliamo dedicare le nostre rubriche, direttamente o indirettamente, solo a questo argomento. Il nostro Club accetta tutte le pratiche ciclistiche nel rispetto delle nostre Regole del Gioco.Per entrare nel Club des Cent Cols, bisogna aver valicato almeno cento passi diversi, di cui cinque di 2000 m o pi\u00f9 per ogni centinaio proposto.per saperne di pi\u00f9 Regola del gioco 50 anni di storia Diaporama di presentazione In primo piano MORTE DI JEAN PERDOUX Jean Perdoux, presidente&hellip;<\/p>\n","category_list":"","author_info":{"name":"Enrico Alberini","url":"https:\/\/centcols.org\/backup\/it\/author\/5065\/"},"comments_num":"0 commenti","featured_image_urls_v2":{"full":"","thumbnail":"","medium":"","medium_large":"","large":"","1536x1536":"","2048x2048":"","woocommerce_thumbnail":"","woocommerce_single":"","woocommerce_gallery_thumbnail":""},"post_excerpt_stackable_v2":"<p>Sezione Membri Fondato nel 1972 Siamo un&#8217;associazione di cicloturisti fondata nel 1972, membri della Federazione Francese di Cicloturismo (FFCT), amanti del ciclismo in montagna e vogliamo dedicare le nostre rubriche, direttamente o indirettamente, solo a questo argomento. Il nostro Club accetta tutte le pratiche ciclistiche nel rispetto delle nostre Regole del Gioco.Per entrare nel Club des Cent Cols, bisogna aver valicato almeno cento passi diversi, di cui cinque di 2000 m o pi\u00f9 per ogni centinaio proposto.per saperne di pi\u00f9 Regola del gioco 50 anni di storia Diaporama di presentazione In primo piano MORTE DI JEAN PERDOUX Jean Perdoux, presidente&hellip;<\/p>\n","category_list_v2":"","author_info_v2":{"name":"Enrico Alberini","url":"https:\/\/centcols.org\/backup\/it\/author\/5065\/"},"comments_num_v2":"0 commenti","featured_image_src":null,"_links":{"self":[{"href":"https:\/\/centcols.org\/backup\/it\/wp-json\/wp\/v2\/pages\/78747"}],"collection":[{"href":"https:\/\/centcols.org\/backup\/it\/wp-json\/wp\/v2\/pages"}],"about":[{"href":"https:\/\/centcols.org\/backup\/it\/wp-json\/wp\/v2\/types\/page"}],"author":[{"embeddable":true,"href":"https:\/\/centcols.org\/backup\/it\/wp-json\/wp\/v2\/users\/69"}],"replies":[{"embeddable":true,"href":"https:\/\/centcols.org\/backup\/it\/wp-json\/wp\/v2\/comments?post=78747"}],"version-history":[{"count":0,"href":"https:\/\/centcols.org\/backup\/it\/wp-json\/wp\/v2\/pages\/78747\/revisions"}],"wp:attachment":[{"href":"https:\/\/centcols.org\/backup\/it\/wp-json\/wp\/v2\/media?parent=78747"}],"curies":[{"name":"wp","href":"https:\/\/api.w.org\/{rel}","templated":true}]}}