{"id":79010,"date":"2023-07-08T17:10:37","date_gmt":"2023-07-08T15:10:37","guid":{"rendered":"https:\/\/centcols.org\/backup\/sf-2023\/"},"modified":"2023-12-22T17:28:19","modified_gmt":"2023-12-22T16:28:19","slug":"sf-2023","status":"publish","type":"page","link":"https:\/\/centcols.org\/backup\/it\/sf-2023\/","title":{"rendered":"La Settimana Federale 2023 della FFCT"},"content":{"rendered":"\n<figure class=\"wp-block-image size-large\"><img loading=\"lazy\" decoding=\"async\" width=\"601\" height=\"384\" src=\"https:\/\/centcols.org\/backup\/wp-content\/uploads\/2023\/07\/Logo_couleur.jpg\" alt=\"\" class=\"wp-image-75423\" srcset=\"https:\/\/centcols.org\/backup\/wp-content\/uploads\/2023\/07\/Logo_couleur.jpg 601w, https:\/\/centcols.org\/backup\/wp-content\/uploads\/2023\/07\/Logo_couleur-500x319.jpg 500w\" sizes=\"(max-width: 601px) 100vw, 601px\" \/><\/figure>\n\n\n\n<p class=\"has-medium-font-size\">Tutte le informazioni sono sul <strong><a href=\"https:\/\/sf2023-ffvelo.fr\/\" target=\"_blank\" rel=\"noopener\" title=\"\">sito del comitato organizzatore<\/a><\/strong><\/p>\n\n\n\n<p class=\"has-medium-font-size\">(Spiegazioni in diverse lingue)<\/p>\n\n\n\n<p class=\"has-medium-font-size\">Molti membri del club Cent Cols parteciperanno a questo evento annuale. Un team di responsabili del club sar\u00e0 a disposizione anche fuori dal percorso.<\/p>\n\n\n\n<p class=\"has-medium-font-size\">Lo stand del club si trova nel villaggio federale. Alla fine del pomeriggio, ogni sera, sar\u00e0 presente per dare il benvenuto ai soci e ai visitatori.<\/p>\n\n\n\n<p class=\"has-medium-font-size\">Il negozio di abbigliamento del club sar\u00e0 gestito da H\u00e9l\u00e8ne presso lo stand Cent Cols.<\/p>\n\n\n\n<p>=> <a href=\"mailto:herve.retiere@gmail.com\" target=\"_blank\" rel=\"noreferrer noopener\">herve.retiere@gmail.com<\/a> o <a href=\"mailto:secretaire@centcols.net\" target=\"_blank\" rel=\"noreferrer noopener\">secretaire@centcols.net<\/a><\/p>\n\n\n\n<p class=\"has-medium-font-size\"><strong>Fran\u00e7ois Dietrich<\/strong>, membro locale del CCC, ha proposto agli organizzatori di questa Semaine F\u00e9d\u00e9rale di indicare i passi sui percorsi.<\/p>\n\n\n\n<p class=\"has-medium-font-size\"><strong>Catherine Borgeais-Rouet<\/strong>, presidente del Comit\u00e9 R\u00e9gional Auvergne Rh\u00f4ne-Alpes e del Codep 74 FFVELO, organizza un aperitivo mercoled\u00ec 26 luglio nel tardo pomeriggio presso il Centre des Sports &#8220;Bernard Guy&#8221;. I membri del Club des Cent cols sono naturalmente invitati.<\/p>\n\n\n\n<p><\/p>\n","protected":false},"excerpt":{"rendered":"<p>Tutte le informazioni sono sul sito del comitato organizzatore (Spiegazioni in diverse lingue) Molti membri del club Cent Cols parteciperanno a questo evento annuale. Un team di responsabili del club sar\u00e0 a disposizione anche fuori dal percorso. Lo stand del club si trova nel villaggio federale. Alla fine del pomeriggio, ogni sera, sar\u00e0 presente per [&hellip;]<\/p>\n","protected":false},"author":69,"featured_media":0,"parent":0,"menu_order":0,"comment_status":"closed","ping_status":"closed","template":"","meta":{"_acf_changed":false,"ub_ctt_via":"","_monsterinsights_skip_tracking":false,"_monsterinsights_sitenote_active":false,"_monsterinsights_sitenote_note":"","_monsterinsights_sitenote_category":0,"footnotes":""},"acf":[],"featured_image_urls":{"full":"","thumbnail":"","medium":"","medium_large":"","large":"","1536x1536":"","2048x2048":"","woocommerce_thumbnail":"","woocommerce_single":"","woocommerce_gallery_thumbnail":""},"post_excerpt_stackable":"<p>Tutte le informazioni sono sul sito del comitato organizzatore (Spiegazioni in diverse lingue) Molti membri del club Cent Cols parteciperanno a questo evento annuale. Un team di responsabili del club sar\u00e0 a disposizione anche fuori dal percorso. Lo stand del club si trova nel villaggio federale. Alla fine del pomeriggio, ogni sera, sar\u00e0 presente per dare il benvenuto ai soci e ai visitatori. Il negozio di abbigliamento del club sar\u00e0 gestito da H\u00e9l\u00e8ne presso lo stand Cent Cols. => herve.retiere@gmail.com o secretaire@centcols.net Fran\u00e7ois Dietrich, membro locale del CCC, ha proposto agli organizzatori di questa Semaine F\u00e9d\u00e9rale di indicare i passi&hellip;<\/p>\n","category_list":"","author_info":{"name":"Enrico Alberini","url":"https:\/\/centcols.org\/backup\/it\/author\/5065\/"},"comments_num":"0 commenti","featured_image_urls_v2":{"full":"","thumbnail":"","medium":"","medium_large":"","large":"","1536x1536":"","2048x2048":"","woocommerce_thumbnail":"","woocommerce_single":"","woocommerce_gallery_thumbnail":""},"post_excerpt_stackable_v2":"<p>Tutte le informazioni sono sul sito del comitato organizzatore (Spiegazioni in diverse lingue) Molti membri del club Cent Cols parteciperanno a questo evento annuale. Un team di responsabili del club sar\u00e0 a disposizione anche fuori dal percorso. Lo stand del club si trova nel villaggio federale. Alla fine del pomeriggio, ogni sera, sar\u00e0 presente per dare il benvenuto ai soci e ai visitatori. Il negozio di abbigliamento del club sar\u00e0 gestito da H\u00e9l\u00e8ne presso lo stand Cent Cols. => herve.retiere@gmail.com o secretaire@centcols.net Fran\u00e7ois Dietrich, membro locale del CCC, ha proposto agli organizzatori di questa Semaine F\u00e9d\u00e9rale di indicare i passi&hellip;<\/p>\n","category_list_v2":"","author_info_v2":{"name":"Enrico Alberini","url":"https:\/\/centcols.org\/backup\/it\/author\/5065\/"},"comments_num_v2":"0 commenti","featured_image_src":null,"_links":{"self":[{"href":"https:\/\/centcols.org\/backup\/it\/wp-json\/wp\/v2\/pages\/79010"}],"collection":[{"href":"https:\/\/centcols.org\/backup\/it\/wp-json\/wp\/v2\/pages"}],"about":[{"href":"https:\/\/centcols.org\/backup\/it\/wp-json\/wp\/v2\/types\/page"}],"author":[{"embeddable":true,"href":"https:\/\/centcols.org\/backup\/it\/wp-json\/wp\/v2\/users\/69"}],"replies":[{"embeddable":true,"href":"https:\/\/centcols.org\/backup\/it\/wp-json\/wp\/v2\/comments?post=79010"}],"version-history":[{"count":0,"href":"https:\/\/centcols.org\/backup\/it\/wp-json\/wp\/v2\/pages\/79010\/revisions"}],"wp:attachment":[{"href":"https:\/\/centcols.org\/backup\/it\/wp-json\/wp\/v2\/media?parent=79010"}],"curies":[{"name":"wp","href":"https:\/\/api.w.org\/{rel}","templated":true}]}}