{"id":79568,"date":"2024-02-07T20:58:28","date_gmt":"2024-02-07T19:58:28","guid":{"rendered":"https:\/\/centcols.org\/backup\/?page_id=79568"},"modified":"2024-03-01T17:35:47","modified_gmt":"2024-03-01T16:35:47","slug":"le-conseil-d-aministration","status":"publish","type":"page","link":"https:\/\/centcols.org\/backup\/it\/le-conseil-d-aministration\/","title":{"rendered":"Le CA et les membres honoraires"},"content":{"rendered":"\n<h2 class=\"wp-block-heading\">CONSEIL D\u2019ADMINISTRATION \u00c9LU LE 13 NOVEMBRE 2021<\/h2>\n\n\n\n<div class=\"wp-block-columns is-layout-flex wp-container-core-columns-is-layout-1 wp-block-columns-is-layout-flex\">\n<div class=\"wp-block-column is-layout-flow wp-block-column-is-layout-flow\">\n<div class=\"wp-block-group has-background\" style=\"background-color:#f6f6f6\"><div class=\"wp-block-group__inner-container is-layout-constrained wp-block-group-is-layout-constrained\">\n<div style=\"height:20px\" aria-hidden=\"true\" class=\"wp-block-spacer\"><\/div>\n\n\n<div class=\"wp-block-image is-style-rounded\">\n<figure class=\"aligncenter size-large is-resized\"><img decoding=\"async\" src=\"https:\/\/centcols.org\/backup\/wp-content\/uploads\/2021\/11\/enrico-alberini-primo-piano-e1638110289143.jpg\" alt=\"\" style=\"width:120px\"\/><\/figure><\/div>\n\n\n<h3 class=\"wp-block-heading has-text-align-center\">Enrico Alberini (N\u00b0 5065)<\/h3>\n\n\n\n<p class=\"has-text-align-center has-small-font-size\">Pr\u00e9sident<br>Mantova Italie<\/p>\n\n\n\n<p class=\"has-text-align-center has-small-font-size\"><a href=\"mailto:president@centcols.net\">president@centcols.net<\/a><\/p>\n<\/div><\/div>\n\n\n\n<div style=\"height:20px\" aria-hidden=\"true\" class=\"wp-block-spacer\"><\/div>\n\n\n\n<div class=\"wp-block-group has-background\" style=\"background-color:#f6f6f6\"><div class=\"wp-block-group__inner-container is-layout-constrained wp-block-group-is-layout-constrained\">\n<div style=\"height:20px\" aria-hidden=\"true\" class=\"wp-block-spacer\"><\/div>\n\n\n<div class=\"wp-block-image is-style-rounded\">\n<figure class=\"aligncenter size-large is-resized\"><img decoding=\"async\" src=\"https:\/\/centcols.org\/backup\/wp-content\/uploads\/2019\/07\/badonnel-1.jpg\" alt=\"\" style=\"width:120px\"\/><\/figure><\/div>\n\n\n<h3 class=\"wp-block-heading has-text-align-center\">Christophe Badonnel (N\u00b05799)<\/h3>\n\n\n\n<p class=\"has-text-align-center has-small-font-size\">Tr\u00e9sorier-adjoint <br>88 Granges-Aumontzey<\/p>\n\n\n\n<p class=\"has-text-align-center has-small-font-size\"><a href=\"mailto:tresorier-adjoint@centcols.net\">tresorier-adjoint@centcols.net<\/a><\/p>\n\n\n\n<p class=\"has-text-align-center has-small-font-size\">Responsable des s\u00e9jours<br><br><a href=\"mailto:sejours@centcols.net\">sejours@centcols.net<\/a><\/p>\n<\/div><\/div>\n\n\n\n<div style=\"height:20px\" aria-hidden=\"true\" class=\"wp-block-spacer\"><\/div>\n\n\n\n<div class=\"wp-block-group has-background\" style=\"background-color:#f6f6f6\"><div class=\"wp-block-group__inner-container is-layout-constrained wp-block-group-is-layout-constrained\">\n<div style=\"height:20px\" aria-hidden=\"true\" class=\"wp-block-spacer\"><\/div>\n\n\n<div class=\"wp-block-image is-style-rounded\">\n<figure class=\"aligncenter size-large is-resized\"><img decoding=\"async\" src=\"https:\/\/centcols.org\/backup\/wp-content\/uploads\/2024\/02\/Bruno_LITWIN.jpg\" alt=\"\" style=\"width:113px\"\/><\/figure><\/div>\n\n\n<h3 class=\"wp-block-heading has-text-align-center\">Bruno Litwin (N\u00b0 3014)<\/h3>\n\n\n\n<p class=\"has-text-align-center has-small-font-size\">Membre, gestion boutique<br>74 Annecy<\/p>\n\n\n\n<p class=\"has-text-align-center has-small-font-size\"><a href=\"mailto:president@centcols.net\">boutique@centcols.net<\/a><\/p>\n<\/div><\/div>\n<\/div>\n\n\n\n<div class=\"wp-block-column is-layout-flow wp-block-column-is-layout-flow\">\n<div class=\"wp-block-group has-background\" style=\"background-color:#f6f6f6\"><div class=\"wp-block-group__inner-container is-layout-constrained wp-block-group-is-layout-constrained\">\n<div style=\"height:20px\" aria-hidden=\"true\" class=\"wp-block-spacer\"><\/div>\n\n\n<div class=\"wp-block-image is-style-rounded\">\n<figure class=\"aligncenter size-large is-resized\"><img decoding=\"async\" src=\"https:\/\/centcols.org\/backup\/wp-content\/uploads\/2021\/09\/6927-Herve-RETIERE-SITE-e1636967437969.jpg\" alt=\"\" style=\"width:120px\"\/><\/figure><\/div>\n\n\n<h3 class=\"wp-block-heading has-text-align-center\">Herv\u00e9 Reti\u00e8re (N\u00b0 6927)<\/h3>\n\n\n\n<p class=\"has-text-align-center has-small-font-size\">Secr\u00e9taire<br>95 Cormeilles-en-Parisis<\/p>\n\n\n\n<p class=\"has-text-align-center has-small-font-size\"><a href=\"mailto:president@centcols.net\">secretaire@centcols.net<\/a><\/p>\n<\/div><\/div>\n\n\n\n<div style=\"height:20px\" aria-hidden=\"true\" class=\"wp-block-spacer\"><\/div>\n\n\n\n<div class=\"wp-block-group has-background\" style=\"background-color:#f6f6f6\"><div class=\"wp-block-group__inner-container is-layout-constrained wp-block-group-is-layout-constrained\">\n<div style=\"height:20px\" aria-hidden=\"true\" class=\"wp-block-spacer\"><\/div>\n\n\n<div class=\"wp-block-image is-style-rounded\">\n<figure class=\"aligncenter size-large is-resized\"><img decoding=\"async\" src=\"https:\/\/centcols.org\/backup\/wp-content\/uploads\/2019\/08\/bgiraudeau.jpg\" alt=\"\" style=\"width:120px\"\/><\/figure><\/div>\n\n\n<h3 class=\"wp-block-heading has-text-align-center\">Bernard Giraudeau (N\u00b0 3872)<\/h3>\n\n\n\n<p class=\"has-text-align-center has-small-font-size\">Membre<br>20 Ajaccio<\/p>\n\n\n\n<p class=\"has-text-align-center has-small-font-size\"><a title=\"\" href=\"mailto:bernard.giraudeau@orange.fr\">bernard.giraudeau@orange.fr<\/a><\/p>\n\n\n\n<div style=\"height:60px\" aria-hidden=\"true\" class=\"wp-block-spacer\"><\/div>\n<\/div><\/div>\n\n\n\n<div style=\"height:20px\" aria-hidden=\"true\" class=\"wp-block-spacer\"><\/div>\n\n\n\n<div class=\"wp-block-group has-background\" style=\"background-color:#f6f6f6\"><div class=\"wp-block-group__inner-container is-layout-constrained wp-block-group-is-layout-constrained\">\n<div style=\"height:20px\" aria-hidden=\"true\" class=\"wp-block-spacer\"><\/div>\n\n\n<div class=\"wp-block-image is-style-rounded\">\n<figure class=\"aligncenter size-large is-resized\"><img decoding=\"async\" src=\"https:\/\/centcols.org\/backup\/wp-content\/uploads\/2021\/11\/Jean-Luc-Matte-e1636968405333.jpg\" alt=\"\" style=\"width:120px\"\/><\/figure><\/div>\n\n\n<h3 class=\"wp-block-heading has-text-align-center\">Jean-Luc Matte (N\u00b0 6755)<\/h3>\n\n\n\n<p class=\"has-text-align-center has-small-font-size\">Membre, s\u00e9jours<br>Landelies \u2013 Belgique<\/p>\n\n\n\n<p class=\"has-text-align-center has-small-font-size\"><a href=\"mailto:president@centcols.net\">sejours@centcols.net<\/a><\/p>\n<\/div><\/div>\n<\/div>\n\n\n\n<div class=\"wp-block-column is-layout-flow wp-block-column-is-layout-flow\">\n<div class=\"wp-block-group has-background\" style=\"background-color:#f6f6f6\"><div class=\"wp-block-group__inner-container is-layout-constrained wp-block-group-is-layout-constrained\">\n<div style=\"height:20px\" aria-hidden=\"true\" class=\"wp-block-spacer\"><\/div>\n\n\n<div class=\"wp-block-image is-style-rounded\">\n<figure class=\"aligncenter size-large is-resized\"><img decoding=\"async\" src=\"https:\/\/centcols.org\/backup\/wp-content\/uploads\/2017\/11\/vadot.jpg\" alt=\"\" style=\"width:120px\"\/><\/figure><\/div>\n\n\n<h3 class=\"wp-block-heading has-text-align-center\">S\u00e9bastien Vadot (N\u00b0 6502)<\/h3>\n\n\n\n<p class=\"has-text-align-center has-small-font-size\">Tr\u00e9sorier<br>74 Alby-sur-Ch\u00e9ran<\/p>\n\n\n\n<p class=\"has-text-align-center has-small-font-size\"><a href=\"mailto:president@centcols.net\">tresorier@centcols.net<\/a><\/p>\n<\/div><\/div>\n\n\n\n<div style=\"height:20px\" aria-hidden=\"true\" class=\"wp-block-spacer\"><\/div>\n\n\n\n<div class=\"wp-block-group has-background\" style=\"background-color:#f6f6f6\"><div class=\"wp-block-group__inner-container is-layout-constrained wp-block-group-is-layout-constrained\">\n<div style=\"height:20px\" aria-hidden=\"true\" class=\"wp-block-spacer\"><\/div>\n\n\n<div class=\"wp-block-image is-style-rounded\">\n<figure class=\"aligncenter size-large is-resized\"><img decoding=\"async\" src=\"https:\/\/centcols.org\/backup\/wp-content\/uploads\/2017\/11\/giraudeau-n.jpg\" alt=\"\" style=\"width:120px\"\/><\/figure><\/div>\n\n\n<h3 class=\"wp-block-heading has-text-align-center\">Nadine Giraudeau (N\u00b0 5633)<\/h3>\n\n\n\n<p class=\"has-text-align-center has-small-font-size\">Vice-pr\u00e9sidente<br>20 Ajaccio<\/p>\n\n\n\n<p class=\"has-text-align-center has-small-font-size\"><a title=\"\" href=\"mailto:vice-presidente@centcols.net\">vice-presidente@centcols.net<\/a><\/p>\n\n\n\n<p class=\"has-text-align-center has-small-font-size\">Inscriptions dipl\u00f4mes communication<br><br><a href=\"javascript:;\">inscriptions@centcols.net<\/a><\/p>\n<\/div><\/div>\n\n\n\n<div style=\"height:20px\" aria-hidden=\"true\" class=\"wp-block-spacer\"><\/div>\n\n\n\n<div class=\"wp-block-group has-background\" style=\"background-color:#f6f6f6\"><div class=\"wp-block-group__inner-container is-layout-constrained wp-block-group-is-layout-constrained\">\n<div style=\"height:20px\" aria-hidden=\"true\" class=\"wp-block-spacer\"><\/div>\n\n\n<div class=\"wp-block-image is-style-rounded\">\n<figure class=\"aligncenter size-large is-resized\"><img decoding=\"async\" src=\"https:\/\/centcols.org\/backup\/wp-content\/uploads\/2017\/11\/rieu.jpg\" alt=\"\" style=\"width:120px\"\/><\/figure><\/div>\n\n\n<h3 class=\"wp-block-heading has-text-align-center\">Fran\u00e7ois Rieu (N\u00b0 460)<\/h3>\n\n\n\n<p class=\"has-text-align-center has-small-font-size\">Membre, charg\u00e9 de la revue<br>73 Grignon<\/p>\n\n\n\n<p class=\"has-text-align-center has-small-font-size\"><a href=\"mailto:president@centcols.net\">redaction@centcols.net<\/a><\/p>\n<\/div><\/div>\n<\/div>\n<\/div>\n\n\n\n<div style=\"height:20px\" aria-hidden=\"true\" class=\"wp-block-spacer\"><\/div>\n\n\n\n<h2 class=\"wp-block-heading\">Membres honoraires<\/h2>\n\n\n\n<div class=\"wp-block-columns is-layout-flex wp-container-core-columns-is-layout-2 wp-block-columns-is-layout-flex\">\n<div class=\"wp-block-column is-layout-flow wp-block-column-is-layout-flow\">\n<div class=\"wp-block-group has-background\" style=\"background-color:#f6f6f6\"><div class=\"wp-block-group__inner-container is-layout-constrained wp-block-group-is-layout-constrained\">\n<div style=\"height:20px\" aria-hidden=\"true\" class=\"wp-block-spacer\"><\/div>\n\n\n<div class=\"wp-block-image is-style-rounded\">\n<figure class=\"aligncenter size-large is-resized\"><img decoding=\"async\" src=\"https:\/\/centcols.org\/backup\/wp-content\/uploads\/2013\/10\/per.jpg\" alt=\"\" style=\"width:120px\"\/><\/figure><\/div>\n\n\n<div class=\"wp-block-stackable-heading aligncenter stk-block-heading stk-block-heading--v2 stk-block stk-c75a021\" id=\"jean-perdoux-n-1\" data-block-id=\"c75a021\"><h3 class=\"stk-block-heading__text has-text-align-center\">Jean Perdoux (N\u00b0 1)<\/h3><\/div>\n\n\n\n<p class=\"has-text-align-center has-small-font-size\">Pr\u00e9sident d\u2019honneur<br>74 Annecy<\/p>\n\n\n\n<p class=\"has-text-align-center has-small-font-size\"><a title=\"\" href=\"mailto:jean.perdoux@orange.fr\">jean.perdoux@orange.fr<\/a><\/p>\n<\/div><\/div>\n<\/div>\n\n\n\n<div class=\"wp-block-column is-layout-flow wp-block-column-is-layout-flow\">\n<div class=\"wp-block-group has-background\" style=\"background-color:#f6f6f6\"><div class=\"wp-block-group__inner-container is-layout-constrained wp-block-group-is-layout-constrained\">\n<div style=\"height:20px\" aria-hidden=\"true\" class=\"wp-block-spacer\"><\/div>\n\n\n<div class=\"wp-block-image is-style-rounded\">\n<figure class=\"aligncenter size-large is-resized\"><img decoding=\"async\" src=\"https:\/\/centcols.org\/backup\/wp-content\/uploads\/2013\/10\/dus2.jpg\" alt=\"\" style=\"width:120px\"\/><\/figure><\/div>\n\n\n<h3 class=\"wp-block-heading has-text-align-center\">Henri Dusseau (N\u00b0 705)<\/h3>\n\n\n\n<p class=\"has-text-align-center has-small-font-size\">Pr\u00e9sident honoris causa<br>74 Saint-Jorioz<\/p>\n\n\n\n<p class=\"has-text-align-center has-small-font-size\"><a href=\"mailto:henri.dusseau@sfr.fr\">henri.dusseau@sfr.fr<\/a><\/p>\n<\/div><\/div>\n<\/div>\n\n\n\n<div class=\"wp-block-column is-layout-flow wp-block-column-is-layout-flow\">\n<div class=\"wp-block-group has-background\" style=\"background-color:#f6f6f6\"><div class=\"wp-block-group__inner-container is-layout-constrained wp-block-group-is-layout-constrained\">\n<div style=\"height:20px\" aria-hidden=\"true\" class=\"wp-block-spacer\"><\/div>\n\n\n<div class=\"wp-block-image is-style-rounded\">\n<figure class=\"aligncenter size-large is-resized\"><img decoding=\"async\" src=\"https:\/\/centcols.org\/backup\/wp-content\/uploads\/2020\/05\/Benistrand-Claude-284-375x500.jpg\" alt=\"\" style=\"width:120px\"\/><\/figure><\/div>\n\n\n<h3 class=\"wp-block-heading has-text-align-center\">Claude B\u00e9nistrand (N\u00b0 284)<\/h3>\n\n\n\n<p class=\"has-text-align-center has-small-font-size\">Pr\u00e9sident honoraire<br>63 Clermont-Ferrand<\/p>\n\n\n\n<p class=\"has-text-align-center has-small-font-size\"><a href=\"mailto:president@centcols.net\"><\/a><a href=\"mailto:claude.benistrand@wanadoo.fr\">claude.benistrand@wanadoo.fr<\/a><\/p>\n<\/div><\/div>\n<\/div>\n<\/div>\n","protected":false},"excerpt":{"rendered":"<p>CONSEIL D\u2019ADMINISTRATION \u00c9LU LE 13 NOVEMBRE 2021 Enrico Alberini (N\u00b0 5065) Pr\u00e9sidentMantova Italie president@centcols.net Christophe Badonnel (N\u00b05799) Tr\u00e9sorier-adjoint 88 Granges-Aumontzey tresorier-adjoint@centcols.net Responsable des s\u00e9jours sejours@centcols.net Bruno Litwin (N\u00b0 3014) Membre, gestion boutique74 Annecy boutique@centcols.net Herv\u00e9 Reti\u00e8re (N\u00b0 6927) Secr\u00e9taire95 Cormeilles-en-Parisis secretaire@centcols.net Bernard Giraudeau (N\u00b0 3872) Membre20 Ajaccio bernard.giraudeau@orange.fr Jean-Luc Matte (N\u00b0 6755) Membre, s\u00e9joursLandelies \u2013 [&hellip;]<\/p>\n","protected":false},"author":17,"featured_media":0,"parent":0,"menu_order":0,"comment_status":"closed","ping_status":"closed","template":"","meta":{"_acf_changed":false,"ub_ctt_via":"","_monsterinsights_skip_tracking":false,"_monsterinsights_sitenote_active":false,"_monsterinsights_sitenote_note":"","_monsterinsights_sitenote_category":0,"footnotes":""},"acf":[],"featured_image_urls":{"full":"","thumbnail":"","medium":"","medium_large":"","large":"","1536x1536":"","2048x2048":"","woocommerce_thumbnail":"","woocommerce_single":"","woocommerce_gallery_thumbnail":""},"post_excerpt_stackable":"<p>CONSEIL D\u2019ADMINISTRATION \u00c9LU LE 13 NOVEMBRE 2021 Enrico Alberini (N\u00b0 5065) Pr\u00e9sidentMantova Italie president@centcols.net Christophe Badonnel (N\u00b05799) Tr\u00e9sorier-adjoint 88 Granges-Aumontzey tresorier-adjoint@centcols.net Responsable des s\u00e9jourssejours@centcols.net Bruno Litwin (N\u00b0 3014) Membre, gestion boutique74 Annecy boutique@centcols.net Herv\u00e9 Reti\u00e8re (N\u00b0 6927) Secr\u00e9taire95 Cormeilles-en-Parisis secretaire@centcols.net Bernard Giraudeau (N\u00b0 3872) Membre20 Ajaccio bernard.giraudeau@orange.fr Jean-Luc Matte (N\u00b0 6755) Membre, s\u00e9joursLandelies \u2013 Belgique sejours@centcols.net S\u00e9bastien Vadot (N\u00b0 6502) Tr\u00e9sorier74 Alby-sur-Ch\u00e9ran tresorier@centcols.net Nadine Giraudeau (N\u00b0 5633) Vice-pr\u00e9sidente20 Ajaccio vice-presidente@centcols.net Inscriptions dipl\u00f4mes communicationinscriptions@centcols.net Fran\u00e7ois Rieu (N\u00b0 460) Membre, charg\u00e9 de la revue73 Grignon redaction@centcols.net Membres honoraires Jean Perdoux (N\u00b0 1) Pr\u00e9sident d\u2019honneur74 Annecy jean.perdoux@orange.fr Henri Dusseau (N\u00b0 705) Pr\u00e9sident honoris&hellip;<\/p>\n","category_list":"","author_info":{"name":"R\u00e9gis Paraz","url":"https:\/\/centcols.org\/backup\/it\/author\/3225\/"},"comments_num":"0 commenti","featured_image_urls_v2":{"full":"","thumbnail":"","medium":"","medium_large":"","large":"","1536x1536":"","2048x2048":"","woocommerce_thumbnail":"","woocommerce_single":"","woocommerce_gallery_thumbnail":""},"post_excerpt_stackable_v2":"<p>CONSEIL D\u2019ADMINISTRATION \u00c9LU LE 13 NOVEMBRE 2021 Enrico Alberini (N\u00b0 5065) Pr\u00e9sidentMantova Italie president@centcols.net Christophe Badonnel (N\u00b05799) Tr\u00e9sorier-adjoint 88 Granges-Aumontzey tresorier-adjoint@centcols.net Responsable des s\u00e9jourssejours@centcols.net Bruno Litwin (N\u00b0 3014) Membre, gestion boutique74 Annecy boutique@centcols.net Herv\u00e9 Reti\u00e8re (N\u00b0 6927) Secr\u00e9taire95 Cormeilles-en-Parisis secretaire@centcols.net Bernard Giraudeau (N\u00b0 3872) Membre20 Ajaccio bernard.giraudeau@orange.fr Jean-Luc Matte (N\u00b0 6755) Membre, s\u00e9joursLandelies \u2013 Belgique sejours@centcols.net S\u00e9bastien Vadot (N\u00b0 6502) Tr\u00e9sorier74 Alby-sur-Ch\u00e9ran tresorier@centcols.net Nadine Giraudeau (N\u00b0 5633) Vice-pr\u00e9sidente20 Ajaccio vice-presidente@centcols.net Inscriptions dipl\u00f4mes communicationinscriptions@centcols.net Fran\u00e7ois Rieu (N\u00b0 460) Membre, charg\u00e9 de la revue73 Grignon redaction@centcols.net Membres honoraires Jean Perdoux (N\u00b0 1) Pr\u00e9sident d\u2019honneur74 Annecy jean.perdoux@orange.fr Henri Dusseau (N\u00b0 705) Pr\u00e9sident honoris&hellip;<\/p>\n","category_list_v2":"","author_info_v2":{"name":"R\u00e9gis Paraz","url":"https:\/\/centcols.org\/backup\/it\/author\/3225\/"},"comments_num_v2":"0 commenti","featured_image_src":null,"_links":{"self":[{"href":"https:\/\/centcols.org\/backup\/it\/wp-json\/wp\/v2\/pages\/79568"}],"collection":[{"href":"https:\/\/centcols.org\/backup\/it\/wp-json\/wp\/v2\/pages"}],"about":[{"href":"https:\/\/centcols.org\/backup\/it\/wp-json\/wp\/v2\/types\/page"}],"author":[{"embeddable":true,"href":"https:\/\/centcols.org\/backup\/it\/wp-json\/wp\/v2\/users\/17"}],"replies":[{"embeddable":true,"href":"https:\/\/centcols.org\/backup\/it\/wp-json\/wp\/v2\/comments?post=79568"}],"version-history":[{"count":0,"href":"https:\/\/centcols.org\/backup\/it\/wp-json\/wp\/v2\/pages\/79568\/revisions"}],"wp:attachment":[{"href":"https:\/\/centcols.org\/backup\/it\/wp-json\/wp\/v2\/media?parent=79568"}],"curies":[{"name":"wp","href":"https:\/\/api.w.org\/{rel}","templated":true}]}}