{"id":63841,"date":"2022-07-20T10:14:40","date_gmt":"2022-07-20T08:14:40","guid":{"rendered":"https:\/\/centcols.org\/backup\/?page_id=63841"},"modified":"2023-08-12T23:46:03","modified_gmt":"2023-08-12T21:46:03","slug":"le-site-quoi-de-neuf","status":"publish","type":"page","link":"https:\/\/centcols.org\/backup\/le-site-quoi-de-neuf\/","title":{"rendered":"Le site, quoi de neuf ?"},"content":{"rendered":"\n<h2 class=\"has-large-font-size wp-block-heading\">A la une :<\/h2>\n\n\n\n<p class=\"has-medium-font-size\">Qui s&#8217;en souvient ?  Sur le site du Club des Cent Cols, on peut aussi vendre son mat\u00e9riel. 2 nouvelles annonces int\u00e9grent ainsi la page qui leur est consacr\u00e9e dans <strong><a href=\"https:\/\/centcols.org\/backup\/petites-annonces\/#\" target=\"_blank\" rel=\"noopener\" title=\"\">Trucs et trocs \/ Petites annonces<\/a><\/strong><\/p>\n\n\n\n<p class=\"has-medium-font-size\"><strong>Les cols des Alpes qui furent frontaliers&#8230; et ceux qui le sont devenus<\/strong>, une \u00e9tude historique dont les premiers pas sont \u00e0 d\u00e9couvrir dans <a href=\"https:\/\/centcols.org\/backup\/categorie\/documentaires\/\" target=\"_blank\" rel=\"noreferrer noopener\">A lire, \u00e0 voir \/ Documentaires<\/a><\/p>\n\n\n\n<p class=\"has-medium-font-size\">La <strong>Cyclomontagnarde du Vercors<\/strong>, les 4 fa\u00e7ons de la faire, les d\u00e9tails, les inscriptions sont dans <strong><a href=\"https:\/\/centcols.org\/backup\/codep-haute-savoie\/\">Les F\u00e9d\u00e9s \/ Codep<\/a><\/strong><\/p>\n\n\n\n<p class=\"has-medium-font-size\">Les catalogues de <strong>l&#8217;Italie <\/strong>et de la <strong>Norv\u00e9ge <\/strong>ont \u00e9t\u00e9 mis \u00e0 jour avec respectivement environ 50 nouveaux cols pour l&#8217;un et 150 pour l&#8217;autre.<\/p>\n\n\n\n<p class=\"has-medium-font-size\">Dans <a href=\"https:\/\/centcols.org\/backup\/uect\/\" target=\"_blank\" rel=\"noreferrer noopener\">UECT<\/a>, <strong>la Semaine Europ\u00e9enne 2023 <\/strong>\u00e0 Plasencia<\/p>\n\n\n\n<p class=\"has-medium-font-size\">Dans le <strong>catalogue d&#8217;Espagne<\/strong>, presque 80 nouveaux cols ont \u00e9t\u00e9 ajout\u00e9s majoritairement en Aragon <\/p>\n\n\n\n<p class=\"has-medium-font-size\">Dans le menu &#8220;Randonner&#8221; \/ Randonn\u00e9es Partenaires, les <a href=\"https:\/\/centcols.org\/backup\/radiales\/\" target=\"_blank\" rel=\"noreferrer noopener\"><strong>Radiales Ibericas<\/strong><\/a> de la FECT (F\u00e9d\u00e9ration Espagnole de Cyclotourisme)<\/p>\n\n\n\n<p class=\"has-medium-font-size\">Dans le menu &#8220;Randonner&#8221; \/ Randonn\u00e9es Partenaires, les <a href=\"https:\/\/centcols.org\/backup\/les-traits-dunions-europeens-tue\/\" target=\"_blank\" rel=\"noreferrer noopener\"><strong>Traits d&#8217;Union Europ\u00e9ens<\/strong><\/a> de l&#8217;UECT (Union Europ\u00e9enne de Cyclotourisme)<\/p>\n\n\n\n<p class=\"has-medium-font-size\">Dans le pied de la page d&#8217;accueil du site, la pr\u00e9sentation du <strong><a href=\"https:\/\/centcols.org\/backup\/le-partenariat-entre-la-federation-espagnole-de-cyclotourisme-et-le-club-des-cent-cols\/\" target=\"_blank\" rel=\"noreferrer noopener\">partenariat avec la FECT<\/a><\/strong><\/p>\n\n\n\n<p class=\"has-medium-font-size\">Dans le pied de la page d&#8217;accueil du site, la pr\u00e9sentation du <strong><a href=\"https:\/\/centcols.org\/backup\/lunion-europeenne-de-cyclotourisme-uect\/\" target=\"_blank\" rel=\"noreferrer noopener\">partenariat avec l&#8217;UECT<\/a><\/strong><\/p>\n\n\n\n<p class=\"has-medium-font-size\">Dans le pied de la page d&#8217;accueil du site, la pr\u00e9sentation du <strong><a href=\"https:\/\/centcols.org\/backup\/le-partenariat-club-des-cent-cols-federation-francaise-de-cyclotourisme\/\" target=\"_blank\" rel=\"noreferrer noopener\">partenariat historique avec la FFCT<\/a><\/strong><\/p>\n\n\n\n<p class=\"has-medium-font-size\"><a href=\"https:\/\/centcols.org\/backup\/les-catalogues-evoluent-maintenant-en-temps-reel\/\" target=\"_blank\" rel=\"noreferrer noopener\">Les <strong>catalogues <\/strong>\u00e9voluent en temps r\u00e9el<\/a><\/p>\n\n\n\n<p class=\"has-medium-font-size\">Apr\u00e8s les photos pour l&#8217;en-t\u00eate du site (voir ci-dessous), les <strong>photos pour documenter les cols<\/strong> :<a href=\"https:\/\/centcols.org\/backup\/photos-de-cols\/\" target=\"_blank\" rel=\"noreferrer noopener\"> la mise \u00e0 jour du cahier des charges<\/a><\/p>\n\n\n\n<p class=\"has-medium-font-size\"><a href=\"https:\/\/centcols.org\/backup\/mise-a-jour-de-catalogues\/\" target=\"_blank\" rel=\"noreferrer noopener\">Des r\u00e9centes mises \u00e0 jour de catalogue<\/a>s<\/p>\n\n\n\n<p class=\"has-medium-font-size\"><a href=\"https:\/\/centcols.org\/backup\/les-photos-du-bandeau-daccueil\/\" target=\"_blank\" rel=\"noreferrer noopener\">Les photos du carrousel en en-t\u00eate du site<\/a><\/p>\n\n\n\n<p class=\"has-medium-font-size\"><a href=\"https:\/\/centcols.org\/backup\/catalogues-de-cols-des-mises-a-jour\/\" target=\"_blank\" rel=\"noreferrer noopener\">Catalogues des cols de Suisse et d&#8217;Espagne : mises \u00e0 jour<\/a><\/p>\n\n\n\n<p class=\"has-medium-font-size\"><a href=\"https:\/\/centcols.org\/backup\/exportation-cols-openrunner\/\" target=\"_blank\" rel=\"noreferrer noopener\">Openrunner : un tuto pour exporter sa liste de cols<\/a><\/p>\n\n\n\n<p class=\"has-medium-font-size\"><a href=\"https:\/\/centcols.org\/backup\/50-ans\/\" target=\"_blank\" rel=\"noreferrer noopener\">50 ans, tout savoir de l&#8217;Assembl\u00e9e G\u00e9n\u00e9rale, les vid\u00e9os, les photos, les dipl\u00f4mes&#8230;<\/a><\/p>\n\n\n\n<p class=\"has-medium-font-size\"><a href=\"https:\/\/centcols.org\/backup\/intro-la-gazette\/\" target=\"_blank\" rel=\"noreferrer noopener\"> La gazette: c&#8217;est quoi ?<\/a><\/p>\n\n\n\n<p class=\"has-medium-font-size\"><a href=\"https:\/\/centcols.org\/backup\/les-rp-evoluent-2\/\" target=\"_blank\" rel=\"noreferrer noopener\">Les Randonn\u00e9es Permanentes du Club des Cent Cols, elles \u00e9voluent. <\/a><\/p>\n\n\n\n<p class=\"has-medium-font-size\"><a href=\"https:\/\/centcols.org\/backup\/le-club-des-cent-cols-dans-wikipedia\/\" target=\"_blank\" rel=\"noreferrer noopener\">Wikip\u00e9dia<\/a><\/p>\n\n\n\n<h2 class=\"has-large-font-size wp-block-heading\">Pour m\u00e9moire :<\/h2>\n\n\n\n<p class=\"has-medium-font-size\"><a href=\"https:\/\/centcols.org\/backup\/les-nuls-declarent-leurs-cols\/\" target=\"_blank\" rel=\"noreferrer noopener\">Les nuls d\u00e9clarent leurs cols<\/a><\/p>\n\n\n\n<p class=\"has-medium-font-size\"><a href=\"https:\/\/centcols.org\/backup\/decouvrir-la-gazette\/\" target=\"_blank\" rel=\"noreferrer noopener\">D\u00e9couvrir La Gazette<\/a><\/p>\n\n\n\n<p class=\"has-medium-font-size\"><a href=\"https:\/\/centcols.org\/backup\/forum\/\" target=\"_blank\" rel=\"noreferrer noopener\"><strong>Le forum du Club des Cent Cols <\/strong>\u00e0 (re)d\u00e9couvrir<\/a><\/p>\n\n\n\n<p class=\"has-medium-font-size\"><a href=\"https:\/\/centcols.org\/backup\/cols-sur-trace-docx\/\" target=\"_blank\" rel=\"noreferrer noopener\">Red\u00e9couvert sur la liste de discussion et sur Facebook : <strong>Cols sur trace<\/strong><\/a><\/p>\n\n\n\n<p><\/p>\n","protected":false},"excerpt":{"rendered":"<p>A la une : Qui s&#8217;en souvient ? Sur le site du Club des Cent Cols, on peut aussi vendre son mat\u00e9riel. 2 nouvelles annonces int\u00e9grent ainsi la page qui leur est consacr\u00e9e dans Trucs et trocs \/ Petites annonces Les cols des Alpes qui furent frontaliers&#8230; et ceux qui le sont devenus, une \u00e9tude [&hellip;]<\/p>\n","protected":false},"author":69,"featured_media":0,"parent":0,"menu_order":0,"comment_status":"closed","ping_status":"closed","template":"","meta":{"_acf_changed":false,"ub_ctt_via":"","_monsterinsights_skip_tracking":false,"_monsterinsights_sitenote_active":false,"_monsterinsights_sitenote_note":"","_monsterinsights_sitenote_category":0,"footnotes":""},"acf":[],"featured_image_urls":{"full":"","thumbnail":"","medium":"","medium_large":"","large":"","1536x1536":"","2048x2048":"","woocommerce_thumbnail":"","woocommerce_single":"","woocommerce_gallery_thumbnail":""},"post_excerpt_stackable":"<p>A la une : Qui s&#8217;en souvient ? Sur le site du Club des Cent Cols, on peut aussi vendre son mat\u00e9riel. 2 nouvelles annonces int\u00e9grent ainsi la page qui leur est consacr\u00e9e dans Trucs et trocs \/ Petites annonces Les cols des Alpes qui furent frontaliers&#8230; et ceux qui le sont devenus, une \u00e9tude historique dont les premiers pas sont \u00e0 d\u00e9couvrir dans A lire, \u00e0 voir \/ Documentaires La Cyclomontagnarde du Vercors, les 4 fa\u00e7ons de la faire, les d\u00e9tails, les inscriptions sont dans Les F\u00e9d\u00e9s \/ Codep Les catalogues de l&#8217;Italie et de la Norv\u00e9ge ont \u00e9t\u00e9\u2026<\/p>\n","category_list":"","author_info":{"name":"Enrico Alberini","url":"https:\/\/centcols.org\/backup\/author\/5065\/"},"comments_num":"0 commentaire","featured_image_urls_v2":{"full":"","thumbnail":"","medium":"","medium_large":"","large":"","1536x1536":"","2048x2048":"","woocommerce_thumbnail":"","woocommerce_single":"","woocommerce_gallery_thumbnail":""},"post_excerpt_stackable_v2":"<p>A la une : Qui s&#8217;en souvient ? Sur le site du Club des Cent Cols, on peut aussi vendre son mat\u00e9riel. 2 nouvelles annonces int\u00e9grent ainsi la page qui leur est consacr\u00e9e dans Trucs et trocs \/ Petites annonces Les cols des Alpes qui furent frontaliers&#8230; et ceux qui le sont devenus, une \u00e9tude historique dont les premiers pas sont \u00e0 d\u00e9couvrir dans A lire, \u00e0 voir \/ Documentaires La Cyclomontagnarde du Vercors, les 4 fa\u00e7ons de la faire, les d\u00e9tails, les inscriptions sont dans Les F\u00e9d\u00e9s \/ Codep Les catalogues de l&#8217;Italie et de la Norv\u00e9ge ont \u00e9t\u00e9\u2026<\/p>\n","category_list_v2":"","author_info_v2":{"name":"Enrico Alberini","url":"https:\/\/centcols.org\/backup\/author\/5065\/"},"comments_num_v2":"0 commentaire","featured_image_src":null,"_links":{"self":[{"href":"https:\/\/centcols.org\/backup\/wp-json\/wp\/v2\/pages\/63841"}],"collection":[{"href":"https:\/\/centcols.org\/backup\/wp-json\/wp\/v2\/pages"}],"about":[{"href":"https:\/\/centcols.org\/backup\/wp-json\/wp\/v2\/types\/page"}],"author":[{"embeddable":true,"href":"https:\/\/centcols.org\/backup\/wp-json\/wp\/v2\/users\/69"}],"replies":[{"embeddable":true,"href":"https:\/\/centcols.org\/backup\/wp-json\/wp\/v2\/comments?post=63841"}],"version-history":[{"count":0,"href":"https:\/\/centcols.org\/backup\/wp-json\/wp\/v2\/pages\/63841\/revisions"}],"wp:attachment":[{"href":"https:\/\/centcols.org\/backup\/wp-json\/wp\/v2\/media?parent=63841"}],"curies":[{"name":"wp","href":"https:\/\/api.w.org\/{rel}","templated":true}]}}