{"id":63886,"date":"2022-07-22T18:19:26","date_gmt":"2022-07-22T16:19:26","guid":{"rendered":"https:\/\/centcols.org\/backup\/?page_id=63886"},"modified":"2023-10-26T15:25:39","modified_gmt":"2023-10-26T13:25:39","slug":"ils-nous-ont-quittes","status":"publish","type":"page","link":"https:\/\/centcols.org\/backup\/ils-nous-ont-quittes\/","title":{"rendered":"Ils nous ont quitt\u00e9s"},"content":{"rendered":"\n<p class=\"has-small-font-size\"><em>Ici, nous archivons les messages re\u00e7us \u00e0 l\u2019occasion du d\u00e9c\u00e8s d\u2019un membre. Pour en conserver son souvenir et \u00e9viter qu\u2019il sombre dans l\u2019oubli. N\u2019h\u00e9sitez pas \u00e0 vous exprimer sur la LDD ou en \u00e9crivant \u00e0 <a href=\"mailto:gazette@centcols.net\">gazette@centcols.net<\/a>. Nous publierons tout (sauf si vous nous indiquez \u00eatre oppos\u00e9 \u00e0 votre publication personnelle)<\/em>.<\/p>\n\n\n\n<p><a href=\"https:\/\/centcols.org\/backup\/marcel-bioud\/\" title=\"\">Marcel Bioud<\/a><\/p>\n\n\n\n<p><a href=\"https:\/\/centcols.org\/backup\/serge-label\/\" title=\"\">Serge Label<\/a><\/p>\n\n\n\n<p><a href=\"https:\/\/centcols.org\/backup\/gerard-obrecht\/\" title=\"\">G\u00e9rard Obrecht<\/a><strong>&nbsp;<\/strong><\/p>\n\n\n\n<p><a href=\"https:\/\/centcols.org\/backup\/bernard-migaud\/\" target=\"_blank\" rel=\"noopener\" title=\"\">Bernard Migaud<\/a><\/p>\n\n\n\n<p><a href=\"https:\/\/centcols.org\/backup\/alain-balalas\/\" target=\"_blank\" rel=\"noreferrer noopener\">Alain Balalas<\/a><\/p>\n\n\n\n<p><a href=\"https:\/\/centcols.org\/backup\/jean-paul-cuffolo\/\" target=\"_blank\" rel=\"noreferrer noopener\">Jean-Paul Cuffolo<\/a><\/p>\n\n\n\n<p><a href=\"https:\/\/centcols.org\/backup\/jean-louis-portaz\/\" target=\"_blank\" rel=\"noreferrer noopener\">Jean-Louis Portaz<\/a><\/p>\n\n\n\n<p><a href=\"https:\/\/centcols.org\/backup\/?page_id=70266\">Maurice Metral<\/a><\/p>\n\n\n\n<p><a href=\"https:\/\/centcols.org\/backup\/luigi-capellani\/\">Luigi Capellani<\/a><\/p>\n\n\n\n<p><a href=\"https:\/\/centcols.org\/backup\/christian-gerard\/\">Christian G\u00e9rard<\/a><\/p>\n\n\n\n<p><a href=\"https:\/\/centcols.org\/backup\/paul-fabre\/\">Paul Fabre<\/a><\/p>\n\n\n\n<p><a href=\"https:\/\/centcols.org\/backup\/constant-van-waterschoot\/\">Constant Van Waterschoot<\/a><\/p>\n\n\n\n<p><a href=\"https:\/\/centcols.org\/backup\/michel-minard\/\">Michel Minard<\/a><\/p>\n\n\n\n<p><a href=\"https:\/\/centcols.org\/backup\/guy-feignon\/\">Guy Feignon<\/a><\/p>\n\n\n\n<p><a href=\"https:\/\/centcols.org\/backup\/deces-de-mireille-fevrier\/\">Mireille F\u00e9vrier <\/a><\/p>\n\n\n\n<p><\/p>\n","protected":false},"excerpt":{"rendered":"<p>Ici, nous archivons les messages re\u00e7us \u00e0 l\u2019occasion du d\u00e9c\u00e8s d\u2019un membre. Pour en conserver son souvenir et \u00e9viter qu\u2019il sombre dans l\u2019oubli. N\u2019h\u00e9sitez pas \u00e0 vous exprimer sur la LDD ou en \u00e9crivant \u00e0 gazette@centcols.net. Nous publierons tout (sauf si vous nous indiquez \u00eatre oppos\u00e9 \u00e0 votre publication personnelle). Marcel Bioud Serge Label G\u00e9rard [&hellip;]<\/p>\n","protected":false},"author":69,"featured_media":0,"parent":0,"menu_order":0,"comment_status":"closed","ping_status":"closed","template":"","meta":{"_acf_changed":false,"ub_ctt_via":"","_monsterinsights_skip_tracking":false,"_monsterinsights_sitenote_active":false,"_monsterinsights_sitenote_note":"","_monsterinsights_sitenote_category":0,"footnotes":""},"acf":[],"featured_image_urls":{"full":"","thumbnail":"","medium":"","medium_large":"","large":"","1536x1536":"","2048x2048":"","woocommerce_thumbnail":"","woocommerce_single":"","woocommerce_gallery_thumbnail":""},"post_excerpt_stackable":"<p>Ici, nous archivons les messages re\u00e7us \u00e0 l\u2019occasion du d\u00e9c\u00e8s d\u2019un membre. Pour en conserver son souvenir et \u00e9viter qu\u2019il sombre dans l\u2019oubli. N\u2019h\u00e9sitez pas \u00e0 vous exprimer sur la LDD ou en \u00e9crivant \u00e0 gazette@centcols.net. Nous publierons tout (sauf si vous nous indiquez \u00eatre oppos\u00e9 \u00e0 votre publication personnelle). Marcel Bioud Serge Label G\u00e9rard Obrecht&nbsp; Bernard Migaud Alain Balalas Jean-Paul Cuffolo Jean-Louis Portaz Maurice Metral Luigi Capellani Christian G\u00e9rard Paul Fabre Constant Van Waterschoot Michel Minard Guy Feignon Mireille F\u00e9vrier<\/p>\n","category_list":"","author_info":{"name":"Enrico Alberini","url":"https:\/\/centcols.org\/backup\/author\/5065\/"},"comments_num":"0 commentaire","featured_image_urls_v2":{"full":"","thumbnail":"","medium":"","medium_large":"","large":"","1536x1536":"","2048x2048":"","woocommerce_thumbnail":"","woocommerce_single":"","woocommerce_gallery_thumbnail":""},"post_excerpt_stackable_v2":"<p>Ici, nous archivons les messages re\u00e7us \u00e0 l\u2019occasion du d\u00e9c\u00e8s d\u2019un membre. Pour en conserver son souvenir et \u00e9viter qu\u2019il sombre dans l\u2019oubli. N\u2019h\u00e9sitez pas \u00e0 vous exprimer sur la LDD ou en \u00e9crivant \u00e0 gazette@centcols.net. Nous publierons tout (sauf si vous nous indiquez \u00eatre oppos\u00e9 \u00e0 votre publication personnelle). Marcel Bioud Serge Label G\u00e9rard Obrecht&nbsp; Bernard Migaud Alain Balalas Jean-Paul Cuffolo Jean-Louis Portaz Maurice Metral Luigi Capellani Christian G\u00e9rard Paul Fabre Constant Van Waterschoot Michel Minard Guy Feignon Mireille F\u00e9vrier<\/p>\n","category_list_v2":"","author_info_v2":{"name":"Enrico Alberini","url":"https:\/\/centcols.org\/backup\/author\/5065\/"},"comments_num_v2":"0 commentaire","featured_image_src":null,"_links":{"self":[{"href":"https:\/\/centcols.org\/backup\/wp-json\/wp\/v2\/pages\/63886"}],"collection":[{"href":"https:\/\/centcols.org\/backup\/wp-json\/wp\/v2\/pages"}],"about":[{"href":"https:\/\/centcols.org\/backup\/wp-json\/wp\/v2\/types\/page"}],"author":[{"embeddable":true,"href":"https:\/\/centcols.org\/backup\/wp-json\/wp\/v2\/users\/69"}],"replies":[{"embeddable":true,"href":"https:\/\/centcols.org\/backup\/wp-json\/wp\/v2\/comments?post=63886"}],"version-history":[{"count":0,"href":"https:\/\/centcols.org\/backup\/wp-json\/wp\/v2\/pages\/63886\/revisions"}],"wp:attachment":[{"href":"https:\/\/centcols.org\/backup\/wp-json\/wp\/v2\/media?parent=63886"}],"curies":[{"name":"wp","href":"https:\/\/api.w.org\/{rel}","templated":true}]}}