{"id":69274,"date":"2022-12-22T10:26:40","date_gmt":"2022-12-22T09:26:40","guid":{"rendered":"https:\/\/centcols.org\/backup\/?page_id=69274"},"modified":"2023-08-15T18:53:06","modified_gmt":"2023-08-15T16:53:06","slug":"la-gazette-quoi-de-neuf","status":"publish","type":"page","link":"https:\/\/centcols.org\/backup\/la-gazette-quoi-de-neuf\/","title":{"rendered":"La Gazette, quoi de neuf ?"},"content":{"rendered":"\n<p class=\"has-small-font-size\"><em>Les textes mis en ligne dans la Gazette le sont directement&nbsp;dans la rubrique qui les concerne (Le Club, les F\u00e9d\u00e9s etc&#8230;). Pour permettre de trouver facilement les&nbsp;nouveaux textes parus, leurs liens sont repris ici, class\u00e9s par dates d\u00e9croissantes.<\/em><\/p>\n\n\n\n<p>15 ao\u00fbt : comment <strong>retrouver une info<\/strong> sur le site du Club ? C&#8217;est dans &#8220;<a href=\"https:\/\/centcols.org\/backup\/facile\/\" target=\"_blank\" rel=\"noopener\" title=\"\"><strong>c&#8217;est facile<\/strong><\/a>&#8220;<\/p>\n\n\n\n<p>11 ao\u00fbt : cr\u00e9ation dans La Gazette \/ Le Club d&#8217;une nouvelle rubrique &#8220;<a href=\"https:\/\/centcols.org\/backup\/facile\/\" target=\"_blank\" rel=\"noopener\" title=\"\"><strong>c&#8217;est facile<\/strong><\/a>&#8221; avec, comme 1er article, <strong>comment faciliter la saisie des cols pour les futurs adh\u00e9rents<\/strong><\/p>\n\n\n\n<p>6 ao\u00fbt : apr\u00e8s les cols du Galibier, du Glandon, de la Croix de Fer, de Sarenne, ce sont maintenant les cols du <strong>Mollard<\/strong>, du <strong>T\u00e9l\u00e9graphe <\/strong>et le collet du <strong>Plan Nicolas<\/strong> qui sont d\u00e9crits dans <a href=\"https:\/\/centcols.org\/backup\/un-col-a-la-pedale-ou-a-la-loupe\/\" target=\"_blank\" rel=\"noreferrer noopener\"><strong>un col \u00e0 la p\u00e9dale ou \u00e0 la loupe<\/strong><\/a><\/p>\n\n\n\n<p>28 juillet : le <strong>col de Sarenne<\/strong> fait l&#8217;objet d&#8217;un nouvel article dans <a href=\"https:\/\/centcols.org\/backup\/un-col-a-la-pedale-ou-a-la-loupe\/\" target=\"_blank\" rel=\"noreferrer noopener\"><strong>un col \u00e0 la p\u00e9dale ou \u00e0 la loupe<\/strong><\/a><\/p>\n\n\n\n<p>28 juillet : c&#8217;est le <strong>col du Lautaret <\/strong>qui, cette fois, est auscult\u00e9 dans <a href=\"https:\/\/centcols.org\/backup\/un-col-a-la-pedale-ou-a-la-loupe\/\" target=\"_blank\" rel=\"noreferrer noopener\"><strong>un col \u00e0 la p\u00e9dale ou \u00e0 la loupe<\/strong><\/a><\/p>\n\n\n\n<p>28 juillet : dans <a href=\"https:\/\/centcols.org\/backup\/un-col-a-la-pedale-ou-a-la-loupe\/\" target=\"_blank\" rel=\"noreferrer noopener\"><strong>un col \u00e0 la p\u00e9dale ou \u00e0 la loupe<\/strong><\/a>, un nouvel article pr\u00e9sentant le <strong>col de la Croix de Fer<\/strong><\/p>\n\n\n\n<p>27 juillet : le <strong>programme du rassemblement Alpes du Sud<\/strong>  du samedi 19 ao\u00fbt 2023 est dans <strong><a href=\"https:\/\/centcols.org\/backup\/activites-des-membres\/\" target=\"_blank\" rel=\"noreferrer noopener\">Activit\u00e9s des membres<\/a><\/strong> \/ \u00e9venements internes<\/p>\n\n\n\n<p>25 juillet :<strong> la cyclomontagnarde des Vosges<\/strong>, le compte-rendu est dans <strong><a href=\"https:\/\/centcols.org\/backup\/activites-des-membres\/\" target=\"_blank\" rel=\"noreferrer noopener\">Activit\u00e9s des membres<\/a><\/strong> \/ \u00e9v\u00e8nements externes<\/p>\n\n\n\n<p>24 juillet : le <strong>rassemblement suisse du 15 juillet 2023 \u00e0 Montbenoit <\/strong>(France) : le compte rendu de Pierre Mai, les photos sont dans <strong><a href=\"https:\/\/centcols.org\/backup\/activites-des-membres\/\" target=\"_blank\" rel=\"noreferrer noopener\">Activit\u00e9s des membres<\/a><\/strong><\/p>\n\n\n\n<p>14 juillet : dans <a href=\"https:\/\/centcols.org\/backup\/un-col-a-la-pedale-ou-a-la-loupe\/\" target=\"_blank\" rel=\"noreferrer noopener\"><strong>un col \u00e0 la p\u00e9dale ou \u00e0 la loupe<\/strong><\/a>, un nouvel article pr\u00e9sentant le <strong>col du Glandon<\/strong><\/p>\n\n\n\n<p>7 juillet : <strong>rassemblement r\u00e9gional Grand-Est <\/strong>\u00e0 Plancher-les-Mines est dans <strong><a href=\"https:\/\/centcols.org\/backup\/activites-des-membres\/\" target=\"_blank\" rel=\"noreferrer noopener\">Activit\u00e9s des membres<\/a><\/strong> \/ \u00e9venements internes<\/p>\n\n\n\n<p>7 juillet : <strong>le s\u00e9jour de Todtmoos<\/strong>, un verbatim des avis des participants est dans <strong><a href=\"https:\/\/centcols.org\/backup\/activites-des-membres\/\" target=\"_blank\" rel=\"noreferrer noopener\">Activit\u00e9s des membres<\/a><\/strong> \/ \u00e9venements internes<\/p>\n\n\n\n<p>27 juin :<strong> anecdotes et histoires du BRA <\/strong>dans P\u00eale-M\u00eale \/ <a href=\"https:\/\/centcols.org\/backup\/a-suivre\/\" target=\"_blank\" rel=\"noopener\" title=\"\">Lire, relire, voir, revoir<\/a><\/p>\n\n\n\n<p>23 juin : cr\u00e9ation dans P\u00eale-m\u00eale d&#8217;une nouvelle cat\u00e9gorie d&#8217;articles sur l&#8217;histoire, la g\u00e9ographie des cols :<a href=\"https:\/\/centcols.org\/backup\/un-col-a-la-pedale-ou-a-la-loupe\/\" target=\"_blank\" rel=\"noopener\" title=\"\"> <strong>un col \u00e0 la p\u00e9dale ou \u00e0 la loupe<\/strong><\/a> ? Avec pour inaugurer la rubrique, le <strong>col du Galibier<\/strong><\/p>\n\n\n\n<p>14 juin : d\u00e9c\u00e9s de <strong>Bernard Migaux<\/strong> dans <a href=\"https:\/\/centcols.org\/backup\/ils-nous-ont-quittes\/\" target=\"_blank\" rel=\"noreferrer noopener\"><strong>Ils nous ont quitt\u00e9s<\/strong><\/a><\/p>\n\n\n\n<p>5 juin : le <strong>rassemblement VTT \u00e0 Ballens <\/strong>(Suisse) : le compte rendu de Pierre Mai est dans <strong><a href=\"https:\/\/centcols.org\/backup\/activites-des-membres\/\" target=\"_blank\" rel=\"noreferrer noopener\">Activit\u00e9s des membres<\/a><\/strong><\/p>\n\n\n\n<p>5 juin : <strong>des f\u00e9minines en actions<\/strong> dans <a href=\"https:\/\/centcols.org\/backup\/les-femmes-par-les-femmes-pour-les-femmes\/\" target=\"_blank\" rel=\"noopener\" title=\"\"><strong>Les femmes, par les femmes, pour les femmes<\/strong><\/a><\/p>\n\n\n\n<p>19 mai : la mise \u00e0 jour trimestrielle de <strong>L&#8217;Ours<\/strong> dans <a href=\"https:\/\/centcols.org\/backup\/une-info-un-article-qui-pourrait-paraitre-ici\/\" target=\"_blank\" rel=\"noreferrer noopener\"><strong>Une info, un article qui pourrait para\u00eetre ici<\/strong><\/a><\/p>\n\n\n\n<p>12 mai : quelques d\u00e9tails sur la <strong>Cyclomontagnarde du Vercors<\/strong> dans les <strong><a href=\"https:\/\/centcols.org\/backup\/codep-haute-savoie\/\" target=\"_blank\" rel=\"noreferrer noopener\">F\u00e9d\u00e9s \/ Codep<\/a><\/strong><\/p>\n\n\n\n<p>1er mai : d\u00e9c\u00e8s de <strong>Alain Balalas<\/strong> dans <a href=\"https:\/\/centcols.org\/backup\/ils-nous-ont-quittes\/\" target=\"_blank\" rel=\"noreferrer noopener\"><strong>Ils nous ont quitt\u00e9s<\/strong><\/a><\/p>\n\n\n\n<p>30 avril : <strong>l&#8217;\u00e9volution des licenses FFCT<\/strong> au club des Cent Cols dans <strong><a href=\"https:\/\/centcols.org\/backup\/federation-francaise-de-cyclotourisme\/\" target=\"_blank\" rel=\"noreferrer noopener\">Les F\u00e9d\u00e9s \/ FFCT<\/a><\/strong><\/p>\n\n\n\n<p>29 avril : la pr\u00e9sentation de la <strong>Semaine Europ\u00e9enne de Plasencia<\/strong> en Estr\u00e9madure (Espagne) est \u00e0 lire dans <a href=\"https:\/\/centcols.org\/backup\/uect\/\" target=\"_blank\" rel=\"noreferrer noopener\"><strong>Les F\u00e9d\u00e9s \/ UECT<\/strong><\/a><\/p>\n\n\n\n<p>26 avril : d\u00e9c\u00e8s de <strong>Jean-Paul Cuffolo<\/strong> dans <a href=\"https:\/\/centcols.org\/backup\/ils-nous-ont-quittes\/\" target=\"_blank\" rel=\"noreferrer noopener\"><strong>Ils nous ont quitt\u00e9s<\/strong><\/a><\/p>\n\n\n\n<p>13 avril : le <strong>s\u00e9jour multi-activit\u00e9s <\/strong>du Coreg Auvergne &#8211; Rh\u00f4ne-Alpes est pr\u00e9sent\u00e9 dans les <a href=\"https:\/\/centcols.org\/backup\/coreg\/\" target=\"_blank\" rel=\"noreferrer noopener\"><strong>F<\/strong>\u00e9d\u00e9s \/ Coreg <\/a><\/p>\n\n\n\n<p>9 avril : le <strong>rassemblement VTT<\/strong>, initalement pr\u00e9vu le 16 avril \u00e0 Puidoux (Suisse) et pr\u00e9sent\u00e9 dans <strong><a href=\"https:\/\/centcols.org\/backup\/activites-des-membres\/\" target=\"_blank\" rel=\"noreferrer noopener\">Activit\u00e9s des membres<\/a><\/strong>, est annul\u00e9 (m\u00e9t\u00e9o)<\/p>\n\n\n\n<p class=\"has-very-dark-gray-color has-text-color\">31 mars : une nouvelle rubrique dans La Gazette \/ Le club : <strong><a href=\"https:\/\/centcols.org\/backup\/solidarite\/\">Solidarit\u00e9<\/a><\/strong>. Nous l&#8217;inaugurons en relayant une demande toute simple de l&#8217;Association &#8220;Mathilde et ses amis&#8221;<\/p>\n\n\n\n<p>30 mars : dans <a href=\"https:\/\/centcols.org\/backup\/amicale-des-cyclos-cardiaques\/\" target=\"_blank\" rel=\"noreferrer noopener\"><strong>P\u00eale-M\u00eale, l&#8217;Amicale des cyclo-cardiaques<\/strong><\/a>, la convention &#8220;Club ami&#8221; et le bulletin trimestriel Avril &#8211; juin 2023<\/p>\n\n\n\n<p>26 mars : la rencontre suisse, la <strong>fondue \u00e0 Vevey<\/strong> dans <strong><a href=\"https:\/\/centcols.org\/backup\/activites-des-membres\/\" target=\"_blank\" rel=\"noreferrer noopener\">Activit\u00e9s des membres<\/a><\/strong><\/p>\n\n\n\n<p>12 mars : la mise \u00e0 jour des participants au <strong>Challenge des 100 , 150, 200 plus beaux cols routiers des Alpes<\/strong> dans <strong><a href=\"https:\/\/centcols.org\/backup\/activites-des-membres\/\" target=\"_blank\" rel=\"noreferrer noopener\">Activit\u00e9s des membres<\/a><\/strong><\/p>\n\n\n\n<p>12 mars : la mise \u00e0 jour des catalogues de <strong>l&#8217;Italie <\/strong>et de la <strong>Norv\u00e8ge <\/strong>est annonc\u00e9e dans <a href=\"https:\/\/centcols.org\/backup\/le-site-quoi-de-neuf\/\" target=\"_blank\" rel=\"noreferrer noopener\">Le site, quoi de neuf ?<\/a><\/p>\n\n\n\n<p>7 mars : d\u00e9c\u00e8s de<strong> Jean-Louis Portaz <\/strong>dans<strong> <a href=\"https:\/\/centcols.org\/backup\/ils-nous-ont-quittes\/\" target=\"_blank\" rel=\"noreferrer noopener\">Ils nous ont quitt\u00e9s<\/a><\/strong><\/p>\n\n\n\n<p>27 f\u00e9vrier : <strong>La Semaine Europ\u00e9enne de Plasencia <\/strong>(Province de C\u00e1ceres &#8211; Espagne) dans<strong> <a href=\"https:\/\/centcols.org\/backup\/uect\/\" target=\"_blank\" rel=\"noreferrer noopener\">UECT <\/a><\/strong><\/p>\n\n\n\n<p>26 f\u00e9vrier : Dans <a href=\"https:\/\/centcols.org\/backup\/le-site-quoi-de-neuf\/\" target=\"_blank\" rel=\"noreferrer noopener\"><strong>Le site, quoi de neuf ?<\/strong><\/a> ajout de 80 cols en Espagne<\/p>\n\n\n\n<\/p>\r\n<p>22 f\u00e9vrier : les <strong>randonn\u00e9es 2023<\/strong> du Codep 74 dans <a href=\"https:\/\/centcols.org\/backup\/codep-haute-savoie\/\" target=\"_blank\" rel=\"noreferrer noopener\">Codep<\/a><\/p>\r\n<p class=\"has-small-font-size\">\n\n\n\n<\/p>\r\n<p>22 f\u00e9vrier : la pr\u00e9sentation du <strong>partenariat Club des Cent Cols \/ FECT<\/strong> dans <a href=\"https:\/\/centcols.org\/backup\/le-site-quoi-de-neuf\/\">le site, quoi de neuf ?<\/a><\/p>\r\n<p>22 f\u00e9vrier : la pr\u00e9sentation du <strong>partenariat Club des Cent Cols \/ UECT<\/strong> dans <a href=\"https:\/\/centcols.org\/backup\/le-site-quoi-de-neuf\/\">le site, quoi de neuf ?<\/a><\/p>\r\n<p>17 f\u00e9vrier : la pr\u00e9sentation du <strong>partenariat Club des Cent Cols \/ FFCT<\/strong> dans <a href=\"https:\/\/centcols.org\/backup\/le-site-quoi-de-neuf\/\">le site, quoi de neuf ?<\/a><\/p>\r\n<p>15 f\u00e9vrier : les <strong>catalogues \u00e9voluent maintenant en temps r\u00e9el<\/strong>, un article de Graham Cutting dans <a href=\"https:\/\/centcols.org\/backup\/le-site-quoi-de-neuf\/\">le site, quoi de neuf ?<\/a><\/p>\r\n<p>15 f\u00e9vrier : La mise \u00e0 jour du <strong>cahier des charges des photos de cols<\/strong> est dans <a href=\"https:\/\/centcols.org\/backup\/le-site-quoi-de-neuf\/\">le site, quoi de neuf ?<\/a><\/p>\r\n<p>13 f\u00e9vrier : des r\u00e9centes <strong>mises \u00e0 jour de catalogues<\/strong> dans <a href=\"https:\/\/centcols.org\/backup\/le-site-quoi-de-neuf\/\">le site, quoi de neuf ?<\/a><\/p>\r\n<p>12 f\u00e9vrier : les <strong>fonctionnalit\u00e9s de veloenfrance<\/strong> dans <a href=\"https:\/\/centcols.org\/backup\/federation-francaise-de-cyclotourisme\/\">Les f\u00e9d\u00e9s \/ FFCT<\/a><\/p>\r\n<p>12 f\u00e9vrier : les <strong>photos<\/strong> en en-t\u00eate du site dans <a href=\"https:\/\/centcols.org\/backup\/le-site-quoi-de-neuf\/\">le site, quoi de neuf ?<\/a><\/p>\r\n<p>29 janvier : le <strong>Club des Cent Cols<\/strong> remporte le <strong>Challenge de France 2022<\/strong> dans <a href=\"https:\/\/centcols.org\/backup\/federation-francaise-de-cyclotourisme\/\">F\u00e9d\u00e9ration Fran\u00e7aise de Cyclotourisme<\/a><\/p>\r\n<p>29 janvier : d\u00e9c\u00e8s de <strong>Maurice Metral<\/strong> dans <a href=\"https:\/\/centcols.org\/backup\/ils-nous-ont-quittes\/\">Ils nous ont quitt\u00e9s<\/a><\/p>\r\n<p>27 janvier : <strong>BCN, BPF, le bilan 2022 des membres<\/strong> dans <a href=\"https:\/\/centcols.org\/backup\/activites-des-membres\/\">Activit\u00e9s des membres<\/a><\/p>\r\n<p>24 janvier : <strong>Mixit\u00e9 et parit\u00e9, les femmes au sein des structures associatives<\/strong> dans <a href=\"https:\/\/centcols.org\/backup\/les-femmes-par-les-femmes-pour-les-femmes\/\">Les femmes, par les femmes, pour les femmes<\/a><\/p>\r\n<p>22 janvier : D\u00e9c\u00e8s de <strong>Luigi Capellani<\/strong> dans<a href=\"https:\/\/centcols.org\/backup\/ils-nous-ont-quittes\/\"> Ils nous ont quitt\u00e9s<\/a><\/p>\r\n<p>18 janvier : M<strong>ise \u00e0 jour des catalogues de cols de Suisse et d&#8217;Espagne<\/strong> dans <a href=\"https:\/\/centcols.org\/backup\/le-site-quoi-de-neuf\/\">le site, quoi de neuf<\/a><\/p>\r\n<p>16 janvier :<strong> Mise \u00e0 jour du partenariat avec Openrunner<\/strong> dans <a href=\"https:\/\/centcols.org\/backup\/partenariats\/\">Partenariats<\/a><\/p>\r\n<p>16 janvier : <strong>Openrunner, exporter sa liste de cols<\/strong> dans <a href=\"https:\/\/centcols.org\/backup\/partenariats\/\">Partenariats<\/a> et le tutoriel correspondant \u00e0 partir de <a href=\"https:\/\/centcols.org\/backup\/le-site-quoi-de-neuf\/\">Le site, quoi de neuf<\/a><\/p>\r\n<p>15 janvier : D\u00e9c\u00e8s de <strong>Paul Fabre<\/strong> dans <a href=\"https:\/\/centcols.org\/backup\/ils-nous-ont-quittes\/\">Ils nous ont quitt\u00e9s<\/a><\/p>\r\n<p>15 janvier : D\u00e9c\u00e8s de <strong>Christian G\u00e9rard<\/strong> dans <a href=\"https:\/\/centcols.org\/backup\/ils-nous-ont-quittes\/\">Ils nous ont quitt\u00e9s<\/a><\/p>\r\n<p>10 janvier 2023 : L&#8217;intervention du Club des Cent Cols \u00e0<strong> l&#8217;Assembl\u00e9e G\u00e9n\u00e9rale de la FFVELO<\/strong> 2022 dans <a href=\"https:\/\/centcols.org\/backup\/federation-francaise-de-cyclotourisme\/\">F\u00e9d\u00e9ration Fran\u00e7aise de CycloTourisme<\/a><\/p>\r\n<p class=\"has-small-font-size\">\n\n\n\n<\/p>\r\n<p>30 d\u00e9cembre 2022 : L&#8217;interview du <strong>Pr Cottin, l&#8217;atout coeur,<\/strong> dans <a href=\"https:\/\/centcols.org\/backup\/amicale-des-cyclos-cardiaques\/\">l&#8217;Amicale des cyclo-cardiaque<\/a>s<\/p>\r\n<p>30 d\u00e9cembre 2022 : le <strong>bulletin trimestriel<\/strong> Janvier &#8211; Mars 2023 de l&#8217;<strong>Amicale des Cyclo-Cardiaques<\/strong> dans <a href=\"https:\/\/centcols.org\/backup\/amicale-des-cyclos-cardiaques\/\">P\u00eale-M\u00eale<\/a><\/p>\r\n<p>30 d\u00e9cembre 2022 : le <strong>Coreg Corse<\/strong> se pr\u00e9sente dans <a href=\"https:\/\/centcols.org\/backup\/coreg\/\">F\u00e9d\u00e9s \/ Coreg<\/a><\/p>\r\n<p>21 d\u00e9cembre 2022 : D\u00e9c\u00e8s de <strong>Constant Van Watershoot <\/strong>dans <a href=\"https:\/\/centcols.org\/backup\/ils-nous-ont-quittes\/\">Ils nous ont quitt\u00e9s<\/a><\/p>\r\n<p>20 d\u00e9cembre 2022 : Etude du Codep 74 sur l&#8217;<strong>accidentologie \u00e0 v\u00e9lo<\/strong> en Haute Savoie, en 2021 et 2022 dans <a href=\"https:\/\/centcols.org\/backup\/securite-a-velo\/\">P\u00eale-M\u00eale \/ S\u00e9curit\u00e9 \u00e0 v\u00e9lo<\/a><\/p>\r\n<p>18 d\u00e9cembre 2022 : Suite au d\u00e9c\u00e8s de <strong>Michel Minard<\/strong>, Mise \u00e0 jour de <strong>L&#8217;Ours<\/strong> dans <a href=\"https:\/\/centcols.org\/backup\/une-info-un-article-qui-pourrait-paraitre-ici\/\">P\u00eale-M\u00eale \/ Une info, un article qui pourrait para\u00eetre ici\u00a0<\/a><\/p>\r\n<p>18 d\u00e9cembre 2022 : Un <strong>verbatim<\/strong> des r\u00e9actions dans la liste de discussion au d\u00e9c\u00e8s de <strong>Michel Minard<\/strong> est dans <a href=\"https:\/\/centcols.org\/backup\/ils-nous-ont-quittes\/\">Ils nous ont quitt\u00e9s<\/a><\/p>\r\n<p class=\"has-small-font-size\">\n\n\n\n<\/p>\r\n<p>13 d\u00e9cembre 2022 : Le<strong> compte rendu de l&#8217;Assembl\u00e9e G\u00e9n\u00e9rale<\/strong> est dans <a href=\"https:\/\/centcols.org\/backup\/le-site-quoi-de-neuf\/\">le site, quoi de neuf<\/a><\/p>\r\n<p class=\"has-small-font-size\">\n\n\n\n<\/p>\r\n<p>11 d\u00e9cembre 2022 : Mise \u00e0 jour de <a href=\"https:\/\/centcols.org\/backup\/lours\/\">L&#8217;Ours <\/a>dans P\u00eale-M\u00eale \/ Une info, un article qui pourrait para\u00eetre ici<\/p>\r\n<p class=\"has-small-font-size\">\n\n\n\n<\/p>\r\n<p>8 d\u00e9cembre 2022 : <a href=\"https:\/\/centcols.org\/backup\/les-nouveaux-membres-etude-2\/\">Les nouveaux membres d&#8217;une AG \u00e0 l&#8217;autre<\/a> dans Les nouveaux membres<\/p>\r\n<p class=\"has-small-font-size\">\n\n\n\n<\/p>\r\n<p>18 novembre 2022 : <a href=\"https:\/\/centcols.org\/backup\/la-loge-des-gardes-claude-mabillot\/\">Rencontre Auvergne &#8211; Sept 2022<\/a> dans Le Club \/ activit\u00e9s des membres<\/p>\r\n<p class=\"has-small-font-size\">\n\n\n\n<\/p>\r\n<p>8 novembre 2022 : <a href=\"https:\/\/centcols.org\/backup\/note-pour-gazette-bandol-ffct\/\">S\u00e9jour cyclotouriste<\/a> \u00e0 Bandol du 8 au 15 avril 2023 dans F\u00e9d\u00e9s \/ COREG<\/p>\r\n<p class=\"has-small-font-size\">\n\n\n\n<\/p>\r\n<p>1 novembre 2022 : <a href=\"https:\/\/centcols.org\/backup\/beste-leden-van-de-club-des-cent-cols\/\">Rassemblement natio.Belgique\/Nationale bijeenkomst Belgi\u00eb<\/a> dans Le club \/ Activit\u00e9s des membres<\/p>\r\n<p class=\"has-small-font-size\">\n\n\n\n<\/p>\r\n<p>24 octobre 2022 : <a href=\"https:\/\/centcols.org\/backup\/candidates\/\">Candidates <\/a>dans Les femmes, par les femmes, pour les femmes<\/p>\r\n<p class=\"has-small-font-size\">\n\n\n\n<\/p>\r\n<p>22 octobre 2022 : <a href=\"https:\/\/centcols.org\/backup\/guy-feignon\/\">D\u00e9c\u00e8s de Guy Feignon<\/a> dans Le Club \/ Ils nous ont quitt\u00e9s<\/p>\r\n<p class=\"has-small-font-size\">\n\n\n\n<\/p>\r\n<p>21 octobre 2022 : <a href=\"https:\/\/centcols.org\/backup\/les-brevets-nationaux\/\">Les brevets nationaux des cols routiers <\/a>dans Les membres l&#8217;ont fait<\/p>\r\n<p class=\"has-small-font-size\">\n\n\n\n<\/p>\r\n<p>17 octobre 2022 : <a href=\"https:\/\/centcols.org\/backup\/les-nuls-declarent-leurs-cols\/\">Les nuls d\u00e9clarent leurs cols<\/a> dans Le site, quoi de neuf \/ Pour m\u00e9moire<\/p>\r\n<p class=\"has-small-font-size\">\n\n\n\n<\/p>\r\n<p>15 octobre 2022 : <a href=\"https:\/\/docs.google.com\/document\/d\/1T-uubxQI9Svi0BYQ608o9K5wEMITVkTU\/edit?usp=sharing&amp;ouid=100525306210356446259&amp;rtpof=true&amp;sd=true\">D\u00e9couvrir La Gazette <\/a>dans Le Site, quoi de neuf \/ pour m\u00e9moire<\/p>\r\n<p class=\"has-small-font-size\">\n\n\n\n<\/p>\r\n<p>15 octobre 2022 : <a href=\"https:\/\/centcols.org\/backup\/cent-cols-au-parpaillon-lintegrale-2\/\">La saga du Parpaillon &#8211; L&#8217;Int\u00e9grale (&amp; \u00e9pisode 6)<\/a> dans P\u00eale-M\u00eale \/ Lire, relire, voir, revoir<\/p>\r\n<p class=\"has-small-font-size\">\n\n\n\n<\/p>\r\n<p>15 octobre 2022 : <a href=\"https:\/\/centcols.org\/backup\/forum\/\">Le Forum du Club des Cent Cols \u00e0 (re)d\u00e9couvrir<\/a> dans Le Site, quoi de neuf \/ Pour m\u00e9moire<\/p>\r\n<p class=\"has-small-font-size\">\n\n\n\n<\/p>\r\n<p>8 octobre 2022 : <a href=\"https:\/\/centcols.org\/backup\/rp-pays\/\">Les Randonn\u00e9es Permanentes : les pays d&#8217;origine des participants<\/a> dans Le Club \/ Activit\u00e9s des membres \/ Nouvelles des Randonn\u00e9es Permanentes<\/p>\r\n<p class=\"has-small-font-size\">\n\n\n\n<\/p>\r\n<p>8 octobre 2022 : <a href=\"https:\/\/docs.google.com\/document\/d\/1SDbhVnJNuY5wfdsSffSbmtTkb8GTfXIp\/edit?usp=sharing&amp;ouid=100525306210356446259&amp;rtpof=true&amp;sd=true\">Les Randonn\u00e9es Permanentes : l&#8217;historique<\/a> dans Le Club \/ Activit\u00e9s des membres \/ Nouvelles des Randonn\u00e9es Permanentes<\/p>\r\n<p class=\"has-small-font-size\">\n\n\n\n<\/p>\r\n<p>6 octobre 2022 :<a href=\"https:\/\/centcols.org\/backup\/club-des-cent-cols-article-femmes-1\/\"> Les femmes par les femmes<\/a> dans P\u00eale-M\u00eale \/ Les femmes, pour les femmes, par les femmes<\/p>\r\n<p class=\"has-small-font-size\">\n\n\n\n<\/p>\r\n<p>1 octobre 2022 :<a href=\"https:\/\/centcols.org\/backup\/rencontres-suisses-2022\/\"> Rencontres nationales suisses <\/a>dans Le club \/ Activit\u00e9s des membres<\/p>\r\n<p class=\"has-small-font-size\">\n\n\n\n<\/p>\r\n<p>23 septembre 2022 : <a href=\"https:\/\/centcols.org\/backup\/rencontre-regionale-alpes-du-sud\/\">Rencontre r\u00e9gionale Alpes du Sud, cyclotouristes des Hautes-Alpes<\/a>, dans le club \/ Activit\u00e9s des membres<\/p>\r\n<p class=\"has-small-font-size\">\n\n\n\n<\/p>\r\n<p>23 septembre 2022 : <a href=\"https:\/\/centcols.org\/backup\/rencontre-regionale-ccc-ocd\/\">Rencontre CCC \/ OCD Pyr\u00e9n\u00e9es 2022 <\/a>dans Le club \/ Activit\u00e9s des membres<\/p>\r\n<p class=\"has-small-font-size\">\n\n\n\n<\/p>\r\n<p>22 septembre 2022 : <a href=\"https:\/\/centcols.org\/backup\/bernardini-2022\/\">La Bernardini 2022<\/a> dans Le club \/ Activit\u00e9s des membres<\/p>\r\n<p class=\"has-small-font-size\">\n\n\n\n<\/p>\r\n<p>15 septembre 2022 : <a href=\"https:\/\/docs.google.com\/document\/d\/1Z8sIPn-yBWYT2eBRXvA2FL9R1tzPKu7D\/edit\">La semaine f\u00e9d\u00e9rale 2022 FFCT \u00e0 Loud\u00e9ac <\/a> dans Le club \/ Activit\u00e9s des membres \/ Evenements externes<\/p>\r\n<p class=\"has-small-font-size\">\n\n\n\n<\/p>\r\n<p>09 septembre 2022 : <a href=\"https:\/\/centcols.org\/backup\/deces-de-mireille-fevrier\/\">D\u00e9c\u00e8s de Mireille F\u00e9vrier <\/a>dans Le Club \/ Ils nous ont quitt\u00e9s<\/p>\r\n<p class=\"has-small-font-size\">\n\n\n\n<\/p>\r\n<p>09 septembre 2022 : <a href=\"https:\/\/centcols.org\/backup\/concentration-regionale-du-grand-est-cr\/\">Rencontre r\u00e9gionale Grand-est<\/a> dans le club \/ activit\u00e9 des membres y \u00e9tait<\/p>\r\n<p class=\"has-small-font-size\">\n\n\n\n<\/p>\r\n<p>06 septembre 2022 : <a href=\"https:\/\/centcols.org\/backup\/rencontre-regionale-drome-ard-vau\/\">Rencontre r\u00e9gionale Dr\u00f4me-Ard\u00e8che-Vaucluse<\/a> dans Le club \/ Activit\u00e9s des membres<\/p>\r\n<p class=\"has-small-font-size\">\n\n\n\n<\/p>\r\n<p class=\"has-small-font-size\">\n\n\n\n<\/p>\r\n<p>23 ao\u00fbt 2022 : <a href=\"https:\/\/centcols.org\/backup\/fect-et-ccc\/\">FECT et CCC <\/a>dans F\u00e9d\u00e9ration Espagnole de Cyclotourisme<\/p>\r\n<p class=\"has-small-font-size\">\n\n\n\n<\/p>\r\n<p>17 ao\u00fbt 2022 : <a href=\"https:\/\/centcols.org\/backup\/les-cols-de-la-gtmc\/\">La Grande Travers\u00e9e du Massif Central, les cols <\/a> dans Des cols sortant des sentiers battus<\/p>\r\n<p class=\"has-small-font-size\">\n\n\n\n<\/p>\r\n<p>14 ao\u00fbt 2022 : <a href=\"https:\/\/centcols.org\/backup\/la-mort-subite\/\">La mort subite <\/a>dans Amicale des cyclo-cardiaques<\/p>\r\n<p class=\"has-small-font-size\">\n\n\n\n<\/p>\r\n<p>6 ao\u00fbt 2022 : <a href=\"https:\/\/centcols.org\/backup\/ecrire-un-article-dans-la-gazette\/\">Ecrire ou publier un article dans &#8220;La Gazette&#8221; ?<\/a> dans P\u00eale-M\u00eale \/<br \/>Une info, un article qui pourrait para\u00eetre ici<\/p>\r\n<p class=\"has-small-font-size\">\n\n\n\n<\/p>\r\n<p>5 ao\u00fbt 2022 : <a href=\"https:\/\/centcols.org\/backup\/la-cyclomontagnarde-2022\/\">La Cyclomontagnarde d&#8217;Annecy 2022<\/a> dans Le Club \/ Activit\u00e9 des membres<\/p>\r\n<p class=\"has-small-font-size\">\n\n\n\n<\/p>\r\n<p>29 juillet 2022 : <a href=\"https:\/\/docs.google.com\/document\/d\/1WgRYNktMTFlO5hpopb1KIJkZO9DRRZ-e\/edit\"> La gazette c&#8217;est quoi ? <\/a> dans Lesite, quoi de neuf<\/p>\r\n<p class=\"has-small-font-size\">\n\n\n\n<\/p>\r\n<p>29 juillet 2022 : <a href=\"https:\/\/centcols.org\/backup\/les-rp-evoluent-2\/\">Les Randonn\u00e9es du Club des Cent Cols, elles \u00e9voluent <\/a> dans Le site \/ quoi de neuf \/ A la une<\/p>\r\n<p class=\"has-small-font-size\">\n\n\n\n<\/p>\r\n<p>29 juillet 2022 : <a href=\"https:\/\/centcols.org\/backup\/le-club-des-cent-cols-dans-wikipedia\/\">Wikip\u00e9dia<\/a><\/p>\r\n<p class=\"has-small-font-size\">\n\n\n\n<\/p>\r\n<p>29 juillet 2022 : <a href=\"https:\/\/centcols.org\/backup\/cols-sur-trace-docx\/\">Red\u00e9couvert sur la liste de discussion et sur Facebook: Cols sur trace<\/a><\/p>\r\n<p class=\"has-small-font-size\">\n\n\n\n<\/p>\r\n<p>29 juillet 2022 : <a href=\"https:\/\/centcols.org\/backup\/le-partenariat-club-des-cent-cols-et-openrunner\/\">Le partenariat Club des Cent Cols-Openrunner<\/a> dans Le club \/ partenariats<\/p>\r\n<p class=\"has-small-font-size\">\n\n\n\n<\/p>\r\n<p>29 juillet 2022 : <a href=\"https:\/\/docs.google.com\/document\/d\/1qGPwmukgrOEYiPivWy3KPkeAK3RTmnM1\/edit\">L&#8217;Ard\u00e9choise 2022, stand et parcours<\/a> <a href=\"https:\/\/photos.google.com\/share\/AF1QipNayhz2vT8qjUtZh7LVJIw9N4VbGQRFnUAcj9sRw-R1ZAXY2Itv9yqs5-MfKSpFTw?key=MGF2SzFqcXVsS0YxUDI5V1pVOXJvZDZpSWZvVUZ3\">et photos<\/a><\/p>\r\n<p class=\"has-small-font-size\">\n\n\n\n<\/p>\r\n<p>29 juillet 2022 : <a href=\"https:\/\/centcols.org\/backup\/le-port-du-casque-docx\/\">Le port du casque, obligatoire ? <\/a> dans P\u00eale-M\u00eale \/ S\u00e9curit\u00e9 \u00e0 v\u00e9lo<\/p>\r\n<p class=\"has-small-font-size\">\n\n\n\n<\/p>\r\n<p>29 juillet 2022 : <a href=\"https:\/\/centcols.org\/backup\/securite-codep74-2-docx\/\">Accidentologie et v\u00e9lo CODEP 74 2021<\/a> dans P\u00eale-M\u00eale \/ S\u00e9curit\u00e9<\/p>\r\n<p class=\"has-small-font-size\">\n\n\n\n<\/p>\r\n<p>29 juillet 2022 :<a href=\"https:\/\/centcols.org\/backup\/gazette-bpf-docx\/\"> Les Brevets des Provinces Fran\u00e7aises<\/a><\/p>\r\n<p class=\"has-small-font-size\">\n","protected":false},"excerpt":{"rendered":"<p>Les textes mis en ligne dans la Gazette le sont directement&nbsp;dans la rubrique qui les concerne (Le Club, les F\u00e9d\u00e9s etc&#8230;). Pour permettre de trouver facilement les&nbsp;nouveaux textes parus, leurs liens sont repris ici, class\u00e9s par dates d\u00e9croissantes. 15 ao\u00fbt : comment retrouver une info sur le site du Club ? C&#8217;est dans &#8220;c&#8217;est facile&#8220; [&hellip;]<\/p>\n","protected":false},"author":397,"featured_media":0,"parent":0,"menu_order":0,"comment_status":"closed","ping_status":"closed","template":"","meta":{"_acf_changed":false,"ub_ctt_via":"","_monsterinsights_skip_tracking":false,"_monsterinsights_sitenote_active":false,"_monsterinsights_sitenote_note":"","_monsterinsights_sitenote_category":0,"footnotes":""},"acf":[],"featured_image_urls":{"full":"","thumbnail":"","medium":"","medium_large":"","large":"","1536x1536":"","2048x2048":"","woocommerce_thumbnail":"","woocommerce_single":"","woocommerce_gallery_thumbnail":""},"post_excerpt_stackable":"<p>Les textes mis en ligne dans la Gazette le sont directement&nbsp;dans la rubrique qui les concerne (Le Club, les F\u00e9d\u00e9s etc&#8230;). Pour permettre de trouver facilement les&nbsp;nouveaux textes parus, leurs liens sont repris ici, class\u00e9s par dates d\u00e9croissantes. 15 ao\u00fbt : comment retrouver une info sur le site du Club ? C&#8217;est dans &#8220;c&#8217;est facile&#8220; 11 ao\u00fbt : cr\u00e9ation dans La Gazette \/ Le Club d&#8217;une nouvelle rubrique &#8220;c&#8217;est facile&#8221; avec, comme 1er article, comment faciliter la saisie des cols pour les futurs adh\u00e9rents 6 ao\u00fbt : apr\u00e8s les cols du Galibier, du Glandon, de la Croix de Fer, de\u2026<\/p>\n","category_list":"","author_info":{"name":"Denis Chouquet-Stringer","url":"https:\/\/centcols.org\/backup\/author\/6183\/"},"comments_num":"0 commentaire","featured_image_urls_v2":{"full":"","thumbnail":"","medium":"","medium_large":"","large":"","1536x1536":"","2048x2048":"","woocommerce_thumbnail":"","woocommerce_single":"","woocommerce_gallery_thumbnail":""},"post_excerpt_stackable_v2":"<p>Les textes mis en ligne dans la Gazette le sont directement&nbsp;dans la rubrique qui les concerne (Le Club, les F\u00e9d\u00e9s etc&#8230;). Pour permettre de trouver facilement les&nbsp;nouveaux textes parus, leurs liens sont repris ici, class\u00e9s par dates d\u00e9croissantes. 15 ao\u00fbt : comment retrouver une info sur le site du Club ? C&#8217;est dans &#8220;c&#8217;est facile&#8220; 11 ao\u00fbt : cr\u00e9ation dans La Gazette \/ Le Club d&#8217;une nouvelle rubrique &#8220;c&#8217;est facile&#8221; avec, comme 1er article, comment faciliter la saisie des cols pour les futurs adh\u00e9rents 6 ao\u00fbt : apr\u00e8s les cols du Galibier, du Glandon, de la Croix de Fer, de\u2026<\/p>\n","category_list_v2":"","author_info_v2":{"name":"Denis Chouquet-Stringer","url":"https:\/\/centcols.org\/backup\/author\/6183\/"},"comments_num_v2":"0 commentaire","featured_image_src":null,"_links":{"self":[{"href":"https:\/\/centcols.org\/backup\/wp-json\/wp\/v2\/pages\/69274"}],"collection":[{"href":"https:\/\/centcols.org\/backup\/wp-json\/wp\/v2\/pages"}],"about":[{"href":"https:\/\/centcols.org\/backup\/wp-json\/wp\/v2\/types\/page"}],"author":[{"embeddable":true,"href":"https:\/\/centcols.org\/backup\/wp-json\/wp\/v2\/users\/397"}],"replies":[{"embeddable":true,"href":"https:\/\/centcols.org\/backup\/wp-json\/wp\/v2\/comments?post=69274"}],"version-history":[{"count":0,"href":"https:\/\/centcols.org\/backup\/wp-json\/wp\/v2\/pages\/69274\/revisions"}],"wp:attachment":[{"href":"https:\/\/centcols.org\/backup\/wp-json\/wp\/v2\/media?parent=69274"}],"curies":[{"name":"wp","href":"https:\/\/api.w.org\/{rel}","templated":true}]}}