{"id":69343,"date":"2022-12-30T11:10:31","date_gmt":"2022-12-30T10:10:31","guid":{"rendered":"https:\/\/centcols.org\/backup\/?page_id=69343"},"modified":"2022-12-30T11:10:32","modified_gmt":"2022-12-30T10:10:32","slug":"le-coreg-corse-se-presente","status":"publish","type":"page","link":"https:\/\/centcols.org\/backup\/le-coreg-corse-se-presente\/","title":{"rendered":"Le Coreg Corse se pr\u00e9sente"},"content":{"rendered":"\n<h3 class=\"wp-block-heading\">Activit\u00e9 principale et s\u00e9jours<\/h3>\n\n\n\n<p class=\"has-medium-font-size\">Le d\u00e9veloppement de la FFCT en Corse, presque confidentiel, n\u2019a jamais \u00e9t\u00e9 notable et le nombre de clubs affili\u00e9s s\u2019est toujours compt\u00e9 sur les doigts d\u2019une seule main.<\/p>\n\n\n\n<p class=\"has-medium-font-size\">Nombreux ont \u00e9t\u00e9 les s\u00e9jours organis\u00e9s aussi bien par la Commission Tourisme FFCT que par les diff\u00e9rents Codep continentaux, mais la graine n\u2019a pas germ\u00e9.<\/p>\n\n\n\n<p class=\"has-medium-font-size\">M\u00eame deux \u00e9tapes du Tour cyclo FFCT n\u2019ont suscit\u00e9 aucune cr\u00e9ation. <\/p>\n\n\n\n<p class=\"has-medium-font-size\">Contrastant avec ce tableau un peu sombre, la fr\u00e9quentation des s\u00e9jours cyclos est toujours au top et particuli\u00e8rement les organisations du Coreg Corse itin\u00e9rantes ou en \u00e9toiles. Normal direz-vous, tout organisateur se d\u00e9pense sans compter pour faire d\u00e9couvrir et appr\u00e9cier son territoire.<\/p>\n\n\n\n<p class=\"has-medium-font-size\">Terre de contrastes, v\u00e9ritable montagne dans la mer, baptis\u00e9e \u00ab Kallist\u00e9 \u00bb la plus belle par les Grecs, la Corse s\u00e9duit par la splendeur de ses paysages sauvages et vari\u00e9s. Les cyclotouristes appr\u00e9cient les charmes de l\u2019\u00eele de beaut\u00e9 avec des parcours \u00ab mare y monti \u00bb qui font passer par les petites routes de la Corse profonde avec \u00e9tapes \u00e0 Propriano, Porto-Vecchio, Corte, Piedicroce, Saint Florent, le Cap Corse, Algajola, Porto et Ajaccio.<\/p>\n\n\n\n<p class=\"has-medium-font-size\">Charmes in\u00e9puisables qui poussent tel cyclo assidu \u00e0 participer \u00e0 son vingt troisi\u00e8me tour de Corse ! Tour agr\u00e9ment\u00e9 d\u2019escapades maritimes avec la visite des grottes marines de Bonifacio, des \u00eeles Lavezzi et de la r\u00e9serve naturelle de Scandola.<\/p>\n\n\n\n<p class=\"has-medium-font-size\">Les non-p\u00e9dalant b\u00e9n\u00e9ficient de v\u00e9hicules de location et participent pleinement \u00e0 l\u2019ambiance de convivialit\u00e9. L\u2019atout principal des organisations du Coreg Corse, c\u2019est la Corse avec les Corses. A titre d\u2019exemple, une ann\u00e9e un vol de 7 v\u00e9los a eu lieu dans le garage de l\u2019h\u00f4tel de la 2<sup>i\u00e8me<\/sup> \u00e9tape ; le tour a continu\u00e9 avec location de v\u00e9hicules pour les victimes jusqu\u2019\u00e0 la 4<sup>i\u00e8me<\/sup> \u00e9tape o\u00f9 les attendaient les 7 v\u00e9los carbones avec p\u00e9dales assorties \u00e0 leurs chaussures, lou\u00e9s \u00e0 un v\u00e9lociste de Bastia et transport\u00e9s \u00e0 Zicavo par un ami d\u2019Ajaccio !<\/p>\n\n\n\n<p class=\"has-medium-font-size\">Tour de Corse et tour de Force\u2026 ! Apr\u00e8s plusieurs mois de bataille juridique le Coreg l\u2019emporte sur l\u2019assurance de l\u2019h\u00f4tel et obtient l\u2019indemnisation int\u00e9grale des victimes du vol.<\/p>\n\n\n\n<p class=\"has-medium-font-size\">Une r\u00e8gle fondamentale de la FFCT y est toujours appliqu\u00e9e : on part ensemble et on arrive ensemble.<\/p>\n\n\n\n<p class=\"has-medium-font-size\"><strong>Francis PIETRA : <\/strong>pr\u00e9sident du COREG Corse pour la FFCT &#8211; t\u00e9l : 06 60 81 82 26<\/p>\n\n\n\n<div class=\"wp-block-image\"><figure class=\"aligncenter size-large\"><img loading=\"lazy\" decoding=\"async\" width=\"177\" height=\"155\" src=\"https:\/\/centcols.org\/backup\/wp-content\/uploads\/2022\/12\/Image1.jpg\" alt=\"\" class=\"wp-image-69345\"\/><\/figure><\/div>\n\n\n\n<p class=\"has-text-align-right\">(p.c.c l&#8217;Amicale des Cyclos Cardiaques &#8211; Bulletin trimetriel 153)<\/p>\n","protected":false},"excerpt":{"rendered":"<p>Activit\u00e9 principale et s\u00e9jours Le d\u00e9veloppement de la FFCT en Corse, presque confidentiel, n\u2019a jamais \u00e9t\u00e9 notable et le nombre de clubs affili\u00e9s s\u2019est toujours compt\u00e9 sur les doigts d\u2019une seule main. Nombreux ont \u00e9t\u00e9 les s\u00e9jours organis\u00e9s aussi bien par la Commission Tourisme FFCT que par les diff\u00e9rents Codep continentaux, mais la graine n\u2019a [&hellip;]<\/p>\n","protected":false},"author":397,"featured_media":0,"parent":0,"menu_order":0,"comment_status":"closed","ping_status":"closed","template":"","meta":{"_acf_changed":false,"ub_ctt_via":"","_monsterinsights_skip_tracking":false,"_monsterinsights_sitenote_active":false,"_monsterinsights_sitenote_note":"","_monsterinsights_sitenote_category":0,"footnotes":""},"acf":[],"featured_image_urls":{"full":"","thumbnail":"","medium":"","medium_large":"","large":"","1536x1536":"","2048x2048":"","woocommerce_thumbnail":"","woocommerce_single":"","woocommerce_gallery_thumbnail":""},"post_excerpt_stackable":"<p>Activit\u00e9 principale et s\u00e9jours Le d\u00e9veloppement de la FFCT en Corse, presque confidentiel, n\u2019a jamais \u00e9t\u00e9 notable et le nombre de clubs affili\u00e9s s\u2019est toujours compt\u00e9 sur les doigts d\u2019une seule main. Nombreux ont \u00e9t\u00e9 les s\u00e9jours organis\u00e9s aussi bien par la Commission Tourisme FFCT que par les diff\u00e9rents Codep continentaux, mais la graine n\u2019a pas germ\u00e9. M\u00eame deux \u00e9tapes du Tour cyclo FFCT n\u2019ont suscit\u00e9 aucune cr\u00e9ation. Contrastant avec ce tableau un peu sombre, la fr\u00e9quentation des s\u00e9jours cyclos est toujours au top et particuli\u00e8rement les organisations du Coreg Corse itin\u00e9rantes ou en \u00e9toiles. Normal direz-vous, tout organisateur se\u2026<\/p>\n","category_list":"","author_info":{"name":"Denis Chouquet-Stringer","url":"https:\/\/centcols.org\/backup\/author\/6183\/"},"comments_num":"0 commentaire","featured_image_urls_v2":{"full":"","thumbnail":"","medium":"","medium_large":"","large":"","1536x1536":"","2048x2048":"","woocommerce_thumbnail":"","woocommerce_single":"","woocommerce_gallery_thumbnail":""},"post_excerpt_stackable_v2":"<p>Activit\u00e9 principale et s\u00e9jours Le d\u00e9veloppement de la FFCT en Corse, presque confidentiel, n\u2019a jamais \u00e9t\u00e9 notable et le nombre de clubs affili\u00e9s s\u2019est toujours compt\u00e9 sur les doigts d\u2019une seule main. Nombreux ont \u00e9t\u00e9 les s\u00e9jours organis\u00e9s aussi bien par la Commission Tourisme FFCT que par les diff\u00e9rents Codep continentaux, mais la graine n\u2019a pas germ\u00e9. M\u00eame deux \u00e9tapes du Tour cyclo FFCT n\u2019ont suscit\u00e9 aucune cr\u00e9ation. Contrastant avec ce tableau un peu sombre, la fr\u00e9quentation des s\u00e9jours cyclos est toujours au top et particuli\u00e8rement les organisations du Coreg Corse itin\u00e9rantes ou en \u00e9toiles. Normal direz-vous, tout organisateur se\u2026<\/p>\n","category_list_v2":"","author_info_v2":{"name":"Denis Chouquet-Stringer","url":"https:\/\/centcols.org\/backup\/author\/6183\/"},"comments_num_v2":"0 commentaire","featured_image_src":null,"_links":{"self":[{"href":"https:\/\/centcols.org\/backup\/wp-json\/wp\/v2\/pages\/69343"}],"collection":[{"href":"https:\/\/centcols.org\/backup\/wp-json\/wp\/v2\/pages"}],"about":[{"href":"https:\/\/centcols.org\/backup\/wp-json\/wp\/v2\/types\/page"}],"author":[{"embeddable":true,"href":"https:\/\/centcols.org\/backup\/wp-json\/wp\/v2\/users\/397"}],"replies":[{"embeddable":true,"href":"https:\/\/centcols.org\/backup\/wp-json\/wp\/v2\/comments?post=69343"}],"version-history":[{"count":0,"href":"https:\/\/centcols.org\/backup\/wp-json\/wp\/v2\/pages\/69343\/revisions"}],"wp:attachment":[{"href":"https:\/\/centcols.org\/backup\/wp-json\/wp\/v2\/media?parent=69343"}],"curies":[{"name":"wp","href":"https:\/\/api.w.org\/{rel}","templated":true}]}}