{"id":69516,"date":"2023-01-17T11:10:20","date_gmt":"2023-01-17T10:10:20","guid":{"rendered":"https:\/\/centcols.org\/backup\/?page_id=69516"},"modified":"2023-12-24T11:56:40","modified_gmt":"2023-12-24T10:56:40","slug":"club-des-cent-cols","status":"publish","type":"page","link":"https:\/\/centcols.org\/backup\/club-des-cent-cols\/","title":{"rendered":"Le Club des Cent Cols V2"},"content":{"rendered":"\n<div class=\"wp-block-columns is-layout-flex wp-container-core-columns-is-layout-6 wp-block-columns-is-layout-flex\">\n<div class=\"wp-block-column is-layout-flow wp-block-column-is-layout-flow\" style=\"flex-basis:100%\">\n<div class=\"wp-block-kadence-tabs alignnone\"><div class=\"kt-tabs-wrap kt-tabs-id69516_5a5a25-75 kt-tabs-has-4-tabs kt-active-tab-2 kt-tabs-layout-tabs kt-tabs-tablet-layout-inherit kt-tabs-mobile-layout-inherit kt-tab-alignment-left \"><ul class=\"kt-tabs-title-list\"><li id=\"tab-quisommes-nous\" class=\"kt-title-item kt-title-item-1 kt-tabs-svg-show-always kt-tabs-icon-side-right kt-tab-title-inactive\"><a href=\"#tab-quisommes-nous\" data-tab=\"1\" class=\"kt-tab-title kt-tab-title-1 \"><span class=\"kt-title-text\">Qui sommes-nous ?<\/span><\/a><\/li><li id=\"tab-laune\" class=\"kt-title-item kt-title-item-2 kt-tabs-svg-show-always kt-tabs-icon-side-right kt-tab-title-active\"><a href=\"#tab-laune\" data-tab=\"2\" class=\"kt-tab-title kt-tab-title-2 \"><span class=\"kt-title-text\">\u00c0 la une<\/span><\/a><\/li><li id=\"tab-presse\" class=\"kt-title-item kt-title-item-3 kt-tabs-svg-show-always kt-tabs-icon-side-right kt-tab-title-inactive\"><a href=\"#tab-presse\" data-tab=\"3\" class=\"kt-tab-title kt-tab-title-3 \"><span class=\"kt-title-text\">Presse<\/span><\/a><\/li><li id=\"tab-lagazette\" class=\"kt-title-item kt-title-item-4 kt-tabs-svg-show-always kt-tabs-icon-side-right kt-tab-title-inactive\"><a href=\"#tab-lagazette\" data-tab=\"4\" class=\"kt-tab-title kt-tab-title-4 \"><span class=\"kt-title-text\">La Gazette<\/span><\/a><\/li><\/ul><div class=\"kt-tabs-content-wrap\">\n<div class=\"wp-block-kadence-tab kt-tab-inner-content kt-inner-tab-1 kt-inner-tab_88c025-88\"><div class=\"kt-tab-inner-content-inner\">\n<div class=\"wp-block-columns is-layout-flex wp-container-core-columns-is-layout-2 wp-block-columns-is-layout-flex\">\n<div class=\"wp-block-column is-layout-flow wp-block-column-is-layout-flow\" style=\"flex-basis:100%\">\n<p><span style=\"font-size: 14pt;\">Nous sommes une association de cyclotouristes, fond\u00e9e en 1972, adh\u00e9rente \u00e0 la\u00a0<a href=\"http:\/\/www.ffct.org\/\" target=\"_blank\" rel=\"noreferrer noopener\"><strong>F\u00e9d\u00e9ration Fran\u00e7aise de Cyclotourisme<\/strong><\/a>\u00a0(FFCT), amoureux du v\u00e9lo en montagne et nous souhaitons consacrer nos rubriques, directement ou indirectement, uniquement \u00e0 ce sujet. Notre Confr\u00e9rie accepte toute pratique v\u00e9locip\u00e9dique dans le respect de notre\u00a0<a href=\"https:\/\/centcols.org\/backup\/regle-du-jeu\/\"><strong>R\u00e8gle du Jeu<\/strong><\/a>.<\/span><br \/><span style=\"font-size: 14pt;\">Pour entrer au Club des Cent Cols, il faut avoir franchi \u00e0 bicyclette au moins cent cols diff\u00e9rents, dont cinq cols de 2000\u00a0m ou plus pour chaque centaine propos\u00e9e.<\/span><\/p>\n<\/div>\n\n\n\n<div class=\"wp-block-column is-layout-flow wp-block-column-is-layout-flow\" style=\"flex-basis:50%\">\n<div class=\"wp-block-columns is-layout-flex wp-container-core-columns-is-layout-1 wp-block-columns-is-layout-flex\">\n<div class=\"wp-block-column is-vertically-aligned-top is-layout-flow wp-block-column-is-layout-flow\">\n<p class=\"has-text-align-center has-medium-font-size\"><a href=\"https:\/\/centcols.org\/backup\/annexe\/\"><strong>En savoir plus<\/strong><\/a><\/p>\n\n\n\n<p class=\"has-text-align-center has-medium-font-size\"><a href=\"https:\/\/centcols.org\/backup\/regle-du-jeu\/\"><strong>R\u00e8gle du jeu<\/strong><\/a><\/p>\n\n\n\n<p class=\"has-text-align-center has-medium-font-size\"><a href=\"https:\/\/centcols.org\/backup\/diaporama\/\"><strong>Diaporama de pr\u00e9sentation<\/strong><\/a><\/p>\n<\/div>\n<\/div>\n<\/div>\n<\/div>\n<\/div><\/div>\n\n\n\n<div class=\"wp-block-kadence-tab kt-tab-inner-content kt-inner-tab-2 kt-inner-tab_000b68-33\"><div class=\"kt-tab-inner-content-inner\">\n<div class=\"wp-block-columns is-layout-flex wp-container-core-columns-is-layout-3 wp-block-columns-is-layout-flex\">\n<div class=\"wp-block-column is-layout-flow wp-block-column-is-layout-flow\">\n<h2 class=\"wp-block-heading\">Assembl\u00e9e G\u00e9n\u00e9rale 2024<\/h2>\n\n\n\n<p>La date de l&#8217;assembl\u00e9e g\u00e9n\u00e9rale a \u00e9t\u00e9 modifi\u00e9e : ce sera le 28 septembre 2024 et non le 5 octobre comme c&#8217;\u00e9tait initialement pr\u00e9vu.<\/p>\n\n\n\n<h2 class=\"wp-block-heading\"><span style=\"font-size: 24px;\">Nouveaux animateurs r\u00e9gionaux<\/span><\/h2>\n\n\n\n<p class=\"has-medium-font-size\"><span style=\"font-size: 14px;\">Alain BENOIST (CCC5663\u00a0et DT zone 04SW) et Alain THIBON\u00a0 (CCC 3723) remplaceront Jean-Marie GILLOUIN\u00a0 dans l&#8217;organisation de la rencontre r\u00e9gionale DAV Dr\u00f4me- Ard\u00e8che-Vaucluse. Un grand merci \u00e0 Jean-Marie pour tout ce qu&#8217;il a fait pour le Club.<\/span><\/p>\n\n\n\n<p class=\"has-medium-font-size\"><span style=\"font-size: 14px;\">Pierre BRIVET (CCC601) remplace Philippe CHAZOTTIER dans l\u2019organisation de la rencontre r\u00e9gionale Massif Central-Est Un grand merci \u00e0 Philippe pour tout ce qu&#8217;il a fait pour le Club.<\/span><\/p>\n\n\n\n<p class=\"has-medium-font-size\"><span style=\"font-size: 14px;\">La rencontre r\u00e9gionale Alpes du Nord sera \u00e0 notre programme d\u00e8s 2024 dans l\u2019Ain. Alain GUILLAUD-BACHET (CCC6270) rejoint Guy HARLE\u2019 (CCC5193) et Bernard VIEILLARD (CCC1355). Un grand merci \u00e0 Raymond Barbier pour tout ce qu&#8217;il a f ait pour le Club.<\/span><\/p>\n<h2><span style=\"font-size: 24px;\"> nouveau tutoriel pour la d\u00e9claration officielle des cols<\/span><\/h2>\n<div><span style=\"font-size: 14px;\">Un nouveau tutoriel pour la d\u00e9claration officielle des cols <a href=\"https:\/\/centcols.org\/backup\/tuto-declaration-cols\/\" target=\"_blank\" rel=\"noopener\">https:\/\/centcols.org\/backup\/tuto-declaration-cols\/<\/a>\u00a0est disponible sur notre site, on le retrouve dans les rubriques suivantes\u00a0<\/span><\/div>\n<div><span style=\"font-size: 14px;\">\u00a0 &#8211; Dans l&#8217;en-t\u00eate de la\u00a0<a href=\"https:\/\/centcols.org\/backup\/membres\/cols\/declcols.php\" target=\"_blank\" rel=\"noopener\">DECLARATION OFFICIELLE<\/a><\/span><\/div>\n<div><span style=\"font-size: 14px;\">\u00a0 &#8211; Dans le premier paragraphe des\u00a0<a href=\"https:\/\/centcols.org\/backup\/declaration-en-ligne\/\" target=\"_blank\" rel=\"noopener\">INSTRUCTIONS D\u00c9TAILL\u00c9ES<\/a>\u00a0pour la d\u00e9claration officielle<\/span><\/div>\n<div><span style=\"font-size: 14px;\">\u00a0 &#8211; Dans la\u00a0<a href=\"https:\/\/centcols.org\/backup\/boite-a-outils\/\" target=\"_blank\" rel=\"noopener\">BOITE A OUTILS<\/a><\/span><\/div>\n<\/div>\n\n\n\n<div class=\"wp-block-column is-layout-flow wp-block-column-is-layout-flow\">\n<h2 class=\"wp-block-heading\"><span style=\"font-size: 24px;\">Renommage des catalogues<\/span><\/h2>\n\n\n\n<p class=\"has-medium-font-size\"><span style=\"font-size: 14px;\">Pour permettre aux membres de mieux suivre l&#8217;\u00e9volution des catalogues &#8211; surtout quand des modifications se succ\u00e8dent parfois dans la m\u00eame journ\u00e9e &#8211; les fichiers disponibles au t\u00e9l\u00e9chargement vont \u00eatre nomm\u00e9s de fa\u00e7on \u00e0 conna\u00eetre la date et la version du catalogue.<\/span><\/p>\n\n\n\n<p class=\"has-medium-font-size\"><span style=\"font-size: 14px;\">La version est un num\u00e9ro qui s&#8217;incr\u00e9mente \u00e0 chaque mise \u00e0 jour &#8211; m\u00eame minime &#8211; du catalogue depuis la mise en service de la base de donn\u00e9es.<\/span><\/p>\n<p><span style=\"font-size: 14px;\">Par exemple, au lieu de &#8216;catFR-fr.xlsx&#8217; , on aura &#8216;catFR-fr-231031-009.xlsx&#8217;\u00a0 o\u00f9 231031 repr\u00e9sente la date (au format ann\u00e9e-mois-jour pour faciliter le tri) et 009 repr\u00e9sente le num\u00e9ro de version.<\/span><br \/><span style=\"font-size: 14px;\">En compl\u00e9ment, sur la page de t\u00e9l\u00e9chargement des catalogues, une nouvelle colonne permettra \u00e9galement de conna\u00eetre la version de chaque catalogue.<\/span><\/p>\n\n\n\n<figure class=\"wp-block-image size-full\"><img loading=\"lazy\" decoding=\"async\" width=\"1008\" height=\"369\" src=\"https:\/\/centcols.org\/backup\/wp-content\/uploads\/2023\/11\/image.png\" alt=\"\" class=\"wp-image-77542\" srcset=\"https:\/\/centcols.org\/backup\/wp-content\/uploads\/2023\/11\/image.png 1008w, https:\/\/centcols.org\/backup\/wp-content\/uploads\/2023\/11\/image-500x183.png 500w, https:\/\/centcols.org\/backup\/wp-content\/uploads\/2023\/11\/image-768x281.png 768w, https:\/\/centcols.org\/backup\/wp-content\/uploads\/2023\/11\/image-600x220.png 600w\" sizes=\"(max-width: 1008px) 100vw, 1008px\" \/><\/figure>\n<\/div>\n<\/div>\n<\/div><\/div>\n\n\n\n<div class=\"wp-block-kadence-tab kt-tab-inner-content kt-inner-tab-3 kt-inner-tab_dd2531-ad\"><div class=\"kt-tab-inner-content-inner\">\n<div class=\"wp-block-columns is-layout-flex wp-container-core-columns-is-layout-4 wp-block-columns-is-layout-flex\">\n<div class=\"wp-block-column is-layout-flow wp-block-column-is-layout-flow\">\n<h3 class=\"kt-adv-heading69516_558148-01 wp-block-kadence-advancedheading\" data-kb-block=\"kb-adv-heading69516_558148-01\">Henri Dusseau a f\u00eat\u00e9 ses 90 ans au col de l&#8217;Iseran<\/h3>\n\n\n<div class=\"wp-block-image\">\n<figure class=\"aligncenter size-large\"><a href=\"https:\/\/cyclotourisme-mag.com\/actus\/henri-dusseau-a-fete-ses-90-ans-au-col-de-liseran\/\" target=\"_blank\" rel=\"noreferrer noopener\"><img loading=\"lazy\" decoding=\"async\" width=\"222\" height=\"261\" src=\"https:\/\/centcols.org\/backup\/wp-content\/uploads\/2023\/08\/Henri-Dusseau-90-2.jpg\" alt=\"\" class=\"wp-image-76257\"\/><\/a><\/figure><\/div>\n\n\n<p class=\"has-medium-font-size\"><a title=\"\" href=\"https:\/\/cyclotourisme-mag.com\/actus\/henri-dusseau-a-fete-ses-90-ans-au-col-de-liseran\/\" target=\"_blank\" rel=\"noopener\">CYCLOMAG <\/a>&#8211; 6 ao\u00fbt 2023<br><a title=\"\" href=\"https:\/\/photos.app.goo.gl\/aZHf1mTZVWMRqv9cA\" target=\"_blank\" rel=\"noopener\">L&#8217;album photo <\/a>de R\u00e9gis Paraz<\/p>\n<\/div>\n\n\n\n<div class=\"wp-block-column is-layout-flow wp-block-column-is-layout-flow\">\n<h3 class=\"kt-adv-heading69516_0ab62b-63 wp-block-kadence-advancedheading\" data-kb-block=\"kb-adv-heading69516_0ab62b-63\">Velocio, ma\u00eetre \u00e0 penser du cyclotourisme<\/h3>\n\n\n\n<p class=\"has-medium-font-size\"><a title=\"\" href=\"https:\/\/centcols.org\/backup\/wp-content\/uploads\/2023\/08\/Liberation_2023_08_03-Velocio.png\" target=\"_blank\" rel=\"noopener\">Lib\u00e9ration <\/a>&#8211; 3 ao\u00fbt 2023<\/p>\n<\/div>\n<\/div>\n<\/div><\/div>\n\n\n\n<div class=\"wp-block-kadence-tab kt-tab-inner-content kt-inner-tab-4 kt-inner-tab_a3d71f-46\"><div class=\"kt-tab-inner-content-inner\">\n<div class=\"wp-block-columns is-layout-flex wp-container-core-columns-is-layout-5 wp-block-columns-is-layout-flex\">\n<div class=\"wp-block-column is-layout-flow wp-block-column-is-layout-flow\">\n<h2 class=\"kt-adv-heading69516_5ad5ca-b4 wp-block-kadence-advancedheading\" data-kb-block=\"kb-adv-heading69516_5ad5ca-b4\">Le club<\/h2>\n\n\n\n<p class=\"has-medium-font-size\"><a title=\"\" href=\"https:\/\/centcols.org\/backup\/activites-des-membres\/\" target=\"_blank\" rel=\"noopener\">Activit\u00e9s des membres<\/a><\/p>\n\n\n\n<p class=\"has-medium-font-size\"><a title=\"\" href=\"https:\/\/centcols.org\/backup\/partenariats\/\" target=\"_blank\" rel=\"noopener\">Partenariats<\/a><\/p>\n\n\n\n<p class=\"has-medium-font-size\"><a title=\"\" href=\"https:\/\/centcols.org\/backup\/les-nouveaux-membres\/\" target=\"_blank\" rel=\"noopener\">Les nouveaux membres<\/a><\/p>\n\n\n\n<p class=\"has-medium-font-size\"><a title=\"\" href=\"https:\/\/centcols.org\/backup\/ils-nous-ont-quittes\/\" target=\"_blank\" rel=\"noopener\">Ils nous ont quitt\u00e9s<\/a><\/p>\n\n\n\n<p class=\"has-medium-font-size\"><span class=\"tadv-color\" style=\"color: #ff6900;\"><a href=\"https:\/\/centcols.org\/backup\/solidarite\/\" target=\"_blank\" rel=\"noreferrer noopener\">Solidarit\u00e9<\/a><\/span><\/p>\n\n\n\n<p class=\"has-medium-font-size\"><a title=\"\" href=\"https:\/\/centcols.org\/backup\/facile\/\" target=\"_blank\" rel=\"noopener\">C&#8217;est facile<\/a><\/p>\n<\/div>\n\n\n\n<div class=\"wp-block-column is-layout-flow wp-block-column-is-layout-flow\">\n<h2 class=\"kt-adv-heading69516_c4742d-f8 wp-block-kadence-advancedheading\" data-kb-block=\"kb-adv-heading69516_c4742d-f8\">Les F\u00e9d\u00e9s<\/h2>\n\n\n\n<figure class=\"wp-block-image size-large is-resized\"><a href=\"https:\/\/centcols.org\/backup\/federation-francaise-de-cyclotourisme\/\"><img loading=\"lazy\" decoding=\"async\" width=\"148\" height=\"148\" src=\"https:\/\/centcols.org\/backup\/wp-content\/uploads\/2023\/01\/FFCT-5.png\" alt=\"\" class=\"wp-image-69659\" srcset=\"https:\/\/centcols.org\/backup\/wp-content\/uploads\/2023\/01\/FFCT-5.png 148w, https:\/\/centcols.org\/backup\/wp-content\/uploads\/2023\/01\/FFCT-5-100x100.png 100w\" sizes=\"(max-width: 148px) 100vw, 148px\" \/><\/a><\/figure>\n\n\n\n<p class=\"has-medium-font-size\"><a title=\"\" href=\"https:\/\/centcols.org\/backup\/codep-haute-savoie\/\" target=\"_blank\" rel=\"noopener\">CODEP<\/a><\/p>\n\n\n\n<p class=\"has-medium-font-size\"><a title=\"\" href=\"https:\/\/centcols.org\/backup\/coreg\" target=\"_blank\" rel=\"noopener\">COREG<\/a><\/p>\n\n\n\n<figure class=\"wp-block-image size-large is-resized\"><a href=\"https:\/\/centcols.org\/backup\/uect\/\"><img loading=\"lazy\" decoding=\"async\" width=\"522\" height=\"221\" src=\"https:\/\/centcols.org\/backup\/wp-content\/uploads\/2023\/01\/UECT-3.jpg\" alt=\"\" class=\"wp-image-69647\" srcset=\"https:\/\/centcols.org\/backup\/wp-content\/uploads\/2023\/01\/UECT-3.jpg 522w, https:\/\/centcols.org\/backup\/wp-content\/uploads\/2023\/01\/UECT-3-500x212.jpg 500w\" sizes=\"(max-width: 522px) 100vw, 522px\" \/><\/a><\/figure>\n\n\n\n<figure class=\"wp-block-image size-large is-resized\"><a href=\"https:\/\/centcols.org\/backup\/federation-espagnole-de-cyclotourisme\/\"><img loading=\"lazy\" decoding=\"async\" width=\"288\" height=\"288\" class=\"wp-image-69581\" style=\"width: 89px; height: 89px;\" src=\"https:\/\/centcols.org\/backup\/wp-content\/uploads\/2023\/01\/FECT-1.jpg\" alt=\"\" srcset=\"https:\/\/centcols.org\/backup\/wp-content\/uploads\/2023\/01\/FECT-1.jpg 288w, https:\/\/centcols.org\/backup\/wp-content\/uploads\/2023\/01\/FECT-1-100x100.jpg 100w\" sizes=\"(max-width: 288px) 100vw, 288px\" \/><\/a><\/figure>\n<\/div>\n\n\n\n<div class=\"wp-block-column is-layout-flow wp-block-column-is-layout-flow\">\n<h2 class=\"kt-adv-heading69516_085014-59 wp-block-kadence-advancedheading\" data-kb-block=\"kb-adv-heading69516_085014-59\">P\u00eale-M\u00eale<\/h2>\n\n\n\n<p class=\"has-medium-font-size\"><a title=\"\" href=\"https:\/\/centcols.org\/backup\/securite-a-velo\/\" target=\"_blank\" rel=\"noopener\">S\u00e9curit\u00e9 \u00e0 v\u00e9lo<\/a><\/p>\n\n\n\n<figure class=\"wp-block-image size-large is-resized\"><a href=\"https:\/\/centcols.org\/backup\/amicale-des-cyclos-cardiaques\/\" target=\"_blank\" rel=\"noopener\"><img loading=\"lazy\" decoding=\"async\" width=\"548\" height=\"206\" src=\"https:\/\/centcols.org\/backup\/wp-content\/uploads\/2023\/03\/ACC-Logo.png\" alt=\"\" class=\"wp-image-71731\" srcset=\"https:\/\/centcols.org\/backup\/wp-content\/uploads\/2023\/03\/ACC-Logo.png 548w, https:\/\/centcols.org\/backup\/wp-content\/uploads\/2023\/03\/ACC-Logo-500x188.png 500w\" sizes=\"(max-width: 548px) 100vw, 548px\" \/><\/a><\/figure>\n\n\n\n<p class=\"has-medium-font-size\"><a title=\"\" href=\"https:\/\/centcols.org\/backup\/un-col-a-la-pedale-ou-a-la-loupe\/\" target=\"_blank\" rel=\"noopener\">Un col : \u00e0 la p\u00e9dale ou \u00e0 la loupe ?<\/a><\/p>\n\n\n\n<p class=\"has-medium-font-size\"><a title=\"\" href=\"https:\/\/centcols.org\/backup\/les-femmes-par-les-femmes-pour-les-femmes\/\" target=\"_blank\" rel=\"noopener\">Les femmes, par les femmes, pour les femmes<\/a><\/p>\n\n\n\n<p class=\"has-medium-font-size\"><a title=\"\" href=\"https:\/\/centcols.org\/backup\/une-info-un-article-qui-pourrait-paraitre-ici\/\" target=\"_blank\" rel=\"noopener\">Une info, un article qui pourrait para\u00eetre ici ?<\/a><\/p>\n\n\n\n<p class=\"has-medium-font-size\"><a title=\"\" href=\"https:\/\/centcols.org\/backup\/a-suivre\/\" target=\"_blank\" rel=\"noopener\">Lire, Relire, Voir, Revoir<\/a><\/p>\n<\/div>\n<\/div>\n<\/div><\/div>\n<\/div><\/div><\/div>\n<\/div>\n<\/div>\n\n\n\n<div class=\"wp-block-columns is-layout-flex wp-container-core-columns-is-layout-8 wp-block-columns-is-layout-flex\">\n<div class=\"wp-block-column is-layout-flow wp-block-column-is-layout-flow\" style=\"flex-basis:100%\">\n<div class=\"wp-block-columns is-layout-flex wp-container-core-columns-is-layout-7 wp-block-columns-is-layout-flex\">\n<div class=\"wp-block-column is-vertically-aligned-top is-layout-flow wp-block-column-is-layout-flow\"><\/div>\n<\/div>\n<\/div>\n<\/div>\n\n\n\n<div class=\"wp-block-columns is-layout-flex wp-container-core-columns-is-layout-9 wp-block-columns-is-layout-flex\">\n<div class=\"wp-block-column is-layout-flow wp-block-column-is-layout-flow\" style=\"flex-basis:66.66%\">\n<div class=\"wp-block-group\"><div class=\"wp-block-group__inner-container is-layout-flow wp-block-group-is-layout-flow\">\n<div class=\"wp-block-group has-very-light-gray-background-color has-background\"><div class=\"wp-block-group__inner-container is-layout-flow wp-block-group-is-layout-flow\">\n<div class=\"wp-block-group has-very-light-gray-background-color has-background\"><div class=\"wp-block-group__inner-container is-layout-flow wp-block-group-is-layout-flow\">\n<h2 class=\"wp-block-heading\">Calendrier pr\u00e9visionnel 2024<\/h2>\n\n\n\n<p><strong>S\u00e9jour de printemps<\/strong>, VTT, route, gravel, <strong>Porticcio<\/strong>, Corse, 20 au 27 avril 2024<br><strong>S\u00e9jour d&#8217;\u00e9t\u00e9<\/strong>, VTT, route, gravel, <strong>Vog\u00fc\u00e9<\/strong>, Ard\u00e8che &#8211; France, 29 juin au 6 juillet 2024<br><strong>Assembl\u00e9e G\u00e9n\u00e9rale <\/strong>du club, <strong>Bugeat<\/strong>, France &#8211; Corr\u00e8ze, 27 au 29 septembre 2024<\/p>\n<\/div><\/div>\n<\/div><\/div>\n\n\n\n<h2 class=\"wp-block-heading\">Semaine F\u00e9d\u00e9rale FFCT<\/h2>\n\n\n\n<p><a title=\"\" href=\"https:\/\/www.cycloroanne2024.fr\/\">Du 20 au 28 juillet 2024 \u00e0 Roanne<\/a><\/p>\n<\/div><\/div>\n<\/div>\n\n\n\n<div class=\"wp-block-column is-layout-flow wp-block-column-is-layout-flow\" style=\"flex-basis:33.33%\">\n<div class=\"wp-block-group\"><div class=\"wp-block-group__inner-container is-layout-flow wp-block-group-is-layout-flow\">\n<div class=\"wp-block-group has-very-light-gray-background-color has-background\"><div class=\"wp-block-group__inner-container is-layout-flow wp-block-group-is-layout-flow\">\n<h2 class=\"kt-adv-heading69516_f1d925-4f wp-block-kadence-advancedheading\" data-kb-block=\"kb-adv-heading69516_f1d925-4f\">Les cyclomontagnardes 2024<\/h2>\n\n\n\n<p class=\"has-kb-palette-2-color has-text-color has-medium-font-size\">Cyclomontagnarde du Jura<br>Du 15 au 16 juin 2024<\/p>\n\n\n\n<p class=\"has-kb-palette-2-color has-text-color has-medium-font-size\">Cyclomontagnarde Luchon &#8211; Bayonne- Du 15 au 16 juin 2024<\/p>\n\n\n\n<p class=\"has-medium-font-size\"><span class=\"tadv-color\" style=\"color: #888888;\">Cyclomontagnarde Vosges &#8211; Alsace<br>Du 22 au 23 juin 2024<\/span><\/p>\n\n\n\n<p class=\"has-kb-palette-2-color has-text-color has-medium-font-size\">Cyclomontagnarde de Annecy<br>Du 29 au 30 juin 2024<\/p>\n\n\n\n<p>&nbsp;<\/p>\n<\/div><\/div>\n<\/div><\/div>\n\n\n\n<p>&nbsp;<\/p>\n<\/div>\n<\/div>\n\n\n\n<div class=\"wp-block-columns is-layout-flex wp-container-core-columns-is-layout-10 wp-block-columns-is-layout-flex\">\n<div class=\"wp-block-column is-layout-flow wp-block-column-is-layout-flow\" style=\"flex-basis:100%\">\n<div class=\"wp-block-spacer\" style=\"height: 43px;\" aria-hidden=\"true\">\u00a0<\/div>\n\n\n\n<h2 class=\"kt-adv-heading69516_6faaf6-fe wp-block-kadence-advancedheading\" data-kb-block=\"kb-adv-heading69516_6faaf6-fe\">Nos partenaires<\/h2>\n<\/div>\n<\/div>\n\n\n\n<div class=\"wp-block-columns is-layout-flex wp-container-core-columns-is-layout-13 wp-block-columns-is-layout-flex\">\n<div class=\"wp-block-column is-layout-flow wp-block-column-is-layout-flow\">\n<div class=\"wp-block-columns is-layout-flex wp-container-core-columns-is-layout-11 wp-block-columns-is-layout-flex\">\n<div class=\"wp-block-column is-layout-flow wp-block-column-is-layout-flow\">\n<figure class=\"wp-block-image aligncenter size-large is-resized\"><img loading=\"lazy\" decoding=\"async\" width=\"148\" height=\"148\" class=\"wp-image-69629\" style=\"width: 114px; height: 114px;\" src=\"https:\/\/centcols.org\/backup\/wp-content\/uploads\/2023\/01\/FFCT-4.png\" alt=\"\" srcset=\"https:\/\/centcols.org\/backup\/wp-content\/uploads\/2023\/01\/FFCT-4.png 148w, https:\/\/centcols.org\/backup\/wp-content\/uploads\/2023\/01\/FFCT-4-100x100.png 100w\" sizes=\"(max-width: 148px) 100vw, 148px\" \/>\r\n<figcaption class=\"wp-element-caption\"><a href=\"https:\/\/centcols.org\/backup\/le-partenariat-club-des-cent-cols-federation-francaise-de-cyclotourisme\/\" target=\"_blank\" rel=\"noreferrer noopener\">F\u00e9d\u00e9ration Fran\u00e7aise de Cyclotourisme<\/a><\/figcaption>\r\n<\/figure>\n<\/div>\n\n\n\n<div class=\"wp-block-column is-layout-flow wp-block-column-is-layout-flow\">\n<figure class=\"wp-block-image aligncenter size-large is-resized\"><img loading=\"lazy\" decoding=\"async\" width=\"288\" height=\"288\" class=\"wp-image-69635\" style=\"width: 117px; height: 117px;\" src=\"https:\/\/centcols.org\/backup\/wp-content\/uploads\/2023\/01\/FECT-4.jpg\" alt=\"\" srcset=\"https:\/\/centcols.org\/backup\/wp-content\/uploads\/2023\/01\/FECT-4.jpg 288w, https:\/\/centcols.org\/backup\/wp-content\/uploads\/2023\/01\/FECT-4-100x100.jpg 100w\" sizes=\"(max-width: 288px) 100vw, 288px\" \/>\r\n<figcaption class=\"wp-element-caption\"><a href=\"https:\/\/centcols.org\/backup\/le-partenariat-entre-la-federation-espagnole-de-cyclotourisme-et-le-club-des-cent-cols\/\" target=\"_blank\" rel=\"noreferrer noopener\">F\u00e9d\u00e9ration Espagnole de Cyclotourisme<\/a><\/figcaption>\r\n<\/figure>\n<\/div>\n<\/div>\n<\/div>\n\n\n\n<div class=\"wp-block-column is-layout-flow wp-block-column-is-layout-flow\">\n<div class=\"wp-block-columns is-layout-flex wp-container-core-columns-is-layout-12 wp-block-columns-is-layout-flex\">\n<div class=\"wp-block-column is-layout-flow wp-block-column-is-layout-flow\">\n<figure class=\"wp-block-image aligncenter size-large is-resized\"><img loading=\"lazy\" decoding=\"async\" width=\"183\" height=\"180\" class=\"wp-image-69665\" style=\"width: 111px; height: 107px;\" src=\"https:\/\/centcols.org\/backup\/wp-content\/uploads\/2023\/01\/OR-4.jpg\" alt=\"\" \/>\r\n<figcaption class=\"wp-element-caption\"><a href=\"https:\/\/centcols.org\/backup\/openrunner-et-le-club-des-cent-cols\/\" target=\"_blank\" rel=\"noreferrer noopener\">Openrunner<\/a><\/figcaption>\r\n<\/figure>\n<\/div>\n\n\n\n<div class=\"wp-block-column is-layout-flow wp-block-column-is-layout-flow\">\n<figure class=\"wp-block-image aligncenter size-large is-resized\"><img loading=\"lazy\" decoding=\"async\" width=\"522\" height=\"221\" class=\"wp-image-69647\" style=\"width: 184px; height: 77px;\" src=\"https:\/\/centcols.org\/backup\/wp-content\/uploads\/2023\/01\/UECT-3.jpg\" alt=\"\" srcset=\"https:\/\/centcols.org\/backup\/wp-content\/uploads\/2023\/01\/UECT-3.jpg 522w, https:\/\/centcols.org\/backup\/wp-content\/uploads\/2023\/01\/UECT-3-500x212.jpg 500w\" sizes=\"(max-width: 522px) 100vw, 522px\" \/>\r\n<figcaption class=\"wp-element-caption\"><a href=\"https:\/\/centcols.org\/backup\/lunion-europeenne-de-cyclotourisme-uect\/\" target=\"_blank\" rel=\"noreferrer noopener\">Union Europ\u00e9enne de Cyclotourisme<\/a><\/figcaption>\r\n<\/figure>\n<\/div>\n<\/div>\n<\/div>\n<\/div>\n\n\n\n<h2 class=\"kt-adv-heading69516_4ba678-36 wp-block-kadence-advancedheading\" data-kb-block=\"kb-adv-heading69516_4ba678-36\">Dossiers de presse<\/h2>\n\n\n\n<div class=\"wp-block-columns is-layout-flex wp-container-core-columns-is-layout-17 wp-block-columns-is-layout-flex\">\n<div class=\"wp-block-column is-layout-flow wp-block-column-is-layout-flow\">\n<div class=\"wp-block-columns is-layout-flex wp-container-core-columns-is-layout-14 wp-block-columns-is-layout-flex\">\n<div class=\"wp-block-column is-layout-flow wp-block-column-is-layout-flow\">\n<figure class=\"wp-block-image size-large is-resized\"><a href=\"\/dossier-presse\/\"><img loading=\"lazy\" decoding=\"async\" width=\"323\" height=\"211\" class=\"wp-image-69671\" style=\"width: 83px; height: 53px;\" src=\"https:\/\/centcols.org\/backup\/wp-content\/uploads\/2023\/01\/Drapeau-FR-1.jpg\" alt=\"\" \/><\/a>\r\n<figcaption class=\"wp-element-caption\"><a href=\"\/dossier-presse\/\">Dossier de presse<\/a><\/figcaption>\r\n<\/figure>\n<\/div>\n\n\n\n<div class=\"wp-block-column is-layout-flow wp-block-column-is-layout-flow\">\n<figure class=\"wp-block-image size-large is-resized\"><a href=\"\/en\/press-pack\/\"><img loading=\"lazy\" decoding=\"async\" width=\"243\" height=\"167\" class=\"wp-image-69677\" style=\"width: 86px; height: 58px;\" src=\"https:\/\/centcols.org\/backup\/wp-content\/uploads\/2023\/01\/Drapeau-EN-1.jpg\" alt=\"\" \/><\/a>\r\n<figcaption class=\"wp-element-caption\"><a href=\"\/en\/press-pack\/\">Press pack<\/a><\/figcaption>\r\n<\/figure>\n<\/div>\n<\/div>\n<\/div>\n\n\n\n<div class=\"wp-block-column is-layout-flow wp-block-column-is-layout-flow\">\n<div class=\"wp-block-columns is-layout-flex wp-container-core-columns-is-layout-15 wp-block-columns-is-layout-flex\">\n<div class=\"wp-block-column is-layout-flow wp-block-column-is-layout-flow\">\n<figure class=\"wp-block-image size-large is-resized\"><a href=\"\/it\/dossier-di-stampa\/\"><img loading=\"lazy\" decoding=\"async\" width=\"249\" height=\"165\" class=\"wp-image-69683\" style=\"width: 87px; height: 57px;\" src=\"https:\/\/centcols.org\/backup\/wp-content\/uploads\/2023\/01\/Drapeau-IT-1.jpg\" alt=\"\" \/><\/a>\r\n<figcaption class=\"wp-element-caption\"><a href=\"\/it\/dossier-di-stampa\/\">Dossier di Stampa<\/a><\/figcaption>\r\n<\/figure>\n<\/div>\n\n\n\n<div class=\"wp-block-column is-layout-flow wp-block-column-is-layout-flow\">\n<figure class=\"wp-block-image size-large is-resized\"><a href=\"\/pressemappe\/\"><img loading=\"lazy\" decoding=\"async\" width=\"167\" height=\"118\" class=\"wp-image-69689\" style=\"width: 85px; height: 58px;\" src=\"https:\/\/centcols.org\/backup\/wp-content\/uploads\/2023\/01\/Drapeau-D-1.jpg\" alt=\"\" \/><\/a>\r\n<figcaption class=\"wp-element-caption\"><a href=\"\/pressemappe\/\">Pressemappe<\/a><\/figcaption>\r\n<\/figure>\n<\/div>\n<\/div>\n<\/div>\n\n\n\n<div class=\"wp-block-column is-layout-flow wp-block-column-is-layout-flow\">\n<div class=\"wp-block-columns is-layout-flex wp-container-core-columns-is-layout-16 wp-block-columns-is-layout-flex\">\n<div class=\"wp-block-column is-layout-flow wp-block-column-is-layout-flow\">\n<figure class=\"wp-block-image size-large is-resized\"><a href=\"\/archivo-prensa\/\"><img loading=\"lazy\" decoding=\"async\" width=\"155\" height=\"103\" class=\"wp-image-69695\" style=\"width: 96px; height: 62px;\" src=\"https:\/\/centcols.org\/backup\/wp-content\/uploads\/2023\/01\/Drapeau-ES.jpg\" alt=\"\" \/><\/a>\r\n<figcaption class=\"wp-element-caption\"><a href=\"\/archivo-prensa\/\">Archivo prensa<\/a><\/figcaption>\r\n<\/figure>\n<\/div>\n\n\n\n<div class=\"wp-block-column is-layout-flow wp-block-column-is-layout-flow\">\n<figure class=\"wp-block-image size-large is-resized\"><a href=\"\/persdossier\/\"><img loading=\"lazy\" decoding=\"async\" width=\"176\" height=\"121\" class=\"wp-image-69701\" style=\"width: 89px; height: 60px;\" src=\"https:\/\/centcols.org\/backup\/wp-content\/uploads\/2023\/01\/Drapeau-NL.jpg\" alt=\"\" \/><\/a>\r\n<figcaption class=\"wp-element-caption\"><a href=\"\/persdossier\/\">Persmap<\/a><\/figcaption>\r\n<\/figure>\n<\/div>\n<\/div>\n<\/div>\n<\/div>\n","protected":false},"excerpt":{"rendered":"<p>Calendrier pr\u00e9visionnel 2024 S\u00e9jour de printemps, VTT, route, gravel, Porticcio, Corse, 20 au 27 avril 2024S\u00e9jour d&#8217;\u00e9t\u00e9, VTT, route, gravel, Vog\u00fc\u00e9, Ard\u00e8che &#8211; France, 29 juin au 6 juillet 2024Assembl\u00e9e G\u00e9n\u00e9rale du club, Bugeat, France &#8211; Corr\u00e8ze, 27 au 29 septembre 2024 Semaine F\u00e9d\u00e9rale FFCT Du 20 au 28 juillet 2024 \u00e0 Roanne Cyclomontagnarde du [&hellip;]<\/p>\n","protected":false},"author":397,"featured_media":0,"parent":0,"menu_order":0,"comment_status":"closed","ping_status":"closed","template":"","meta":{"_acf_changed":false,"ub_ctt_via":"","_monsterinsights_skip_tracking":false,"_monsterinsights_sitenote_active":false,"_monsterinsights_sitenote_note":"","_monsterinsights_sitenote_category":0,"footnotes":""},"acf":[],"featured_image_urls":{"full":"","thumbnail":"","medium":"","medium_large":"","large":"","1536x1536":"","2048x2048":"","woocommerce_thumbnail":"","woocommerce_single":"","woocommerce_gallery_thumbnail":""},"post_excerpt_stackable":"<p>Qui sommes-nous ?\u00c0 la unePresseLa Gazette Nous sommes une association de cyclotouristes, fond\u00e9e en 1972, adh\u00e9rente \u00e0 la\u00a0F\u00e9d\u00e9ration Fran\u00e7aise de Cyclotourisme\u00a0(FFCT), amoureux du v\u00e9lo en montagne et nous souhaitons consacrer nos rubriques, directement ou indirectement, uniquement \u00e0 ce sujet. Notre Confr\u00e9rie accepte toute pratique v\u00e9locip\u00e9dique dans le respect de notre\u00a0R\u00e8gle du Jeu.Pour entrer au Club des Cent Cols, il faut avoir franchi \u00e0 bicyclette au moins cent cols diff\u00e9rents, dont cinq cols de 2000\u00a0m ou plus pour chaque centaine propos\u00e9e. En savoir plus R\u00e8gle du jeu Diaporama de pr\u00e9sentation Assembl\u00e9e G\u00e9n\u00e9rale 2024 La date de l&#8217;assembl\u00e9e g\u00e9n\u00e9rale a \u00e9t\u00e9 modifi\u00e9e\u2026<\/p>\n","category_list":"","author_info":{"name":"Denis Chouquet-Stringer","url":"https:\/\/centcols.org\/backup\/author\/6183\/"},"comments_num":"0 commentaire","featured_image_urls_v2":{"full":"","thumbnail":"","medium":"","medium_large":"","large":"","1536x1536":"","2048x2048":"","woocommerce_thumbnail":"","woocommerce_single":"","woocommerce_gallery_thumbnail":""},"post_excerpt_stackable_v2":"<p>Qui sommes-nous ?\u00c0 la unePresseLa Gazette Nous sommes une association de cyclotouristes, fond\u00e9e en 1972, adh\u00e9rente \u00e0 la\u00a0F\u00e9d\u00e9ration Fran\u00e7aise de Cyclotourisme\u00a0(FFCT), amoureux du v\u00e9lo en montagne et nous souhaitons consacrer nos rubriques, directement ou indirectement, uniquement \u00e0 ce sujet. Notre Confr\u00e9rie accepte toute pratique v\u00e9locip\u00e9dique dans le respect de notre\u00a0R\u00e8gle du Jeu.Pour entrer au Club des Cent Cols, il faut avoir franchi \u00e0 bicyclette au moins cent cols diff\u00e9rents, dont cinq cols de 2000\u00a0m ou plus pour chaque centaine propos\u00e9e. En savoir plus R\u00e8gle du jeu Diaporama de pr\u00e9sentation Assembl\u00e9e G\u00e9n\u00e9rale 2024 La date de l&#8217;assembl\u00e9e g\u00e9n\u00e9rale a \u00e9t\u00e9 modifi\u00e9e\u2026<\/p>\n","category_list_v2":"","author_info_v2":{"name":"Denis Chouquet-Stringer","url":"https:\/\/centcols.org\/backup\/author\/6183\/"},"comments_num_v2":"0 commentaire","featured_image_src":null,"_links":{"self":[{"href":"https:\/\/centcols.org\/backup\/wp-json\/wp\/v2\/pages\/69516"}],"collection":[{"href":"https:\/\/centcols.org\/backup\/wp-json\/wp\/v2\/pages"}],"about":[{"href":"https:\/\/centcols.org\/backup\/wp-json\/wp\/v2\/types\/page"}],"author":[{"embeddable":true,"href":"https:\/\/centcols.org\/backup\/wp-json\/wp\/v2\/users\/397"}],"replies":[{"embeddable":true,"href":"https:\/\/centcols.org\/backup\/wp-json\/wp\/v2\/comments?post=69516"}],"version-history":[{"count":0,"href":"https:\/\/centcols.org\/backup\/wp-json\/wp\/v2\/pages\/69516\/revisions"}],"wp:attachment":[{"href":"https:\/\/centcols.org\/backup\/wp-json\/wp\/v2\/media?parent=69516"}],"curies":[{"name":"wp","href":"https:\/\/api.w.org\/{rel}","templated":true}]}}