{"id":71013,"date":"2023-02-18T11:20:34","date_gmt":"2023-02-18T10:20:34","guid":{"rendered":"https:\/\/centcols.org\/backup\/?page_id=71013"},"modified":"2023-02-19T15:30:13","modified_gmt":"2023-02-19T14:30:13","slug":"semaine-europeenne-a-plasencia-espagne-1er-au-8-juillet-2023","status":"publish","type":"page","link":"https:\/\/centcols.org\/backup\/semaine-europeenne-a-plasencia-espagne-1er-au-8-juillet-2023\/","title":{"rendered":"Semaine europ\u00e9enne \u00e0 Plasencia \u2013 Espagne \u2013 1er au 8 juillet 2023"},"content":{"rendered":"\n<p class=\"has-medium-font-size\">L&#8217;UECT \u2013 <strong>Union Europ\u00e9enne de Cyclotourisme<\/strong> \u2013 et la FECT \u2013 <strong>F\u00e9d\u00e9ration Espagnole de Cyclotourisme <\/strong>-, 2 f\u00e9d\u00e9rations partenaires du Club des Cents Cols, co-organisent la Semaine Europ\u00e9enne 2023. <\/p>\n\n\n\n<div class=\"wp-block-image\"><figure class=\"aligncenter size-large\"><img loading=\"lazy\" decoding=\"async\" width=\"381\" height=\"294\" src=\"https:\/\/centcols.org\/backup\/wp-content\/uploads\/2023\/02\/Plasencia.png\" alt=\"\" class=\"wp-image-71014\"\/><\/figure><\/div>\n\n\n\n<p class=\"has-medium-font-size\">C&#8217;est une r\u00e9gion tr\u00e8s touristique. Et montagneuse. Id\u00e9ale pour un s\u00e9jour mixte tourisme et v\u00e9lo.<\/p>\n\n\n\n<p><span style=\"font-size: 20px; font-family: arial, helvetica, sans-serif;\">Le Club des Cent Cols a particip\u00e9 \u00e0 la conception des circuits, tous routiers : :<\/span><\/p>\n<ul>\n<li><span style=\"font-size: 20px; font-family: arial, helvetica, sans-serif;\">3 parcours en boucles, au d\u00e9part de Plasencia, en formes de &#8220;poup\u00e9es russes&#8221;, de 50, 80, 120 km and de 800 \u00e0 <\/span><span style=\"font-size: 20px; font-family: arial, helvetica, sans-serif;\">2000 m de d\u00e9nivel\u00e9 et comportant jusqu&#8217;\u00e0 6 cols<\/span><\/li>\n<li><span style=\"font-size: 20px; font-family: arial, helvetica, sans-serif;\">1 parcours, l\u00e9g\u00e8rement d\u00e9cal\u00e9 de Plasencia (40 km)\u00a0 de 80 km, 1500 m D+ et 15 cols.<\/span><\/li>\n<\/ul>\n<p><span style=\"font-size: 20px; font-family: arial, helvetica, sans-serif;\">Et la r\u00e9gion est encore riche de parcours potentiels.<\/span><\/p>\n\n\n\n<div class=\"wp-block-image\"><figure class=\"aligncenter size-large\"><img loading=\"lazy\" decoding=\"async\" width=\"627\" height=\"555\" src=\"https:\/\/centcols.org\/backup\/wp-content\/uploads\/2023\/02\/Plasencia2-1.jpg\" alt=\"\" class=\"wp-image-71027\" srcset=\"https:\/\/centcols.org\/backup\/wp-content\/uploads\/2023\/02\/Plasencia2-1.jpg 627w, https:\/\/centcols.org\/backup\/wp-content\/uploads\/2023\/02\/Plasencia2-1-500x443.jpg 500w, https:\/\/centcols.org\/backup\/wp-content\/uploads\/2023\/02\/Plasencia2-1-600x531.jpg 600w\" sizes=\"(max-width: 627px) 100vw, 627px\" \/><\/figure><\/div>\n\n\n\n<p class=\"has-medium-font-size\">Une destination \u00e0 envisager et \u00e0 bloquer dans l\u2019agenda de l\u2019ann\u00e9e.<\/p>\n\n\n\n<p class=\"has-medium-font-size\">Plus d&#8217;informations :<\/p>\n\n\n\n<p class=\"has-medium-font-size\"><a href=\"https:\/\/uect.org\/fr\/semaine-europeenne\/plasencia-2023\">https:\/\/uect.org\/fr\/semaine-europeenne\/plasencia-2023<\/a><\/p>\n\n\n\n<p class=\"has-medium-font-size\"><a href=\"https:\/\/cyclotourisme-mag.com\/2023\/02\/16\/ouvertures-des-inscriptions-pour-la-semaine-europeenne-de-cyclotourisme-uect-en-espagne\/\">https:\/\/cyclotourisme-mag.com\/2023\/02\/16\/ouvertures-des-inscriptions-pour-la-semaine-europeenne-de-cyclotourisme-uect-en-espagne\/<\/a><\/p>\n","protected":false},"excerpt":{"rendered":"<p>L&#8217;UECT \u2013 Union Europ\u00e9enne de Cyclotourisme \u2013 et la FECT \u2013 F\u00e9d\u00e9ration Espagnole de Cyclotourisme -, 2 f\u00e9d\u00e9rations partenaires du Club des Cents Cols, co-organisent la Semaine Europ\u00e9enne 2023. C&#8217;est une r\u00e9gion tr\u00e8s touristique. Et montagneuse. Id\u00e9ale pour un s\u00e9jour mixte tourisme et v\u00e9lo. Le Club des Cent Cols a particip\u00e9 \u00e0 la conception des [&hellip;]<\/p>\n","protected":false},"author":397,"featured_media":0,"parent":0,"menu_order":0,"comment_status":"closed","ping_status":"closed","template":"","meta":{"_acf_changed":false,"ub_ctt_via":"","_monsterinsights_skip_tracking":false,"_monsterinsights_sitenote_active":false,"_monsterinsights_sitenote_note":"","_monsterinsights_sitenote_category":0,"footnotes":""},"acf":[],"featured_image_urls":{"full":"","thumbnail":"","medium":"","medium_large":"","large":"","1536x1536":"","2048x2048":"","woocommerce_thumbnail":"","woocommerce_single":"","woocommerce_gallery_thumbnail":""},"post_excerpt_stackable":"<p>L&#8217;UECT \u2013 Union Europ\u00e9enne de Cyclotourisme \u2013 et la FECT \u2013 F\u00e9d\u00e9ration Espagnole de Cyclotourisme -, 2 f\u00e9d\u00e9rations partenaires du Club des Cents Cols, co-organisent la Semaine Europ\u00e9enne 2023. C&#8217;est une r\u00e9gion tr\u00e8s touristique. Et montagneuse. Id\u00e9ale pour un s\u00e9jour mixte tourisme et v\u00e9lo. Le Club des Cent Cols a particip\u00e9 \u00e0 la conception des circuits, tous routiers : : 3 parcours en boucles, au d\u00e9part de Plasencia, en formes de &#8220;poup\u00e9es russes&#8221;, de 50, 80, 120 km and de 800 \u00e0 2000 m de d\u00e9nivel\u00e9 et comportant jusqu&#8217;\u00e0 6 cols 1 parcours, l\u00e9g\u00e8rement d\u00e9cal\u00e9 de Plasencia (40 km)\u00a0 de\u2026<\/p>\n","category_list":"","author_info":{"name":"Denis Chouquet-Stringer","url":"https:\/\/centcols.org\/backup\/author\/6183\/"},"comments_num":"0 commentaire","featured_image_urls_v2":{"full":"","thumbnail":"","medium":"","medium_large":"","large":"","1536x1536":"","2048x2048":"","woocommerce_thumbnail":"","woocommerce_single":"","woocommerce_gallery_thumbnail":""},"post_excerpt_stackable_v2":"<p>L&#8217;UECT \u2013 Union Europ\u00e9enne de Cyclotourisme \u2013 et la FECT \u2013 F\u00e9d\u00e9ration Espagnole de Cyclotourisme -, 2 f\u00e9d\u00e9rations partenaires du Club des Cents Cols, co-organisent la Semaine Europ\u00e9enne 2023. C&#8217;est une r\u00e9gion tr\u00e8s touristique. Et montagneuse. Id\u00e9ale pour un s\u00e9jour mixte tourisme et v\u00e9lo. Le Club des Cent Cols a particip\u00e9 \u00e0 la conception des circuits, tous routiers : : 3 parcours en boucles, au d\u00e9part de Plasencia, en formes de &#8220;poup\u00e9es russes&#8221;, de 50, 80, 120 km and de 800 \u00e0 2000 m de d\u00e9nivel\u00e9 et comportant jusqu&#8217;\u00e0 6 cols 1 parcours, l\u00e9g\u00e8rement d\u00e9cal\u00e9 de Plasencia (40 km)\u00a0 de\u2026<\/p>\n","category_list_v2":"","author_info_v2":{"name":"Denis Chouquet-Stringer","url":"https:\/\/centcols.org\/backup\/author\/6183\/"},"comments_num_v2":"0 commentaire","featured_image_src":null,"_links":{"self":[{"href":"https:\/\/centcols.org\/backup\/wp-json\/wp\/v2\/pages\/71013"}],"collection":[{"href":"https:\/\/centcols.org\/backup\/wp-json\/wp\/v2\/pages"}],"about":[{"href":"https:\/\/centcols.org\/backup\/wp-json\/wp\/v2\/types\/page"}],"author":[{"embeddable":true,"href":"https:\/\/centcols.org\/backup\/wp-json\/wp\/v2\/users\/397"}],"replies":[{"embeddable":true,"href":"https:\/\/centcols.org\/backup\/wp-json\/wp\/v2\/comments?post=71013"}],"version-history":[{"count":0,"href":"https:\/\/centcols.org\/backup\/wp-json\/wp\/v2\/pages\/71013\/revisions"}],"wp:attachment":[{"href":"https:\/\/centcols.org\/backup\/wp-json\/wp\/v2\/media?parent=71013"}],"curies":[{"name":"wp","href":"https:\/\/api.w.org\/{rel}","templated":true}]}}