{"id":71131,"date":"2023-02-22T10:40:16","date_gmt":"2023-02-22T09:40:16","guid":{"rendered":"https:\/\/centcols.org\/backup\/?page_id=71131"},"modified":"2023-02-28T10:12:31","modified_gmt":"2023-02-28T09:12:31","slug":"lunion-europeenne-de-cyclotourisme-uect","status":"publish","type":"page","link":"https:\/\/centcols.org\/backup\/lunion-europeenne-de-cyclotourisme-uect\/","title":{"rendered":"L\u2019union europ\u00e9enne de cyclotourisme &#8211; UECT"},"content":{"rendered":"\n<p class=\"has-medium-font-size\">Une association qui a pour vocation de promouvoir la pratique du cyclotourisme en Europe ne peut qu\u2019\u00e9veiller la curiosit\u00e9 du pr\u00e9sident du Club des Cent Cols.<\/p>\n\n\n\n<p class=\"has-medium-font-size\">Une association qui compte dans ses rangs de nombreux membres issus de plusieurs pays europ\u00e9ens a suscit\u00e9 \u00e9galement &nbsp;l\u2019attention du pr\u00e9sident de l\u2019Union Europ\u00e9enne de Cyclotourisme.<\/p>\n\n\n\n<p class=\"has-medium-font-size\">De fil en aiguille et au hasard des rencontres entre Patrice Godart, pr\u00e9sident de l\u2019UECT, \u00e9galement membre du CCC et Bernard Giraudeau, alors pr\u00e9sident du CCC, l\u2019int\u00e9r\u00eat d\u2019une collaboration entre nos deux associations s\u2019est impos\u00e9.<\/p>\n\n\n\n<p class=\"has-medium-font-size\">Cette\u00a0 entente tacite repose sur un constat \u00e9vident. Nous avons la m\u00eame volont\u00e9 de nous faire connaitre aupr\u00e8s des cyclotouristes europ\u00e9ens avec des moyens et axes de communication diff\u00e9rents mais compl\u00e9mentaires.<\/p>\n\n\n\n<p class=\"has-medium-font-size\"><strong>L\u2019UECT <\/strong>a un r\u00e9seau de partenaires constitu\u00e9 de <strong>8 f\u00e9d\u00e9rations nationales <\/strong>regroupant plus de <strong>200&nbsp;000 cyclotouristes<\/strong>.&nbsp; L\u2019UECT propose des randonn\u00e9es inter-capitales europ\u00e9ennes, les <a href=\"https:\/\/centcols.org\/backup\/les-traits-dunions-europeens-tue\/\" target=\"_blank\" rel=\"noreferrer noopener\"><strong>Traits d\u2019Unions Europ\u00e9ens<\/strong><\/a>, et elle organise une rencontre annuelle, la <a href=\"https:\/\/centcols.org\/backup\/semaine-europeenne-a-plasencia-espagne-1er-au-8-juillet-2023\/\" target=\"_blank\" rel=\"noreferrer noopener\"><strong>Semaine Europ\u00e9enne<\/strong>,<\/a> dans un pays diff\u00e9rent chaque ann\u00e9e.<\/p>\n\n\n\n<p class=\"has-medium-font-size\">Le <strong>CCC <\/strong>a une connaissance du terrain partout en Europe par ses <strong>catalogues de cols nationaux<\/strong> et peut donc apporter un compl\u00e9ment \u00e0 ces organisations de l\u2019UECT. Chaque fois que cela sera possible, nous participons \u00e0 la promotion des r\u00e9alisations de l\u2019Union Europ\u00e9enne de Cyclotourisme auxquelles nous participons indirectement par la fourniture des donn\u00e9es de nos cols. Ceux-ci seront nos meilleurs ambassadeurs pour faire conna\u00eetre le <strong>Club des Cent Cols<\/strong>.<\/p>\n\n\n\n<p class=\"has-medium-font-size\">Pour en savoir plus sur l&#8217;UECT : <a href=\"https:\/\/uect.org\/fr\/\" target=\"_blank\" rel=\"noreferrer noopener\"><strong>https:\/\/uect.org\/fr\/<\/strong><\/a><\/p>\n\n\n\n<p><\/p>\n","protected":false},"excerpt":{"rendered":"<p>Une association qui a pour vocation de promouvoir la pratique du cyclotourisme en Europe ne peut qu\u2019\u00e9veiller la curiosit\u00e9 du pr\u00e9sident du Club des Cent Cols. Une association qui compte dans ses rangs de nombreux membres issus de plusieurs pays europ\u00e9ens a suscit\u00e9 \u00e9galement &nbsp;l\u2019attention du pr\u00e9sident de l\u2019Union Europ\u00e9enne de Cyclotourisme. De fil en [&hellip;]<\/p>\n","protected":false},"author":397,"featured_media":0,"parent":0,"menu_order":0,"comment_status":"closed","ping_status":"closed","template":"","meta":{"_acf_changed":false,"ub_ctt_via":"","_monsterinsights_skip_tracking":false,"_monsterinsights_sitenote_active":false,"_monsterinsights_sitenote_note":"","_monsterinsights_sitenote_category":0,"footnotes":""},"acf":[],"featured_image_urls":{"full":"","thumbnail":"","medium":"","medium_large":"","large":"","1536x1536":"","2048x2048":"","woocommerce_thumbnail":"","woocommerce_single":"","woocommerce_gallery_thumbnail":""},"post_excerpt_stackable":"<p>Une association qui a pour vocation de promouvoir la pratique du cyclotourisme en Europe ne peut qu\u2019\u00e9veiller la curiosit\u00e9 du pr\u00e9sident du Club des Cent Cols. Une association qui compte dans ses rangs de nombreux membres issus de plusieurs pays europ\u00e9ens a suscit\u00e9 \u00e9galement &nbsp;l\u2019attention du pr\u00e9sident de l\u2019Union Europ\u00e9enne de Cyclotourisme. De fil en aiguille et au hasard des rencontres entre Patrice Godart, pr\u00e9sident de l\u2019UECT, \u00e9galement membre du CCC et Bernard Giraudeau, alors pr\u00e9sident du CCC, l\u2019int\u00e9r\u00eat d\u2019une collaboration entre nos deux associations s\u2019est impos\u00e9. Cette\u00a0 entente tacite repose sur un constat \u00e9vident. Nous avons la m\u00eame volont\u00e9\u2026<\/p>\n","category_list":"","author_info":{"name":"Denis Chouquet-Stringer","url":"https:\/\/centcols.org\/backup\/author\/6183\/"},"comments_num":"0 commentaire","featured_image_urls_v2":{"full":"","thumbnail":"","medium":"","medium_large":"","large":"","1536x1536":"","2048x2048":"","woocommerce_thumbnail":"","woocommerce_single":"","woocommerce_gallery_thumbnail":""},"post_excerpt_stackable_v2":"<p>Une association qui a pour vocation de promouvoir la pratique du cyclotourisme en Europe ne peut qu\u2019\u00e9veiller la curiosit\u00e9 du pr\u00e9sident du Club des Cent Cols. Une association qui compte dans ses rangs de nombreux membres issus de plusieurs pays europ\u00e9ens a suscit\u00e9 \u00e9galement &nbsp;l\u2019attention du pr\u00e9sident de l\u2019Union Europ\u00e9enne de Cyclotourisme. De fil en aiguille et au hasard des rencontres entre Patrice Godart, pr\u00e9sident de l\u2019UECT, \u00e9galement membre du CCC et Bernard Giraudeau, alors pr\u00e9sident du CCC, l\u2019int\u00e9r\u00eat d\u2019une collaboration entre nos deux associations s\u2019est impos\u00e9. Cette\u00a0 entente tacite repose sur un constat \u00e9vident. Nous avons la m\u00eame volont\u00e9\u2026<\/p>\n","category_list_v2":"","author_info_v2":{"name":"Denis Chouquet-Stringer","url":"https:\/\/centcols.org\/backup\/author\/6183\/"},"comments_num_v2":"0 commentaire","featured_image_src":null,"_links":{"self":[{"href":"https:\/\/centcols.org\/backup\/wp-json\/wp\/v2\/pages\/71131"}],"collection":[{"href":"https:\/\/centcols.org\/backup\/wp-json\/wp\/v2\/pages"}],"about":[{"href":"https:\/\/centcols.org\/backup\/wp-json\/wp\/v2\/types\/page"}],"author":[{"embeddable":true,"href":"https:\/\/centcols.org\/backup\/wp-json\/wp\/v2\/users\/397"}],"replies":[{"embeddable":true,"href":"https:\/\/centcols.org\/backup\/wp-json\/wp\/v2\/comments?post=71131"}],"version-history":[{"count":0,"href":"https:\/\/centcols.org\/backup\/wp-json\/wp\/v2\/pages\/71131\/revisions"}],"wp:attachment":[{"href":"https:\/\/centcols.org\/backup\/wp-json\/wp\/v2\/media?parent=71131"}],"curies":[{"name":"wp","href":"https:\/\/api.w.org\/{rel}","templated":true}]}}