{"id":71346,"date":"2023-03-03T11:09:55","date_gmt":"2023-03-03T10:09:55","guid":{"rendered":"https:\/\/centcols.org\/backup\/?page_id=71346"},"modified":"2023-11-17T17:06:24","modified_gmt":"2023-11-17T16:06:24","slug":"liste-parcours-cent-cols-sur-or-2","status":"publish","type":"page","link":"https:\/\/centcols.org\/backup\/liste-parcours-cent-cols-sur-or-2\/","title":{"rendered":"Les parcours des membres labellis\u00e9s par le club : les listes"},"content":{"rendered":"\n<p>Les titres des parcours sont tri\u00e9s par ordre alphab\u00e9tique puis par subdivision administrative. Le lien sur le titre ouvre directement la fiche descriptive du parcours.<\/p>\n\n\n\n<p>Une premi\u00e8re notion sur la difficult\u00e9 globale du parcours est donn\u00e9e par le kilom\u00e9trage et la d\u00e9nivel\u00e9e. D\u2019autres informations &nbsp;sur les difficult\u00e9s ponctuelles sont apport\u00e9es dans &nbsp;la description de chaque parcours.<\/p>\n\n\n\n<p class=\"has-text-align-center has-normal-font-size\"><em>Dans le tableau ci-dessous, les <strong>parcours en gras, italique et sur fond bleu<\/strong> ne r\u00e9pondent pas au cahier des charges mais sont susceptibles d&#8217;int\u00e9resser quelques membres<\/em><\/p>\n\n\n\n<h2 class=\"kt-adv-heading71346_d966c2-42 wp-block-kadence-advancedheading\" data-kb-block=\"kb-adv-heading71346_d966c2-42\">Allemagne<\/h2>\n\n\n\n<figure class=\"wp-block-table is-style-stripes\"><table><thead><tr><th><span style=\"font-size: 20px;\">Titre du parcours<\/span><\/th><th><span style=\"font-size: 20px;\">Route, VTT, gravel<\/span><\/th><th><span style=\"font-size: 20px;\">km<\/span><\/th><th><span style=\"font-size: 20px;\">D+<\/span><\/th><th><span style=\"font-size: 20px;\">Cols<\/span><\/th><th><span style=\"font-size: 20px;\">Auteur<\/span><\/th><\/tr><\/thead><tbody><tr><td> <p><a href=\"https:\/\/centcols.org\/backup\/de-bw-bad-krozingen-foret-noire\/\" target=\"_blank\" rel=\"noopener\" title=\"\"><span style=\"font-size: 20px;\">DE-BW For\u00eat Noire Bad Krozingen\u00a0<\/span><\/a><\/p> <\/td><td><span style=\"font-size: 20px;\">Gravel<\/span><\/td><td><span style=\"font-size: 20px;\">66<\/span><\/td><td><span style=\"font-size: 20px;\">1550<\/span><\/td><td><span style=\"font-size: 20px;\">12<\/span><\/td><td rowspan=\"24\"><span style=\"font-size: 20px;\">&nbsp;<\/span><br><span style=\"font-size: 20px;\">&nbsp;<\/span><br><span style=\"font-size: 20px;\">&nbsp;<\/span><br><span style=\"font-size: 20px;\">&nbsp;<\/span><br><span style=\"font-size: 20px;\">&nbsp;<\/span><br><span style=\"font-size: 20px; color: #000000;\"><strong><em>&nbsp;<\/em><\/strong><\/span><br><span style=\"font-size: 20px;\">Jean-Luc&nbsp;<\/span><br><span style=\"font-size: 20px;\">&nbsp;<\/span><br><span style=\"font-size: 20px;\">&nbsp;<\/span><br><span style=\"font-size: 20px;\">&nbsp;<\/span><br><span style=\"font-size: 20px;\">Ceccato<\/span><br><em><strong><span style=\"font-size: 20px;\">&nbsp;<\/span><\/strong><\/em><br><span style=\"font-size: 20px;\">&nbsp;<\/span><br><span style=\"font-size: 20px;\">&nbsp;<\/span><br><span style=\"font-size: 20px;\">&nbsp;<\/span><br><span style=\"font-size: 20px;\">&nbsp;<\/span><br><span style=\"font-size: 20px;\">&nbsp;<\/span><br><span style=\"font-size: 20px;\">&nbsp;<\/span><br><span style=\"font-size: 20px;\">&nbsp;<\/span><br><span style=\"font-size: 20px;\">&nbsp;<\/span><br><span style=\"font-size: 20px;\">&nbsp;<\/span><br><span style=\"font-size: 20px;\">&nbsp;<\/span><br><span style=\"font-size: 20px; color: #000000;\">&nbsp;<\/span><br><span style=\"font-size: 20px;\">&nbsp;<\/span><\/td><\/tr><tr><td><span style=\"font-size: 20px;\"><a href=\"https:\/\/centcols.org\/backup\/de-bw-biberach-est-foret-noire\/\" target=\"_blank\" rel=\"noopener\" title=\"\">DE-BW For\u00eat Noire Biberach est<\/a><\/span><\/td><td><span style=\"font-size: 20px;\">Gravel<\/span><\/td><td><span style=\"font-size: 20px;\">41<\/span><\/td><td><span style=\"font-size: 20px;\">1250<\/span><\/td><td><span style=\"font-size: 20px;\">11<\/span><\/td><\/tr><tr><td><span style=\"font-size: 20px;\"><a href=\"https:\/\/centcols.org\/backup\/de-bw-biberach-ouest-foret-noire\/\" target=\"_blank\" rel=\"noopener\" title=\"\">DE-BW For\u00eat Noire Biberach ouest<\/a><\/span><\/td><td><span style=\"font-size: 20px;\">Gravel&nbsp;<\/span><\/td><td><span style=\"font-size: 20px;\">50<\/span><\/td><td><span style=\"font-size: 20px;\">1250<\/span><\/td><td><span style=\"font-size: 20px;\">6<\/span><\/td><\/tr><tr><td><span style=\"font-size: 20px;\"><a href=\"https:\/\/centcols.org\/backup\/de-bw-buchenbach-foret-noire\/\" target=\"_blank\" rel=\"noopener\" title=\"\">DE-BW For\u00eat Noire Buchenbach<\/a><\/span><\/td><td><span style=\"font-size: 20px;\">Gravel<\/span><\/td><td><span style=\"font-size: 20px;\">61<\/span><\/td><td><span style=\"font-size: 20px;\">1360<\/span><\/td><td><span style=\"font-size: 20px;\">10<\/span><\/td><\/tr><tr><td><a href=\"https:\/\/centcols.org\/backup\/de-bw-durbach-foret-noire\/\" target=\"_blank\" rel=\"noopener\" title=\"\"><span style=\"font-size: 20px;\">DE-BW For\u00eat Noire Durbach<\/span><\/a><\/td><td><span style=\"font-size: 20px;\">VTT \/ Gravel<\/span><\/td><td><span style=\"font-size: 20px;\">41<\/span><\/td><td><span style=\"font-size: 20px;\">1309<\/span><\/td><td><span style=\"font-size: 20px;\">12<\/span><\/td><\/tr><tr><td><span style=\"font-size: 20px; color: #000000;\"><a href=\"https:\/\/centcols.org\/backup\/de-bw-gaggenau-foret-noire\/\" target=\"_blank\" rel=\"noopener\" title=\"\"><strong><em>DE-BW For\u00eat Noire Gaggenau<\/em><\/strong><\/a><\/span><\/td><td><span style=\"font-size: 20px; color: #000000;\"><strong><em>Gravel<\/em><\/strong><\/span><\/td><td><span style=\"font-size: 20px; color: #000000;\"><strong><em>120<\/em><\/strong><\/span><\/td><td><span style=\"font-size: 20px; color: #000000;\"><strong><em>2750<\/em><\/strong><\/span><\/td><td><span style=\"font-size: 20px; color: #000000;\"><strong><em>9<\/em><\/strong><\/span><\/td><\/tr><tr><td><span style=\"font-size: 20px;\"><a href=\"https:\/\/centcols.org\/backup\/de-bw-gengenbach-foret-noire\/\" target=\"_blank\" rel=\"noopener\" title=\"\">DE-BW For\u00eat Noire Gengenbach<\/a><\/span><\/td><td><span style=\"font-size: 20px;\">Gravel<\/span><\/td><td><span style=\"font-size: 20px;\">69<\/span><\/td><td><span style=\"font-size: 20px;\">2080<\/span><\/td><td><span style=\"font-size: 20px;\">25<\/span><\/td><\/tr><tr><td><span style=\"font-size: 20px;\"><a href=\"https:\/\/centcols.org\/backup\/de-bw-gernsbach-nord-foret-noire\/\" target=\"_blank\" rel=\"noopener\" title=\"\">DE-BW For\u00eat Noire Gernsbach nord<\/a><\/span><\/td><td><span style=\"font-size: 20px;\">Gravel&nbsp;<\/span><\/td><td><span style=\"font-size: 20px;\">58<\/span><\/td><td><span style=\"font-size: 20px;\">1330<\/span><\/td><td><span style=\"font-size: 20px;\">6<\/span><\/td><\/tr><tr><td><span style=\"font-size: 20px;\"><a href=\"https:\/\/centcols.org\/backup\/de-bw-gernsbach-sud-foret-noire\/\" target=\"_blank\" rel=\"noopener\" title=\"\">DE-BW For\u00eat Noire Gernsbach sud<\/a><\/span><\/td><td><span style=\"font-size: 20px;\">Gravel&nbsp;<\/span><\/td><td><span style=\"font-size: 20px;\">84<\/span><\/td><td><span style=\"font-size: 20px;\">1930<\/span><\/td><td><span style=\"font-size: 20px;\">6<\/span><\/td><\/tr><tr><td><span style=\"font-size: 20px;\"><a href=\"https:\/\/centcols.org\/backup\/de-bw-gremmelsbach-foret-noire\/\" target=\"_blank\" rel=\"noopener\" title=\"\">DE-BW For\u00eat Noire Gremmelsbach<\/a><\/span><\/td><td><span style=\"font-size: 20px;\">Gravel<\/span><\/td><td><span style=\"font-size: 20px;\">67.7<\/span><\/td><td><span style=\"font-size: 20px;\">2020<\/span><\/td><td><span style=\"font-size: 20px;\">12<\/span><\/td><\/tr><tr><td><em><strong><span style=\"font-size: 20px;\"><a href=\"https:\/\/centcols.org\/backup\/de-bw-haslach-est-foret-noire\/\" target=\"_blank\" rel=\"noopener\" title=\"\">DE-BW For\u00eat Noire Haslach \/ Kinsig Est<\/a><\/span><\/strong><\/em><\/td><td><em><strong><span style=\"font-size: 20px;\">Gravel<\/span><\/strong><\/em><\/td><td><em><strong><span style=\"font-size: 20px;\">69<\/span><\/strong><\/em><\/td><td><em><strong><span style=\"font-size: 20px;\">2150<\/span><\/strong><\/em><\/td><td><em><strong><span style=\"font-size: 20px;\">18<\/span><\/strong><\/em><\/td><\/tr><tr><td><em><strong><span style=\"font-size: 20px;\"><a href=\"https:\/\/centcols.org\/backup\/de-bw-haslach-ouest-foret-noire\/\" target=\"_blank\" rel=\"noopener\" title=\"\">DE-BW For\u00eat Noire Haslach \/ Kinsig Ouest<\/a><\/span><\/strong><\/em><\/td><td><em><strong><span style=\"font-size: 20px;\">Gravel&nbsp;<\/span><\/strong><\/em><\/td><td><em><strong><span style=\"font-size: 20px;\">87<\/span><\/strong><\/em><\/td><td><em><strong><span style=\"font-size: 20px;\">2550<\/span><\/strong><\/em><\/td><td><em><strong><span style=\"font-size: 20px;\">20<\/span><\/strong><\/em><\/td><\/tr><tr><td><span style=\"font-size: 20px;\"><a href=\"https:\/\/centcols.org\/backup\/de-bw-haslach-sud-foret-noire\/\" target=\"_blank\" rel=\"noopener\" title=\"\">DE-BW For\u00eat Noire Haslach \/ Kinsig sud<\/a><\/span><\/td><td><span style=\"font-size: 20px;\">Gravel<\/span><\/td><td><span style=\"font-size: 20px;\">38<\/span><\/td><td><span style=\"font-size: 20px;\">900<\/span><\/td><td><span style=\"font-size: 20px;\">8<\/span><\/td><\/tr><tr><td><span style=\"font-size: 20px;\"><a href=\"https:\/\/centcols.org\/backup\/de-bw-hornberg-foret-noire\/\" target=\"_blank\" rel=\"noopener\" title=\"\">DE-BW For\u00eat Noire Hornberg\u00a0<\/a><\/span><\/td><td><span style=\"font-size: 20px;\">Gravel&nbsp;<\/span><\/td><td><span style=\"font-size: 20px;\">59<\/span><\/td><td><span style=\"font-size: 20px;\">1700<\/span><\/td><td><span style=\"font-size: 20px;\">16<\/span><\/td><\/tr><tr><td><span style=\"font-size: 20px;\"><a href=\"https:\/\/centcols.org\/backup\/de-bw-hornberg-sud-foret-noire\/\" target=\"_blank\" rel=\"noopener\" title=\"\">DE-BW For\u00eat Noire Hornberg sud&nbsp;<\/a><\/span><\/td><td><span style=\"font-size: 20px;\">Gravel&nbsp;<\/span><\/td><td><span style=\"font-size: 20px;\">67.3<\/span><\/td><td><span style=\"font-size: 20px;\">1800<\/span><\/td><td><span style=\"font-size: 20px;\">12<\/span><\/td><\/tr><tr><td><span style=\"font-size: 20px;\"><a href=\"https:\/\/centcols.org\/backup\/de-bw-kirchzarten-foret-noire\/\" target=\"_blank\" rel=\"noopener\" title=\"\">DE-BW For\u00eat Noire Kirchzarten&nbsp;<\/a><\/span><\/td><td><span style=\"font-size: 20px;\">Gravel&nbsp;<\/span><\/td><td><span style=\"font-size: 20px;\">61<\/span><\/td><td><span style=\"font-size: 20px;\">1980<\/span><\/td><td><span style=\"font-size: 20px;\">13<\/span><\/td><\/tr><tr><td><span style=\"font-size: 20px;\"><a href=\"https:\/\/centcols.org\/backup\/de-bw-nierderweiler-nord-foret-noire\/\" target=\"_blank\" rel=\"noopener\" title=\"\">DE-BW For\u00eat Noire Niederweiler nord<\/a><\/span><\/td><td><span style=\"font-size: 20px;\">Gravel<\/span><\/td><td><span style=\"font-size: 20px;\">57<\/span><\/td><td><span style=\"font-size: 20px;\">1600<\/span><\/td><td><span style=\"font-size: 20px;\">11<\/span><\/td><\/tr><tr><td><span style=\"font-size: 20px;\"><a title=\"\" href=\"https:\/\/centcols.org\/backup\/de-bw-nierderweiler-sud\/\" target=\"_blank\" rel=\"noopener\">DE-BW For\u00eat Noire Niederweiler sud<\/a><\/span><\/td><td><span style=\"font-size: 20px;\">Gravel<\/span><\/td><td><span style=\"font-size: 20px;\">54<\/span><\/td><td><span style=\"font-size: 20px;\">1550<\/span><\/td><td><span style=\"font-size: 20px;\">12<\/span><\/td><\/tr><tr><td><span style=\"font-size: 20px;\"><a href=\"https:\/\/centcols.org\/backup\/de-bw-oberrotweil-foret-noire\/\" target=\"_blank\" rel=\"noopener\" title=\"\">DE-BW For\u00eat Noire Oberrotweil&nbsp;<\/a><\/span><\/td><td><span style=\"font-size: 20px;\">Gravel<\/span><\/td><td><span style=\"font-size: 20px;\">37<\/span><\/td><td><span style=\"font-size: 20px;\">865<\/span><\/td><td><span style=\"font-size: 20px;\">10<\/span><\/td><\/tr><tr><td><span style=\"font-size: 20px;\"><a href=\"https:\/\/centcols.org\/backup\/de-bw-oppenau\/\" target=\"_blank\" rel=\"noopener\">DE-BW For\u00eat Noire Oppenau<\/a><\/span><\/td><td><span style=\"font-size: 20px;\">Gravel<\/span><\/td><td><span style=\"font-size: 20px;\">62<\/span><\/td><td><span style=\"font-size: 20px;\">2022<\/span><\/td><td><span style=\"font-size: 20px;\">17<\/span><\/td><\/tr><tr><td><span style=\"font-size: 20px;\"><a href=\"https:\/\/centcols.org\/backup\/de-bw-schiltach-court-foret-noire\/\" target=\"_blank\" rel=\"noopener\" title=\"\">DE-BW For\u00eat Noire Schiltach (court)<\/a><\/span><\/td><td><span style=\"font-size: 20px;\">Gravel<\/span><\/td><td><span style=\"font-size: 20px;\">51<\/span><\/td><td><span style=\"font-size: 20px;\">1600<\/span><\/td><td><span style=\"font-size: 20px;\">7<\/span><\/td><\/tr><tr><td><a href=\"https:\/\/centcols.org\/backup\/de-bw-schiltach-long-foret-noire\/\" target=\"_blank\" rel=\"noopener\" title=\"\"><span style=\"font-size: 20px;\">DE-BW For\u00eat Noire Schiltach (long)<\/span><\/a><\/td><td><span style=\"font-size: 20px;\">Gravel<\/span><\/td><td><span style=\"font-size: 20px;\">66<\/span><\/td><td><span style=\"font-size: 20px;\">1650<\/span><\/td><td><span style=\"font-size: 20px;\">18<\/span><\/td><\/tr><tr><td><a href=\"https:\/\/centcols.org\/backup\/de-bw-schonach-foret-noire\/\" target=\"_blank\" rel=\"noopener\" title=\"\"><span style=\"font-size: 20px;\">DE-BW For\u00eat Noire Schonach<\/span><\/a><\/td><td><span style=\"font-size: 20px; color: #000000;\">Gravel<\/span><\/td><td><span style=\"font-size: 20px; color: #000000;\">41<\/span><\/td><td><span style=\"font-size: 20px; color: #000000;\">1500<\/span><\/td><td><span style=\"font-size: 20px; color: #000000;\">14<\/span><\/td><\/tr><tr><td><span style=\"font-size: 20px;\"><a href=\"https:\/\/centcols.org\/backup\/de-bw-foret-noire\/\" target=\"_blank\" rel=\"noopener\" title=\"\">DE-BW For\u00eat Noire Wehr&nbsp;<\/a><\/span><\/td><td><span style=\"font-size: 20px;\">Route<\/span><\/td><td><span style=\"font-size: 20px;\">28<\/span><\/td><td><span style=\"font-size: 20px;\">650<\/span><\/td><td><span style=\"font-size: 20px;\">1<\/span><\/td><\/tr><\/tbody><\/table><\/figure>\n\n\n\n<h2 class=\"kt-adv-heading71346_e90391-64 wp-block-kadence-advancedheading\" data-kb-block=\"kb-adv-heading71346_e90391-64\">Belgique<\/h2>\n\n\n<h2 class=\"kt-adv-heading_721987-23 wp-block-kadence-advancedheading\" data-kb-block=\"kb-adv-heading_721987-23\">France<\/h2>\n<table style=\"height: 639px; width: 100%; border-style: solid;\">\n<thead>\n<tr style=\"border-style: solid;\">\n<th style=\"width: 37.3041%; border-style: solid; border-color: #000000; background-color: #fcfcfc; height: 35px;\"><span style=\"font-size: 20px;\">Titre du parcours<\/span><\/th>\n<th style=\"width: 13.4496%; text-align: center; border-style: solid; border-color: #000000; background-color: #fcfcfc; height: 35px;\"><span style=\"font-size: 20px;\">Route, VTT, gravel<\/span><\/th>\n<th style=\"width: 3.82751%; text-align: center; border-style: solid; border-color: #000000; background-color: #fcfcfc; height: 35px;\"><span style=\"font-size: 20px;\">km<\/span><\/th>\n<th style=\"width: 5.38997%; text-align: center; border-style: solid; border-color: #000000; background-color: #fcfcfc; height: 35px;\"><span style=\"font-size: 20px;\">D+<\/span><\/th>\n<th style=\"width: 4.83483%; text-align: center; border-style: solid; border-color: #000000; background-color: #fcfcfc; height: 35px;\"><span style=\"font-size: 20px;\">Cols<\/span><\/th>\n<th style=\"width: 15.626%; text-align: center; border-style: solid; border-color: #000000; background-color: #fcfcfc; height: 35px;\"><span style=\"font-size: 20px;\">Auteur<\/span><span style=\"font-size: 20px;\"><br \/><\/span><\/th>\n<\/tr>\n<\/thead>\n<tbody>\n<tr style=\"background-color: #a9cffc; height: 36px;\">\n<td style=\"width: 37.3041%; height: 48px;\"><strong><em><span style=\"font-size: 20px;\"><a href=\"https:\/\/centcols.org\/backup\/france-06-tende-o\/\" target=\"_blank\" rel=\"noopener\">FR-06 Tende Ouest<\/a><\/span><\/em><\/strong><\/td>\n<td style=\"width: 13.4496%; text-align: center; height: 48px;\"><strong><em><span style=\"font-size: 20px;\">VTT<\/span><\/em><\/strong><\/td>\n<td style=\"width: 3.82751%; text-align: center; height: 48px;\"><strong><em><span style=\"font-size: 20px;\">50<\/span><\/em><\/strong><\/td>\n<td style=\"width: 5.38997%; text-align: center; height: 48px;\"><strong><em><span style=\"font-size: 20px;\">1650<\/span><\/em><\/strong><\/td>\n<td style=\"width: 4.83483%; text-align: center; height: 48px;\"><strong><em><span style=\"font-size: 20px;\">7<\/span><\/em><\/strong><\/td>\n<td style=\"width: 15.626%; text-align: center; height: 96px;\" rowspan=\"2\"><strong><em><span style=\"font-size: 20px;\">Ren\u00e9 Rial<\/span><\/em><\/strong><br \/><strong><em><span style=\"font-size: 20px;\"><br \/><\/span><\/em><\/strong><\/td>\n<\/tr>\n<tr style=\"background-color: #a9cffc; height: 36px;\">\n<td style=\"width: 37.3041%; height: 48px;\"><strong><em><span style=\"font-size: 20px;\"><a href=\"https:\/\/centcols.org\/backup\/france-06-tende-e\/\" target=\"_blank\" rel=\"noopener\">FR-06 Tende Est<\/a><\/span><\/em><\/strong><\/td>\n<td style=\"width: 13.4496%; text-align: center; height: 48px;\"><strong><em><span style=\"font-size: 20px;\">VTT<\/span><\/em><\/strong><\/td>\n<td style=\"width: 3.82751%; text-align: center; height: 48px;\"><strong><em><span style=\"font-size: 20px;\">79<\/span><\/em><\/strong><\/td>\n<td style=\"width: 5.38997%; text-align: center; height: 48px;\"><strong><em><span style=\"font-size: 20px;\">2550<\/span><\/em><\/strong><\/td>\n<td style=\"width: 4.83483%; text-align: center; height: 48px;\"><strong><em><span style=\"font-size: 20px;\">20<\/span><\/em><\/strong><\/td>\n<\/tr>\n<tr style=\"height: 36px;\">\n<td style=\"width: 37.3041%; height: 26px;\"><span style=\"font-size: 20px;\"><a href=\"https:\/\/centcols.org\/backup\/fr-2a-gravona\/\" target=\"_blank\" rel=\"noopener\" data-wplink-edit=\"true\">FR-2A Entre Gravona et Prunelli<\/a><\/span><\/td>\n<td style=\"width: 13.4496%; text-align: center; height: 26px;\"><span style=\"font-size: 20px;\">Route<\/span><\/td>\n<td style=\"width: 3.82751%; text-align: center; height: 26px;\"><span style=\"font-size: 20px;\">95<\/span><\/td>\n<td style=\"width: 5.38997%; text-align: center; height: 26px;\"><span style=\"font-size: 20px;\">1875<\/span><\/td>\n<td style=\"width: 4.83483%; text-align: center; height: 26px;\"><span style=\"font-size: 20px;\">6<\/span><\/td>\n<td style=\"width: 15.626%; text-align: center; height: 194px;\" rowspan=\"6\">\n<p><span style=\"font-size: 20px;\"><br \/>\u00a0 \u00a0 \u00a0 \u00a0 \u00a0 \u00a0 \u00a0 \u00a0 Bernard<\/span><br \/><span style=\"font-size: 20px;\">\u00a0 \u00a0 \u00a0 \u00a0 \u00a0 \u00a0 \u00a0 Giraudeau<br \/><\/span><span style=\"font-size: 20px;\"><br \/><\/span><span style=\"font-size: 20px;\"><br \/><\/span><span style=\"font-size: 20px;\"><br \/><\/span><span style=\"font-size: 20px;\"><br \/><\/span><\/p>\n<\/td>\n<\/tr>\n<tr style=\"height: 36px;\">\n<td style=\"width: 37.3041%; height: 36px;\"><a href=\"https:\/\/centcols.org\/backup\/france-2a-montagne-cagna\/\" target=\"_blank\" rel=\"noopener\"><span style=\"font-size: 20px;\">FR-2A La montagne de Cagna Piscia \/Vacca<\/span><\/a><\/td>\n<td style=\"width: 13.4496%; text-align: center; height: 36px;\"><span style=\"font-size: 20px;\">VTT<\/span><\/td>\n<td style=\"width: 3.82751%; text-align: center; height: 36px;\"><span style=\"font-size: 20px;\">22<\/span><\/td>\n<td style=\"width: 5.38997%; text-align: center; height: 36px;\"><span style=\"font-size: 20px;\">530<\/span><\/td>\n<td style=\"width: 4.83483%; text-align: center; height: 36px;\"><span style=\"font-size: 20px;\">5<\/span><\/td>\n<\/tr>\n<tr style=\"height: 36px;\">\n<td style=\"width: 37.3041%; height: 35px;\"><span style=\"font-size: 20px;\"><a href=\"https:\/\/centcols.org\/backup\/france-2a-cruzzini\/\" target=\"_blank\" rel=\"noopener\">FR-2A La vall\u00e9e du Cruzzini<\/a><\/span><\/td>\n<td style=\"width: 13.4496%; text-align: center; height: 35px;\"><span style=\"font-size: 20px;\">Route<\/span><\/td>\n<td style=\"width: 3.82751%; text-align: center; height: 35px;\"><span style=\"font-size: 20px;\">87<\/span><\/td>\n<td style=\"width: 5.38997%; text-align: center; height: 35px;\"><span style=\"font-size: 20px;\">1654<\/span><\/td>\n<td style=\"width: 4.83483%; text-align: center; height: 35px;\"><span style=\"font-size: 20px;\">4<\/span><\/td>\n<\/tr>\n<tr style=\"height: 36px;\">\n<td style=\"width: 37.3041%; height: 22px;\"><span style=\"font-size: 20px;\"><a href=\"https:\/\/centcols.org\/backup\/france-2a-piana\/\" target=\"_blank\" rel=\"noopener\">FR-2A Piana &#8220;E Calanche&#8221; Porto<\/a><\/span><\/td>\n<td style=\"width: 13.4496%; text-align: center; height: 22px;\"><span style=\"font-size: 20px;\">Route<\/span><\/td>\n<td style=\"width: 3.82751%; text-align: center; height: 22px;\"><span style=\"font-size: 20px;\">102<\/span><\/td>\n<td style=\"width: 5.38997%; text-align: center; height: 22px;\"><span style=\"font-size: 20px;\">2400<\/span><\/td>\n<td style=\"width: 4.83483%; text-align: center; height: 22px;\"><span style=\"font-size: 20px;\">9<\/span><\/td>\n<\/tr>\n<tr style=\"height: 36px;\">\n<td style=\"width: 37.3041%; height: 42px;\"><span style=\"font-size: 20px;\"><a href=\"https:\/\/centcols.org\/backup\/france-2b-agriates\/\" target=\"_blank\" rel=\"noopener\">FR-2B Au c\u0153ur du D\u00e9sert des Agriates<\/a><\/span><\/td>\n<td style=\"width: 13.4496%; text-align: center; height: 42px;\"><span style=\"font-size: 20px;\">Gravel<\/span><\/td>\n<td style=\"width: 3.82751%; text-align: center; height: 42px;\"><span style=\"font-size: 20px;\">35<\/span><\/td>\n<td style=\"width: 5.38997%; text-align: center; height: 42px;\"><span style=\"font-size: 20px;\">715<\/span><\/td>\n<td style=\"width: 4.83483%; text-align: center; height: 42px;\"><span style=\"font-size: 20px;\">8<\/span><\/td>\n<\/tr>\n<tr style=\"height: 36px;\">\n<td style=\"width: 37.3041%; height: 33px;\"><span style=\"font-size: 20px;\"><a href=\"https:\/\/centcols.org\/backup\/france-2b-niolu\/\" target=\"_blank\" rel=\"noopener\">FR-2B Les cr\u00eates sud du Niolu\u00a0<\/a><\/span><\/td>\n<td style=\"width: 13.4496%; text-align: center; height: 33px;\"><span style=\"font-size: 20px;\">VTT <span style=\"font-size: 14px;\">(Gravel en grande partie)<\/span><\/span><\/td>\n<td style=\"width: 3.82751%; text-align: center; height: 33px;\"><span style=\"font-size: 20px;\">46<\/span><\/td>\n<td style=\"width: 5.38997%; text-align: center; height: 33px;\"><span style=\"font-size: 20px;\">1500<\/span><\/td>\n<td style=\"width: 4.83483%; text-align: center; height: 33px;\"><span style=\"font-size: 20px;\">7<\/span><\/td>\n<\/tr>\n<tr style=\"height: 36px;\">\n<td style=\"width: 37.3041%; height: 35px;\"><a href=\"https:\/\/centcols.org\/backup\/france-13-alpilles-route\/\" target=\"_blank\" rel=\"noopener\"><span style=\"font-size: 20px;\">FR-13 Les Alpilles<\/span><\/a><\/td>\n<td style=\"width: 13.4496%; text-align: center; height: 35px;\"><span style=\"font-size: 20px;\">Route<\/span><\/td>\n<td style=\"width: 3.82751%; text-align: center; height: 35px;\"><span style=\"font-size: 20px;\">74<\/span><\/td>\n<td style=\"width: 5.38997%; text-align: center; height: 35px;\"><span style=\"font-size: 20px;\">810<\/span><\/td>\n<td style=\"width: 4.83483%; text-align: center; height: 35px;\"><span style=\"font-size: 20px;\">7<\/span><\/td>\n<td style=\"width: 15.626%; text-align: center; height: 70px;\" rowspan=\"2\"><span style=\"font-size: 20px;\">Denis\u00a0<\/span><br \/><span style=\"font-size: 20px;\">Chouquet-Stringer<\/span><\/td>\n<\/tr>\n<tr style=\"height: 36px;\">\n<td style=\"width: 37.3041%; height: 35px;\"><span style=\"font-size: 20px;\"><a href=\"https:\/\/centcols.org\/backup\/france-13-alpilles-vtt\/\" target=\"_blank\" rel=\"noopener\">FR-13 Les Alpilles<\/a><\/span><\/td>\n<td style=\"width: 13.4496%; text-align: center; height: 35px;\"><span style=\"font-size: 20px;\">VTT<\/span><\/td>\n<td style=\"width: 3.82751%; text-align: center; height: 35px;\"><span style=\"font-size: 20px;\">53<\/span><\/td>\n<td style=\"width: 5.38997%; text-align: center; height: 35px;\"><span style=\"font-size: 20px;\">900<\/span><\/td>\n<td style=\"width: 4.83483%; text-align: center; height: 35px;\"><span style=\"font-size: 20px;\">10<\/span><\/td>\n<\/tr>\n<tr style=\"height: 36px;\">\n<td style=\"width: 37.3041%; height: 35px;\"><span style=\"font-size: 20px;\"><a href=\"https:\/\/centcols.org\/backup\/fr-38-amparis\/\" target=\"_blank\" rel=\"noopener\">FR-38 Le plateau d&#8217;Emparis<\/a><\/span><\/td>\n<td style=\"width: 13.4496%; text-align: center; height: 35px;\"><span style=\"font-size: 20px;\">VTT<\/span><\/td>\n<td style=\"width: 3.82751%; text-align: center; height: 35px;\"><span style=\"font-size: 20px;\">41<\/span><\/td>\n<td style=\"width: 5.38997%; text-align: center; height: 35px;\"><span style=\"font-size: 20px;\">1410<\/span><\/td>\n<td style=\"width: 4.83483%; text-align: center; height: 35px;\"><span style=\"font-size: 20px;\">4<\/span><\/td>\n<td style=\"width: 15.626%; text-align: center; height: 35px;\"><span style=\"font-size: 20px;\">Guy Garcin<\/span><\/td>\n<\/tr>\n<tr style=\"height: 36px;\">\n<td style=\"width: 37.3041%; height: 35px;\"><a href=\"https:\/\/centcols.org\/backup\/france-39-coda\/\" target=\"_blank\" rel=\"noopener\"><span style=\"font-size: 20px;\">FR-39 Col du Coda &#8211; Mont Poupet<\/span><\/a><\/td>\n<td style=\"width: 13.4496%; text-align: center; height: 35px;\"><span style=\"font-size: 20px;\">Route<\/span><\/td>\n<td style=\"width: 3.82751%; text-align: center; height: 35px;\"><span style=\"font-size: 20px;\">98<\/span><\/td>\n<td style=\"width: 5.38997%; text-align: center; height: 35px;\"><span style=\"font-size: 20px;\">2160<\/span><\/td>\n<td style=\"width: 4.83483%; text-align: center; height: 35px;\"><span style=\"font-size: 20px;\">1<\/span><\/td>\n<td style=\"width: 15.626%; text-align: center; height: 35px;\"><span style=\"font-size: 20px;\">Joann Masuyer<\/span><\/td>\n<\/tr>\n<tr style=\"height: 36px;\">\n<td style=\"width: 37.3041%; height: 24px; border-style: none;\"><a href=\"https:\/\/centcols.org\/backup\/france-54-rencontre-regionale-2020\/\" target=\"_blank\" rel=\"noopener\"><span style=\"font-size: 20px;\">FR-54 Grand-est Rencontre r\u00e9gionale 2020<\/span><\/a><\/td>\n<td style=\"width: 13.4496%; height: 24px; text-align: center; border-style: none;\"><span style=\"font-size: 20px;\">Route<\/span><\/td>\n<td style=\"width: 3.82751%; height: 24px; text-align: center; border-style: none;\"><span style=\"font-size: 20px;\">69<\/span><\/td>\n<td style=\"width: 5.38997%; height: 24px; text-align: center; border-style: none;\"><span style=\"font-size: 20px;\">800<\/span><\/td>\n<td style=\"width: 4.83483%; height: 24px; text-align: center; border-style: none;\"><span style=\"font-size: 20px;\">6<\/span><\/td>\n<td style=\"width: 15.626%; height: 104px; text-align: center; border-style: none;\" rowspan=\"4\">\n<p style=\"text-align: left;\"><span style=\"font-family: inherit; font-size: 20px;\"><br \/>\u00a0 \u00a0 \u00a0 \u00a0 \u00a0 \u00a0 \u00a0 \u00a0 \u00a0 \u00a0 Denis\u00a0<\/span><span style=\"font-size: 20px;\"><br \/><\/span><span style=\"font-size: 20px; color: #000000;\">\u00a0 \u00a0 \u00a0 \u00a0 \u00a0 \u00a0 \u00a0 \u00a0 \u00a0 Mathieu<br \/><\/span><span style=\"font-size: 20px; color: #000000;\"><br \/><\/span><\/p>\n<\/td>\n<\/tr>\n<tr style=\"height: 36px;\">\n<td style=\"width: 37.3041%; height: 35px; border-style: none;\"><a href=\"https:\/\/centcols.org\/backup\/fr-54-rencontre-regionale-2022\/\" target=\"_blank\" rel=\"noopener\"><span style=\"font-size: 20px;\">FR-54 Grand-est Rencontre r\u00e9gionale 2022<\/span><\/a><\/td>\n<td style=\"width: 13.4496%; height: 35px; text-align: center; border-style: none;\"><span style=\"font-size: 20px;\">Route<\/span><\/td>\n<td style=\"width: 3.82751%; height: 35px; text-align: center; border-style: none;\"><span style=\"font-size: 20px;\">44<\/span><\/td>\n<td style=\"width: 5.38997%; height: 35px; text-align: center; border-style: none;\"><span style=\"font-size: 20px;\">490<\/span><\/td>\n<td style=\"width: 4.83483%; height: 35px; text-align: center; border-style: none;\"><span style=\"font-size: 20px;\">3<\/span><\/td>\n<\/tr>\n<tr style=\"height: 36px;\">\n<td style=\"width: 37.3041%; height: 35px; border-style: none;\"><span style=\"font-size: 20px; color: #000000;\"><a href=\"https:\/\/centcols.org\/backup\/france-70-ge-2023-route\/\" target=\"_blank\" rel=\"noopener\">FR-70 Grand Est Rencontre r\u00e9gionale 2023 Route<\/a><\/span><\/td>\n<td style=\"width: 13.4496%; height: 35px; text-align: center; border-style: none;\"><span style=\"font-size: 20px; color: #000000;\">Route<\/span><\/td>\n<td style=\"width: 3.82751%; height: 35px; text-align: center; border-style: none;\"><span style=\"font-size: 20px; color: #000000;\">51<\/span><\/td>\n<td style=\"width: 5.38997%; height: 35px; text-align: center; border-style: none;\"><span style=\"font-size: 20px; color: #000000;\">1480<\/span><\/td>\n<td style=\"width: 4.83483%; height: 35px; text-align: center; border-style: none;\"><span style=\"font-size: 20px; color: #000000;\">2<\/span><\/td>\n<\/tr>\n<tr style=\"height: 36px;\">\n<td style=\"width: 37.3041%; height: 10px; border-style: none;\"><a href=\"https:\/\/centcols.org\/backup\/france-70-ge-2023-vtt\/\" target=\"_blank\" rel=\"noopener\"><span style=\"font-size: 20px; color: #000000;\">FR-70 Grand Est Rencontre r\u00e9gionale 2023 VTT<\/span><\/a><\/td>\n<td style=\"width: 13.4496%; height: 10px; text-align: center; border-style: none;\"><span style=\"font-size: 20px; color: #000000;\">VTT<\/span><\/td>\n<td style=\"width: 3.82751%; height: 10px; text-align: center; border-style: none;\"><span style=\"font-size: 20px; color: #000000;\">36<\/span><\/td>\n<td style=\"width: 5.38997%; height: 10px; text-align: center; border-style: none;\"><span style=\"font-size: 20px; color: #000000;\">1220<\/span><\/td>\n<td style=\"width: 4.83483%; height: 10px; text-align: center; border-style: none;\"><span style=\"font-size: 20px; color: #000000;\">4<\/span><\/td>\n<\/tr>\n<tr style=\"height: 36px;\">\n<td style=\"width: 37.3041%; height: 35px;\"><a href=\"https:\/\/centcols.org\/backup\/france-81-st-antonin\/\" target=\"_blank\" rel=\"noopener\"><span style=\"font-size: 20px;\">FR-81 Saint-Antonin-Noble-Val<\/span><\/a><\/td>\n<td style=\"width: 13.4496%; text-align: center; height: 35px;\"><span style=\"font-size: 20px;\">Route<\/span><\/td>\n<td style=\"width: 3.82751%; text-align: center; height: 35px;\"><span style=\"font-size: 20px;\">73<\/span><\/td>\n<td style=\"width: 5.38997%; text-align: center; height: 35px;\"><span style=\"font-size: 20px;\">1100<\/span><\/td>\n<td style=\"width: 4.83483%; text-align: center; height: 35px;\"><span style=\"font-size: 20px;\">11<\/span><\/td>\n<td style=\"width: 15.626%; text-align: center; height: 35px;\"><span style=\"font-size: 20px;\">Thierry Labour<\/span><\/td>\n<\/tr>\n<tr style=\"height: 36px;\">\n<td style=\"width: 37.3041%; height: 35px;\"><a href=\"https:\/\/centcols.org\/backup\/france-83-maures\/\" target=\"_blank\" rel=\"noopener\"><span style=\"font-size: 20px;\">FR-83 Le Massif des Maures<\/span><\/a><\/td>\n<td style=\"width: 13.4496%; text-align: center; height: 35px;\"><span style=\"font-size: 20px;\">Route \/ Gravel<\/span><\/td>\n<td style=\"width: 3.82751%; text-align: center; height: 35px;\"><span style=\"font-size: 20px;\">90<\/span><\/td>\n<td style=\"width: 5.38997%; text-align: center; height: 35px;\"><span style=\"font-size: 20px;\">1160<\/span><\/td>\n<td style=\"width: 4.83483%; text-align: center; height: 35px;\"><span style=\"font-size: 20px;\">6<\/span><\/td>\n<td style=\"width: 15.626%; text-align: center; height: 35px;\"><span style=\"font-size: 20px;\">Jean-Jacques Colin<\/span><\/td>\n<\/tr>\n<\/tbody>\n<\/table>\n<h2>Suisse<\/h2>\n<table style=\"width: 100%;\">\n<thead>\n<tr style=\"border-style: solid;\">\n<th style=\"width: 46.3608%; border-style: solid; border-color: #000000; background-color: #fcfcfc;\"><span style=\"font-size: 20px;\">Titre du parcours<\/span><\/th>\n<th style=\"width: 16.8867%; text-align: center; border-style: solid; border-color: #000000; background-color: #fcfcfc;\"><span style=\"font-size: 20px;\">Route, VTT, gravel<\/span><\/th>\n<th style=\"width: 4.62948%; text-align: center; border-style: solid; border-color: #000000; background-color: #fcfcfc;\"><span style=\"font-size: 20px;\">km<\/span><\/th>\n<th style=\"width: 6.57199%; text-align: center; border-style: solid; border-color: #000000; background-color: #fcfcfc;\"><span style=\"font-size: 20px;\">D+<\/span><\/th>\n<th style=\"width: 6.53577%; text-align: center; border-style: solid; border-color: #000000; background-color: #fcfcfc;\"><span style=\"font-size: 20px;\">Cols<\/span><\/th>\n<th style=\"width: 18.9408%; text-align: center; border-style: solid; border-color: #000000; background-color: #fcfcfc;\"><span style=\"font-size: 20px;\">Auteur<\/span><\/th>\n<\/tr>\n<\/thead>\n<tbody>\n<tr>\n<td style=\"width: 46.3608%;\"><span style=\"font-size: 20px;\"><a href=\"https:\/\/centcols.org\/backup\/ch-ti-erbonne\/\" target=\"_blank\" rel=\"noopener\" data-wplink-edit=\"true\">CH-TI Erbonne et Bocchetta d&#8217;Orimento<\/a><\/span><\/td>\n<td style=\"width: 16.8867%; text-align: center;\"><span style=\"font-size: 20px;\">Route<\/span><\/td>\n<td style=\"width: 4.62948%; text-align: center;\"><span style=\"font-size: 20px;\">64<\/span><\/td>\n<td style=\"width: 6.57199%; text-align: center;\"><span style=\"font-size: 20px;\">1550<\/span><\/td>\n<td style=\"width: 6.53577%; text-align: center;\"><span style=\"font-size: 20px;\">1<\/span><\/td>\n<td style=\"width: 18.9408%; text-align: center;\"><span style=\"font-size: 20px;\">Andr\u00e9 Rudaz<\/span><\/td>\n<\/tr>\n<\/tbody>\n<\/table>","protected":false},"excerpt":{"rendered":"<p>Les titres des parcours sont tri\u00e9s par ordre alphab\u00e9tique puis par subdivision administrative. Le lien sur le titre ouvre directement la fiche descriptive du parcours. Une premi\u00e8re notion sur la difficult\u00e9 globale du parcours est donn\u00e9e par le kilom\u00e9trage et la d\u00e9nivel\u00e9e. D\u2019autres informations &nbsp;sur les difficult\u00e9s ponctuelles sont apport\u00e9es dans &nbsp;la description de chaque [&hellip;]<\/p>\n","protected":false},"author":397,"featured_media":0,"parent":0,"menu_order":0,"comment_status":"closed","ping_status":"closed","template":"","meta":{"_acf_changed":false,"ub_ctt_via":"","_monsterinsights_skip_tracking":false,"_monsterinsights_sitenote_active":false,"_monsterinsights_sitenote_note":"","_monsterinsights_sitenote_category":0,"footnotes":""},"acf":[],"featured_image_urls":{"full":"","thumbnail":"","medium":"","medium_large":"","large":"","1536x1536":"","2048x2048":"","woocommerce_thumbnail":"","woocommerce_single":"","woocommerce_gallery_thumbnail":""},"post_excerpt_stackable":"<p>Les titres des parcours sont tri\u00e9s par ordre alphab\u00e9tique puis par subdivision administrative. Le lien sur le titre ouvre directement la fiche descriptive du parcours. Une premi\u00e8re notion sur la difficult\u00e9 globale du parcours est donn\u00e9e par le kilom\u00e9trage et la d\u00e9nivel\u00e9e. D\u2019autres informations &nbsp;sur les difficult\u00e9s ponctuelles sont apport\u00e9es dans &nbsp;la description de chaque parcours. Dans le tableau ci-dessous, les parcours en gras, italique et sur fond bleu ne r\u00e9pondent pas au cahier des charges mais sont susceptibles d&#8217;int\u00e9resser quelques membres Allemagne Titre du parcoursRoute, VTT, gravelkmD+ColsAuteur DE-BW For\u00eat Noire Bad Krozingen\u00a0 Gravel66155012&nbsp;&nbsp;&nbsp;&nbsp;&nbsp;&nbsp;Jean-Luc&nbsp;&nbsp;&nbsp;&nbsp;Ceccato&nbsp;&nbsp;&nbsp;&nbsp;&nbsp;&nbsp;&nbsp;&nbsp;&nbsp;&nbsp;&nbsp;&nbsp;&nbsp;DE-BW For\u00eat Noire Biberach estGravel41125011DE-BW For\u00eat Noire\u2026<\/p>\n","category_list":"","author_info":{"name":"Denis Chouquet-Stringer","url":"https:\/\/centcols.org\/backup\/author\/6183\/"},"comments_num":"0 commentaire","featured_image_urls_v2":{"full":"","thumbnail":"","medium":"","medium_large":"","large":"","1536x1536":"","2048x2048":"","woocommerce_thumbnail":"","woocommerce_single":"","woocommerce_gallery_thumbnail":""},"post_excerpt_stackable_v2":"<p>Les titres des parcours sont tri\u00e9s par ordre alphab\u00e9tique puis par subdivision administrative. Le lien sur le titre ouvre directement la fiche descriptive du parcours. Une premi\u00e8re notion sur la difficult\u00e9 globale du parcours est donn\u00e9e par le kilom\u00e9trage et la d\u00e9nivel\u00e9e. D\u2019autres informations &nbsp;sur les difficult\u00e9s ponctuelles sont apport\u00e9es dans &nbsp;la description de chaque parcours. Dans le tableau ci-dessous, les parcours en gras, italique et sur fond bleu ne r\u00e9pondent pas au cahier des charges mais sont susceptibles d&#8217;int\u00e9resser quelques membres Allemagne Titre du parcoursRoute, VTT, gravelkmD+ColsAuteur DE-BW For\u00eat Noire Bad Krozingen\u00a0 Gravel66155012&nbsp;&nbsp;&nbsp;&nbsp;&nbsp;&nbsp;Jean-Luc&nbsp;&nbsp;&nbsp;&nbsp;Ceccato&nbsp;&nbsp;&nbsp;&nbsp;&nbsp;&nbsp;&nbsp;&nbsp;&nbsp;&nbsp;&nbsp;&nbsp;&nbsp;DE-BW For\u00eat Noire Biberach estGravel41125011DE-BW For\u00eat Noire\u2026<\/p>\n","category_list_v2":"","author_info_v2":{"name":"Denis Chouquet-Stringer","url":"https:\/\/centcols.org\/backup\/author\/6183\/"},"comments_num_v2":"0 commentaire","featured_image_src":null,"_links":{"self":[{"href":"https:\/\/centcols.org\/backup\/wp-json\/wp\/v2\/pages\/71346"}],"collection":[{"href":"https:\/\/centcols.org\/backup\/wp-json\/wp\/v2\/pages"}],"about":[{"href":"https:\/\/centcols.org\/backup\/wp-json\/wp\/v2\/types\/page"}],"author":[{"embeddable":true,"href":"https:\/\/centcols.org\/backup\/wp-json\/wp\/v2\/users\/397"}],"replies":[{"embeddable":true,"href":"https:\/\/centcols.org\/backup\/wp-json\/wp\/v2\/comments?post=71346"}],"version-history":[{"count":0,"href":"https:\/\/centcols.org\/backup\/wp-json\/wp\/v2\/pages\/71346\/revisions"}],"wp:attachment":[{"href":"https:\/\/centcols.org\/backup\/wp-json\/wp\/v2\/media?parent=71346"}],"curies":[{"name":"wp","href":"https:\/\/api.w.org\/{rel}","templated":true}]}}