{"id":77813,"date":"2023-11-18T10:26:30","date_gmt":"2023-11-18T09:26:30","guid":{"rendered":"https:\/\/centcols.org\/backup\/?page_id=77813"},"modified":"2024-04-14T07:42:04","modified_gmt":"2024-04-14T05:42:04","slug":"la-gazette","status":"publish","type":"page","link":"https:\/\/centcols.org\/backup\/la-gazette\/","title":{"rendered":"La gazette"},"content":{"rendered":"\n<div class=\"wp-block-stackable-tabs stk-block-tabs stk-block stk-f1955a1\" data-initial-tab=\"1\" data-block-id=\"f1955a1\"><style>.stk-f1955a1{border-top-left-radius:0px !important;border-top-right-radius:0px !important;border-bottom-right-radius:0px !important;border-bottom-left-radius:0px !important;overflow:hidden !important;--tabs-gap:10px !important}<\/style><div class=\"stk-row stk-inner-blocks stk-block-content stk-block-tabs--horizontal stk-block-tabs--fade stk-content-align stk-f1955a1-column\">\n<div class=\"wp-block-stackable-tab-labels stk-block-tab-labels stk-block stk-345a41b stk-block-background is-style-classic\" data-block-id=\"345a41b\"><style>.stk-345a41b{background-color:#3dab38 !important;border-top-left-radius:50px !important;border-top-right-radius:50px !important;border-bottom-right-radius:50px !important;border-bottom-left-radius:50px !important;overflow:hidden !important;box-shadow:inset 0px -1px 0px 0px #000000ff !important;margin-top:5px !important;margin-bottom:5px !important;--tabs-column-gap:5px !important}.stk-345a41b:before{background-color:#3dab38 !important}.stk-345a41b .stk-block-tab-labels__text{color:#3dab38 !important}.stk-345a41b .stk-block-tabs__tab .stk--inner-svg svg:last-child{height:10px !important;width:10px !important}.stk-block-content.stk-block-tabs--horizontal .stk-345a41b{--tabs-flex:1 1 auto !important}.stk-345a41b .stk-block-tabs__tab{justify-content:center !important;gap:10px !important;color:#3dab38 !important;padding-right:0px !important;padding-left:0px !important;background:#ffffff !important;border-top-left-radius:5px !important;border-top-right-radius:5px !important;border-bottom-right-radius:5px !important;border-bottom-left-radius:5px !important;box-shadow:inset 0px 0px 0px 0px #000000ff !important;border-style:solid !important;border-color:#3dab38 !important}.stk-345a41b .stk-block-tabs__tab.stk-block-tabs__tab--active .stk-block-tab-labels__text{color:#ffffff !important}.stk-345a41b .stk-block-tabs__tab .stk--inner-svg svg:last-child,.stk-345a41b .stk-block-tabs__tab .stk--inner-svg svg:last-child :is(g,path,rect,polygon,ellipse){fill:#000000 !important}.stk-345a41b .stk-block-tabs__tab.stk-block-tabs__tab--active{background:#3dab38 !important;border-color:#eeeeee !important;border-top-width:2px !important;border-right-width:2px !important;border-bottom-width:2px !important;border-left-width:2px !important}<\/style><div class=\"stk-block-tab-labels__wrapper\" role=\"tablist\"><button class=\"stk-block-tabs__tab\" role=\"tab\"><span class=\"stk--svg-wrapper\"><div class=\"stk--inner-svg\"><svg style=\"height:0;width:0\"><defs><linearGradient id=\"linear-gradient-345a41b\" x1=\"0\" x2=\"100%\" y1=\"0\" y2=\"0\"><stop offset=\"0%\" style=\"stop-opacity:1;stop-color:var(--linear-gradient-345-a-41-b-color-1)\"><\/stop><stop offset=\"100%\" style=\"stop-opacity:1;stop-color:var(--linear-gradient-345-a-41-b-color-2)\"><\/stop><\/linearGradient><\/defs><\/svg><svg aria-hidden=\"true\" focusable=\"false\" data-prefix=\"fas\" data-icon=\"bars\" class=\"svg-inline--fa fa-bars fa-w-14\" xmlns=\"http:\/\/www.w3.org\/2000\/svg\" viewBox=\"0 0 448 512\" width=\"32\" height=\"32\"><path fill=\"currentColor\" d=\"M16 132h416c8.837 0 16-7.163 16-16V76c0-8.837-7.163-16-16-16H16C7.163 60 0 67.163 0 76v40c0 8.837 7.163 16 16 16zm0 160h416c8.837 0 16-7.163 16-16v-40c0-8.837-7.163-16-16-16H16c-8.837 0-16 7.163-16 16v40c0 8.837 7.163 16 16 16zm0 160h416c8.837 0 16-7.163 16-16v-40c0-8.837-7.163-16-16-16H16c-8.837 0-16 7.163-16 16v40c0 8.837 7.163 16 16 16z\"><\/path><\/svg><\/div><\/span><div class=\"stk-block-tab-labels__text has-text-align-center\"><span>Quoi d&#8217;neuf sur le site<\/span><\/div><\/button><button class=\"stk-block-tabs__tab\" role=\"tab\"><span class=\"stk--svg-wrapper\"><div class=\"stk--inner-svg\"><svg style=\"height:0;width:0\"><defs><linearGradient id=\"linear-gradient-345a41b\" x1=\"0\" x2=\"100%\" y1=\"0\" y2=\"0\"><stop offset=\"0%\" style=\"stop-opacity:1;stop-color:var(--linear-gradient-345-a-41-b-color-1)\"><\/stop><stop offset=\"100%\" style=\"stop-opacity:1;stop-color:var(--linear-gradient-345-a-41-b-color-2)\"><\/stop><\/linearGradient><\/defs><\/svg><svg aria-hidden=\"true\" focusable=\"false\" data-prefix=\"fas\" data-icon=\"bars\" class=\"svg-inline--fa fa-bars fa-w-14\" xmlns=\"http:\/\/www.w3.org\/2000\/svg\" viewBox=\"0 0 448 512\" width=\"32\" height=\"32\"><path fill=\"currentColor\" d=\"M16 132h416c8.837 0 16-7.163 16-16V76c0-8.837-7.163-16-16-16H16C7.163 60 0 67.163 0 76v40c0 8.837 7.163 16 16 16zm0 160h416c8.837 0 16-7.163 16-16v-40c0-8.837-7.163-16-16-16H16c-8.837 0-16 7.163-16 16v40c0 8.837 7.163 16 16 16zm0 160h416c8.837 0 16-7.163 16-16v-40c0-8.837-7.163-16-16-16H16c-8.837 0-16 7.163-16 16v40c0 8.837 7.163 16 16 16z\"><\/path><\/svg><\/div><\/span><div class=\"stk-block-tab-labels__text has-text-align-center\"><span>Activit\u00e9s Membres<\/span><\/div><\/button><button class=\"stk-block-tabs__tab\" role=\"tab\"><span class=\"stk--svg-wrapper\"><div class=\"stk--inner-svg\"><svg style=\"height:0;width:0\"><defs><linearGradient id=\"linear-gradient-345a41b\" x1=\"0\" x2=\"100%\" y1=\"0\" y2=\"0\"><stop offset=\"0%\" style=\"stop-opacity:1;stop-color:var(--linear-gradient-345-a-41-b-color-1)\"><\/stop><stop offset=\"100%\" style=\"stop-opacity:1;stop-color:var(--linear-gradient-345-a-41-b-color-2)\"><\/stop><\/linearGradient><\/defs><\/svg><svg aria-hidden=\"true\" focusable=\"false\" data-prefix=\"fas\" data-icon=\"bars\" class=\"svg-inline--fa fa-bars fa-w-14\" xmlns=\"http:\/\/www.w3.org\/2000\/svg\" viewBox=\"0 0 448 512\" width=\"32\" height=\"32\"><path fill=\"currentColor\" d=\"M16 132h416c8.837 0 16-7.163 16-16V76c0-8.837-7.163-16-16-16H16C7.163 60 0 67.163 0 76v40c0 8.837 7.163 16 16 16zm0 160h416c8.837 0 16-7.163 16-16v-40c0-8.837-7.163-16-16-16H16c-8.837 0-16 7.163-16 16v40c0 8.837 7.163 16 16 16zm0 160h416c8.837 0 16-7.163 16-16v-40c0-8.837-7.163-16-16-16H16c-8.837 0-16 7.163-16 16v40c0 8.837 7.163 16 16 16z\"><\/path><\/svg><\/div><\/span><div class=\"stk-block-tab-labels__text has-text-align-center\"><span>Le Carnet<\/span><\/div><\/button><button class=\"stk-block-tabs__tab\" role=\"tab\"><span class=\"stk--svg-wrapper\"><div class=\"stk--inner-svg\"><svg style=\"height:0;width:0\"><defs><linearGradient id=\"linear-gradient-345a41b\" x1=\"0\" x2=\"100%\" y1=\"0\" y2=\"0\"><stop offset=\"0%\" style=\"stop-opacity:1;stop-color:var(--linear-gradient-345-a-41-b-color-1)\"><\/stop><stop offset=\"100%\" style=\"stop-opacity:1;stop-color:var(--linear-gradient-345-a-41-b-color-2)\"><\/stop><\/linearGradient><\/defs><\/svg><svg aria-hidden=\"true\" focusable=\"false\" data-prefix=\"fas\" data-icon=\"bars\" class=\"svg-inline--fa fa-bars fa-w-14\" xmlns=\"http:\/\/www.w3.org\/2000\/svg\" viewBox=\"0 0 448 512\" width=\"32\" height=\"32\"><path fill=\"currentColor\" d=\"M16 132h416c8.837 0 16-7.163 16-16V76c0-8.837-7.163-16-16-16H16C7.163 60 0 67.163 0 76v40c0 8.837 7.163 16 16 16zm0 160h416c8.837 0 16-7.163 16-16v-40c0-8.837-7.163-16-16-16H16c-8.837 0-16 7.163-16 16v40c0 8.837 7.163 16 16 16zm0 160h416c8.837 0 16-7.163 16-16v-40c0-8.837-7.163-16-16-16H16c-8.837 0-16 7.163-16 16v40c0 8.837 7.163 16 16 16z\"><\/path><\/svg><\/div><\/span><div class=\"stk-block-tab-labels__text has-text-align-center\"><span>\u00c9chos du Club<\/span><\/div><\/button><button class=\"stk-block-tabs__tab\" role=\"tab\"><span class=\"stk--svg-wrapper\"><div class=\"stk--inner-svg\"><svg style=\"height:0;width:0\"><defs><linearGradient id=\"linear-gradient-345a41b\" x1=\"0\" x2=\"100%\" y1=\"0\" y2=\"0\"><stop offset=\"0%\" style=\"stop-opacity:1;stop-color:var(--linear-gradient-345-a-41-b-color-1)\"><\/stop><stop offset=\"100%\" style=\"stop-opacity:1;stop-color:var(--linear-gradient-345-a-41-b-color-2)\"><\/stop><\/linearGradient><\/defs><\/svg><svg aria-hidden=\"true\" focusable=\"false\" data-prefix=\"fas\" data-icon=\"bars\" class=\"svg-inline--fa fa-bars fa-w-14\" xmlns=\"http:\/\/www.w3.org\/2000\/svg\" viewBox=\"0 0 448 512\" width=\"32\" height=\"32\"><path fill=\"currentColor\" d=\"M16 132h416c8.837 0 16-7.163 16-16V76c0-8.837-7.163-16-16-16H16C7.163 60 0 67.163 0 76v40c0 8.837 7.163 16 16 16zm0 160h416c8.837 0 16-7.163 16-16v-40c0-8.837-7.163-16-16-16H16c-8.837 0-16 7.163-16 16v40c0 8.837 7.163 16 16 16zm0 160h416c8.837 0 16-7.163 16-16v-40c0-8.837-7.163-16-16-16H16c-8.837 0-16 7.163-16 16v40c0 8.837 7.163 16 16 16z\"><\/path><\/svg><\/div><\/span><div class=\"stk-block-tab-labels__text has-text-align-center\"><span>Du c\u00f4t\u00e9 des Partenaires<\/span><\/div><\/button><button class=\"stk-block-tabs__tab\" role=\"tab\"><span class=\"stk--svg-wrapper\"><div class=\"stk--inner-svg\"><svg style=\"height:0;width:0\"><defs><linearGradient id=\"linear-gradient-345a41b\" x1=\"0\" x2=\"100%\" y1=\"0\" y2=\"0\"><stop offset=\"0%\" style=\"stop-opacity:1;stop-color:var(--linear-gradient-345-a-41-b-color-1)\"><\/stop><stop offset=\"100%\" style=\"stop-opacity:1;stop-color:var(--linear-gradient-345-a-41-b-color-2)\"><\/stop><\/linearGradient><\/defs><\/svg><svg aria-hidden=\"true\" focusable=\"false\" data-prefix=\"fas\" data-icon=\"bars\" class=\"svg-inline--fa fa-bars fa-w-14\" xmlns=\"http:\/\/www.w3.org\/2000\/svg\" viewBox=\"0 0 448 512\" width=\"32\" height=\"32\"><path fill=\"currentColor\" d=\"M16 132h416c8.837 0 16-7.163 16-16V76c0-8.837-7.163-16-16-16H16C7.163 60 0 67.163 0 76v40c0 8.837 7.163 16 16 16zm0 160h416c8.837 0 16-7.163 16-16v-40c0-8.837-7.163-16-16-16H16c-8.837 0-16 7.163-16 16v40c0 8.837 7.163 16 16 16zm0 160h416c8.837 0 16-7.163 16-16v-40c0-8.837-7.163-16-16-16H16c-8.837 0-16 7.163-16 16v40c0 8.837 7.163 16 16 16z\"><\/path><\/svg><\/div><\/span><div class=\"stk-block-tab-labels__text has-text-align-center\"><span>La revue de Presse<\/span><\/div><\/button><button class=\"stk-block-tabs__tab\" role=\"tab\"><span class=\"stk--svg-wrapper\"><div class=\"stk--inner-svg\"><svg style=\"height:0;width:0\"><defs><linearGradient id=\"linear-gradient-345a41b\" x1=\"0\" x2=\"100%\" y1=\"0\" y2=\"0\"><stop offset=\"0%\" style=\"stop-opacity:1;stop-color:var(--linear-gradient-345-a-41-b-color-1)\"><\/stop><stop offset=\"100%\" style=\"stop-opacity:1;stop-color:var(--linear-gradient-345-a-41-b-color-2)\"><\/stop><\/linearGradient><\/defs><\/svg><svg aria-hidden=\"true\" focusable=\"false\" data-prefix=\"fas\" data-icon=\"bars\" class=\"svg-inline--fa fa-bars fa-w-14\" xmlns=\"http:\/\/www.w3.org\/2000\/svg\" viewBox=\"0 0 448 512\" width=\"32\" height=\"32\"><path fill=\"currentColor\" d=\"M16 132h416c8.837 0 16-7.163 16-16V76c0-8.837-7.163-16-16-16H16C7.163 60 0 67.163 0 76v40c0 8.837 7.163 16 16 16zm0 160h416c8.837 0 16-7.163 16-16v-40c0-8.837-7.163-16-16-16H16c-8.837 0-16 7.163-16 16v40c0 8.837 7.163 16 16 16zm0 160h416c8.837 0 16-7.163 16-16v-40c0-8.837-7.163-16-16-16H16c-8.837 0-16 7.163-16 16v40c0 8.837 7.163 16 16 16z\"><\/path><\/svg><\/div><\/span><div class=\"stk-block-tab-labels__text has-text-align-center\"><span>Lire, voir, relire, revoir<\/span><\/div><\/button><\/div><\/div>\n\n\n\n<div class=\"wp-block-stackable-tab-content stk-block-tab-content stk-block stk-7b08ed9\" data-block-id=\"7b08ed9\"><div class=\"stk-row stk-inner-blocks stk-block-content stk-content-align stk-7b08ed9-column\">\n<div class=\"wp-block-stackable-column stk-block-column stk-column stk-block stk-f98b153\" data-v=\"4\" role=\"tabpanel\" data-block-id=\"f98b153\"><div class=\"stk-column-wrapper stk-block-column__content stk-container stk-f98b153-container stk--no-background stk--no-padding\"><div class=\"stk-block-content stk-inner-blocks stk-f98b153-inner-blocks\">\n<div class=\"wp-block-stackable-posts stk-block-posts has-text-align-left stk--has-container stk-block stk-d4baac4 is-style-list\" data-v=\"2\" data-block-id=\"d4baac4\"><style>.stk-d4baac4-container{background-color:#eeeeee !important;border-style:solid !important;max-width:1200px !important;padding-top:5px !important;padding-right:5px !important;padding-bottom:5px !important;padding-left:5px !important;margin-right:auto !important;margin-left:auto !important}.stk-d4baac4-container:before{background-color:#eeeeee !important}.stk-d4baac4-container .stk-block-posts__image-link{flex-basis:35% !important;height:300px !important}.stk-d4baac4-container .stk-block-posts__image-link img{object-fit:contain !important}.stk-d4baac4-container .stk-block-posts__image-link::after,.stk-d4baac4-container .stk-block-posts__image-link::before{mix-blend-mode:screen !important}.stk-d4baac4 .stk-block-posts__category a{color:#3dab38 !important}.stk-d4baac4 .stk-block-posts__meta{font-size:12px !important;margin-bottom:12px !important}.stk-d4baac4{--stk-columns:1 !important}.stk-d4baac4 .stk-block-posts__title{margin-bottom:1px !important}.stk-d4baac4 .stk-block-posts__category{margin-bottom:5px !important}.stk-d4baac4 .stk-container-padding{width:65% !important}@media screen and (max-width:1023px){.stk-d4baac4 .stk-block-posts__meta{font-size:12px !important}}@media screen and (max-width:767px){.stk-d4baac4-container .stk-block-posts__image-link img{object-fit:contain !important}}<\/style><div class=\"stk-inner-blocks stk-content-align stk-d4baac4-column alignwide\"><div class=\"stk-block-posts__items\"><div class=\"stk-block-posts__item\"><div class=\"stk-container stk-d4baac4-container stk-hover-parent\"><a href=\"https:\/\/centcols.org\/backup\/luitel\/\" class=\"stk-block-posts__image-link\"><\/a><article class=\"stk-container-padding\"><div class=\"stk-block-posts__category stk-subtitle has-text-color\"><a href=\"https:\/\/centcols.org\/backup\/categorie\/cols-en-vrac\/\" rel=\"category tag\">Cols en vrac<\/a><\/div><h3 class=\"stk-block-posts__title\"><a href='https:\/\/centcols.org\/backup\/luitel\/'>Le Col Luitel<\/a><\/h3><aside class=\"stk-block-posts__meta stk-subtitle has-text-align-left\"><span>Enrico Alberini<\/span><span class=\"stk-block-posts__meta-sep\">\u2014<\/span><time datetime=\"2024-05-07T15:55:18+02:00\">7 mai 2024<\/time><\/aside><div class=\"stk-block-posts__excerpt\"><p>Le&nbsp;Col Luitel&nbsp;(FR-38-1262), Pour un membre du club de Cent Cols, ce nom d\u00e9clenche un \u00ab&nbsp;tilt&nbsp;\u00bb puisque ce nom est li\u00e9 \u00e0 la cr\u00e9ation de la&#8230;<\/div><a class=\"stk-block-posts__readmore has-text-align-right\" href=\"https:\/\/centcols.org\/backup\/luitel\/\">Lire la suite<\/a><\/article><\/div><\/div><div class=\"stk-block-posts__item\"><div class=\"stk-container stk-d4baac4-container stk-hover-parent\"><a href=\"https:\/\/centcols.org\/backup\/sejours-futurs\/\" class=\"stk-block-posts__image-link\"><figure class=\"stk-img-wrapper stk-image--shape-stretch\"><img loading=\"lazy\" decoding=\"async\" width=\"1200\" height=\"900\" src=\"https:\/\/centcols.org\/backup\/wp-content\/uploads\/2019\/06\/V1-Nant-.jpg\" class=\"attachment-full size-full wp-post-image\" alt=\"V1 - Nant (photo Guy Cambessedes)\" width=\"1200\" height=\"900\" srcset=\"https:\/\/centcols.org\/backup\/wp-content\/uploads\/2019\/06\/V1-Nant-.jpg 1200w, https:\/\/centcols.org\/backup\/wp-content\/uploads\/2019\/06\/V1-Nant--600x450.jpg 600w, https:\/\/centcols.org\/backup\/wp-content\/uploads\/2019\/06\/V1-Nant--500x375.jpg 500w, https:\/\/centcols.org\/backup\/wp-content\/uploads\/2019\/06\/V1-Nant--768x576.jpg 768w\" sizes=\"(max-width: 1200px) 100vw, 1200px\" \/><\/figure><\/a><article class=\"stk-container-padding\"><div class=\"stk-block-posts__category stk-subtitle has-text-color\"><a href=\"https:\/\/centcols.org\/backup\/categorie\/sejours\/\" rel=\"category tag\">S\u00e9jours<\/a><\/div><h3 class=\"stk-block-posts__title\"><a href='https:\/\/centcols.org\/backup\/sejours-futurs\/'>Projets et dates des s\u00e9jours \u00e0 venir<\/a><\/h3><aside class=\"stk-block-posts__meta stk-subtitle has-text-align-left\"><span>Christophe Badonnel<\/span><span class=\"stk-block-posts__meta-sep\">\u2014<\/span><time datetime=\"2024-05-07T12:43:11+02:00\">7 mai 2024<\/time><\/aside><div class=\"stk-block-posts__excerpt\"><p>Cette rubrique a pour objet de tenir les membres inform\u00e9s des projets de s\u00e9jour \u00e0 venir, quel que soit leur \u00e9tat d&#8217;avancement, et d&#8217;en pr\u00e9ciser&#8230;<\/div><a class=\"stk-block-posts__readmore has-text-align-right\" href=\"https:\/\/centcols.org\/backup\/sejours-futurs\/\">Lire la suite<\/a><\/article><\/div><\/div><div class=\"stk-block-posts__item\"><div class=\"stk-container stk-d4baac4-container stk-hover-parent\"><a href=\"https:\/\/centcols.org\/backup\/sejour-automne-2024\/\" class=\"stk-block-posts__image-link\"><figure class=\"stk-img-wrapper stk-image--shape-stretch\"><img loading=\"lazy\" decoding=\"async\" width=\"1200\" height=\"800\" src=\"https:\/\/centcols.org\/backup\/wp-content\/uploads\/2024\/05\/Le-col-de-Lestards-en-automne.jpg\" class=\"attachment-full size-full wp-post-image\" alt=\"\" width=\"1200\" height=\"800\" srcset=\"https:\/\/centcols.org\/backup\/wp-content\/uploads\/2024\/05\/Le-col-de-Lestards-en-automne.jpg 1200w, https:\/\/centcols.org\/backup\/wp-content\/uploads\/2024\/05\/Le-col-de-Lestards-en-automne-500x333.jpg 500w, https:\/\/centcols.org\/backup\/wp-content\/uploads\/2024\/05\/Le-col-de-Lestards-en-automne-768x512.jpg 768w, https:\/\/centcols.org\/backup\/wp-content\/uploads\/2024\/05\/Le-col-de-Lestards-en-automne-600x400.jpg 600w\" sizes=\"(max-width: 1200px) 100vw, 1200px\" \/><\/figure><\/a><article class=\"stk-container-padding\"><div class=\"stk-block-posts__category stk-subtitle has-text-color\"><a href=\"https:\/\/centcols.org\/backup\/categorie\/sejours\/\" rel=\"category tag\">S\u00e9jours<\/a><\/div><h3 class=\"stk-block-posts__title\"><a href='https:\/\/centcols.org\/backup\/sejour-automne-2024\/'>S\u00e9jour d\u2019automne et Assembl\u00e9e G\u00e9n\u00e9rale \u00e0 Bugeat (Corr\u00e8ze), 27 au 29 septembre 2024<\/a><\/h3><aside class=\"stk-block-posts__meta stk-subtitle has-text-align-left\"><span>Christophe Badonnel<\/span><span class=\"stk-block-posts__meta-sep\">\u2014<\/span><time datetime=\"2024-05-07T12:36:34+02:00\">7 mai 2024<\/time><\/aside><div class=\"stk-block-posts__excerpt\"><p>Le s\u00e9jour d\u2019\u00e9t\u00e9 2024 se d\u00e9roulera du 29 juin au 06 juillet 2024 dans le d\u00e9partement de l\u2019Ard\u00e8che. Il a \u00e9t\u00e9 pr\u00e9par\u00e9 par une petite&#8230;<\/div><a class=\"stk-block-posts__readmore has-text-align-right\" href=\"https:\/\/centcols.org\/backup\/sejour-automne-2024\/\">Lire la suite<\/a><\/article><\/div><\/div><div class=\"stk-block-posts__item\"><div class=\"stk-container stk-d4baac4-container stk-hover-parent\"><a href=\"https:\/\/centcols.org\/backup\/sabot\/\" class=\"stk-block-posts__image-link\"><\/a><article class=\"stk-container-padding\"><div class=\"stk-block-posts__category stk-subtitle has-text-color\"><a href=\"https:\/\/centcols.org\/backup\/categorie\/cols-en-vrac\/\" rel=\"category tag\">Cols en vrac<\/a><\/div><h3 class=\"stk-block-posts__title\"><a href='https:\/\/centcols.org\/backup\/sabot\/'>Col du Sabot<\/a><\/h3><aside class=\"stk-block-posts__meta stk-subtitle has-text-align-left\"><span>Enrico Alberini<\/span><span class=\"stk-block-posts__meta-sep\">\u2014<\/span><time datetime=\"2024-05-06T16:05:05+02:00\">6 mai 2024<\/time><\/aside><div class=\"stk-block-posts__excerpt\"><p>Le Col du Sabot (FR-38-2100b) est le seul col plus de 2000 m rev\u00eatu \u00a0du d\u00e9partement de l\u2019Is\u00e8re \u2026 et de plus il ne l\u2019est&#8230;<\/div><a class=\"stk-block-posts__readmore has-text-align-right\" href=\"https:\/\/centcols.org\/backup\/sabot\/\">Lire la suite<\/a><\/article><\/div><\/div><div class=\"stk-block-posts__item\"><div class=\"stk-container stk-d4baac4-container stk-hover-parent\"><a href=\"https:\/\/centcols.org\/backup\/rassemblements-regionaux-2024\/\" class=\"stk-block-posts__image-link\"><figure class=\"stk-img-wrapper stk-image--shape-stretch\"><img loading=\"lazy\" decoding=\"async\" width=\"800\" height=\"600\" src=\"https:\/\/centcols.org\/backup\/wp-content\/uploads\/2024\/01\/Montbenoit.jpg\" class=\"attachment-full size-full wp-post-image\" alt=\"\" width=\"800\" height=\"600\" srcset=\"https:\/\/centcols.org\/backup\/wp-content\/uploads\/2024\/01\/Montbenoit.jpg 800w, https:\/\/centcols.org\/backup\/wp-content\/uploads\/2024\/01\/Montbenoit-500x375.jpg 500w, https:\/\/centcols.org\/backup\/wp-content\/uploads\/2024\/01\/Montbenoit-768x576.jpg 768w, https:\/\/centcols.org\/backup\/wp-content\/uploads\/2024\/01\/Montbenoit-600x450.jpg 600w\" sizes=\"(max-width: 800px) 100vw, 800px\" \/><\/figure><\/a><article class=\"stk-container-padding\"><div class=\"stk-block-posts__category stk-subtitle has-text-color\"><a href=\"https:\/\/centcols.org\/backup\/categorie\/rassemblements\/rassemblements-2024\/\" rel=\"category tag\">Les rassemblements de 2024<\/a>, <a href=\"https:\/\/centcols.org\/backup\/categorie\/rassemblements\/\" rel=\"category tag\">Rencontres r\u00e9gionales<\/a><\/div><h3 class=\"stk-block-posts__title\"><a href='https:\/\/centcols.org\/backup\/rassemblements-regionaux-2024\/'>Rassemblements r\u00e9gionaux 2024<\/a><\/h3><aside class=\"stk-block-posts__meta stk-subtitle has-text-align-left\"><span>Guy Harl\u00e9<\/span><span class=\"stk-block-posts__meta-sep\">\u2014<\/span><time datetime=\"2024-01-26T17:51:41+01:00\">26 janvier 2024<\/time><\/aside><div class=\"stk-block-posts__excerpt\"><p>Les rassemblements r\u00e9gionaux sont une opportunit\u00e9 pour se rencontrer entre membres du Club des Cent Cols, mais pas seulement. Il est possible d\u2019inviter des amis&#8230;<\/div><a class=\"stk-block-posts__readmore has-text-align-right\" href=\"https:\/\/centcols.org\/backup\/rassemblements-regionaux-2024\/\">Lire la suite<\/a><\/article><\/div><\/div><\/div><div class=\"stk-inner-blocks\"><\/div><\/div><\/div>\n<\/div><\/div><\/div>\n\n\n\n<div class=\"wp-block-stackable-column stk-block-column stk-column stk-block stk-a6cea30\" data-v=\"4\" role=\"tabpanel\" data-block-id=\"a6cea30\"><div class=\"stk-column-wrapper stk-block-column__content stk-container stk-a6cea30-container stk--no-background stk--no-padding\"><div class=\"stk-block-content stk-inner-blocks stk-a6cea30-inner-blocks\">\n<h3 class=\"kt-adv-heading_d641f5-27 wp-block-kadence-advancedheading\" data-kb-block=\"kb-adv-heading_d641f5-27\">LES MEMBRES LE FONT<\/h3>\n<p><a href=\"https:\/\/centcols.org\/backup\/wp-content\/uploads\/2024\/02\/2024-aa-veelo-presentation-ppt.pdf\">De Saint-Di\u00e9-des-Vosges&#8230;aux jeux paralympiques de Paris \u00e0 v\u00e9lo avec 22 lyc\u00e9en(e)s<\/a><\/p>\n<h3 class=\"kt-adv-heading_2cb46c-a0 wp-block-kadence-advancedheading\" data-kb-block=\"kb-adv-heading_2cb46c-a0\">LES MEMBRES L\u2019ONT FAIT<\/h3>\n<p><strong>Challenge des 100, 150, 200 plus beaux cols routiers des Alpes<\/strong>&nbsp;: la mise \u00e0 jour des&nbsp;<a href=\"https:\/\/centcols.org\/backup\/challenge-des-cents\/\" target=\"_blank\" rel=\"noreferrer noopener\"><strong>participants<\/strong><\/a><\/p>\n<p><a href=\"https:\/\/centcols.org\/backup\/bcn-bpf-les-laureats-2022-du-club\/\">BCN \u2013 BPF, le bilan 2022 des membres<\/a><\/p>\n<p><a href=\"https:\/\/centcols.org\/backup\/les-brevets-nationaux\/\">Les brevets des cols routiers nationaux<\/a><\/p>\n<h3 class=\"kt-adv-heading_2a8069-92 wp-block-kadence-advancedheading\" data-kb-block=\"kb-adv-heading_2a8069-92\">NOUVELLES DES RANDONN\u00c9ES PERMANENTES<\/h3>\n<p><a href=\"https:\/\/centcols.org\/backup\/rp-pays\/\">Les Randonn\u00e9es Permanentes : les pays d\u2019origine des participants&nbsp;<\/a><\/p>\n<p><a href=\"https:\/\/centcols.org\/backup\/rp-historique\/\">Les Randonn\u00e9es Permanentes : l\u2019historique<\/a><\/p>\n<p><a href=\"https:\/\/centcols.org\/backup\/les-rp-evoluent\/\">Les randonn\u00e9es permanentes : elles \u00e9voluent<\/a><\/p>\n<h3 class=\"wp-block-heading\">EV\u00c8NEMENTS INTERNES<\/h3>\n<p><strong>Rassemblement Suisse \u00e0 Montbenoit&nbsp;<\/strong>(France) le 15 juillet 2023 \u2013&nbsp;<a title=\"\" href=\"https:\/\/centcols.org\/backup\/montbenoit2\/\" target=\"_blank\" rel=\"noopener\">Compte-rendu<\/a><\/p>\n<h3 class=\"wp-block-heading\">EV\u00c8NEMENTS EXTERNES<\/h3>\n<p><a title=\"\" href=\"https:\/\/centcols.org\/backup\/cyclom-vosges\/\" target=\"_blank\" rel=\"noopener\">La cyclo-montagnarde des Vosges \u2013 Compte rendu<\/a><\/p>\n<p>&nbsp;<\/p>\n<p>&nbsp;<\/p>\n<\/div><\/div><\/div>\n\n\n\n<div class=\"wp-block-stackable-column stk-block-column stk-column stk-block stk-6733f2c\" data-v=\"4\" role=\"tabpanel\" data-block-id=\"6733f2c\"><div class=\"stk-column-wrapper stk-block-column__content stk-container stk-6733f2c-container stk--no-background stk--no-padding\"><div class=\"stk-block-content stk-inner-blocks stk-6733f2c-inner-blocks\">\n<div class=\"wp-block-stackable-posts stk-block-posts stk--has-container stk-block stk-56d2aa6 stk-block-background is-style-default\" data-v=\"2\" data-block-id=\"56d2aa6\"><style>.stk-56d2aa6 .stk-img-wrapper{width:100% !important}<\/style><div class=\"stk-inner-blocks stk-content-align stk-56d2aa6-column\"><div class=\"stk-block-posts__items\"><div class=\"stk-block-posts__item\"><div class=\"stk-container stk-56d2aa6-container stk-hover-parent\"><article><h3 class=\"stk-block-posts__title\"><a href='https:\/\/centcols.org\/backup\/jean-perdoux\/'>Jean Perdoux<\/a><\/h3><a href=\"https:\/\/centcols.org\/backup\/jean-perdoux\/\" class=\"stk-block-posts__image-link\"><figure class=\"stk-img-wrapper stk-image--shape-stretch\"><img loading=\"lazy\" decoding=\"async\" width=\"1431\" height=\"1431\" src=\"https:\/\/centcols.org\/backup\/wp-content\/uploads\/2024\/04\/jeanperdoux-galibier-1.jpg\" class=\"attachment-full size-full wp-post-image\" alt=\"\" width=\"1431\" height=\"1431\" srcset=\"https:\/\/centcols.org\/backup\/wp-content\/uploads\/2024\/04\/jeanperdoux-galibier-1.jpg 1431w, https:\/\/centcols.org\/backup\/wp-content\/uploads\/2024\/04\/jeanperdoux-galibier-1-500x500.jpg 500w, https:\/\/centcols.org\/backup\/wp-content\/uploads\/2024\/04\/jeanperdoux-galibier-1-1200x1200.jpg 1200w, https:\/\/centcols.org\/backup\/wp-content\/uploads\/2024\/04\/jeanperdoux-galibier-1-300x300.jpg 300w, https:\/\/centcols.org\/backup\/wp-content\/uploads\/2024\/04\/jeanperdoux-galibier-1-768x768.jpg 768w, https:\/\/centcols.org\/backup\/wp-content\/uploads\/2024\/04\/jeanperdoux-galibier-1-600x600.jpg 600w, https:\/\/centcols.org\/backup\/wp-content\/uploads\/2024\/04\/jeanperdoux-galibier-1-100x100.jpg 100w\" sizes=\"(max-width: 1431px) 100vw, 1431px\" \/><\/figure><\/a><aside class=\"stk-block-posts__meta stk-subtitle\"><time datetime=\"2024-04-16T20:13:56+02:00\">16 avril 2024<\/time><\/aside><div class=\"stk-block-posts__category stk-subtitle\"><a href=\"https:\/\/centcols.org\/backup\/categorie\/gazette\/carnet-noir\/\" rel=\"category tag\">Carnet noir<\/a><\/div><div class=\"stk-block-posts__excerpt\"><p>Jean Perdoux, pr\u00e9sident fondateur du Club des Cent Cols est d\u00e9c\u00e9d\u00e9 le 13 mars \u00e0 l\u2019\u00e2ge de 87 ans. C\u2019est une longue page de l\u2019histoire du Club des Cent Cols qui se tourne. Nous avons perdu notre guide, pas ses id\u00e9es.<\/p>\n<\/div><a class=\"stk-block-posts__readmore\" href=\"https:\/\/centcols.org\/backup\/jean-perdoux\/\">Lire la suite<\/a><\/article><\/div><\/div><div class=\"stk-block-posts__item\"><div class=\"stk-container stk-56d2aa6-container stk-hover-parent\"><article><h3 class=\"stk-block-posts__title\"><a href='https:\/\/centcols.org\/backup\/andre-tignon\/'>Andr\u00e9 Tignon<\/a><\/h3><a href=\"https:\/\/centcols.org\/backup\/andre-tignon\/\" class=\"stk-block-posts__image-link\"><figure class=\"stk-img-wrapper stk-image--shape-stretch\"><img loading=\"lazy\" decoding=\"async\" width=\"1200\" height=\"800\" src=\"https:\/\/centcols.org\/backup\/wp-content\/uploads\/2024\/04\/andretignon01.jpg\" class=\"attachment-full size-full wp-post-image\" alt=\"\" width=\"1200\" height=\"800\" srcset=\"https:\/\/centcols.org\/backup\/wp-content\/uploads\/2024\/04\/andretignon01.jpg 1200w, https:\/\/centcols.org\/backup\/wp-content\/uploads\/2024\/04\/andretignon01-500x333.jpg 500w, https:\/\/centcols.org\/backup\/wp-content\/uploads\/2024\/04\/andretignon01-768x512.jpg 768w, https:\/\/centcols.org\/backup\/wp-content\/uploads\/2024\/04\/andretignon01-600x400.jpg 600w\" sizes=\"(max-width: 1200px) 100vw, 1200px\" \/><\/figure><\/a><aside class=\"stk-block-posts__meta stk-subtitle\"><time datetime=\"2024-04-16T18:50:38+02:00\">16 avril 2024<\/time><\/aside><div class=\"stk-block-posts__category stk-subtitle\"><a href=\"https:\/\/centcols.org\/backup\/categorie\/gazette\/carnet-noir\/\" rel=\"category tag\">Carnet noir<\/a><\/div><div class=\"stk-block-posts__excerpt\"><p>CC 1583, Andr\u00e9 Tignon est d\u00e9c\u00e9d\u00e9 le 14 avril 2024. Andr\u00e9 \u00e9tait un grand cyclotouriste, membre des Audax cyclos de Tournai. Il publiait de nombreux reportages sur son site Internet d\u00e9di\u00e9 au cyclotourisme : http:\/\/tignon.andre.free.fr\/ Il y t\u00e9moignait de son attachement au Club des Cent Cols \u00e0 travers quelques publications . Nous l&#8217;avons souvent crois\u00e9&#8230;<\/div><a class=\"stk-block-posts__readmore\" href=\"https:\/\/centcols.org\/backup\/andre-tignon\/\">Lire la suite<\/a><\/article><\/div><\/div><div class=\"stk-block-posts__item\"><div class=\"stk-container stk-56d2aa6-container stk-hover-parent\"><article><h3 class=\"stk-block-posts__title\"><a href='https:\/\/centcols.org\/backup\/laurence-thibert\/'>Laurence Thibert<\/a><\/h3><a href=\"https:\/\/centcols.org\/backup\/laurence-thibert\/\" class=\"stk-block-posts__image-link\"><figure class=\"stk-img-wrapper stk-image--shape-stretch\"><img loading=\"lazy\" decoding=\"async\" width=\"1024\" height=\"768\" src=\"https:\/\/centcols.org\/backup\/wp-content\/uploads\/2024\/02\/Li-superbe-.jpg\" class=\"attachment-full size-full wp-post-image\" alt=\"\" width=\"1024\" height=\"768\" srcset=\"https:\/\/centcols.org\/backup\/wp-content\/uploads\/2024\/02\/Li-superbe-.jpg 1024w, https:\/\/centcols.org\/backup\/wp-content\/uploads\/2024\/02\/Li-superbe--500x375.jpg 500w, https:\/\/centcols.org\/backup\/wp-content\/uploads\/2024\/02\/Li-superbe--768x576.jpg 768w, https:\/\/centcols.org\/backup\/wp-content\/uploads\/2024\/02\/Li-superbe--600x450.jpg 600w\" sizes=\"(max-width: 1024px) 100vw, 1024px\" \/><\/figure><\/a><aside class=\"stk-block-posts__meta stk-subtitle\"><time datetime=\"2024-02-06T09:03:19+01:00\">6 f\u00e9vrier 2024<\/time><\/aside><div class=\"stk-block-posts__category stk-subtitle\"><a href=\"https:\/\/centcols.org\/backup\/categorie\/gazette\/carnet-noir\/\" rel=\"category tag\">Carnet noir<\/a><\/div><div class=\"stk-block-posts__excerpt\"><p>cc 7051 J\u2019ai la tristesse de vous annoncer le d\u00e9c\u00e8s de mon amie Laurence Thibert. Laurence, mon amie depuis 17 ans a \u00e9t\u00e9 retrouv\u00e9e, morte, dans son lit le 28 d\u00e9cembre 2023. Une autopsie a \u00e9vel\u00e9, qu\u2019ellest d\u00e9c\u00e9d\u00e9e, en phase terminale d\u2019un cancer g\u00e9n\u00e9ralis\u00e9. Son incin\u00e9ration a eu lieu le 15 janvier a Lyon, en&#8230;<\/div><a class=\"stk-block-posts__readmore\" href=\"https:\/\/centcols.org\/backup\/laurence-thibert\/\">Lire la suite<\/a><\/article><\/div><\/div><div class=\"stk-block-posts__item\"><div class=\"stk-container stk-56d2aa6-container stk-hover-parent\"><article><h3 class=\"stk-block-posts__title\"><a href='https:\/\/centcols.org\/backup\/gerard-mistler\/'>G\u00e9rard MISTLER<\/a><\/h3><a href=\"https:\/\/centcols.org\/backup\/gerard-mistler\/\" class=\"stk-block-posts__image-link\"><figure class=\"stk-img-wrapper stk-image--shape-stretch\"><img loading=\"lazy\" decoding=\"async\" width=\"280\" height=\"472\" src=\"https:\/\/centcols.org\/backup\/wp-content\/uploads\/2024\/01\/image-3.png\" class=\"attachment-full size-full wp-post-image\" alt=\"\" width=\"280\" height=\"472\" \/><\/figure><\/a><aside class=\"stk-block-posts__meta stk-subtitle\"><time datetime=\"2024-01-28T07:53:31+01:00\">28 janvier 2024<\/time><\/aside><div class=\"stk-block-posts__category stk-subtitle\"><a href=\"https:\/\/centcols.org\/backup\/categorie\/gazette\/carnet-noir\/\" rel=\"category tag\">Carnet noir<\/a><\/div><div class=\"stk-block-posts__excerpt\"><p>cc 14, il \u00e9tait le cofondateur de L\u2019Ard\u00e9choise G\u00e9rard Mistler \u00e9tait aux prises avec la mont\u00e9e du col de Murs, dans le Vaucluse, lorsqu\u2019il est d\u00e9c\u00e9d\u00e9. Il avait cofond\u00e9 en 1992 l\u2019iconique course \u00e0 v\u00e9lo L\u2019Ard\u00e9choise, dont il a \u00e9t\u00e9 pr\u00e9sident pendant 29 ans. G\u00e9rard Mistler, ancien pr\u00e9sident et cofondateur de l\u2019\u00e9preuve cyclosportive L\u2019Ard\u00e9choise, est&#8230;<\/div><a class=\"stk-block-posts__readmore\" href=\"https:\/\/centcols.org\/backup\/gerard-mistler\/\">Lire la suite<\/a><\/article><\/div><\/div><div class=\"stk-block-posts__item\"><div class=\"stk-container stk-56d2aa6-container stk-hover-parent\"><article><h3 class=\"stk-block-posts__title\"><a href='https:\/\/centcols.org\/backup\/robert-bayard\/'>Robert Bayard<\/a><\/h3><a href=\"https:\/\/centcols.org\/backup\/robert-bayard\/\" class=\"stk-block-posts__image-link\"><figure class=\"stk-img-wrapper stk-image--shape-stretch\"><img loading=\"lazy\" decoding=\"async\" width=\"1117\" height=\"777\" src=\"https:\/\/centcols.org\/backup\/wp-content\/uploads\/2024\/02\/bayardrobert1.jpg\" class=\"attachment-full size-full wp-post-image\" alt=\"\" width=\"1117\" height=\"777\" srcset=\"https:\/\/centcols.org\/backup\/wp-content\/uploads\/2024\/02\/bayardrobert1.jpg 1117w, https:\/\/centcols.org\/backup\/wp-content\/uploads\/2024\/02\/bayardrobert1-500x348.jpg 500w, https:\/\/centcols.org\/backup\/wp-content\/uploads\/2024\/02\/bayardrobert1-768x534.jpg 768w, https:\/\/centcols.org\/backup\/wp-content\/uploads\/2024\/02\/bayardrobert1-600x417.jpg 600w\" sizes=\"(max-width: 1117px) 100vw, 1117px\" \/><\/figure><\/a><aside class=\"stk-block-posts__meta stk-subtitle\"><time datetime=\"2024-01-26T10:15:00+01:00\">26 janvier 2024<\/time><\/aside><div class=\"stk-block-posts__category stk-subtitle\"><a href=\"https:\/\/centcols.org\/backup\/categorie\/gazette\/carnet-noir\/\" rel=\"category tag\">Carnet noir<\/a><\/div><div class=\"stk-block-posts__excerpt\"><p>cc2960 Je viens vous faire part du d\u00e9c\u00e8s de mon p\u00e8re Robert Bayard qui etait affili\u00e9 depuis longtemps au club des cent cols. Robert est d\u00e9c\u00e9d\u00e9 le 26 janvier 2024. Il avait grimp\u00e9 778 colsChristophe Bayard<\/p>\n<\/div><a class=\"stk-block-posts__readmore\" href=\"https:\/\/centcols.org\/backup\/robert-bayard\/\">Lire la suite<\/a><\/article><\/div><\/div><div class=\"stk-block-posts__item\"><div class=\"stk-container stk-56d2aa6-container stk-hover-parent\"><article><h3 class=\"stk-block-posts__title\"><a href='https:\/\/centcols.org\/backup\/jean-weil\/'>Jean Weil<\/a><\/h3><a href=\"https:\/\/centcols.org\/backup\/jean-weil\/\" class=\"stk-block-posts__image-link\"><figure class=\"stk-img-wrapper stk-image--shape-stretch\"><img loading=\"lazy\" decoding=\"async\" width=\"2560\" height=\"1920\" src=\"https:\/\/centcols.org\/backup\/wp-content\/uploads\/2024\/01\/7181-Jean-Weil-dans-la-montee-du-St-Gothardt-scaled.jpg\" class=\"attachment-full size-full wp-post-image\" alt=\"\" width=\"2560\" height=\"1920\" srcset=\"https:\/\/centcols.org\/backup\/wp-content\/uploads\/2024\/01\/7181-Jean-Weil-dans-la-montee-du-St-Gothardt-scaled.jpg 2560w, https:\/\/centcols.org\/backup\/wp-content\/uploads\/2024\/01\/7181-Jean-Weil-dans-la-montee-du-St-Gothardt-500x375.jpg 500w, https:\/\/centcols.org\/backup\/wp-content\/uploads\/2024\/01\/7181-Jean-Weil-dans-la-montee-du-St-Gothardt-1200x900.jpg 1200w, https:\/\/centcols.org\/backup\/wp-content\/uploads\/2024\/01\/7181-Jean-Weil-dans-la-montee-du-St-Gothardt-768x576.jpg 768w, https:\/\/centcols.org\/backup\/wp-content\/uploads\/2024\/01\/7181-Jean-Weil-dans-la-montee-du-St-Gothardt-1536x1152.jpg 1536w, https:\/\/centcols.org\/backup\/wp-content\/uploads\/2024\/01\/7181-Jean-Weil-dans-la-montee-du-St-Gothardt-2048x1536.jpg 2048w, https:\/\/centcols.org\/backup\/wp-content\/uploads\/2024\/01\/7181-Jean-Weil-dans-la-montee-du-St-Gothardt-600x450.jpg 600w\" sizes=\"(max-width: 2560px) 100vw, 2560px\" \/><\/figure><\/a><aside class=\"stk-block-posts__meta stk-subtitle\"><time datetime=\"2024-01-12T16:16:04+01:00\">12 janvier 2024<\/time><\/aside><div class=\"stk-block-posts__category stk-subtitle\"><a href=\"https:\/\/centcols.org\/backup\/categorie\/gazette\/carnet-noir\/\" rel=\"category tag\">Carnet noir<\/a><\/div><div class=\"stk-block-posts__excerpt\"><p>cc 7187 Jean WEIL (1948-2023) Cent Cols n\u00b0 7187 depuis 2011 Jean \u00e9tait notre pr\u00e9sident et avant tout notre ami. Il a fait, de l\u2019ASUC son club de c\u0153ur, une grande famille, quelque chose \u00e0 part&nbsp;; chacun, qu\u2019il soit cycliste, cyclo ou accompagnateur a pu apporter une pierre pr\u00e9cieuse \u00e0 cet \u00e9difice en perp\u00e9tuel construction&nbsp;:&#8230;<\/div><a class=\"stk-block-posts__readmore\" href=\"https:\/\/centcols.org\/backup\/jean-weil\/\">Lire la suite<\/a><\/article><\/div><\/div><div class=\"stk-block-posts__item\"><div class=\"stk-container stk-56d2aa6-container stk-hover-parent\"><article><h3 class=\"stk-block-posts__title\"><a href='https:\/\/centcols.org\/backup\/deces-serge-label\/'>Serge Label<\/a><\/h3><a href=\"https:\/\/centcols.org\/backup\/deces-serge-label\/\" class=\"stk-block-posts__image-link\"><figure class=\"stk-img-wrapper stk-image--shape-stretch\"><img loading=\"lazy\" decoding=\"async\" width=\"950\" height=\"1127\" src=\"https:\/\/centcols.org\/backup\/wp-content\/uploads\/2023\/10\/image-23.png\" class=\"attachment-full size-full wp-post-image\" alt=\"\" width=\"950\" height=\"1127\" srcset=\"https:\/\/centcols.org\/backup\/wp-content\/uploads\/2023\/10\/image-23.png 950w, https:\/\/centcols.org\/backup\/wp-content\/uploads\/2023\/10\/image-23-421x500.png 421w, https:\/\/centcols.org\/backup\/wp-content\/uploads\/2023\/10\/image-23-768x911.png 768w, https:\/\/centcols.org\/backup\/wp-content\/uploads\/2023\/10\/image-23-600x712.png 600w\" sizes=\"(max-width: 950px) 100vw, 950px\" \/><\/figure><\/a><aside class=\"stk-block-posts__meta stk-subtitle\"><time datetime=\"2023-10-26T15:25:06+02:00\">26 octobre 2023<\/time><\/aside><div class=\"stk-block-posts__category stk-subtitle\"><a href=\"https:\/\/centcols.org\/backup\/categorie\/gazette\/carnet-noir\/\" rel=\"category tag\">Carnet noir<\/a><\/div><div class=\"stk-block-posts__excerpt\"><p>cc 6876 Serge a p\u00e9dal\u00e9 autant que cela lui a \u00e9t\u00e9 possible. Greff\u00e9 de la moelle osseuse en mai 2018 il avait un v\u00e9lo d&#8217;appartement dans sa chambre d&#8217;h\u00f4pital et d\u00e8s qu&#8217;il pouvait se mettre debout, il p\u00e9dalait. Il en a fait de m\u00eame au d\u00e9but de sa rechute en 2022 mais, cette fois ,&#8230;<\/div><a class=\"stk-block-posts__readmore\" href=\"https:\/\/centcols.org\/backup\/deces-serge-label\/\">Lire la suite<\/a><\/article><\/div><\/div><div class=\"stk-block-posts__item\"><div class=\"stk-container stk-56d2aa6-container stk-hover-parent\"><article><h3 class=\"stk-block-posts__title\"><a href='https:\/\/centcols.org\/backup\/deces-gerard-obrecht\/'>G\u00e9rard Obrecht<\/a><\/h3><a href=\"https:\/\/centcols.org\/backup\/deces-gerard-obrecht\/\" class=\"stk-block-posts__image-link\"><figure class=\"stk-img-wrapper stk-image--shape-stretch\"><img loading=\"lazy\" decoding=\"async\" width=\"804\" height=\"951\" src=\"https:\/\/centcols.org\/backup\/wp-content\/uploads\/2023\/10\/image-20.png\" class=\"attachment-full size-full wp-post-image\" alt=\"\" width=\"804\" height=\"951\" srcset=\"https:\/\/centcols.org\/backup\/wp-content\/uploads\/2023\/10\/image-20.png 804w, https:\/\/centcols.org\/backup\/wp-content\/uploads\/2023\/10\/image-20-423x500.png 423w, https:\/\/centcols.org\/backup\/wp-content\/uploads\/2023\/10\/image-20-768x908.png 768w, https:\/\/centcols.org\/backup\/wp-content\/uploads\/2023\/10\/image-20-600x710.png 600w\" sizes=\"(max-width: 804px) 100vw, 804px\" \/><\/figure><\/a><aside class=\"stk-block-posts__meta stk-subtitle\"><time datetime=\"2023-10-24T16:23:11+02:00\">24 octobre 2023<\/time><\/aside><div class=\"stk-block-posts__category stk-subtitle\"><a href=\"https:\/\/centcols.org\/backup\/categorie\/gazette\/carnet-noir\/\" rel=\"category tag\">Carnet noir<\/a><\/div><div class=\"stk-block-posts__excerpt\"><p>G\u00e9rard Obrecht&nbsp; cc 2543N\u00e9nesse, comme l&#8217;appelait bon nombre de ses amis, nous a quitt\u00e9 lundi. Depuis 1986, il \u00e9tait membre du club des cent cols o\u00f9 il a cotis\u00e9 sans discontinuer. Il portait le num\u00e9ro 2543. G\u00e9n\u00e9reux, serviable, il s&#8217;\u00e9tait d\u00e9vou\u00e9 pour prendre la pr\u00e9sidence de l&#8217;AS Meudon cyclo pendant plusieurs ann\u00e9es. Dot\u00e9 d&#8217;un physique&#8230;<\/div><a class=\"stk-block-posts__readmore\" href=\"https:\/\/centcols.org\/backup\/deces-gerard-obrecht\/\">Lire la suite<\/a><\/article><\/div><\/div><div class=\"stk-block-posts__item\"><div class=\"stk-container stk-56d2aa6-container stk-hover-parent\"><article><h3 class=\"stk-block-posts__title\"><a href='https:\/\/centcols.org\/backup\/deces-marcel-bioud\/'>Marcel Bioud<\/a><\/h3><a href=\"https:\/\/centcols.org\/backup\/deces-marcel-bioud\/\" class=\"stk-block-posts__image-link\"><figure class=\"stk-img-wrapper stk-image--shape-stretch\"><img loading=\"lazy\" decoding=\"async\" width=\"1512\" height=\"2016\" src=\"https:\/\/centcols.org\/backup\/wp-content\/uploads\/2023\/10\/image-18.png\" class=\"attachment-full size-full wp-post-image\" alt=\"\" width=\"1512\" height=\"2016\" srcset=\"https:\/\/centcols.org\/backup\/wp-content\/uploads\/2023\/10\/image-18.png 1512w, https:\/\/centcols.org\/backup\/wp-content\/uploads\/2023\/10\/image-18-375x500.png 375w, https:\/\/centcols.org\/backup\/wp-content\/uploads\/2023\/10\/image-18-900x1200.png 900w, https:\/\/centcols.org\/backup\/wp-content\/uploads\/2023\/10\/image-18-768x1024.png 768w, https:\/\/centcols.org\/backup\/wp-content\/uploads\/2023\/10\/image-18-1152x1536.png 1152w, https:\/\/centcols.org\/backup\/wp-content\/uploads\/2023\/10\/image-18-600x800.png 600w\" sizes=\"(max-width: 1512px) 100vw, 1512px\" \/><\/figure><\/a><aside class=\"stk-block-posts__meta stk-subtitle\"><time datetime=\"2023-10-16T18:27:31+02:00\">16 octobre 2023<\/time><\/aside><div class=\"stk-block-posts__category stk-subtitle\"><a href=\"https:\/\/centcols.org\/backup\/categorie\/gazette\/carnet-noir\/\" rel=\"category tag\">Carnet noir<\/a><\/div><div class=\"stk-block-posts__excerpt\"><p>Chers amis Cent-Cols, Je viens d&#8217;apprendre avec une grande tristesse le d\u00e9c\u00e8s de notre vieil amiMarcel Bioud. Marcel avait 90 ans, il fut l&#8217;un des premiers inscrits \u00e0 notre Confr\u00e9rie (n\u00b012). Sa premi\u00e8re liste de cols \u00e9tonna beaucoup. Non seulement il pr\u00e9senta une listede plusieurs centaines de cols mais un grand nombre de ces cols&#8230;<\/div><a class=\"stk-block-posts__readmore\" href=\"https:\/\/centcols.org\/backup\/deces-marcel-bioud\/\">Lire la suite<\/a><\/article><\/div><\/div><div class=\"stk-block-posts__item\"><div class=\"stk-container stk-56d2aa6-container stk-hover-parent\"><article><h3 class=\"stk-block-posts__title\"><a href='https:\/\/centcols.org\/backup\/leon-lequebe\/'>L\u00e9on Lequebe<\/a><\/h3><a href=\"https:\/\/centcols.org\/backup\/leon-lequebe\/\" class=\"stk-block-posts__image-link\"><figure class=\"stk-img-wrapper stk-image--shape-stretch\"><img loading=\"lazy\" decoding=\"async\" width=\"1656\" height=\"2353\" src=\"https:\/\/centcols.org\/backup\/wp-content\/uploads\/2024\/05\/5469-Leon-LAQUEBE.jpg\" class=\"attachment-full size-full wp-post-image\" alt=\"\" width=\"1656\" height=\"2353\" srcset=\"https:\/\/centcols.org\/backup\/wp-content\/uploads\/2024\/05\/5469-Leon-LAQUEBE.jpg 1656w, https:\/\/centcols.org\/backup\/wp-content\/uploads\/2024\/05\/5469-Leon-LAQUEBE-352x500.jpg 352w, https:\/\/centcols.org\/backup\/wp-content\/uploads\/2024\/05\/5469-Leon-LAQUEBE-845x1200.jpg 845w, https:\/\/centcols.org\/backup\/wp-content\/uploads\/2024\/05\/5469-Leon-LAQUEBE-768x1091.jpg 768w, https:\/\/centcols.org\/backup\/wp-content\/uploads\/2024\/05\/5469-Leon-LAQUEBE-1081x1536.jpg 1081w, https:\/\/centcols.org\/backup\/wp-content\/uploads\/2024\/05\/5469-Leon-LAQUEBE-1441x2048.jpg 1441w, https:\/\/centcols.org\/backup\/wp-content\/uploads\/2024\/05\/5469-Leon-LAQUEBE-600x853.jpg 600w\" sizes=\"(max-width: 1656px) 100vw, 1656px\" \/><\/figure><\/a><aside class=\"stk-block-posts__meta stk-subtitle\"><time datetime=\"2023-09-18T18:58:00+02:00\">18 septembre 2023<\/time><\/aside><div class=\"stk-block-posts__category stk-subtitle\"><a href=\"https:\/\/centcols.org\/backup\/categorie\/gazette\/carnet-noir\/\" rel=\"category tag\">Carnet noir<\/a><\/div><div class=\"stk-block-posts__excerpt\"><p>Quelques mots pour signaler le d\u00e9c\u00e8s de notre ami L\u00e9on LAQUEBE d\u00e9c\u00e9d\u00e9 le 18 septembre 2023 \u00e0 l&#8217;\u00e2ge de 86 ans L\u00e9on \u00e9tait entr\u00e9 au club des centcols gr\u00e2ce \u00e0 notre ami Serge Groleau ( d\u00e9c\u00e9d\u00e9 il y a d\u00e9j\u00e0 qqs ann\u00e9es ) grand ami d&#8217;Henri DUSSEAU vers 2005 avec le N\u00b0 5469. Il a&#8230;<\/div><a class=\"stk-block-posts__readmore\" href=\"https:\/\/centcols.org\/backup\/leon-lequebe\/\">Lire la suite<\/a><\/article><\/div><\/div><\/div><div class=\"stk-inner-blocks\"><\/div><\/div><\/div>\n<\/div><\/div><\/div>\n\n\n\n<div class=\"wp-block-stackable-column stk-block-column stk-column stk-block stk-de673fc\" data-v=\"4\" role=\"tabpanel\" data-block-id=\"de673fc\"><div class=\"stk-column-wrapper stk-block-column__content stk-container stk-de673fc-container stk--no-background stk--no-padding\"><div class=\"stk-block-content stk-inner-blocks stk-de673fc-inner-blocks\">\n<h2 class=\"wp-block-heading\">LES NOUVEAUX MEMBRES<\/h2>\n\n\n\n<div class=\"container heading cf\">\n<div class=\"col-4-4 cf\">\n<h3><span style=\"color: revert; font-size: revert; font-weight: revert; text-align: var(--stk-alignment-text-align,start);\">DE 2020 \u2013 2021 \u00c0 2021 \u2013 2022, D\u2019UNE AG \u00c0 L\u2019AUTRE<\/span><\/h3>\n<\/div>\n<\/div>\n<div class=\"container cf\">\n<div class=\"col-4-4 cf\">\n<p><span style=\"font-family: arial, helvetica, sans-serif;\"><a href=\"https:\/\/centcols.org\/backup\/les-nouveaux-membres-etude-2\/\">Etude comparative : tranches d\u2019\u00e2ge, nationalit\u00e9s, vecteurs d\u2019adh\u00e9sion<\/a><\/span><\/p>\n<\/div>\n<\/div>\n<\/div><\/div><\/div>\n\n\n\n<div class=\"wp-block-stackable-column stk-block-column stk-column stk-block stk-e43a1d3\" data-v=\"4\" role=\"tabpanel\" data-block-id=\"e43a1d3\"><div class=\"stk-column-wrapper stk-block-column__content stk-container stk-e43a1d3-container stk--no-background stk--no-padding\"><div class=\"stk-block-content stk-inner-blocks stk-e43a1d3-inner-blocks\">\n<h2 class=\"wp-block-heading\">Le Challenge de France<\/h2>\n\n\n\n<p><a href=\"https:\/\/centcols.org\/backup\/le-club-des-cent-cols-remporte-le-challenge-de-france-2022\/\" target=\"_blank\" rel=\"noopener\" title=\"\">Le Club des Cent Cols remporte le Challenge de France 2022<\/a><\/p>\n\n\n\n<h2 class=\"wp-block-heading\">Les semaines f\u00e9d\u00e9rales<\/h2>\n\n\n\n<p><a href=\"https:\/\/centcols.org\/backup\/sf-2023\/\" target=\"_blank\" rel=\"noopener\" title=\"\">La semaine f\u00e9d\u00e9rale 2023<\/a> \u00e0 Pont-\u00e0-Mousson<\/p>\n\n\n\n<h2 class=\"wp-block-heading\">Les Semaines Europ\u00e9ennes<\/h2>\n\n\n\n<p>La <a href=\"https:\/\/centcols.org\/backup\/wp-content\/uploads\/2023\/04\/Cyclotourisme-FFCT-Plasencia.pdf\" target=\"_blank\" rel=\"noreferrer noopener\">pr\u00e9sentation de la 17\u00e8me Semaine Europ\u00e9enne de Plasencia<\/a> dans la revue Cyclotourisme de FFv\u00e9lo<\/p>\n\n\n\n<p><a href=\"https:\/\/centcols.org\/backup\/semaine-europeenne-a-plasencia-espagne-1er-au-8-juillet-2023\/\">La Semaine Europ\u00e9enne 2023 \u00e0 Plasencia (Espagne)<\/a><\/p>\n\n\n\n<h2 class=\"wp-block-heading\">L&#8217;Amicale des Cyclos Cardiaques<\/h2>\n\n\n\n<p><a href=\"https:\/\/centcols.org\/backup\/wp-content\/uploads\/2024\/04\/CoeurVelo-158-_compressed.pdf\">Bulletin N\u00b0158 Avril-Juin 2024<\/a><\/p>\n\n\n\n<p><a title=\"\" href=\"https:\/\/centcols.org\/backup\/wp-content\/uploads\/2024\/01\/CoeurVelo-157-compresse.pdf\">Bulletin N\u00b0157 Janvier-Mars 2024<\/a><\/p>\n<\/div><\/div><\/div>\n\n\n\n<div class=\"wp-block-stackable-column stk-block-column stk-column stk-block stk-669a5c9\" data-v=\"4\" role=\"tabpanel\" data-block-id=\"669a5c9\"><div class=\"stk-column-wrapper stk-block-column__content stk-container stk-669a5c9-container stk--no-background stk--no-padding\"><div class=\"stk-block-content stk-inner-blocks stk-669a5c9-inner-blocks\">\n<h2><span style=\"font-family: arial, helvetica, sans-serif; font-size: 18pt;\">Henri Dusseau a f\u00eat\u00e9 ses 90 ans au col de l&#8217;Iseran<\/span><\/h2>\n<p><span style=\"font-family: arial, helvetica, sans-serif;\"><a href=\"https:\/\/centcols.org\/backup\/wp-content\/uploads\/2023\/08\/Henri-Dusseau-90-2.jpg\"><img loading=\"lazy\" decoding=\"async\" class=\"size-full wp-image-76257 alignnone\" src=\"https:\/\/centcols.org\/backup\/wp-content\/uploads\/2023\/08\/Henri-Dusseau-90-2.jpg\" alt=\"\" width=\"222\" height=\"261\"><\/a><\/span><\/p>\n<p><span style=\"font-family: arial, helvetica, sans-serif;\"><a title=\"\" href=\"https:\/\/cyclotourisme-mag.com\/actus\/henri-dusseau-a-fete-ses-90-ans-au-col-de-liseran\/\" target=\"_blank\" rel=\"noopener\">CYCLOMAG <\/a>\u2013 6 ao\u00fbt 2023<\/span><\/p>\n<p><span style=\"font-family: arial, helvetica, sans-serif;\"><a title=\"\" href=\"https:\/\/photos.app.goo.gl\/aZHf1mTZVWMRqv9cA\" target=\"_blank\" rel=\"noopener\">L\u2019album photo <\/a>de R\u00e9gis Paraz<\/span><\/p>\n<h2 data-kb-block=\"kb-adv-heading69516_0ab62b-63\"><span style=\"font-family: arial, helvetica, sans-serif; font-size: 18pt;\">V\u00e9locio, ma\u00eetre \u00e0 penser du cyclotourisme<\/span><\/h2>\n<p><span style=\"font-family: arial, helvetica, sans-serif;\"><a title=\"\" href=\"https:\/\/centcols.org\/backup\/wp-content\/uploads\/2023\/08\/Liberation_2023_08_03-Velocio.png\" target=\"_blank\" rel=\"noopener\">Lib\u00e9ration <\/a>\u2013 3 ao\u00fbt 2023<\/span><\/p>\n<\/div><\/div><\/div>\n\n\n\n<div class=\"wp-block-stackable-column stk-block-column stk-column stk-block stk-4c9c651\" data-v=\"4\" role=\"tabpanel\" data-block-id=\"4c9c651\"><div class=\"stk-column-wrapper stk-block-column__content stk-container stk-4c9c651-container stk--no-background stk--no-padding\"><div class=\"stk-block-content stk-inner-blocks stk-4c9c651-inner-blocks\">\n<h2 class=\"wp-block-heading\">Publications sur le site<\/h2>\n\n\n\n<p><span style=\"font-family: arial, helvetica, sans-serif;\"><a href=\"\/bra-anecdotes\/\" target=\"_blank\" rel=\"noopener\">Anecdotes et histoires du BRA <\/a>&nbsp;par Lucien Chevalier (CC 1300)<\/span><\/p>\n<p><span style=\"font-family: arial, helvetica, sans-serif;\"><a href=\"https:\/\/centcols.org\/backup\/cent-cols-au-parpaillon-lintegrale-2\/\">La saga du Parpaillon \u2013 L\u2019int\u00e9grale (&amp; \u00e9pisode 6)<\/a> compilation Gerald Cowham (CC 5756)<\/span><\/p>\n<p><a href=\"https:\/\/centcols.org\/backup\/wp-content\/uploads\/2022\/12\/Les-cols-de-la-GTMC.pdf\" target=\"_blank\" rel=\"noopener\">La Grande Travers\u00e9e du Massif Central : les cols<\/a><\/p>\n<p><a title=\"\" href=\"https:\/\/centcols.org\/backup\/les-femmes-par-les-femmes-pour-les-femmes\/\" target=\"_blank\" rel=\"noopener\">Les femmes, par les femmes, pour les femmes<\/a> par Fran\u00e7oise Valluche (CC 6808)&nbsp;<\/p>\n<p><a href=\"https:\/\/centcols.org\/backup\/le-port-du-casque-obligatoire-a-velo\/\" target=\"_blank\" rel=\"noopener\">Le port du casque obligatoire \u00e0 v\u00e9lo ?<\/a> par Denis-Chouquet-Stringer (CC 6183)<\/p>\n\n\n\n<h2 class=\"wp-block-heading\">Livres \u00e9crits par des membres<\/h2>\n\n\n\n<div class=\"wp-block-stackable-posts alignwide stk-block-posts stk--has-container stk-block stk-49de791 is-style-default\" data-v=\"2\" data-block-id=\"49de791\"><style>.stk-49de791 .stk-img-wrapper{width:100% !important}<\/style><div class=\"stk-inner-blocks stk-content-align stk-49de791-column alignwide\"><div class=\"stk-block-posts__items\"><div class=\"stk-block-posts__item\"><div class=\"stk-container stk-49de791-container stk-hover-parent\"><article><h3 class=\"stk-block-posts__title\"><a href='https:\/\/centcols.org\/backup\/la-savoie-et-lisere-a-bicycle\/'>La Savoie et l&#8217;Is\u00e8re \u00e0 bicycle<\/a><\/h3><div class=\"stk-block-posts__category stk-subtitle\"><a href=\"https:\/\/centcols.org\/backup\/categorie\/gazette\/\" rel=\"category tag\">Gazette<\/a>, <a href=\"https:\/\/centcols.org\/backup\/categorie\/gazette\/lectures\/\" rel=\"category tag\">Lectures<\/a><\/div><a href=\"https:\/\/centcols.org\/backup\/la-savoie-et-lisere-a-bicycle\/\" class=\"stk-block-posts__image-link\"><figure class=\"stk-img-wrapper stk-image--shape-stretch\"><img loading=\"lazy\" decoding=\"async\" width=\"375\" height=\"500\" src=\"https:\/\/centcols.org\/backup\/wp-content\/uploads\/2023\/12\/Baroncelli-couverture-375x500.jpg\" class=\"attachment-medium size-medium wp-post-image\" alt=\"\" width=\"375\" height=\"500\" srcset=\"https:\/\/centcols.org\/backup\/wp-content\/uploads\/2023\/12\/Baroncelli-couverture-375x500.jpg 375w, https:\/\/centcols.org\/backup\/wp-content\/uploads\/2023\/12\/Baroncelli-couverture.jpg 600w\" sizes=\"(max-width: 375px) 100vw, 375px\" \/><\/figure><\/a><aside class=\"stk-block-posts__meta stk-subtitle\"><time datetime=\"2023-12-21T18:06:44+01:00\">21 d\u00e9cembre 2023<\/time><\/aside><div class=\"stk-block-posts__excerpt\"><p>En ao\u00fbt 1871, Adrien de Baroncelli, futur auteur de c\u00e9l\u00e8bres guides de voyages alors \u00e2g\u00e9 de dix-neuf ans, enfourche Frou-Frou, son fid\u00e8le \u00ab&nbsp;v\u00e9loce&nbsp;\u00bb et s&#8217;en va parcourir en solitaire les routes savoyardes et is\u00e9roises.R\u00e9pondant \u00e0 une sollicitation du r\u00e9dacteur du&#8230;<\/div><a class=\"stk-block-posts__readmore\" href=\"https:\/\/centcols.org\/backup\/la-savoie-et-lisere-a-bicycle\/\">Lire la suite<\/a><\/article><\/div><\/div><div class=\"stk-block-posts__item\"><div class=\"stk-container stk-49de791-container stk-hover-parent\"><article><h3 class=\"stk-block-posts__title\"><a href='https:\/\/centcols.org\/backup\/mon-tour-de-lhexagone-a-velo-7600-kilometres-le-long-des-frontieres-francaises\/'>Mon Tour de l&#8217;Hexagone \u00e0 V\u00e9lo -7600 kilom\u00e8tres le long des fronti\u00e8res fran\u00e7aises<\/a><\/h3><div class=\"stk-block-posts__category stk-subtitle\"><a href=\"https:\/\/centcols.org\/backup\/categorie\/gazette\/\" rel=\"category tag\">Gazette<\/a>, <a href=\"https:\/\/centcols.org\/backup\/categorie\/gazette\/lectures\/\" rel=\"category tag\">Lectures<\/a><\/div><a href=\"https:\/\/centcols.org\/backup\/mon-tour-de-lhexagone-a-velo-7600-kilometres-le-long-des-frontieres-francaises\/\" class=\"stk-block-posts__image-link\"><figure class=\"stk-img-wrapper stk-image--shape-stretch\"><img loading=\"lazy\" decoding=\"async\" width=\"500\" height=\"311\" src=\"https:\/\/centcols.org\/backup\/wp-content\/uploads\/2023\/12\/Couverture-Hexagone-500x311.png\" class=\"attachment-medium size-medium wp-post-image\" alt=\"\" width=\"500\" height=\"311\" srcset=\"https:\/\/centcols.org\/backup\/wp-content\/uploads\/2023\/12\/Couverture-Hexagone-500x311.png 500w, https:\/\/centcols.org\/backup\/wp-content\/uploads\/2023\/12\/Couverture-Hexagone-768x478.png 768w, https:\/\/centcols.org\/backup\/wp-content\/uploads\/2023\/12\/Couverture-Hexagone-600x374.png 600w, https:\/\/centcols.org\/backup\/wp-content\/uploads\/2023\/12\/Couverture-Hexagone.png 800w\" sizes=\"(max-width: 500px) 100vw, 500px\" \/><\/figure><\/a><aside class=\"stk-block-posts__meta stk-subtitle\"><time datetime=\"2023-12-21T17:53:24+01:00\">21 d\u00e9cembre 2023<\/time><\/aside><div class=\"stk-block-posts__excerpt\"><p>Je vous pr\u00e9sente &#8220;Mon Tour de l&#8217;Hexagone \u00e0 V\u00e9lo -7600 kilom\u00e8tres le long des fronti\u00e8res fran\u00e7aises&#8221;, beau livre grand format de 192 pages, illustr\u00e9 de plus de 320 photos, cartes et tableaux, qui vient d&#8217;\u00eatre publi\u00e9 par Chamina Edition et&#8230;<\/div><a class=\"stk-block-posts__readmore\" href=\"https:\/\/centcols.org\/backup\/mon-tour-de-lhexagone-a-velo-7600-kilometres-le-long-des-frontieres-francaises\/\">Lire la suite<\/a><\/article><\/div><\/div><\/div><div class=\"stk-inner-blocks\"><\/div><\/div><\/div>\n<\/div><\/div><\/div>\n<\/div><\/div>\n<\/div><\/div>\n","protected":false},"excerpt":{"rendered":"<p>Quoi d&#8217;neuf sur le site Activit\u00e9s Membres Le Carnet \u00c9chos du Club Du c\u00f4t\u00e9 des Partenaires La revue de Presse Lire, voir, relire, revoir Cols en vrac Le Col Luitel Enrico Alberini\u20147 mai 2024 Le&nbsp;Col Luitel&nbsp;(FR-38-1262), Pour un membre du club de Cent Cols, ce nom d\u00e9clenche un \u00ab&nbsp;tilt&nbsp;\u00bb puisque ce nom est li\u00e9 \u00e0 [&hellip;]<\/p>\n","protected":false},"author":17,"featured_media":0,"parent":0,"menu_order":0,"comment_status":"closed","ping_status":"closed","template":"","meta":{"_acf_changed":false,"ub_ctt_via":"","_monsterinsights_skip_tracking":false,"_monsterinsights_sitenote_active":false,"_monsterinsights_sitenote_note":"","_monsterinsights_sitenote_category":0,"footnotes":""},"acf":[],"featured_image_urls":{"full":"","thumbnail":"","medium":"","medium_large":"","large":"","1536x1536":"","2048x2048":"","woocommerce_thumbnail":"","woocommerce_single":"","woocommerce_gallery_thumbnail":""},"post_excerpt_stackable":"<p>Quoi d&#8217;neuf sur le siteActivit\u00e9s MembresLe Carnet\u00c9chos du ClubDu c\u00f4t\u00e9 des PartenairesLa revue de PresseLire, voir, relire, revoir Cols en vracLe Col LuitelEnrico Alberini\u20147 mai 2024Le&nbsp;Col Luitel&nbsp;(FR-38-1262), Pour un membre du club de Cent Cols, ce nom d\u00e9clenche un \u00ab&nbsp;tilt&nbsp;\u00bb puisque ce nom est li\u00e9 \u00e0 la cr\u00e9ation de la&#8230;Lire la suiteS\u00e9joursProjets et dates des s\u00e9jours \u00e0 venirChristophe Badonnel\u20147 mai 2024Cette rubrique a pour objet de tenir les membres inform\u00e9s des projets de s\u00e9jour \u00e0 venir, quel que soit leur \u00e9tat d&#8217;avancement, et d&#8217;en pr\u00e9ciser&#8230;Lire la suiteS\u00e9joursS\u00e9jour d\u2019automne et Assembl\u00e9e G\u00e9n\u00e9rale \u00e0 Bugeat (Corr\u00e8ze), 27 au 29 septembre 2024Christophe Badonnel\u20147\u2026<\/p>\n","category_list":"","author_info":{"name":"R\u00e9gis Paraz","url":"https:\/\/centcols.org\/backup\/author\/3225\/"},"comments_num":"0 commentaire","featured_image_urls_v2":{"full":"","thumbnail":"","medium":"","medium_large":"","large":"","1536x1536":"","2048x2048":"","woocommerce_thumbnail":"","woocommerce_single":"","woocommerce_gallery_thumbnail":""},"post_excerpt_stackable_v2":"<p>Quoi d&#8217;neuf sur le siteActivit\u00e9s MembresLe Carnet\u00c9chos du ClubDu c\u00f4t\u00e9 des PartenairesLa revue de PresseLire, voir, relire, revoir Cols en vracLe Col LuitelEnrico Alberini\u20147 mai 2024Le&nbsp;Col Luitel&nbsp;(FR-38-1262), Pour un membre du club de Cent Cols, ce nom d\u00e9clenche un \u00ab&nbsp;tilt&nbsp;\u00bb puisque ce nom est li\u00e9 \u00e0 la cr\u00e9ation de la&#8230;Lire la suiteS\u00e9joursProjets et dates des s\u00e9jours \u00e0 venirChristophe Badonnel\u20147 mai 2024Cette rubrique a pour objet de tenir les membres inform\u00e9s des projets de s\u00e9jour \u00e0 venir, quel que soit leur \u00e9tat d&#8217;avancement, et d&#8217;en pr\u00e9ciser&#8230;Lire la suiteS\u00e9joursS\u00e9jour d\u2019automne et Assembl\u00e9e G\u00e9n\u00e9rale \u00e0 Bugeat (Corr\u00e8ze), 27 au 29 septembre 2024Christophe Badonnel\u20147\u2026<\/p>\n","category_list_v2":"","author_info_v2":{"name":"R\u00e9gis Paraz","url":"https:\/\/centcols.org\/backup\/author\/3225\/"},"comments_num_v2":"0 commentaire","featured_image_src":null,"_links":{"self":[{"href":"https:\/\/centcols.org\/backup\/wp-json\/wp\/v2\/pages\/77813"}],"collection":[{"href":"https:\/\/centcols.org\/backup\/wp-json\/wp\/v2\/pages"}],"about":[{"href":"https:\/\/centcols.org\/backup\/wp-json\/wp\/v2\/types\/page"}],"author":[{"embeddable":true,"href":"https:\/\/centcols.org\/backup\/wp-json\/wp\/v2\/users\/17"}],"replies":[{"embeddable":true,"href":"https:\/\/centcols.org\/backup\/wp-json\/wp\/v2\/comments?post=77813"}],"version-history":[{"count":0,"href":"https:\/\/centcols.org\/backup\/wp-json\/wp\/v2\/pages\/77813\/revisions"}],"wp:attachment":[{"href":"https:\/\/centcols.org\/backup\/wp-json\/wp\/v2\/media?parent=77813"}],"curies":[{"name":"wp","href":"https:\/\/api.w.org\/{rel}","templated":true}]}}