{"id":78458,"date":"2023-12-14T09:14:10","date_gmt":"2023-12-14T08:14:10","guid":{"rendered":"https:\/\/centcols.org\/backup\/?page_id=78458"},"modified":"2024-04-18T00:21:07","modified_gmt":"2024-04-17T22:21:07","slug":"le-club-des-cent-cols-decembre-2023","status":"publish","type":"page","link":"https:\/\/centcols.org\/backup\/","title":{"rendered":"Le Club des Cent Cols"},"content":{"rendered":"\n<div class=\"wp-block-stackable-button-group aligncenter stk-block-button-group stk-block stk-109140c\" data-block-id=\"109140c\"><style>.stk-109140c{margin-bottom:2px !important}<\/style><div class=\"stk-row stk-inner-blocks has-text-align-right stk-block-content stk-button-group\">\n<div class=\"wp-block-stackable-button stk-block-button has-text-align-center stk-block stk-8b007b7\" data-block-id=\"8b007b7\"><style>.stk-8b007b7{border-top-left-radius:25px !important;border-top-right-radius:25px !important;border-bottom-right-radius:25px !important;border-bottom-left-radius:25px !important;overflow:hidden !important;box-shadow:none !important;align-items:flex-end !important;padding-top:0px !important;padding-right:0px !important;padding-bottom:0px !important;padding-left:0px !important;margin-top:-180px !important;display:flex !important}.stk-8b007b7 .stk-button{background:#3dab38 !important}<\/style><a class=\"stk-link stk-button stk--hover-effect-darken\" href=\"\/membres\/\" target=\"_blank\" rel=\"noreferrer noopener\"><span class=\"stk-button__inner-text\">Connexion Membre<\/span><\/a><\/div>\n<\/div><\/div>\n\n\n\n<div class=\"wp-block-columns is-layout-flex wp-container-core-columns-is-layout-1 wp-block-columns-is-layout-flex\">\n<div class=\"wp-block-column is-layout-flow wp-block-column-is-layout-flow\" style=\"flex-basis:15%\">\n<h2 class=\"wp-block-heading has-text-align-left\">Fond\u00e9 en 1972<\/h2>\n<\/div>\n\n\n\n<div class=\"wp-block-column is-layout-flow wp-block-column-is-layout-flow\" style=\"flex-basis:70%\">\n<p style=\"text-align: justify;\">Nous sommes une association de cyclotouristes, adh\u00e9rente \u00e0 la\u00a0<a href=\"http:\/\/www.ffct.org\/\" target=\"_blank\" rel=\"noopener noreferrer\">F\u00e9d\u00e9ration Fran\u00e7aise de Cyclotourisme<\/a>\u00a0(FFCT), amoureux du v\u00e9lo en montagne et nous souhaitons consacrer nos rubriques, directement ou indirectement, uniquement \u00e0 ce sujet. Notre Confr\u00e9rie accepte toute pratique v\u00e9locip\u00e9dique dans le respect de notre\u00a0R\u00e8gle du Jeu.<br \/>Pour entrer au Club des Cent Cols, il faut avoir franchi \u00e0 bicyclette au moins cent cols diff\u00e9rents, dont cinq cols \u00e0 plus de 2000 m pour chaque centaine propos\u00e9e<br \/><a class=\"btn-arrow\" href=\"\/annexe\/\" target=\"_blank\" rel=\"noopener\">En savoir plus<\/a><\/p>\n<\/div>\n\n\n\n<div class=\"wp-block-column is-layout-flow wp-block-column-is-layout-flow\" style=\"flex-basis:15%\">\n<div class=\"wp-block-column is-layout-flow wp-block-column-is-layout-flow\">\n<div class=\"wp-block-columns is-layout-flex wp-container-56 wp-block-columns-is-layout-flex\">\n<div class=\"wp-block-column is-vertically-aligned-top is-layout-flow wp-block-column-is-layout-flow\">\n<p style=\"text-align: center;\"><strong><a href=\"\/regle-du-jeu\/\" target=\"_blank\" rel=\"noopener\">R\u00e8gle du jeu<\/a><\/strong><\/p>\n<p style=\"text-align: center;\"><strong><a href=\"\/historique-cent-cols-3\/\" target=\"_blank\" rel=\"noopener\">50 ans d&#8217;histoire<\/a><\/strong><\/p>\n<p style=\"text-align: center;\"><strong><a href=\"\/diaporama\/\" target=\"_blank\" rel=\"noopener\">Diaporama de pr\u00e9sentation<\/a><\/strong><\/p>\n<\/div>\n<\/div>\n<\/div>\n<\/div>\n<\/div>\n\n\n\n<div class=\"wp-block-columns is-layout-flex wp-container-core-columns-is-layout-2 wp-block-columns-is-layout-flex\">\n<div class=\"wp-block-column is-layout-flow wp-block-column-is-layout-flow\" style=\"flex-basis:50%\">\n<figure class=\"wp-block-gallery has-nested-images columns-2 is-cropped wp-block-gallery-1 is-layout-flex wp-block-gallery-is-layout-flex\">\n<figure class=\"wp-block-image size-full\"><a href=\"\/comment-faire-2\/\" target=\"_blank\" rel=\"noreferrer noopener\"><img loading=\"lazy\" decoding=\"async\" width=\"600\" height=\"800\" src=\"https:\/\/centcols.org\/backup\/wp-content\/uploads\/2023\/12\/accueil-rejoignez-nous.jpg\" alt=\"\" class=\"wp-image-78446\" srcset=\"https:\/\/centcols.org\/backup\/wp-content\/uploads\/2023\/12\/accueil-rejoignez-nous.jpg 600w, https:\/\/centcols.org\/backup\/wp-content\/uploads\/2023\/12\/accueil-rejoignez-nous-375x500.jpg 375w\" sizes=\"(max-width: 600px) 100vw, 600px\" \/><\/a><\/figure>\n\n\n\n<figure class=\"wp-block-image size-full\"><a href=\"\/randonner\/\" target=\"_blank\" rel=\"noreferrer noopener\"><img loading=\"lazy\" decoding=\"async\" width=\"600\" height=\"800\" src=\"https:\/\/centcols.org\/backup\/wp-content\/uploads\/2023\/12\/accueil-randonnez02.jpg\" alt=\"\" class=\"wp-image-78547\" srcset=\"https:\/\/centcols.org\/backup\/wp-content\/uploads\/2023\/12\/accueil-randonnez02.jpg 600w, https:\/\/centcols.org\/backup\/wp-content\/uploads\/2023\/12\/accueil-randonnez02-375x500.jpg 375w\" sizes=\"(max-width: 600px) 100vw, 600px\" \/><\/a><\/figure>\n<\/figure>\n\n\n<div class=\"wp-block-image\">\n<figure class=\"aligncenter size-full is-resized\"><a href=\"\/la-gazette\/\" target=\"_blank\" rel=\"noreferrer noopener\"><img loading=\"lazy\" decoding=\"async\" width=\"600\" height=\"800\" src=\"https:\/\/centcols.org\/backup\/wp-content\/uploads\/2023\/12\/Gazette.jpg\" alt=\"\" class=\"wp-image-78440\" style=\"object-fit:contain;width:288px;height:411px\" srcset=\"https:\/\/centcols.org\/backup\/wp-content\/uploads\/2023\/12\/Gazette.jpg 600w, https:\/\/centcols.org\/backup\/wp-content\/uploads\/2023\/12\/Gazette-375x500.jpg 375w\" sizes=\"(max-width: 600px) 100vw, 600px\" \/><\/a><\/figure><\/div><\/div>\n\n\n\n<div class=\"wp-block-column is-layout-flow wp-block-column-is-layout-flow\" style=\"flex-basis:50%\">\n<h1 class=\"wp-block-heading has-text-align-left\">\u00c0 la Une<\/h1>\n\n\n\n<h2 class=\"wp-block-heading\">D\u00e9c\u00e8s de Jean Perdoux<\/h2>\n\n\n\n<p>Jean Perdoux, pr\u00e9sident fondateur du Club des Cent Cols est d\u00e9c\u00e9d\u00e9 le 13 mars \u00e0 l&#8217;\u00e2ge de 87 ans. C&#8217;est une longue page de l&#8217;histoire du Club des Cent Cols qui se tourne. Nous avons perdu notre guide, pas ses id\u00e9es.<br><\/p>\n\n\n\n<h2 class=\"wp-block-heading\">Rassemblements r\u00e9gionaux 2024<\/h2>\n\n\n\n<p>La liste des rassemblements r\u00e9gionaux est en ligne, voir <a href=\"\/rassemblements-regionaux-2024\/\">ici<\/a><\/p>\n\n\n\n<h2 class=\"wp-block-heading\">Assembl\u00e9e G\u00e9n\u00e9rale 2024<\/h2>\n\n\n\n<p class=\"has-background\" style=\"background-color:#e4e4e4\">La date de l&#8217;assembl\u00e9e g\u00e9n\u00e9rale a \u00e9t\u00e9 modifi\u00e9e : ce sera le 28 septembre 2024 et non le 5 octobre comme c&#8217;\u00e9tait initialement pr\u00e9vu.<\/p>\n\n\n\n<h2 class=\"wp-block-heading\">Nouveaux animateurs r\u00e9gionaux<\/h2>\n\n\n\n<div class=\"wp-block-theme-enfant-accordion-block accordion-block\"><p class=\"content1\">Alain BENOIST (CC 5663 et DT zone 04SW) et Alain THIBON (CC 3723) remplaceront Jean-Marie GILLOUIN dans l\u2019organisation de la rencontre r\u00e9gionale DAV Dr\u00f4me &#8211; Ard\u00e8che &#8211; Vaucluse. Un grand merci \u00e0 Jean-Marie pour tout ce qu\u2019il a fait pour le Club.<\/p><a href=\"#\" class=\"toggle-link\">Afficher plus<\/a><p class=\"content2\">Pierre BRIVET (CC 601) remplace Philippe CHAZOTTIER (CC 5178) dans l\u2019organisation de la rencontre r\u00e9gionale Massif Central-Est. Un grand merci \u00e0 Philippe pour tout ce qu\u2019il a fait pour le Club.<br>La rencontre r\u00e9gionale Alpes du Nord sera \u00e0 notre programme d\u00e8s 2024 dans l\u2019Ain. Alain GUILLAUD-BACHET (CC 6270) rejoint Guy HARL\u00c9 (CC 5193) et Bernard VIEILLARD (CC 1355). Un grand merci \u00e0 Raymond BARBIER pour tout ce qu\u2019il a fait pour le Club.<\/p><a href=\"#\" class=\"toggle-link\">Afficher moins<\/a><\/div>\n\n\n\n<h2 class=\"wp-block-heading\">Nouveau tutoriel pour la d\u00e9claration officielle des cols<\/h2>\n\n\n\n<div class=\"wp-block-theme-enfant-accordion-block accordion-block\"><p class=\"content1\">Un nouveau tutoriel pour la d\u00e9claration officielle des cols <a href=\"\/tuto-declaration-cols\/\" target=\"_blank\" rel=\"noreferrer noopener\">https:\/\/centcols.org\/backup\/tuto-declaration-cols\/<\/a> est disponible sur notre site, on le retrouve dans les rubriques suivantes.<\/p><a href=\"#\" class=\"toggle-link\">Afficher plus<\/a><p class=\"content2\">\u2013 Dans l\u2019en-t\u00eate de la\u00a0<a href=\"\/membres\/cols\/declcols.php\" target=\"_blank\" rel=\"noreferrer noopener\">D\u00c9CLARATION OFFICIELLE<\/a><br> \u2013 Dans le premier paragraphe des <a href=\"\/declaration-en-ligne\/\" target=\"_blank\" rel=\"noreferrer noopener\">INSTRUCTIONS D\u00c9TAILL\u00c9ES<\/a> pour la d\u00e9claration officielle<br>\u00a0 \u2013 Dans la <a href=\"https:\/\/centcols.org\/backup\/boite-a-outils\/\" target=\"_blank\" rel=\"noreferrer noopener\">BO\u00ceTE \u00c0 OUTILS<\/a>.<\/p><a href=\"#\" class=\"toggle-link\">Afficher moins<\/a><\/div>\n<\/div>\n<\/div>\n\n\n\n<div class=\"wp-block-columns is-layout-flex wp-container-core-columns-is-layout-3 wp-block-columns-is-layout-flex\">\n<div class=\"wp-block-column is-layout-flow wp-block-column-is-layout-flow\">\n<h2 class=\"wp-block-heading\">Calendrier pr\u00e9visionnel 2024<\/h2>\n\n\n\n<blockquote class=\"wp-block-quote is-layout-flow wp-block-quote-is-layout-flow\">\n<p>Sur cette page, ne figurent que les grands rendez-vous. Pour avoir acc\u00e8s au calendrier de l&#8217;ann\u00e9e, avec les rassemblements r\u00e9gionaux notamment (qui seront saisis au-fur et \u00e0 mesure de leur programmation), <a href=\"\/calendrier-general\/?annee=2024\" target=\"_blank\" rel=\"noopener\" title=\"\">cliquer ici<\/a>.<\/p>\n<\/blockquote>\n\n\n\n<p>S\u00e9jour de printemps, VTT, route, gravel, Porticcio, Corse, 20 au 27 avril 2024<br>S\u00e9jour d\u2019\u00e9t\u00e9, VTT, route, gravel, Vog\u00fc\u00e9, Ard\u00e8che \u2013 France, 29 juin au 6 juillet 2024<br>Assembl\u00e9e G\u00e9n\u00e9rale du club, Bugeat, France \u2013 Corr\u00e8ze, 27 au 29 septembre 2024<\/p>\n\n\n\n<h2 class=\"wp-block-heading\">Semaine F\u00e9d\u00e9rale FFCT<\/h2>\n\n\n\n<p><a href=\"https:\/\/www.cycloroanne2024.fr\/\" target=\"_blank\" rel=\"noopener\">Du 20 au 28 juillet 2024 \u00e0 Roanne<\/a><\/p>\n<\/div>\n\n\n\n<div class=\"wp-block-column is-layout-flow wp-block-column-is-layout-flow\">\n<h2 class=\"wp-block-heading\">Les cyclomontagnardes 2024<\/h2>\n\n\n\n<p>Cyclomontagnarde du Jura du 15 au 16 juin 2024<\/p>\n\n\n\n<p>Cyclomontagnarde Luchon &#8211; Bayonne du 15 au 16 juin 2024<\/p>\n\n\n\n<p>Cyclomontagnarde Vosges &#8211; Alsace du 22 au 23 juin 2024<\/p>\n\n\n\n<p>Cyclomontagnarde de Annecy du 29 au 30 juin 2024<\/p>\n<\/div>\n<\/div>\n\n\n\n<div class=\"wp-block-stackable-spacer stk-block-spacer stk--no-padding stk-block stk-cb03399\" data-block-id=\"cb03399\"><\/div>\n\n\n\n<h2 class=\"wp-block-heading has-text-align-center\">Nos partenaires<\/h2>\n\n\n\n<div class=\"wp-block-stackable-columns alignwide stk-block-columns stk-block stk-1cc382a\" data-block-id=\"1cc382a\"><div class=\"stk-row stk-inner-blocks has-text-align-center stk-block-content stk-content-align stk-1cc382a-column alignwide\">\n<div class=\"wp-block-stackable-column stk-block-column stk-column stk-block stk-05d5330\" data-v=\"4\" data-block-id=\"05d5330\"><style>@media screen and (min-width:768px){.stk-05d5330{flex:var(--stk-flex-grow,1) 1 calc(25% - var(--stk-column-gap,0px) * 3 \/ 4 ) !important}}<\/style><div class=\"stk-column-wrapper stk-block-column__content stk-container stk-05d5330-container stk--no-background stk--no-padding\"><div class=\"has-text-align-center stk-block-content stk-inner-blocks stk-05d5330-inner-blocks\"><div class=\"wp-block-image\">\n<figure class=\"aligncenter size-large is-resized\"><img decoding=\"async\" src=\"\/wp-content\/uploads\/2023\/12\/FFCT-4.png\" alt=\"\" style=\"object-fit:contain;width:140px;height:140px\"\/><figcaption class=\"wp-element-caption\"><a href=\"\/le-partenariat-club-des-cent-cols-federation-francaise-de-cyclotourisme\/\" target=\"_blank\" rel=\"noopener\" title=\"\">F\u00e9d\u00e9ration Fran\u00e7aise de Cyclotourisme<\/a><\/figcaption><\/figure><\/div><\/div><\/div><\/div>\n\n\n\n<div class=\"wp-block-stackable-column stk-block-column stk-column stk-block stk-34ec6d7\" data-v=\"4\" data-block-id=\"34ec6d7\"><style>@media screen and (min-width:768px){.stk-34ec6d7{flex:var(--stk-flex-grow,1) 1 calc(25% - var(--stk-column-gap,0px) * 3 \/ 4 ) !important}}<\/style><div class=\"stk-column-wrapper stk-block-column__content stk-container stk-34ec6d7-container stk--no-background stk--no-padding\"><div class=\"stk-block-content stk-inner-blocks stk-34ec6d7-inner-blocks\"><div class=\"wp-block-image\">\n<figure class=\"aligncenter size-full is-resized\"><img loading=\"lazy\" decoding=\"async\" width=\"288\" height=\"288\" src=\"https:\/\/centcols.org\/backup\/wp-content\/uploads\/2023\/12\/FECT-4.jpg\" alt=\"\" class=\"wp-image-78398\" style=\"object-fit:contain;width:140px;height:140px\" srcset=\"https:\/\/centcols.org\/backup\/wp-content\/uploads\/2023\/12\/FECT-4.jpg 288w, https:\/\/centcols.org\/backup\/wp-content\/uploads\/2023\/12\/FECT-4-100x100.jpg 100w\" sizes=\"(max-width: 288px) 100vw, 288px\" \/><figcaption class=\"wp-element-caption\"><a href=\"\/le-partenariat-entre-la-federation-espagnole-de-cyclotourisme-et-le-club-des-cent-cols\/\" target=\"_blank\" rel=\"noopener\" title=\"\">F\u00e9d\u00e9ration Espagnole de Cyclotourisme<\/a><\/figcaption><\/figure><\/div><\/div><\/div><\/div>\n\n\n\n<div class=\"wp-block-stackable-column stk-block-column stk-column stk-block stk-dafe4e3\" data-v=\"4\" data-block-id=\"dafe4e3\"><style>@media screen and (min-width:768px){.stk-dafe4e3{flex:var(--stk-flex-grow,1) 1 calc(25% - var(--stk-column-gap,0px) * 3 \/ 4 ) !important}}<\/style><div class=\"stk-column-wrapper stk-block-column__content stk-container stk-dafe4e3-container stk--no-background stk--no-padding\"><div class=\"stk-block-content stk-inner-blocks stk-dafe4e3-inner-blocks\"><div class=\"wp-block-image\">\n<figure class=\"aligncenter size-full is-resized\"><img loading=\"lazy\" decoding=\"async\" width=\"183\" height=\"180\" src=\"https:\/\/centcols.org\/backup\/wp-content\/uploads\/2023\/12\/OR-4.jpg\" alt=\"\" class=\"wp-image-78428\" style=\"object-fit:contain;width:140px;height:140px\"\/><figcaption class=\"wp-element-caption\"><a href=\"\/openrunner-et-le-club-des-cent-cols\/\" target=\"_blank\" rel=\"noopener\" title=\"\">Openrunner<\/a><\/figcaption><\/figure><\/div><\/div><\/div><\/div>\n\n\n\n<div class=\"wp-block-stackable-column stk-block-column stk-column stk-block stk-0c82fce\" data-v=\"4\" data-block-id=\"0c82fce\"><style>@media screen and (min-width:768px){.stk-0c82fce{flex:var(--stk-flex-grow,1) 1 calc(25% - var(--stk-column-gap,0px) * 3 \/ 4 ) !important}}<\/style><div class=\"stk-column-wrapper stk-block-column__content stk-container stk-0c82fce-container stk--no-background stk--no-padding\"><div class=\"stk-block-content stk-inner-blocks stk-0c82fce-inner-blocks\">\n<figure class=\"wp-block-image size-full is-resized\"><img loading=\"lazy\" decoding=\"async\" width=\"522\" height=\"221\" src=\"https:\/\/centcols.org\/backup\/wp-content\/uploads\/2023\/12\/UECT-3.jpg\" alt=\"\" class=\"wp-image-78434\" style=\"aspect-ratio:1;object-fit:contain;width:auto;height:140px\" srcset=\"https:\/\/centcols.org\/backup\/wp-content\/uploads\/2023\/12\/UECT-3.jpg 522w, https:\/\/centcols.org\/backup\/wp-content\/uploads\/2023\/12\/UECT-3-500x212.jpg 500w\" sizes=\"(max-width: 522px) 100vw, 522px\" \/><figcaption class=\"wp-element-caption\"><a href=\"\/lunion-europeenne-de-cyclotourisme-uect\/\" target=\"_blank\" rel=\"noopener\" title=\"\">Union Europ\u00e9enne de Cyclotourisme<\/a><\/figcaption><\/figure>\n<\/div><\/div><\/div>\n<\/div><\/div>\n\n\n\n<div class=\"wp-block-stackable-spacer stk-block-spacer stk--no-padding stk-block stk-55bedfe\" data-block-id=\"55bedfe\"><\/div>\n\n\n\n<h2 class=\"wp-block-heading has-text-align-center\">Dossiers de presse<\/h2>\n\n\n\n<div class=\"wp-block-stackable-columns alignwide stk-block-columns stk-block stk-dd88c00\" data-block-id=\"dd88c00\"><div class=\"stk-row stk-inner-blocks has-text-align-center stk-block-content stk-content-align stk-dd88c00-column alignwide\">\n<div class=\"wp-block-stackable-column stk-block-column stk-column stk-block stk-3b96d22\" data-v=\"4\" data-block-id=\"3b96d22\"><div class=\"stk-column-wrapper stk-block-column__content stk-container stk-3b96d22-container stk--no-background stk--no-padding\"><div class=\"stk-block-content stk-inner-blocks stk-3b96d22-inner-blocks\">\n<figure class=\"wp-block-image size-large\"><img decoding=\"async\" src=\"\/wp-content\/uploads\/2023\/12\/drapeaufr.png\" alt=\"\"\/><figcaption class=\"wp-element-caption\"><a href=\"\/dossier-presse\/\" target=\"_blank\" rel=\"noopener\" title=\"\">Dossier de presse<\/a><\/figcaption><\/figure>\n<\/div><\/div><\/div>\n\n\n\n<div class=\"wp-block-stackable-column stk-block-column stk-column stk-block stk-1b28639\" data-v=\"4\" data-block-id=\"1b28639\"><div class=\"stk-column-wrapper stk-block-column__content stk-container stk-1b28639-container stk--no-background stk--no-padding\"><div class=\"stk-block-content stk-inner-blocks stk-1b28639-inner-blocks\">\n<figure class=\"wp-block-image size-full\"><img loading=\"lazy\" decoding=\"async\" width=\"216\" height=\"125\" src=\"https:\/\/centcols.org\/backup\/wp-content\/uploads\/2023\/12\/drapeaugb.png\" alt=\"\" class=\"wp-image-78380\"\/><figcaption class=\"wp-element-caption\"><a href=\"\/en\/press-pack\/\" target=\"_blank\" rel=\"noopener\" title=\"\">Press pack<\/a><\/figcaption><\/figure>\n<\/div><\/div><\/div>\n\n\n\n<div class=\"wp-block-stackable-column stk-block-column stk-column stk-block stk-89a7d74\" data-v=\"4\" data-block-id=\"89a7d74\"><div class=\"stk-column-wrapper stk-block-column__content stk-container stk-89a7d74-container stk--no-background stk--no-padding\"><div class=\"stk-block-content stk-inner-blocks stk-89a7d74-inner-blocks\">\n<figure class=\"wp-block-image size-large\"><img decoding=\"async\" src=\"\/wp-content\/uploads\/2023\/12\/drapeauit.png\" alt=\"\"\/><figcaption class=\"wp-element-caption\"><a href=\"\/it\/dossier-di-stampa\/\" target=\"_blank\" rel=\"noopener\" title=\"\">Dossier di Stampa<\/a><\/figcaption><\/figure>\n<\/div><\/div><\/div>\n\n\n\n<div class=\"wp-block-stackable-column stk-block-column stk-column stk-block stk-d9c9128\" data-v=\"4\" data-block-id=\"d9c9128\"><div class=\"stk-column-wrapper stk-block-column__content stk-container stk-d9c9128-container stk--no-background stk--no-padding\"><div class=\"stk-block-content stk-inner-blocks stk-d9c9128-inner-blocks\">\n<figure class=\"wp-block-image size-large\"><img decoding=\"async\" src=\"\/wp-content\/uploads\/2023\/12\/drapeaude.png\" alt=\"\"\/><figcaption class=\"wp-element-caption\"><a href=\"\/pressemappe\/\" target=\"_blank\" rel=\"noopener\" title=\"\">Pressemappe<\/a><\/figcaption><\/figure>\n<\/div><\/div><\/div>\n\n\n\n<div class=\"wp-block-stackable-column stk-block-column stk-column stk-block stk-68c52ac\" data-v=\"4\" data-block-id=\"68c52ac\"><div class=\"stk-column-wrapper stk-block-column__content stk-container stk-68c52ac-container stk--no-background stk--no-padding\"><div class=\"stk-block-content stk-inner-blocks stk-68c52ac-inner-blocks\">\n<figure class=\"wp-block-image size-large\"><img decoding=\"async\" src=\"\/wp-content\/uploads\/2023\/12\/drapeaues.png\" alt=\"\"\/><figcaption class=\"wp-element-caption\"><a href=\"\/archivo-prensa\/\" target=\"_blank\" rel=\"noopener\" title=\"\">Archivo prensa<\/a><\/figcaption><\/figure>\n<\/div><\/div><\/div>\n\n\n\n<div class=\"wp-block-stackable-column stk-block-column stk-column stk-block stk-c1bb339\" data-v=\"4\" data-block-id=\"c1bb339\"><div class=\"stk-column-wrapper stk-block-column__content stk-container stk-c1bb339-container stk--no-background stk--no-padding\"><div class=\"stk-block-content stk-inner-blocks stk-c1bb339-inner-blocks\">\n<figure class=\"wp-block-image size-large\"><img decoding=\"async\" src=\"\/wp-content\/uploads\/2023\/12\/drapeaunl.png\" alt=\"\"\/><figcaption class=\"wp-element-caption\"><a href=\"\/persdossier\/\" target=\"_blank\" rel=\"noopener\" title=\"\">Persmap<\/a><\/figcaption><\/figure>\n<\/div><\/div><\/div>\n<\/div><\/div>\n","protected":false},"excerpt":{"rendered":"<p>Connexion Membre Fond\u00e9 en 1972 Nous sommes une association de cyclotouristes, adh\u00e9rente \u00e0 la\u00a0F\u00e9d\u00e9ration Fran\u00e7aise de Cyclotourisme\u00a0(FFCT), amoureux du v\u00e9lo en montagne et nous souhaitons consacrer nos rubriques, directement ou indirectement, uniquement \u00e0 ce sujet. Notre Confr\u00e9rie accepte toute pratique v\u00e9locip\u00e9dique dans le respect de notre\u00a0R\u00e8gle du Jeu.Pour entrer au Club des Cent Cols, il [&hellip;]<\/p>\n","protected":false},"author":17,"featured_media":0,"parent":0,"menu_order":0,"comment_status":"closed","ping_status":"closed","template":"","meta":{"_acf_changed":false,"ub_ctt_via":"","_monsterinsights_skip_tracking":false,"_monsterinsights_sitenote_active":false,"_monsterinsights_sitenote_note":"","_monsterinsights_sitenote_category":0,"footnotes":""},"acf":[],"featured_image_urls":{"full":"","thumbnail":"","medium":"","medium_large":"","large":"","1536x1536":"","2048x2048":"","woocommerce_thumbnail":"","woocommerce_single":"","woocommerce_gallery_thumbnail":""},"post_excerpt_stackable":"<p>Connexion Membre Fond\u00e9 en 1972 Nous sommes une association de cyclotouristes, adh\u00e9rente \u00e0 la\u00a0F\u00e9d\u00e9ration Fran\u00e7aise de Cyclotourisme\u00a0(FFCT), amoureux du v\u00e9lo en montagne et nous souhaitons consacrer nos rubriques, directement ou indirectement, uniquement \u00e0 ce sujet. Notre Confr\u00e9rie accepte toute pratique v\u00e9locip\u00e9dique dans le respect de notre\u00a0R\u00e8gle du Jeu.Pour entrer au Club des Cent Cols, il faut avoir franchi \u00e0 bicyclette au moins cent cols diff\u00e9rents, dont cinq cols \u00e0 plus de 2000 m pour chaque centaine propos\u00e9eEn savoir plus R\u00e8gle du jeu 50 ans d&#8217;histoire Diaporama de pr\u00e9sentation \u00c0 la Une D\u00e9c\u00e8s de Jean Perdoux Jean Perdoux, pr\u00e9sident fondateur du\u2026<\/p>\n","category_list":"","author_info":{"name":"R\u00e9gis Paraz","url":"https:\/\/centcols.org\/backup\/author\/3225\/"},"comments_num":"0 commentaire","featured_image_urls_v2":{"full":"","thumbnail":"","medium":"","medium_large":"","large":"","1536x1536":"","2048x2048":"","woocommerce_thumbnail":"","woocommerce_single":"","woocommerce_gallery_thumbnail":""},"post_excerpt_stackable_v2":"<p>Connexion Membre Fond\u00e9 en 1972 Nous sommes une association de cyclotouristes, adh\u00e9rente \u00e0 la\u00a0F\u00e9d\u00e9ration Fran\u00e7aise de Cyclotourisme\u00a0(FFCT), amoureux du v\u00e9lo en montagne et nous souhaitons consacrer nos rubriques, directement ou indirectement, uniquement \u00e0 ce sujet. Notre Confr\u00e9rie accepte toute pratique v\u00e9locip\u00e9dique dans le respect de notre\u00a0R\u00e8gle du Jeu.Pour entrer au Club des Cent Cols, il faut avoir franchi \u00e0 bicyclette au moins cent cols diff\u00e9rents, dont cinq cols \u00e0 plus de 2000 m pour chaque centaine propos\u00e9eEn savoir plus R\u00e8gle du jeu 50 ans d&#8217;histoire Diaporama de pr\u00e9sentation \u00c0 la Une D\u00e9c\u00e8s de Jean Perdoux Jean Perdoux, pr\u00e9sident fondateur du\u2026<\/p>\n","category_list_v2":"","author_info_v2":{"name":"R\u00e9gis Paraz","url":"https:\/\/centcols.org\/backup\/author\/3225\/"},"comments_num_v2":"0 commentaire","featured_image_src":null,"_links":{"self":[{"href":"https:\/\/centcols.org\/backup\/wp-json\/wp\/v2\/pages\/78458"}],"collection":[{"href":"https:\/\/centcols.org\/backup\/wp-json\/wp\/v2\/pages"}],"about":[{"href":"https:\/\/centcols.org\/backup\/wp-json\/wp\/v2\/types\/page"}],"author":[{"embeddable":true,"href":"https:\/\/centcols.org\/backup\/wp-json\/wp\/v2\/users\/17"}],"replies":[{"embeddable":true,"href":"https:\/\/centcols.org\/backup\/wp-json\/wp\/v2\/comments?post=78458"}],"version-history":[{"count":0,"href":"https:\/\/centcols.org\/backup\/wp-json\/wp\/v2\/pages\/78458\/revisions"}],"wp:attachment":[{"href":"https:\/\/centcols.org\/backup\/wp-json\/wp\/v2\/media?parent=78458"}],"curies":[{"name":"wp","href":"https:\/\/api.w.org\/{rel}","templated":true}]}}