{"id":80152,"date":"2024-03-01T19:43:34","date_gmt":"2024-03-01T18:43:34","guid":{"rendered":"https:\/\/centcols.org\/backup\/?page_id=80152"},"modified":"2024-03-02T19:54:58","modified_gmt":"2024-03-02T18:54:58","slug":"les-autres-benevoles","status":"publish","type":"page","link":"https:\/\/centcols.org\/backup\/les-autres-benevoles\/","title":{"rendered":"Les autres b\u00e9n\u00e9voles"},"content":{"rendered":"\n<p>Au Club des Cent Cols, outre le Conseil d&#8217;administration de nombreux b\u00e9n\u00e9voles \u0153uvrent tout au long de l&#8217;ann\u00e9e. Que ce soit dans des groupes de travail ou dans des t\u00e2ches bien pr\u00e9cises, ils contribuent activement au fonctionnement et au rayonnement du club.<\/p>\n\n\n\n<h2 class=\"wp-block-heading\">Groupes de travail catalogues de cols<\/h2>\n\n\n\n<p>Ils \u00e9tudient les cartes, les cadastres, les guides et les propositions des membres pour mettre \u00e0 jour les catalogues de cols.<\/p>\n\n\n\n<h3 class=\"wp-block-heading has-text-align-center\">Coordination des Groupes de Travail \/ CA \/ Informaticiens<\/h3>\n\n\n\n<div class=\"wp-block-group has-background\" style=\"background-color:#f6f6f6\"><div class=\"wp-block-group__inner-container is-layout-constrained wp-block-group-is-layout-constrained\">\n<div style=\"height:20px\" aria-hidden=\"true\" class=\"wp-block-spacer\"><\/div>\n\n\n<div class=\"wp-block-image is-style-rounded\">\n<figure class=\"aligncenter size-full is-resized\"><img loading=\"lazy\" decoding=\"async\" width=\"300\" height=\"400\" src=\"https:\/\/centcols.org\/backup\/wp-content\/uploads\/2024\/03\/GAC.jpg\" alt=\"\" class=\"wp-image-80176\" style=\"width:120px\"\/><\/figure><\/div>\n\n\n<h3 class=\"wp-block-heading has-text-align-center\">Graham Cutting (N\u00b0 4927)<\/h3>\n\n\n\n<p class=\"has-text-align-center has-small-font-size\">Coordinateur GT<br>73 Bourdeau<br>FRANCE<\/p>\n\n\n\n<p class=\"has-text-align-center has-small-font-size\"><a href=\"mailto:president@centcols.net\">cols@centcols.net<\/a><\/p>\n<\/div><\/div>\n\n\n\n<h3 class=\"wp-block-heading has-text-align-center\">Allemagne<\/h3>\n\n\n\n<div style=\"height:20px\" aria-hidden=\"true\" class=\"wp-block-spacer\"><\/div>\n\n\n\n<div class=\"wp-block-columns is-layout-flex wp-container-core-columns-is-layout-1 wp-block-columns-is-layout-flex\">\n<div class=\"wp-block-column is-layout-flow wp-block-column-is-layout-flow\">\n<div class=\"wp-block-group has-background\" style=\"background-color:#f6f6f6\"><div class=\"wp-block-group__inner-container is-layout-constrained wp-block-group-is-layout-constrained\">\n<div style=\"height:20px\" aria-hidden=\"true\" class=\"wp-block-spacer\"><\/div>\n\n\n<div class=\"wp-block-image is-style-rounded\">\n<figure class=\"aligncenter size-full is-resized\"><img loading=\"lazy\" decoding=\"async\" width=\"200\" height=\"253\" src=\"https:\/\/centcols.org\/backup\/wp-content\/uploads\/2024\/03\/vorberg.jpg\" alt=\"\" class=\"wp-image-80169\" style=\"width:126px;height:auto\"\/><\/figure><\/div>\n\n\n<h3 class=\"wp-block-heading has-text-align-center\">Ludger Vorberg (N\u00b0 4898)<\/h3>\n\n\n\n<p class=\"has-text-align-center has-small-font-size\">Membre GT<br>Merzhausen<br>ALLEMAGNE\/DEUTSCHLAND \/GERMANY<\/p>\n<\/div><\/div>\n<\/div>\n\n\n\n<div class=\"wp-block-column is-layout-flow wp-block-column-is-layout-flow\">\n<div class=\"wp-block-group has-background\" style=\"background-color:#f6f6f6\"><div class=\"wp-block-group__inner-container is-layout-constrained wp-block-group-is-layout-constrained\">\n<div style=\"height:20px\" aria-hidden=\"true\" class=\"wp-block-spacer\"><\/div>\n\n\n<div class=\"wp-block-image is-style-rounded\">\n<figure class=\"aligncenter size-large is-resized\"><img decoding=\"async\" src=\"https:\/\/centcols.org\/backup\/wp-content\/uploads\/2019\/01\/Miroux.jpg\" alt=\"\" style=\"width:120px\"\/><\/figure><\/div>\n\n\n<h3 class=\"wp-block-heading has-text-align-center\">Fran\u00e7ois Miroux (N\u00b0 4900)<\/h3>\n\n\n\n<p class=\"has-text-align-center has-small-font-size\">Membre GT<br> Mauerstetten<br>ALLEMAGNE\/DEUTSCHLAND \/GERMANY<\/p>\n<\/div><\/div>\n<\/div>\n<\/div>\n\n\n\n<h3 class=\"wp-block-heading has-text-align-center\">France<\/h3>\n\n\n\n<div style=\"height:20px\" aria-hidden=\"true\" class=\"wp-block-spacer\"><\/div>\n\n\n\n<div class=\"wp-block-columns is-layout-flex wp-container-core-columns-is-layout-2 wp-block-columns-is-layout-flex\">\n<div class=\"wp-block-column is-layout-flow wp-block-column-is-layout-flow\">\n<div class=\"wp-block-group has-background\" style=\"background-color:#f6f6f6\"><div class=\"wp-block-group__inner-container is-layout-constrained wp-block-group-is-layout-constrained\">\n<div style=\"height:20px\" aria-hidden=\"true\" class=\"wp-block-spacer\"><\/div>\n\n\n<div class=\"wp-block-image is-style-rounded\">\n<figure class=\"aligncenter size-large is-resized\"><img decoding=\"async\" src=\"https:\/\/centcols.org\/backup\/membres\/portraits\/portrait.php?num=601\" alt=\"\" style=\"width:120px\"\/><\/figure><\/div>\n\n\n<h3 class=\"wp-block-heading has-text-align-center\">Pierre Brivet (N\u00b0 601)<\/h3>\n\n\n\n<p class=\"has-text-align-center has-small-font-size\">Membre GT<br>42 Roanne<br>FRANCE<\/p>\n<\/div><\/div>\n<\/div>\n\n\n\n<div class=\"wp-block-column is-layout-flow wp-block-column-is-layout-flow\">\n<div class=\"wp-block-group has-background\" style=\"background-color:#f6f6f6\"><div class=\"wp-block-group__inner-container is-layout-constrained wp-block-group-is-layout-constrained\">\n<div style=\"height:20px\" aria-hidden=\"true\" class=\"wp-block-spacer\"><\/div>\n\n\n<div class=\"wp-block-image is-style-rounded\">\n<figure class=\"aligncenter size-large is-resized\"><img decoding=\"async\" src=\"https:\/\/centcols.org\/backup\/wp-content\/uploads\/2013\/10\/car.jpg\" alt=\"\" style=\"width:120px\"\/><\/figure><\/div>\n\n\n<h3 class=\"wp-block-heading has-text-align-center\">Philippe Carrez (N\u00b03092)<\/h3>\n\n\n\n<p class=\"has-text-align-center has-small-font-size\">Membre GT<br>56 S\u00e9n\u00e9<br>FRANCE<\/p>\n<\/div><\/div>\n<\/div>\n\n\n\n<div class=\"wp-block-column is-layout-flow wp-block-column-is-layout-flow\">\n<div class=\"wp-block-group has-background\" style=\"background-color:#f6f6f6\"><div class=\"wp-block-group__inner-container is-layout-constrained wp-block-group-is-layout-constrained\">\n<div style=\"height:20px\" aria-hidden=\"true\" class=\"wp-block-spacer\"><\/div>\n\n\n<div class=\"wp-block-image is-style-rounded\">\n<figure class=\"aligncenter size-large is-resized\"><img decoding=\"async\" src=\"https:\/\/centcols.org\/backup\/membres\/portraits\/portrait.php?num=1364\" alt=\"\" style=\"width:133px;height:auto\"\/><\/figure><\/div>\n\n\n<h3 class=\"wp-block-heading has-text-align-center\">Jean-Michel Clausse (N\u00b0 1364)<\/h3>\n\n\n\n<p class=\"has-text-align-center has-small-font-size\">Membre GT<br>06 Villeneuve-Loubet<br>FRANCE<\/p>\n<\/div><\/div>\n<\/div>\n<\/div>\n\n\n\n<div class=\"wp-block-columns is-layout-flex wp-container-core-columns-is-layout-3 wp-block-columns-is-layout-flex\">\n<div class=\"wp-block-column is-layout-flow wp-block-column-is-layout-flow\">\n<div class=\"wp-block-group has-background\" style=\"background-color:#f6f6f6\"><div class=\"wp-block-group__inner-container is-layout-constrained wp-block-group-is-layout-constrained\">\n<div style=\"height:20px\" aria-hidden=\"true\" class=\"wp-block-spacer\"><\/div>\n\n\n<div class=\"wp-block-image is-style-rounded\">\n<figure class=\"aligncenter size-large is-resized\"><img decoding=\"async\" src=\"https:\/\/centcols.org\/backup\/membres\/portraits\/portrait.php?num=4614\" alt=\"\" style=\"width:120px\"\/><\/figure><\/div>\n\n\n<h3 class=\"wp-block-heading has-text-align-center\">Jean-Fran\u00e7ois Plantard (N\u00b0 4614)<\/h3>\n\n\n\n<p class=\"has-text-align-center has-small-font-size\">Membre GT<br>84 Sablet<br>FRANCE<\/p>\n<\/div><\/div>\n<\/div>\n\n\n\n<div class=\"wp-block-column is-layout-flow wp-block-column-is-layout-flow\">\n<div class=\"wp-block-group has-background\" style=\"background-color:#f6f6f6\"><div class=\"wp-block-group__inner-container is-layout-constrained wp-block-group-is-layout-constrained\">\n<div style=\"height:20px\" aria-hidden=\"true\" class=\"wp-block-spacer\"><\/div>\n\n\n<div class=\"wp-block-image is-style-rounded\">\n<figure class=\"aligncenter size-large is-resized\"><img decoding=\"async\" src=\"https:\/\/centcols.org\/backup\/membres\/portraits\/portrait.php?num=5497\" alt=\"\" style=\"width:120px\"\/><\/figure><\/div>\n\n\n<h3 class=\"wp-block-heading has-text-align-center\">Guy Ruffi\u00e9 (N\u00b0 5497)<\/h3>\n\n\n\n<p class=\"has-text-align-center has-small-font-size\">Membre GT<br>31 Toulouse<br>FRANCE<\/p>\n<\/div><\/div>\n<\/div>\n<\/div>\n\n\n\n<h3 class=\"wp-block-heading has-text-align-center\">Italie<\/h3>\n\n\n\n<div style=\"height:20px\" aria-hidden=\"true\" class=\"wp-block-spacer\"><\/div>\n\n\n\n<div class=\"wp-block-columns is-layout-flex wp-container-core-columns-is-layout-4 wp-block-columns-is-layout-flex\">\n<div class=\"wp-block-column is-layout-flow wp-block-column-is-layout-flow\">\n<div class=\"wp-block-group has-background\" style=\"background-color:#f6f6f6\"><div class=\"wp-block-group__inner-container is-layout-constrained wp-block-group-is-layout-constrained\">\n<div style=\"height:20px\" aria-hidden=\"true\" class=\"wp-block-spacer\"><\/div>\n\n\n<div class=\"wp-block-image is-style-rounded\">\n<figure class=\"aligncenter size-large is-resized\"><img decoding=\"async\" src=\"https:\/\/centcols.org\/backup\/wp-content\/uploads\/2021\/11\/enrico-alberini-primo-piano-e1638110289143.jpg\" alt=\"\" style=\"width:120px\"\/><\/figure><\/div>\n\n\n<h3 class=\"wp-block-heading has-text-align-center\">Enrico Alberini (N\u00b0 5065)<\/h3>\n\n\n\n<p class=\"has-text-align-center has-small-font-size\">Membre GT<br>Mantova<br>ITALIE\/ITALIA<\/p>\n<\/div><\/div>\n<\/div>\n\n\n\n<div class=\"wp-block-column is-layout-flow wp-block-column-is-layout-flow\">\n<div class=\"wp-block-group has-background\" style=\"background-color:#f6f6f6\"><div class=\"wp-block-group__inner-container is-layout-constrained wp-block-group-is-layout-constrained\">\n<div style=\"height:20px\" aria-hidden=\"true\" class=\"wp-block-spacer\"><\/div>\n\n\n<div class=\"wp-block-image is-style-rounded\">\n<figure class=\"aligncenter size-large is-resized\"><img decoding=\"async\" src=\"https:\/\/centcols.org\/backup\/membres\/portraits\/portrait.php?num=5553\" alt=\"\" style=\"width:120px\"\/><\/figure><\/div>\n\n\n<h3 class=\"wp-block-heading has-text-align-center\">G\u00e9rard Birelli (N\u00b0 5553)<\/h3>\n\n\n\n<p class=\"has-text-align-center has-small-font-size\">Membre GT<br>37 Saint-Avertin<br>FRANCE<\/p>\n<\/div><\/div>\n<\/div>\n\n\n\n<div class=\"wp-block-column is-layout-flow wp-block-column-is-layout-flow\">\n<div class=\"wp-block-group has-background\" style=\"background-color:#f6f6f6\"><div class=\"wp-block-group__inner-container is-layout-constrained wp-block-group-is-layout-constrained\">\n<div style=\"height:20px\" aria-hidden=\"true\" class=\"wp-block-spacer\"><\/div>\n\n\n<div class=\"wp-block-image is-style-rounded\">\n<figure class=\"aligncenter size-full is-resized\"><img loading=\"lazy\" decoding=\"async\" width=\"300\" height=\"400\" src=\"https:\/\/centcols.org\/backup\/wp-content\/uploads\/2024\/03\/GAC.jpg\" alt=\"\" class=\"wp-image-80176\" style=\"width:120px\"\/><\/figure><\/div>\n\n\n<h3 class=\"wp-block-heading has-text-align-center\">Graham Cutting (N\u00b0 4927)<\/h3>\n\n\n\n<p class=\"has-text-align-center has-small-font-size\">Membre GT<br>73 Bourdeau<br>FRANCE<\/p>\n<\/div><\/div>\n<\/div>\n<\/div>\n\n\n\n<div class=\"wp-block-columns is-layout-flex wp-container-core-columns-is-layout-5 wp-block-columns-is-layout-flex\">\n<div class=\"wp-block-column is-layout-flow wp-block-column-is-layout-flow\">\n<div class=\"wp-block-group has-background\" style=\"background-color:#f6f6f6\"><div class=\"wp-block-group__inner-container is-layout-constrained wp-block-group-is-layout-constrained\">\n<div style=\"height:20px\" aria-hidden=\"true\" class=\"wp-block-spacer\"><\/div>\n\n\n<div class=\"wp-block-image is-style-rounded\">\n<figure class=\"aligncenter size-full is-resized\"><img loading=\"lazy\" decoding=\"async\" width=\"360\" height=\"480\" src=\"https:\/\/centcols.org\/backup\/wp-content\/uploads\/2024\/03\/olivero-3-4.jpg\" alt=\"\" class=\"wp-image-80183\" style=\"width:120px\"\/><\/figure><\/div>\n\n\n<h3 class=\"wp-block-heading has-text-align-center\">Alberto Olivero (N\u00b0 5722)<\/h3>\n\n\n\n<p class=\"has-text-align-center has-small-font-size\">Membre GT<br>Monteu da Po (TO)<br>ITALIE\/ITALIA<\/p>\n<\/div><\/div>\n<\/div>\n\n\n\n<div class=\"wp-block-column is-layout-flow wp-block-column-is-layout-flow\">\n<div class=\"wp-block-group has-background\" style=\"background-color:#f6f6f6\"><div class=\"wp-block-group__inner-container is-layout-constrained wp-block-group-is-layout-constrained\">\n<div style=\"height:20px\" aria-hidden=\"true\" class=\"wp-block-spacer\"><\/div>\n\n\n<div class=\"wp-block-image is-style-rounded\">\n<figure class=\"aligncenter size-large is-resized\"><img decoding=\"async\" src=\"https:\/\/centcols.org\/backup\/wp-content\/uploads\/2018\/04\/LuigiSpina-375x500.jpg\" alt=\"\" style=\"width:120px\"\/><\/figure><\/div>\n\n\n<h3 class=\"wp-block-heading has-text-align-center\">Luigi Spina (N\u00b05067)<\/h3>\n\n\n\n<p class=\"has-text-align-center has-small-font-size\">Membre GT<br>Torino<br>ITALIE\/ITALIA<\/p>\n<\/div><\/div>\n<\/div>\n<\/div>\n\n\n\n<h3 class=\"wp-block-heading has-text-align-center\">Suisse<\/h3>\n\n\n\n<div style=\"height:20px\" aria-hidden=\"true\" class=\"wp-block-spacer\"><\/div>\n\n\n\n<div class=\"wp-block-columns is-layout-flex wp-container-core-columns-is-layout-6 wp-block-columns-is-layout-flex\">\n<div class=\"wp-block-column is-layout-flow wp-block-column-is-layout-flow\">\n<div class=\"wp-block-group has-background\" style=\"background-color:#f6f6f6\"><div class=\"wp-block-group__inner-container is-layout-constrained wp-block-group-is-layout-constrained\">\n<div style=\"height:20px\" aria-hidden=\"true\" class=\"wp-block-spacer\"><\/div>\n\n\n<div class=\"wp-block-image is-style-rounded\">\n<figure class=\"aligncenter size-large is-resized\"><img decoding=\"async\" src=\"https:\/\/centcols.org\/backup\/membres\/portraits\/portrait.php?num=550\" alt=\"\" style=\"width:120px\"\/><\/figure><\/div>\n\n\n<h3 class=\"wp-block-heading has-text-align-center\">Bernard Besson (N\u00b0 550)<\/h3>\n\n\n\n<p class=\"has-text-align-center has-small-font-size\">Membre GT<br>Aigle<br>SUISSE \/ SCHWEIZ \/ SVIZZERA<\/p>\n<\/div><\/div>\n<\/div>\n\n\n\n<div class=\"wp-block-column is-layout-flow wp-block-column-is-layout-flow\">\n<div class=\"wp-block-group has-background\" style=\"background-color:#f6f6f6\"><div class=\"wp-block-group__inner-container is-layout-constrained wp-block-group-is-layout-constrained\">\n<div style=\"height:20px\" aria-hidden=\"true\" class=\"wp-block-spacer\"><\/div>\n\n\n<div class=\"wp-block-image is-style-rounded\">\n<figure class=\"aligncenter size-large is-resized\"><img decoding=\"async\" src=\"https:\/\/centcols.org\/backup\/membres\/portraits\/portrait.php?num=5900\" alt=\"\" style=\"width:120px\"\/><\/figure><\/div>\n\n\n<h3 class=\"wp-block-heading has-text-align-center\">Christian Binggeli (N\u00b0 5900)<\/h3>\n\n\n\n<p class=\"has-text-align-center has-small-font-size\">Membre GT<br>Denens<br>SUISSE \/ SCHWEIZ \/ SVIZZERA<\/p>\n<\/div><\/div>\n<\/div>\n\n\n\n<div class=\"wp-block-column is-layout-flow wp-block-column-is-layout-flow\">\n<div class=\"wp-block-group has-background\" style=\"background-color:#f6f6f6\"><div class=\"wp-block-group__inner-container is-layout-constrained wp-block-group-is-layout-constrained\">\n<div style=\"height:20px\" aria-hidden=\"true\" class=\"wp-block-spacer\"><\/div>\n\n\n<div class=\"wp-block-image is-style-rounded\">\n<figure class=\"aligncenter size-large is-resized\"><img decoding=\"async\" src=\"https:\/\/centcols.org\/backup\/wp-content\/uploads\/2013\/10\/dt_mai.jpg\" alt=\"\" style=\"width:120px\"\/><\/figure><\/div>\n\n\n<h3 class=\"wp-block-heading has-text-align-center\">Pierre Mai (N\u00b0 4906)<\/h3>\n\n\n\n<p class=\"has-text-align-center has-small-font-size\">Membre GT<br>Ballens<br>SUISSE \/ SCHWEIZ \/ SVIZZERA<\/p>\n<\/div><\/div>\n<\/div>\n<\/div>\n\n\n\n<h3 class=\"wp-block-heading has-text-align-center\">Reste du monde<\/h3>\n\n\n\n<div style=\"height:20px\" aria-hidden=\"true\" class=\"wp-block-spacer\"><\/div>\n\n\n\n<div class=\"wp-block-columns is-layout-flex wp-container-core-columns-is-layout-7 wp-block-columns-is-layout-flex\">\n<div class=\"wp-block-column is-layout-flow wp-block-column-is-layout-flow\">\n<div class=\"wp-block-group has-background\" style=\"background-color:#f6f6f6\"><div class=\"wp-block-group__inner-container is-layout-constrained wp-block-group-is-layout-constrained\">\n<div style=\"height:20px\" aria-hidden=\"true\" class=\"wp-block-spacer\"><\/div>\n\n\n<div class=\"wp-block-image is-style-rounded\">\n<figure class=\"aligncenter size-full is-resized\"><img loading=\"lazy\" decoding=\"async\" width=\"300\" height=\"400\" src=\"https:\/\/centcols.org\/backup\/wp-content\/uploads\/2024\/03\/GAC.jpg\" alt=\"\" class=\"wp-image-80176\" style=\"width:120px\"\/><\/figure><\/div>\n\n\n<h3 class=\"wp-block-heading has-text-align-center\">Graham Cutting (N\u00b0 4927)<\/h3>\n\n\n\n<p class=\"has-text-align-center has-small-font-size\">Membre GT<br>73 Bourdeau<br>FRANCE<\/p>\n<\/div><\/div>\n<\/div>\n\n\n\n<div class=\"wp-block-column is-layout-flow wp-block-column-is-layout-flow\">\n<div class=\"wp-block-group has-background\" style=\"background-color:#f6f6f6\"><div class=\"wp-block-group__inner-container is-layout-constrained wp-block-group-is-layout-constrained\">\n<div style=\"height:20px\" aria-hidden=\"true\" class=\"wp-block-spacer\"><\/div>\n\n\n<div class=\"wp-block-image is-style-rounded\">\n<figure class=\"aligncenter size-large is-resized\"><img decoding=\"async\" src=\"https:\/\/centcols.org\/backup\/wp-content\/uploads\/2019\/01\/Miroux.jpg\" alt=\"\" style=\"width:120px\"\/><\/figure><\/div>\n\n\n<h3 class=\"wp-block-heading has-text-align-center\">Fran\u00e7ois Miroux (N\u00b04900)<\/h3>\n\n\n\n<p class=\"has-text-align-center has-small-font-size\">Membre GT<br>Mauerstetten<br>ALLEMAGNE\/DEUTSCHLAND \/GERMANY<\/p>\n<\/div><\/div>\n<\/div>\n<\/div>\n","protected":false},"excerpt":{"rendered":"<p>Au Club des Cent Cols, outre le Conseil d&#8217;administration de nombreux b\u00e9n\u00e9voles \u0153uvrent tout au long de l&#8217;ann\u00e9e. Que ce soit dans des groupes de travail ou dans des t\u00e2ches bien pr\u00e9cises, ils contribuent activement au fonctionnement et au rayonnement du club. Groupes de travail catalogues de cols Ils \u00e9tudient les cartes, les cadastres, les [&hellip;]<\/p>\n","protected":false},"author":17,"featured_media":0,"parent":0,"menu_order":0,"comment_status":"closed","ping_status":"closed","template":"","meta":{"_acf_changed":false,"ub_ctt_via":"","_monsterinsights_skip_tracking":false,"_monsterinsights_sitenote_active":false,"_monsterinsights_sitenote_note":"","_monsterinsights_sitenote_category":0,"footnotes":""},"acf":[],"featured_image_urls":{"full":"","thumbnail":"","medium":"","medium_large":"","large":"","1536x1536":"","2048x2048":"","woocommerce_thumbnail":"","woocommerce_single":"","woocommerce_gallery_thumbnail":""},"post_excerpt_stackable":"<p>Au Club des Cent Cols, outre le Conseil d&#8217;administration de nombreux b\u00e9n\u00e9voles \u0153uvrent tout au long de l&#8217;ann\u00e9e. Que ce soit dans des groupes de travail ou dans des t\u00e2ches bien pr\u00e9cises, ils contribuent activement au fonctionnement et au rayonnement du club. Groupes de travail catalogues de cols Ils \u00e9tudient les cartes, les cadastres, les guides et les propositions des membres pour mettre \u00e0 jour les catalogues de cols. Coordination des Groupes de Travail \/ CA \/ Informaticiens Graham Cutting (N\u00b0 4927) Coordinateur GT73 BourdeauFRANCE cols@centcols.net Allemagne Ludger Vorberg (N\u00b0 4898) Membre GTMerzhausenALLEMAGNE\/DEUTSCHLAND \/GERMANY Fran\u00e7ois Miroux (N\u00b0 4900) Membre GT\u2026<\/p>\n","category_list":"","author_info":{"name":"R\u00e9gis Paraz","url":"https:\/\/centcols.org\/backup\/author\/3225\/"},"comments_num":"0 commentaire","featured_image_urls_v2":{"full":"","thumbnail":"","medium":"","medium_large":"","large":"","1536x1536":"","2048x2048":"","woocommerce_thumbnail":"","woocommerce_single":"","woocommerce_gallery_thumbnail":""},"post_excerpt_stackable_v2":"<p>Au Club des Cent Cols, outre le Conseil d&#8217;administration de nombreux b\u00e9n\u00e9voles \u0153uvrent tout au long de l&#8217;ann\u00e9e. Que ce soit dans des groupes de travail ou dans des t\u00e2ches bien pr\u00e9cises, ils contribuent activement au fonctionnement et au rayonnement du club. Groupes de travail catalogues de cols Ils \u00e9tudient les cartes, les cadastres, les guides et les propositions des membres pour mettre \u00e0 jour les catalogues de cols. Coordination des Groupes de Travail \/ CA \/ Informaticiens Graham Cutting (N\u00b0 4927) Coordinateur GT73 BourdeauFRANCE cols@centcols.net Allemagne Ludger Vorberg (N\u00b0 4898) Membre GTMerzhausenALLEMAGNE\/DEUTSCHLAND \/GERMANY Fran\u00e7ois Miroux (N\u00b0 4900) Membre GT\u2026<\/p>\n","category_list_v2":"","author_info_v2":{"name":"R\u00e9gis Paraz","url":"https:\/\/centcols.org\/backup\/author\/3225\/"},"comments_num_v2":"0 commentaire","featured_image_src":null,"_links":{"self":[{"href":"https:\/\/centcols.org\/backup\/wp-json\/wp\/v2\/pages\/80152"}],"collection":[{"href":"https:\/\/centcols.org\/backup\/wp-json\/wp\/v2\/pages"}],"about":[{"href":"https:\/\/centcols.org\/backup\/wp-json\/wp\/v2\/types\/page"}],"author":[{"embeddable":true,"href":"https:\/\/centcols.org\/backup\/wp-json\/wp\/v2\/users\/17"}],"replies":[{"embeddable":true,"href":"https:\/\/centcols.org\/backup\/wp-json\/wp\/v2\/comments?post=80152"}],"version-history":[{"count":0,"href":"https:\/\/centcols.org\/backup\/wp-json\/wp\/v2\/pages\/80152\/revisions"}],"wp:attachment":[{"href":"https:\/\/centcols.org\/backup\/wp-json\/wp\/v2\/media?parent=80152"}],"curies":[{"name":"wp","href":"https:\/\/api.w.org\/{rel}","templated":true}]}}