{"version":"1.0","provider_name":"Club des Cent Cols","provider_url":"https:\/\/centcols.org\/de","author_name":"Webmestre","author_url":"https:\/\/centcols.org\/de\/author\/webmestre\/","title":"S\u00e9jour estival \u00e0 Vassieux-en-Vercors (Dr\u00f4me) du 16 au 24 juillet 2016 - Club des Cent Cols","type":"rich","width":600,"height":338,"html":"<blockquote class=\"wp-embedded-content\" data-secret=\"djMuped0h8\"><a href=\"https:\/\/centcols.org\/de\/sejour-2016-vassieux\/\">Sommeraufenthalt in Vassieux-en-Vercors (Dr\u00f4me) vom 16. bis 24. Juli 2016<\/a><\/blockquote><iframe sandbox=\"allow-scripts\" security=\"restricted\" src=\"https:\/\/centcols.org\/de\/sejour-2016-vassieux\/embed\/#?secret=djMuped0h8\" width=\"600\" height=\"338\" title=\"\u201eSommeraufenthalt in Vassieux-en-Vercors (Dr\u00f4me) vom 16. bis 24. Juli 2016\u201c - Club des Cent Cols\" data-secret=\"djMuped0h8\" frameborder=\"0\" marginwidth=\"0\" marginheight=\"0\" scrolling=\"no\" class=\"wp-embedded-content\"><\/iframe><script type=\"text\/javascript\">\n\/* <![CDATA[ *\/\n\/*! This file is auto-generated *\/\n!function(d,l){\"use strict\";l.querySelector&&d.addEventListener&&\"undefined\"!=typeof URL&&(d.wp=d.wp||{},d.wp.receiveEmbedMessage||(d.wp.receiveEmbedMessage=function(e){var t=e.data;if((t||t.secret||t.message||t.value)&&!\/[^a-zA-Z0-9]\/.test(t.secret)){for(var s,r,n,a=l.querySelectorAll('iframe[data-secret=\"'+t.secret+'\"]'),o=l.querySelectorAll('blockquote[data-secret=\"'+t.secret+'\"]'),c=new RegExp(\"^https?:$\",\"i\"),i=0;i<o.length;i++)o[i].style.display=\"none\";for(i=0;i<a.length;i++)s=a[i],e.source===s.contentWindow&&(s.removeAttribute(\"style\"),\"height\"===t.message?(1e3<(r=parseInt(t.value,10))?r=1e3:~~r<200&&(r=200),s.height=r):\"link\"===t.message&&(r=new URL(s.getAttribute(\"src\")),n=new URL(t.value),c.test(n.protocol))&&n.host===r.host&&l.activeElement===s&&(d.top.location.href=t.value))}},d.addEventListener(\"message\",d.wp.receiveEmbedMessage,!1),l.addEventListener(\"DOMContentLoaded\",function(){for(var e,t,s=l.querySelectorAll(\"iframe.wp-embedded-content\"),r=0;r<s.length;r++)(t=(e=s[r]).getAttribute(\"data-secret\"))||(t=Math.random().toString(36).substring(2,12),e.src+=\"#?secret=\"+t,e.setAttribute(\"data-secret\",t)),e.contentWindow.postMessage({message:\"ready\",secret:t},\"*\")},!1)))}(window,document);\n\/\/# sourceURL=https:\/\/centcols.org\/wp-includes\/js\/wp-embed.min.js\n\/* ]]> *\/\n<\/script>","thumbnail_url":"https:\/\/centcols.org\/wp-content\/uploads\/2016\/05\/villagevassieux1.jpg","thumbnail_width":1024,"thumbnail_height":768,"description":"Pr\u00e9sentation Le s\u00e9jour d&rsquo;\u00e9t\u00e9 2016 se d\u00e9roulera du 16 au 24 juillet au Piroulet sur la commune de Vassieux-en-Vercors. Les photos de cette page (paysages, faune, flore) ont \u00e9t\u00e9 essentiellement fournies par Mich\u00e8le Sassoulas. Pr\u00e9sentation de la r\u00e9gion Le Vercors est un massif des Pr\u00e9alpes situ\u00e9 dans le sud-est de la France, \u00e0 cheval entre [&hellip;]"}