{"version":"1.0","provider_name":"Club des Cent Cols","provider_url":"https:\/\/centcols.org\/de","author_name":"Christophe Badonnel","author_url":"https:\/\/centcols.org\/de\/author\/5799\/","title":"S\u00e9jour d'\u00e9t\u00e9 \u00e0 Praz-sur-Arly, 26 ao\u00fbt au 02 septembre 2023 - Club des Cent Cols","type":"rich","width":600,"height":338,"html":"<blockquote class=\"wp-embedded-content\" data-secret=\"6BY2Rgv9c0\"><a href=\"https:\/\/centcols.org\/de\/sejour-2023-praz-sur-arly\/\">Sommeraufenthalt in Praz-sur-Arly, 26. August bis 02. September 2023<\/a><\/blockquote><iframe sandbox=\"allow-scripts\" security=\"restricted\" src=\"https:\/\/centcols.org\/de\/sejour-2023-praz-sur-arly\/embed\/#?secret=6BY2Rgv9c0\" width=\"600\" height=\"338\" title=\"\u201eSommeraufenthalt in Praz-sur-Arly, 26. August bis 02. September 2023\u201c - Club des Cent Cols\" data-secret=\"6BY2Rgv9c0\" frameborder=\"0\" marginwidth=\"0\" marginheight=\"0\" scrolling=\"no\" class=\"wp-embedded-content\"><\/iframe><script type=\"text\/javascript\">\n\/* <![CDATA[ *\/\n\/*! This file is auto-generated *\/\n!function(d,l){\"use strict\";l.querySelector&&d.addEventListener&&\"undefined\"!=typeof URL&&(d.wp=d.wp||{},d.wp.receiveEmbedMessage||(d.wp.receiveEmbedMessage=function(e){var t=e.data;if((t||t.secret||t.message||t.value)&&!\/[^a-zA-Z0-9]\/.test(t.secret)){for(var s,r,n,a=l.querySelectorAll('iframe[data-secret=\"'+t.secret+'\"]'),o=l.querySelectorAll('blockquote[data-secret=\"'+t.secret+'\"]'),c=new RegExp(\"^https?:$\",\"i\"),i=0;i<o.length;i++)o[i].style.display=\"none\";for(i=0;i<a.length;i++)s=a[i],e.source===s.contentWindow&&(s.removeAttribute(\"style\"),\"height\"===t.message?(1e3<(r=parseInt(t.value,10))?r=1e3:~~r<200&&(r=200),s.height=r):\"link\"===t.message&&(r=new URL(s.getAttribute(\"src\")),n=new URL(t.value),c.test(n.protocol))&&n.host===r.host&&l.activeElement===s&&(d.top.location.href=t.value))}},d.addEventListener(\"message\",d.wp.receiveEmbedMessage,!1),l.addEventListener(\"DOMContentLoaded\",function(){for(var e,t,s=l.querySelectorAll(\"iframe.wp-embedded-content\"),r=0;r<s.length;r++)(t=(e=s[r]).getAttribute(\"data-secret\"))||(t=Math.random().toString(36).substring(2,12),e.src+=\"#?secret=\"+t,e.setAttribute(\"data-secret\",t)),e.contentWindow.postMessage({message:\"ready\",secret:t},\"*\")},!1)))}(window,document);\n\/\/# sourceURL=https:\/\/centcols.org\/wp-includes\/js\/wp-embed.min.js\n\/* ]]> *\/\n<\/script>","thumbnail_url":"https:\/\/centcols.org\/wp-content\/uploads\/2025\/05\/camping-chantalouette-scaled-1.jpg","thumbnail_width":2560,"thumbnail_height":1920,"description":"Ont contribu\u00e9 \u00e0 cette page de pr\u00e9sentation du s\u00e9jour Enrico Alberini, Jean Luc Matte, Christophe Badonnel et les responsables informatiques. Le s\u00e9jour d\u2019\u00e9t\u00e9 2023 se d\u00e9roulera du 26 ao\u00fbt au 02 septembre 2023 dans le d\u00e9partement de Haute-Savoie au coeur du Pays du Mont-Blanc. Il a \u00e9t\u00e9 pr\u00e9par\u00e9 par une petite \u00e9quipe locale : Sylvie [&hellip;]"}