{"version":"1.0","provider_name":"Club des Cent Cols","provider_url":"https:\/\/centcols.org\/de","author_name":"Webmestre","author_url":"https:\/\/centcols.org\/de\/author\/webmestre\/","title":"Anecdotes et histoires du BRA (Brevet de Randonneur des Alpes) - Club des Cent Cols","type":"rich","width":600,"height":338,"html":"<blockquote class=\"wp-embedded-content\" data-secret=\"6wfQQdcA6M\"><a href=\"https:\/\/centcols.org\/de\/anecdotes-bra\/\">Anekdoten und Geschichten \u00fcber das BRA (Brevet de Randonneur des Alpes)<\/a><\/blockquote><iframe sandbox=\"allow-scripts\" security=\"restricted\" src=\"https:\/\/centcols.org\/de\/anecdotes-bra\/embed\/#?secret=6wfQQdcA6M\" width=\"600\" height=\"338\" title=\"\u201eAnekdoten und Geschichten aus dem BRA (Brevet de Randonneur des Alpes)\u201c. - Club des Cent Cols\" data-secret=\"6wfQQdcA6M\" frameborder=\"0\" marginwidth=\"0\" marginheight=\"0\" scrolling=\"no\" class=\"wp-embedded-content\"><\/iframe><script type=\"text\/javascript\">\n\/* <![CDATA[ *\/\n\/*! This file is auto-generated *\/\n!function(d,l){\"use strict\";l.querySelector&&d.addEventListener&&\"undefined\"!=typeof URL&&(d.wp=d.wp||{},d.wp.receiveEmbedMessage||(d.wp.receiveEmbedMessage=function(e){var t=e.data;if((t||t.secret||t.message||t.value)&&!\/[^a-zA-Z0-9]\/.test(t.secret)){for(var s,r,n,a=l.querySelectorAll('iframe[data-secret=\"'+t.secret+'\"]'),o=l.querySelectorAll('blockquote[data-secret=\"'+t.secret+'\"]'),c=new RegExp(\"^https?:$\",\"i\"),i=0;i<o.length;i++)o[i].style.display=\"none\";for(i=0;i<a.length;i++)s=a[i],e.source===s.contentWindow&&(s.removeAttribute(\"style\"),\"height\"===t.message?(1e3<(r=parseInt(t.value,10))?r=1e3:~~r<200&&(r=200),s.height=r):\"link\"===t.message&&(r=new URL(s.getAttribute(\"src\")),n=new URL(t.value),c.test(n.protocol))&&n.host===r.host&&l.activeElement===s&&(d.top.location.href=t.value))}},d.addEventListener(\"message\",d.wp.receiveEmbedMessage,!1),l.addEventListener(\"DOMContentLoaded\",function(){for(var e,t,s=l.querySelectorAll(\"iframe.wp-embedded-content\"),r=0;r<s.length;r++)(t=(e=s[r]).getAttribute(\"data-secret\"))||(t=Math.random().toString(36).substring(2,12),e.src+=\"#?secret=\"+t,e.setAttribute(\"data-secret\",t)),e.contentWindow.postMessage({message:\"ready\",secret:t},\"*\")},!1)))}(window,document);\n\/\/# sourceURL=https:\/\/centcols.org\/wp-includes\/js\/wp-embed.min.js\n\/* ]]> *\/\n<\/script>","thumbnail_url":"https:\/\/centcols.org\/wp-content\/uploads\/2023\/06\/1975_Galibier3.jpg","thumbnail_width":768,"thumbnail_height":477,"description":"En pr\u00e9vision du prochain BRA (le 51\u00e9me) qui aura lieu les 15 et 16 juillet prochain et apr\u00e8s publication d\u2019un article. Un peu d\u2019histoire et de g\u00e9ographie au sujet des cols du BRA 2023 &nbsp;sur le site des cyclotouristes grenoblois CTG &#8211; BRA et un message \u00e0 ce sujet sur la LDD (21 mars 2023), [&hellip;]"}