{"id":79135,"date":"2025-02-05T09:58:17","date_gmt":"2025-02-05T07:58:17","guid":{"rendered":"https:\/\/centcols.org\/statuts\/"},"modified":"2025-05-05T15:54:07","modified_gmt":"2025-05-05T13:54:07","slug":"satzung","status":"publish","type":"page","link":"https:\/\/centcols.org\/de\/statuts\/","title":{"rendered":"Klub-Statuten"},"content":{"rendered":"<h2 class=\"wp-block-heading\">Satzung des Club des Cent Cols - 10. November 2018<\/h2>\n\n\n\n<h3 class=\"wp-block-heading\">Artikel 1: Bezeichnung<\/h3>\n\n\n\n<p>Es wird ein Verein mit dem Namen \u00abClub des Cent Cols\u00bb gegr\u00fcndet.\u00bb<\/p>\n\n\n\n<h3 class=\"wp-block-heading\">Artikel 2: Gegenstand<\/h3>\n\n\n\n<p>Alle Personen, die gerne in den Bergen Rad fahren, zusammenbringen. Aufwertung dieser Praxis durch Organisation und Unterst\u00fctzung. Allgemeiner: Durchf\u00fchrung aller Ma\u00dfnahmen, die sich direkt oder indirekt auf die Bezeichnung beziehen und deren Ausweitung oder Entwicklung erleichtern k\u00f6nnen.<\/p>\n\n\n\n<h3 class=\"wp-block-heading\">Artikel 3: Sitz der Gesellschaft<\/h3>\n\n\n\n<p>CDOS (Comit\u00e9 D\u00e9partemental Olympique et Sportif)<br>97A avenue de Gen\u00e8ve,<br>74000 ANNECY<\/p>\n\n\n\n<h3 class=\"wp-block-heading\">Artikel 4: Dauer<\/h3>\n\n\n\n<p>Unbegrenzt<\/p>\n\n\n\n<h3 class=\"wp-block-heading\">Artikel 5: Aufnahme<\/h3>\n\n\n\n<p>Um in den Verein \u00abClub des Cent Cols\u00bb aufgenommen zu werden, muss man zwingend mindestens 100 verschiedene P\u00e4sse, davon 5 \u00fcber 2000 m H\u00f6he, mit dem Fahrrad \u00fcberquert haben und eine Aufnahmegeb\u00fchr bezahlen.<br><strong>Es werden vier Kategorien von Mitgliedern akzeptiert:<\/strong><\/p>\n\n\n\n<ol class=\"wp-block-list\">\n<li>Aktive Mitglieder, die dem FFCT \u00fcber den Club des Cent Cols angeh\u00f6ren und nicht lizenziert sind und ihren Jahresbeitrag bezahlt haben.<\/li>\n\n\n\n<li>Aktive Mitglieder, die \u00fcber den Club des Cent Cols eine FFCT-Lizenz besitzen und ihren Jahresbeitrag entrichtet haben.<\/li>\n\n\n\n<li>Ehrenmitglieder, die von der Regel der 100 P\u00e4sse, davon 5 \u00fcber 2000 Meter, befreit sind (Auf Beschluss des Verwaltungsrats.).<\/li>\n\n\n\n<li>Die assoziierten Mitglieder. Ein assoziiertes Mitglied muss von einem aktiven Mitglied, mit dem es famili\u00e4r verbunden ist (Ehepartner, Kind), gesponsert werden. Es unterliegt nicht der Regel von 100 P\u00e4ssen, von denen 5 \u00fcber 2000 Meter hoch sind. Sein Status als assoziiertes Mitglied gibt ihm das Recht, an den kollektiven Veranstaltungen des Vereins teilzunehmen. Er zahlt einen Jahresbeitrag, der der H\u00e4lfte des Mindestbeitrags eines Aktivmitglieds entspricht. Da er kein aktives Mitglied ist, hat er bei den Generalversammlungen kein Stimmrecht und kann nicht zum Verwalter gew\u00e4hlt werden.<\/li>\n<\/ol>\n\n\n\n<h3 class=\"wp-block-heading\">Artikel 6: Streichung<\/h3>\n\n\n\n<p>Es ist m\u00f6glich, den Verein durch ein Austrittsschreiben zu verlassen.<br>Im Todesfall erfolgt die Streichung aus dem Verein automatisch.<br>Der Ausschluss aus dem Verein kann bei Betrug oder Missachtung des Vereinsgeistes ausgesprochen werden. Der Ausschluss wird von den Mitgliedern des Vorstands einstimmig beschlossen.<\/p>\n\n\n\n<h3 class=\"wp-block-heading\">Artikel 7: Ressourcen des Vereins<\/h3>\n\n\n\n<p>Zu den Ressourcen geh\u00f6ren :<\/p>\n\n\n\n<ul class=\"wp-block-list\">\n<li>Die H\u00f6he der Beitrittsgeb\u00fchr und des Jahresbeitrags.<\/li>\n\n\n\n<li>Der m\u00f6gliche Gewinn aus dem Verkauf von Produkten oder Dienstleistungen, der den Mitgliedern des Vereins vorbehalten ist.<\/li>\n\n\n\n<li>Zusch\u00fcsse oder Spenden.<\/li>\n\n\n\n<li>Urheberrechte an B\u00fcchern, die im Auftrag des Vereins herausgegeben werden.<\/li>\n<\/ul>\n\n\n\n<h3 class=\"wp-block-heading\">Artikel 8: Der Verwaltungsrat<\/h3>\n\n\n\n<p>Der Verein wird von einem Vorstand geleitet, der aus folgenden Mitgliedern besteht&nbsp;<em>Mindestens 3 Mitglieder und h\u00f6chstens 11 Mitglieder,&nbsp;<\/em>von der Generalversammlung f\u00fcr vier Jahre gew\u00e4hlt.&nbsp;<em>Sowohl die Briefwahl als auch die elektronische Abstimmung sind zul\u00e4ssig.<\/em>&nbsp;Die Mitglieder sind wiederw\u00e4hlbar.<br>Der Verwaltungsrat w\u00e4hlt aus seinen Mitgliedern in geheimer Abstimmung einen Vorstand, der aus einem Vorsitzenden, einem Sekret\u00e4r und einem Schatzmeister besteht. Diese drei Mitglieder m\u00fcssen zwingend eine FFCT-Lizenz besitzen, eventuell k\u00f6nnen ein stellvertretender Vorsitzender, ein stellvertretender Sekret\u00e4r und ein stellvertretender Schatzmeister gew\u00e4hlt werden.<br>Im Falle einer Vakanz ersetzt der Rat seine Mitglieder vorl\u00e4ufig durch Kooptation. Die endg\u00fcltige Neubesetzung wird von der n\u00e4chsten Generalversammlung vorgenommen.<\/p>\n\n\n\n<h3 class=\"wp-block-heading\">Artikel 8bis: Sitzung des Verwaltungsrats<\/h3>\n\n\n\n<p>Der VV tritt mindestens einmal alle sechs Monate auf Einladung des Pr\u00e4sidenten oder auf Antrag eines Viertels seiner Mitglieder zusammen.<br>Entscheidungen werden mit der Mehrheit der Stimmen getroffen.<br>Jedes Mitglied des Verwaltungsrates, das unentschuldigt drei aufeinander folgenden Sitzungen fernbleibt, kann als zur\u00fcckgetreten betrachtet werden.<\/p>\n\n\n\n<h3 class=\"wp-block-heading\">Artikel 9: Ordentliche Generalversammlung<\/h3>\n\n\n\n<p>Der ordentlichen Generalversammlung geh\u00f6ren alle Mitglieder an, die ihre Beitr\u00e4ge bezahlt haben. Sie tritt einmal j\u00e4hrlich im letzten Quartal des Kalenderjahres zusammen, wenn m\u00f6glich.<br>Vierzehn Tage vor dem festgelegten Datum werden die Mitglieder der Vereinigung vom Sekret\u00e4r eingeladen. In der Einladung wird die Tagesordnung angegeben und ein Stimmzettel f\u00fcr die Briefwahl beigef\u00fcgt.<br>Der Vorsitzende, der von den Mitgliedern des VV unterst\u00fctzt wird, leitet die Versammlung und legt die moralische Situation des Vereins dar.<br>Der Schatzmeister legt Rechenschaft \u00fcber die Gesch\u00e4ftsf\u00fchrung ab und unterbreitet der Versammlung die Bilanz zur Genehmigung.<br>Der Generalsekret\u00e4r erl\u00e4utert den T\u00e4tigkeitsbericht.<br>Alle vier Jahre werden die Mitglieder des Verwaltungsrats in geheimer Wahl ersetzt.<br>Nur schriftliche Anfragen, die eine Woche vor dem Datum der GV eingehen, werden zwingend in der Sitzung beantwortet.<\/p>\n\n\n\n<h3 class=\"wp-block-heading\">Artikel 10: Au\u00dferordentliche Generalversammlung<\/h3>\n\n\n\n<p>Bei Bedarf oder auf Antrag von mehr als der H\u00e4lfte der Mitglieder, die ihre Beitr\u00e4ge bezahlt haben, kann der Pr\u00e4sident eine au\u00dferordentliche Generalversammlung einberufen, die den in Artikel 9 festgelegten Formalit\u00e4ten entspricht.<\/p>\n\n\n\n<h3 class=\"wp-block-heading\">Artikel 11: Gesch\u00e4ftsordnung<\/h3>\n\n\n\n<p>Eine Gesch\u00e4ftsordnung kann vom Vorstand erstellt werden, der sie von der Generalversammlung genehmigen l\u00e4sst.<\/p>\n\n\n\n<h3 class=\"wp-block-heading\">Artikel 12 und letzter: Aufl\u00f6sung<\/h3>\n\n\n\n<p>Falls eine Aufl\u00f6sung in Betracht gezogen werden muss, wird diese vom Verwaltungsrat der F\u00e9d\u00e9ration Fran\u00e7aise de Cyclotourisme zur Genehmigung vorgelegt. Im Falle einer Ablehnung durch den Verband \u00fcbernimmt dieser die Verwaltung des Vereins \u00abClub des Cent Cols\u00bb.<\/p>\n\n\n\n<hr class=\"wp-block-separator has-alpha-channel-opacity\"\/>\n\n\n\n<p>Geschehen zu N\u00e2ves Parmelan am 15. November 2018, nach den \u00c4nderungen, die auf der au\u00dferordentlichen Generalversammlung vom 10. November 2018 beschlossen wurden.<\/p>\n\n\n\n<p><strong>Guy Harle<\/strong><br><em>Generalsekret\u00e4r<\/em><\/p>\n\n\n\n<p>An die Pr\u00e4fektur von Hochsavoyen weitergeleitet.<\/p>","protected":false},"excerpt":{"rendered":"<p>Statuts du Club des Cent Cols &#8211; 10 novembre 2018 Article 1 : appellation Il est cr\u00e9\u00e9 une association appel\u00e9e \u00ab Club des Cent Cols \u00bb Article 2 : objet Regrouper toutes les personnes aimant la pratique du v\u00e9lo en montagne. Valoriser cette pratique en l\u2019organisant et en la soutenant. Plus g\u00e9n\u00e9ralement, conduire toutes op\u00e9rations [&hellip;]<\/p>\n","protected":false},"author":2,"featured_media":0,"parent":0,"menu_order":0,"comment_status":"open","ping_status":"open","template":"","meta":{"_acf_changed":false,"footnotes":""},"class_list":["post-79135","page","type-page","status-publish","hentry"],"acf":[],"yoast_head":"<!-- This site is optimized with the Yoast SEO plugin v27.2 - https:\/\/yoast.com\/product\/yoast-seo-wordpress\/ -->\n<title>Statuts - Club des Cent Cols<\/title>\n<meta name=\"robots\" content=\"index, follow, max-snippet:-1, max-image-preview:large, max-video-preview:-1\" \/>\n<link rel=\"canonical\" href=\"https:\/\/centcols.org\/de\/satzung\/\" \/>\n<meta property=\"og:locale\" content=\"de_DE\" \/>\n<meta property=\"og:type\" content=\"article\" \/>\n<meta property=\"og:title\" content=\"Statuts - Club des Cent Cols\" \/>\n<meta property=\"og:description\" content=\"Statuts du Club des Cent Cols &#8211; 10 novembre 2018 Article 1 : appellation Il est cr\u00e9\u00e9 une association appel\u00e9e \u00ab Club des Cent Cols \u00bb Article 2 : objet Regrouper toutes les personnes aimant la pratique du v\u00e9lo en montagne. Valoriser cette pratique en l\u2019organisant et en la soutenant. Plus g\u00e9n\u00e9ralement, conduire toutes op\u00e9rations [&hellip;]\" \/>\n<meta property=\"og:url\" content=\"https:\/\/centcols.org\/de\/satzung\/\" \/>\n<meta property=\"og:site_name\" content=\"Club des Cent Cols\" \/>\n<meta property=\"article:publisher\" content=\"https:\/\/www.facebook.com\/groups\/5261880558\/?locale=fr_FR\" \/>\n<meta property=\"article:modified_time\" content=\"2025-05-05T13:54:07+00:00\" \/>\n<meta name=\"twitter:card\" content=\"summary_large_image\" \/>\n<meta name=\"twitter:label1\" content=\"Gesch\u00e4tzte Lesezeit\" \/>\n\t<meta name=\"twitter:data1\" content=\"5\u00a0Minuten\" \/>\n<script type=\"application\/ld+json\" class=\"yoast-schema-graph\">{\"@context\":\"https:\/\/schema.org\",\"@graph\":[{\"@type\":\"WebPage\",\"@id\":\"https:\/\/centcols.org\/statuts\/\",\"url\":\"https:\/\/centcols.org\/statuts\/\",\"name\":\"Statuts - Club des Cent Cols\",\"isPartOf\":{\"@id\":\"https:\/\/centcols.org\/#website\"},\"datePublished\":\"2025-02-05T07:58:17+00:00\",\"dateModified\":\"2025-05-05T13:54:07+00:00\",\"breadcrumb\":{\"@id\":\"https:\/\/centcols.org\/statuts\/#breadcrumb\"},\"inLanguage\":\"de\",\"potentialAction\":[{\"@type\":\"ReadAction\",\"target\":[\"https:\/\/centcols.org\/statuts\/\"]}]},{\"@type\":\"BreadcrumbList\",\"@id\":\"https:\/\/centcols.org\/statuts\/#breadcrumb\",\"itemListElement\":[{\"@type\":\"ListItem\",\"position\":1,\"name\":\"Accueil\",\"item\":\"https:\/\/centcols.org\/\"},{\"@type\":\"ListItem\",\"position\":2,\"name\":\"Statuts\"}]},{\"@type\":\"WebSite\",\"@id\":\"https:\/\/centcols.org\/#website\",\"url\":\"https:\/\/centcols.org\/\",\"name\":\"Club des Cent Cols\",\"description\":\"\",\"publisher\":{\"@id\":\"https:\/\/centcols.org\/#organization\"},\"potentialAction\":[{\"@type\":\"SearchAction\",\"target\":{\"@type\":\"EntryPoint\",\"urlTemplate\":\"https:\/\/centcols.org\/?s={search_term_string}\"},\"query-input\":{\"@type\":\"PropertyValueSpecification\",\"valueRequired\":true,\"valueName\":\"search_term_string\"}}],\"inLanguage\":\"de\"},{\"@type\":\"Organization\",\"@id\":\"https:\/\/centcols.org\/#organization\",\"name\":\"Club des Cent Cols\",\"url\":\"https:\/\/centcols.org\/\",\"logo\":{\"@type\":\"ImageObject\",\"inLanguage\":\"de\",\"@id\":\"https:\/\/centcols.org\/#\/schema\/logo\/image\/\",\"url\":\"https:\/\/centcols.org\/wp-content\/uploads\/2025\/01\/carte-icone.png\",\"contentUrl\":\"https:\/\/centcols.org\/wp-content\/uploads\/2025\/01\/carte-icone.png\",\"width\":250,\"height\":250,\"caption\":\"Club des Cent Cols\"},\"image\":{\"@id\":\"https:\/\/centcols.org\/#\/schema\/logo\/image\/\"},\"sameAs\":[\"https:\/\/www.facebook.com\/groups\/5261880558\/?locale=fr_FR\"]}]}<\/script>\n<!-- \/ Yoast SEO plugin. -->","yoast_head_json":{"title":"Satzung - Club des Cent Cols","robots":{"index":"index","follow":"follow","max-snippet":"max-snippet:-1","max-image-preview":"max-image-preview:large","max-video-preview":"max-video-preview:-1"},"canonical":"https:\/\/centcols.org\/de\/satzung\/","og_locale":"de_DE","og_type":"article","og_title":"Statuts - Club des Cent Cols","og_description":"Statuts du Club des Cent Cols &#8211; 10 novembre 2018 Article 1 : appellation Il est cr\u00e9\u00e9 une association appel\u00e9e \u00ab Club des Cent Cols \u00bb Article 2 : objet Regrouper toutes les personnes aimant la pratique du v\u00e9lo en montagne. Valoriser cette pratique en l\u2019organisant et en la soutenant. Plus g\u00e9n\u00e9ralement, conduire toutes op\u00e9rations [&hellip;]","og_url":"https:\/\/centcols.org\/de\/satzung\/","og_site_name":"Club des Cent Cols","article_publisher":"https:\/\/www.facebook.com\/groups\/5261880558\/?locale=fr_FR","article_modified_time":"2025-05-05T13:54:07+00:00","twitter_card":"summary_large_image","twitter_misc":{"Gesch\u00e4tzte Lesezeit":"5\u00a0Minuten"},"schema":{"@context":"https:\/\/schema.org","@graph":[{"@type":"WebPage","@id":"https:\/\/centcols.org\/statuts\/","url":"https:\/\/centcols.org\/statuts\/","name":"Satzung - Club des Cent Cols","isPartOf":{"@id":"https:\/\/centcols.org\/#website"},"datePublished":"2025-02-05T07:58:17+00:00","dateModified":"2025-05-05T13:54:07+00:00","breadcrumb":{"@id":"https:\/\/centcols.org\/statuts\/#breadcrumb"},"inLanguage":"de","potentialAction":[{"@type":"ReadAction","target":["https:\/\/centcols.org\/statuts\/"]}]},{"@type":"BreadcrumbList","@id":"https:\/\/centcols.org\/statuts\/#breadcrumb","itemListElement":[{"@type":"ListItem","position":1,"name":"Accueil","item":"https:\/\/centcols.org\/"},{"@type":"ListItem","position":2,"name":"Statuts"}]},{"@type":"WebSite","@id":"https:\/\/centcols.org\/#website","url":"https:\/\/centcols.org\/","name":"Club des Cent Cols","description":"","publisher":{"@id":"https:\/\/centcols.org\/#organization"},"potentialAction":[{"@type":"SearchAction","target":{"@type":"EntryPoint","urlTemplate":"https:\/\/centcols.org\/?s={search_term_string}"},"query-input":{"@type":"PropertyValueSpecification","valueRequired":true,"valueName":"search_term_string"}}],"inLanguage":"de"},{"@type":"Organization","@id":"https:\/\/centcols.org\/#organization","name":"Club des Cent Cols","url":"https:\/\/centcols.org\/","logo":{"@type":"ImageObject","inLanguage":"de","@id":"https:\/\/centcols.org\/#\/schema\/logo\/image\/","url":"https:\/\/centcols.org\/wp-content\/uploads\/2025\/01\/carte-icone.png","contentUrl":"https:\/\/centcols.org\/wp-content\/uploads\/2025\/01\/carte-icone.png","width":250,"height":250,"caption":"Club des Cent Cols"},"image":{"@id":"https:\/\/centcols.org\/#\/schema\/logo\/image\/"},"sameAs":["https:\/\/www.facebook.com\/groups\/5261880558\/?locale=fr_FR"]}]}},"_links":{"self":[{"href":"https:\/\/centcols.org\/de\/wp-json\/wp\/v2\/pages\/79135","targetHints":{"allow":["GET"]}}],"collection":[{"href":"https:\/\/centcols.org\/de\/wp-json\/wp\/v2\/pages"}],"about":[{"href":"https:\/\/centcols.org\/de\/wp-json\/wp\/v2\/types\/page"}],"author":[{"embeddable":true,"href":"https:\/\/centcols.org\/de\/wp-json\/wp\/v2\/users\/2"}],"replies":[{"embeddable":true,"href":"https:\/\/centcols.org\/de\/wp-json\/wp\/v2\/comments?post=79135"}],"version-history":[{"count":0,"href":"https:\/\/centcols.org\/de\/wp-json\/wp\/v2\/pages\/79135\/revisions"}],"wp:attachment":[{"href":"https:\/\/centcols.org\/de\/wp-json\/wp\/v2\/media?parent=79135"}],"curies":[{"name":"wp","href":"https:\/\/api.w.org\/{rel}","templated":true}]}}