{"id":79136,"date":"2025-02-05T09:58:17","date_gmt":"2025-02-05T07:58:17","guid":{"rendered":"https:\/\/centcols.org\/50-ans-dhistoire\/"},"modified":"2025-05-05T15:57:03","modified_gmt":"2025-05-05T13:57:03","slug":"50-jahre-geschichte","status":"publish","type":"page","link":"https:\/\/centcols.org\/de\/50-ans-dhistoire\/","title":{"rendered":"50 Jahre Geschichte"},"content":{"rendered":"<p>An einem herrlichen Herbsttag im Jahre 1970, w\u00e4hrend des Aufstiegs zum recht schwierigen, aber wundersch\u00f6nen \"Col du Luitel\" in der N\u00e4he von Grenoble, entstand die Idee der \"Bruderschaft der Hundert P\u00e4sse\u201d (Confr\u00e9rie des Cent Cols). \nDamit wurde der Luitel-Pass der geografische Ausgangspunkt der Vision eines bergbegeisterten Radfahrers.<\/p>\n\n\n\n<p>In der N\u00e4he des Luitelsees und seiner Torfmoore zu Fusse des Gipfels schlug Jean Perdoux seinen Fahrradkollegen Daniel Legat (Mitglied Nr. 6), Georges Ducatillon (Mitglied Nr. 434), Pierre Fructus (Mitglied Nr. 69) und Henri Voiron vor, auf ein eben erlebtes Ereignis anzustossen !<\/p>\n\n\n\n<p>In Chamrousse verk\u00fcndete er ganz ger\u00fchrt und voller Stolz, soeben seinen 100<sup>sten<\/sup>&nbsp;Pass \u00fcberquert habe ! Daniel, einer seiner Weggef\u00e4hrten, setzte dann aber noch eins drauf und verk\u00fcndete, dass er's noch besser gemacht h\u00e4tte, denn er habe zum selben Zeitpunkt bereits \u00fcber 150 P\u00e4sse verbucht !<\/p>\n\n\n\n<p>Ein wundervoller Vormittag: die Idee des Klubs der \u201cHundert P\u00e4sse\u201d erblickte grad eben das Licht der Welt !<\/p>\n\n\n\n<p>Zu diesem Zeitpunkt war Jean Perdoux Mitglied des Vorstands der \"F\u00e9d\u00e9ration Fran\u00e7aise de Cyclotourisme\". 1971 schaltete er eine kleine Anzeige in der Vereinszeitschrift, mit der er sich bei den Mitgliedern erkundigte, ob auch andere Radler sich f\u00fcr das Erklimmen von P\u00e4ssen begeistern w\u00fcrden, worauf er fast 200 positive Antworten erhielt !<\/p>\n\n\n\n<p class=\"translation-block\">Positiv \u00fcberrascht vom Enthusiasmus und den allgemeinen Ermutigungen und Vorschl\u00e4gen, musste er <strong>1972<\/strong> nur noch die Vereinsstatuten verfassen, die seit \u00fcber 50 Jahren noch immer dieselben sind.<\/p>\n\n\n\n<p>Schlichtheit, Freundschaft, Teilen der gemeinsamen Leidenschaft und Informationsaustausch wurden von Anfang an im Klub gelebt. Es sind genau diese Ideen, die wir alle heute leben und pflegen.<\/p>\n\n\n\n<p>Die ersten Radfahrer, die sich im Klub anmeldeten, waren zun\u00e4chst vor allem Bergler, einige Pyren\u00e4er, aber allen voran Savoyarden. Jacques Faizant aus Paris (Mitglied Nr. 7) war sehr stolz darauf, zu den ersten zehn eingeschriebenen Mitgliedern zu geh\u00f6ren; er illustrierte die ersterschienenen Titelseiten unserer Jahreszeitschriften.<\/p>\n\n\n\n<p><strong>1973<\/strong>erschien das erste offizielle Klub-Bulletin, das von Jean Perdoux herausgegeben wurde. Marcel Bioud schlug den Mitgliedern des \u201cClub des Cent Cols\u201d damals eine erste Liste der Strassen- und Wildp\u00e4sse der Nordalpen vor, der 1974 die von Francis Marty erstellte Liste der Pyren\u00e4enp\u00e4sse folgte.<\/p>\n\n\n\n<p>Im Herbst 1974 wurde oberhalb des Annecy-Sees, auf dem Gipfel des steilen, aber wundersch\u00f6nen \"Col de la Forclaz de Montmin\" das erste nationale Klubtreffen organisiert. Von den 150 damals in der Bruderschaft eingetragenen Mitgliedern waren achtzig anwesend. Marcel Bioud, Lehrer aus Voiron, ein echtes \"Rad-Ph\u00e4nomen\", erregte damals Bewunderung und Neid ; er gerade seinen 842<sup>sten<\/sup>&nbsp;Pass \u00fcberwunden. Er war der erste Grossmeister seiner Epoche. Ihm folgte dann ein weiterer grossartiger Radfahrer, Elie Bordat.<\/p>\n\n\n\n<p>Wussten Sie, dass es unsere Bruderschaft war, die 1974 die millimetergenauen Koordinaten erfand, mit denen die P\u00e4sse auf den Landkarten verortet wurden? Diese Idee wurde \u00fcbrigens von den Michelin- und IGN-Karten \u00fcbernommen.<\/p>\n\n\n\n<p><strong>1975<\/strong>, Am 7. August findet im Hafen (Col) von Bal\u00e8s, der Pierre Roques sehr am Herzen liegt, die 2.<sup>sten&nbsp;<\/sup>Konzentration auf den Gipfelweiden dieses au\u00dfergew\u00f6hnlichen Radfahrerparadieses. Der Tag wurde sehr gesch\u00e4tzt. Lesen Sie stattdessen, was am n\u00e4chsten Tag in der Lokalpresse zu lesen war: \u201c...Selten ist es uns verg\u00f6nnt gewesen, in einem so gro\u00dfartigen, majest\u00e4tischen Dekor zu klettern. Es war eine wahre Tortur. Manchmal war es fast unm\u00f6glich, ein wirklich harter Pass! So hart, dass sich auf dem Gipfel die Verantwortlichen der Bruderschaft der \u201cCent Cols\u201d befanden. Wie man verstehen kann, sind das alles Leute, die viele Radfahrer in ihre F\u00e4nge bekommen, die dann dazu verurteilt sind, endlose Anstiege zu bew\u00e4ltigen...\u201c.<br>1975 trat Michel Verhaeghe in den Club ein. Bis heute hat er 10.000 verschiedene P\u00e4sse erklommen.<\/p>\n\n\n\n<p><strong>1976<\/strong>, Michel Perrodin verfasste die ver\u00f6ffentlichte Liste der Alpenp\u00e4sse au\u00dferhalb Frankreichs, und Claude Carle lie\u00df die ersten 100 gestickten Abzeichen weben.<\/p>\n\n\n\n<p><strong>1977,<\/strong>&nbsp;auf TF1 wird zu einer g\u00fcnstigen Sendezeit eine ausgezeichnete Reportage \u00fcber die Bruderschaft ausgestrahlt. Viele Pioniere des Clubs waren an diesem Tag bei den Dreharbeiten an den H\u00e4ngen des Col de l'Arpettaz anwesend: Jo Routens, Robert Chauvot, Daniel Legat, Georges Ducatillon, Henri Bouchez, Elie Bordat und viele, viele andere. Eine Sendung, die erstaunte und nicht wenige Fragen seitens des breiten Publikums hervorrief.<br>Im selben Jahr erstellt Jean Perdoux dank der bei den Spezialisten der Bruderschaft gesammelten Informationen die erste Liste der Stra\u00dfenp\u00e4sse in Frankreich (1368 P\u00e4sse). Sein j\u00e4hrliches Bulletin wird zur Zeitschrift und w\u00e4chst auf 70 Seiten an.<\/p>\n\n\n\n<p><strong>1978<\/strong>, Die erste Liste der Schweizer P\u00e4sse, die von Jean-Pierre M\u00e9rot erstellt wurde, wird ver\u00f6ffentlicht.<\/p>\n\n\n\n<p><strong>1979<\/strong>, Die Liste der 101 algerischen P\u00e4sse wird ver\u00f6ffentlicht.<\/p>\n\n\n\n<p><strong>1980<\/strong>, Als der Club die Marke von 1000 Mitgliedern erreichte, erfand Robert Chauvot mit Hilfe seiner Frau Monique die Bibel, ein vollst\u00e4ndiges Verzeichnis aller P\u00e4sse Frankreichs und ein wunderbares Werk, das sich durchsetzte, als Referenz diente und immer noch dient. Bis 1987 wurde es von Fran\u00e7ois Rieu aktualisiert.<br>Ebenfalls 1980 \u00fcbergab Jean Perdoux, der die Zeitschrift (die auf 80 Seiten angewachsen war) immer noch vorbereitete und gestaltete, das Sekretariat f\u00fcr ein Jahr an Henri Bouchez. Henri Dusseau trat 1981 seine Nachfolge an.<\/p>\n\n\n\n<p><strong>1982<\/strong>, Der Club besteht seit 10 Jahren und hat mittlerweile \u00fcber 1231 Mitglieder, darunter 94 Frauen und 40 Ausl\u00e4nder aus 8 Nationen.<\/p>\n\n\n\n<p><strong>1983<\/strong>, Die 1471 Zentkolisten werden nun von Henri Dusseau verwaltet, der den Vorsitz des V.C.A. abgegeben hat und \u201cGeneralsekret\u00e4r\u201d der Bruderschaft wird. Die Bruderschaft bleibt jedoch unter der rechtlichen Verantwortung des V\u00e9lo-Club d'Annecy.<\/p>\n\n\n\n<p><strong>1984<\/strong>, Die Bruderschaft erreicht 2000 Mitglieder und die erste regionale Versammlung wird in der Region Adour-Pyr\u00e9n\u00e9es organisiert. Einsetzung von Gebietsverantwortlichen in jeder franz\u00f6sischen Region und im Ausland. Erste Zeitschrift mit einem Schwarz-Wei\u00df-Foto.<\/p>\n\n\n\n<p>Seit 1987 hat Ren\u00e9 Poty die Aktualisierung des \u201cChauvot\u201d verfolgt, F\u00fchrer (einige davon in Zusammenarbeit mit M. de Br\u00e9bisson) und Routen ausgearbeitet und bietet Listen mit den P\u00e4ssen vieler L\u00e4nder an.<\/p>\n\n\n\n<p><strong>1988<\/strong>,Der Club hat 3000 Mitglieder und die ersten Zusammenschl\u00fcsse im Ausland (Belgien und Schweiz) werden organisiert.<\/p>\n\n\n\n<p><strong>1989<\/strong>,Es gibt keinen nationalen Zusammenschluss. Die Regeln der Bruderschaft werden zu \u201cSpielregeln\u201d.<\/p>\n\n\n\n<p><strong>1990<\/strong>,Michel Verhaeghe k\u00fcndigt eine Liste mit mehr als 3000 P\u00e4ssen an.<\/p>\n\n\n\n<p><strong>1991<\/strong>, Die Bruderschaft wird offiziell in den Besitz der FFCT aufgenommen.<br>Ver\u00f6ffentlichung der neuen, korrigierten Ausgabe des Katalogs der Stra\u00dfenp\u00e4sse in Frankreich (+ Andorra, Belgien und Schweiz). Bereitstellung der Listen der P\u00e4sse der folgenden L\u00e4nder f\u00fcr Mitglieder: Schottland, Wales, Irland, Norwegen, Deutschland, Spanien, \u00d6sterreich, Rum\u00e4nien, Bulgarien, Albanien, Jugoslawien.<br>Eintritt von R\u00e9gis Paraz in die Bruderschaft, der 2009 zum Pr\u00e4sidenten gew\u00e4hlt wird.<\/p>\n\n\n\n<p><strong>1992<\/strong>,Die Bruderschaft feiert ihr 20-j\u00e4hriges Bestehen, ein nationales Treffen auf dem Col du Luitel und ein von Jacques Faizant gezeichnetes Originalcover der Zeitschrift.<\/p>\n\n\n\n<p><strong>1993<\/strong>, In der Mitte der Zeitschrift erschien zum ersten Mal die Ehrentafel.<\/p>\n\n\n\n<p><strong>1994<\/strong>,Erstellen von Anstecknadeln und T-Shirts mit der Aufschrift \"Cent Cols\".<br>Gr\u00fcndung der \u201cTour de France des Cent Cols\u201d durch Henri Gomez und Organisation von 2 permanenten Wanderungen (\u201cCent Cols en Alpes\u201d, gezeichnet von Ren\u00e9 Poty, und \"Cent Cols en Pyr\u00e9n\u00e9es\", gezeichnet von Alain Gillodes).<br>In den Pyren\u00e4en Einrichtung der gemeinsamen Konzentration Cent Cols - Ordre des Cols Durs (Alain Gillodes).<\/p>\n\n\n\n<p><strong>1995<\/strong>,Die Bruderschaft hat 4024 Mitglieder.<br>Erste Farbfotos in der Zeitschrift Nr. 23 und Organisation des ersten Cent Cols-Aufenthalts in Buis-les-Baronnies.<\/p>\n\n\n\n<p><strong>1996<\/strong>,Marc Liaudon bietet Cent Cols sein computergest\u00fctztes Heft der franz\u00f6sischen P\u00e4sse an. Neue Ausgabe der Bibel und Gr\u00fcndung der Bekleidungslinie Cent Cols.<br>Viele Mitglieder aus der ganzen Welt tragen die Clubkleidung. Das ikonische Trikot wird nun anerkannt und gesch\u00e4tzt!<\/p>\n\n\n\n<p><strong>1997<\/strong>,Aus administrativen Gr\u00fcnden mussten wir einen Verein gr\u00fcnden, der es uns erm\u00f6glichte, unabh\u00e4ngig vom V\u00e9lo Club d'Annecy zu sein, der \u00fcber 25 Jahre lang die administrative Unterst\u00fctzung geleistet hatte. Seitdem ist unser Verein der F\u00e9d\u00e9ration Fran\u00e7aise de Cyclotourisme angeschlossen und stellt Lizenzen aus. Sein Vorsitzender ist Jean Perdoux, sein Sekret\u00e4r Henri Dusseau, sein Stellvertreter Ren\u00e9 Poty und seine Schatzmeisterin Nicole Faverot.<\/p>\n\n\n\n<p><strong>1998<\/strong>,Die 1000-P\u00e4sse-Medaille wurde geschaffen. Die Zeitschrift umfasst 80 Farbseiten mit 75 Artikeln, die von Mitgliedern verfasst wurden.<br>Aufnahme des Radsportchampions Eddy Merckx in die Bruderschaft mit \u00dcberreichung seines Diploms in Belgien durch Jean Perdoux und Henri Dusseau.<\/p>\n\n\n\n<p><strong>1999<\/strong>,Das erste italienische Treffen in Montefiorino wird von Gianni Solenni organisiert. Erste Ver\u00f6ffentlichung einer alphabetischen Mitgliederliste. Ver\u00f6ffentlichung der Liste der Stra\u00dfen- und Maultierp\u00e4sse \u00fcber 2000 m in Europa. Der Jahresbeitrag wird von 50 Francs auf 8 Euro erh\u00f6ht.<br>1999 wird unsere erste Internetseite er\u00f6ffnet:&nbsp;<a href=\"https:\/\/centcols.org\/de\/\">https:\/\/centcols.org<\/a>, Die Zeitung wurde von Philippe Carrez entworfen, realisiert und geleitet, w\u00e4hrend Ren\u00e9 Poty die redaktionelle Leitung innehatte.<\/p>\n\n\n\n<p><strong>2001<\/strong>,Die Zeitschrift wird auf 96 Farbseiten und 100 Artikel erweitert. Gr\u00fcndung der ersten CERP (Commission d'Ethique, de R\u00e9flexion et de Proposition - Kommission f\u00fcr Ethik, Reflexion und Vorschl\u00e4ge).<\/p>\n\n\n\n<p><strong>2002<\/strong>,Am 12. Januar findet eine ordentliche Generalversammlung statt, bei der jedes Mitglied das Recht hat, in der Generalversammlung abzustimmen.<br>\u00c4nderung des F\u00fchrungsteams, bei einer au\u00dferordentlichen Generalversammlung am 9. M\u00e4rz. Das neue Team setzt sich wie folgt zusammen: Vorsitzender - Claude B\u00e9nistrand, Sekret\u00e4r - Ren\u00e9 Poty, Schatzmeister - Michel Mathieu, stellvertretender Vorsitzender - Bernard Vieillard, stellvertretender Sekret\u00e4r - Philippe Carrez.<br>Die CERP wird erneuert, Guy Bodoin wird ihr Moderator.<br>Aufbau des ersten Netzwerks von in- und ausl\u00e4ndischen Gebietsdelegierten. Online-Bereitstellung der IGN-France-Layers (Mario Labelle).<\/p>\n\n\n\n<p><strong>2003<\/strong>,Jean Perdoux wird zum Gr\u00fcndungsvorsitzenden und Ehrenvorsitzenden ernannt, Henri Dusseau wird zum Ehrenvorsitzenden ernannt.<br>Der Club hat 5721 registrierte Mitglieder.<br>Claude B\u00e9nistrand (unterst\u00fctzt von seiner Frau Cathie) \u00fcbernimmt die Verantwortung f\u00fcr die j\u00e4hrliche Zeitschrift.<\/p>\n\n\n\n<p><strong>2004<\/strong>,Gr\u00fcndung neuer st\u00e4ndiger Wanderungen (Korsika, Dr\u00f4me, Alpen, Pyren\u00e4en, LPE Atlantique-M\u00e9diterran\u00e9e); Wechsel des Bekleidungslieferanten zu Bernard Th\u00e9venet.<br>Neue Kataloge: Katalonien, Ligurien, USA.<\/p>\n\n\n\n<p><strong>2005<\/strong>,Gr\u00fcndung neuer st\u00e4ndiger Wanderungen (Haut-Languedoc und Ard\u00e8che). Ver\u00f6ffentlichung der Kataloge der Stra\u00dfenp\u00e4sse in Frankreich und der P\u00e4sse auf den Britischen Inseln.<br>Einrichtung von @aktuelles Cent Cols und Modernisierung der Website.<br>Bei der Wahl-GV wird das gleiche Team wiedergew\u00e4hlt. Die CERP wird erneuert, Guy Bodoin bleibt ihr Moderator.<\/p>\n\n\n\n<p><strong>2006,&nbsp;<\/strong>Ver\u00f6ffentlichung neuer Kataloge: \u00d6sterreich, Deutschland, Sardinien, Rum\u00e4nien, Navarra, Nordost-Italien und Nordwest-Italien.<br>Einrichtung einer neuen st\u00e4ndigen Wanderung : Cent cols en pays d'Azur (Hundert P\u00e4sse im Land der Riviera).<\/p>\n\n\n\n<p><strong>2007<\/strong>,Es wurden drei neue permanente Wanderungen eingef\u00fchrt: Arc en Cimes, die Wasserscheide in Spanien und 100 P\u00e4sse im Schwarzwald.<br>Erste Generalversammlung au\u00dferhalb der Region Rh\u00f4ne-Alpes, in Fontbonne, in der N\u00e4he von Montauban.<\/p>\n\n\n\n<p><strong>2008,<\/strong>&nbsp;erster Fr\u00fchlingsaufenthalt Cent Cols in Agay.<br>Einrichtung neuer st\u00e4ndiger Wanderungen : Cent cols en Triveneto (Gianni Solenni) und Cent Cols en Pays de Savoie (sp\u00e4ter Cent Cols en Savoie Mont-Blanc) (R\u00e9gis Paraz).<br>Kataloge aus Polen, Ungarn und der T\u00fcrkei erscheinen.<br>Roland Grimaud tritt die Nachfolge von Jean-Marc Lef\u00e8vre als Leiter der Permanenten Wanderungen an.<\/p>\n\n\n\n<p><strong>2009,&nbsp;<\/strong>Der Chauvot wird \u201c\u00fcberarbeitet\u201d, mit Neupositionierung der P\u00e4sse in GPS-Koordinaten und Geoportal-Links, die es erm\u00f6glichen, die P\u00e4sse online auf den Karten im Ma\u00dfstab 1:25000 anzuzeigen (Ren\u00e9 Poty und Mario Labelle).<br>Der Katalog der Stra\u00dfenp\u00e4sse in Spanien wird ver\u00f6ffentlicht.<br>Wahlgeneralversammlung in Yenne, organisiert von Roger Colombo und dem CT Yenne.<br>Ein neuer Vorstand wird gew\u00e4hlt mit R\u00e9gis Paraz als Vorsitzendem, G\u00e9rard Birelli (stellvertretender Vorsitzender), Thierry Labour (Generalsekret\u00e4r), Michel Mathieu (Schatzmeister), Philippe Carrez (stellvertretender Sekret\u00e4r); Chantal Sala wird zur Chefredakteurin der Zeitschrift ernannt.<br>Aufbau einer Partnerschaft mit den Generalr\u00e4ten von Savoyen und Hochsavoyen rund um die permanente Wanderung \u201cCent cols en Savoie Mont-Blanc\u201d (Hundert P\u00e4sse in Savoyen-Mont-Blanc).<\/p>\n\n\n\n<p><strong>2010,&nbsp;<\/strong>Verteilung der Abteilungen auf ein neues Netzwerk von Regionalbetreuern, die die regionalen Zusammenschl\u00fcsse organisieren.<br>Entstehung einer neuen permanenten Wanderung, der Divisoria (100 P\u00e4sse auf der Wasserscheide Atlantik-Mittelmeer in Spanien).<br>Ver\u00f6ffentlichung eines neuen Katalogs der europ\u00e4ischen Stra\u00dfenp\u00e4sse \u00fcber 2000 m und eines ersten Katalogs der verbotenen franz\u00f6sischen P\u00e4sse, der von Jean-Paul Zuanon erstellt wurde.<br>Zwei Todesf\u00e4lle treffen die Bruderschaft besonders hart: im Fr\u00fchjahr der Tod des Nationaldelegierten f\u00fcr Belgien, Germain Geenens, und im Sommer der Tod von Roland Grimaud, dem Verantwortlichen f\u00fcr die st\u00e4ndigen Wanderungen. Rudy Pede trat an die Stelle von Germain Geenens und Roger Colombo trat die Nachfolge von Roland Grimaud an.<\/p>\n\n\n\n<p><strong>2011,&nbsp;<\/strong>erster Fr\u00fchjahrsaufenthalt im Ausland, der von Alain Gillodes und Chantal Sala in Ripoll im spanischen Katalonien organisiert wurde.<br>Einrichtung von Online-Info Cent Cols und Online-Abstimmungen \u00fcber die satzungsgem\u00e4\u00dfen Berichte der Generalversammlungen.<br>Einrichtung einer Arbeitsgruppe, die einen Katalog der P\u00e4sse Marokkos erstellen soll (Bernard Giraudeau, Guy Harl\u00e9, Jean-Paul Zuanon und Bernard Pommel).<\/p>\n\n\n\n<p><strong>2012, die Bruderschaft wird 40 Jahre alt.<br><\/strong>Dieser Jahrestag wird mit einem festlichen Essen gefeiert, das den von R\u00e9gis Paraz organisierten Aufenthalt in Lescheraines abschlie\u00dft, und mit der Abhaltung der Generalversammlung in Annecy, die von Jean Perdoux, Henri Dusseau und dem VC Annecy organisiert wird.<br>Es ist auch gepr\u00e4gt von der Ver\u00f6ffentlichung des Buches von Jean Perdoux und Henri Dusseau \u201c1972 - 2012, 40 Jahre Geschichte!\u201d.<br>Kooptation von Alain Brault, der in den Verwaltungsrat aufgenommen wird.<br>Nach Tausenden von Arbeitsstunden bringt die Arbeitsgruppe Spanien einen Katalog mit \u00fcber 15.000 spanischen P\u00e4ssen heraus.<br>Der Chauvot mit \u00fcber 10500 franz\u00f6sischen P\u00e4ssen wird in Form eines Ordners herausgegeben. In Turin findet ein zweit\u00e4giges Seminar zur Bildung einer Arbeitsgruppe Italien statt, die einen einheitlichen Katalog aller P\u00e4sse in Italien erstellen soll.<br>Anmeldung des 7000<sup>sten&nbsp;<\/sup>beitreten, nicht sehbehindert.<\/p>\n\n\n\n<p><strong>2013,&nbsp;<\/strong>Einsetzung des CoVal (<strong>Co<\/strong>mit\u00e9 de&nbsp;&nbsp;<strong>Val<\/strong>idation des cols), die die CERP (<strong>C<\/strong>ommission\u2019<strong>E<\/strong>thisch,&nbsp;<strong>R<\/strong>eflexion und&nbsp;<strong>P<\/strong>roposition), mit einer geringeren Mitgliederzahl, die sich aus Mitgliedern des Verwaltungsrats und Mitgliedern zusammensetzt, die Experten in der Analyse von P\u00e4ssen sind (Claude B\u00e9nistrand, Jean-Michel Clausse, R\u00e9gis Paraz, Philippe Carrez, Michel Mathieu).<br>Wahlgeneralversammlung mit Einsetzung eines neuen Vorstands. Vorsitzender: R\u00e9gis Paraz, Generalsekret\u00e4r: Guy Harl\u00e9, Schatzmeister: Michel Mathieu, stellvertretende Sekret\u00e4rin : Nathalie Mauret, stellvertretender Vorsitzender: Mario Labelle (der Posten wurde zwei Monate sp\u00e4ter aufgrund seines R\u00fccktritts vakant).<br>Chantal Sala wird in ihrer Funktion als Chefredakteurin der Zeitschrift best\u00e4tigt.<\/p>\n\n\n\n<p><strong>2014,&nbsp;<\/strong>Einrichtung der AG Info (Arbeitsgruppe Informatik, bestehend aus Patrick Schleppi, Daniel Bossard, G\u00e9rard Birelli, Philippe Carrez, Jean-Michel Clausse, Graham Cutting, R\u00e9gis Paraz, Guy Ruffi\u00e9, Chantal Sala) und Neuausrichtung der Informatikpolitik sowohl in der Verteilung der Verantwortlichkeiten als auch in der laufenden Verwaltung und der Durchf\u00fchrung von Projekten. Das Prinzip der gemeinschaftlichen Arbeit sichert den Fortbestand der Anwendungen, indem es verhindert, dass das System auf einer einzigen Person beruht.<\/p>\n\n\n\n<p><strong>2015,&nbsp;<\/strong>Erstellung und Einrichtung einer neuen Website im Anschluss an die Arbeit der AG Info zur Analyse und Formulierung der Bed\u00fcrfnisse.<br>Beginn der Entwicklung einer einheitlichen Passdatenbank f\u00fcr alle L\u00e4nder.<br>Aufbau einer Partnerschaft mit Openrunner, die die Sichtbarkeit des Clubs im Internet erh\u00f6ht.<br>Robert Chauvot stirbt im Juli, der Verein verliert leider den Autor der Bibel (Catalogue des cols de France).<\/p>\n\n\n\n<p>Im Jahr 2015 z\u00e4hlen wir mehr als 7372 registrierte Teilnehmer, die aus rund 20 verschiedenen Nationen stammen: Australien, Belgien, Brasilien, D\u00e4nemark, Deutschland, Frankreich, Gro\u00dfbritannien, Irland, Italien, Jamaika, Kanada, Luxemburg, Niederlande, Norwegen, \u00d6sterreich, Polen, Schweden, Schweiz, Slowenien, Spanien, Ungarn, USA und Schottland.<\/p>\n\n\n\n<p>Schweizer, Belgier und Italiener stellen das gr\u00f6\u00dfte Kontingent an ausl\u00e4ndischen Mitgliedern, die unserer Bruderschaft beigetreten sind.<\/p>\n\n\n\n<p>726 unserer aktiven Mitglieder haben mehr als 1000 verschiedene P\u00e4sse \u00fcberquert.<\/p>\n\n\n\n<p><strong>2016<\/strong><\/p>\n\n\n\n<ul class=\"wp-block-list\">\n<li>Rad-Aufenthalte\n<ul class=\"wp-block-list\">\n<li>Ghisonaccia (Frankreich-Korsika), 24. bis 30. April<\/li>\n\n\n\n<li>Vassieux-en-Vercors (Frankreich-Dr\u00f4me), vom 16. bis 24. Juli.<\/li>\n<\/ul>\n<\/li>\n\n\n\n<li>GA 2016 und Herbstaufenthalt\n<ul class=\"wp-block-list\">\n<li>Balaruc-les-Bains (Frankreich-H\u00e9rault) 12. November 2016<\/li>\n\n\n\n<li>2331 beitragspflichtige Mitglieder.<\/li>\n<\/ul>\n<\/li>\n\n\n\n<li>Pass-Kataloge\n<ul class=\"wp-block-list\">\n<li>Ver\u00f6ffentlichung eines Katalogs der P\u00e4sse in Italien (7635 P\u00e4sse).<\/li>\n<\/ul>\n<\/li>\n\n\n\n<li>Verschiedene\n<ul class=\"wp-block-list\">\n<li>Einf\u00fchrung von Bank\u00fcberweisung und Paypal zur Abwicklung von Zahlungen und Eink\u00e4ufen.<\/li>\n<\/ul>\n<\/li>\n<\/ul>\n\n\n\n<p><strong>&nbsp;<\/strong><strong>2017<\/strong><\/p>\n\n\n\n<ul class=\"wp-block-list\">\n<li>Aufenthalte :\n<ul class=\"wp-block-list\">\n<li>Ceriale (Italien-Ligurien) 8. bis 15. Mai 2017.<\/li>\n\n\n\n<li>Bielle (Frankreich-Hautes-Pyr\u00e9n\u00e9es) 13. bis 20. August.<\/li>\n<\/ul>\n<\/li>\n\n\n\n<li>GA 2017 und Herbstaufenthalt\n<ul class=\"wp-block-list\">\n<li>Saint-Jorioz (Frankreich-Hochsavoyen) 10. November 2017.<\/li>\n\n\n\n<li>2220 beitragszahlende Mitglieder.\n<ul class=\"wp-block-list\">\n<li>Wahl-GV: Erneuerung des Verwaltungsrats<br>Bernard Giraudeau: Vorsitzender.<br>G\u00e9rard Birelli: Vizepr\u00e4sident, zust\u00e4ndig f\u00fcr rechtliche Aspekte und Versicherungen. Referent f\u00fcr die Spielregeln und die Kataloge.<br>S\u00e9bastien Vadot: Schatzmeister<br>Guy Harl\u00e9: Sekret\u00e4r, Beziehungen und FFCT-Lizenzen.<br>Nadine Giraudeau: Stellvertretende Sekret\u00e4rin, die f\u00fcr die Begr\u00fc\u00dfung neuer Mitglieder, Diplome und Medaillen zust\u00e4ndig ist.<br>Thierry Labour : Verantwortlicher f\u00fcr die Aufenthalte und stellvertretender Schatzmeister.<br>Enrico Alberini: Internationale Beziehungen und F\u00f6rderung.<br>Fran\u00e7ois Rieu: Chefredakteur der Zeitschrift.<\/li>\n<\/ul>\n<\/li>\n<\/ul>\n<\/li>\n\n\n\n<li>Beschl\u00fcsse des CA\n<ul class=\"wp-block-list\">\n<li>die Zahl der Mitglieder des VV von 8 auf 11 erh\u00f6hen<\/li>\n\n\n\n<li>Abschaffung von COVAL<\/li>\n\n\n\n<li>eigenst\u00e4ndige Verwaltung der VS<\/li>\n\n\n\n<li>\u00c4nderung der Clubkleidung<\/li>\n<\/ul>\n<\/li>\n\n\n\n<li>Informatik\n<ul class=\"wp-block-list\">\n<li>\n<ul class=\"wp-block-list\">\n<li>Verbesserungen des Pass-Viewers<\/li>\n<\/ul>\n<\/li>\n<\/ul>\n<\/li>\n\n\n\n<li>Pass-Kataloge\n<ul class=\"wp-block-list\">\n<li>\n<ul class=\"wp-block-list\">\n<li>Im Januar erschien ein erneuerter Spanienkatalog sowie Kataloge f\u00fcr S\u00fcdafrika, Lesotho, Mazedonien und Jamaika.<\/li>\n<\/ul>\n<\/li>\n<\/ul>\n<\/li>\n\n\n\n<li>Verschiedene\n<ul class=\"wp-block-list\">\n<li>\n<ul class=\"wp-block-list\">\n<li>\n<ul class=\"wp-block-list\">\n<li>Eine neue permanente Wanderung \u00abHelvetica Ronda\u00bb umfasst 2830 km mit einem H\u00f6henunterschied von 49000 Metern.<\/li>\n<\/ul>\n<\/li>\n<\/ul>\n<\/li>\n<\/ul>\n<\/li>\n<\/ul>\n\n\n\n<p><strong>2018<\/strong><\/p>\n\n\n\n<ul class=\"wp-block-list\">\n<li>Rad-Aufenthalte\n<ul class=\"wp-block-list\">\n<li>Argel\u00e8s-sur-Mer (Frankreich- Pyr\u00e9n\u00e9es Orientales) 14. bis 22. April.<\/li>\n\n\n\n<li>Saint-Maurice (Schweiz - Wallis) 13. bis 19. August.<\/li>\n<\/ul>\n<\/li>\n\n\n\n<li>Au\u00dferordentliche GV 2018 (\u00c4nderung der Statuten), ordentliche GV und Herbstaufenthalt\n<ul class=\"wp-block-list\">\n<li>B\u00e9doin (Frankreich-Vaucluse) 10. November 2018.<\/li>\n\n\n\n<li>2166 beitragspflichtige Mitglieder.<\/li>\n\n\n\n<li>Der Verwaltungsrat besteht aus 11 statt bisher 8 Mitgliedern.<\/li>\n\n\n\n<li>Beginn des Verkaufs der neuen Clubkleidung, die in Italien von Moa-Sport NALINI hergestellt wird, an die Mitglieder.<\/li>\n<\/ul>\n<\/li>\n\n\n\n<li>Beschl\u00fcsse des CA\n<ul class=\"wp-block-list\">\n<li>H\u00e9l\u00e8ne Laxenaire tritt die Nachfolge von Nicole Poty als Verwalterin der Kleiderboutique des Clubs an.<\/li>\n<\/ul>\n<\/li>\n\n\n\n<li>Erstellung des Info Cent Cols in Farbe.<\/li>\n\n\n\n<li>Einrichtung eines clubinternen Solidarit\u00e4tsfonds, um \u201cgerechtfertigte\u201d Stornierungen (Krankheit, Unfall usw.) von Aufenthalten zu verwalten.<\/li>\n\n\n\n<li>Kostenlose Kataloge f\u00fcr Clubmitglieder, w\u00e4hrend Nichtmitglieder die Kataloge nur als PDF erwerben k\u00f6nnen.<\/li>\n\n\n\n<li>Claude Benistrand wird zum Ehrenvorsitzenden ernannt<\/li>\n\n\n\n<li>Informatik\n<ul class=\"wp-block-list\">\n<li>Die Seite ist in Englisch und Italienisch funktionsf\u00e4hig.<\/li>\n<\/ul>\n<\/li>\n\n\n\n<li>Pass-Kataloge\n<ul class=\"wp-block-list\">\n<li>\n<ul class=\"wp-block-list\">\n<li>Neue Ausgabe des Katalogs der Vereinigten Staaten.<\/li>\n<\/ul>\n<\/li>\n<\/ul>\n<\/li>\n\n\n\n<li>DT\n<ul class=\"wp-block-list\">\n<li>\n<ul class=\"wp-block-list\">\n<li>\n<ul class=\"wp-block-list\">\n<li>Nach der Aufteilung des Gebiets 04W in zwei Teile \u00fcbergibt Claude Mabillot die Verantwortung f\u00fcr das Gebiet 04N an Robert de Rudder und f\u00fcr das Gebiet 04S an Jean-Marie Gilouin.<\/li>\n\n\n\n<li>Luigi Spina wird DT f\u00fcr Italien anstelle von Enrico Alberini<\/li>\n\n\n\n<li>Henk Leroy wird DT von Belgien anstelle von Rudy Pede.<\/li>\n<\/ul>\n<\/li>\n<\/ul>\n<\/li>\n<\/ul>\n<\/li>\n<\/ul>\n\n\n\n<p><strong>2019<\/strong><\/p>\n\n\n\n<ul class=\"wp-block-list\">\n<li>Rad-Aufenthalte\n<ul class=\"wp-block-list\">\n<li>Propriano (Frankreich-Korsika) 11. bis 18. Mai.<\/li>\n\n\n\n<li>St Di\u00e9-des-Vosges 20. bis 27. Juli.<\/li>\n<\/ul>\n<\/li>\n\n\n\n<li>AG 2019\n<ul class=\"wp-block-list\">\n<li>in Nant 9. November 2019.<\/li>\n\n\n\n<li>2069 beitragszahlende Mitglieder.<\/li>\n<\/ul>\n<\/li>\n\n\n\n<li>Beschl\u00fcsse des CA\n<ul class=\"wp-block-list\">\n<li>Unterzeichnung eines Partnerschaftsvertrags zwischen dem CCC und der FFCT.<\/li>\n\n\n\n<li>Einf\u00fchrung eines Trombinoscopes (Foto der Teilnehmer an den Aufenthalten).<\/li>\n\n\n\n<li>Kooptation von Bruno Litwin als Leiter der Boutique.<\/li>\n\n\n\n<li>Kooptation von Christophe Badonnel als Mitverantwortlicher f\u00fcr die Aufenthalte.<\/li>\n\n\n\n<li>Einrichtung einer AG-Kom und Suche nach Synergien mit Facebook und Strava.<\/li>\n\n\n\n<li>Der Club bietet vier Herausforderungen an, die f\u00fcr alle offen sind, egal ob Mitglieder oder Nicht-Mitglieder des Club des Cent Cols.<\/li>\n<\/ul>\n<\/li>\n\n\n\n<li>Pass-Kataloge\n<ul class=\"wp-block-list\">\n<li>Graham ist f\u00fcr die Koordination zwischen den Arbeitsgruppen zust\u00e4ndig.<\/li>\n<\/ul>\n<\/li>\n\n\n\n<li>DT\n<ul class=\"wp-block-list\">\n<li>Fran\u00e7ois Miroux ersetzt Thierry Combelles bei \u00abDer Rest der Welt\u00bb.<\/li>\n\n\n\n<li>Jeremy Chandler wird DT von \u00abUK und Irland\u00bb.<\/li>\n<\/ul>\n<\/li>\n\n\n\n<li>Verschiedene\n<ul class=\"wp-block-list\">\n<li>Erneuerung des Partnerschaftsabkommens mit Openrunner.<\/li>\n\n\n\n<li>Vorstellung des CCC bei der FFCT-GV in Angers.<\/li>\n\n\n\n<li>Einladung des Clubs zur Ard\u00e9choise durch G\u00e9rard Mistler (CCC-Mitglied Nr. 14) und Gr\u00fcnder der Ard\u00e9choise.<\/li>\n<\/ul>\n<\/li>\n<\/ul>\n\n\n\n<p><strong>2020<\/strong><\/p>\n\n\n\n<ul class=\"wp-block-list\">\n<li>Rad-Aufenthalte\n<ul class=\"wp-block-list\">\n<li>Cavi di Lavagna (Italien-Ligurien), abgesagt aufgrund der Pandemie bei COVID<\/li>\n\n\n\n<li>Chessy-les Mines (Frankreich-Rh\u00f4ne) 15. bis 22. August<\/li>\n<\/ul>\n<\/li>\n\n\n\n<li>GA 2020 und Herbstaufenthalt\n<ul class=\"wp-block-list\">\n<li>Autun (Frankreich-Sa\u00f4ne et Loire)\/ GV abgesagt aufgrund der Pandemie bei COVID. Elektronische Abstimmung \u00fcber die Berichte.<\/li>\n\n\n\n<li>2012 beitragspflichtige Mitglieder.<\/li>\n<\/ul>\n<\/li>\n\n\n\n<li>Beschl\u00fcsse des CA\n<ul class=\"wp-block-list\">\n<li>Kooptation von Fran\u00e7ois Candau als Leiter der Kommunikationsabteilung.<\/li>\n\n\n\n<li>Um der Gesetzgebung zu entsprechen, Aushandlung eines \u201cVersicherungs\u201d-Angebots mit Gritchen f\u00fcr Aufenthalte, um den Solidarit\u00e4tsfonds schrittweise zu ersetzen.<\/li>\n\n\n\n<li>Entscheidung, Annecy als Ort f\u00fcr die Feierlichkeiten zum 50-j\u00e4hrigen Bestehen des Clubs zu w\u00e4hlen.<\/li>\n\n\n\n<li>Beaufsichtigung der st\u00e4ndigen Wanderungen durch Jean-Marc Cl\u00e9ment.<\/li>\n<\/ul>\n<\/li>\n\n\n\n<li>Informatik\n<ul class=\"wp-block-list\">\n<li>Robert Charbonnier verst\u00e4rkt das IT-Team.<\/li>\n\n\n\n<li>Abschluss der Arbeiten an den Grenzp\u00e4ssen.<\/li>\n\n\n\n<li>Endspurt f\u00fcr die Inbetriebnahme der Passdatenbank.<\/li>\n<\/ul>\n<\/li>\n\n\n\n<li>Pass-Kataloge\n<ul class=\"wp-block-list\">\n<li>55 Kataloge f\u00fcr fast 70.000 Flaschenh\u00e4lse sind einsatzbereit<\/li>\n<\/ul>\n<\/li>\n\n\n\n<li>DT\n<ul class=\"wp-block-list\">\n<li>Claude und Michel Rabuteau ersetzen Herv\u00e9 Richard in der Zone 03W<\/li>\n\n\n\n<li>Ernennung eines referierenden TD in der Person von Robert de Rudder<\/li>\n<\/ul>\n<\/li>\n\n\n\n<li>Verschiedene\n<ul class=\"wp-block-list\">\n<li>Einf\u00fchrung einer Umfrage bei der Aufnahme neuer Mitglieder<\/li>\n\n\n\n<li>Patenschaft f\u00fcr Aspirantenkandidaten durch die TDs oder durch Nadine Giraudeau, die f\u00fcr die Anmeldungen zust\u00e4ndig ist<\/li>\n<\/ul>\n<\/li>\n<\/ul>\n\n\n\n<p><strong>2021<\/strong><\/p>\n\n\n\n<ul class=\"wp-block-list\">\n<li>Rad-Aufenthalte\n<ul class=\"wp-block-list\">\n<li>Cavi di Lavagna: wegen Pandemie bei Covid abgesagt<\/li>\n\n\n\n<li>M\u00e9ollans-Revel (Frankreich-Alpes de Hautes Provence) 4. bis 11. September<\/li>\n<\/ul>\n<\/li>\n\n\n\n<li>GA 2021 und Herbstaufenthalt\n<ul class=\"wp-block-list\">\n<li>Ste Maxime (Frankreich-Var) 10. bis 14. November.<\/li>\n\n\n\n<li>1974 beitragszahlende Mitglieder.\n<ul class=\"wp-block-list\">\n<li>Wahl-GV: Erneuerung des Verwaltungsrats<br>Enrico Alberini: Vorsitzender<br>Nadine Giraudeau: Vizepr\u00e4sidentin, zust\u00e4ndig f\u00fcr den Empfang neuer Mitglieder, Diplome und Medaillen<br>Herv\u00e9 Reti\u00e8re: Sekret\u00e4r<br>S\u00e9bastien Vadot: Schatzmeister<br>Christophe Badonnel: Verantwortlicher f\u00fcr die Aufenthalte und stellvertretender Schatzmeister<br>Fran\u00e7ois Rieu: Chefredakteur<br>Jean-Luc Matte: Mitverantwortlicher f\u00fcr die Aufenthalte<br>Bruno Litwin: Leiter der Boutique<br>Bernard Giraudeau: Leiter der Kommunikationsabteilung<\/li>\n<\/ul>\n<\/li>\n<\/ul>\n<\/li>\n\n\n\n<li>Beschl\u00fcsse des CA\n<ul class=\"wp-block-list\">\n<li>Schaffung von Patenten f\u00fcr Stra\u00dfenp\u00e4sse nach Verwaltungsregionen und von nationalen Patenten aller L\u00e4nder.<\/li>\n<\/ul>\n<\/li>\n\n\n\n<li>Informatik\n<ul class=\"wp-block-list\">\n<li>\n<ul class=\"wp-block-list\">\n<li>Inbetriebnahme der Passdatenbank<\/li>\n\n\n\n<li>Perfekte Synchronisation zwischen der Datenbank, ccWay und dem Viewer.<\/li>\n\n\n\n<li>Die j\u00e4hrliche Meldung von neu \u00fcberquerten P\u00e4ssen ist automatisch von der Website aus m\u00f6glich.<\/li>\n\n\n\n<li>Verwaltung regionaler Patente f\u00fcr CCC-Mitglieder<\/li>\n<\/ul>\n<\/li>\n<\/ul>\n<\/li>\n\n\n\n<li>Pass-Kataloge\n<ul class=\"wp-block-list\">\n<li>\n<ul class=\"wp-block-list\">\n<li>In diesem Jahr entstehen zahlreiche Kataloge, die von Lateinamerika \u00fcber Madagaskar bis hin zum Libanon und Israel reichen.<\/li>\n<\/ul>\n<\/li>\n<\/ul>\n<\/li>\n\n\n\n<li>TD: Constant van Waterschoot \u00fcbergibt den Posten des Nationalen TD der Niederlande an Paul Oude Luttighuis<\/li>\n<\/ul>\n\n\n\n<p><strong><em>2022 - Die Bruderschaft ist 50 Jahre alt.<\/em><\/strong><\/p>\n\n\n\n<p>Im M\u00e4rz kam es zum Tod von Michel Verhaeghe, dem Top. Er war das erste Mitglied, das 10000 \u00fcberquerte P\u00e4sse erreichte<\/p>\n\n\n\n<ul class=\"wp-block-list\">\n<li>Rad-Aufenthalte\n<ul class=\"wp-block-list\">\n<li>Cavi di Lavagna (Italien-Ligurien) vom 1. bis 8. Mai 2022<\/li>\n\n\n\n<li>Sare (Pyr\u00e9n\u00e9es-Atlantiques) vom 2. bis 9. Juli 2022<\/li>\n<\/ul>\n<\/li>\n\n\n\n<li>Gedenkversammlung zum 50. Jahrestag der Gr\u00fcndung unseres Clubs auf dem Col Luitel am 25. Juni<\/li>\n\n\n\n<li>GA 50. Jahrestag der Gr\u00fcndung unseres Clubs und Herbstaufenthalt\n<ul class=\"wp-block-list\">\n<li>Annecy 5. November 2022.<\/li>\n\n\n\n<li>1917 beitragszahlende Mitglieder.<\/li>\n<\/ul>\n<\/li>\n\n\n\n<li>Informatik\n<ul class=\"wp-block-list\">\n<li>Kataloge 35 neue L\u00e4nder oder Gebiete (meist in Asien oder Afrika). 129 Kataloge befinden sich nun im Bestand des Clubs. Fast 100.000 Flaschenh\u00e4lse sind darin verzeichnet.<\/li>\n<\/ul>\n<\/li>\n\n\n\n<li>Klub-Mitteilungen\n<ul class=\"wp-block-list\">\n<li>Die 2015 eingerichtete Website, die seit 2018 auf Englisch und Italienisch verf\u00fcgbar ist, beherbergt auf der Startseite eine neue Rubrik, The Gazette, deren Ziel es ist, Mitgliedern und Nichtmitgliedern Einblick in kleine und gro\u00dfe Ereignisse zu gew\u00e4hren, die mit dem Club, seinen Aktivit\u00e4ten und denen seiner Mitglieder in Verbindung stehen<\/li>\n\n\n\n<li>Eine europ\u00e4ische \u00d6ffnung wird durch vereinbarte Partnerschaften mit der UECT (European Cyclotourism Union) und der FECT (Spanish Cyclotourism Federation) umgesetzt.<\/li>\n\n\n\n<li>Die bereits historisch vereinbarten Partnerschaften mit der FFCT und OpenRunner werden ausgebaut und produktiver.<\/li>\n<\/ul>\n<\/li>\n\n\n\n<li>Verschiedene\n<ul class=\"wp-block-list\">\n<li>Christophe Marchal ist das 8000. Mitglied, das dem Club beitritt, und f\u00e4hrt Handbike.<\/li>\n\n\n\n<li>Unter den st\u00e4ndigen Wanderungen wurden f\u00fcnf Loops eingerichtet, d. h. Routen, bei denen man am selben Ausgangspunkt starten und wieder zur\u00fcckkehren kann.<\/li>\n<\/ul>\n<\/li>\n\n\n\n<li>DT\n<ul class=\"wp-block-list\">\n<li>G\u00e9rard Fillon-Robin \u00fcbergibt den Steuerkn\u00fcppel der Zone 04S an Jean-Yves Jamin<\/li>\n\n\n\n<li>Ars\u00e8ne Bickel \u00fcbergibt sein Amt als TD der Zone 03E an Denis Mathieu<\/li>\n\n\n\n<li>Alain Benoist wird TD f\u00fcr die Zone 04SW anstelle von Jean-Marie Gilouin.<\/li>\n<\/ul>\n<\/li>\n<\/ul>\n\n\n\n<p><strong>2024 - Tod von Jean Perdoux<\/strong><\/p>\n\n\n\n<p>Jean Perdoux, Gr\u00fcndungspr\u00e4sident des Club des Cent Cols, ist am 13. M\u00e4rz im Alter von 87 Jahren verstorben. Es ist eine lange Seite in der Geschichte des Club des Cent Cols, die sich umschl\u00e4gt. Wir haben unseren F\u00fchrer verloren, nicht aber seine Ideen.<\/p>\n\n\n\n<p><strong>Diese Geschichte wurde teilweise nach dem Buch von Jean PERDOUX und Henri DUSSEAU, \u201c<a href=\"https:\/\/centcols.org\/de\/boutique\/produit\/livre-quarante-ans-dhistoire-de-la-confrerie\/\" target=\"_blank\" rel=\"noreferrer noopener\">40 Jahre Geschichte<\/a>\u201c, von Chantal Sala und R\u00e9gis Paraz, und sp\u00e4ter aktualisiert von Bernard Giraudeau und Enrico Alberini<\/strong><\/p>","protected":false},"excerpt":{"rendered":"<p>C\u2019est par une magnifique journ\u00e9e d\u2019automne 1970, durant l\u2019ascension du tr\u00e8s beau et assez difficile col du Luitel, situ\u00e9 pr\u00e8s de Grenoble, dans les Alpes, que naquit l\u2019id\u00e9e de la Confr\u00e9rie des \u201cCent Cols\u201d. Ce lieu fut en effet le t\u00e9moin innocent du r\u00eave d\u2019un cycliste aimant la montagne. Pr\u00e8s du po\u00e9tique lac Luitel et [&hellip;]<\/p>\n","protected":false},"author":2,"featured_media":79137,"parent":0,"menu_order":0,"comment_status":"open","ping_status":"closed","template":"","meta":{"_acf_changed":false,"footnotes":""},"class_list":["post-79136","page","type-page","status-publish","has-post-thumbnail","hentry"],"acf":[],"yoast_head":"<!-- This site is optimized with the Yoast SEO plugin v27.2 - https:\/\/yoast.com\/product\/yoast-seo-wordpress\/ -->\n<title>50 ans d&#039;histoire - Club des Cent Cols<\/title>\n<meta name=\"robots\" content=\"index, follow, max-snippet:-1, max-image-preview:large, max-video-preview:-1\" \/>\n<link rel=\"canonical\" href=\"https:\/\/centcols.org\/de\/50-jahre-geschichte\/\" \/>\n<meta property=\"og:locale\" content=\"de_DE\" \/>\n<meta property=\"og:type\" content=\"article\" \/>\n<meta property=\"og:title\" content=\"50 ans d&#039;histoire - Club des Cent Cols\" \/>\n<meta property=\"og:description\" content=\"C\u2019est par une magnifique journ\u00e9e d\u2019automne 1970, durant l\u2019ascension du tr\u00e8s beau et assez difficile col du Luitel, situ\u00e9 pr\u00e8s de Grenoble, dans les Alpes, que naquit l\u2019id\u00e9e de la Confr\u00e9rie des \u201cCent Cols\u201d. Ce lieu fut en effet le t\u00e9moin innocent du r\u00eave d\u2019un cycliste aimant la montagne. Pr\u00e8s du po\u00e9tique lac Luitel et [&hellip;]\" \/>\n<meta property=\"og:url\" content=\"https:\/\/centcols.org\/de\/50-jahre-geschichte\/\" \/>\n<meta property=\"og:site_name\" content=\"Club des Cent Cols\" \/>\n<meta property=\"article:publisher\" content=\"https:\/\/www.facebook.com\/groups\/5261880558\/?locale=fr_FR\" \/>\n<meta property=\"article:modified_time\" content=\"2025-05-05T13:57:03+00:00\" \/>\n<meta property=\"og:image\" content=\"https:\/\/centcols.org\/wp-content\/uploads\/2025\/02\/dl_12-12-02-1.jpg\" \/>\n\t<meta property=\"og:image:width\" content=\"740\" \/>\n\t<meta property=\"og:image:height\" content=\"376\" \/>\n\t<meta property=\"og:image:type\" content=\"image\/jpeg\" \/>\n<meta name=\"twitter:card\" content=\"summary_large_image\" \/>\n<meta name=\"twitter:label1\" content=\"Gesch\u00e4tzte Lesezeit\" \/>\n\t<meta name=\"twitter:data1\" content=\"20\u00a0Minuten\" \/>\n<script type=\"application\/ld+json\" class=\"yoast-schema-graph\">{\"@context\":\"https:\/\/schema.org\",\"@graph\":[{\"@type\":\"WebPage\",\"@id\":\"https:\/\/centcols.org\/50-ans-dhistoire\/\",\"url\":\"https:\/\/centcols.org\/50-ans-dhistoire\/\",\"name\":\"50 ans d'histoire - Club des Cent Cols\",\"isPartOf\":{\"@id\":\"https:\/\/centcols.org\/#website\"},\"primaryImageOfPage\":{\"@id\":\"https:\/\/centcols.org\/50-ans-dhistoire\/#primaryimage\"},\"image\":{\"@id\":\"https:\/\/centcols.org\/50-ans-dhistoire\/#primaryimage\"},\"thumbnailUrl\":\"https:\/\/centcols.org\/wp-content\/uploads\/2025\/02\/dl_12-12-02-1.jpg\",\"datePublished\":\"2025-02-05T07:58:17+00:00\",\"dateModified\":\"2025-05-05T13:57:03+00:00\",\"breadcrumb\":{\"@id\":\"https:\/\/centcols.org\/50-ans-dhistoire\/#breadcrumb\"},\"inLanguage\":\"de\",\"potentialAction\":[{\"@type\":\"ReadAction\",\"target\":[\"https:\/\/centcols.org\/50-ans-dhistoire\/\"]}]},{\"@type\":\"ImageObject\",\"inLanguage\":\"de\",\"@id\":\"https:\/\/centcols.org\/50-ans-dhistoire\/#primaryimage\",\"url\":\"https:\/\/centcols.org\/wp-content\/uploads\/2025\/02\/dl_12-12-02-1.jpg\",\"contentUrl\":\"https:\/\/centcols.org\/wp-content\/uploads\/2025\/02\/dl_12-12-02-1.jpg\",\"width\":740,\"height\":376},{\"@type\":\"BreadcrumbList\",\"@id\":\"https:\/\/centcols.org\/50-ans-dhistoire\/#breadcrumb\",\"itemListElement\":[{\"@type\":\"ListItem\",\"position\":1,\"name\":\"Accueil\",\"item\":\"https:\/\/centcols.org\/\"},{\"@type\":\"ListItem\",\"position\":2,\"name\":\"50 ans d&rsquo;histoire\"}]},{\"@type\":\"WebSite\",\"@id\":\"https:\/\/centcols.org\/#website\",\"url\":\"https:\/\/centcols.org\/\",\"name\":\"Club des Cent Cols\",\"description\":\"\",\"publisher\":{\"@id\":\"https:\/\/centcols.org\/#organization\"},\"potentialAction\":[{\"@type\":\"SearchAction\",\"target\":{\"@type\":\"EntryPoint\",\"urlTemplate\":\"https:\/\/centcols.org\/?s={search_term_string}\"},\"query-input\":{\"@type\":\"PropertyValueSpecification\",\"valueRequired\":true,\"valueName\":\"search_term_string\"}}],\"inLanguage\":\"de\"},{\"@type\":\"Organization\",\"@id\":\"https:\/\/centcols.org\/#organization\",\"name\":\"Club des Cent Cols\",\"url\":\"https:\/\/centcols.org\/\",\"logo\":{\"@type\":\"ImageObject\",\"inLanguage\":\"de\",\"@id\":\"https:\/\/centcols.org\/#\/schema\/logo\/image\/\",\"url\":\"https:\/\/centcols.org\/wp-content\/uploads\/2025\/01\/carte-icone.png\",\"contentUrl\":\"https:\/\/centcols.org\/wp-content\/uploads\/2025\/01\/carte-icone.png\",\"width\":250,\"height\":250,\"caption\":\"Club des Cent Cols\"},\"image\":{\"@id\":\"https:\/\/centcols.org\/#\/schema\/logo\/image\/\"},\"sameAs\":[\"https:\/\/www.facebook.com\/groups\/5261880558\/?locale=fr_FR\"]}]}<\/script>\n<!-- \/ Yoast SEO plugin. -->","yoast_head_json":{"title":"50 Jahre Geschichte - Club des Cent Cols","robots":{"index":"index","follow":"follow","max-snippet":"max-snippet:-1","max-image-preview":"max-image-preview:large","max-video-preview":"max-video-preview:-1"},"canonical":"https:\/\/centcols.org\/de\/50-jahre-geschichte\/","og_locale":"de_DE","og_type":"article","og_title":"50 ans d'histoire - Club des Cent Cols","og_description":"C\u2019est par une magnifique journ\u00e9e d\u2019automne 1970, durant l\u2019ascension du tr\u00e8s beau et assez difficile col du Luitel, situ\u00e9 pr\u00e8s de Grenoble, dans les Alpes, que naquit l\u2019id\u00e9e de la Confr\u00e9rie des \u201cCent Cols\u201d. Ce lieu fut en effet le t\u00e9moin innocent du r\u00eave d\u2019un cycliste aimant la montagne. Pr\u00e8s du po\u00e9tique lac Luitel et [&hellip;]","og_url":"https:\/\/centcols.org\/de\/50-jahre-geschichte\/","og_site_name":"Club des Cent Cols","article_publisher":"https:\/\/www.facebook.com\/groups\/5261880558\/?locale=fr_FR","article_modified_time":"2025-05-05T13:57:03+00:00","og_image":[{"width":740,"height":376,"url":"https:\/\/centcols.org\/wp-content\/uploads\/2025\/02\/dl_12-12-02-1.jpg","type":"image\/jpeg"}],"twitter_card":"summary_large_image","twitter_misc":{"Gesch\u00e4tzte Lesezeit":"20\u00a0Minuten"},"schema":{"@context":"https:\/\/schema.org","@graph":[{"@type":"WebPage","@id":"https:\/\/centcols.org\/50-ans-dhistoire\/","url":"https:\/\/centcols.org\/50-ans-dhistoire\/","name":"50 Jahre Geschichte - Club des Cent Cols","isPartOf":{"@id":"https:\/\/centcols.org\/#website"},"primaryImageOfPage":{"@id":"https:\/\/centcols.org\/50-ans-dhistoire\/#primaryimage"},"image":{"@id":"https:\/\/centcols.org\/50-ans-dhistoire\/#primaryimage"},"thumbnailUrl":"https:\/\/centcols.org\/wp-content\/uploads\/2025\/02\/dl_12-12-02-1.jpg","datePublished":"2025-02-05T07:58:17+00:00","dateModified":"2025-05-05T13:57:03+00:00","breadcrumb":{"@id":"https:\/\/centcols.org\/50-ans-dhistoire\/#breadcrumb"},"inLanguage":"de","potentialAction":[{"@type":"ReadAction","target":["https:\/\/centcols.org\/50-ans-dhistoire\/"]}]},{"@type":"ImageObject","inLanguage":"de","@id":"https:\/\/centcols.org\/50-ans-dhistoire\/#primaryimage","url":"https:\/\/centcols.org\/wp-content\/uploads\/2025\/02\/dl_12-12-02-1.jpg","contentUrl":"https:\/\/centcols.org\/wp-content\/uploads\/2025\/02\/dl_12-12-02-1.jpg","width":740,"height":376},{"@type":"BreadcrumbList","@id":"https:\/\/centcols.org\/50-ans-dhistoire\/#breadcrumb","itemListElement":[{"@type":"ListItem","position":1,"name":"Accueil","item":"https:\/\/centcols.org\/"},{"@type":"ListItem","position":2,"name":"50 ans d&rsquo;histoire"}]},{"@type":"WebSite","@id":"https:\/\/centcols.org\/#website","url":"https:\/\/centcols.org\/","name":"Club des Cent Cols","description":"","publisher":{"@id":"https:\/\/centcols.org\/#organization"},"potentialAction":[{"@type":"SearchAction","target":{"@type":"EntryPoint","urlTemplate":"https:\/\/centcols.org\/?s={search_term_string}"},"query-input":{"@type":"PropertyValueSpecification","valueRequired":true,"valueName":"search_term_string"}}],"inLanguage":"de"},{"@type":"Organization","@id":"https:\/\/centcols.org\/#organization","name":"Club des Cent Cols","url":"https:\/\/centcols.org\/","logo":{"@type":"ImageObject","inLanguage":"de","@id":"https:\/\/centcols.org\/#\/schema\/logo\/image\/","url":"https:\/\/centcols.org\/wp-content\/uploads\/2025\/01\/carte-icone.png","contentUrl":"https:\/\/centcols.org\/wp-content\/uploads\/2025\/01\/carte-icone.png","width":250,"height":250,"caption":"Club des Cent Cols"},"image":{"@id":"https:\/\/centcols.org\/#\/schema\/logo\/image\/"},"sameAs":["https:\/\/www.facebook.com\/groups\/5261880558\/?locale=fr_FR"]}]}},"_links":{"self":[{"href":"https:\/\/centcols.org\/de\/wp-json\/wp\/v2\/pages\/79136","targetHints":{"allow":["GET"]}}],"collection":[{"href":"https:\/\/centcols.org\/de\/wp-json\/wp\/v2\/pages"}],"about":[{"href":"https:\/\/centcols.org\/de\/wp-json\/wp\/v2\/types\/page"}],"author":[{"embeddable":true,"href":"https:\/\/centcols.org\/de\/wp-json\/wp\/v2\/users\/2"}],"replies":[{"embeddable":true,"href":"https:\/\/centcols.org\/de\/wp-json\/wp\/v2\/comments?post=79136"}],"version-history":[{"count":0,"href":"https:\/\/centcols.org\/de\/wp-json\/wp\/v2\/pages\/79136\/revisions"}],"wp:featuredmedia":[{"embeddable":true,"href":"https:\/\/centcols.org\/de\/wp-json\/wp\/v2\/media\/79137"}],"wp:attachment":[{"href":"https:\/\/centcols.org\/de\/wp-json\/wp\/v2\/media?parent=79136"}],"curies":[{"name":"wp","href":"https:\/\/api.w.org\/{rel}","templated":true}]}}