{"version":"1.0","provider_name":"Club des Cent Cols","provider_url":"https:\/\/centcols.org\/en","author_name":"Webmestre","author_url":"https:\/\/centcols.org\/en\/author\/webmestre\/","title":"Le port du casque obligatoire \u00e0 v\u00e9lo ? - Club des Cent Cols","type":"rich","width":600,"height":338,"html":"<blockquote class=\"wp-embedded-content\" data-secret=\"90z5jVcsQD\"><a href=\"https:\/\/centcols.org\/en\/le-port-du-casque-obligatoire-a-velo\/\">Is it compulsory to wear a helmet when cycling?<\/a><\/blockquote><iframe sandbox=\"allow-scripts\" security=\"restricted\" src=\"https:\/\/centcols.org\/en\/le-port-du-casque-obligatoire-a-velo\/embed\/#?secret=90z5jVcsQD\" width=\"600\" height=\"338\" title=\"&#8220;Le port du casque obligatoire \u00e0 v\u00e9lo ?&#8221; &#8212; Club des Cent Cols\" data-secret=\"90z5jVcsQD\" frameborder=\"0\" marginwidth=\"0\" marginheight=\"0\" scrolling=\"no\" class=\"wp-embedded-content\"><\/iframe><script type=\"text\/javascript\">\n\/* <![CDATA[ *\/\n\/*! This file is auto-generated *\/\n!function(d,l){\"use strict\";l.querySelector&&d.addEventListener&&\"undefined\"!=typeof URL&&(d.wp=d.wp||{},d.wp.receiveEmbedMessage||(d.wp.receiveEmbedMessage=function(e){var t=e.data;if((t||t.secret||t.message||t.value)&&!\/[^a-zA-Z0-9]\/.test(t.secret)){for(var s,r,n,a=l.querySelectorAll('iframe[data-secret=\"'+t.secret+'\"]'),o=l.querySelectorAll('blockquote[data-secret=\"'+t.secret+'\"]'),c=new RegExp(\"^https?:$\",\"i\"),i=0;i<o.length;i++)o[i].style.display=\"none\";for(i=0;i<a.length;i++)s=a[i],e.source===s.contentWindow&&(s.removeAttribute(\"style\"),\"height\"===t.message?(1e3<(r=parseInt(t.value,10))?r=1e3:~~r<200&&(r=200),s.height=r):\"link\"===t.message&&(r=new URL(s.getAttribute(\"src\")),n=new URL(t.value),c.test(n.protocol))&&n.host===r.host&&l.activeElement===s&&(d.top.location.href=t.value))}},d.addEventListener(\"message\",d.wp.receiveEmbedMessage,!1),l.addEventListener(\"DOMContentLoaded\",function(){for(var e,t,s=l.querySelectorAll(\"iframe.wp-embedded-content\"),r=0;r<s.length;r++)(t=(e=s[r]).getAttribute(\"data-secret\"))||(t=Math.random().toString(36).substring(2,12),e.src+=\"#?secret=\"+t,e.setAttribute(\"data-secret\",t)),e.contentWindow.postMessage({message:\"ready\",secret:t},\"*\")},!1)))}(window,document);\n\/\/# sourceURL=https:\/\/centcols.org\/wp-includes\/js\/wp-embed.min.js\n\/* ]]> *\/\n<\/script>","thumbnail_url":"https:\/\/centcols.org\/wp-content\/uploads\/2025\/02\/casques.jpg","thumbnail_width":900,"thumbnail_height":491,"description":"La question s\u2019est pos\u00e9e r\u00e9cemment (janvier 2022) au s\u00e9nat fran\u00e7ais d\u2019\u00e9tendre \u00e0 tous les cyclistes l&rsquo;obligation du port du casque, actuellement exig\u00e9 uniquement pour les enfants jusqu\u2019\u00e0 12 ans. En tant que pratiquant, cyclotouriste, casqu\u00e9 depuis des ann\u00e9es, ma premi\u00e8re intuition a \u00e9t\u00e9 de r\u00e9pondre \u00ab oui, bien s\u00fbr \u00bb. Car, j\u2019en ai fait l\u2019exp\u00e9rience [&hellip;]"}