{"id":79136,"date":"2025-02-05T09:58:17","date_gmt":"2025-02-05T07:58:17","guid":{"rendered":"https:\/\/centcols.org\/50-ans-dhistoire\/"},"modified":"2025-05-05T15:57:03","modified_gmt":"2025-05-05T13:57:03","slug":"50-years-of-history","status":"publish","type":"page","link":"https:\/\/centcols.org\/en\/50-ans-dhistoire\/","title":{"rendered":"50 years of history"},"content":{"rendered":"<p>The idea of the Confr\u00e9rie des Cent Cols was born on a magnificent autumn day in 1970, during the ascent of the beautiful and rather difficult Col du Luitel, near Grenoble in the Alps. In fact, this place was the innocent witness to the dream of a mountain-loving cyclist.<\/p>\n\n\n\n<p>Near the poetic Lac Luitel and the peat bogs that border the summit, Jean Perdoux suggested to Daniel Legat (Cent Cols no. 6), Georges Ducatillon (Cent Cols no. 434), Pierre Fructus (Cent Cols no. 69) and Henri Voiron, his hiking companions for the day, that they celebrate a small event.<\/p>\n\n\n\n<p>In Chamrousse, he announced with emotion and pride that he had just climbed his 100<sup>e<\/sup>&nbsp;(different) pass! Daniel, one of his riding buddies, added that he'd done better, as he'd already clocked up at least 150 climbs!<\/p>\n\n\n\n<p>It was a great morning: the idea of the \"Cent Cols\" Club was born!<\/p>\n\n\n\n<p>At the time, Jean Perdoux was a member of the Executive Committee of the French Cycling Federation. In 1971, he placed a small advertisement in the federal magazine asking whether other cyclotourists were interested in climbing mountain passes. He received almost 200 replies.<\/p>\n\n\n\n<p class=\"translation-block\">Surprised by this enthusiasm, accompanied by encouragement and suggestions, all he had to do was to write in 1972 a set of rules (always the same for over 40 years).<\/p>\n\n\n\n<p>Simplicity, friendship, sharing a common passion and exchanging information were all part of the Club's spirit from the outset. These are the ideas that we all defend and nurture today.<\/p>\n\n\n\n<p>The first members of the Confr\u00e9rie were people from mountainous regions: some from the Pyrenees, but mainly from Savoie. Jacques Faizant from Paris (no. 7) was very proud to be one of the first 10 members, and he designed the first covers of our annual magazine.<\/p>\n\n\n\n<p><strong>1973<\/strong>The club's first official newsletter appeared, edited by Jean Perdoux. Marcel Bioud presented the members of the \"Cent Cols\" Club with an initial list of road and mule passes in the Northern Alps, followed in 1974 by Francis Marty's list of passes in the Pyrenees.<\/p>\n\n\n\n<p>In the autumn of 1974, the first national meeting was held above Lake Annecy, at the top of the magnificent, steep Col de la Forclaz de Montmin. Eighty of the 150 members of the Confr\u00e9rie took part. Marcel Bioud, a primary school teacher from Voiron, was a rare phenomenon at the time, arousing admiration and envy. Did you know that he had just completed his 842<sup>e<\/sup>&nbsp;different collar? He was our first Grand Master. He was succeeded by another great cyclist: Elie Bordat.<\/p>\n\n\n\n<p>Did you know that it was our Confr\u00e9rie that invented the millimetre coordinates for locating passes on maps back in 1974? This idea was later adopted by the Michelin and IGN maps.<\/p>\n\n\n\n<p><strong>1975<\/strong>On 7 August, the port (pass) of Bal\u00e8s, dear to Pierre Roques, welcomed the 2<sup>e&nbsp;<\/sup>concentration on the pastures at the summit of this exceptional cycling paradise. The day was a great success. Read what the local press had to say the next day: \"...rarely have we climbed in such a grandiose, majestic setting. It was a real rollercoaster. At times it was almost impossible, a real hard pass! So hard, in fact, that the leaders of the Confr\u00e9rie des Cent Cols were on the summit. Understandably, all sorts of people who get many cyclists to fall into their nets, condemning them to persevere on endless climbs...\".<br>Michel Verhaeghe joined the club in 1975. He has now climbed 10,000 different mountain passes.<\/p>\n\n\n\n<p><strong>1976<\/strong>Michel Perrodin was the author of the first published list of Alpine passes outside France, and Claude Carle had the first 100 embroidered badges woven.<\/p>\n\n\n\n<p><strong>1977,<\/strong>&nbsp;TF1 broadcast an excellent report on the Confr\u00e9rie. Many of the Club's pioneers were present that day for the filming on the slopes of the Col de l'Arpettaz: Jo Routens, Robert Chauvot, Daniel Legat, Georges Ducatillon, Henri Bouchez, Elie Bordat and many, many others. A programme that surprised and provoked a lot of questions from the general public.<br>That same year, thanks to information gathered from specialists in the Confr\u00e9rie, Jean Perdoux drew up the first list of road passes in France (1,368 passes). His annual bulletin became a magazine and grew to 70 pages.<\/p>\n\n\n\n<p><strong>1978<\/strong>The first list of Swiss mountain passes, compiled by Jean-Pierre M\u00e9rot, was published.<\/p>\n\n\n\n<p><strong>1979<\/strong>Publication of the list of 101 Algerian passes.<\/p>\n\n\n\n<p><strong>1980<\/strong>When the club reached the 1,000 member mark, Robert Chauvot, with the help of his wife Monique, invented the Bible, a complete directory of all the passes in France and a marvellous work that became a reference, served as such and still does. Until 1987, Fran\u00e7ois Rieu was in charge of updating it.<br>It was also in 1980 that Jean Perdoux, who still prepared and produced the magazine (which had grown to 80 pages), handed over the secretarial duties to Henri Bouchez for one year. Henri Dusseau took over in 1981.<\/p>\n\n\n\n<p><strong>1982<\/strong>At 10 years old, the club now has more than 1,231 members, including 94 women and 40 foreigners from 8 nations.<\/p>\n\n\n\n<p><strong>1983<\/strong>The 1471 centcolists are now managed by Henri Dusseau, who has left the presidency of the V.C.A. and become \"General Secretary\" of the brotherhood. However, the association remains under the legal responsibility of the V\u00e9lo-Club d'Annecy.<\/p>\n\n\n\n<p><strong>1984<\/strong>At the end of the 1980s, the Fellowship had 2,000 members and the first regional meeting was organised in the Adour-Pyr\u00e9n\u00e9es region. Regional managers are set up in each region of France and abroad. First magazine with a black and white photo.<\/p>\n\n\n\n<p>Since 1987, Ren\u00e9 Poty has been updating the \"Chauvot\", producing guidebooks (some in collaboration with M. de Br\u00e9bisson), itineraries and lists of passes in many countries.<\/p>\n\n\n\n<p><strong>1988<\/strong>By the end of the 1980s, the club had 3000 members, and the first foreign meetings (in Belgium and Switzerland) were organised.<\/p>\n\n\n\n<p><strong>1989<\/strong>no national concentration. The rules of the brotherhood became the \"Rules of the Game\".<\/p>\n\n\n\n<p><strong>1990<\/strong>Michel Verhaeghe has announced a list of over 3000 passes.<\/p>\n\n\n\n<p><strong>1991<\/strong>the brotherhood officially became part of the FFCT's heritage.<br>Publication of the new, corrected edition of the catalogue of road passes in France (+ Andorra, Belgium and Switzerland). Lists of passes in the following countries made available to members: Scotland, Wales, Ireland, Norway, Germany, Spain, Austria, Romania, Bulgaria, Albania, Yugoslavia.<br>R\u00e9gis Paraz joins the brotherhood and is elected President in 2009.<\/p>\n\n\n\n<p><strong>1992<\/strong>the brotherhood is 20 years old, a national meeting at the Col du Luitel and the original cover of the magazine drawn by Jacques Faizant.<\/p>\n\n\n\n<p><strong>1993<\/strong>The Roll of Honour appeared in the middle of the magazine for the first time.<\/p>\n\n\n\n<p><strong>1994<\/strong>The Cent Cols brand, pins and T-shirts.<br>Creation of the Tour de France des Cent Cols by Henri Gomez and organisation of 2 permanent tours (\"Cent Cols en Alpes\", drawn up by Ren\u00e9 Poty, and \"Cent Cols en Pyr\u00e9n\u00e9es\", drawn up by Alain Gillodes).<br>In the Pyrenees, setting up of the Cent Cols - Ordre des Cols Durs joint concentration (Alain Gillodes).<\/p>\n\n\n\n<p><strong>1995<\/strong>The brotherhood has 4024 members.<br>First colour photos in issue no. 23 and organisation of the first Cent Cols holiday in Buis-les-Baronnies.<\/p>\n\n\n\n<p><strong>1996<\/strong>Marc Liaudon offers Cent Cols his computerised notebook of French collars. New edition of the Bible and creation of the Cent Cols clothing line.<br>Many members from all over the world wear the Club's uniform. The emblematic jersey is now recognised and appreciated!<\/p>\n\n\n\n<p><strong>1997<\/strong>For administrative reasons, we had to set up an association to enable us to be independent of the V\u00e9lo club d'Annecy, which had provided administrative support for over 25 years. Since then, our association has been affiliated to the F\u00e9d\u00e9ration Fran\u00e7aise de Cyclotourisme and issues licences. The president is Jean Perdoux, the secretary Henri Dusseau, the assistant secretary Ren\u00e9 Poty and the treasurer Nicole Faverot.<\/p>\n\n\n\n<p><strong>1998<\/strong>creation of the 1000 collars medal. The magazine has 80 colour pages and includes 75 articles written by members.<br>Cycling champion Eddy Merckx was admitted to the brotherhood and presented with his diploma in Belgium by Jean Perdoux and Henri Dusseau.<\/p>\n\n\n\n<p><strong>1999<\/strong>First Italian meeting at Montefiorino, organised by Gianni Solenni. First publication of an alphabetical list of members. Publication of the list of road and mule passes over 2000 m in Europe. Annual membership fee reduced from 50 francs to 8 euros.<br>Our first website was launched in 1999:&nbsp;<a href=\"https:\/\/centcols.org\/en\/\">https:\/\/centcols.org<\/a>designed, produced and managed by Philippe Carrez, with Ren\u00e9 Poty as editorial director.<\/p>\n\n\n\n<p><strong>2001<\/strong>The magazine expands to 96 colour pages and 100 articles. Creation of the first CERP (Commission for Ethics, Reflection and Proposals).<\/p>\n\n\n\n<p><strong>2002<\/strong>On 12 January, the company will hold an Ordinary General Meeting, at which every member will have the right to vote at the AGM.<br>The management team underwent a change at the Extraordinary General Meeting on 9 March. The new team is as follows: Chairman - Claude B\u00e9nistrand, Secretary - Ren\u00e9 Poty, Treasurer - Michel Mathieu, Vice-Chairman - Bernard Vieillard, Assistant Secretary - Philippe Carrez.<br>The CERP was renewed, with Guy Bodoin becoming its moderator.<br>The first network of national and foreign Territorial Delegates is set up. IGN-France layers go online (Mario Labelle).<\/p>\n\n\n\n<p><strong>2003<\/strong>Jean Perdoux was proclaimed Founder Chairman and Honorary Chairman, and Henri Dusseau was proclaimed Chairman \"Honoris Causa\".<br>The club has 5721 registered members.<br>Claude B\u00e9nistrand (assisted by his wife Cathie) is in charge of the annual review.<\/p>\n\n\n\n<p><strong>2004<\/strong>new permanent Randonn\u00e9es (Corsica, Dr\u00f4me, Alps, Pyrenees, LPE Atlantique-M\u00e9diterran\u00e9e); change of clothing supplier, the new one being Bernard Th\u00e9venet.<br>New catalogues: Catalonia, Liguria, USA.<\/p>\n\n\n\n<p><strong>2005<\/strong>Creation of new permanent hikes (Haut-Languedoc and Ard\u00e8che). Publication of catalogues of French road passes and British Isles passes.<br>Creation of @ctualit\u00e9s Cent Cols and modernisation of the website.<br>At the elective AGM, the same team was re-elected. The CERP was renewed, with Guy Bodoin continuing as moderator.<\/p>\n\n\n\n<p><strong>2006,&nbsp;<\/strong>Publication of new catalogues: Austria, Germany, Sardinia, Romania, Navarre, North-East Italy and North-West Italy.<br>Creation of a new permanent trail: Cent cols en pays d'Azur.<\/p>\n\n\n\n<p><strong>2007<\/strong>the creation of 3 new permanent hikes: Arc en Cimes, the watershed in Spain and 100 passes in the Black Forest.<br>First General Meeting outside the Rh\u00f4ne-Alpes region, in Fontbonne, near Montauban.<\/p>\n\n\n\n<p><strong>2008,<\/strong>&nbsp;first Cent Cols spring break in Agay.<br>Creation of new permanent hikes: Cent Cols en Triveneto (Gianni Solenni) and Cent Cols en Pays de Savoie (which will become Cent Cols en Savoie Mont-Blanc) (R\u00e9gis Paraz).<br>Publication of catalogues for Poland, Hungary and Turkey.<br>Roland Grimaud succeeds Jean-Marc Lef\u00e8vre as head of Randonn\u00e9es Permanentes.<\/p>\n\n\n\n<p><strong>2009,&nbsp;<\/strong>The Chauvot has been \"revisited\", with the passes repositioned in GPS coordinates and G\u00e9oportail links enabling the passes to be viewed online on 1:25,000 scale maps (Ren\u00e9 Poty and Mario Labelle).<br>Publication of the catalogue of Spanish road passes.<br>Elective General Meeting in Yenne, organised by Roger Colombo and CT Yenne.<br>A new Board of Directors was elected, with R\u00e9gis Paraz as Chairman, G\u00e9rard Birelli (Vice-Chairman), Thierry Labour (General Secretary), Michel Mathieu (Treasurer) and Philippe Carrez (Deputy Secretary); Chantal Sala was appointed Editor-in-Chief of the magazine.<br>Establishment of a partnership with the Savoie and Haute-Savoie General Councils for the permanent \"Cent cols en Savoie Mont-Blanc\" trail.<\/p>\n\n\n\n<p><strong>2010,&nbsp;<\/strong>distribution of departments to a new network of regional coordinators who organise regional meetings.<br>Birth of a new permanent route, the Divisoria (100 passes on the Atlantic-Mediterranean watershed in Spain).<br>Publication of a new catalogue of European road passes over 2000 m and a first catalogue of forbidden French passes by Jean-Paul Zuanon.<br>Two deaths particularly affected the brotherhood: in the spring, that of the national delegate for Belgium, Germain Geenens and, during the summer, that of Roland Grimaud, head of the Randonn\u00e9es permanentes. Rudy Pede replaced Germain Geenens and Roger Colombo succeeded Roland Grimaud.<\/p>\n\n\n\n<p><strong>2011,&nbsp;<\/strong>Alain Gillodes and Chantal Sala organised their first spring trip abroad, to Ripoll in Spanish Catalonia.<br>Introduction of Info Cent Cols online and online voting on statutory reports at General Meetings.<br>Creation of a working group to draw up a catalogue of Moroccan passes (Bernard Giraudeau, Guy Harl\u00e9, Jean-Paul Zuanon and Bernard Pommel).<\/p>\n\n\n\n<p><strong>2012, the Brotherhood is 40 years old.<br><\/strong>The anniversary was celebrated with a festive meal at the end of the trip to Lescheraines, organised by R\u00e9gis Paraz, and a General Meeting in Annecy, organised by Jean Perdoux, Henri Dusseau and the VC Annecy.<br>It was also marked by the publication of the book by Jean Perdoux and Henri Dusseau, \"1972 - 2012, 40 years of history!<br>Alain Brault joins the Board of Directors.<br>After thousands of hours of work, the Spain working group has produced a catalogue of over 15,000 Spanish mountain passes.<br>The Chauvot, with over 10500 French passes, is published in the form of a binder. A 2-day seminar is held in Turin to set up an Italian working group to produce a unified catalogue of all the passes in Italy.<br>7000 registration<sup>e&nbsp;<\/sup>member, blind.<\/p>\n\n\n\n<p><strong>2013,&nbsp;<\/strong>establishment of the CoVal (<strong>Co<\/strong>mity of&nbsp;&nbsp;<strong>Val<\/strong>idation des cols), which replaces CERP (<strong>C<\/strong>ommission d<strong>E<\/strong>theatrical,&nbsp;<strong>R<\/strong>and&nbsp;<strong>P<\/strong>roposal), with a smaller number of Board members and members with expertise in pass analysis (Claude B\u00e9nistrand, Jean-Michel Clausse, R\u00e9gis Paraz, Philippe Carrez, Michel Mathieu).<br>Elective General Meeting with a new Board of Directors. Chairman: R\u00e9gis Paraz, General Secretary: Guy Harl\u00e9, Treasurer: Michel Mathieu, Assistant Secretary: Nathalie Mauret, Vice-Chairman: Mario Labelle (the position became vacant two months later, following his resignation).<br>Chantal Sala has been reappointed editor-in-chief of the magazine.<\/p>\n\n\n\n<p><strong>2014,&nbsp;<\/strong>setting up of the GT Info (IT Working Group, made up of Patrick Schleppi, Daniel Bossard, G\u00e9rard Birelli, Philippe Carrez, Jean-Michel Clausse, Graham Cutting, R\u00e9gis Paraz, Guy Ruffi\u00e9 and Chantal Sala) and a new direction for IT policy, both in the allocation of responsibilities and in day-to-day management and implementation of projects. The principle of collaborative working ensures the sustainability of applications by preventing the system from relying on a single person.<\/p>\n\n\n\n<p><strong>2015,&nbsp;<\/strong>creation and implementation of a new website, following the work of analysing and expressing the needs of the GT Info.<br>Start of a unified database of mountain passes in all countries.<br>Establishment of a partnership with Openrunner, boosting the club's visibility on the Internet.<br>Robert Chauvot died in July, and the club sadly lost the author of the Bible (Catalogue des cols de France).<\/p>\n\n\n\n<p>In 2015 we counted over 7372 registrations, from around twenty different nations: Australia, Austria, Belgium, Brazil, Canada, Denmark, France, Germany, Hungary, Ireland, Italy, Jamaica, Luxembourg, Netherlands, Norway, Poland, Slovenia, Scotland, Spain, Sweden, Switzerland, United Kingdom, United States...<\/p>\n\n\n\n<p>The Swiss, Belgians and Italians represent the largest contingent of foreign members who have joined our Confr\u00e9rie.<\/p>\n\n\n\n<p>726 of our active members have climbed more than 1,000 different mountain passes.<\/p>\n\n\n\n<p><strong>2016<\/strong><\/p>\n\n\n\n<ul class=\"wp-block-list\">\n<li>Stays\n<ul class=\"wp-block-list\">\n<li>Ghisonaccia (France-Corsica), from 24 to 30 April<\/li>\n\n\n\n<li>Vassieux-en-Vercors (France-Dr\u00f4me), from 16 to 24 July.<\/li>\n<\/ul>\n<\/li>\n\n\n\n<li>2016 AGM and autumn break\n<ul class=\"wp-block-list\">\n<li>Balaruc-les-Bains (France-H\u00e9rault) 12 November 2016<\/li>\n\n\n\n<li>2331 paid-up members.<\/li>\n<\/ul>\n<\/li>\n\n\n\n<li>Catalogues\n<ul class=\"wp-block-list\">\n<li>Publication of a catalogue of Italian passes (7,635 passes).<\/li>\n<\/ul>\n<\/li>\n\n\n\n<li>Various\n<ul class=\"wp-block-list\">\n<li>Introduction of bank transfers and Paypal for payments and purchases.<\/li>\n<\/ul>\n<\/li>\n<\/ul>\n\n\n\n<p><strong>&nbsp;<\/strong><strong>2017<\/strong><\/p>\n\n\n\n<ul class=\"wp-block-list\">\n<li>Stays :\n<ul class=\"wp-block-list\">\n<li>Ceriale (Italy-Liguria) 8 to 15 May 2017.<\/li>\n\n\n\n<li>Bielle (France-Hautes-Pyr\u00e9n\u00e9es) 13 to 20 August.<\/li>\n<\/ul>\n<\/li>\n\n\n\n<li>2017 AGM and autumn break\n<ul class=\"wp-block-list\">\n<li>Saint-Jorioz (France-Haute-Savoie) 10 November 2017.<\/li>\n\n\n\n<li>2220 paid-up members.\n<ul class=\"wp-block-list\">\n<li>Elective AGM: renewal of the Board of Directors<br>Bernard Giraudeau: Chairman.<br>G\u00e9rard Birelli: Vice-Chairman, responsible for legal and insurance matters. Referent for the rules of the game and catalogues.<br>S\u00e9bastien Vadot: Treasurer<br>Guy Harl\u00e9: Secretary, FFCT relations and licences.<br>Nadine Giraudeau: Assistant Secretary in charge of welcoming new members, diplomas and medals.<br>Thierry Labour : Stays Manager and Assistant Treasurer.<br>Enrico Alberini: International relations and promotions.<br>Fran\u00e7ois Rieu: Editor of the magazine.<\/li>\n<\/ul>\n<\/li>\n<\/ul>\n<\/li>\n\n\n\n<li>Board decisions\n<ul class=\"wp-block-list\">\n<li>increase the number of Board members from 8 to 11<\/li>\n\n\n\n<li>abolition of the COVAL<\/li>\n\n\n\n<li>autonomous GT management<\/li>\n\n\n\n<li>Change of club uniform<\/li>\n<\/ul>\n<\/li>\n\n\n\n<li>IT\n<ul class=\"wp-block-list\">\n<li>\n<ul class=\"wp-block-list\">\n<li>Improvements to the pass viewer<\/li>\n<\/ul>\n<\/li>\n<\/ul>\n<\/li>\n\n\n\n<li>Catalogues\n<ul class=\"wp-block-list\">\n<li>\n<ul class=\"wp-block-list\">\n<li>A new catalogue for Spain was published in January, along with catalogues for South Africa, Lesotho, Macedonia and Jamaica.<\/li>\n<\/ul>\n<\/li>\n<\/ul>\n<\/li>\n\n\n\n<li>Various\n<ul class=\"wp-block-list\">\n<li>\n<ul class=\"wp-block-list\">\n<li>\n<ul class=\"wp-block-list\">\n<li>A new permanent tour, \"Helvetica Ronda\", covers 2,830 km and a total height difference of 49,000 m.<\/li>\n<\/ul>\n<\/li>\n<\/ul>\n<\/li>\n<\/ul>\n<\/li>\n<\/ul>\n\n\n\n<p><strong>2018<\/strong><\/p>\n\n\n\n<ul class=\"wp-block-list\">\n<li>Stays\n<ul class=\"wp-block-list\">\n<li>Argel\u00e8s-sur-Mer (France- Pyr\u00e9n\u00e9es Orientales) 14 to 22 April.<\/li>\n\n\n\n<li>Saint-Maurice (Switzerland - Valais) August 13 to 19.<\/li>\n<\/ul>\n<\/li>\n\n\n\n<li>2018 Extraordinary General Meeting (amendment to the Articles of Association), Ordinary General Meeting and autumn break\n<ul class=\"wp-block-list\">\n<li>B\u00e9doin (France-Vaucluse) 10 November 2018.<\/li>\n\n\n\n<li>2166 paid-up members.<\/li>\n\n\n\n<li>The Board has 11 members instead of the previous 8.<\/li>\n\n\n\n<li>Start of sales to members of the Club's new outfit, made in Italy by Moa-Sport NALINI.<\/li>\n<\/ul>\n<\/li>\n\n\n\n<li>Board decisions\n<ul class=\"wp-block-list\">\n<li>H\u00e9l\u00e8ne Laxenaire takes over from Nicole Poty as manager of the club's clothing shop.<\/li>\n<\/ul>\n<\/li>\n\n\n\n<li>Production of the Info Cent Cols in colour.<\/li>\n\n\n\n<li>Creation of an internal Club Solidarity Fund to deal with \"justified\" cancellations (illness, accident, etc.).<\/li>\n\n\n\n<li>The catalogues are free for club members, while non-members can only purchase the catalogues in PDF format.<\/li>\n\n\n\n<li>Claude Benistrand appointed Honorary Chairman<\/li>\n\n\n\n<li>IT\n<ul class=\"wp-block-list\">\n<li>The site is available in English and Italian.<\/li>\n<\/ul>\n<\/li>\n\n\n\n<li>Catalogues\n<ul class=\"wp-block-list\">\n<li>\n<ul class=\"wp-block-list\">\n<li>New edition of the United States catalogue.<\/li>\n<\/ul>\n<\/li>\n<\/ul>\n<\/li>\n\n\n\n<li>DT\n<ul class=\"wp-block-list\">\n<li>\n<ul class=\"wp-block-list\">\n<li>\n<ul class=\"wp-block-list\">\n<li>After Zone 04W was split into 2 parts, Claude Mabillot handed over Zone 04N to Robert de Rudder and Zone 04S to Jean-Marie Gilouin.<\/li>\n\n\n\n<li>Luigi Spina becomes TD of Italy in place of Enrico Alberini<\/li>\n\n\n\n<li>Henk Leroy replaces Rudy Pede as TD of Belgium.<\/li>\n<\/ul>\n<\/li>\n<\/ul>\n<\/li>\n<\/ul>\n<\/li>\n<\/ul>\n\n\n\n<p><strong>2019<\/strong><\/p>\n\n\n\n<ul class=\"wp-block-list\">\n<li>Stays\n<ul class=\"wp-block-list\">\n<li>Propriano (France-Corsica) 11 to 18 May.<\/li>\n\n\n\n<li>St Di\u00e9-des-Vosges 20 to 27 July.<\/li>\n<\/ul>\n<\/li>\n\n\n\n<li>AGM 2019\n<ul class=\"wp-block-list\">\n<li>in Nant on 9 November 2019.<\/li>\n\n\n\n<li>2069 paid-up members.<\/li>\n<\/ul>\n<\/li>\n\n\n\n<li>Board decisions\n<ul class=\"wp-block-list\">\n<li>Signing of a partnership agreement between the CCC and the FFCT.<\/li>\n\n\n\n<li>Creation of a \"trombinoscope\" (photos of holiday participants).<\/li>\n\n\n\n<li>Bruno Litwin co-opted as shop manager.<\/li>\n\n\n\n<li>Christophe Badonnel was appointed co-responsible for the holidays.<\/li>\n\n\n\n<li>Creation of a GT-Com and search for synergies with Facebook and Strava.<\/li>\n\n\n\n<li>The Club is offering 4 challenges open to all, whether or not they are members of the Club des Cent Cols.<\/li>\n<\/ul>\n<\/li>\n\n\n\n<li>Catalogues\n<ul class=\"wp-block-list\">\n<li>Graham is responsible for coordination between the working groups.<\/li>\n<\/ul>\n<\/li>\n\n\n\n<li>DT\n<ul class=\"wp-block-list\">\n<li>Fran\u00e7ois Miroux replaces Thierry Combelles for \"Le reste du monde\".<\/li>\n\n\n\n<li>Jeremy Chandler becomes DT of \"UK and Ireland\".<\/li>\n<\/ul>\n<\/li>\n\n\n\n<li>Various\n<ul class=\"wp-block-list\">\n<li>Renewal of partnership agreement with Openrunner.<\/li>\n\n\n\n<li>Presentation of the CCC at the FFCT AGM in Angers.<\/li>\n\n\n\n<li>Club invitation to the Ard\u00e9choise by G\u00e9rard Mistler (CCC member no. 14) and founder of the Ard\u00e9choise.<\/li>\n<\/ul>\n<\/li>\n<\/ul>\n\n\n\n<p><strong>2020<\/strong><\/p>\n\n\n\n<ul class=\"wp-block-list\">\n<li>Stays\n<ul class=\"wp-block-list\">\n<li>Cavi di Lavagna (Italy-Liguria), cancelled due to pandemic at COVID<\/li>\n\n\n\n<li>Chessy-les Mines (France-Rh\u00f4ne) 15 to 22 August<\/li>\n<\/ul>\n<\/li>\n\n\n\n<li>2020 AGM and autumn break\n<ul class=\"wp-block-list\">\n<li>Autun (France-Sa\u00f4ne et Loire)\/ AGM cancelled due to pandemic at COVID. Electronic voting on reports.<\/li>\n\n\n\n<li>2012 paid-up members.<\/li>\n<\/ul>\n<\/li>\n\n\n\n<li>Board decisions\n<ul class=\"wp-block-list\">\n<li>Fran\u00e7ois Candau appointed Head of Communications.<\/li>\n\n\n\n<li>In order to comply with legislation, an \"insurance\" offer was negotiated with Gritchen for holidays to gradually replace the Solidarity Fund.<\/li>\n\n\n\n<li>Decision to choose Annecy to celebrate the club's fiftieth anniversary.<\/li>\n\n\n\n<li>Supervision of the permanent cycle-tours by Jean-Marc Cl\u00e9ment.<\/li>\n<\/ul>\n<\/li>\n\n\n\n<li>IT\n<ul class=\"wp-block-list\">\n<li>Robert Charbonnier has joined the IT team.<\/li>\n\n\n\n<li>Completion of work on the border passes.<\/li>\n\n\n\n<li>Final stretch for the launch of the mountain pass database.<\/li>\n<\/ul>\n<\/li>\n\n\n\n<li>Catalogues\n<ul class=\"wp-block-list\">\n<li>55 catalogues for almost 70,000 bottles are operational<\/li>\n<\/ul>\n<\/li>\n\n\n\n<li>DT\n<ul class=\"wp-block-list\">\n<li>Claude and Michel Rabuteau replace Herv\u00e9 Richard in zone 03W<\/li>\n\n\n\n<li>Appointment of Robert de Rudder as a Technical Delegate<\/li>\n<\/ul>\n<\/li>\n\n\n\n<li>Various\n<ul class=\"wp-block-list\">\n<li>Introduction of a survey for new members<\/li>\n\n\n\n<li>Aspirant candidates are sponsored by the TDs or by Nadine Giraudeau, who is in charge of registrations.<\/li>\n<\/ul>\n<\/li>\n<\/ul>\n\n\n\n<p><strong>2021<\/strong><\/p>\n\n\n\n<ul class=\"wp-block-list\">\n<li>Stays\n<ul class=\"wp-block-list\">\n<li>Cavi di Lavagna: cancelled due to pandemic at Covid<\/li>\n\n\n\n<li>M\u00e9ollans-Revel (France-Alpes de Hautes Provence) September 4 to 11<\/li>\n<\/ul>\n<\/li>\n\n\n\n<li>2021 AGM and autumn break\n<ul class=\"wp-block-list\">\n<li>Ste Maxime (France-Var) 10 to 14 November.<\/li>\n\n\n\n<li>1974 paid-up members.\n<ul class=\"wp-block-list\">\n<li>Elective AGM: Renewal of the Board of Directors<br>Enrico Alberini: Chairman<br>Nadine Giraudeau: vice-president in charge of welcoming new members, diplomas and medals<br>Herv\u00e9 Reti\u00e8re: secretary<br>S\u00e9bastien Vadot: Treasurer<br>Christophe Badonnel: holidays manager and deputy treasurer<br>Fran\u00e7ois Rieu: editor-in-chief<br>Jean-Luc Matte: co-responsible for holidays<br>Bruno Litwin: shop manager<br>Bernard Giraudeau: Head of Communications<\/li>\n<\/ul>\n<\/li>\n<\/ul>\n<\/li>\n\n\n\n<li>Board decisions\n<ul class=\"wp-block-list\">\n<li>Creation of road passes by administrative region and national passes for all countries.<\/li>\n<\/ul>\n<\/li>\n\n\n\n<li>IT\n<ul class=\"wp-block-list\">\n<li>\n<ul class=\"wp-block-list\">\n<li>Pass database goes live<\/li>\n\n\n\n<li>Perfect synchronisation between the database, ccWay and the viewer.<\/li>\n\n\n\n<li>New passes can be declared automatically on the website each year.<\/li>\n\n\n\n<li>Management of regional cards for CCC members<\/li>\n<\/ul>\n<\/li>\n<\/ul>\n<\/li>\n\n\n\n<li>Catalogues\n<ul class=\"wp-block-list\">\n<li>\n<ul class=\"wp-block-list\">\n<li>A number of catalogues are being launched this year, from Latin America to Madagascar, via Lebanon and Israel.<\/li>\n<\/ul>\n<\/li>\n<\/ul>\n<\/li>\n\n\n\n<li>TD: Constant van Waterschoot hands over the post of Dutch national TD to Paul Oude Luttighuis<\/li>\n<\/ul>\n\n\n\n<p><strong><em>2022 - The Brotherhood turns 50.<\/em><\/strong><\/p>\n\n\n\n<p>In March, Michel Verhaeghe, the Top, passed away. He was the first member to reach 10,000 mountain passes.<\/p>\n\n\n\n<ul class=\"wp-block-list\">\n<li>Stays\n<ul class=\"wp-block-list\">\n<li>Cavi di Lavagna (Italy-Liguria) from 1 to 8 May 2022<\/li>\n\n\n\n<li>Sare (Pyr\u00e9n\u00e9es-Atlantiques) from 2 to 9 July 2022<\/li>\n<\/ul>\n<\/li>\n\n\n\n<li>Gathering to commemorate the 50th anniversary of the founding of our club at Col Luitel on 25 June<\/li>\n\n\n\n<li>AGM 50th anniversary of the founding of our club and autumn break\n<ul class=\"wp-block-list\">\n<li>Annecy 5 November 2022.<\/li>\n\n\n\n<li>1917 paid-up members.<\/li>\n<\/ul>\n<\/li>\n\n\n\n<li>IT\n<ul class=\"wp-block-list\">\n<li>Catalogues from 35 new countries or territories (mostly in Asia and Africa). 129 catalogues are now part of the club's heritage. Almost 100,000 passes are listed.<\/li>\n<\/ul>\n<\/li>\n\n\n\n<li>Communication\n<ul class=\"wp-block-list\">\n<li>The site, which was created in 2015 and has been available in English and Italian since 2018, features a new section on the home page, La Gazette, which aims to give members and non-members alike visibility over the small and large events linked to the club, its activities and those of its members.<\/li>\n\n\n\n<li>A European approach is implemented through partnerships agreed with the UECT (European Cycling Union) and the FECT (Spanish Cycling Federation).<\/li>\n\n\n\n<li>Partnerships, already agreed historically with the FFCT and OpenRunner, are strengthened and become more productive<\/li>\n<\/ul>\n<\/li>\n\n\n\n<li>Various\n<ul class=\"wp-block-list\">\n<li>8000th member to join the Club, Christophe Marchal rides a handbike<\/li>\n\n\n\n<li>Among the permanent tours, five loops have been created, i.e. routes that allow you to set off and return to the same starting point.<\/li>\n<\/ul>\n<\/li>\n\n\n\n<li>DT\n<ul class=\"wp-block-list\">\n<li>G\u00e9rard Fillon-Robin hands over the control of zone 04S to Jean-Yves Jamin<\/li>\n\n\n\n<li>Ars\u00e8ne Bickel hands over his duties as Regional Director for Zone 03E to Denis Mathieu<\/li>\n\n\n\n<li>Alain Benoist replaces Jean-Marie Gilouin as Regional Director for Zone 04SW.<\/li>\n<\/ul>\n<\/li>\n<\/ul>\n\n\n\n<p><strong>2024 - Death of Jean Perdoux<\/strong><\/p>\n\n\n\n<p>Jean Perdoux, founding president of the Club des Cent Cols, died on 13 March at the age of 87. This marks the end of a long chapter in the history of the Club des Cent Cols. We have lost our guide, but not his ideas.<\/p>\n\n\n\n<p><strong>This history is based in part on the book by Jean PERDOUX and Henri DUSSEAU, \"<a href=\"https:\/\/centcols.org\/en\/boutique\/produit\/livre-quarante-ans-dhistoire-de-la-confrerie\/\" target=\"_blank\" rel=\"noreferrer noopener\">40 years of history<\/a>\"by Chantal Sala and R\u00e9gis Paraz, subsequently updated by Bernard Giraudeau and Enrico Alberini.<\/strong><\/p>","protected":false},"excerpt":{"rendered":"<p>C\u2019est par une magnifique journ\u00e9e d\u2019automne 1970, durant l\u2019ascension du tr\u00e8s beau et assez difficile col du Luitel, situ\u00e9 pr\u00e8s de Grenoble, dans les Alpes, que naquit l\u2019id\u00e9e de la Confr\u00e9rie des \u201cCent Cols\u201d. Ce lieu fut en effet le t\u00e9moin innocent du r\u00eave d\u2019un cycliste aimant la montagne. Pr\u00e8s du po\u00e9tique lac Luitel et [&hellip;]<\/p>\n","protected":false},"author":2,"featured_media":79137,"parent":0,"menu_order":0,"comment_status":"open","ping_status":"closed","template":"","meta":{"_acf_changed":false,"footnotes":""},"class_list":["post-79136","page","type-page","status-publish","has-post-thumbnail","hentry"],"acf":[],"yoast_head":"<!-- This site is optimized with the Yoast SEO plugin v27.2 - https:\/\/yoast.com\/product\/yoast-seo-wordpress\/ -->\n<title>50 ans d&#039;histoire - Club des Cent Cols<\/title>\n<meta name=\"robots\" content=\"index, follow, max-snippet:-1, max-image-preview:large, max-video-preview:-1\" \/>\n<link rel=\"canonical\" href=\"https:\/\/centcols.org\/en\/50-years-of-history\/\" \/>\n<meta property=\"og:locale\" content=\"en_GB\" \/>\n<meta property=\"og:type\" content=\"article\" \/>\n<meta property=\"og:title\" content=\"50 ans d&#039;histoire - Club des Cent Cols\" \/>\n<meta property=\"og:description\" content=\"C\u2019est par une magnifique journ\u00e9e d\u2019automne 1970, durant l\u2019ascension du tr\u00e8s beau et assez difficile col du Luitel, situ\u00e9 pr\u00e8s de Grenoble, dans les Alpes, que naquit l\u2019id\u00e9e de la Confr\u00e9rie des \u201cCent Cols\u201d. Ce lieu fut en effet le t\u00e9moin innocent du r\u00eave d\u2019un cycliste aimant la montagne. Pr\u00e8s du po\u00e9tique lac Luitel et [&hellip;]\" \/>\n<meta property=\"og:url\" content=\"https:\/\/centcols.org\/en\/50-years-of-history\/\" \/>\n<meta property=\"og:site_name\" content=\"Club des Cent Cols\" \/>\n<meta property=\"article:publisher\" content=\"https:\/\/www.facebook.com\/groups\/5261880558\/?locale=fr_FR\" \/>\n<meta property=\"article:modified_time\" content=\"2025-05-05T13:57:03+00:00\" \/>\n<meta property=\"og:image\" content=\"https:\/\/centcols.org\/wp-content\/uploads\/2025\/02\/dl_12-12-02-1.jpg\" \/>\n\t<meta property=\"og:image:width\" content=\"740\" \/>\n\t<meta property=\"og:image:height\" content=\"376\" \/>\n\t<meta property=\"og:image:type\" content=\"image\/jpeg\" \/>\n<meta name=\"twitter:card\" content=\"summary_large_image\" \/>\n<meta name=\"twitter:label1\" content=\"Estimated reading time\" \/>\n\t<meta name=\"twitter:data1\" content=\"20 minutes\" \/>\n<script type=\"application\/ld+json\" class=\"yoast-schema-graph\">{\"@context\":\"https:\/\/schema.org\",\"@graph\":[{\"@type\":\"WebPage\",\"@id\":\"https:\/\/centcols.org\/50-ans-dhistoire\/\",\"url\":\"https:\/\/centcols.org\/50-ans-dhistoire\/\",\"name\":\"50 ans d'histoire - Club des Cent Cols\",\"isPartOf\":{\"@id\":\"https:\/\/centcols.org\/#website\"},\"primaryImageOfPage\":{\"@id\":\"https:\/\/centcols.org\/50-ans-dhistoire\/#primaryimage\"},\"image\":{\"@id\":\"https:\/\/centcols.org\/50-ans-dhistoire\/#primaryimage\"},\"thumbnailUrl\":\"https:\/\/centcols.org\/wp-content\/uploads\/2025\/02\/dl_12-12-02-1.jpg\",\"datePublished\":\"2025-02-05T07:58:17+00:00\",\"dateModified\":\"2025-05-05T13:57:03+00:00\",\"breadcrumb\":{\"@id\":\"https:\/\/centcols.org\/50-ans-dhistoire\/#breadcrumb\"},\"inLanguage\":\"en-GB\",\"potentialAction\":[{\"@type\":\"ReadAction\",\"target\":[\"https:\/\/centcols.org\/50-ans-dhistoire\/\"]}]},{\"@type\":\"ImageObject\",\"inLanguage\":\"en-GB\",\"@id\":\"https:\/\/centcols.org\/50-ans-dhistoire\/#primaryimage\",\"url\":\"https:\/\/centcols.org\/wp-content\/uploads\/2025\/02\/dl_12-12-02-1.jpg\",\"contentUrl\":\"https:\/\/centcols.org\/wp-content\/uploads\/2025\/02\/dl_12-12-02-1.jpg\",\"width\":740,\"height\":376},{\"@type\":\"BreadcrumbList\",\"@id\":\"https:\/\/centcols.org\/50-ans-dhistoire\/#breadcrumb\",\"itemListElement\":[{\"@type\":\"ListItem\",\"position\":1,\"name\":\"Accueil\",\"item\":\"https:\/\/centcols.org\/\"},{\"@type\":\"ListItem\",\"position\":2,\"name\":\"50 ans d&rsquo;histoire\"}]},{\"@type\":\"WebSite\",\"@id\":\"https:\/\/centcols.org\/#website\",\"url\":\"https:\/\/centcols.org\/\",\"name\":\"Club des Cent Cols\",\"description\":\"\",\"publisher\":{\"@id\":\"https:\/\/centcols.org\/#organization\"},\"potentialAction\":[{\"@type\":\"SearchAction\",\"target\":{\"@type\":\"EntryPoint\",\"urlTemplate\":\"https:\/\/centcols.org\/?s={search_term_string}\"},\"query-input\":{\"@type\":\"PropertyValueSpecification\",\"valueRequired\":true,\"valueName\":\"search_term_string\"}}],\"inLanguage\":\"en-GB\"},{\"@type\":\"Organization\",\"@id\":\"https:\/\/centcols.org\/#organization\",\"name\":\"Club des Cent Cols\",\"url\":\"https:\/\/centcols.org\/\",\"logo\":{\"@type\":\"ImageObject\",\"inLanguage\":\"en-GB\",\"@id\":\"https:\/\/centcols.org\/#\/schema\/logo\/image\/\",\"url\":\"https:\/\/centcols.org\/wp-content\/uploads\/2025\/01\/carte-icone.png\",\"contentUrl\":\"https:\/\/centcols.org\/wp-content\/uploads\/2025\/01\/carte-icone.png\",\"width\":250,\"height\":250,\"caption\":\"Club des Cent Cols\"},\"image\":{\"@id\":\"https:\/\/centcols.org\/#\/schema\/logo\/image\/\"},\"sameAs\":[\"https:\/\/www.facebook.com\/groups\/5261880558\/?locale=fr_FR\"]}]}<\/script>\n<!-- \/ Yoast SEO plugin. -->","yoast_head_json":{"title":"50 years of history - Club des Cent Cols","robots":{"index":"index","follow":"follow","max-snippet":"max-snippet:-1","max-image-preview":"max-image-preview:large","max-video-preview":"max-video-preview:-1"},"canonical":"https:\/\/centcols.org\/en\/50-years-of-history\/","og_locale":"en_GB","og_type":"article","og_title":"50 ans d'histoire - Club des Cent Cols","og_description":"C\u2019est par une magnifique journ\u00e9e d\u2019automne 1970, durant l\u2019ascension du tr\u00e8s beau et assez difficile col du Luitel, situ\u00e9 pr\u00e8s de Grenoble, dans les Alpes, que naquit l\u2019id\u00e9e de la Confr\u00e9rie des \u201cCent Cols\u201d. Ce lieu fut en effet le t\u00e9moin innocent du r\u00eave d\u2019un cycliste aimant la montagne. Pr\u00e8s du po\u00e9tique lac Luitel et [&hellip;]","og_url":"https:\/\/centcols.org\/en\/50-years-of-history\/","og_site_name":"Club des Cent Cols","article_publisher":"https:\/\/www.facebook.com\/groups\/5261880558\/?locale=fr_FR","article_modified_time":"2025-05-05T13:57:03+00:00","og_image":[{"width":740,"height":376,"url":"https:\/\/centcols.org\/wp-content\/uploads\/2025\/02\/dl_12-12-02-1.jpg","type":"image\/jpeg"}],"twitter_card":"summary_large_image","twitter_misc":{"Estimated reading time":"20 minutes"},"schema":{"@context":"https:\/\/schema.org","@graph":[{"@type":"WebPage","@id":"https:\/\/centcols.org\/50-ans-dhistoire\/","url":"https:\/\/centcols.org\/50-ans-dhistoire\/","name":"50 years of history - Club des Cent Cols","isPartOf":{"@id":"https:\/\/centcols.org\/#website"},"primaryImageOfPage":{"@id":"https:\/\/centcols.org\/50-ans-dhistoire\/#primaryimage"},"image":{"@id":"https:\/\/centcols.org\/50-ans-dhistoire\/#primaryimage"},"thumbnailUrl":"https:\/\/centcols.org\/wp-content\/uploads\/2025\/02\/dl_12-12-02-1.jpg","datePublished":"2025-02-05T07:58:17+00:00","dateModified":"2025-05-05T13:57:03+00:00","breadcrumb":{"@id":"https:\/\/centcols.org\/50-ans-dhistoire\/#breadcrumb"},"inLanguage":"en-GB","potentialAction":[{"@type":"ReadAction","target":["https:\/\/centcols.org\/50-ans-dhistoire\/"]}]},{"@type":"ImageObject","inLanguage":"en-GB","@id":"https:\/\/centcols.org\/50-ans-dhistoire\/#primaryimage","url":"https:\/\/centcols.org\/wp-content\/uploads\/2025\/02\/dl_12-12-02-1.jpg","contentUrl":"https:\/\/centcols.org\/wp-content\/uploads\/2025\/02\/dl_12-12-02-1.jpg","width":740,"height":376},{"@type":"BreadcrumbList","@id":"https:\/\/centcols.org\/50-ans-dhistoire\/#breadcrumb","itemListElement":[{"@type":"ListItem","position":1,"name":"Accueil","item":"https:\/\/centcols.org\/"},{"@type":"ListItem","position":2,"name":"50 ans d&rsquo;histoire"}]},{"@type":"WebSite","@id":"https:\/\/centcols.org\/#website","url":"https:\/\/centcols.org\/","name":"Club des Cent Cols","description":"","publisher":{"@id":"https:\/\/centcols.org\/#organization"},"potentialAction":[{"@type":"SearchAction","target":{"@type":"EntryPoint","urlTemplate":"https:\/\/centcols.org\/?s={search_term_string}"},"query-input":{"@type":"PropertyValueSpecification","valueRequired":true,"valueName":"search_term_string"}}],"inLanguage":"en-GB"},{"@type":"Organization","@id":"https:\/\/centcols.org\/#organization","name":"Club des Cent Cols","url":"https:\/\/centcols.org\/","logo":{"@type":"ImageObject","inLanguage":"en-GB","@id":"https:\/\/centcols.org\/#\/schema\/logo\/image\/","url":"https:\/\/centcols.org\/wp-content\/uploads\/2025\/01\/carte-icone.png","contentUrl":"https:\/\/centcols.org\/wp-content\/uploads\/2025\/01\/carte-icone.png","width":250,"height":250,"caption":"Club des Cent Cols"},"image":{"@id":"https:\/\/centcols.org\/#\/schema\/logo\/image\/"},"sameAs":["https:\/\/www.facebook.com\/groups\/5261880558\/?locale=fr_FR"]}]}},"_links":{"self":[{"href":"https:\/\/centcols.org\/en\/wp-json\/wp\/v2\/pages\/79136","targetHints":{"allow":["GET"]}}],"collection":[{"href":"https:\/\/centcols.org\/en\/wp-json\/wp\/v2\/pages"}],"about":[{"href":"https:\/\/centcols.org\/en\/wp-json\/wp\/v2\/types\/page"}],"author":[{"embeddable":true,"href":"https:\/\/centcols.org\/en\/wp-json\/wp\/v2\/users\/2"}],"replies":[{"embeddable":true,"href":"https:\/\/centcols.org\/en\/wp-json\/wp\/v2\/comments?post=79136"}],"version-history":[{"count":0,"href":"https:\/\/centcols.org\/en\/wp-json\/wp\/v2\/pages\/79136\/revisions"}],"wp:featuredmedia":[{"embeddable":true,"href":"https:\/\/centcols.org\/en\/wp-json\/wp\/v2\/media\/79137"}],"wp:attachment":[{"href":"https:\/\/centcols.org\/en\/wp-json\/wp\/v2\/media?parent=79136"}],"curies":[{"name":"wp","href":"https:\/\/api.w.org\/{rel}","templated":true}]}}