{"version":"1.0","provider_name":"Club des Cent Cols","provider_url":"https:\/\/centcols.org\/es","author_name":"Webmestre","author_url":"https:\/\/centcols.org\/es\/author\/webmestre\/","title":"Assembl\u00e9e g\u00e9n\u00e9rale d'exception pour le 40e anniversaire de la Confr\u00e9rie \u00e0 Annecy les 1 et 2 d\u00e9cembre 2012 - Club des Cent Cols","type":"rich","width":600,"height":338,"html":"<blockquote class=\"wp-embedded-content\" data-secret=\"ITHVon8WKN\"><a href=\"https:\/\/centcols.org\/es\/ag-2012-annecy\/\">Asamblea general excepcional con motivo del 40 aniversario de la Cofrad\u00eda en Annecy los d\u00edas 1 y 2 de diciembre de 2012<\/a><\/blockquote><iframe sandbox=\"allow-scripts\" security=\"restricted\" src=\"https:\/\/centcols.org\/es\/ag-2012-annecy\/embed\/#?secret=ITHVon8WKN\" width=\"600\" height=\"338\" title=\"\u00abAssembl\u00e9e g\u00e9n\u00e9rale d&rsquo;exception pour le 40e anniversaire de la Confr\u00e9rie \u00e0 Annecy les 1 et 2 d\u00e9cembre 2012\u00bb \u2014 Club des Cent Cols\" data-secret=\"ITHVon8WKN\" frameborder=\"0\" marginwidth=\"0\" marginheight=\"0\" scrolling=\"no\" class=\"wp-embedded-content\"><\/iframe><script type=\"text\/javascript\">\n\/* <![CDATA[ *\/\n\/*! This file is auto-generated *\/\n!function(d,l){\"use strict\";l.querySelector&&d.addEventListener&&\"undefined\"!=typeof URL&&(d.wp=d.wp||{},d.wp.receiveEmbedMessage||(d.wp.receiveEmbedMessage=function(e){var t=e.data;if((t||t.secret||t.message||t.value)&&!\/[^a-zA-Z0-9]\/.test(t.secret)){for(var s,r,n,a=l.querySelectorAll('iframe[data-secret=\"'+t.secret+'\"]'),o=l.querySelectorAll('blockquote[data-secret=\"'+t.secret+'\"]'),c=new RegExp(\"^https?:$\",\"i\"),i=0;i<o.length;i++)o[i].style.display=\"none\";for(i=0;i<a.length;i++)s=a[i],e.source===s.contentWindow&&(s.removeAttribute(\"style\"),\"height\"===t.message?(1e3<(r=parseInt(t.value,10))?r=1e3:~~r<200&&(r=200),s.height=r):\"link\"===t.message&&(r=new URL(s.getAttribute(\"src\")),n=new URL(t.value),c.test(n.protocol))&&n.host===r.host&&l.activeElement===s&&(d.top.location.href=t.value))}},d.addEventListener(\"message\",d.wp.receiveEmbedMessage,!1),l.addEventListener(\"DOMContentLoaded\",function(){for(var e,t,s=l.querySelectorAll(\"iframe.wp-embedded-content\"),r=0;r<s.length;r++)(t=(e=s[r]).getAttribute(\"data-secret\"))||(t=Math.random().toString(36).substring(2,12),e.src+=\"#?secret=\"+t,e.setAttribute(\"data-secret\",t)),e.contentWindow.postMessage({message:\"ready\",secret:t},\"*\")},!1)))}(window,document);\n\/\/# sourceURL=https:\/\/centcols.org\/wp-includes\/js\/wp-embed.min.js\n\/* ]]> *\/\n<\/script>","thumbnail_url":"https:\/\/centcols.org\/wp-content\/uploads\/2025\/05\/M015138.jpg","thumbnail_width":800,"thumbnail_height":450,"description":"Pr\u00e9sentation 2012 est une ann\u00e9e exceptionnelle pour Annecy. Cette belle ville voit son engagement en faveur du d\u00e9veloppement durable et de la pr\u00e9servation de la nature r\u00e9compens\u00e9 par le titre de Ville europ\u00e9enne des Alpes de l&rsquo;ann\u00e9e 2012 et exceptionnelle aussi par votre venue pour f\u00eater avec nous les 40 ans de notre Confr\u00e9rie. Les [&hellip;]"}