{"version":"1.0","provider_name":"Club des Cent Cols","provider_url":"https:\/\/centcols.org\/es","author_name":"Guy Harl\u00e9","author_url":"https:\/\/centcols.org\/es\/author\/5193\/","title":"Assembl\u00e9e g\u00e9n\u00e9rale du Club des Cent Cols \u00e0 Balaruc-les-Bains (H\u00e9rault) le 12 novembre 2016 - Club des Cent Cols","type":"rich","width":600,"height":338,"html":"<blockquote class=\"wp-embedded-content\" data-secret=\"onukwrec7r\"><a href=\"https:\/\/centcols.org\/es\/ag-2016-balaruc\/\">Asamblea General del Club des Cent Cols en Balaruc-les-Bains (H\u00e9rault) el 12 de noviembre de 2016.<\/a><\/blockquote><iframe sandbox=\"allow-scripts\" security=\"restricted\" src=\"https:\/\/centcols.org\/es\/ag-2016-balaruc\/embed\/#?secret=onukwrec7r\" width=\"600\" height=\"338\" title=\"\u00abAssembl\u00e9e g\u00e9n\u00e9rale du Club des Cent Cols \u00e0 Balaruc-les-Bains (H\u00e9rault) le 12 novembre 2016\u00bb \u2014 Club des Cent Cols\" data-secret=\"onukwrec7r\" frameborder=\"0\" marginwidth=\"0\" marginheight=\"0\" scrolling=\"no\" class=\"wp-embedded-content\"><\/iframe><script type=\"text\/javascript\">\n\/* <![CDATA[ *\/\n\/*! This file is auto-generated *\/\n!function(d,l){\"use strict\";l.querySelector&&d.addEventListener&&\"undefined\"!=typeof URL&&(d.wp=d.wp||{},d.wp.receiveEmbedMessage||(d.wp.receiveEmbedMessage=function(e){var t=e.data;if((t||t.secret||t.message||t.value)&&!\/[^a-zA-Z0-9]\/.test(t.secret)){for(var s,r,n,a=l.querySelectorAll('iframe[data-secret=\"'+t.secret+'\"]'),o=l.querySelectorAll('blockquote[data-secret=\"'+t.secret+'\"]'),c=new RegExp(\"^https?:$\",\"i\"),i=0;i<o.length;i++)o[i].style.display=\"none\";for(i=0;i<a.length;i++)s=a[i],e.source===s.contentWindow&&(s.removeAttribute(\"style\"),\"height\"===t.message?(1e3<(r=parseInt(t.value,10))?r=1e3:~~r<200&&(r=200),s.height=r):\"link\"===t.message&&(r=new URL(s.getAttribute(\"src\")),n=new URL(t.value),c.test(n.protocol))&&n.host===r.host&&l.activeElement===s&&(d.top.location.href=t.value))}},d.addEventListener(\"message\",d.wp.receiveEmbedMessage,!1),l.addEventListener(\"DOMContentLoaded\",function(){for(var e,t,s=l.querySelectorAll(\"iframe.wp-embedded-content\"),r=0;r<s.length;r++)(t=(e=s[r]).getAttribute(\"data-secret\"))||(t=Math.random().toString(36).substring(2,12),e.src+=\"#?secret=\"+t,e.setAttribute(\"data-secret\",t)),e.contentWindow.postMessage({message:\"ready\",secret:t},\"*\")},!1)))}(window,document);\n\/\/# sourceURL=https:\/\/centcols.org\/wp-includes\/js\/wp-embed.min.js\n\/* ]]> *\/\n<\/script>","thumbnail_url":"https:\/\/centcols.org\/wp-content\/uploads\/2025\/05\/chambre1.jpg","thumbnail_width":888,"thumbnail_height":591,"description":"Pr\u00e9sentation AG 2016, Balaruc-les-Bains, samedi 12 novembre 2016 \u00e0 15 h 30 C\u2019est dans le d\u00e9partement de l\u2019H\u00e9rault, \u00e0 Balaruc-les-Bains, que se d\u00e9roulera&nbsp; notre Assembl\u00e9e g\u00e9n\u00e9rale 2016.L\u2019h\u00e9bergement, la restauration ainsi que l\u2019Assembl\u00e9e g\u00e9n\u00e9rale se tiendront au sein du Village vacances \u00ab\u00a0Lo Solehau\u00a0\u00bb g\u00e9r\u00e9 par Touristra. Balaruc-les-Bains Station thermale et baln\u00e9aire du Languedoc Roussillon, Balaruc-les-Bains est [&hellip;]"}