{"version":"1.0","provider_name":"Club des Cent Cols","provider_url":"https:\/\/centcols.org\/es","author_name":"Webmestre","author_url":"https:\/\/centcols.org\/es\/author\/webmestre\/","title":"S\u00e9jour estival \u00e0 Saint-Sauveur-Camprieu (Gard) du 16 au 20 ao\u00fbt 2011 - Club des Cent Cols","type":"rich","width":600,"height":338,"html":"<blockquote class=\"wp-embedded-content\" data-secret=\"ouq4PlDZ4v\"><a href=\"https:\/\/centcols.org\/es\/sejour-2011-camprieu\/\">Vacaciones de verano en Saint-Sauveur-Camprieu (Gard) del 16 al 20 de agosto de 2011<\/a><\/blockquote><iframe sandbox=\"allow-scripts\" security=\"restricted\" src=\"https:\/\/centcols.org\/es\/sejour-2011-camprieu\/embed\/#?secret=ouq4PlDZ4v\" width=\"600\" height=\"338\" title=\"\u00abVacaciones de verano en Saint-Sauveur-Camprieu (Gard) del 16 al 20 de agosto de 2011\u00bb - Club des Cent Cols\" data-secret=\"ouq4PlDZ4v\" frameborder=\"0\" marginwidth=\"0\" marginheight=\"0\" scrolling=\"no\" class=\"wp-embedded-content\"><\/iframe><script type=\"text\/javascript\">\n\/* <![CDATA[ *\/\n\/*! This file is auto-generated *\/\n!function(d,l){\"use strict\";l.querySelector&&d.addEventListener&&\"undefined\"!=typeof URL&&(d.wp=d.wp||{},d.wp.receiveEmbedMessage||(d.wp.receiveEmbedMessage=function(e){var t=e.data;if((t||t.secret||t.message||t.value)&&!\/[^a-zA-Z0-9]\/.test(t.secret)){for(var s,r,n,a=l.querySelectorAll('iframe[data-secret=\"'+t.secret+'\"]'),o=l.querySelectorAll('blockquote[data-secret=\"'+t.secret+'\"]'),c=new RegExp(\"^https?:$\",\"i\"),i=0;i<o.length;i++)o[i].style.display=\"none\";for(i=0;i<a.length;i++)s=a[i],e.source===s.contentWindow&&(s.removeAttribute(\"style\"),\"height\"===t.message?(1e3<(r=parseInt(t.value,10))?r=1e3:~~r<200&&(r=200),s.height=r):\"link\"===t.message&&(r=new URL(s.getAttribute(\"src\")),n=new URL(t.value),c.test(n.protocol))&&n.host===r.host&&l.activeElement===s&&(d.top.location.href=t.value))}},d.addEventListener(\"message\",d.wp.receiveEmbedMessage,!1),l.addEventListener(\"DOMContentLoaded\",function(){for(var e,t,s=l.querySelectorAll(\"iframe.wp-embedded-content\"),r=0;r<s.length;r++)(t=(e=s[r]).getAttribute(\"data-secret\"))||(t=Math.random().toString(36).substring(2,12),e.src+=\"#?secret=\"+t,e.setAttribute(\"data-secret\",t)),e.contentWindow.postMessage({message:\"ready\",secret:t},\"*\")},!1)))}(window,document);\n\/\/# sourceURL=https:\/\/centcols.org\/wp-includes\/js\/wp-embed.min.js\n\/* ]]> *\/\n<\/script>","thumbnail_url":"https:\/\/centcols.org\/wp-content\/uploads\/2015\/04\/genets1.jpg","thumbnail_width":200,"thumbnail_height":150,"description":"Pr\u00e9sentation Situ\u00e9 \u00e0 l\u2019extr\u00eame Ouest des C\u00e9vennes, le massif de l\u2019Aigoual sera notre \u00ab terrain de jeu \u00bb pour ce s\u00e9jour estival 2011. Le Mont Aigoual (1567m) est connu pour ses \u00ab caprices \u00bb m\u00e9t\u00e9orologiques, les expositions de M\u00e9t\u00e9o-France propos\u00e9es dans l\u2019observatoire sommital sauront vous apporter les connaissances n\u00e9cessaires pour bien comprendre ce climat si [&hellip;]"}