{"version":"1.0","provider_name":"Club des Cent Cols","provider_url":"https:\/\/centcols.org\/es","author_name":"Christophe Badonnel","author_url":"https:\/\/centcols.org\/es\/author\/5799\/","title":"S\u00e9jour d\u2019\u00e9t\u00e9 \u00e0 Vog\u00fce, 29 juin au 06 juillet 2024 - Club des Cent Cols","type":"rich","width":600,"height":338,"html":"<blockquote class=\"wp-embedded-content\" data-secret=\"FjReyS7LdO\"><a href=\"https:\/\/centcols.org\/es\/sejour-2024-vogue\/\">Vacaciones de verano en Vog\u00fce, del 29 de junio al 06 de julio de 2024<\/a><\/blockquote><iframe sandbox=\"allow-scripts\" security=\"restricted\" src=\"https:\/\/centcols.org\/es\/sejour-2024-vogue\/embed\/#?secret=FjReyS7LdO\" width=\"600\" height=\"338\" title=\"\u00abVacaciones de verano en Vog\u00fce, del 29 de junio al 6 de julio de 2024\u00bb - Club des Cent Cols\" data-secret=\"FjReyS7LdO\" frameborder=\"0\" marginwidth=\"0\" marginheight=\"0\" scrolling=\"no\" class=\"wp-embedded-content\"><\/iframe><script type=\"text\/javascript\">\n\/* <![CDATA[ *\/\n\/*! This file is auto-generated *\/\n!function(d,l){\"use strict\";l.querySelector&&d.addEventListener&&\"undefined\"!=typeof URL&&(d.wp=d.wp||{},d.wp.receiveEmbedMessage||(d.wp.receiveEmbedMessage=function(e){var t=e.data;if((t||t.secret||t.message||t.value)&&!\/[^a-zA-Z0-9]\/.test(t.secret)){for(var s,r,n,a=l.querySelectorAll('iframe[data-secret=\"'+t.secret+'\"]'),o=l.querySelectorAll('blockquote[data-secret=\"'+t.secret+'\"]'),c=new RegExp(\"^https?:$\",\"i\"),i=0;i<o.length;i++)o[i].style.display=\"none\";for(i=0;i<a.length;i++)s=a[i],e.source===s.contentWindow&&(s.removeAttribute(\"style\"),\"height\"===t.message?(1e3<(r=parseInt(t.value,10))?r=1e3:~~r<200&&(r=200),s.height=r):\"link\"===t.message&&(r=new URL(s.getAttribute(\"src\")),n=new URL(t.value),c.test(n.protocol))&&n.host===r.host&&l.activeElement===s&&(d.top.location.href=t.value))}},d.addEventListener(\"message\",d.wp.receiveEmbedMessage,!1),l.addEventListener(\"DOMContentLoaded\",function(){for(var e,t,s=l.querySelectorAll(\"iframe.wp-embedded-content\"),r=0;r<s.length;r++)(t=(e=s[r]).getAttribute(\"data-secret\"))||(t=Math.random().toString(36).substring(2,12),e.src+=\"#?secret=\"+t,e.setAttribute(\"data-secret\",t)),e.contentWindow.postMessage({message:\"ready\",secret:t},\"*\")},!1)))}(window,document);\n\/\/# sourceURL=https:\/\/centcols.org\/wp-includes\/js\/wp-embed.min.js\n\/* ]]> *\/\n<\/script>","thumbnail_url":"https:\/\/centcols.org\/wp-content\/uploads\/2025\/05\/chateau-\u00a9loucapitelle.jpg","thumbnail_width":1200,"thumbnail_height":798,"description":"Le s\u00e9jour d\u2019\u00e9t\u00e9 2024 se d\u00e9roulera du 29 juin au 06 juillet 2024 dans le d\u00e9partement de l\u2019Ard\u00e8che. Il a \u00e9t\u00e9 pr\u00e9par\u00e9 par une petite \u00e9quipe\u00a0 : Corinne Dameron, Roland Dameron et Bernard Pommel. Situ\u00e9 dans la r\u00e9gion Auvergne-Rh\u00f4ne-Alpes, nich\u00e9 au coeur des paysages pittoresques de l\u2019Ard\u00e8che m\u00e9ridionale, Vog\u00fce s\u2019est construit \u00e0 l\u2019abri des vents, au pied d\u2019une falaise de cinquante m\u00e8tres de haut, le long de la rivi\u00e8re Ard\u00e8che."}