{"version":"1.0","provider_name":"Club des Cent Cols","provider_url":"https:\/\/centcols.org\/es","author_name":"R\u00e9gis Paraz","author_url":"https:\/\/centcols.org\/es\/author\/3225\/","title":"Une journ\u00e9e m\u00e9morable : Philippe Carrez \u2013 N\u00b03092 - Club des Cent Cols","type":"rich","width":600,"height":338,"html":"<blockquote class=\"wp-embedded-content\" data-secret=\"M4zaQVQ4xG\"><a href=\"https:\/\/centcols.org\/es\/une-journee-memorable-philippe-carrez-n3092\/\">Un d\u00eda para recordar: Philippe Carrez - N\u00b03092<\/a><\/blockquote><iframe sandbox=\"allow-scripts\" security=\"restricted\" src=\"https:\/\/centcols.org\/es\/une-journee-memorable-philippe-carrez-n3092\/embed\/#?secret=M4zaQVQ4xG\" width=\"600\" height=\"338\" title=\"\u00abUn d\u00eda memorable: Philippe Carrez - N\u00b03092\u00bb - Club des Cent Cols\" data-secret=\"M4zaQVQ4xG\" frameborder=\"0\" marginwidth=\"0\" marginheight=\"0\" scrolling=\"no\" class=\"wp-embedded-content\"><\/iframe><script type=\"text\/javascript\">\n\/* <![CDATA[ *\/\n\/*! This file is auto-generated *\/\n!function(d,l){\"use strict\";l.querySelector&&d.addEventListener&&\"undefined\"!=typeof URL&&(d.wp=d.wp||{},d.wp.receiveEmbedMessage||(d.wp.receiveEmbedMessage=function(e){var t=e.data;if((t||t.secret||t.message||t.value)&&!\/[^a-zA-Z0-9]\/.test(t.secret)){for(var s,r,n,a=l.querySelectorAll('iframe[data-secret=\"'+t.secret+'\"]'),o=l.querySelectorAll('blockquote[data-secret=\"'+t.secret+'\"]'),c=new RegExp(\"^https?:$\",\"i\"),i=0;i<o.length;i++)o[i].style.display=\"none\";for(i=0;i<a.length;i++)s=a[i],e.source===s.contentWindow&&(s.removeAttribute(\"style\"),\"height\"===t.message?(1e3<(r=parseInt(t.value,10))?r=1e3:~~r<200&&(r=200),s.height=r):\"link\"===t.message&&(r=new URL(s.getAttribute(\"src\")),n=new URL(t.value),c.test(n.protocol))&&n.host===r.host&&l.activeElement===s&&(d.top.location.href=t.value))}},d.addEventListener(\"message\",d.wp.receiveEmbedMessage,!1),l.addEventListener(\"DOMContentLoaded\",function(){for(var e,t,s=l.querySelectorAll(\"iframe.wp-embedded-content\"),r=0;r<s.length;r++)(t=(e=s[r]).getAttribute(\"data-secret\"))||(t=Math.random().toString(36).substring(2,12),e.src+=\"#?secret=\"+t,e.setAttribute(\"data-secret\",t)),e.contentWindow.postMessage({message:\"ready\",secret:t},\"*\")},!1)))}(window,document);\n\/\/# sourceURL=https:\/\/centcols.org\/wp-includes\/js\/wp-embed.min.js\n\/* ]]> *\/\n<\/script>","thumbnail_url":"https:\/\/centcols.org\/wp-content\/uploads\/2026\/04\/carrez-16-9.png","thumbnail_width":800,"thumbnail_height":450,"description":"Dimanche 21 ao\u00fbt 1988 Pour cette premi\u00e8re excursion dans la r\u00e9gion de Foix, le temps n\u2019inspirait gu\u00e8re confiance. Mais tant pis, il fallait y aller car le programme \u00e9tait charg\u00e9 : quatre B.P.F., un certain nombre de cols et pas mal de kilom\u00e8tres en perspective. D\u2019abord une petite route d\u00e9partementale tranquille pour quitter Foix et [&hellip;]"}