{"id":79136,"date":"2025-02-05T09:58:17","date_gmt":"2025-02-05T07:58:17","guid":{"rendered":"https:\/\/centcols.org\/50-ans-dhistoire\/"},"modified":"2025-05-05T15:57:03","modified_gmt":"2025-05-05T13:57:03","slug":"50-anos-de-historia","status":"publish","type":"page","link":"https:\/\/centcols.org\/es\/50-ans-dhistoire\/","title":{"rendered":"50 a\u00f1os de historia"},"content":{"rendered":"<p>La idea de la Confr\u00e9rie des Cent Cols naci\u00f3 un magn\u00edfico d\u00eda de oto\u00f1o de 1970, durante la ascensi\u00f3n del hermoso y bastante dif\u00edcil Col du Luitel, cerca de Grenoble, en los Alpes. De hecho, este lugar fue el testigo inocente del sue\u00f1o de un ciclista amante de la monta\u00f1a.<\/p>\n\n\n\n<p>Cerca del po\u00e9tico lago Luitel y de las turberas que bordean la cima, Jean Perdoux propuso a Daniel Legat (Cent Cols n\u00ba 6), Georges Ducatillon (Cent Cols n\u00ba 434), Pierre Fructus (Cent Cols n\u00ba 69) y Henri Voiron, sus compa\u00f1eros de excursi\u00f3n del d\u00eda, celebrar un peque\u00f1o acontecimiento.<\/p>\n\n\n\n<p>En Chamrousse, anunci\u00f3 con emoci\u00f3n y orgullo que acababa de subir sus 100<sup>e<\/sup>&nbsp;\u00a1paso (diferente)! Daniel, uno de sus compa\u00f1eros de ruta, a\u00f1adi\u00f3 que \u00e9l lo hab\u00eda hecho mejor, pues ya hab\u00eda ascendido al menos 150 puertos.<\/p>\n\n\n\n<p>Fue una ma\u00f1ana estupenda: \u00a1naci\u00f3 la idea del Club \u201cCent Cols\u201d!<\/p>\n\n\n\n<p>Por aquel entonces, Jean Perdoux era miembro del Comit\u00e9 Ejecutivo de la Federaci\u00f3n Francesa de Ciclismo. En 1971, public\u00f3 un peque\u00f1o anuncio en la revista de la federaci\u00f3n preguntando si otros cicloturistas estaban interesados en subir puertos de monta\u00f1a. Recibi\u00f3 casi 200 respuestas.<\/p>\n\n\n\n<p class=\"translation-block\">Sorprendido por este entusiasmo, acompa\u00f1ado de \u00e1nimos y sugerencias, s\u00f3lo tuvo que redactar un reglamento en 1972 (que ha permanecido inalterado durante m\u00e1s de 40 a\u00f1os).<\/p>\n\n\n\n<p>La sencillez, la amistad, la pasi\u00f3n com\u00fan y el intercambio de informaci\u00f3n formaron parte del esp\u00edritu del Club desde el principio. Estas son las ideas que todos defendemos y alimentamos hoy en d\u00eda.<\/p>\n\n\n\n<p>Los primeros miembros de la Cofrad\u00eda eran monta\u00f1eses: algunos de los Pirineos, pero sobre todo de Saboya. Jacques Faizant, de Par\u00eds (n\u00ba 7), estaba muy orgulloso de ser uno de los 10 primeros miembros, y dise\u00f1\u00f3 las primeras portadas de nuestra revista anual.<\/p>\n\n\n\n<p><strong>1973<\/strong>, Aparece el primer bolet\u00edn oficial del club, editado por Jean Perdoux. Marcel Bioud present\u00f3 a los miembros del Club \u201cCent Cols\u201d una primera lista de puertos de carretera y de mula en los Alpes del Norte, seguida en 1974 por la lista de Francis Marty de puertos en los Pirineos.<\/p>\n\n\n\n<p>En oto\u00f1o de 1974, se celebr\u00f3 el primer encuentro nacional por encima del lago de Annecy, en la cima del magn\u00edfico y escarpado Col de la Forclaz de Montmin. Participaron 80 de los 150 miembros de la Cofrad\u00eda. Marcel Bioud, maestro de primaria de Voiron, era un fen\u00f3meno raro en aquella \u00e9poca, que despertaba admiraci\u00f3n y envidia. \u00bfSab\u00eda que acababa de terminar sus 842<sup>e<\/sup>&nbsp;\u00bfUn collar diferente? Fue nuestro primer Gran Maestre. Le sucedi\u00f3 otro gran ciclista: Elie Bordat.<\/p>\n\n\n\n<p>\u00bfSab\u00eda que fue nuestra Cofrad\u00eda la que invent\u00f3 en 1974 las coordenadas milim\u00e9tricas para localizar los pasos en los mapas? Esta idea fue adoptada posteriormente por los mapas Michelin e IGN.<\/p>\n\n\n\n<p><strong>1975<\/strong>, El 7 de agosto, el puerto (pass) de Bal\u00e8s, querido por Pierre Roques, acogi\u00f3 a los 2<sup>e&nbsp;<\/sup>concentraci\u00f3n en los pastos de la cumbre de este excepcional para\u00edso del ciclismo. La jornada fue un gran \u00e9xito. Lea lo que dijo la prensa local al d\u00eda siguiente: \u201c...pocas veces hemos escalado en un marco tan grandioso y majestuoso. Fue una aut\u00e9ntica monta\u00f1a rusa. A veces era casi imposible, \u00a1una aut\u00e9ntica pasada! Tan duro, de hecho, que los l\u00edderes de la Confr\u00e9rie des Cent Cols estaban en la cumbre. Comprensiblemente, todo tipo de personas que consiguen que muchos ciclistas caigan en sus redes, conden\u00e1ndoles a perseverar en subidas interminables...\u201c.<br>Michel Verhaeghe se uni\u00f3 al club en 1975. En la actualidad ha escalado 10.000 puertos de monta\u00f1a diferentes.<\/p>\n\n\n\n<p><strong>1976<\/strong>, Michel Perrodin escribi\u00f3 la primera lista publicada de puertos alpinos fuera de Francia, y Claude Carle hizo tejer las primeras 100 insignias bordadas.<\/p>\n\n\n\n<p><strong>1977,<\/strong>&nbsp;TF1 emiti\u00f3 un excelente reportaje sobre la Confr\u00e9rie. Muchos de los pioneros del Club estuvieron presentes ese d\u00eda para la filmaci\u00f3n en las laderas del Col de l'Arpettaz: Jo Routens, Robert Chauvot, Daniel Legat, Georges Ducatillon, Henri Bouchez, Elie Bordat y muchos, muchos otros. Un programa que sorprendi\u00f3 y provoc\u00f3 muchas preguntas del p\u00fablico.<br>Ese mismo a\u00f1o, gracias a la informaci\u00f3n recabada de los especialistas de la Confr\u00e9rie, Jean Perdoux elabora la primera lista de puertos de carretera de Francia (1.368 puertos). Su bolet\u00edn anual se convirti\u00f3 en revista y lleg\u00f3 a tener 70 p\u00e1ginas.<\/p>\n\n\n\n<p><strong>1978<\/strong>, Se publica la primera lista de puertos de monta\u00f1a suizos, recopilada por Jean-Pierre M\u00e9rot.<\/p>\n\n\n\n<p><strong>1979<\/strong>, Publicaci\u00f3n de la lista de 101 pases argelinos.<\/p>\n\n\n\n<p><strong>1980<\/strong>, Cuando el club alcanz\u00f3 los 1.000 socios, Robert Chauvot, con la ayuda de su esposa Monique, invent\u00f3 la Biblia, un anuario completo de todos los pasos de Francia y una obra maravillosa que se convirti\u00f3 en referencia, sirvi\u00f3 como tal y sigue haci\u00e9ndolo. Hasta 1987, Fran\u00e7ois Rieu se encarg\u00f3 de actualizarla.<br>Fue tambi\u00e9n en 1980 cuando Jean Perdoux, que segu\u00eda preparando y produciendo la revista (que hab\u00eda crecido hasta las 80 p\u00e1ginas), cedi\u00f3 las tareas de secretar\u00eda a Henri Bouchez durante un a\u00f1o. Henri Dusseau tom\u00f3 el relevo en 1981.<\/p>\n\n\n\n<p><strong>1982<\/strong>, Con 10 a\u00f1os de existencia, el club cuenta ahora con m\u00e1s de 1.231 socios, entre ellos 94 mujeres y 40 extranjeros de 8 naciones.<\/p>\n\n\n\n<p><strong>1983<\/strong>, Los 1471 centcolistas est\u00e1n ahora dirigidos por Henri Dusseau, que ha dejado la presidencia del V.C.A. y se ha convertido en \u201cSecretario General\u201d de la cofrad\u00eda. No obstante, la asociaci\u00f3n sigue bajo la responsabilidad jur\u00eddica del V\u00e9lo-Club d'Annecy.<\/p>\n\n\n\n<p><strong>1984<\/strong>, A finales de los a\u00f1os 80, la Hermandad contaba con 2.000 miembros y la primera reuni\u00f3n regional se organiz\u00f3 en la regi\u00f3n de Adour-Pirineos. Se crean responsables regionales en cada regi\u00f3n de Francia y en el extranjero. Primera revista con foto en blanco y negro.<\/p>\n\n\n\n<p>Desde 1987, Ren\u00e9 Poty actualiza el \u201cChauvot\u201d, edita gu\u00edas (algunas en colaboraci\u00f3n con M. de Br\u00e9bisson), itinerarios y listas de pasos en numerosos pa\u00edses.<\/p>\n\n\n\n<p><strong>1988<\/strong>,A finales de a\u00f1o, el club contaba con 3.000 socios y se organizaron las primeras reuniones en el extranjero (en B\u00e9lgica y Suiza).<\/p>\n\n\n\n<p><strong>1989<\/strong>,ninguna concentraci\u00f3n nacional. Las reglas de la hermandad se convirtieron en las \u201cReglas del Juego\u201d.<\/p>\n\n\n\n<p><strong>1990<\/strong>,Michel Verhaeghe ha anunciado una lista de m\u00e1s de 3000 pases.<\/p>\n\n\n\n<p><strong>1991<\/strong>, la hermandad pas\u00f3 a formar parte oficialmente del patrimonio de la FFCT.<br>Publicaci\u00f3n de la nueva edici\u00f3n corregida del cat\u00e1logo de pases de carretera en Francia (+ Andorra, B\u00e9lgica y Suiza). Puesta a disposici\u00f3n de los miembros de las listas de pases de los siguientes pa\u00edses: Escocia, Gales, Irlanda, Noruega, Alemania, Espa\u00f1a, Austria, Ruman\u00eda, Bulgaria, Albania, Yugoslavia.<br>R\u00e9gis Paraz se une a la hermandad y es elegido Presidente en 2009.<\/p>\n\n\n\n<p><strong>1992<\/strong>,la cofrad\u00eda cumple 20 a\u00f1os, una reuni\u00f3n nacional en el Col du Luitel y la portada original de la revista dibujada por Jacques Faizant.<\/p>\n\n\n\n<p><strong>1993<\/strong>, La Lista de Honor aparece por primera vez en el centro de la revista.<\/p>\n\n\n\n<p><strong>1994<\/strong>,La marca Cent Cols, pins y camisetas.<br>Creaci\u00f3n del Tour de France des Cent Cols por Henri Gomez y organizaci\u00f3n de 2 circuitos permanentes (\u201cCent Cols en Alpes\u201d, elaborado por Ren\u00e9 Poty, y \u201cCent Cols en Pyr\u00e9n\u00e9es\u201d, elaborado por Alain Gillodes).<br>En los Pirineos, creaci\u00f3n de la concentraci\u00f3n conjunta Cent Cols - Ordre des Cols Durs (Alain Gillodes).<\/p>\n\n\n\n<p><strong>1995<\/strong>,La cofrad\u00eda cuenta con 4024 miembros.<br>Primeras fotos en color en el n\u00ba 23 y organizaci\u00f3n de las primeras vacaciones Cent Cols en Buis-les-Baronnies.<\/p>\n\n\n\n<p><strong>1996<\/strong>,Marc Liaudon ofrece a Cent Cols su cuaderno inform\u00e1tico de cuellos franceses. Nueva edici\u00f3n de la Biblia y creaci\u00f3n de la l\u00ednea de ropa Cent Cols.<br>Muchos socios de todo el mundo visten el uniforme del Club. La emblem\u00e1tica camiseta ya es reconocida y apreciada.<\/p>\n\n\n\n<p><strong>1997<\/strong>,Por razones administrativas, tuvimos que crear una asociaci\u00f3n que nos permitiera ser independientes del V\u00e9lo club d'Annecy, que nos hab\u00eda prestado apoyo administrativo durante m\u00e1s de 25 a\u00f1os. Desde entonces, nuestra asociaci\u00f3n est\u00e1 afiliada a la F\u00e9d\u00e9ration Fran\u00e7aise de Cyclotourisme y expide licencias. El presidente es Jean Perdoux, el secretario Henri Dusseau, el vicesecretario Ren\u00e9 Poty y la tesorera Nicole Faverot.<\/p>\n\n\n\n<p><strong>1998<\/strong>,creaci\u00f3n de la medalla de los 1000 collares. La revista tiene 80 p\u00e1ginas en color e incluye 75 art\u00edculos escritos por miembros.<br>El campe\u00f3n de ciclismo Eddy Merckx es admitido en la hermandad y recibe su diploma en B\u00e9lgica de manos de Jean Perdoux y Henri Dusseau.<\/p>\n\n\n\n<p><strong>1999<\/strong>,Primera reuni\u00f3n italiana en Montefiorino, organizada por Gianni Solenni. Primera publicaci\u00f3n de una lista alfab\u00e9tica de miembros. Publicaci\u00f3n de la lista de puertos de carretera y de mulas de m\u00e1s de 2000 m en Europa. Reducci\u00f3n de la cuota anual de 50 francos a 8 euros.<br>Nuestro primer sitio web se cre\u00f3 en 1999:&nbsp;<a href=\"https:\/\/centcols.org\/es\/\">https:\/\/centcols.org<\/a>, dise\u00f1ada, producida y dirigida por Philippe Carrez, con Ren\u00e9 Poty como director editorial.<\/p>\n\n\n\n<p><strong>2001<\/strong>,La revista se ampl\u00eda a 96 p\u00e1ginas en color y 100 art\u00edculos. Creaci\u00f3n de la primera CERP (Comisi\u00f3n de \u00c9tica, Reflexi\u00f3n y Propuestas).<\/p>\n\n\n\n<p><strong>2002<\/strong>,El 12 de enero, la empresa celebrar\u00e1 una Junta General Ordinaria en la que todos los socios tendr\u00e1n derecho a voto.<br>El equipo directivo sufri\u00f3 un cambio en la Junta General Extraordinaria del 9 de marzo. El nuevo equipo es el siguiente: Presidente - Claude B\u00e9nistrand, Secretario - Ren\u00e9 Poty, Tesorero - Michel Mathieu, Vicepresidente - Bernard Vieillard, Secretario Adjunto - Philippe Carrez.<br>El CERP se renueva y Guy Bodoin se convierte en su moderador.<br>Se crea la primera red de Delegados Territoriales nacionales y extranjeros. Las capas de IGN-France se ponen en l\u00ednea (Mario Labelle).<\/p>\n\n\n\n<p><strong>2003<\/strong>,Jean Perdoux fue proclamado Presidente Fundador y Presidente de Honor, y Henri Dusseau fue proclamado Presidente \u201cHonoris Causa\u201d.<br>El club cuenta con 5721 socios inscritos.<br>Claude B\u00e9nistrand (asistido por su esposa Cathie) se encarga de la revisi\u00f3n anual.<\/p>\n\n\n\n<p><strong>2004<\/strong>,nuevas Randonn\u00e9es permanentes (C\u00f3rcega, Dr\u00f4me, Alpes, Pirineos, LPE Atlantique-M\u00e9diterran\u00e9e); cambio de proveedor de ropa, siendo el nuevo Bernard Th\u00e9venet.<br>Nuevos cat\u00e1logos: Catalu\u00f1a, Liguria, Estados Unidos.<\/p>\n\n\n\n<p><strong>2005<\/strong>,Creaci\u00f3n de nuevas rutas permanentes (Haut-Languedoc y Ard\u00e8che). Publicaci\u00f3n de cat\u00e1logos de puertos de carretera franceses y de las Islas Brit\u00e1nicas.<br>Creaci\u00f3n de @ctualit\u00e9s Cent Cols y modernizaci\u00f3n del sitio web.<br>En la JGA electiva fue reelegido el mismo equipo. Se renov\u00f3 el CERP, con Guy Bodoin como moderador.<\/p>\n\n\n\n<p><strong>2006,&nbsp;<\/strong>Publicaci\u00f3n de nuevos cat\u00e1logos: Austria, Alemania, Cerde\u00f1a, Ruman\u00eda, Navarra, Noreste de Italia y Noroeste de Italia.<br>Creaci\u00f3n de un nuevo sendero permanente: Cent cols en pays d'Azur.<\/p>\n\n\n\n<p><strong>2007<\/strong>,la creaci\u00f3n de 3 nuevas rutas permanentes: Arc en Cimes, la cuenca en Espa\u00f1a y 100 puertos en la Selva Negra.<br>Primera Junta General fuera de la regi\u00f3n Rh\u00f4ne-Alpes, en Fontbonne, cerca de Montauban.<\/p>\n\n\n\n<p><strong>2008,<\/strong>&nbsp;primeras vacaciones de primavera de Cent Cols en Agay.<br>Creaci\u00f3n de nuevas rutas permanentes: Cent Cols en Triveneto (Gianni Solenni) y Cent Cols en Pays de Savoie (que se convertir\u00e1 en Cent Cols en Savoie Mont-Blanc) (R\u00e9gis Paraz).<br>Publicaci\u00f3n de cat\u00e1logos para Polonia, Hungr\u00eda y Turqu\u00eda.<br>Roland Grimaud sucede a Jean-Marc Lef\u00e8vre al frente de Randonn\u00e9es Permanentes.<\/p>\n\n\n\n<p><strong>2009,&nbsp;<\/strong>El Chauvot ha sido \u201crevisitado\u201d, con los pasos reposicionados en coordenadas GPS y enlaces G\u00e9oportail que permiten visualizarlos en l\u00ednea en mapas a escala 1:25.000 (Ren\u00e9 Poty y Mario Labelle).<br>Publicaci\u00f3n del cat\u00e1logo de puertos de carretera espa\u00f1oles.<br>Asamblea General electiva en Yenne, organizada por Roger Colombo y CT Yenne.<br>Se eligi\u00f3 un nuevo Consejo de Administraci\u00f3n, con R\u00e9gis Paraz como Presidente, G\u00e9rard Birelli (Vicepresidente), Thierry Labour (Secretario General), Michel Mathieu (Tesorero) y Philippe Carrez (Vicesecretario); Chantal Sala fue nombrada Redactora Jefe de la revista.<br>Establecimiento de una asociaci\u00f3n con los Consejos Generales de Saboya y Alta Saboya para el sendero permanente \u201cCent cols en Savoie Mont-Blanc\u201d.<\/p>\n\n\n\n<p><strong>2010,&nbsp;<\/strong>distribuci\u00f3n de los departamentos a una nueva red de Coordinadores Regionales que organizan reuniones regionales.<br>Nacimiento de una nueva ruta permanente, la Divisoria (100 pasos en la divisoria de aguas Atl\u00e1ntico-Mediterr\u00e1neo en Espa\u00f1a).<br>Publicaci\u00f3n de un nuevo cat\u00e1logo de puertos de carretera europeos de m\u00e1s de 2000 m y de un primer cat\u00e1logo de puertos franceses prohibidos elaborado por Jean-Paul Zuanon.<br>Dos fallecimientos afectaron especialmente a la cofrad\u00eda: en primavera, el del delegado nacional para B\u00e9lgica, Germain Geenens y, durante el verano, el de Roland Grimaud, responsable de las Randonn\u00e9es permanentes. Rudy Pede sustituy\u00f3 a Germain Geenens y Roger Colombo a Roland Grimaud.<\/p>\n\n\n\n<p><strong>2011,&nbsp;<\/strong>Alain Gillodes y Chantal Sala organizaron su primer viaje de primavera al extranjero, a Ripoll, en la Catalu\u00f1a espa\u00f1ola.<br>Introducci\u00f3n de Info Cent Cols en l\u00ednea y votaci\u00f3n en l\u00ednea de los informes estatutarios en las Juntas Generales.<br>Creaci\u00f3n de un grupo de trabajo para elaborar un cat\u00e1logo de pases marroqu\u00edes (Bernard Giraudeau, Guy Harl\u00e9, Jean-Paul Zuanon y Bernard Pommel).<\/p>\n\n\n\n<p><strong>2012, la Hermandad cumple 40 a\u00f1os.<br><\/strong>El aniversario se celebr\u00f3 con una comida festiva al final del viaje a Lescheraines, organizada por R\u00e9gis Paraz, y una Asamblea General en Annecy, organizada por Jean Perdoux, Henri Dusseau y el CV Annecy.<br>Tambi\u00e9n estuvo marcada por la publicaci\u00f3n del libro de Jean Perdoux y Henri Dusseau, \u201c1972 - 2012, \u00a140 a\u00f1os de historia!.<br>Alain Brault se incorpora al Consejo de Administraci\u00f3n.<br>Tras miles de horas de trabajo, el grupo de trabajo de Espa\u00f1a ha elaborado un cat\u00e1logo de m\u00e1s de 15.000 puertos de monta\u00f1a espa\u00f1oles.<br>El Chauvot, con m\u00e1s de 10500 pases franceses, se publica en forma de carpeta. Se celebra un seminario de 2 d\u00edas en Tur\u00edn para crear un grupo de trabajo italiano que elabore un cat\u00e1logo unificado de todos los pases de Italia.<br>7000 inscripciones<sup>e&nbsp;<\/sup>miembro, ciego.<\/p>\n\n\n\n<p><strong>2013,&nbsp;<\/strong>creaci\u00f3n del CoVal (<strong>Co<\/strong>midad de&nbsp;&nbsp;<strong>Val<\/strong>idation des cols), que sustituye a CERP (<strong>C<\/strong>omisi\u00f3n d\u2019<strong>E<\/strong>teatral,&nbsp;<strong>R<\/strong>y&nbsp;<strong>P<\/strong>ropuesta), con un n\u00famero menor de miembros del Consejo y miembros expertos en an\u00e1lisis de pases (Claude B\u00e9nistrand, Jean-Michel Clausse, R\u00e9gis Paraz, Philippe Carrez, Michel Mathieu).<br>Junta General electiva con un nuevo Consejo de Administraci\u00f3n. Presidente: R\u00e9gis Paraz, Secretario General: Guy Harl\u00e9, Tesorero: Michel Mathieu, Secretaria Adjunta: Nathalie Mauret, Vicepresidente: Mario Labelle (el cargo qued\u00f3 vacante dos meses despu\u00e9s, tras su dimisi\u00f3n).<br>Chantal Sala ha sido nombrada de nuevo redactora jefe de la revista.<\/p>\n\n\n\n<p><strong>2014,&nbsp;<\/strong>creaci\u00f3n del GT Info (Grupo de Trabajo Inform\u00e1tico, compuesto por Patrick Schleppi, Daniel Bossard, G\u00e9rard Birelli, Philippe Carrez, Jean-Michel Clausse, Graham Cutting, R\u00e9gis Paraz, Guy Ruffi\u00e9 y Chantal Sala) y una nueva orientaci\u00f3n de la pol\u00edtica inform\u00e1tica, tanto en la asignaci\u00f3n de responsabilidades como en la gesti\u00f3n cotidiana y la ejecuci\u00f3n de los proyectos. El principio del trabajo en colaboraci\u00f3n garantiza la sostenibilidad de las aplicaciones al evitar que el sistema dependa de una sola persona.<\/p>\n\n\n\n<p><strong>2015,&nbsp;<\/strong>creaci\u00f3n y puesta en marcha de un nuevo sitio web, tras el trabajo de an\u00e1lisis y expresi\u00f3n de las necesidades de la GT Info.<br>Inicio de una base de datos unificada de puertos de monta\u00f1a de todos los pa\u00edses.<br>Establecimiento de una asociaci\u00f3n con Openrunner, impulsando la visibilidad del club en Internet.<br>Robert Chauvot falleci\u00f3 en julio, y el club perdi\u00f3 tristemente al autor de la Biblia (Catalogue des cols de France).<\/p>\n\n\n\n<p>En 2015 contamos con m\u00e1s de 7372 inscripciones, procedentes de una veintena de naciones diferentes: Alemania, Australia, Austria, B\u00e9lgica, Brasil, Canad\u00e1, Dinamarca, Escocia, Eslovenia, Espa\u00f1a, Estados Unidos, Francia, Hungr\u00eda, Irlanda, Italia, Jamaica, Luxemburgo, Noruega, Pa\u00edses Bajos, Polonia, Reino Unido, Suecia, Suiza...<\/p>\n\n\n\n<p>Los suizos, belgas e italianos representan el mayor contingente de miembros extranjeros que se han afiliado a nuestra Cofrad\u00eda.<\/p>\n\n\n\n<p>726 de nuestros miembros activos han escalado m\u00e1s de 1.000 puertos de monta\u00f1a diferentes.<\/p>\n\n\n\n<p><strong>2016<\/strong><\/p>\n\n\n\n<ul class=\"wp-block-list\">\n<li>Estancia\n<ul class=\"wp-block-list\">\n<li>Ghisonaccia (Francia-C\u00f3rcega), del 24 al 30 de abril<\/li>\n\n\n\n<li>Vassieux-en-Vercors (Francia-Dr\u00f4me), del 16 al 24 de julio.<\/li>\n<\/ul>\n<\/li>\n\n\n\n<li>Junta General Ordinaria de 2016 y vacaciones de oto\u00f1o\n<ul class=\"wp-block-list\">\n<li>Balaruc-les-Bains (Francia-H\u00e9rault) 12 de noviembre de 2016<\/li>\n\n\n\n<li>2331 miembros cotizantes.<\/li>\n<\/ul>\n<\/li>\n\n\n\n<li>Cat\u00e1logos\n<ul class=\"wp-block-list\">\n<li>Publicaci\u00f3n de un cat\u00e1logo de pases italianos (7.635 pases).<\/li>\n<\/ul>\n<\/li>\n\n\n\n<li>Varios\n<ul class=\"wp-block-list\">\n<li>Introducci\u00f3n de transferencias bancarias y Paypal para pagos y compras.<\/li>\n<\/ul>\n<\/li>\n<\/ul>\n\n\n\n<p><strong>&nbsp;<\/strong><strong>2017<\/strong><\/p>\n\n\n\n<ul class=\"wp-block-list\">\n<li>Estancias :\n<ul class=\"wp-block-list\">\n<li>Ceriale (Italia-Liguria) del 8 al 15 de mayo de 2017.<\/li>\n\n\n\n<li>Bielle (Francia-Hautes-Pyr\u00e9n\u00e9es) del 13 al 20 de agosto.<\/li>\n<\/ul>\n<\/li>\n\n\n\n<li>Junta General Ordinaria de 2017 y vacaciones de oto\u00f1o\n<ul class=\"wp-block-list\">\n<li>Saint-Jorioz (Francia-Haute-Savoie) 10 de noviembre de 2017.<\/li>\n\n\n\n<li>2220 miembros cotizantes.\n<ul class=\"wp-block-list\">\n<li>JGA electiva: renovaci\u00f3n del Consejo de Administraci\u00f3n<br>Bernard Giraudeau: Presidente.<br>G\u00e9rard Birelli: Vicepresidente, responsable de asuntos jur\u00eddicos y de seguros. Referente de las reglas del juego y los cat\u00e1logos.<br>S\u00e9bastien Vadot: Tesorero<br>Guy Harl\u00e9: Secretario, relaciones y licencias FFCT.<br>Nadine Giraudeau: Secretaria adjunta encargada de la acogida de nuevos miembros, diplomas y medallas.<br>Thierry Trabajo : Director de Estancias y Tesorero Adjunto.<br>Enrico Alberini: Relaciones internacionales y promociones.<br>Fran\u00e7ois Rieu: Director de la revista.<\/li>\n<\/ul>\n<\/li>\n<\/ul>\n<\/li>\n\n\n\n<li>Decisiones del Consejo\n<ul class=\"wp-block-list\">\n<li>aumentar el n\u00famero de miembros del Consejo de Administraci\u00f3n de 8 a 11<\/li>\n\n\n\n<li>abolici\u00f3n del COVAL<\/li>\n\n\n\n<li>gesti\u00f3n aut\u00f3noma de GT<\/li>\n\n\n\n<li>Cambio de uniforme del club<\/li>\n<\/ul>\n<\/li>\n\n\n\n<li>TI\n<ul class=\"wp-block-list\">\n<li>\n<ul class=\"wp-block-list\">\n<li>Mejoras en el visor de pases<\/li>\n<\/ul>\n<\/li>\n<\/ul>\n<\/li>\n\n\n\n<li>Cat\u00e1logos\n<ul class=\"wp-block-list\">\n<li>\n<ul class=\"wp-block-list\">\n<li>En enero se public\u00f3 un nuevo cat\u00e1logo para Espa\u00f1a, junto con los de Sud\u00e1frica, Lesoto, Macedonia y Jamaica.<\/li>\n<\/ul>\n<\/li>\n<\/ul>\n<\/li>\n\n\n\n<li>Varios\n<ul class=\"wp-block-list\">\n<li>\n<ul class=\"wp-block-list\">\n<li>\n<ul class=\"wp-block-list\">\n<li>Un nuevo recorrido permanente, \u00abHelv\u00e9tica Ronda\u00bb, recorre 2.830 km y un desnivel total de 49.000 m.<\/li>\n<\/ul>\n<\/li>\n<\/ul>\n<\/li>\n<\/ul>\n<\/li>\n<\/ul>\n\n\n\n<p><strong>2018<\/strong><\/p>\n\n\n\n<ul class=\"wp-block-list\">\n<li>Estancia\n<ul class=\"wp-block-list\">\n<li>Argel\u00e8s-sur-Mer (Francia-Pirineos Orientales) del 14 al 22 de abril.<\/li>\n\n\n\n<li>Saint-Maurice (Suiza - Valais) del 13 al 19 de agosto.<\/li>\n<\/ul>\n<\/li>\n\n\n\n<li>Junta General Extraordinaria de 2018 (modificaci\u00f3n de los Estatutos), Junta General Ordinaria y vacaciones de oto\u00f1o\n<ul class=\"wp-block-list\">\n<li>B\u00e9doin (Francia-Vaucluse) 10 de noviembre de 2018.<\/li>\n\n\n\n<li>2166 miembros cotizantes.<\/li>\n\n\n\n<li>El Consejo tiene 11 miembros en lugar de los 8 anteriores.<\/li>\n\n\n\n<li>Inicio de la venta a los socios de la nueva equipaci\u00f3n del Club, fabricada en Italia por Moa-Sport NALINI.<\/li>\n<\/ul>\n<\/li>\n\n\n\n<li>Decisiones del Consejo\n<ul class=\"wp-block-list\">\n<li>H\u00e9l\u00e8ne Laxenaire toma el relevo de Nicole Poty al frente de la tienda de ropa del club.<\/li>\n<\/ul>\n<\/li>\n\n\n\n<li>Producci\u00f3n de los Info Cent Cols en color.<\/li>\n\n\n\n<li>Creaci\u00f3n de un Fondo de Solidaridad interno del Club para hacer frente a las cancelaciones \u201cjustificadas\u201d (enfermedad, accidente, etc.).<\/li>\n\n\n\n<li>Los cat\u00e1logos son gratuitos para los socios del club, mientras que los no socios s\u00f3lo pueden adquirirlos en formato PDF.<\/li>\n\n\n\n<li>Claude Benistrand nombrado Presidente de Honor<\/li>\n\n\n\n<li>TI\n<ul class=\"wp-block-list\">\n<li>El sitio est\u00e1 disponible en ingl\u00e9s e italiano.<\/li>\n<\/ul>\n<\/li>\n\n\n\n<li>Cat\u00e1logos\n<ul class=\"wp-block-list\">\n<li>\n<ul class=\"wp-block-list\">\n<li>Nueva edici\u00f3n del cat\u00e1logo de Estados Unidos.<\/li>\n<\/ul>\n<\/li>\n<\/ul>\n<\/li>\n\n\n\n<li>DT\n<ul class=\"wp-block-list\">\n<li>\n<ul class=\"wp-block-list\">\n<li>\n<ul class=\"wp-block-list\">\n<li>Tras la divisi\u00f3n de la Zona 04W en 2 partes, Claude Mabillot traspas\u00f3 la Zona 04N a Robert de Rudder y la Zona 04S a Jean-Marie Gilouin.<\/li>\n\n\n\n<li>Luigi Spina se convierte en DT de Italia en sustituci\u00f3n de Enrico Alberini<\/li>\n\n\n\n<li>Henk Leroy sustituye a Rudy Pede como DT belga.<\/li>\n<\/ul>\n<\/li>\n<\/ul>\n<\/li>\n<\/ul>\n<\/li>\n<\/ul>\n\n\n\n<p><strong>2019<\/strong><\/p>\n\n\n\n<ul class=\"wp-block-list\">\n<li>Estancia\n<ul class=\"wp-block-list\">\n<li>Propriano (Francia-C\u00f3rcega) del 11 al 18 de mayo.<\/li>\n\n\n\n<li>St Di\u00e9-des-Vosges del 20 al 27 de julio.<\/li>\n<\/ul>\n<\/li>\n\n\n\n<li>AGM 2019\n<ul class=\"wp-block-list\">\n<li>en Nant el 9 de noviembre de 2019.<\/li>\n\n\n\n<li>2069 miembros cotizantes.<\/li>\n<\/ul>\n<\/li>\n\n\n\n<li>Decisiones del Consejo\n<ul class=\"wp-block-list\">\n<li>Firma de un acuerdo de asociaci\u00f3n entre la CCC y la FFCT.<\/li>\n\n\n\n<li>Creaci\u00f3n de un \"trombinoscopio\" (fotos de los participantes en las vacaciones).<\/li>\n\n\n\n<li>Bruno Litwin cooptado como gerente de la tienda.<\/li>\n\n\n\n<li>Christophe Badonnel fue nombrado corresponsable de las vacaciones.<\/li>\n\n\n\n<li>Creaci\u00f3n de un GT-Com y b\u00fasqueda de sinergias con Facebook y Strava.<\/li>\n\n\n\n<li>El Club propone 4 retos abiertos a todos, sean o no miembros del Club des Cent Cols.<\/li>\n<\/ul>\n<\/li>\n\n\n\n<li>Cat\u00e1logos\n<ul class=\"wp-block-list\">\n<li>Graham es responsable de la coordinaci\u00f3n entre los grupos de trabajo.<\/li>\n<\/ul>\n<\/li>\n\n\n\n<li>DT\n<ul class=\"wp-block-list\">\n<li>Fran\u00e7ois Miroux sustituye a Thierry Combelles en \u00abLe reste du monde\u00bb.<\/li>\n\n\n\n<li>Jeremy Chandler se convierte en DT de \u00abReino Unido e Irlanda\u00bb.<\/li>\n<\/ul>\n<\/li>\n\n\n\n<li>Varios\n<ul class=\"wp-block-list\">\n<li>Renovaci\u00f3n del acuerdo de asociaci\u00f3n con Openrunner.<\/li>\n\n\n\n<li>Presentaci\u00f3n del CCC en la AGM de la FFCT en Angers.<\/li>\n\n\n\n<li>Invitaci\u00f3n del club a la Ard\u00e9choise por G\u00e9rard Mistler (miembro n\u00ba 14 del CCC) y fundador de la Ard\u00e9choise.<\/li>\n<\/ul>\n<\/li>\n<\/ul>\n\n\n\n<p><strong>2020<\/strong><\/p>\n\n\n\n<ul class=\"wp-block-list\">\n<li>Estancia\n<ul class=\"wp-block-list\">\n<li>Cavi di Lavagna (Italia-Liguria), cancelado por pandemia en COVID<\/li>\n\n\n\n<li>Chessy-les Mines (Francia-R\u00f3dano) del 15 al 22 de agosto<\/li>\n<\/ul>\n<\/li>\n\n\n\n<li>JGA 2020 y vacaciones de oto\u00f1o\n<ul class=\"wp-block-list\">\n<li>Autun (France-Sa\u00f4ne et Loire)\/ Anulaci\u00f3n de la JGA por pandemia en COVID. Votaci\u00f3n electr\u00f3nica de los informes.<\/li>\n\n\n\n<li>Miembros abonados en 2012.<\/li>\n<\/ul>\n<\/li>\n\n\n\n<li>Decisiones del Consejo\n<ul class=\"wp-block-list\">\n<li>Fran\u00e7ois Candau es nombrado Director de Comunicaci\u00f3n.<\/li>\n\n\n\n<li>Para cumplir la legislaci\u00f3n, se negoci\u00f3 con Gritchen una oferta de \u201cseguro\u201d de vacaciones para sustituir gradualmente al Fondo de Solidaridad.<\/li>\n\n\n\n<li>Decisi\u00f3n de elegir Annecy para celebrar el cincuentenario del club.<\/li>\n\n\n\n<li>Supervisi\u00f3n de los paseos permanentes por Jean-Marc Cl\u00e9ment.<\/li>\n<\/ul>\n<\/li>\n\n\n\n<li>TI\n<ul class=\"wp-block-list\">\n<li>Robert Charbonnier se ha incorporado al equipo de TI.<\/li>\n\n\n\n<li>Finalizaci\u00f3n de las obras de los pasos fronterizos.<\/li>\n\n\n\n<li>Recta final para el lanzamiento de la base de datos de puertos de monta\u00f1a.<\/li>\n<\/ul>\n<\/li>\n\n\n\n<li>Cat\u00e1logos\n<ul class=\"wp-block-list\">\n<li>55 cat\u00e1logos para casi 70.000 botellas est\u00e1n operativos<\/li>\n<\/ul>\n<\/li>\n\n\n\n<li>DT\n<ul class=\"wp-block-list\">\n<li>Claude y Michel Rabuteau sustituyen a Herv\u00e9 Richard en la zona 03W<\/li>\n\n\n\n<li>Nombramiento de Robert de Rudder como Delegado T\u00e9cnico<\/li>\n<\/ul>\n<\/li>\n\n\n\n<li>Varios\n<ul class=\"wp-block-list\">\n<li>Introducci\u00f3n de una encuesta para los nuevos miembros<\/li>\n\n\n\n<li>Los aspirantes son apadrinados por los TD o por Nadine Giraudeau, encargada de las inscripciones.<\/li>\n<\/ul>\n<\/li>\n<\/ul>\n\n\n\n<p><strong>2021<\/strong><\/p>\n\n\n\n<ul class=\"wp-block-list\">\n<li>Estancia\n<ul class=\"wp-block-list\">\n<li>Cavi di Lavagna: cancelado por pandemia en Covid<\/li>\n\n\n\n<li>M\u00e9ollans-Revel (Francia-Alpes de Alta Provenza) del 4 al 11 de septiembre<\/li>\n<\/ul>\n<\/li>\n\n\n\n<li>2021 AGM y vacaciones de oto\u00f1o\n<ul class=\"wp-block-list\">\n<li>Ste Maxime (Francia-Var) del 10 al 14 de noviembre.<\/li>\n\n\n\n<li>1974 miembros cotizantes.\n<ul class=\"wp-block-list\">\n<li>Junta General Electiva: Renovaci\u00f3n del Consejo de Administraci\u00f3n<br>Enrico Alberini: Presidente<br>Nadine Giraudeau: vicepresidenta encargada de la acogida de nuevos miembros, diplomas y medallas<br>Herv\u00e9 Reti\u00e8re: secretario<br>S\u00e9bastien Vadot: Tesorero<br>Christophe Badonnel: director de vacaciones y tesorero adjunto<br>Fran\u00e7ois Rieu: redactor jefe<br>Jean-Luc Matte: corresponsable de las vacaciones<br>Bruno Litwin: director de la tienda<br>Bernard Giraudeau: Jefe de Comunicaci\u00f3n<\/li>\n<\/ul>\n<\/li>\n<\/ul>\n<\/li>\n\n\n\n<li>Decisiones del Consejo\n<ul class=\"wp-block-list\">\n<li>Creaci\u00f3n de pases de carretera por regi\u00f3n administrativa y pases nacionales para todos los pa\u00edses.<\/li>\n<\/ul>\n<\/li>\n\n\n\n<li>TI\n<ul class=\"wp-block-list\">\n<li>\n<ul class=\"wp-block-list\">\n<li>Puesta en marcha de la base de datos de pases<\/li>\n\n\n\n<li>Sincronizaci\u00f3n perfecta entre la base de datos, ccWay y el visor.<\/li>\n\n\n\n<li>Los nuevos pases pueden declararse autom\u00e1ticamente en el sitio web cada a\u00f1o.<\/li>\n\n\n\n<li>Gesti\u00f3n de las tarjetas regionales de los miembros de la CRL<\/li>\n<\/ul>\n<\/li>\n<\/ul>\n<\/li>\n\n\n\n<li>Cat\u00e1logos\n<ul class=\"wp-block-list\">\n<li>\n<ul class=\"wp-block-list\">\n<li>Este a\u00f1o se lanzan varios cat\u00e1logos, desde Am\u00e9rica Latina hasta Madagascar, pasando por L\u00edbano e Israel.<\/li>\n<\/ul>\n<\/li>\n<\/ul>\n<\/li>\n\n\n\n<li>TD: Constant van Waterschoot cede el puesto de TD nacional holand\u00e9s a Paul Oude Luttighuis<\/li>\n<\/ul>\n\n\n\n<p><strong><em>2022 - La Hermandad cumple 50 a\u00f1os.<\/em><\/strong><\/p>\n\n\n\n<p>En marzo falleci\u00f3 Michel Verhaeghe, el Top. Fue el primer miembro en alcanzar los 10.000 puertos de monta\u00f1a.<\/p>\n\n\n\n<ul class=\"wp-block-list\">\n<li>Estancia\n<ul class=\"wp-block-list\">\n<li>Cavi di Lavagna (Italia-Liguria) del 1 al 8 de mayo de 2022<\/li>\n\n\n\n<li>Sare (Pirineos Atl\u00e1nticos) del 2 al 9 de julio de 2022<\/li>\n<\/ul>\n<\/li>\n\n\n\n<li>Reuni\u00f3n para conmemorar el 50 aniversario de la fundaci\u00f3n de nuestro club en Col Luitel el 25 de junio.<\/li>\n\n\n\n<li>AGM 50 aniversario de la fundaci\u00f3n de nuestro club y vacaciones de oto\u00f1o\n<ul class=\"wp-block-list\">\n<li>Annecy, 5 de noviembre de 2022.<\/li>\n\n\n\n<li>1917 miembros cotizantes.<\/li>\n<\/ul>\n<\/li>\n\n\n\n<li>TI\n<ul class=\"wp-block-list\">\n<li>Cat\u00e1logos de 35 nuevos pa\u00edses o territorios (la mayor\u00eda de Asia y \u00c1frica). 129 cat\u00e1logos forman ya parte del patrimonio del club. Se han catalogado casi 100.000 botellas.<\/li>\n<\/ul>\n<\/li>\n\n\n\n<li>Comunicaci\u00f3n\n<ul class=\"wp-block-list\">\n<li>La web, creada en 2015 y disponible en ingl\u00e9s e italiano desde 2018, alberga una nueva secci\u00f3n en la p\u00e1gina de inicio, La Gazette, que pretende dar visibilidad a los socios y no socios sobre peque\u00f1os y grandes eventos vinculados al club, sus actividades y las de sus socios.<\/li>\n\n\n\n<li>Se aplica un enfoque europeo a trav\u00e9s de asociaciones acordadas con la UECT (Uni\u00f3n Europea de Ciclismo) y la FECT (Federaci\u00f3n Espa\u00f1ola de Ciclismo).<\/li>\n\n\n\n<li>Las asociaciones, ya acordadas hist\u00f3ricamente con la FFCT y OpenRunner, se refuerzan y se hacen m\u00e1s productivas<\/li>\n<\/ul>\n<\/li>\n\n\n\n<li>Varios\n<ul class=\"wp-block-list\">\n<li>Christophe Marchal, 8000\u00ba socio del Club, monta en una handbike<\/li>\n\n\n\n<li>Entre los paseos permanentes, se han creado cinco bucles, es decir, rutas que permiten partir y regresar al mismo punto de partida.<\/li>\n<\/ul>\n<\/li>\n\n\n\n<li>DT\n<ul class=\"wp-block-list\">\n<li>G\u00e9rard Fillon-Robin cede el control de la zona 04S a Jean-Yves Jamin<\/li>\n\n\n\n<li>Ars\u00e8ne Bickel cede sus funciones de Director Regional de la Zona 03E a Denis Mathieu<\/li>\n\n\n\n<li>Alain Benoist sustituye a Jean-Marie Gilouin como Director Regional de la Zona 04SW.<\/li>\n<\/ul>\n<\/li>\n<\/ul>\n\n\n\n<p><strong>2024 - Muerte de Jean Perdoux<\/strong><\/p>\n\n\n\n<p>Jean Perdoux, presidente fundador del Club des Cent Cols, falleci\u00f3 el 13 de marzo a la edad de 87 a\u00f1os. Se cierra as\u00ed un largo cap\u00edtulo de la historia del Club des Cent Cols. Hemos perdido a nuestro gu\u00eda, pero no sus ideas.<\/p>\n\n\n\n<p><strong>Esta historia se basa en parte en el libro de Jean PERDOUX y Henri DUSSEAU, \u201c<a href=\"https:\/\/centcols.org\/es\/boutique\/produit\/livre-quarante-ans-dhistoire-de-la-confrerie\/\" target=\"_blank\" rel=\"noreferrer noopener\">40 a\u00f1os de historia<\/a>\u201cpor Chantal Sala y R\u00e9gis Paraz, actualizado posteriormente por Bernard Giraudeau y Enrico Alberini.<\/strong><\/p>","protected":false},"excerpt":{"rendered":"<p>C\u2019est par une magnifique journ\u00e9e d\u2019automne 1970, durant l\u2019ascension du tr\u00e8s beau et assez difficile col du Luitel, situ\u00e9 pr\u00e8s de Grenoble, dans les Alpes, que naquit l\u2019id\u00e9e de la Confr\u00e9rie des \u201cCent Cols\u201d. Ce lieu fut en effet le t\u00e9moin innocent du r\u00eave d\u2019un cycliste aimant la montagne. Pr\u00e8s du po\u00e9tique lac Luitel et [&hellip;]<\/p>\n","protected":false},"author":2,"featured_media":79137,"parent":0,"menu_order":0,"comment_status":"open","ping_status":"closed","template":"","meta":{"_acf_changed":false,"footnotes":""},"class_list":["post-79136","page","type-page","status-publish","has-post-thumbnail","hentry"],"acf":[],"yoast_head":"<!-- This site is optimized with the Yoast SEO plugin v27.2 - https:\/\/yoast.com\/product\/yoast-seo-wordpress\/ -->\n<title>50 ans d&#039;histoire - Club des Cent Cols<\/title>\n<meta name=\"robots\" content=\"index, follow, max-snippet:-1, max-image-preview:large, max-video-preview:-1\" \/>\n<link rel=\"canonical\" href=\"https:\/\/centcols.org\/es\/50-anos-de-historia\/\" \/>\n<meta property=\"og:locale\" content=\"es_ES\" \/>\n<meta property=\"og:type\" content=\"article\" \/>\n<meta property=\"og:title\" content=\"50 ans d&#039;histoire - Club des Cent Cols\" \/>\n<meta property=\"og:description\" content=\"C\u2019est par une magnifique journ\u00e9e d\u2019automne 1970, durant l\u2019ascension du tr\u00e8s beau et assez difficile col du Luitel, situ\u00e9 pr\u00e8s de Grenoble, dans les Alpes, que naquit l\u2019id\u00e9e de la Confr\u00e9rie des \u201cCent Cols\u201d. Ce lieu fut en effet le t\u00e9moin innocent du r\u00eave d\u2019un cycliste aimant la montagne. Pr\u00e8s du po\u00e9tique lac Luitel et [&hellip;]\" \/>\n<meta property=\"og:url\" content=\"https:\/\/centcols.org\/es\/50-anos-de-historia\/\" \/>\n<meta property=\"og:site_name\" content=\"Club des Cent Cols\" \/>\n<meta property=\"article:publisher\" content=\"https:\/\/www.facebook.com\/groups\/5261880558\/?locale=fr_FR\" \/>\n<meta property=\"article:modified_time\" content=\"2025-05-05T13:57:03+00:00\" \/>\n<meta property=\"og:image\" content=\"https:\/\/centcols.org\/wp-content\/uploads\/2025\/02\/dl_12-12-02-1.jpg\" \/>\n\t<meta property=\"og:image:width\" content=\"740\" \/>\n\t<meta property=\"og:image:height\" content=\"376\" \/>\n\t<meta property=\"og:image:type\" content=\"image\/jpeg\" \/>\n<meta name=\"twitter:card\" content=\"summary_large_image\" \/>\n<meta name=\"twitter:label1\" content=\"Tiempo de lectura\" \/>\n\t<meta name=\"twitter:data1\" content=\"20 minutos\" \/>\n<script type=\"application\/ld+json\" class=\"yoast-schema-graph\">{\"@context\":\"https:\/\/schema.org\",\"@graph\":[{\"@type\":\"WebPage\",\"@id\":\"https:\/\/centcols.org\/50-ans-dhistoire\/\",\"url\":\"https:\/\/centcols.org\/50-ans-dhistoire\/\",\"name\":\"50 ans d'histoire - Club des Cent Cols\",\"isPartOf\":{\"@id\":\"https:\/\/centcols.org\/#website\"},\"primaryImageOfPage\":{\"@id\":\"https:\/\/centcols.org\/50-ans-dhistoire\/#primaryimage\"},\"image\":{\"@id\":\"https:\/\/centcols.org\/50-ans-dhistoire\/#primaryimage\"},\"thumbnailUrl\":\"https:\/\/centcols.org\/wp-content\/uploads\/2025\/02\/dl_12-12-02-1.jpg\",\"datePublished\":\"2025-02-05T07:58:17+00:00\",\"dateModified\":\"2025-05-05T13:57:03+00:00\",\"breadcrumb\":{\"@id\":\"https:\/\/centcols.org\/50-ans-dhistoire\/#breadcrumb\"},\"inLanguage\":\"es\",\"potentialAction\":[{\"@type\":\"ReadAction\",\"target\":[\"https:\/\/centcols.org\/50-ans-dhistoire\/\"]}]},{\"@type\":\"ImageObject\",\"inLanguage\":\"es\",\"@id\":\"https:\/\/centcols.org\/50-ans-dhistoire\/#primaryimage\",\"url\":\"https:\/\/centcols.org\/wp-content\/uploads\/2025\/02\/dl_12-12-02-1.jpg\",\"contentUrl\":\"https:\/\/centcols.org\/wp-content\/uploads\/2025\/02\/dl_12-12-02-1.jpg\",\"width\":740,\"height\":376},{\"@type\":\"BreadcrumbList\",\"@id\":\"https:\/\/centcols.org\/50-ans-dhistoire\/#breadcrumb\",\"itemListElement\":[{\"@type\":\"ListItem\",\"position\":1,\"name\":\"Accueil\",\"item\":\"https:\/\/centcols.org\/\"},{\"@type\":\"ListItem\",\"position\":2,\"name\":\"50 ans d&rsquo;histoire\"}]},{\"@type\":\"WebSite\",\"@id\":\"https:\/\/centcols.org\/#website\",\"url\":\"https:\/\/centcols.org\/\",\"name\":\"Club des Cent Cols\",\"description\":\"\",\"publisher\":{\"@id\":\"https:\/\/centcols.org\/#organization\"},\"potentialAction\":[{\"@type\":\"SearchAction\",\"target\":{\"@type\":\"EntryPoint\",\"urlTemplate\":\"https:\/\/centcols.org\/?s={search_term_string}\"},\"query-input\":{\"@type\":\"PropertyValueSpecification\",\"valueRequired\":true,\"valueName\":\"search_term_string\"}}],\"inLanguage\":\"es\"},{\"@type\":\"Organization\",\"@id\":\"https:\/\/centcols.org\/#organization\",\"name\":\"Club des Cent Cols\",\"url\":\"https:\/\/centcols.org\/\",\"logo\":{\"@type\":\"ImageObject\",\"inLanguage\":\"es\",\"@id\":\"https:\/\/centcols.org\/#\/schema\/logo\/image\/\",\"url\":\"https:\/\/centcols.org\/wp-content\/uploads\/2025\/01\/carte-icone.png\",\"contentUrl\":\"https:\/\/centcols.org\/wp-content\/uploads\/2025\/01\/carte-icone.png\",\"width\":250,\"height\":250,\"caption\":\"Club des Cent Cols\"},\"image\":{\"@id\":\"https:\/\/centcols.org\/#\/schema\/logo\/image\/\"},\"sameAs\":[\"https:\/\/www.facebook.com\/groups\/5261880558\/?locale=fr_FR\"]}]}<\/script>\n<!-- \/ Yoast SEO plugin. -->","yoast_head_json":{"title":"50 a\u00f1os de historia - Club des Cent Cols","robots":{"index":"index","follow":"follow","max-snippet":"max-snippet:-1","max-image-preview":"max-image-preview:large","max-video-preview":"max-video-preview:-1"},"canonical":"https:\/\/centcols.org\/es\/50-anos-de-historia\/","og_locale":"es_ES","og_type":"article","og_title":"50 ans d'histoire - Club des Cent Cols","og_description":"C\u2019est par une magnifique journ\u00e9e d\u2019automne 1970, durant l\u2019ascension du tr\u00e8s beau et assez difficile col du Luitel, situ\u00e9 pr\u00e8s de Grenoble, dans les Alpes, que naquit l\u2019id\u00e9e de la Confr\u00e9rie des \u201cCent Cols\u201d. Ce lieu fut en effet le t\u00e9moin innocent du r\u00eave d\u2019un cycliste aimant la montagne. Pr\u00e8s du po\u00e9tique lac Luitel et [&hellip;]","og_url":"https:\/\/centcols.org\/es\/50-anos-de-historia\/","og_site_name":"Club des Cent Cols","article_publisher":"https:\/\/www.facebook.com\/groups\/5261880558\/?locale=fr_FR","article_modified_time":"2025-05-05T13:57:03+00:00","og_image":[{"width":740,"height":376,"url":"https:\/\/centcols.org\/wp-content\/uploads\/2025\/02\/dl_12-12-02-1.jpg","type":"image\/jpeg"}],"twitter_card":"summary_large_image","twitter_misc":{"Tiempo de lectura":"20 minutos"},"schema":{"@context":"https:\/\/schema.org","@graph":[{"@type":"WebPage","@id":"https:\/\/centcols.org\/50-ans-dhistoire\/","url":"https:\/\/centcols.org\/50-ans-dhistoire\/","name":"50 a\u00f1os de historia - Club des Cent Cols","isPartOf":{"@id":"https:\/\/centcols.org\/#website"},"primaryImageOfPage":{"@id":"https:\/\/centcols.org\/50-ans-dhistoire\/#primaryimage"},"image":{"@id":"https:\/\/centcols.org\/50-ans-dhistoire\/#primaryimage"},"thumbnailUrl":"https:\/\/centcols.org\/wp-content\/uploads\/2025\/02\/dl_12-12-02-1.jpg","datePublished":"2025-02-05T07:58:17+00:00","dateModified":"2025-05-05T13:57:03+00:00","breadcrumb":{"@id":"https:\/\/centcols.org\/50-ans-dhistoire\/#breadcrumb"},"inLanguage":"es","potentialAction":[{"@type":"ReadAction","target":["https:\/\/centcols.org\/50-ans-dhistoire\/"]}]},{"@type":"ImageObject","inLanguage":"es","@id":"https:\/\/centcols.org\/50-ans-dhistoire\/#primaryimage","url":"https:\/\/centcols.org\/wp-content\/uploads\/2025\/02\/dl_12-12-02-1.jpg","contentUrl":"https:\/\/centcols.org\/wp-content\/uploads\/2025\/02\/dl_12-12-02-1.jpg","width":740,"height":376},{"@type":"BreadcrumbList","@id":"https:\/\/centcols.org\/50-ans-dhistoire\/#breadcrumb","itemListElement":[{"@type":"ListItem","position":1,"name":"Accueil","item":"https:\/\/centcols.org\/"},{"@type":"ListItem","position":2,"name":"50 ans d&rsquo;histoire"}]},{"@type":"WebSite","@id":"https:\/\/centcols.org\/#website","url":"https:\/\/centcols.org\/","name":"Club des Cent Cols","description":"","publisher":{"@id":"https:\/\/centcols.org\/#organization"},"potentialAction":[{"@type":"SearchAction","target":{"@type":"EntryPoint","urlTemplate":"https:\/\/centcols.org\/?s={search_term_string}"},"query-input":{"@type":"PropertyValueSpecification","valueRequired":true,"valueName":"search_term_string"}}],"inLanguage":"es"},{"@type":"Organization","@id":"https:\/\/centcols.org\/#organization","name":"Club des Cent Cols","url":"https:\/\/centcols.org\/","logo":{"@type":"ImageObject","inLanguage":"es","@id":"https:\/\/centcols.org\/#\/schema\/logo\/image\/","url":"https:\/\/centcols.org\/wp-content\/uploads\/2025\/01\/carte-icone.png","contentUrl":"https:\/\/centcols.org\/wp-content\/uploads\/2025\/01\/carte-icone.png","width":250,"height":250,"caption":"Club des Cent Cols"},"image":{"@id":"https:\/\/centcols.org\/#\/schema\/logo\/image\/"},"sameAs":["https:\/\/www.facebook.com\/groups\/5261880558\/?locale=fr_FR"]}]}},"_links":{"self":[{"href":"https:\/\/centcols.org\/es\/wp-json\/wp\/v2\/pages\/79136","targetHints":{"allow":["GET"]}}],"collection":[{"href":"https:\/\/centcols.org\/es\/wp-json\/wp\/v2\/pages"}],"about":[{"href":"https:\/\/centcols.org\/es\/wp-json\/wp\/v2\/types\/page"}],"author":[{"embeddable":true,"href":"https:\/\/centcols.org\/es\/wp-json\/wp\/v2\/users\/2"}],"replies":[{"embeddable":true,"href":"https:\/\/centcols.org\/es\/wp-json\/wp\/v2\/comments?post=79136"}],"version-history":[{"count":0,"href":"https:\/\/centcols.org\/es\/wp-json\/wp\/v2\/pages\/79136\/revisions"}],"wp:featuredmedia":[{"embeddable":true,"href":"https:\/\/centcols.org\/es\/wp-json\/wp\/v2\/media\/79137"}],"wp:attachment":[{"href":"https:\/\/centcols.org\/es\/wp-json\/wp\/v2\/media?parent=79136"}],"curies":[{"name":"wp","href":"https:\/\/api.w.org\/{rel}","templated":true}]}}