{"id":79553,"date":"2025-02-05T10:08:06","date_gmt":"2025-02-05T08:08:06","guid":{"rendered":"https:\/\/centcols.org\/les-delegues-et-autres-benevoles\/"},"modified":"2025-12-13T20:44:54","modified_gmt":"2025-12-13T18:44:54","slug":"delegados-y-otros-voluntarios","status":"publish","type":"page","link":"https:\/\/centcols.org\/es\/les-delegues-et-autres-benevoles\/","title":{"rendered":"Delegados y otros voluntarios"},"content":{"rendered":"<p>Muchos voluntarios trabajan durante todo el a\u00f1o. Ya sea en grupos de trabajo o realizando tareas espec\u00edficas, contribuyen activamente al funcionamiento y la reputaci\u00f3n del club.<\/p>\n\n\n\n<h2 class=\"wp-block-heading\">Delegados regionales y nacionales<\/h2>\n\n\n\n<p>Los delegados regionales y los delegados nacionales son los interlocutores regionales del club. Se encargan de validar las listas de colleras de los socios y de velar por el respeto de las reglas de juego, as\u00ed como de gestionar las suscripciones anuales y actualizar los expedientes de los socios. Tambi\u00e9n pueden proporcionar apoyo t\u00e9cnico a los colegas en el uso de las herramientas puestas a su disposici\u00f3n por el club.<\/p>\n\n\n\n<p class=\"has-text-align-center\"><em>Los afiliados deben ponerse en contacto con su delegado territorial o nacional para todo lo relacionado con sus listas de pases y suscripciones.<\/em><\/p>\n\n\n\n<h3 class=\"wp-block-heading has-text-align-center\">Francia<\/h3>\n\n\n<div class=\"wp-block-image\">\n<figure class=\"aligncenter size-full\"><img loading=\"lazy\" decoding=\"async\" width=\"800\" height=\"700\" src=\"https:\/\/centcols.org\/wp-content\/uploads\/2025\/08\/Carte-DT_2023-04-05-site.jpg\" alt=\"\" class=\"wp-image-85404\" srcset=\"https:\/\/centcols.org\/wp-content\/uploads\/2025\/08\/Carte-DT_2023-04-05-site.jpg 800w, https:\/\/centcols.org\/wp-content\/uploads\/2025\/08\/Carte-DT_2023-04-05-site-768x672.jpg 768w, https:\/\/centcols.org\/wp-content\/uploads\/2025\/08\/Carte-DT_2023-04-05-site-14x12.jpg 14w\" sizes=\"auto, (max-width: 800px) 100vw, 800px\" \/><\/figure>\n<\/div>\n\n\n<div class=\"wp-block-columns is-layout-flex wp-container-core-columns-is-layout-9d6595d7 wp-block-columns-is-layout-flex\">\n<div class=\"wp-block-column is-layout-flow wp-block-column-is-layout-flow\">\n<h4 class=\"wp-block-heading has-text-align-center has-background\" style=\"background-color:#cfcfcf\">Zona 01 + DOM-TOM<\/h4>\n\n\n\n<div class=\"wp-block-group has-background\" style=\"background-color:#f6f6f6\"><div class=\"wp-block-group__inner-container is-layout-constrained wp-block-group-is-layout-constrained\"><div class=\"wp-block-image is-style-rounded\">\n<figure class=\"aligncenter size-full is-resized\"><img loading=\"lazy\" decoding=\"async\" width=\"150\" height=\"200\" src=\"https:\/\/centcols.org\/wp-content\/uploads\/2025\/08\/remond.jpg\" alt=\"\" class=\"wp-image-85779\" style=\"width:auto;height:150px\"\/><\/figure>\n<\/div>\n\n\n<h3 class=\"wp-block-heading has-text-align-center\">Didier R\u00e9mond (N\u00b0 1202)<\/h3>\n\n\n\n<p class=\"has-text-align-center has-small-font-size\">10 rue Camille Desmoulins<br>93600 Aulnay-sous-Bois<\/p>\n\n\n\n<p class=\"has-text-align-center has-small-font-size\"><a href=\"\/es\/&\/#109;&#x61;&#105;&#x6c;&#116;&#x6f;&#58;&#x64;&#105;&#x64;&#105;&#x65;&#114;&#x72;&#101;&#x6d;&#111;&#x6e;&#100;&#x40;&#102;&#x72;&#101;&#x65;&#46;&#x66;&#114;\">didierremond@free.fr<\/a><\/p>\n<\/div><\/div>\n<\/div>\n\n\n\n<div class=\"wp-block-column is-layout-flow wp-block-column-is-layout-flow\">\n<h4 class=\"wp-block-heading has-text-align-center has-background\" style=\"background-color:#f4e503\">Zona 02<\/h4>\n\n\n\n<div class=\"wp-block-group has-background\" style=\"background-color:#f6f6f6\"><div class=\"wp-block-group__inner-container is-layout-constrained wp-block-group-is-layout-constrained\"><div class=\"wp-block-image is-style-rounded\">\n<figure class=\"aligncenter size-full is-resized\"><img loading=\"lazy\" decoding=\"async\" width=\"150\" height=\"200\" src=\"https:\/\/centcols.org\/wp-content\/uploads\/2025\/08\/dt_jol.jpg\" alt=\"\" class=\"wp-image-85771\" style=\"width:auto;height:150px\"\/><\/figure>\n<\/div>\n\n\n<h3 class=\"wp-block-heading has-text-align-center\">Dominique Joly (N\u00b0 2958)<\/h3>\n\n\n\n<p class=\"has-text-align-center has-small-font-size\">71 route des Vall\u00e9es<br>37510 Ballan-Mir\u00e9<\/p>\n\n\n\n<p class=\"has-text-align-center has-small-font-size\"><a href=\"\/es\/&\/#x6d;&#97;i&#x6c;&#116;o&#x3a;&#x64;&#111;&#x6d;&#x69;&#110;i&#x71;&#117;e&#x2e;&#x6a;&#111;&#x6c;&#x79;&#52;&#64;&#x6f;&#114;a&#x6e;&#x67;&#101;&#x2e;&#x66;&#114;\">dominique.joly4@orange.fr<\/a><\/p>\n<\/div><\/div>\n<\/div>\n\n\n\n<div class=\"wp-block-column is-layout-flow wp-block-column-is-layout-flow\">\n<h4 class=\"wp-block-heading has-text-align-center has-background\" style=\"background-color:#73c6d6\">Zona 03E<\/h4>\n\n\n\n<div class=\"wp-block-group has-background\" style=\"background-color:#f6f6f6\"><div class=\"wp-block-group__inner-container is-layout-constrained wp-block-group-is-layout-constrained\"><div class=\"wp-block-image is-style-rounded\">\n<figure class=\"aligncenter size-full is-resized\"><img loading=\"lazy\" decoding=\"async\" width=\"237\" height=\"300\" src=\"https:\/\/centcols.org\/wp-content\/uploads\/2025\/08\/6820-Denis-Mathieu-.jpg\" alt=\"\" class=\"wp-image-85762\" style=\"width:120px\"\/><\/figure>\n<\/div>\n\n\n<h3 class=\"wp-block-heading has-text-align-center\">Denis Mathieu (n\u00ba 6820)<\/h3>\n\n\n\n<p class=\"has-text-align-center has-small-font-size\">22 rue des Gli\u00e8res<br>54500 Vand\u0153uvre-l\u00e8s-Nancy<\/p>\n\n\n\n<p class=\"has-text-align-center has-small-font-size\"><a href=\"\/es\/ma&\/#105;&#108;&#116;&#x6f;&#x3a;&#x64;&#x65;ni&#46;&#109;&#97;&#x74;&#x68;&#x69;&#x65;u&#64;&#111;&#114;&#97;&#x6e;&#x67;&#x65;&#x2e;fr\">deni.mathieu@orange.fr<\/a><\/p>\n<\/div><\/div>\n<\/div>\n<\/div>\n\n\n\n<div class=\"wp-block-columns is-layout-flex wp-container-core-columns-is-layout-9d6595d7 wp-block-columns-is-layout-flex\">\n<div class=\"wp-block-column is-layout-flow wp-block-column-is-layout-flow\">\n<h4 class=\"wp-block-heading has-text-align-center has-background\" style=\"background-color:#7dad3f\">Zona 03W<\/h4>\n\n\n\n<div class=\"wp-block-group has-background\" style=\"background-color:#f6f6f6\"><div class=\"wp-block-group__inner-container is-layout-constrained wp-block-group-is-layout-constrained\"><div class=\"wp-block-image is-style-rounded\">\n<figure class=\"aligncenter size-full is-resized\"><img loading=\"lazy\" decoding=\"async\" width=\"100\" height=\"100\" src=\"https:\/\/centcols.org\/wp-content\/uploads\/2025\/08\/rabuteau.jpg\" alt=\"\" class=\"wp-image-85778\" style=\"width:auto;height:150px\" srcset=\"https:\/\/centcols.org\/wp-content\/uploads\/2025\/08\/rabuteau.jpg 100w, https:\/\/centcols.org\/wp-content\/uploads\/2025\/08\/rabuteau-12x12.jpg 12w\" sizes=\"auto, (max-width: 100px) 100vw, 100px\" \/><\/figure>\n<\/div>\n\n\n<h3 class=\"wp-block-heading has-text-align-center\" style=\"font-size:23px\">Claude y Michel Rabuteau (N\u00b0 5493 y 5494)<\/h3>\n\n\n\n<p class=\"has-text-align-center has-small-font-size\">12 rue Arthur Kleinclausz<br>21000 Dijon<\/p>\n\n\n\n<p class=\"has-text-align-center has-small-font-size\"><a href=\"\/es\/&\/#109;&#x61;&#x69;l&#116;&#x6f;&#x3a;r&#97;&#x62;u&#116;&#x65;&#x61;u&#46;&#x6d;i&#99;&#x68;&#x65;l&#64;&#x67;&#x6d;&#97;&#x69;&#x6c;&#46;&#99;&#x6f;&#x6d;\">rabuteau.michel@gmail.com<\/a><\/p>\n\n\n\n<div style=\"height:27px\" aria-hidden=\"true\" class=\"wp-block-spacer\"><\/div>\n<\/div><\/div>\n<\/div>\n\n\n\n<div class=\"wp-block-column is-layout-flow wp-block-column-is-layout-flow\">\n<h4 class=\"wp-block-heading has-text-align-center has-background\" style=\"background-color:#f6cd4d\">Zona 04E<\/h4>\n\n\n\n<div class=\"wp-block-group has-background\" style=\"background-color:#f6f6f6\"><div class=\"wp-block-group__inner-container is-layout-constrained wp-block-group-is-layout-constrained\"><div class=\"wp-block-image is-style-rounded\">\n<figure class=\"aligncenter size-full is-resized\"><img loading=\"lazy\" decoding=\"async\" width=\"150\" height=\"200\" src=\"https:\/\/centcols.org\/wp-content\/uploads\/2025\/08\/bernardVieillard.jpg\" alt=\"\" class=\"wp-image-85765\" style=\"width:auto;height:150px\"\/><\/figure>\n<\/div>\n\n\n<h3 class=\"wp-block-heading has-text-align-center\">Bernard Vieillard (n\u00ba 1355)<\/h3>\n\n\n\n<p class=\"has-text-align-center has-small-font-size\">7 all\u00e9e des Marmottes<br>73260 Aigueblanche<\/p>\n\n\n\n<p class=\"has-text-align-center has-small-font-size\"><a href=\"\/es\/&\/#109;a&#x69;l&#x74;o&#x3a;b&#x65;&#114;&#x65;&#103;&#x37;&#51;&#x40;&#111;r&#97;n&#x67;e&#x2e;f&#x72;\">bereg73@orange.fr<\/a><\/p>\n<\/div><\/div>\n<\/div>\n\n\n\n<div class=\"wp-block-column is-layout-flow wp-block-column-is-layout-flow\">\n<h4 class=\"wp-block-heading has-text-align-center has-background\" style=\"background-color:#8d898a\">Zona 04N<\/h4>\n\n\n\n<div class=\"wp-block-group has-background\" style=\"background-color:#f6f6f6\"><div class=\"wp-block-group__inner-container is-layout-constrained wp-block-group-is-layout-constrained\"><div class=\"wp-block-image is-style-rounded\">\n<figure class=\"aligncenter size-full is-resized\"><img loading=\"lazy\" decoding=\"async\" width=\"150\" height=\"194\" src=\"https:\/\/centcols.org\/wp-content\/uploads\/2025\/08\/5187-Corinne-Dameron.jpg\" alt=\"\" class=\"wp-image-85783\" style=\"width:auto;height:150px\"\/><\/figure>\n<\/div>\n\n\n<h3 class=\"wp-block-heading has-text-align-center\">Corinne Dameron (N\u00b0 5187)<\/h3>\n\n\n\n<p class=\"has-text-align-center has-small-font-size\">1 Impasse l'Aigas de Ribbes<br>69160 Tassin-la-Demi-Lune<\/p>\n\n\n\n<p class=\"has-text-align-center has-small-font-size\"><a href=\"\/es\/&\/#109;&#x61;&#105;&#x6c;&#116;&#x6f;&#58;&#x63;&#111;&#x72;&#105;&#x6e;&#110;&#x65;&#100;&#x61;&#109;&#x65;&#114;&#x6f;&#110;&#x2e;&#100;&#x74;&#64;&#x67;&#109;&#x61;&#105;&#x6c;&#46;&#x63;&#111;&#x6d;\">corinnedameron.dt@gmail.com<\/a><\/p>\n<\/div><\/div>\n<\/div>\n<\/div>\n\n\n\n<div class=\"wp-block-columns is-layout-flex wp-container-core-columns-is-layout-9d6595d7 wp-block-columns-is-layout-flex\">\n<div class=\"wp-block-column is-layout-flow wp-block-column-is-layout-flow\">\n<h4 class=\"wp-block-heading has-text-align-center has-background\" style=\"background-color:#54bfe9\">Zona 04S<\/h4>\n\n\n\n<div class=\"wp-block-group has-background\" style=\"background-color:#f6f6f6\"><div class=\"wp-block-group__inner-container is-layout-constrained wp-block-group-is-layout-constrained\"><div class=\"wp-block-image is-style-rounded\">\n<figure class=\"aligncenter size-full is-resized\"><img loading=\"lazy\" decoding=\"async\" width=\"282\" height=\"300\" src=\"https:\/\/centcols.org\/wp-content\/uploads\/2025\/08\/7341_JYJamin.jpg\" alt=\"\" class=\"wp-image-85763\" style=\"width:auto;height:150px\"\/><\/figure>\n<\/div>\n\n\n<h3 class=\"wp-block-heading has-text-align-center\">Jean-Yves Jamin (N\u00b0 7341)<\/h3>\n\n\n\n<p class=\"has-text-align-center has-small-font-size\">14 rue des Gardians<br>34970 Lattes<\/p>\n\n\n\n<p class=\"has-text-align-center has-small-font-size\"><a href=\"\/es\/&\/#109;&#x61;i&#x6c;t&#111;&#x3a;&#100;&#x74;&#46;&#48;&#x34;&#115;&#x2e;c&#x63;&#x63;&#64;&#x67;m&#x61;i&#108;&#x2e;&#99;&#x6f;m\">dt.04s.ccc@gmail.com<\/a><\/p>\n<\/div><\/div>\n<\/div>\n\n\n\n<div class=\"wp-block-column is-layout-flow wp-block-column-is-layout-flow\">\n<h4 class=\"wp-block-heading has-text-align-center has-background\" style=\"background-color:#ddadc5\">Zona 04SW<\/h4>\n\n\n\n<div class=\"wp-block-group has-background\" style=\"background-color:#f6f6f6\"><div class=\"wp-block-group__inner-container is-layout-constrained wp-block-group-is-layout-constrained\"><div class=\"wp-block-image is-style-rounded\">\n<figure class=\"aligncenter size-full is-resized\"><img loading=\"lazy\" decoding=\"async\" width=\"730\" height=\"984\" src=\"https:\/\/centcols.org\/wp-content\/uploads\/2025\/08\/benoist.jpg\" alt=\"\" class=\"wp-image-85764\" style=\"width:auto;height:150px\"\/><\/figure>\n<\/div>\n\n\n<h3 class=\"wp-block-heading has-text-align-center\">Alain Benoist (N\u00b0 5663)<\/h3>\n\n\n\n<p class=\"has-text-align-center has-small-font-size\">21 Impasse des Alpes<br>26120 Malissard<\/p>\n\n\n\n<p class=\"has-text-align-center has-small-font-size\"><a href=\"\/es\/&\/#109;&#97;&#x69;l&#116;&#x6f;&#x3a;a&#108;&#x61;&#x69;n&#46;&#x62;&#x65;n&#111;&#x69;&#x73;t&#46;&#x64;&#x74;0&#52;&#x73;w&#64;&#103;&#x6d;a&#105;&#x6c;&#x2e;c&#111;&#x6d;\">alain.benoist.dt04sw@gmail.com<\/a><\/p>\n<\/div><\/div>\n<\/div>\n\n\n\n<div class=\"wp-block-column is-layout-flow wp-block-column-is-layout-flow\">\n<h4 class=\"wp-block-heading has-text-align-center has-background\" style=\"background-color:#d63431\">Zona 05<\/h4>\n\n\n\n<div class=\"wp-block-group has-background\" style=\"background-color:#f6f6f6\"><div class=\"wp-block-group__inner-container is-layout-constrained wp-block-group-is-layout-constrained\"><div class=\"wp-block-image is-style-rounded\">\n<figure class=\"aligncenter size-full is-resized\"><img loading=\"lazy\" decoding=\"async\" width=\"150\" height=\"200\" src=\"https:\/\/centcols.org\/wp-content\/uploads\/2025\/08\/gil.jpg\" alt=\"\" class=\"wp-image-85773\" style=\"width:auto;height:150px\"\/><\/figure>\n<\/div>\n\n\n<h3 class=\"wp-block-heading has-text-align-center\">Alain Gillodes (n\u00ba 722)<\/h3>\n\n\n\n<p class=\"has-text-align-center has-small-font-size\">10 impasse Joseph Delteil<br>31600 Muret<\/p>\n\n\n\n<p class=\"has-text-align-center has-small-font-size\"><a href=\"\/es\/&\/#x6d;&#x61;&#x69;&#108;&#116;o:&#x61;&#x6c;&#x69;&#97;&#110;&#46;g&#x69;&#x6c;&#x6c;&#111;&#100;es&#x40;&#x6f;&#x72;&#97;&#110;ge&#x2e;&#x66;&#x72;\">alian.gillodes@orange.fr<\/a><\/p>\n<\/div><\/div>\n<\/div>\n<\/div>\n\n\n\n<h3 class=\"wp-block-heading has-text-align-center\">Otros pa\u00edses<\/h3>\n\n\n\n<div class=\"wp-block-columns is-layout-flex wp-container-core-columns-is-layout-9d6595d7 wp-block-columns-is-layout-flex\">\n<div class=\"wp-block-column is-layout-flow wp-block-column-is-layout-flow\">\n<h4 class=\"wp-block-heading has-text-align-center\">DELEGADO NACIONAL<\/h4>\n\n\n\n<h4 class=\"wp-block-heading has-text-align-center\">PER L'ITALIA <\/h4>\n\n\n<div class=\"wp-block-image\">\n<figure class=\"aligncenter size-large\"><img decoding=\"async\" src=\"https:\/\/centcols.org\/res\/ico\/pays\/m\/drpit.png\" alt=\"\" style=\"aspect-ratio:4\/3;object-fit:contain\"\/><\/figure>\n<\/div>\n\n\n<div class=\"wp-block-group has-background\" style=\"background-color:#f6f6f6\"><div class=\"wp-block-group__inner-container is-layout-constrained wp-block-group-is-layout-constrained\"><div class=\"wp-block-image is-style-rounded\">\n<figure data-wp-context=\"{&quot;imageId&quot;:&quot;69f553c97581c&quot;}\" data-wp-interactive=\"core\/image\" data-wp-key=\"69f553c97581c\" class=\"aligncenter size-full is-resized wp-lightbox-container\"><img loading=\"lazy\" decoding=\"async\" width=\"375\" height=\"500\" data-wp-class--hide=\"state.isContentHidden\" data-wp-class--show=\"state.isContentVisible\" data-wp-init=\"callbacks.setButtonStyles\" data-wp-on--click=\"actions.showLightbox\" data-wp-on--load=\"callbacks.setButtonStyles\" data-wp-on-window--resize=\"callbacks.setButtonStyles\" src=\"https:\/\/centcols.org\/wp-content\/uploads\/2025\/08\/LuigiSpina.jpg\" alt=\"\" class=\"wp-image-85775\" style=\"width:auto;height:150px\"\/><button\n\t\t\tclass=\"lightbox-trigger\"\n\t\t\ttype=\"button\"\n\t\t\taria-haspopup=\"dialog\"\n\t\t\taria-label=\"Agrandar\"\n\t\t\tdata-wp-init=\"callbacks.initTriggerButton\"\n\t\t\tdata-wp-on--click=\"actions.showLightbox\"\n\t\t\tdata-wp-style--right=\"state.imageButtonRight\"\n\t\t\tdata-wp-style--top=\"state.imageButtonTop\"\n\t\t>\n\t\t\t<svg xmlns=\"http:\/\/www.w3.org\/2000\/svg\" width=\"12\" height=\"12\" fill=\"none\" viewbox=\"0 0 12 12\">\n\t\t\t\t<path fill=\"#fff\" d=\"M2 0a2 2 0 0 0-2 2v2h1.5V2a.5.5 0 0 1 .5-.5h2V0H2Zm2 10.5H2a.5.5 0 0 1-.5-.5V8H0v2a2 2 0 0 0 2 2h2v-1.5ZM8 12v-1.5h2a.5.5 0 0 0 .5-.5V8H12v2a2 2 0 0 1-2 2H8Zm2-12a2 2 0 0 1 2 2v2h-1.5V2a.5.5 0 0 0-.5-.5H8V0h2Z\" \/>\n\t\t\t<\/svg>\n\t\t<\/button><\/figure>\n<\/div>\n\n\n<h3 class=\"wp-block-heading has-text-align-center\">Luigi Spina (N\u00b0 5067)<\/h3>\n\n\n\n<p class=\"has-text-align-center has-small-font-size\">Corso Verona 33<br>10153 Tur\u00edn<br>ITALIA<\/p>\n\n\n\n<p class=\"has-text-align-center has-small-font-size\"><a href=\"\/es\/&\/#109;&#x61;&#105;&#x6c;&#116;&#x6f;&#58;&#x6c;&#117;&#x69;&#103;&#x69;&#46;&#x73;&#112;&#x69;&#110;&#x61;&#64;&#x67;&#109;&#x78;&#46;&#x64;&#101;\">luigi.spina@gmx.de<\/a><\/p>\n<\/div><\/div>\n<\/div>\n\n\n\n<div class=\"wp-block-column is-layout-flow wp-block-column-is-layout-flow\">\n<h4 class=\"wp-block-heading has-text-align-center\">D\u00c9L\u00c9GU\u00c9 NATIONAL POUR LA BELGIQUE \/ NATIONAAL AFGEVAARDIGDE VOOR BELGI\u00cb<\/h4>\n\n\n<div class=\"wp-block-image\">\n<figure class=\"aligncenter size-large\"><img decoding=\"async\" src=\"https:\/\/centcols.org\/res\/ico\/pays\/m\/drpbe.png\" alt=\"\" style=\"aspect-ratio:4\/3;object-fit:contain\"\/><\/figure>\n<\/div>\n\n\n<div class=\"wp-block-group has-background\" style=\"background-color:#f6f6f6\"><div class=\"wp-block-group__inner-container is-layout-constrained wp-block-group-is-layout-constrained\"><div class=\"wp-block-image is-style-rounded\">\n<figure data-wp-context=\"{&quot;imageId&quot;:&quot;69f553c976839&quot;}\" data-wp-interactive=\"core\/image\" data-wp-key=\"69f553c976839\" class=\"aligncenter size-full is-resized wp-lightbox-container\"><img loading=\"lazy\" decoding=\"async\" width=\"150\" height=\"200\" data-wp-class--hide=\"state.isContentHidden\" data-wp-class--show=\"state.isContentVisible\" data-wp-init=\"callbacks.setButtonStyles\" data-wp-on--click=\"actions.showLightbox\" data-wp-on--load=\"callbacks.setButtonStyles\" data-wp-on-window--resize=\"callbacks.setButtonStyles\" src=\"https:\/\/centcols.org\/wp-content\/uploads\/2025\/08\/leroy.jpg\" alt=\"\" class=\"wp-image-85774\" style=\"width:auto;height:150px\"\/><button\n\t\t\tclass=\"lightbox-trigger\"\n\t\t\ttype=\"button\"\n\t\t\taria-haspopup=\"dialog\"\n\t\t\taria-label=\"Agrandar\"\n\t\t\tdata-wp-init=\"callbacks.initTriggerButton\"\n\t\t\tdata-wp-on--click=\"actions.showLightbox\"\n\t\t\tdata-wp-style--right=\"state.imageButtonRight\"\n\t\t\tdata-wp-style--top=\"state.imageButtonTop\"\n\t\t>\n\t\t\t<svg xmlns=\"http:\/\/www.w3.org\/2000\/svg\" width=\"12\" height=\"12\" fill=\"none\" viewbox=\"0 0 12 12\">\n\t\t\t\t<path fill=\"#fff\" d=\"M2 0a2 2 0 0 0-2 2v2h1.5V2a.5.5 0 0 1 .5-.5h2V0H2Zm2 10.5H2a.5.5 0 0 1-.5-.5V8H0v2a2 2 0 0 0 2 2h2v-1.5ZM8 12v-1.5h2a.5.5 0 0 0 .5-.5V8H12v2a2 2 0 0 1-2 2H8Zm2-12a2 2 0 0 1 2 2v2h-1.5V2a.5.5 0 0 0-.5-.5H8V0h2Z\" \/>\n\t\t\t<\/svg>\n\t\t<\/button><\/figure>\n<\/div>\n\n\n<h3 class=\"wp-block-heading has-text-align-center\">Henk Leroy (N\u00b0 6999)<\/h3>\n\n\n\n<p class=\"has-text-align-center has-small-font-size\">Pirrestraat 55<br>9500 Geraardsbergen<br>BELGIE \/ BELGIQUE<\/p>\n\n\n\n<p class=\"has-text-align-center has-small-font-size\"><a href=\"\/es\/m&\/#97;&#105;&#x6c;&#x74;o:&#104;&#101;&#x6e;&#x6b;&#46;l&#101;&#114;&#x6f;&#x79;&#64;t&#101;&#x6c;&#x65;&#x6e;e&#116;&#46;&#x62;&#x65;\">henk.leroy@telenet.be<\/a><\/p>\n<\/div><\/div>\n<\/div>\n\n\n\n<div class=\"wp-block-column is-layout-flow wp-block-column-is-layout-flow\">\n<h4 class=\"wp-block-heading has-text-align-center\">NATIONALAAL AFGEVAARDIGDE <\/h4>\n\n\n\n<h4 class=\"wp-block-heading has-text-align-center\">VOOR NEDERLAND<\/h4>\n\n\n<div class=\"wp-block-image\">\n<figure class=\"aligncenter size-large\"><img decoding=\"async\" src=\"https:\/\/centcols.org\/res\/ico\/pays\/m\/drpnl.png\" alt=\"\" style=\"aspect-ratio:4\/3;object-fit:contain\"\/><\/figure>\n<\/div>\n\n\n<div class=\"wp-block-group has-background\" style=\"background-color:#f6f6f6\"><div class=\"wp-block-group__inner-container is-layout-constrained wp-block-group-is-layout-constrained\"><div class=\"wp-block-image is-style-rounded\">\n<figure data-wp-context=\"{&quot;imageId&quot;:&quot;69f553c977390&quot;}\" data-wp-interactive=\"core\/image\" data-wp-key=\"69f553c977390\" class=\"aligncenter size-full is-resized wp-lightbox-container\"><img loading=\"lazy\" decoding=\"async\" width=\"236\" height=\"304\" data-wp-class--hide=\"state.isContentHidden\" data-wp-class--show=\"state.isContentVisible\" data-wp-init=\"callbacks.setButtonStyles\" data-wp-on--click=\"actions.showLightbox\" data-wp-on--load=\"callbacks.setButtonStyles\" data-wp-on-window--resize=\"callbacks.setButtonStyles\" src=\"https:\/\/centcols.org\/wp-content\/uploads\/2025\/08\/oude-luttighuis-1.jpg\" alt=\"\" class=\"wp-image-85777\" style=\"width:auto;height:150px\"\/><button\n\t\t\tclass=\"lightbox-trigger\"\n\t\t\ttype=\"button\"\n\t\t\taria-haspopup=\"dialog\"\n\t\t\taria-label=\"Agrandar\"\n\t\t\tdata-wp-init=\"callbacks.initTriggerButton\"\n\t\t\tdata-wp-on--click=\"actions.showLightbox\"\n\t\t\tdata-wp-style--right=\"state.imageButtonRight\"\n\t\t\tdata-wp-style--top=\"state.imageButtonTop\"\n\t\t>\n\t\t\t<svg xmlns=\"http:\/\/www.w3.org\/2000\/svg\" width=\"12\" height=\"12\" fill=\"none\" viewbox=\"0 0 12 12\">\n\t\t\t\t<path fill=\"#fff\" d=\"M2 0a2 2 0 0 0-2 2v2h1.5V2a.5.5 0 0 1 .5-.5h2V0H2Zm2 10.5H2a.5.5 0 0 1-.5-.5V8H0v2a2 2 0 0 0 2 2h2v-1.5ZM8 12v-1.5h2a.5.5 0 0 0 .5-.5V8H12v2a2 2 0 0 1-2 2H8Zm2-12a2 2 0 0 1 2 2v2h-1.5V2a.5.5 0 0 0-.5-.5H8V0h2Z\" \/>\n\t\t\t<\/svg>\n\t\t<\/button><\/figure>\n<\/div>\n\n\n<h3 class=\"wp-block-heading has-text-align-center\">Paul Oude Luttighuis (n\u00ba 2983)<\/h3>\n\n\n\n<p class=\"has-text-align-center has-small-font-size\">Nieuwe Schoolweg 60<br>7514 CG Enschede<br>NEDERLAND<\/p>\n\n\n\n<p class=\"has-text-align-center has-small-font-size\"><a href=\"mailto:paul&#64;oudeluttighu&#105;&#115;&#46;&#110;&#108;\">paul@oudeluttighuis.nl<\/a><\/p>\n<\/div><\/div>\n<\/div>\n<\/div>\n\n\n\n<div class=\"wp-block-columns is-layout-flex wp-container-core-columns-is-layout-9d6595d7 wp-block-columns-is-layout-flex\">\n<div class=\"wp-block-column is-layout-flow wp-block-column-is-layout-flow\">\n<h4 class=\"wp-block-heading has-text-align-center\">DELEGADO NACIONAL DE SUIZA<\/h4>\n\n\n<div class=\"wp-block-image\">\n<figure class=\"aligncenter size-large is-resized\"><img decoding=\"async\" src=\"https:\/\/centcols.org\/res\/ico\/pays\/m\/drpch.png\" alt=\"\" style=\"aspect-ratio:1;object-fit:cover;width:auto;height:50px\"\/><\/figure>\n<\/div>\n\n\n<div class=\"wp-block-group has-background\" style=\"background-color:#f6f6f6\"><div class=\"wp-block-group__inner-container is-layout-constrained wp-block-group-is-layout-constrained\"><div class=\"wp-block-image is-style-rounded\">\n<figure class=\"aligncenter size-full is-resized\"><img loading=\"lazy\" decoding=\"async\" width=\"150\" height=\"200\" src=\"https:\/\/centcols.org\/wp-content\/uploads\/2025\/08\/dt_mai.jpg\" alt=\"\" class=\"wp-image-85772\" style=\"width:auto;height:150px\"\/><\/figure>\n<\/div>\n\n\n<h3 class=\"wp-block-heading has-text-align-center\">Pierre Mai (n\u00ba 4906)<\/h3>\n\n\n\n<p class=\"has-text-align-center has-small-font-size\">La vy de Bi\u00e8re 8<br>1144 Ballens<br>SUISSE \/ SCHWEIZ \/ SVIZZERA<\/p>\n\n\n\n<p class=\"has-text-align-center has-small-font-size\"><a href=\"\/es\/&\/#x6d;&#x61;&#x69;&#x6c;&#x74;&#111;&#58;&#112;&#109;ai&#64;&#x62;&#x6c;&#x75;&#x65;&#x77;&#x69;&#110;&#46;&#99;h\">pmai@bluewin.ch<\/a><\/p>\n<\/div><\/div>\n<\/div>\n\n\n\n<div class=\"wp-block-column is-layout-flow wp-block-column-is-layout-flow\">\n<h4 class=\"wp-block-heading has-text-align-center\">DELEGADO NACIONAL PARA REINO UNIDO E IRLANDA<\/h4>\n\n\n<div class=\"wp-block-image\">\n<figure class=\"aligncenter size-full is-resized\"><img loading=\"lazy\" decoding=\"async\" width=\"122\" height=\"27\" src=\"https:\/\/centcols.org\/wp-content\/uploads\/2025\/09\/gb-ie.png\" alt=\"\" class=\"wp-image-89619\" style=\"width:auto;height:50px\" srcset=\"https:\/\/centcols.org\/wp-content\/uploads\/2025\/09\/gb-ie.png 122w, https:\/\/centcols.org\/wp-content\/uploads\/2025\/09\/gb-ie-18x4.png 18w\" sizes=\"auto, (max-width: 122px) 100vw, 122px\" \/><\/figure>\n<\/div>\n\n\n<div class=\"wp-block-group has-background\" style=\"background-color:#f6f6f6\"><div class=\"wp-block-group__inner-container is-layout-constrained wp-block-group-is-layout-constrained\"><div class=\"wp-block-image is-style-rounded\">\n<figure class=\"aligncenter size-full is-resized\"><img loading=\"lazy\" decoding=\"async\" width=\"730\" height=\"984\" src=\"https:\/\/centcols.org\/wp-content\/uploads\/2025\/08\/benoist.jpg\" alt=\"\" class=\"wp-image-85764\" style=\"width:auto;height:150px\"\/><\/figure>\n<\/div>\n\n\n<h3 class=\"wp-block-heading has-text-align-center\">Alain Benoist (N\u00b0 5663)<\/h3>\n\n\n\n<p class=\"has-text-align-center has-small-font-size\">Actuaci\u00f3n tras el fallecimiento de Gerald Cohwam<\/p>\n\n\n\n<p class=\"has-text-align-center has-small-font-size\">21 Impasse des Alpes<br>26120 Malissard<\/p>\n\n\n\n<p class=\"has-text-align-center has-small-font-size\"><a href=\"\/es\/&\/#x6d;&#x61;&#x69;&#x6c;&#x74;&#x6f;&#58;&#97;&#108;&#97;in&#46;b&#x65;&#x6e;&#x6f;&#x69;&#x73;&#x74;&#46;&#100;&#116;&#48;&#52;sw&#64;&#x67;&#x6d;&#x61;&#x69;&#x6c;&#x2e;&#99;&#111;&#109;\">alain.benoist.dt04sw@gmail.com<\/a><\/p>\n<\/div><\/div>\n<\/div>\n\n\n\n<div class=\"wp-block-column is-layout-flow wp-block-column-is-layout-flow\">\n<h4 class=\"wp-block-heading has-text-align-center\">DELEGADO DE ZONA PARA LOS DEM\u00c1S PA\u00cdSES<\/h4>\n\n\n<div class=\"wp-block-image\">\n<figure class=\"aligncenter size-full is-resized\"><img loading=\"lazy\" decoding=\"async\" width=\"44\" height=\"44\" src=\"https:\/\/centcols.org\/wp-content\/uploads\/2025\/09\/globe.png\" alt=\"\" class=\"wp-image-89620\" style=\"width:auto;height:50px\" srcset=\"https:\/\/centcols.org\/wp-content\/uploads\/2025\/09\/globe.png 44w, https:\/\/centcols.org\/wp-content\/uploads\/2025\/09\/globe-12x12.png 12w\" sizes=\"auto, (max-width: 44px) 100vw, 44px\" \/><\/figure>\n<\/div>\n\n\n<div class=\"wp-block-group has-background\" style=\"background-color:#f6f6f6\"><div class=\"wp-block-group__inner-container is-layout-constrained wp-block-group-is-layout-constrained\"><div class=\"wp-block-image is-style-rounded\">\n<figure class=\"aligncenter size-full is-resized\"><img loading=\"lazy\" decoding=\"async\" width=\"150\" height=\"200\" src=\"https:\/\/centcols.org\/wp-content\/uploads\/2025\/08\/Miroux.jpg\" alt=\"\" class=\"wp-image-85776\" style=\"width:auto;height:150px\"\/><\/figure>\n<\/div>\n\n\n<h3 class=\"wp-block-heading has-text-align-center\">Fran\u00e7ois Miroux (n\u00ba 4900)<\/h3>\n\n\n\n<p class=\"has-text-align-center has-small-font-size\">5 Moulin \u00e0 Vent<br>03220 Saint-L\u00e9on<br>FRANCIA<\/p>\n\n\n\n<p class=\"has-text-align-center has-small-font-size\"><a href=\"\/es\/&\/#x6d;&#97;i&#x6c;&#116;o&#x3a;&#102;r&#x61;&#110;c&#x6f;&#105;s&#x6d;&#x69;r&#x6f;&#x75;&#120;&#x37;&#x40;&#103;&#x6d;&#x61;&#105;l&#x2e;&#99;o&#x6d;\">francoismiroux7@gmail.com<\/a><\/p>\n<\/div><\/div>\n<\/div>\n<\/div>\n\n\n\n<h2 class=\"wp-block-heading\">Responsables de TI<\/h2>\n\n\n\n<div class=\"wp-block-columns is-layout-flex wp-container-core-columns-is-layout-9d6595d7 wp-block-columns-is-layout-flex\">\n<div class=\"wp-block-column is-layout-flow wp-block-column-is-layout-flow\">\n<div class=\"wp-block-group has-background\" style=\"background-color:#f6f6f6\"><div class=\"wp-block-group__inner-container is-layout-constrained wp-block-group-is-layout-constrained\">\n<div style=\"height:20px\" aria-hidden=\"true\" class=\"wp-block-spacer\"><\/div>\n\n\n<div class=\"wp-block-image is-style-rounded\">\n<figure class=\"aligncenter size-full is-resized\"><img loading=\"lazy\" decoding=\"async\" width=\"150\" height=\"200\" src=\"https:\/\/centcols.org\/wp-content\/uploads\/2025\/08\/ps1.jpg\" alt=\"\" class=\"wp-image-85782\" style=\"width:auto;height:150px\"\/><\/figure>\n<\/div>\n\n\n<h3 class=\"wp-block-heading has-text-align-center\" style=\"text-transform:none\">Patrick Schleppi (n\u00ba 5845)<\/h3>\n\n\n\n<p class=\"has-text-align-center has-small-font-size\">CH-8142 Uitikon Waldegg, ZH<\/p>\n\n\n\n<p class=\"has-text-align-center has-small-font-size\"><a href=\"\/es\/&\/#x6d;&#x61;&#105;l&#x74;&#x6f;&#58;&#115;c&#x68;&#x6c;&#101;&#112;p&#x69;&#x40;&#98;lu&#x65;&#x77;&#105;n&#x2e;&#x63;&#104;\">schleppi@bluewin.ch<\/a><\/p>\n<\/div><\/div>\n<\/div>\n\n\n\n<div class=\"wp-block-column is-layout-flow wp-block-column-is-layout-flow\">\n<div class=\"wp-block-group has-background\" style=\"background-color:#f6f6f6\"><div class=\"wp-block-group__inner-container is-layout-constrained wp-block-group-is-layout-constrained\">\n<div style=\"height:20px\" aria-hidden=\"true\" class=\"wp-block-spacer\"><\/div>\n\n\n<div class=\"wp-block-image is-style-rounded\">\n<figure class=\"aligncenter size-full is-resized\"><img loading=\"lazy\" decoding=\"async\" width=\"151\" height=\"196\" src=\"https:\/\/centcols.org\/wp-content\/uploads\/2025\/08\/d_bossard.png\" alt=\"\" class=\"wp-image-85770\" style=\"width:auto;height:150px\"\/><\/figure>\n<\/div>\n\n\n<h3 class=\"wp-block-heading has-text-align-center\" style=\"text-transform:none\">Daniel Bossard (N\u00b0 6053)<\/h3>\n\n\n\n<p class=\"has-text-align-center has-small-font-size\">44 Savenay<\/p>\n\n\n\n<p class=\"has-text-align-center has-small-font-size\"><a href=\"\/es\/&\/#109;&#97;&#x69;l&#116;&#x6f;&#x3a;d&#98;&#x6f;&#x73;s&#97;&#x72;d&#53;&#x33;&#x40;o&#114;&#x61;&#x6e;g&#101;&#x2e;f&#114;\">dbossard53@orange.fr<\/a><\/p>\n<\/div><\/div>\n<\/div>\n\n\n\n<div class=\"wp-block-column is-layout-flow wp-block-column-is-layout-flow\">\n<div class=\"wp-block-group has-background\" style=\"background-color:#f6f6f6\"><div class=\"wp-block-group__inner-container is-layout-constrained wp-block-group-is-layout-constrained\">\n<div style=\"height:20px\" aria-hidden=\"true\" class=\"wp-block-spacer\"><\/div>\n\n\n<div class=\"wp-block-image is-style-rounded\">\n<figure class=\"aligncenter size-full is-resized\"><img loading=\"lazy\" decoding=\"async\" width=\"394\" height=\"500\" src=\"https:\/\/centcols.org\/wp-content\/uploads\/2025\/08\/charbonnier-robert.jpg\" alt=\"\" class=\"wp-image-85768\" style=\"width:auto;height:150px\"\/><\/figure>\n<\/div>\n\n\n<h3 class=\"wp-block-heading has-text-align-center\" style=\"text-transform:none\">Robert Charbonnier (N\u00b0 7549)<\/h3>\n\n\n\n<p class=\"has-text-align-center has-small-font-size\">06 Niza<\/p>\n\n\n\n<p class=\"has-text-align-center has-small-font-size\"><a href=\"\/es\/&\/#109;&#x61;i&#x6c;&#x74;&#111;&#x3a;r&#111;&#x62;&#101;&#x72;t&#46;&#x63;h&#x61;r&#98;&#x6f;n&#x6e;&#x69;&#101;&#x72;&#46;&#110;&#x69;&#99;&#x65;&#64;&#102;&#x72;&#101;&#x65;&#46;&#102;&#x72;\">robert.charbonnier.nice@free.fr<\/a><\/p>\n<\/div><\/div>\n<\/div>\n<\/div>\n\n\n\n<div class=\"wp-block-columns is-layout-flex wp-container-core-columns-is-layout-9d6595d7 wp-block-columns-is-layout-flex\">\n<div class=\"wp-block-column is-layout-flow wp-block-column-is-layout-flow\">\n<div class=\"wp-block-group has-background\" style=\"background-color:#f6f6f6\"><div class=\"wp-block-group__inner-container is-layout-constrained wp-block-group-is-layout-constrained\">\n<div style=\"height:20px\" aria-hidden=\"true\" class=\"wp-block-spacer\"><\/div>\n\n\n<div class=\"wp-block-image is-style-rounded\">\n<figure class=\"aligncenter size-full is-resized\"><img decoding=\"async\" src=\"https:\/\/centcols.org\/wp-content\/uploads\/2025\/08\/rparaz.jpg\" alt=\"\" class=\"wp-image-85780\" style=\"width:auto;height:150px\"\/><\/figure>\n<\/div>\n\n\n<h3 class=\"wp-block-heading has-text-align-center\">R\u00e9gis Paraz (n\u00ba 3225)<\/h3>\n\n\n\n<p class=\"has-text-align-center has-small-font-size\">73 La Motte-Servolex<\/p>\n\n\n\n<p class=\"has-text-align-center has-small-font-size\"><a href=\"\/es\/&\/#x6d;&#x61;&#105;l&#x74;&#x6f;&#x3a;&#114;e&#x67;&#x69;&#x73;&#46;p&#x61;&#x72;&#x61;&#122;&#64;&#x6d;&#x6f;&#x64;&#97;c&#x68;&#x75;&#x6c;&#118;e&#x6c;&#x6f;&#x2e;&#99;o&#x6d;\">regis.paraz@modachulvelo.com<\/a><\/p>\n<\/div><\/div>\n<\/div>\n\n\n\n<div class=\"wp-block-column is-layout-flow wp-block-column-is-layout-flow\">\n<div class=\"wp-block-group has-background\" style=\"background-color:#f6f6f6\"><div class=\"wp-block-group__inner-container is-layout-constrained wp-block-group-is-layout-constrained\">\n<div style=\"height:20px\" aria-hidden=\"true\" class=\"wp-block-spacer\"><\/div>\n\n\n<div class=\"wp-block-image is-style-rounded\">\n<figure class=\"aligncenter size-full is-resized\"><img loading=\"lazy\" decoding=\"async\" width=\"150\" height=\"200\" src=\"https:\/\/centcols.org\/wp-content\/uploads\/2025\/08\/car.jpg\" alt=\"\" class=\"wp-image-85767\" style=\"width:auto;height:150px\"\/><\/figure>\n<\/div>\n\n\n<h3 class=\"wp-block-heading has-text-align-center\">Philippe Carrez (N\u00b0 3092)<\/h3>\n\n\n\n<p class=\"has-text-align-center has-small-font-size\">56 S\u00e9n\u00e9<\/p>\n\n\n\n<p class=\"has-text-align-center has-small-font-size\"><a href=\"\/es\/&\/#x6d;&#97;i&#x6c;&#x74;&#111;:&#x63;&#x61;&#114;r&#x65;&#x7a;&#46;p&#x68;&#x69;&#108;i&#x70;&#112;&#101;&#64;&#x66;&#114;e&#x65;&#x2e;&#102;r\">carrez.philippe@free.fr<\/a><\/p>\n<\/div><\/div>\n<\/div>\n<\/div>\n\n\n\n<div style=\"height:15px\" aria-hidden=\"true\" class=\"wp-block-spacer\"><\/div>\n\n\n\n<div class=\"wp-block-columns is-layout-flex wp-container-core-columns-is-layout-9d6595d7 wp-block-columns-is-layout-flex\">\n<div class=\"wp-block-column is-layout-flow wp-block-column-is-layout-flow\" style=\"flex-basis:66.66%\">\n<h2 class=\"wp-block-heading has-text-align-left\">Director de tienda<\/h2>\n\n\n\n<div class=\"wp-block-columns is-layout-flex wp-container-core-columns-is-layout-9d6595d7 wp-block-columns-is-layout-flex\">\n<div class=\"wp-block-column is-layout-flow wp-block-column-is-layout-flow\">\n<div class=\"wp-block-group has-background\" style=\"background-color:#f6f6f6\"><div class=\"wp-block-group__inner-container is-layout-constrained wp-block-group-is-layout-constrained\">\n<div style=\"height:60px\" aria-hidden=\"true\" class=\"wp-block-spacer\"><\/div>\n\n\n<div class=\"wp-block-image is-style-rounded\">\n<figure class=\"aligncenter size-full is-resized\"><img loading=\"lazy\" decoding=\"async\" width=\"209\" height=\"314\" src=\"https:\/\/centcols.org\/wp-content\/uploads\/2025\/08\/Bruno_LITWIN.jpg\" alt=\"\" class=\"wp-image-85766\" style=\"width:auto;height:150px\"\/><\/figure>\n<\/div>\n\n\n<h3 class=\"wp-block-heading has-text-align-center\">Bruno Litwin (n\u00ba 3014)<\/h3>\n\n\n\n<p class=\"has-text-align-center has-small-font-size\">gesti\u00f3n de tiendas, pedidos<br>74 Annecy<\/p>\n\n\n\n<p class=\"has-text-align-center has-small-font-size\"><a href=\"\/es\/&\/#109;a&#x69;l&#x74;&#111;&#x3a;&#98;&#x6f;&#117;t&#x69;q&#x75;&#101;&#x40;&#99;&#x65;&#110;&#x74;&#99;o&#x6c;s&#x2e;&#111;&#x72;&#103;\">boutique@centcols.org<\/a><\/p>\n<\/div><\/div>\n<\/div>\n\n\n\n<div class=\"wp-block-column is-layout-flow wp-block-column-is-layout-flow\"><\/div>\n<\/div>\n<\/div>\n\n\n\n<div class=\"wp-block-column is-layout-flow wp-block-column-is-layout-flow\" style=\"flex-basis:33.33%\">\n<h2 class=\"wp-block-heading\">Coordinador de visitas permanentes<\/h2>\n\n\n\n<div class=\"wp-block-group has-background\" style=\"background-color:#f6f6f6\"><div class=\"wp-block-group__inner-container is-layout-constrained wp-block-group-is-layout-constrained\"><div class=\"wp-block-image is-style-rounded\">\n<figure class=\"aligncenter size-full is-resized\"><img loading=\"lazy\" decoding=\"async\" width=\"150\" height=\"200\" src=\"https:\/\/centcols.org\/wp-content\/uploads\/2025\/08\/clement.jpg\" alt=\"\" class=\"wp-image-85769\" style=\"width:auto;height:150px\"\/><\/figure>\n<\/div>\n\n\n<h3 class=\"wp-block-heading has-text-align-center\">Jean-Marc Cl\u00e9ment (N\u00b0 6158)<\/h3>\n\n\n\n<p class=\"has-text-align-center has-small-font-size\">gesti\u00f3n, registros, control<br>31 Portet sur Garonne<\/p>\n\n\n\n<p class=\"has-text-align-center has-small-font-size\"><a href=\"\/es\/m&\/#97;&#x69;&#x6c;t&#111;&#x3a;&#x72;a&#110;&#x64;&#x6f;s&#64;&#x63;&#x65;n&#116;&#x63;&#x6f;l&#115;&#46;&#x6f;&#x72;g\">randos@centcols.org<\/a><\/p>\n<\/div><\/div>\n<\/div>\n<\/div>","protected":false},"excerpt":{"rendered":"<p>De nombreux b\u00e9n\u00e9voles \u0153uvrent tout au long de l&rsquo;ann\u00e9e. Que ce soit dans des groupes de travail ou dans des t\u00e2ches bien pr\u00e9cises, ils contribuent activement au fonctionnement et au rayonnement du club. D\u00e9l\u00e9gu\u00e9s territoriaux et nationaux Les d\u00e9l\u00e9gu\u00e9s territoriaux et les d\u00e9l\u00e9gu\u00e9s nationaux sont les relais r\u00e9gionaux du club. Charg\u00e9s de la validation des [&hellip;]<\/p>\n","protected":false},"author":2,"featured_media":0,"parent":0,"menu_order":0,"comment_status":"open","ping_status":"open","template":"","meta":{"_acf_changed":false,"footnotes":""},"class_list":["post-79553","page","type-page","status-publish","hentry"],"acf":[],"yoast_head":"<!-- This site is optimized with the Yoast SEO plugin v27.2 - https:\/\/yoast.com\/product\/yoast-seo-wordpress\/ -->\n<title>Les d\u00e9l\u00e9gu\u00e9s et autres b\u00e9n\u00e9voles - Club des Cent Cols<\/title>\n<meta name=\"robots\" content=\"index, follow, max-snippet:-1, max-image-preview:large, max-video-preview:-1\" \/>\n<link rel=\"canonical\" href=\"https:\/\/centcols.org\/es\/delegados-y-otros-voluntarios\/\" \/>\n<meta property=\"og:locale\" content=\"es_ES\" \/>\n<meta property=\"og:type\" content=\"article\" \/>\n<meta property=\"og:title\" content=\"Les d\u00e9l\u00e9gu\u00e9s et autres b\u00e9n\u00e9voles - Club des Cent Cols\" \/>\n<meta property=\"og:description\" content=\"De nombreux b\u00e9n\u00e9voles \u0153uvrent tout au long de l&rsquo;ann\u00e9e. Que ce soit dans des groupes de travail ou dans des t\u00e2ches bien pr\u00e9cises, ils contribuent activement au fonctionnement et au rayonnement du club. D\u00e9l\u00e9gu\u00e9s territoriaux et nationaux Les d\u00e9l\u00e9gu\u00e9s territoriaux et les d\u00e9l\u00e9gu\u00e9s nationaux sont les relais r\u00e9gionaux du club. Charg\u00e9s de la validation des [&hellip;]\" \/>\n<meta property=\"og:url\" content=\"https:\/\/centcols.org\/es\/delegados-y-otros-voluntarios\/\" \/>\n<meta property=\"og:site_name\" content=\"Club des Cent Cols\" \/>\n<meta property=\"article:publisher\" content=\"https:\/\/www.facebook.com\/groups\/5261880558\/?locale=fr_FR\" \/>\n<meta property=\"article:modified_time\" content=\"2025-12-13T18:44:54+00:00\" \/>\n<meta property=\"og:image\" content=\"https:\/\/centcols.org\/wp-content\/uploads\/2025\/08\/Carte-DT_2023-04-05-site.jpg\" \/>\n\t<meta property=\"og:image:width\" content=\"800\" \/>\n\t<meta property=\"og:image:height\" content=\"700\" \/>\n\t<meta property=\"og:image:type\" content=\"image\/jpeg\" \/>\n<meta name=\"twitter:card\" content=\"summary_large_image\" \/>\n<meta name=\"twitter:label1\" content=\"Tiempo de lectura\" \/>\n\t<meta name=\"twitter:data1\" content=\"9 minutos\" \/>\n<script type=\"application\/ld+json\" class=\"yoast-schema-graph\">{\"@context\":\"https:\/\/schema.org\",\"@graph\":[{\"@type\":\"WebPage\",\"@id\":\"https:\/\/centcols.org\/les-delegues-et-autres-benevoles\/\",\"url\":\"https:\/\/centcols.org\/les-delegues-et-autres-benevoles\/\",\"name\":\"Les d\u00e9l\u00e9gu\u00e9s et autres b\u00e9n\u00e9voles - Club des Cent Cols\",\"isPartOf\":{\"@id\":\"https:\/\/centcols.org\/#website\"},\"primaryImageOfPage\":{\"@id\":\"https:\/\/centcols.org\/les-delegues-et-autres-benevoles\/#primaryimage\"},\"image\":{\"@id\":\"https:\/\/centcols.org\/les-delegues-et-autres-benevoles\/#primaryimage\"},\"thumbnailUrl\":\"https:\/\/centcols.org\/wp-content\/uploads\/2025\/08\/Carte-DT_2023-04-05-site.jpg\",\"datePublished\":\"2025-02-05T08:08:06+00:00\",\"dateModified\":\"2025-12-13T18:44:54+00:00\",\"breadcrumb\":{\"@id\":\"https:\/\/centcols.org\/les-delegues-et-autres-benevoles\/#breadcrumb\"},\"inLanguage\":\"es\",\"potentialAction\":[{\"@type\":\"ReadAction\",\"target\":[\"https:\/\/centcols.org\/les-delegues-et-autres-benevoles\/\"]}]},{\"@type\":\"ImageObject\",\"inLanguage\":\"es\",\"@id\":\"https:\/\/centcols.org\/les-delegues-et-autres-benevoles\/#primaryimage\",\"url\":\"https:\/\/centcols.org\/wp-content\/uploads\/2025\/08\/Carte-DT_2023-04-05-site.jpg\",\"contentUrl\":\"https:\/\/centcols.org\/wp-content\/uploads\/2025\/08\/Carte-DT_2023-04-05-site.jpg\"},{\"@type\":\"BreadcrumbList\",\"@id\":\"https:\/\/centcols.org\/les-delegues-et-autres-benevoles\/#breadcrumb\",\"itemListElement\":[{\"@type\":\"ListItem\",\"position\":1,\"name\":\"Accueil\",\"item\":\"https:\/\/centcols.org\/\"},{\"@type\":\"ListItem\",\"position\":2,\"name\":\"Les d\u00e9l\u00e9gu\u00e9s et autres b\u00e9n\u00e9voles\"}]},{\"@type\":\"WebSite\",\"@id\":\"https:\/\/centcols.org\/#website\",\"url\":\"https:\/\/centcols.org\/\",\"name\":\"Club des Cent Cols\",\"description\":\"\",\"publisher\":{\"@id\":\"https:\/\/centcols.org\/#organization\"},\"potentialAction\":[{\"@type\":\"SearchAction\",\"target\":{\"@type\":\"EntryPoint\",\"urlTemplate\":\"https:\/\/centcols.org\/?s={search_term_string}\"},\"query-input\":{\"@type\":\"PropertyValueSpecification\",\"valueRequired\":true,\"valueName\":\"search_term_string\"}}],\"inLanguage\":\"es\"},{\"@type\":\"Organization\",\"@id\":\"https:\/\/centcols.org\/#organization\",\"name\":\"Club des Cent Cols\",\"url\":\"https:\/\/centcols.org\/\",\"logo\":{\"@type\":\"ImageObject\",\"inLanguage\":\"es\",\"@id\":\"https:\/\/centcols.org\/#\/schema\/logo\/image\/\",\"url\":\"https:\/\/centcols.org\/wp-content\/uploads\/2025\/01\/carte-icone.png\",\"contentUrl\":\"https:\/\/centcols.org\/wp-content\/uploads\/2025\/01\/carte-icone.png\",\"width\":250,\"height\":250,\"caption\":\"Club des Cent Cols\"},\"image\":{\"@id\":\"https:\/\/centcols.org\/#\/schema\/logo\/image\/\"},\"sameAs\":[\"https:\/\/www.facebook.com\/groups\/5261880558\/?locale=fr_FR\"]}]}<\/script>\n<!-- \/ Yoast SEO plugin. -->","yoast_head_json":{"title":"Delegados y otros voluntarios - Club des Cent Cols","robots":{"index":"index","follow":"follow","max-snippet":"max-snippet:-1","max-image-preview":"max-image-preview:large","max-video-preview":"max-video-preview:-1"},"canonical":"https:\/\/centcols.org\/es\/delegados-y-otros-voluntarios\/","og_locale":"es_ES","og_type":"article","og_title":"Les d\u00e9l\u00e9gu\u00e9s et autres b\u00e9n\u00e9voles - Club des Cent Cols","og_description":"De nombreux b\u00e9n\u00e9voles \u0153uvrent tout au long de l&rsquo;ann\u00e9e. Que ce soit dans des groupes de travail ou dans des t\u00e2ches bien pr\u00e9cises, ils contribuent activement au fonctionnement et au rayonnement du club. D\u00e9l\u00e9gu\u00e9s territoriaux et nationaux Les d\u00e9l\u00e9gu\u00e9s territoriaux et les d\u00e9l\u00e9gu\u00e9s nationaux sont les relais r\u00e9gionaux du club. Charg\u00e9s de la validation des [&hellip;]","og_url":"https:\/\/centcols.org\/es\/delegados-y-otros-voluntarios\/","og_site_name":"Club des Cent Cols","article_publisher":"https:\/\/www.facebook.com\/groups\/5261880558\/?locale=fr_FR","article_modified_time":"2025-12-13T18:44:54+00:00","og_image":[{"width":800,"height":700,"url":"https:\/\/centcols.org\/wp-content\/uploads\/2025\/08\/Carte-DT_2023-04-05-site.jpg","type":"image\/jpeg"}],"twitter_card":"summary_large_image","twitter_misc":{"Tiempo de lectura":"9 minutos"},"schema":{"@context":"https:\/\/schema.org","@graph":[{"@type":"WebPage","@id":"https:\/\/centcols.org\/les-delegues-et-autres-benevoles\/","url":"https:\/\/centcols.org\/les-delegues-et-autres-benevoles\/","name":"Delegados y otros voluntarios - Club des Cent Cols","isPartOf":{"@id":"https:\/\/centcols.org\/#website"},"primaryImageOfPage":{"@id":"https:\/\/centcols.org\/les-delegues-et-autres-benevoles\/#primaryimage"},"image":{"@id":"https:\/\/centcols.org\/les-delegues-et-autres-benevoles\/#primaryimage"},"thumbnailUrl":"https:\/\/centcols.org\/wp-content\/uploads\/2025\/08\/Carte-DT_2023-04-05-site.jpg","datePublished":"2025-02-05T08:08:06+00:00","dateModified":"2025-12-13T18:44:54+00:00","breadcrumb":{"@id":"https:\/\/centcols.org\/les-delegues-et-autres-benevoles\/#breadcrumb"},"inLanguage":"es","potentialAction":[{"@type":"ReadAction","target":["https:\/\/centcols.org\/les-delegues-et-autres-benevoles\/"]}]},{"@type":"ImageObject","inLanguage":"es","@id":"https:\/\/centcols.org\/les-delegues-et-autres-benevoles\/#primaryimage","url":"https:\/\/centcols.org\/wp-content\/uploads\/2025\/08\/Carte-DT_2023-04-05-site.jpg","contentUrl":"https:\/\/centcols.org\/wp-content\/uploads\/2025\/08\/Carte-DT_2023-04-05-site.jpg"},{"@type":"BreadcrumbList","@id":"https:\/\/centcols.org\/les-delegues-et-autres-benevoles\/#breadcrumb","itemListElement":[{"@type":"ListItem","position":1,"name":"Accueil","item":"https:\/\/centcols.org\/"},{"@type":"ListItem","position":2,"name":"Les d\u00e9l\u00e9gu\u00e9s et autres b\u00e9n\u00e9voles"}]},{"@type":"WebSite","@id":"https:\/\/centcols.org\/#website","url":"https:\/\/centcols.org\/","name":"Club des Cent Cols","description":"","publisher":{"@id":"https:\/\/centcols.org\/#organization"},"potentialAction":[{"@type":"SearchAction","target":{"@type":"EntryPoint","urlTemplate":"https:\/\/centcols.org\/?s={search_term_string}"},"query-input":{"@type":"PropertyValueSpecification","valueRequired":true,"valueName":"search_term_string"}}],"inLanguage":"es"},{"@type":"Organization","@id":"https:\/\/centcols.org\/#organization","name":"Club des Cent Cols","url":"https:\/\/centcols.org\/","logo":{"@type":"ImageObject","inLanguage":"es","@id":"https:\/\/centcols.org\/#\/schema\/logo\/image\/","url":"https:\/\/centcols.org\/wp-content\/uploads\/2025\/01\/carte-icone.png","contentUrl":"https:\/\/centcols.org\/wp-content\/uploads\/2025\/01\/carte-icone.png","width":250,"height":250,"caption":"Club des Cent Cols"},"image":{"@id":"https:\/\/centcols.org\/#\/schema\/logo\/image\/"},"sameAs":["https:\/\/www.facebook.com\/groups\/5261880558\/?locale=fr_FR"]}]}},"_links":{"self":[{"href":"https:\/\/centcols.org\/es\/wp-json\/wp\/v2\/pages\/79553","targetHints":{"allow":["GET"]}}],"collection":[{"href":"https:\/\/centcols.org\/es\/wp-json\/wp\/v2\/pages"}],"about":[{"href":"https:\/\/centcols.org\/es\/wp-json\/wp\/v2\/types\/page"}],"author":[{"embeddable":true,"href":"https:\/\/centcols.org\/es\/wp-json\/wp\/v2\/users\/2"}],"replies":[{"embeddable":true,"href":"https:\/\/centcols.org\/es\/wp-json\/wp\/v2\/comments?post=79553"}],"version-history":[{"count":0,"href":"https:\/\/centcols.org\/es\/wp-json\/wp\/v2\/pages\/79553\/revisions"}],"wp:attachment":[{"href":"https:\/\/centcols.org\/es\/wp-json\/wp\/v2\/media?parent=79553"}],"curies":[{"name":"wp","href":"https:\/\/api.w.org\/{rel}","templated":true}]}}