{"id":79136,"date":"2025-02-05T09:58:17","date_gmt":"2025-02-05T07:58:17","guid":{"rendered":"https:\/\/centcols.org\/50-ans-dhistoire\/"},"modified":"2025-05-05T15:57:03","modified_gmt":"2025-05-05T13:57:03","slug":"50-anni-di-storia","status":"publish","type":"page","link":"https:\/\/centcols.org\/it\/50-ans-dhistoire\/","title":{"rendered":"50 anni di storia"},"content":{"rendered":"<p>L'idea della Confr\u00e9rie des Cent Cols \u00e8 nata in una magnifica giornata d'autunno del 1970, durante la scalata del bellissimo e piuttosto difficile Col du Luitel, vicino a Grenoble, nelle Alpi. In effetti, questo luogo \u00e8 stato il testimone innocente del sogno di un ciclista amante della montagna.<\/p>\n\n\n\n<p>Nei pressi del poetico Lac Luitel e delle torbiere che costeggiano la vetta, Jean Perdoux propose a Daniel Legat (Cent Cols n. 6), Georges Ducatillon (Cent Cols n. 434), Pierre Fructus (Cent Cols n. 69) e Henri Voiron, suoi compagni di escursione per la giornata, di celebrare un piccolo evento.<\/p>\n\n\n\n<p>A Chamrousse, ha annunciato con emozione e orgoglio di aver appena scalato il suo 100\u00b0 posto.<sup>e<\/sup>&nbsp;(diverso) passo! Daniel, uno dei suoi compagni di viaggio, ha aggiunto di aver fatto di meglio, visto che aveva gi\u00e0 totalizzato almeno 150 salite!<\/p>\n\n\n\n<p>Fu una grande mattinata: nacque l'idea del Club \"Cent Cols\"!<\/p>\n\n\n\n<p>All'epoca, Jean Perdoux era membro del Comitato esecutivo della Federazione ciclistica francese. Nel 1971, pubblic\u00f2 un piccolo annuncio sulla rivista federale chiedendo se altri cicloturisti fossero interessati a scalare i passi di montagna. Ricevette quasi 200 risposte.<\/p>\n\n\n\n<p class=\"translation-block\">Sorpreso da questo entusiasmo, accompagnato da incoraggiamenti e suggerimenti, nel 1972 non dovette far altro che redigere un regolamento (rimasto invariato per oltre 40 anni).<\/p>\n\n\n\n<p>La semplicit\u00e0, l'amicizia, la condivisione di una passione comune e lo scambio di informazioni hanno fatto parte dello spirito del Club fin dall'inizio. Queste sono le idee che tutti noi difendiamo e coltiviamo oggi.<\/p>\n\n\n\n<p>I primi membri della Confr\u00e9rie erano montanari: alcuni provenienti dai Pirenei, ma soprattutto dalla Savoia. Jacques Faizant di Parigi (n. 7) era molto orgoglioso di essere uno dei primi 10 membri e disegn\u00f2 le prime copertine della nostra rivista annuale.<\/p>\n\n\n\n<p><strong>1973<\/strong>Viene pubblicato il primo bollettino ufficiale del club, redatto da Jean Perdoux. Marcel Bioud presenta ai membri del Club \"Cent Cols\" un primo elenco di valichi stradali e mulattieri delle Alpi settentrionali, seguito nel 1974 dall'elenco di Francis Marty sui Pirenei.<\/p>\n\n\n\n<p>Nell'autunno del 1974 si tenne il primo incontro nazionale sopra il lago di Annecy, in cima al magnifico e ripido Col de la Forclaz de Montmin. Vi parteciparono ottanta dei 150 membri della Confr\u00e9rie. Marcel Bioud, maestro elementare di Voiron, era un fenomeno raro all'epoca, che suscitava ammirazione e invidia. Sapevate che aveva appena terminato il suo 842<sup>e<\/sup>&nbsp;un collare diverso? \u00c8 stato il nostro primo Gran Maestro. Gli \u00e8 succeduto un altro grande ciclista: Elie Bordat.<\/p>\n\n\n\n<p>Sapevate che \u00e8 stata la nostra Confr\u00e9rie a inventare le coordinate millimetriche per la localizzazione dei passi sulle carte nel 1974? L'idea \u00e8 stata poi adottata dalle carte Michelin e IGN.<\/p>\n\n\n\n<p><strong>1975<\/strong>Il 7 agosto, il porto (pass) di Bal\u00e8s, caro a Pierre Roques, ha accolto i 2<sup>e&nbsp;<\/sup>concentrazione sui pascoli sommitali di questo eccezionale paradiso per i ciclisti. La giornata \u00e8 stata un grande successo. Leggete cosa ha detto la stampa locale il giorno dopo: \"... raramente abbiamo scalato in un ambiente cos\u00ec grandioso e maestoso. \u00c8 stata una vera e propria montagna russa. A volte era quasi impossibile, un passaggio davvero difficile! Cos\u00ec duro, infatti, che i leader della Confr\u00e9rie des Cent Cols erano in vetta. Comprensibilmente, tutti i tipi di persone che fanno cadere nelle loro reti molti ciclisti, condannandoli a perseverare in salite interminabili...\".<br>Michel Verhaeghe \u00e8 entrato nel club nel 1975. Ha scalato 10.000 diversi passi di montagna.<\/p>\n\n\n\n<p><strong>1976<\/strong>Michel Perrodin \u00e8 stato l'autore del primo elenco pubblicato di passi alpini al di fuori della Francia e Claude Carle ha fatto tessere i primi 100 distintivi ricamati.<\/p>\n\n\n\n<p><strong>1977,<\/strong>&nbsp;TF1 ha trasmesso un eccellente servizio sulla Confr\u00e9rie. Molti dei pionieri del Club erano presenti quel giorno per le riprese sulle piste del Col de l'Arpettaz: Jo Routens, Robert Chauvot, Daniel Legat, Georges Ducatillon, Henri Bouchez, Elie Bordat e molti altri. Un programma che ha sorpreso e suscitato molte domande da parte del pubblico.<br>Nello stesso anno, grazie alle informazioni raccolte dagli specialisti della Confr\u00e9rie, Jean Perdoux redige il primo elenco dei passi stradali in Francia (1.368 passi). Il suo bollettino annuale diventa una rivista e raggiunge le 70 pagine.<\/p>\n\n\n\n<p><strong>1978<\/strong>Viene pubblicato il primo elenco dei passi alpini svizzeri, compilato da Jean-Pierre M\u00e9rot.<\/p>\n\n\n\n<p><strong>1979<\/strong>Pubblicazione dell'elenco dei 101 lasciapassare algerini.<\/p>\n\n\n\n<p><strong>1980<\/strong>Quando il club raggiunse i 1.000 soci, Robert Chauvot, con l'aiuto della moglie Monique, invent\u00f2 la Bibbia, un elenco completo di tutti i passi in Francia e un'opera meravigliosa che divenne un riferimento, serv\u00ec come tale e lo fa tuttora. Fino al 1987, Fran\u00e7ois Rieu ne ha curato l'aggiornamento.<br>Sempre nel 1980, Jean Perdoux, che continuava a preparare e produrre la rivista (cresciuta fino a 80 pagine), cedette per un anno le mansioni di segreteria a Henri Bouchez. Henri Dusseau gli subentra nel 1981.<\/p>\n\n\n\n<p><strong>1982<\/strong>A 10 anni, il club conta oggi oltre 1.231 soci, tra cui 94 donne e 40 stranieri provenienti da 8 nazioni.<\/p>\n\n\n\n<p><strong>1983<\/strong>I 1471 centcolisti sono ora gestiti da Henri Dusseau, che ha lasciato la presidenza del V.C.A. per diventare \"Segretario Generale\" della confraternita. Tuttavia, l'associazione rimane sotto la responsabilit\u00e0 legale del V\u00e9lo-Club d'Annecy.<\/p>\n\n\n\n<p><strong>1984<\/strong>Alla fine degli anni '80, la Confraternita contava 2.000 membri e la prima riunione regionale fu organizzata nella regione Adour-Pyr\u00e9n\u00e9es. Vengono istituiti dei direttori regionali in ogni regione della Francia e all'estero. Prima rivista con foto in bianco e nero.<\/p>\n\n\n\n<p>Dal 1987, Ren\u00e9 Poty aggiorna lo \"Chauvot\", producendo guide (alcune in collaborazione con M. de Br\u00e9bisson), itinerari e liste di passi in molti paesi.<\/p>\n\n\n\n<p><strong>1988<\/strong>Alla fine degli anni '80, il club contava 3000 soci e furono organizzati i primi incontri all'estero (in Belgio e in Svizzera).<\/p>\n\n\n\n<p><strong>1989<\/strong>nessuna concentrazione nazionale. Le regole della fratellanza sono diventate le \"regole del gioco\".<\/p>\n\n\n\n<p><strong>1990<\/strong>Michel Verhaeghe ha annunciato una lista di oltre 3000 passaggi.<\/p>\n\n\n\n<p><strong>1991<\/strong>la fratellanza \u00e8 entrata ufficialmente a far parte del patrimonio della FFCT.<br>Pubblicazione della nuova edizione corretta del catalogo dei pass stradali in Francia (+ Andorra, Belgio e Svizzera). Messa a disposizione dei soci degli elenchi dei pass nei seguenti Paesi: Scozia, Galles, Irlanda, Norvegia, Germania, Spagna, Austria, Romania, Bulgaria, Albania, Jugoslavia.<br>R\u00e9gis Paraz si unisce alla confraternita e viene eletto Presidente nel 2009.<\/p>\n\n\n\n<p><strong>1992<\/strong>la confraternita compie 20 anni, un incontro nazionale al Col du Luitel e la copertina originale della rivista disegnata da Jacques Faizant.<\/p>\n\n\n\n<p><strong>1993<\/strong>L'albo d'onore \u00e8 apparso per la prima volta al centro della rivista.<\/p>\n\n\n\n<p><strong>1994<\/strong>Il marchio Cent Cols, le spille e le magliette.<br>Creazione del Tour de France des Cent Cols da parte di Henri Gomez e organizzazione di 2 tour permanenti (\"Cent Cols en Alpes\", redatto da Ren\u00e9 Poty, e \"Cent Cols en Pyr\u00e9n\u00e9es\", redatto da Alain Gillodes).<br>Nei Pirenei, creazione della concentrazione comune Cent Cols - Ordre des Cols Durs (Alain Gillodes).<\/p>\n\n\n\n<p><strong>1995<\/strong>La confraternita conta 4024 membri.<br>Prime foto a colori nel numero 23 e organizzazione della prima vacanza Cent Cols a Buis-les-Baronnies.<\/p>\n\n\n\n<p><strong>1996<\/strong>Marc Liaudon offre a Cent Cols il suo quaderno computerizzato di colletti francesi. Nuova edizione della Bibbia e creazione della linea di abbigliamento Cent Cols.<br>Molti soci di tutto il mondo indossano la divisa del Club. L'emblematica maglia \u00e8 ormai riconosciuta e apprezzata!<\/p>\n\n\n\n<p><strong>1997<\/strong>Per motivi amministrativi, abbiamo dovuto creare un'associazione che ci permettesse di essere indipendenti dal V\u00e9lo club d'Annecy, che ci aveva fornito il supporto amministrativo per oltre 25 anni. Da allora, la nostra associazione \u00e8 affiliata alla F\u00e9d\u00e9ration Fran\u00e7aise de Cyclotourisme e rilascia licenze. Il presidente \u00e8 Jean Perdoux, il segretario Henri Dusseau, il segretario aggiunto Ren\u00e9 Poty e la tesoriera Nicole Faverot.<\/p>\n\n\n\n<p><strong>1998<\/strong>creazione della medaglia dei 1000 collari. La rivista ha 80 pagine a colori e comprende 75 articoli scritti dai soci.<br>Il campione di ciclismo Eddy Merckx \u00e8 stato ammesso alla confraternita e ha ricevuto il suo diploma in Belgio da Jean Perdoux e Henri Dusseau.<\/p>\n\n\n\n<p><strong>1999<\/strong>Prima riunione italiana a Montefiorino, organizzata da Gianni Solenni. Prima pubblicazione dell'elenco alfabetico dei soci. Pubblicazione dell'elenco dei passi stradali e mulattieri oltre i 2000 m in Europa. Riduzione della quota associativa annuale da 50 franchi a 8 euro.<br>Il nostro primo sito web \u00e8 stato lanciato nel 1999:&nbsp;<a href=\"https:\/\/centcols.org\/it\/\">https:\/\/centcols.org<\/a>ideato, prodotto e gestito da Philippe Carrez, con Ren\u00e9 Poty come direttore editoriale.<\/p>\n\n\n\n<p><strong>2001<\/strong>La rivista passa a 96 pagine a colori e 100 articoli. Creazione della prima CERP (Commissione per l'etica, la riflessione e le proposte).<\/p>\n\n\n\n<p><strong>2002<\/strong>Il 12 gennaio si terr\u00e0 l'Assemblea generale ordinaria della societ\u00e0, durante la quale ogni socio avr\u00e0 diritto di voto all'Assemblea generale.<br>In occasione dell'Assemblea generale straordinaria del 9 marzo, il team di gestione ha subito un cambiamento. La nuova squadra \u00e8 la seguente: Presidente - Claude B\u00e9nistrand, Segretario - Ren\u00e9 Poty, Tesoriere - Michel Mathieu, Vicepresidente - Bernard Vieillard, Segretario aggiunto - Philippe Carrez.<br>Il CERP \u00e8 stato rinnovato e Guy Bodoin ne \u00e8 diventato il moderatore.<br>Viene creata la prima rete di delegati territoriali nazionali ed esteri. I livelli dell'IGN-Francia vengono messi online (Mario Labelle).<\/p>\n\n\n\n<p><strong>2003<\/strong>Jean Perdoux \u00e8 stato proclamato Presidente fondatore e Presidente onorario, mentre Henri Dusseau \u00e8 stato proclamato Presidente \"Honoris Causa\".<br>Il club ha 5721 soci registrati.<br>Claude B\u00e9nistrand (assistito dalla moglie Cathie) \u00e8 responsabile della revisione annuale.<\/p>\n\n\n\n<p><strong>2004<\/strong>nuove Randonn\u00e9es permanenti (Corsica, Dr\u00f4me, Alpi, Pirenei, LPE Atlantique-M\u00e9diterran\u00e9e); cambio del fornitore di abbigliamento, il nuovo \u00e8 Bernard Th\u00e9venet.<br>Nuovi cataloghi: Catalogna, Liguria, Stati Uniti.<\/p>\n\n\n\n<p><strong>2005<\/strong>Creazione di nuove escursioni permanenti (Haut-Languedoc e Ard\u00e8che). Pubblicazione dei cataloghi dei passi stradali francesi e dei passi delle isole britanniche.<br>Creazione di @ctualit\u00e9s Cent Cols e modernizzazione del sito web.<br>All'Assemblea generale elettiva \u00e8 stata rieletta la stessa squadra. Il CERP \u00e8 stato rinnovato, con Guy Bodoin che continua a essere il moderatore.<\/p>\n\n\n\n<p><strong>2006,&nbsp;<\/strong>Pubblicazione di nuovi cataloghi: Austria, Germania, Sardegna, Romania, Navarra, Italia nord-orientale e Italia nord-occidentale.<br>Creazione di un nuovo sentiero permanente: Cent cols en pays d'Azur.<\/p>\n\n\n\n<p><strong>2007<\/strong>la creazione di 3 nuove escursioni permanenti: Arc en Cimes, lo spartiacque in Spagna e 100 passi nella Foresta Nera.<br>Prima assemblea generale al di fuori della regione Rodano-Alpi, a Fontbonne, vicino a Montauban.<\/p>\n\n\n\n<p><strong>2008,<\/strong>&nbsp;primo Cent Cols spring break ad Agay.<br>Creazione di nuove escursioni permanenti: Cent Cols en Triveneto (Gianni Solenni) e Cent Cols en Pays de Savoie (che diventer\u00e0 Cent Cols en Savoie Mont-Blanc) (R\u00e9gis Paraz).<br>Pubblicazione dei cataloghi di Polonia, Ungheria e Turchia.<br>Roland Grimaud succede a Jean-Marc Lef\u00e8vre come responsabile di Randonn\u00e9es Permanentes.<\/p>\n\n\n\n<p><strong>2009,&nbsp;<\/strong>Lo Chauvot \u00e8 stato \"rivisitato\", con il riposizionamento dei valichi in coordinate GPS e i link di G\u00e9oportail che permettono di visualizzare i valichi online su carte 1:25.000 (Ren\u00e9 Poty e Mario Labelle).<br>Pubblicazione del catalogo dei passi stradali spagnoli.<br>Assemblea generale elettiva a Yenne, organizzata da Roger Colombo e CT Yenne.<br>\u00c8 stato eletto un nuovo Consiglio di amministrazione, con R\u00e9gis Paraz come presidente, G\u00e9rard Birelli (vicepresidente), Thierry Labour (segretario generale), Michel Mathieu (tesoriere) e Philippe Carrez (vicesegretario); Chantal Sala \u00e8 stata nominata caporedattore della rivista.<br>Creazione di un partenariato con i Consigli Generali della Savoia e dell'Alta Savoia per il sentiero permanente \"Cent cols en Savoie Mont-Blanc\".<\/p>\n\n\n\n<p><strong>2010,&nbsp;<\/strong>distribuzione dei dipartimenti a una nuova rete di coordinatori regionali che organizzano riunioni regionali.<br>Nasce un nuovo itinerario permanente, la Divisoria (100 passi sullo spartiacque Atlantico-Mediterraneo in Spagna).<br>Pubblicazione di un nuovo catalogo dei valichi stradali europei oltre i 2000 m e di un primo catalogo dei valichi francesi vietati, a cura di Jean-Paul Zuanon.<br>Due decessi colpirono particolarmente la confraternita: in primavera quello del delegato nazionale per il Belgio, Germain Geenens e, durante l'estate, quello di Roland Grimaud, responsabile delle Randonn\u00e9es permanentes. Rudy Pede sostituisce Germain Geenens e Roger Colombo succede a Roland Grimaud.<\/p>\n\n\n\n<p><strong>2011,&nbsp;<\/strong>Alain Gillodes e Chantal Sala hanno organizzato il loro primo viaggio di primavera all'estero, a Ripoll, nella Catalogna spagnola.<br>Introduzione dell'Info Cent Cols online e del voto online sulle relazioni statutarie durante le assemblee generali.<br>Creazione di un gruppo di lavoro per la redazione di un catalogo dei passi marocchini (Bernard Giraudeau, Guy Harl\u00e9, Jean-Paul Zuanon e Bernard Pommel).<\/p>\n\n\n\n<p><strong>2012, la Confraternita compie 40 anni.<br><\/strong>L'anniversario \u00e8 stato celebrato con un pranzo di festa al termine del viaggio in Lescheraines, organizzato da R\u00e9gis Paraz, e con un'assemblea generale ad Annecy, organizzata da Jean Perdoux, Henri Dusseau e dal VC Annecy.<br>L'evento \u00e8 stato segnato anche dalla pubblicazione del libro di Jean Perdoux e Henri Dusseau, \"1972 - 2012, 40 anni di storia!<br>Alain Brault entra a far parte del Consiglio di amministrazione.<br>Dopo migliaia di ore di lavoro, il gruppo di lavoro Spagna ha prodotto un catalogo di oltre 15.000 passi alpini spagnoli.<br>Lo Chauvot, con oltre 10500 lasciapassare francesi, viene pubblicato sotto forma di raccoglitore. A Torino si tiene un seminario di due giorni per la creazione di un gruppo di lavoro italiano che produca un catalogo unificato di tutti i lasciapassare in Italia.<br>7000 registrazione<sup>e&nbsp;<\/sup>membro, cieco.<\/p>\n\n\n\n<p><strong>2013,&nbsp;<\/strong>istituzione del CoVal (<strong>Co<\/strong>mit\u00e0 di&nbsp;&nbsp;<strong>Val<\/strong>idation des cols), che sostituisce CERP (<strong>C<\/strong>ommissione di<strong>E<\/strong>teatrale,&nbsp;<strong>R<\/strong>e&nbsp;<strong>P<\/strong>roposta), con un numero minore di membri del Consiglio di amministrazione e di membri esperti nell'analisi dei passaggi (Claude B\u00e9nistrand, Jean-Michel Clausse, R\u00e9gis Paraz, Philippe Carrez, Michel Mathieu).<br>Assemblea generale elettiva con un nuovo Consiglio di amministrazione. Presidente: R\u00e9gis Paraz, Segretario generale: Guy Harl\u00e9, Tesoriere: Michel Mathieu, Segretario aggiunto: Nathalie Mauret, Vicepresidente: Mario Labelle (carica resasi vacante due mesi dopo, a seguito delle sue dimissioni).<br>Chantal Sala \u00e8 stata riconfermata direttore della rivista.<\/p>\n\n\n\n<p><strong>2014,&nbsp;<\/strong>costituzione del GT Info (Gruppo di lavoro IT, composto da Patrick Schleppi, Daniel Bossard, G\u00e9rard Birelli, Philippe Carrez, Jean-Michel Clausse, Graham Cutting, R\u00e9gis Paraz, Guy Ruffi\u00e9 e Chantal Sala) e un nuovo orientamento della politica IT, sia nell'attribuzione delle responsabilit\u00e0 che nella gestione quotidiana e nell'attuazione dei progetti. Il principio del lavoro collaborativo garantisce la sostenibilit\u00e0 delle applicazioni, evitando che il sistema si affidi a una sola persona.<\/p>\n\n\n\n<p><strong>2015,&nbsp;<\/strong>creazione e implementazione di un nuovo sito web, a seguito del lavoro di analisi ed espressione delle esigenze del GT Info.<br>Avvio di un database unificato dei passi alpini in tutti i Paesi.<br>Creazione di una partnership con Openrunner, per aumentare la visibilit\u00e0 del club su Internet.<br>Robert Chauvot \u00e8 morto a luglio e il club ha perso purtroppo l'autore della Bibbia (Catalogue des cols de France).<\/p>\n\n\n\n<p>Nel 2015 abbiamo contato oltre 7372 iscrizioni, provenienti da una ventina di nazioni diverse: Australia, Austria, Belgio, Brasile, Canada, Danimarca, Francia, Germania, Irlanda, Italia, Giamaica, Lussemburgo, Norvegia, Paesi Bassi, Polonia, Slovenia, Scozia, Spagna, Svezia, Svizzera, Regno Unito, Stati Uniti, Ungheria...<\/p>\n\n\n\n<p>Gli svizzeri, i belgi e gli italiani rappresentano il pi\u00f9 grande contingente di membri stranieri che si sono uniti alla nostra Confr\u00e9rie.<\/p>\n\n\n\n<p>726 dei nostri soci attivi hanno scalato pi\u00f9 di 1.000 passi di montagna.<\/p>\n\n\n\n<p><strong>2016<\/strong><\/p>\n\n\n\n<ul class=\"wp-block-list\">\n<li>Soggiorni\n<ul class=\"wp-block-list\">\n<li>Ghisonaccia (Francia-Corsica), dal 24 al 30 aprile<\/li>\n\n\n\n<li>Vassieux-en-Vercors (Francia-Dr\u00f4me), dal 16 al 24 luglio.<\/li>\n<\/ul>\n<\/li>\n\n\n\n<li>Assemblea generale 2016 e pausa autunnale\n<ul class=\"wp-block-list\">\n<li>Balaruc-les-Bains (Francia-H\u00e9rault) 12 novembre 2016<\/li>\n\n\n\n<li>2331 soci versanti.<\/li>\n<\/ul>\n<\/li>\n\n\n\n<li>Cataloghi\n<ul class=\"wp-block-list\">\n<li>Pubblicazione del catalogo dei pass italiani (7.635 pass).<\/li>\n<\/ul>\n<\/li>\n\n\n\n<li>Varie\n<ul class=\"wp-block-list\">\n<li>Introduzione del bonifico bancario e di Paypal per i pagamenti e gli acquisti.<\/li>\n<\/ul>\n<\/li>\n<\/ul>\n\n\n\n<p><strong>&nbsp;<\/strong><strong>2017<\/strong><\/p>\n\n\n\n<ul class=\"wp-block-list\">\n<li>Soggiorni :\n<ul class=\"wp-block-list\">\n<li>Ceriale (Italia-Liguria) dall'8 al 15 maggio 2017.<\/li>\n\n\n\n<li>Bielle (Francia-Hautes-Pyr\u00e9n\u00e9es) dal 13 al 20 agosto.<\/li>\n<\/ul>\n<\/li>\n\n\n\n<li>Assemblea generale 2017 e pausa autunnale\n<ul class=\"wp-block-list\">\n<li>Saint-Jorioz (Francia-Alta Savoia) 10 novembre 2017.<\/li>\n\n\n\n<li>2220 soci paganti.\n<ul class=\"wp-block-list\">\n<li>Assemblea elettiva: rinnovo del Consiglio di amministrazione<br>Bernard Giraudeau: Presidente.<br>G\u00e9rard Birelli: Vicepresidente, responsabile delle questioni legali e assicurative. Referente per le regole del gioco e i cataloghi.<br>S\u00e9bastien Vadot: Tesoriere<br>Guy Harl\u00e9: Segretario, relazioni e licenze FFCT.<br>Nadine Giraudeau: Assistente del Segretario, responsabile dell'accoglienza dei nuovi membri, dei diplomi e delle medaglie.<br>Thierry Labour : Responsabile dei soggiorni e vice tesoriere.<br>Enrico Alberini: Relazioni internazionali e promozioni.<br>Fran\u00e7ois Rieu: direttore della rivista.<\/li>\n<\/ul>\n<\/li>\n<\/ul>\n<\/li>\n\n\n\n<li>Decisioni del Consiglio di amministrazione\n<ul class=\"wp-block-list\">\n<li>aumentare il numero dei membri del Consiglio di amministrazione da 8 a 11<\/li>\n\n\n\n<li>abolizione del COVAL<\/li>\n\n\n\n<li>gestione autonoma del GT<\/li>\n\n\n\n<li>Cambio dell'uniforme del club<\/li>\n<\/ul>\n<\/li>\n\n\n\n<li>IT\n<ul class=\"wp-block-list\">\n<li>\n<ul class=\"wp-block-list\">\n<li>Miglioramenti al visualizzatore di pass<\/li>\n<\/ul>\n<\/li>\n<\/ul>\n<\/li>\n\n\n\n<li>Cataloghi\n<ul class=\"wp-block-list\">\n<li>\n<ul class=\"wp-block-list\">\n<li>A gennaio \u00e8 stato pubblicato un nuovo catalogo per la Spagna e i cataloghi per Sudafrica, Lesotho, Macedonia e Giamaica.<\/li>\n<\/ul>\n<\/li>\n<\/ul>\n<\/li>\n\n\n\n<li>Varie\n<ul class=\"wp-block-list\">\n<li>\n<ul class=\"wp-block-list\">\n<li>\n<ul class=\"wp-block-list\">\n<li>Un nuovo tour permanente, \"Helvetica Ronda\", copre 2.830 km e un dislivello totale di 49.000 metri.<\/li>\n<\/ul>\n<\/li>\n<\/ul>\n<\/li>\n<\/ul>\n<\/li>\n<\/ul>\n\n\n\n<p><strong>2018<\/strong><\/p>\n\n\n\n<ul class=\"wp-block-list\">\n<li>Soggiorni\n<ul class=\"wp-block-list\">\n<li>Argel\u00e8s-sur-Mer (Francia- Pyr\u00e9n\u00e9es Orientales) dal 14 al 22 aprile.<\/li>\n\n\n\n<li>Saint-Maurice (Svizzera - Vallese) dal 13 al 19 agosto.<\/li>\n<\/ul>\n<\/li>\n\n\n\n<li>2018 Assemblea generale straordinaria (modifica dello Statuto), Assemblea generale ordinaria e pausa autunnale\n<ul class=\"wp-block-list\">\n<li>B\u00e9doin (Francia-Vaucluse) 10 novembre 2018.<\/li>\n\n\n\n<li>2166 soci paganti.<\/li>\n\n\n\n<li>Il Consiglio di amministrazione \u00e8 composto da 11 membri invece degli 8 precedenti.<\/li>\n\n\n\n<li>Inizio delle vendite ai soci della nuova divisa del Club, realizzata in Italia da Moa-Sport NALINI.<\/li>\n<\/ul>\n<\/li>\n\n\n\n<li>Decisioni del Consiglio di amministrazione\n<ul class=\"wp-block-list\">\n<li>H\u00e9l\u00e8ne Laxenaire subentra a Nicole Poty nella gestione del negozio di abbigliamento del club.<\/li>\n<\/ul>\n<\/li>\n\n\n\n<li>Produzione di Info Cent Cols a colori.<\/li>\n\n\n\n<li>Creazione di un fondo di solidariet\u00e0 interno al club per far fronte a cancellazioni \"giustificate\" (malattia, infortunio, ecc.).<\/li>\n\n\n\n<li>I cataloghi sono gratuiti per i soci del club, mentre i non soci possono acquistarli solo in formato PDF.<\/li>\n\n\n\n<li>Claude Benistrand nominato Presidente onorario<\/li>\n\n\n\n<li>IT\n<ul class=\"wp-block-list\">\n<li>Il sito \u00e8 disponibile in italiano e in inglese.<\/li>\n<\/ul>\n<\/li>\n\n\n\n<li>Cataloghi\n<ul class=\"wp-block-list\">\n<li>\n<ul class=\"wp-block-list\">\n<li>Nuova edizione del catalogo degli Stati Uniti.<\/li>\n<\/ul>\n<\/li>\n<\/ul>\n<\/li>\n\n\n\n<li>DT\n<ul class=\"wp-block-list\">\n<li>\n<ul class=\"wp-block-list\">\n<li>\n<ul class=\"wp-block-list\">\n<li>Dopo la divisione della Zona 04W in due parti, Claude Mabillot ha consegnato la Zona 04N a Robert de Rudder e la Zona 04S a Jean-Marie Gilouin.<\/li>\n\n\n\n<li>Luigi Spina diventa TD d'Italia al posto di Enrico Alberini<\/li>\n\n\n\n<li>Henk Leroy sostituisce Rudy Pede come TD del Belgio.<\/li>\n<\/ul>\n<\/li>\n<\/ul>\n<\/li>\n<\/ul>\n<\/li>\n<\/ul>\n\n\n\n<p><strong>2019<\/strong><\/p>\n\n\n\n<ul class=\"wp-block-list\">\n<li>Soggiorni\n<ul class=\"wp-block-list\">\n<li>Propriano (Francia-Corsica) dall'11 al 18 maggio.<\/li>\n\n\n\n<li>St Di\u00e9-des-Vosges dal 20 al 27 luglio.<\/li>\n<\/ul>\n<\/li>\n\n\n\n<li>ASSEMBLEA GENERALE 2019\n<ul class=\"wp-block-list\">\n<li>a Nant il 9 novembre 2019.<\/li>\n\n\n\n<li>2069 soci paganti.<\/li>\n<\/ul>\n<\/li>\n\n\n\n<li>Decisioni del Consiglio di amministrazione\n<ul class=\"wp-block-list\">\n<li>Firma di un accordo di partenariato tra il CCC e la FFCT.<\/li>\n\n\n\n<li>Creazione di un \"trombinoscopio\" (foto dei partecipanti alla vacanza).<\/li>\n\n\n\n<li>Bruno Litwin cooptato come direttore del negozio.<\/li>\n\n\n\n<li>Christophe Badonnel \u00e8 stato nominato co-responsabile delle vacanze.<\/li>\n\n\n\n<li>Creazione di un GT-Com e ricerca di sinergie con Facebook e Strava.<\/li>\n\n\n\n<li>Il Club propone 4 sfide aperte a tutti, che siano o meno membri del Club des Cent Cols.<\/li>\n<\/ul>\n<\/li>\n\n\n\n<li>Cataloghi\n<ul class=\"wp-block-list\">\n<li>Graham \u00e8 responsabile del coordinamento tra i gruppi di lavoro.<\/li>\n<\/ul>\n<\/li>\n\n\n\n<li>DT\n<ul class=\"wp-block-list\">\n<li>Fran\u00e7ois Miroux sostituisce Thierry Combelles per \"Le reste du monde\".<\/li>\n\n\n\n<li>Jeremy Chandler diventa DT di \"Regno Unito e Irlanda\".<\/li>\n<\/ul>\n<\/li>\n\n\n\n<li>Varie\n<ul class=\"wp-block-list\">\n<li>Rinnovo dell'accordo di partnership con Openrunner.<\/li>\n\n\n\n<li>Presentazione del CCC all'assemblea generale della FFCT ad Angers.<\/li>\n\n\n\n<li>Invito del club all'Ard\u00e9choise da parte di G\u00e9rard Mistler (socio CCC n. 14) e fondatore dell'Ard\u00e9choise.<\/li>\n<\/ul>\n<\/li>\n<\/ul>\n\n\n\n<p><strong>2020<\/strong><\/p>\n\n\n\n<ul class=\"wp-block-list\">\n<li>Soggiorni\n<ul class=\"wp-block-list\">\n<li>Cavi di Lavagna (Italia-Liguria), annullato per pandemia al COVID<\/li>\n\n\n\n<li>Chessy-les Mines (Francia-Rodano) 15-22 agosto<\/li>\n<\/ul>\n<\/li>\n\n\n\n<li>Assemblea generale 2020 e pausa autunnale\n<ul class=\"wp-block-list\">\n<li>Autun (Francia-Saona e Loira)\/ Assemblea generale annullata a causa della pandemia al COVID. Votazione elettronica delle relazioni.<\/li>\n\n\n\n<li>Soci versanti 2012.<\/li>\n<\/ul>\n<\/li>\n\n\n\n<li>Decisioni del Consiglio di amministrazione\n<ul class=\"wp-block-list\">\n<li>Fran\u00e7ois Candau nominato responsabile della comunicazione.<\/li>\n\n\n\n<li>Per rispettare la normativa, \u00e8 stata negoziata con Gritchen un'offerta di \"assicurazione\" per le vacanze che sostituisse gradualmente il Fondo di solidariet\u00e0.<\/li>\n\n\n\n<li>Decisione di scegliere Annecy per celebrare il cinquantesimo anniversario del club.<\/li>\n\n\n\n<li>Supervisione delle passeggiate permanenti a cura di Jean-Marc Cl\u00e9ment.<\/li>\n<\/ul>\n<\/li>\n\n\n\n<li>IT\n<ul class=\"wp-block-list\">\n<li>Robert Charbonnier \u00e8 entrato a far parte del team IT.<\/li>\n\n\n\n<li>Completamento dei lavori per i valichi di frontiera.<\/li>\n\n\n\n<li>Ultimo tratto per il lancio del database dei passi di montagna.<\/li>\n<\/ul>\n<\/li>\n\n\n\n<li>Cataloghi\n<ul class=\"wp-block-list\">\n<li>55 cataloghi per quasi 70.000 bottiglie sono operativi<\/li>\n<\/ul>\n<\/li>\n\n\n\n<li>DT\n<ul class=\"wp-block-list\">\n<li>Claude e Michel Rabuteau sostituiscono Herv\u00e9 Richard nella zona 03W<\/li>\n\n\n\n<li>Nomina di Robert de Rudder a Delegato Tecnico<\/li>\n<\/ul>\n<\/li>\n\n\n\n<li>Varie\n<ul class=\"wp-block-list\">\n<li>Introduzione di un sondaggio per i nuovi membri<\/li>\n\n\n\n<li>Gli aspiranti candidati sono sponsorizzati dai TD o da Nadine Giraudeau, responsabile delle iscrizioni.<\/li>\n<\/ul>\n<\/li>\n<\/ul>\n\n\n\n<p><strong>2021<\/strong><\/p>\n\n\n\n<ul class=\"wp-block-list\">\n<li>Soggiorni\n<ul class=\"wp-block-list\">\n<li>Cavi di Lavagna: annullato per pandemia al Covid<\/li>\n\n\n\n<li>M\u00e9ollans-Revel (Francia-Alpi dell'Alta Provenza) dal 4 all'11 settembre<\/li>\n<\/ul>\n<\/li>\n\n\n\n<li>Assemblea generale del 2021 e pausa autunnale\n<ul class=\"wp-block-list\">\n<li>Ste Maxime (Francia-Var) dal 10 al 14 novembre.<\/li>\n\n\n\n<li>1974 membri paganti.\n<ul class=\"wp-block-list\">\n<li>Assemblea generale elettiva: rinnovo del Consiglio di amministrazione<br>Enrico Alberini: Presidente<br>Nadine Giraudeau: vicepresidente incaricata dell'accoglienza dei nuovi membri, dei diplomi e delle medaglie<br>Herv\u00e9 Reti\u00e8re: segretario<br>S\u00e9bastien Vadot: Tesoriere<br>Christophe Badonnel: responsabile delle vacanze e vice tesoriere<br>Fran\u00e7ois Rieu: caporedattore<br>Jean-Luc Matte: corresponsabile delle vacanze<br>Bruno Litwin: direttore del negozio<br>Bernard Giraudeau: Responsabile della comunicazione<\/li>\n<\/ul>\n<\/li>\n<\/ul>\n<\/li>\n\n\n\n<li>Decisioni del Consiglio di amministrazione\n<ul class=\"wp-block-list\">\n<li>Creazione di pass stradali per regione amministrativa e pass nazionali per tutti i Paesi.<\/li>\n<\/ul>\n<\/li>\n\n\n\n<li>IT\n<ul class=\"wp-block-list\">\n<li>\n<ul class=\"wp-block-list\">\n<li>Il database dei pass entra in funzione<\/li>\n\n\n\n<li>Perfetta sincronizzazione tra il database, ccWay e il visualizzatore.<\/li>\n\n\n\n<li>I nuovi pass possono essere dichiarati automaticamente sul sito web ogni anno.<\/li>\n\n\n\n<li>Gestione delle tessere regionali per i soci CCC<\/li>\n<\/ul>\n<\/li>\n<\/ul>\n<\/li>\n\n\n\n<li>Cataloghi\n<ul class=\"wp-block-list\">\n<li>\n<ul class=\"wp-block-list\">\n<li>Quest'anno verranno lanciati diversi cataloghi, dall'America Latina al Madagascar, passando per il Libano e Israele.<\/li>\n<\/ul>\n<\/li>\n<\/ul>\n<\/li>\n\n\n\n<li>TD: Constant van Waterschoot cede il posto di TD nazionale olandese a Paul Oude Luttighuis<\/li>\n<\/ul>\n\n\n\n<p><strong><em>2022 - La Fratellanza compie 50 anni.<\/em><\/strong><\/p>\n\n\n\n<p>A marzo \u00e8 venuto a mancare Michel Verhaeghe, il Top. \u00c8 stato il primo membro a raggiungere i 10.000 passi di montagna.<\/p>\n\n\n\n<ul class=\"wp-block-list\">\n<li>Soggiorni\n<ul class=\"wp-block-list\">\n<li>Cavi di Lavagna (Italia-Liguria) dal 1\u00b0 all'8 maggio 2022<\/li>\n\n\n\n<li>Sare (Pyr\u00e9n\u00e9es-Atlantiques) dal 2 al 9 luglio 2022<\/li>\n<\/ul>\n<\/li>\n\n\n\n<li>Raduno per commemorare il 50\u00b0 anniversario della fondazione del nostro club al Col Luitel, il 25 giugno.<\/li>\n\n\n\n<li>Assemblea generale 50\u00b0 anniversario della fondazione del club e pausa autunnale\n<ul class=\"wp-block-list\">\n<li>Annecy 5 novembre 2022.<\/li>\n\n\n\n<li>1917 membri paganti.<\/li>\n<\/ul>\n<\/li>\n\n\n\n<li>IT\n<ul class=\"wp-block-list\">\n<li>Cataloghi provenienti da 35 nuovi Paesi o territori (soprattutto in Asia e Africa). 129 cataloghi fanno ora parte del patrimonio del club. Sono elencate quasi 100.000 bottiglie.<\/li>\n<\/ul>\n<\/li>\n\n\n\n<li>Comunicazione\n<ul class=\"wp-block-list\">\n<li>Il sito web, creato nel 2015 e disponibile in italiano e inglese dal 2018, ospita una nuova sezione in home page, La Gazette, che ha l'obiettivo di dare visibilit\u00e0 a soci e non soci su piccoli e grandi eventi legati al club, alle sue attivit\u00e0 e a quelle dei suoi soci.<\/li>\n\n\n\n<li>L'approccio europeo viene attuato attraverso partenariati concordati con l'UECT (Unione ciclistica europea) e la FECT (Federazione ciclistica spagnola).<\/li>\n\n\n\n<li>I partenariati, gi\u00e0 concordati storicamente con la FFCT e OpenRunner, vengono rafforzati e diventano pi\u00f9 produttivi.<\/li>\n<\/ul>\n<\/li>\n\n\n\n<li>Varie\n<ul class=\"wp-block-list\">\n<li>L'ottomillesimo socio del Club, Christophe Marchal, \u00e8 in sella a una handbike.<\/li>\n\n\n\n<li>Tra le passeggiate permanenti, sono stati creati cinque loop, ossia percorsi che permettono di partire e tornare allo stesso punto di partenza.<\/li>\n<\/ul>\n<\/li>\n\n\n\n<li>DT\n<ul class=\"wp-block-list\">\n<li>G\u00e9rard Fillon-Robin cede il controllo della zona 04S a Jean-Yves Jamin<\/li>\n\n\n\n<li>Ars\u00e8ne Bickel cede il suo incarico di Direttore regionale della Zona 03E a Denis Mathieu<\/li>\n\n\n\n<li>Alain Benoist sostituisce Jean-Marie Gilouin come direttore regionale della Zona 04SW.<\/li>\n<\/ul>\n<\/li>\n<\/ul>\n\n\n\n<p><strong>2024 - Morte di Jean Perdoux<\/strong><\/p>\n\n\n\n<p>Jean Perdoux, presidente fondatore del Club des Cent Cols, \u00e8 morto il 13 marzo all'et\u00e0 di 87 anni. Si chiude cos\u00ec un lungo capitolo della storia del Club des Cent Cols. Abbiamo perso la nostra guida, ma non le sue idee.<\/p>\n\n\n\n<p><strong>Questa storia si basa in parte sul libro di Jean PERDOUX e Henri DUSSEAU, \"<a href=\"https:\/\/centcols.org\/it\/boutique\/produit\/livre-quarante-ans-dhistoire-de-la-confrerie\/\" target=\"_blank\" rel=\"noreferrer noopener\">40 anni di storia<\/a>\" di Chantal Sala e R\u00e9gis Paraz, successivamente aggiornato da Bernard Giraudeau ed Enrico Alberini.<\/strong><\/p>","protected":false},"excerpt":{"rendered":"<p>C\u2019est par une magnifique journ\u00e9e d\u2019automne 1970, durant l\u2019ascension du tr\u00e8s beau et assez difficile col du Luitel, situ\u00e9 pr\u00e8s de Grenoble, dans les Alpes, que naquit l\u2019id\u00e9e de la Confr\u00e9rie des \u201cCent Cols\u201d. Ce lieu fut en effet le t\u00e9moin innocent du r\u00eave d\u2019un cycliste aimant la montagne. Pr\u00e8s du po\u00e9tique lac Luitel et [&hellip;]<\/p>\n","protected":false},"author":2,"featured_media":79137,"parent":0,"menu_order":0,"comment_status":"open","ping_status":"closed","template":"","meta":{"_acf_changed":false,"footnotes":""},"class_list":["post-79136","page","type-page","status-publish","has-post-thumbnail","hentry"],"acf":[],"yoast_head":"<!-- This site is optimized with the Yoast SEO plugin v27.2 - https:\/\/yoast.com\/product\/yoast-seo-wordpress\/ -->\n<title>50 ans d&#039;histoire - Club des Cent Cols<\/title>\n<meta name=\"robots\" content=\"index, follow, max-snippet:-1, max-image-preview:large, max-video-preview:-1\" \/>\n<link rel=\"canonical\" href=\"https:\/\/centcols.org\/it\/50-anni-di-storia\/\" \/>\n<meta property=\"og:locale\" content=\"it_IT\" \/>\n<meta property=\"og:type\" content=\"article\" \/>\n<meta property=\"og:title\" content=\"50 ans d&#039;histoire - Club des Cent Cols\" \/>\n<meta property=\"og:description\" content=\"C\u2019est par une magnifique journ\u00e9e d\u2019automne 1970, durant l\u2019ascension du tr\u00e8s beau et assez difficile col du Luitel, situ\u00e9 pr\u00e8s de Grenoble, dans les Alpes, que naquit l\u2019id\u00e9e de la Confr\u00e9rie des \u201cCent Cols\u201d. Ce lieu fut en effet le t\u00e9moin innocent du r\u00eave d\u2019un cycliste aimant la montagne. Pr\u00e8s du po\u00e9tique lac Luitel et [&hellip;]\" \/>\n<meta property=\"og:url\" content=\"https:\/\/centcols.org\/it\/50-anni-di-storia\/\" \/>\n<meta property=\"og:site_name\" content=\"Club des Cent Cols\" \/>\n<meta property=\"article:publisher\" content=\"https:\/\/www.facebook.com\/groups\/5261880558\/?locale=fr_FR\" \/>\n<meta property=\"article:modified_time\" content=\"2025-05-05T13:57:03+00:00\" \/>\n<meta property=\"og:image\" content=\"https:\/\/centcols.org\/wp-content\/uploads\/2025\/02\/dl_12-12-02-1.jpg\" \/>\n\t<meta property=\"og:image:width\" content=\"740\" \/>\n\t<meta property=\"og:image:height\" content=\"376\" \/>\n\t<meta property=\"og:image:type\" content=\"image\/jpeg\" \/>\n<meta name=\"twitter:card\" content=\"summary_large_image\" \/>\n<meta name=\"twitter:label1\" content=\"Tempo di lettura stimato\" \/>\n\t<meta name=\"twitter:data1\" content=\"20 minuti\" \/>\n<script type=\"application\/ld+json\" class=\"yoast-schema-graph\">{\"@context\":\"https:\/\/schema.org\",\"@graph\":[{\"@type\":\"WebPage\",\"@id\":\"https:\/\/centcols.org\/50-ans-dhistoire\/\",\"url\":\"https:\/\/centcols.org\/50-ans-dhistoire\/\",\"name\":\"50 ans d'histoire - Club des Cent Cols\",\"isPartOf\":{\"@id\":\"https:\/\/centcols.org\/#website\"},\"primaryImageOfPage\":{\"@id\":\"https:\/\/centcols.org\/50-ans-dhistoire\/#primaryimage\"},\"image\":{\"@id\":\"https:\/\/centcols.org\/50-ans-dhistoire\/#primaryimage\"},\"thumbnailUrl\":\"https:\/\/centcols.org\/wp-content\/uploads\/2025\/02\/dl_12-12-02-1.jpg\",\"datePublished\":\"2025-02-05T07:58:17+00:00\",\"dateModified\":\"2025-05-05T13:57:03+00:00\",\"breadcrumb\":{\"@id\":\"https:\/\/centcols.org\/50-ans-dhistoire\/#breadcrumb\"},\"inLanguage\":\"it-IT\",\"potentialAction\":[{\"@type\":\"ReadAction\",\"target\":[\"https:\/\/centcols.org\/50-ans-dhistoire\/\"]}]},{\"@type\":\"ImageObject\",\"inLanguage\":\"it-IT\",\"@id\":\"https:\/\/centcols.org\/50-ans-dhistoire\/#primaryimage\",\"url\":\"https:\/\/centcols.org\/wp-content\/uploads\/2025\/02\/dl_12-12-02-1.jpg\",\"contentUrl\":\"https:\/\/centcols.org\/wp-content\/uploads\/2025\/02\/dl_12-12-02-1.jpg\",\"width\":740,\"height\":376},{\"@type\":\"BreadcrumbList\",\"@id\":\"https:\/\/centcols.org\/50-ans-dhistoire\/#breadcrumb\",\"itemListElement\":[{\"@type\":\"ListItem\",\"position\":1,\"name\":\"Accueil\",\"item\":\"https:\/\/centcols.org\/\"},{\"@type\":\"ListItem\",\"position\":2,\"name\":\"50 ans d&rsquo;histoire\"}]},{\"@type\":\"WebSite\",\"@id\":\"https:\/\/centcols.org\/#website\",\"url\":\"https:\/\/centcols.org\/\",\"name\":\"Club des Cent Cols\",\"description\":\"\",\"publisher\":{\"@id\":\"https:\/\/centcols.org\/#organization\"},\"potentialAction\":[{\"@type\":\"SearchAction\",\"target\":{\"@type\":\"EntryPoint\",\"urlTemplate\":\"https:\/\/centcols.org\/?s={search_term_string}\"},\"query-input\":{\"@type\":\"PropertyValueSpecification\",\"valueRequired\":true,\"valueName\":\"search_term_string\"}}],\"inLanguage\":\"it-IT\"},{\"@type\":\"Organization\",\"@id\":\"https:\/\/centcols.org\/#organization\",\"name\":\"Club des Cent Cols\",\"url\":\"https:\/\/centcols.org\/\",\"logo\":{\"@type\":\"ImageObject\",\"inLanguage\":\"it-IT\",\"@id\":\"https:\/\/centcols.org\/#\/schema\/logo\/image\/\",\"url\":\"https:\/\/centcols.org\/wp-content\/uploads\/2025\/01\/carte-icone.png\",\"contentUrl\":\"https:\/\/centcols.org\/wp-content\/uploads\/2025\/01\/carte-icone.png\",\"width\":250,\"height\":250,\"caption\":\"Club des Cent Cols\"},\"image\":{\"@id\":\"https:\/\/centcols.org\/#\/schema\/logo\/image\/\"},\"sameAs\":[\"https:\/\/www.facebook.com\/groups\/5261880558\/?locale=fr_FR\"]}]}<\/script>\n<!-- \/ Yoast SEO plugin. -->","yoast_head_json":{"title":"50 anni di storia - Club des Cent Cols","robots":{"index":"index","follow":"follow","max-snippet":"max-snippet:-1","max-image-preview":"max-image-preview:large","max-video-preview":"max-video-preview:-1"},"canonical":"https:\/\/centcols.org\/it\/50-anni-di-storia\/","og_locale":"it_IT","og_type":"article","og_title":"50 ans d'histoire - Club des Cent Cols","og_description":"C\u2019est par une magnifique journ\u00e9e d\u2019automne 1970, durant l\u2019ascension du tr\u00e8s beau et assez difficile col du Luitel, situ\u00e9 pr\u00e8s de Grenoble, dans les Alpes, que naquit l\u2019id\u00e9e de la Confr\u00e9rie des \u201cCent Cols\u201d. Ce lieu fut en effet le t\u00e9moin innocent du r\u00eave d\u2019un cycliste aimant la montagne. Pr\u00e8s du po\u00e9tique lac Luitel et [&hellip;]","og_url":"https:\/\/centcols.org\/it\/50-anni-di-storia\/","og_site_name":"Club des Cent Cols","article_publisher":"https:\/\/www.facebook.com\/groups\/5261880558\/?locale=fr_FR","article_modified_time":"2025-05-05T13:57:03+00:00","og_image":[{"width":740,"height":376,"url":"https:\/\/centcols.org\/wp-content\/uploads\/2025\/02\/dl_12-12-02-1.jpg","type":"image\/jpeg"}],"twitter_card":"summary_large_image","twitter_misc":{"Tempo di lettura stimato":"20 minuti"},"schema":{"@context":"https:\/\/schema.org","@graph":[{"@type":"WebPage","@id":"https:\/\/centcols.org\/50-ans-dhistoire\/","url":"https:\/\/centcols.org\/50-ans-dhistoire\/","name":"50 anni di storia - Club des Cent Cols","isPartOf":{"@id":"https:\/\/centcols.org\/#website"},"primaryImageOfPage":{"@id":"https:\/\/centcols.org\/50-ans-dhistoire\/#primaryimage"},"image":{"@id":"https:\/\/centcols.org\/50-ans-dhistoire\/#primaryimage"},"thumbnailUrl":"https:\/\/centcols.org\/wp-content\/uploads\/2025\/02\/dl_12-12-02-1.jpg","datePublished":"2025-02-05T07:58:17+00:00","dateModified":"2025-05-05T13:57:03+00:00","breadcrumb":{"@id":"https:\/\/centcols.org\/50-ans-dhistoire\/#breadcrumb"},"inLanguage":"it-IT","potentialAction":[{"@type":"ReadAction","target":["https:\/\/centcols.org\/50-ans-dhistoire\/"]}]},{"@type":"ImageObject","inLanguage":"it-IT","@id":"https:\/\/centcols.org\/50-ans-dhistoire\/#primaryimage","url":"https:\/\/centcols.org\/wp-content\/uploads\/2025\/02\/dl_12-12-02-1.jpg","contentUrl":"https:\/\/centcols.org\/wp-content\/uploads\/2025\/02\/dl_12-12-02-1.jpg","width":740,"height":376},{"@type":"BreadcrumbList","@id":"https:\/\/centcols.org\/50-ans-dhistoire\/#breadcrumb","itemListElement":[{"@type":"ListItem","position":1,"name":"Accueil","item":"https:\/\/centcols.org\/"},{"@type":"ListItem","position":2,"name":"50 ans d&rsquo;histoire"}]},{"@type":"WebSite","@id":"https:\/\/centcols.org\/#website","url":"https:\/\/centcols.org\/","name":"Club des Cent Cols","description":"","publisher":{"@id":"https:\/\/centcols.org\/#organization"},"potentialAction":[{"@type":"SearchAction","target":{"@type":"EntryPoint","urlTemplate":"https:\/\/centcols.org\/?s={search_term_string}"},"query-input":{"@type":"PropertyValueSpecification","valueRequired":true,"valueName":"search_term_string"}}],"inLanguage":"it-IT"},{"@type":"Organization","@id":"https:\/\/centcols.org\/#organization","name":"Club des Cent Cols","url":"https:\/\/centcols.org\/","logo":{"@type":"ImageObject","inLanguage":"it-IT","@id":"https:\/\/centcols.org\/#\/schema\/logo\/image\/","url":"https:\/\/centcols.org\/wp-content\/uploads\/2025\/01\/carte-icone.png","contentUrl":"https:\/\/centcols.org\/wp-content\/uploads\/2025\/01\/carte-icone.png","width":250,"height":250,"caption":"Club des Cent Cols"},"image":{"@id":"https:\/\/centcols.org\/#\/schema\/logo\/image\/"},"sameAs":["https:\/\/www.facebook.com\/groups\/5261880558\/?locale=fr_FR"]}]}},"_links":{"self":[{"href":"https:\/\/centcols.org\/it\/wp-json\/wp\/v2\/pages\/79136","targetHints":{"allow":["GET"]}}],"collection":[{"href":"https:\/\/centcols.org\/it\/wp-json\/wp\/v2\/pages"}],"about":[{"href":"https:\/\/centcols.org\/it\/wp-json\/wp\/v2\/types\/page"}],"author":[{"embeddable":true,"href":"https:\/\/centcols.org\/it\/wp-json\/wp\/v2\/users\/2"}],"replies":[{"embeddable":true,"href":"https:\/\/centcols.org\/it\/wp-json\/wp\/v2\/comments?post=79136"}],"version-history":[{"count":0,"href":"https:\/\/centcols.org\/it\/wp-json\/wp\/v2\/pages\/79136\/revisions"}],"wp:featuredmedia":[{"embeddable":true,"href":"https:\/\/centcols.org\/it\/wp-json\/wp\/v2\/media\/79137"}],"wp:attachment":[{"href":"https:\/\/centcols.org\/it\/wp-json\/wp\/v2\/media?parent=79136"}],"curies":[{"name":"wp","href":"https:\/\/api.w.org\/{rel}","templated":true}]}}