{"version":"1.0","provider_name":"Club van Cent Cols","provider_url":"https:\/\/centcols.org\/nl","author_name":"Webmestre","author_url":"https:\/\/centcols.org\/nl\/author\/webmestre\/","title":"13\/08\/00 : disparition de Louis Nucera. Michel de Br\u00e9bisson a souhait\u00e9 faire reproduire le papier du Monde \u00e9crit par un des amis de Louis - Club des Cent Cols","type":"rich","width":600,"height":338,"html":"<blockquote class=\"wp-embedded-content\" data-secret=\"paV5txrDMj\"><a href=\"https:\/\/centcols.org\/nl\/disparition-de-louis-nucera-2\/\">13\/08\/00 : Overlijden van Louis Nucera. Michel de Br\u00e9bisson wenste het artikel weer te geven in Le Monde geschreven door een van Louis' vrienden<\/a><\/blockquote><iframe sandbox=\"allow-scripts\" security=\"restricted\" src=\"https:\/\/centcols.org\/nl\/disparition-de-louis-nucera-2\/embed\/#?secret=paV5txrDMj\" width=\"600\" height=\"338\" title=\"&#8220;13\/08\/00 : disparition de Louis Nucera. Michel de Br\u00e9bisson a souhait\u00e9 faire reproduire le papier du Monde \u00e9crit par un des amis de Louis&#8221; &#8212; Club des Cent Cols\" data-secret=\"paV5txrDMj\" frameborder=\"0\" marginwidth=\"0\" marginheight=\"0\" scrolling=\"no\" class=\"wp-embedded-content\"><\/iframe><script type=\"text\/javascript\">\n\/* <![CDATA[ *\/\n\/*! This file is auto-generated *\/\n!function(d,l){\"use strict\";l.querySelector&&d.addEventListener&&\"undefined\"!=typeof URL&&(d.wp=d.wp||{},d.wp.receiveEmbedMessage||(d.wp.receiveEmbedMessage=function(e){var t=e.data;if((t||t.secret||t.message||t.value)&&!\/[^a-zA-Z0-9]\/.test(t.secret)){for(var s,r,n,a=l.querySelectorAll('iframe[data-secret=\"'+t.secret+'\"]'),o=l.querySelectorAll('blockquote[data-secret=\"'+t.secret+'\"]'),c=new RegExp(\"^https?:$\",\"i\"),i=0;i<o.length;i++)o[i].style.display=\"none\";for(i=0;i<a.length;i++)s=a[i],e.source===s.contentWindow&&(s.removeAttribute(\"style\"),\"height\"===t.message?(1e3<(r=parseInt(t.value,10))?r=1e3:~~r<200&&(r=200),s.height=r):\"link\"===t.message&&(r=new URL(s.getAttribute(\"src\")),n=new URL(t.value),c.test(n.protocol))&&n.host===r.host&&l.activeElement===s&&(d.top.location.href=t.value))}},d.addEventListener(\"message\",d.wp.receiveEmbedMessage,!1),l.addEventListener(\"DOMContentLoaded\",function(){for(var e,t,s=l.querySelectorAll(\"iframe.wp-embedded-content\"),r=0;r<s.length;r++)(t=(e=s[r]).getAttribute(\"data-secret\"))||(t=Math.random().toString(36).substring(2,12),e.src+=\"#?secret=\"+t,e.setAttribute(\"data-secret\",t)),e.contentWindow.postMessage({message:\"ready\",secret:t},\"*\")},!1)))}(window,document);\n\/\/# sourceURL=https:\/\/centcols.org\/wp-includes\/js\/wp-embed.min.js\n\/* ]]> *\/\n<\/script>","description":"Louis Nucera La passion de la litt\u00e9rature, de l&rsquo;amiti\u00e9 et du v\u00e9lo MERCREDI 9 ao\u00fbt, Louis Nucera est mort \u00e0 bicyclette, renvers\u00e9 par un automobiliste, \u00e0 Carros (Alpes-Maritimes), dans cette arri\u00e8re-pays ni\u00e7ois qu&rsquo;il avait si souvent parcouru. Le v\u00e9lo \u00e9tait une de ses passions avec la litt\u00e9rature et l&rsquo;amiti\u00e9. Ses amis se sentent tr\u00e8s seuls [&hellip;]"}