{"id":79136,"date":"2025-02-05T09:58:17","date_gmt":"2025-02-05T07:58:17","guid":{"rendered":"https:\/\/centcols.org\/50-ans-dhistoire\/"},"modified":"2025-05-05T15:57:03","modified_gmt":"2025-05-05T13:57:03","slug":"50-jaar-geschiedenis","status":"publish","type":"page","link":"https:\/\/centcols.org\/nl\/50-ans-dhistoire\/","title":{"rendered":"50 jaar geschiedenis"},"content":{"rendered":"<p>Het idee van de Confr\u00e9rie des Cent Cols werd geboren op een prachtige herfstdag in 1970, tijdens de beklimming van de prachtige en vrij moeilijke Col du Luitel, vlakbij Grenoble in de Alpen. In feite was deze plek de onschuldige getuige van de droom van een bergliefhebbende fietser.<\/p>\n\n\n\n<p>In de buurt van het po\u00ebtische Lac Luitel en het veengebied dat aan de top grenst, stelde Jean Perdoux voor aan Daniel Legat (Cent Cols nr. 6), Georges Ducatillon (Cent Cols nr. 434), Pierre Fructus (Cent Cols nr. 69) en Henri Voiron, zijn wandelgezellen voor die dag, om een kleine gebeurtenis te vieren.<\/p>\n\n\n\n<p>In Chamrousse kondigde hij ontroerd en trots aan dat hij zojuist zijn 100<sup>e<\/sup>&nbsp;(andere) pas! Daniel, een van zijn rijvrienden, voegde eraan toe dat hij het beter had gedaan, want hij had al minstens 150 beklimmingen op zijn naam staan!<\/p>\n\n\n\n<p>Het was een geweldige ochtend: het idee van de \u201cCent Cols\u201d Club was geboren!<\/p>\n\n\n\n<p>In die tijd was Jean Perdoux lid van het uitvoerend comit\u00e9 van de Franse wielerbond. In 1971 plaatste hij een kleine advertentie in het federale tijdschrift met de vraag of andere wielertoeristen ge\u00efnteresseerd waren in het beklimmen van bergpassen. Hij ontving bijna 200 reacties.<\/p>\n\n\n\n<p class=\"translation-block\">Verrast door dit enthousiasme, vergezeld van aanmoedigingen en suggesties, hoefde hij in 1972 alleen maar een aantal regels op te stellen (die al meer dan 40 jaar onveranderd zijn gebleven).<\/p>\n\n\n\n<p>Eenvoud, vriendschap, het delen van een gemeenschappelijke passie en het uitwisselen van informatie maakten vanaf het begin deel uit van de geest van de Club. Dit zijn de idee\u00ebn die we vandaag de dag allemaal verdedigen en koesteren.<\/p>\n\n\n\n<p>De eerste leden van de Confr\u00e9rie waren bergbewoners: sommigen uit de Pyrenee\u00ebn, maar vooral uit Savoie. Jacques Faizant uit Parijs (nr. 7) was erg trots om \u00e9\u00e9n van de eerste 10 leden te zijn, en hij ontwierp de eerste covers van ons jaarlijkse magazine.<\/p>\n\n\n\n<p><strong>1973<\/strong>, De eerste offici\u00eble nieuwsbrief van de club verscheen onder redactie van Jean Perdoux. Marcel Bioud presenteerde de leden van de \u201cCent Cols\u201d Club een eerste lijst van weg- en muilezelpassen in de noordelijke Alpen, in 1974 gevolgd door de lijst van Francis Marty met passen in de Pyrenee\u00ebn.<\/p>\n\n\n\n<p>In de herfst van 1974 werd de eerste nationale bijeenkomst gehouden boven het meer van Annecy, op de top van de prachtige, steile Col de la Forclaz de Montmin. Tachtig van de 150 leden van de Confr\u00e9rie namen deel. Marcel Bioud, een basisschoolleraar uit Voiron, was een zeldzaam fenomeen in die tijd en wekte bewondering en afgunst op. Wist je dat hij net zijn 842<sup>e<\/sup>&nbsp;andere kraag? Hij was onze eerste Grand Master. Hij werd opgevolgd door een andere grote wielrenner: Elie Bordat.<\/p>\n\n\n\n<p>Wist je dat het onze Confr\u00e9rie was die in 1974 de millimeterco\u00f6rdinaten uitvond voor het lokaliseren van passen op kaarten? Dit idee werd later overgenomen door de Michelin- en IGN-kaarten.<\/p>\n\n\n\n<p><strong>1975<\/strong>, Op 7 augustus verwelkomde de haven (pas) van Bal\u00e8s, in de buurt van Pierre Roques, de 2<sup>e&nbsp;<\/sup>concentratie op de weilanden op de top van dit uitzonderlijke fietsparadijs. De dag was een groot succes. Lees wat de lokale pers de volgende dag te zeggen had: \u201c...zelden hebben we in zo'n grandioze, majestueuze omgeving geklommen. Het was een echte achtbaan. Op sommige momenten was het bijna onmogelijk, een echt moeilijke pas! Zo zwaar zelfs dat de leiders van de Confr\u00e9rie des Cent Cols op de top stonden. Begrijpelijk, allerlei mensen die veel fietsers in hun netten laten vallen, hen veroordelen tot het volhouden van eindeloze beklimmingen...\u201c.<br>Michel Verhaeghe werd lid van de club in 1975. Hij heeft nu 10.000 verschillende bergpassen beklommen.<\/p>\n\n\n\n<p><strong>1976<\/strong>, Michel Perrodin schreef de eerste gepubliceerde lijst van Alpenpassen buiten Frankrijk en Claude Carle liet de eerste 100 geborduurde badges weven.<\/p>\n\n\n\n<p><strong>1977,<\/strong>&nbsp;TF1 zond een uitstekende reportage uit over de Confr\u00e9rie. Veel pioniers van de Club waren die dag aanwezig bij de opnames op de hellingen van de Col de l'Arpettaz: Jo Routens, Robert Chauvot, Daniel Legat, Georges Ducatillon, Henri Bouchez, Elie Bordat en vele, vele anderen. Een programma dat het grote publiek verraste en veel vragen opriep.<br>Datzelfde jaar stelde Jean Perdoux, dankzij de informatie die hij had verzameld bij specialisten van de Confr\u00e9rie, de eerste lijst op van wegpassen in Frankrijk (1.368 passen). Zijn jaarlijkse bulletin werd een tijdschrift en groeide uit tot 70 pagina's.<\/p>\n\n\n\n<p><strong>1978<\/strong>, De eerste lijst van Zwitserse bergpassen, samengesteld door Jean-Pierre M\u00e9rot, werd gepubliceerd.<\/p>\n\n\n\n<p><strong>1979<\/strong>, Publicatie van de lijst van 101 Algerijnse paspoorten.<\/p>\n\n\n\n<p><strong>1980<\/strong>, Toen de club de kaap van 1000 leden bereikte, bedacht Robert Chauvot met de hulp van zijn vrouw Monique de Bijbel, een compleet repertorium van alle passen in Frankrijk en een prachtig werk dat een naslagwerk werd, als zodanig dienst deed en dat nog steeds doet. Tot 1987 was Fran\u00e7ois Rieu verantwoordelijk voor het bijwerken ervan.<br>Het was ook in 1980 dat Jean Perdoux, die nog steeds bezig was met de voorbereiding en productie van het tijdschrift (dat inmiddels 80 pagina's telde), het secretariaat voor een jaar overdroeg aan Henri Bouchez. Henri Dusseau nam het over in 1981.<\/p>\n\n\n\n<p><strong>1982<\/strong>, De club bestaat 10 jaar en heeft nu meer dan 1.231 leden, waaronder 94 vrouwen en 40 buitenlanders uit 8 landen.<\/p>\n\n\n\n<p><strong>1983<\/strong>, De 1471 centcolisten worden nu geleid door Henri Dusseau, die het voorzitterschap van de V.C.A. heeft verlaten en \u201cAlgemeen Secretaris\u201d van de broederschap is geworden. De vereniging blijft echter onder de wettelijke verantwoordelijkheid van de V\u00e9lo-Club d'Annecy.<\/p>\n\n\n\n<p><strong>1984<\/strong>, Aan het eind van de jaren 80 telde de Broederschap 2.000 leden en werd de eerste regionale bijeenkomst georganiseerd in de regio Adour-Pyr\u00e9n\u00e9es. In elke regio van Frankrijk en in het buitenland worden regionale managers opgericht. Eerste tijdschrift met zwart-witfoto.<\/p>\n\n\n\n<p>Sinds 1987 houdt Ren\u00e9 Poty zich bezig met het bijwerken van de \u201cChauvot\u201d, het maken van reisgidsen (sommige in samenwerking met M. de Br\u00e9bisson), routes en lijsten van passen in vele landen.<\/p>\n\n\n\n<p><strong>1988<\/strong>,Tegen het einde van de jaren 1980 telde de club 3000 leden en werden de eerste buitenlandse bijeenkomsten (in Belgi\u00eb en Zwitserland) georganiseerd.<\/p>\n\n\n\n<p><strong>1989<\/strong>,geen nationale concentratie. De regels van de broederschap werden de \u201cSpelregels\u201d.<\/p>\n\n\n\n<p><strong>1990<\/strong>,Michel Verhaeghe heeft een lijst van meer dan 3000 passen aangekondigd.<\/p>\n\n\n\n<p><strong>1991<\/strong>, werd de broederschap officieel onderdeel van het erfgoed van de FFCT.<br>Publicatie van de nieuwe, gecorrigeerde editie van de catalogus van wegenpassen in Frankrijk (+ Andorra, Belgi\u00eb en Zwitserland). Lijsten van passen in de volgende landen beschikbaar gemaakt voor leden: Schotland, Wales, Ierland, Noorwegen, Duitsland, Spanje, Oostenrijk, Roemeni\u00eb, Bulgarije, Albani\u00eb, Joegoslavi\u00eb.<br>R\u00e9gis Paraz sluit zich aan bij de broederschap en wordt in 2009 tot president gekozen.<\/p>\n\n\n\n<p><strong>1992<\/strong>,de broederschap bestaat 20 jaar, een nationale bijeenkomst op de Col du Luitel en de originele cover van het tijdschrift getekend door Jacques Faizant.<\/p>\n\n\n\n<p><strong>1993<\/strong>, De Roll of Honour verscheen voor het eerst in het midden van het tijdschrift.<\/p>\n\n\n\n<p><strong>1994<\/strong>,Het merk Cent Cols, pins en T-shirts.<br>Oprichting van de Tour de France des Cent Cols door Henri Gomez en organisatie van 2 permanente tochten (\u201cCent Cols en Alpes\u201d, opgesteld door Ren\u00e9 Poty, en \u201cCent Cols en Pyr\u00e9n\u00e9es\u201d, opgesteld door Alain Gillodes).<br>In de Pyrenee\u00ebn, oprichting van de gezamenlijke concentratie Cent Cols - Ordre des Cols Durs (Alain Gillodes).<\/p>\n\n\n\n<p><strong>1995<\/strong>,De broederschap heeft 4024 leden.<br>Eerste kleurenfoto's in nummer 23 en organisatie van de eerste Cent Cols vakantie in Buis-les-Baronnies.<\/p>\n\n\n\n<p><strong>1996<\/strong>,Marc Liaudon biedt Cent Cols zijn computergestuurde notitieboek van Franse kragen. Nieuwe editie van de Bijbel en creatie van de kledinglijn Cent Cols.<br>Veel leden van over de hele wereld dragen het tenue van de Club. Het emblematische shirt wordt nu herkend en gewaardeerd!<\/p>\n\n\n\n<p><strong>1997<\/strong>,Om administratieve redenen moesten we een vereniging oprichten om onafhankelijk te zijn van de V\u00e9lo club d'Annecy, die al meer dan 25 jaar administratieve ondersteuning bood. Sindsdien is onze vereniging aangesloten bij de F\u00e9d\u00e9ration Fran\u00e7aise de Cyclotourisme en geeft licenties uit. De voorzitter is Jean Perdoux, de secretaris Henri Dusseau, de adjunct-secretaris Ren\u00e9 Poty en de penningmeester Nicole Faverot.<\/p>\n\n\n\n<p><strong>1998<\/strong>,creatie van de 1000 halsbanden medaille. Het tijdschrift heeft 80 kleurenpagina's en bevat 75 artikelen geschreven door leden.<br>Wielerkampioen Eddy Merckx werd toegelaten tot de broederschap en kreeg zijn diploma uitgereikt in Belgi\u00eb door Jean Perdoux en Henri Dusseau.<\/p>\n\n\n\n<p><strong>1999<\/strong>,Eerste Italiaanse bijeenkomst in Montefiorino, georganiseerd door Gianni Solenni. Eerste publicatie van een alfabetische ledenlijst. Publicatie van de lijst van weg- en muilezelpassen boven 2000 m in Europa. Jaarlijkse contributie verlaagd van 50 francs naar 8 euro.<br>Onze eerste website werd in 1999 gelanceerd:&nbsp;<a href=\"https:\/\/centcols.org\/nl\/\">https:\/\/centcols.org<\/a>, ontworpen, geproduceerd en beheerd door Philippe Carrez, met Ren\u00e9 Poty als redactioneel directeur.<\/p>\n\n\n\n<p><strong>2001<\/strong>,Het tijdschrift breidt uit tot 96 kleurenpagina's en 100 artikelen. Oprichting van de eerste CERP (Commissie voor Ethiek, Reflectie en Voorstellen).<\/p>\n\n\n\n<p><strong>2002<\/strong>,Op 12 januari houdt het bedrijf een Gewone Algemene Vergadering, waarbij elk lid stemrecht heeft in de AVA.<br>Het managementteam onderging een wijziging tijdens de Buitengewone Algemene Vergadering op 9 maart. Het nieuwe team is als volgt: voorzitter - Claude B\u00e9nistrand, secretaris - Ren\u00e9 Poty, penningmeester - Michel Mathieu, vicevoorzitter - Bernard Vieillard, adjunct-secretaris - Philippe Carrez.<br>De CERP werd vernieuwd en Guy Bodoin werd er moderator van.<br>Het eerste netwerk van nationale en buitenlandse Territoriale Afgevaardigden wordt opgezet. IGN-Frankrijk-lagen gaan online (Mario Labelle).<\/p>\n\n\n\n<p><strong>2003<\/strong>,Jean Perdoux werd uitgeroepen tot Stichtend Voorzitter en Erevoorzitter, en Henri Dusseau werd uitgeroepen tot Voorzitter \u201cHonoris Causa\u201d.<br>De club heeft 5721 geregistreerde leden.<br>Claude B\u00e9nistrand (bijgestaan door zijn vrouw Cathie) is verantwoordelijk voor het jaarlijkse overzicht.<\/p>\n\n\n\n<p><strong>2004<\/strong>,nieuwe permanente Randonn\u00e9es (Corsica, Dr\u00f4me, Alpen, Pyrenee\u00ebn, LPE Atlantique-M\u00e9diterran\u00e9e); verandering van kledingleverancier, de nieuwe is Bernard Th\u00e9venet.<br>Nieuwe catalogi: Cataloni\u00eb, Liguri\u00eb, VS.<\/p>\n\n\n\n<p><strong>2005<\/strong>,Creatie van nieuwe permanente wandelingen (Haut-Languedoc en Ard\u00e8che). Publicatie van catalogi van Franse wegenpassen en passen van de Britse eilanden.<br>Oprichting van @ctualit\u00e9s Cent Cols en modernisering van de website.<br>Tijdens de verkiezingsvergadering werd hetzelfde team herkozen. De CERP werd vernieuwd en Guy Bodoin bleef moderator.<\/p>\n\n\n\n<p><strong>2006,&nbsp;<\/strong>Publicatie van nieuwe catalogi: Oostenrijk, Duitsland, Sardini\u00eb, Roemeni\u00eb, Navarra, Noordoost-Itali\u00eb en Noordwest-Itali\u00eb.<br>Creatie van een nieuwe permanente route: Cent cols en pays d'Azur.<\/p>\n\n\n\n<p><strong>2007<\/strong>,de creatie van 3 nieuwe permanente wandelingen: Arc en Cimes, de waterscheiding in Spanje en 100 passen in het Zwarte Woud.<br>Eerste Algemene Vergadering buiten de regio Rh\u00f4ne-Alpes, in Fontbonne, vlakbij Montauban.<\/p>\n\n\n\n<p><strong>2008,<\/strong>&nbsp;eerste Cent Cols voorjaarsvakantie in Agay.<br>Creatie van nieuwe permanente wandelingen: Cent Cols en Triveneto (Gianni Solenni) en Cent Cols en Pays de Savoie (die Cent Cols en Savoie Mont-Blanc zal worden) (R\u00e9gis Paraz).<br>Publicatie van catalogi voor Polen, Hongarije en Turkije.<br>Roland Grimaud volgt Jean-Marc Lef\u00e8vre op als hoofd van Randonn\u00e9es Permanentes.<\/p>\n\n\n\n<p><strong>2009,&nbsp;<\/strong>De Chauvot is \u201cherbekeken\u201d, met de herpositionering van de passen in GPS-co\u00f6rdinaten en G\u00e9oportail-links waarmee de passen online kunnen worden bekeken op kaarten op schaal 1:25.000 (Ren\u00e9 Poty en Mario Labelle).<br>Publicatie van de catalogus van Spaanse wegenpassen.<br>Verkiezings Algemene Vergadering in Yenne, georganiseerd door Roger Colombo en CT Yenne.<br>Er werd een nieuwe Raad van Bestuur gekozen, met R\u00e9gis Paraz als voorzitter, G\u00e9rard Birelli (vicevoorzitter), Thierry Labour (algemeen secretaris), Michel Mathieu (penningmeester) en Philippe Carrez (adjunct-secretaris); Chantal Sala werd benoemd tot hoofdredacteur van het tijdschrift.<br>Oprichting van een partnerschap met de departementen Savoie en Haute-Savoie voor het permanente wandelpad \u201cCent cols en Savoie Mont-Blanc\u201d.<\/p>\n\n\n\n<p><strong>2010,&nbsp;<\/strong>verdeling van afdelingen over een nieuw netwerk van regionale co\u00f6rdinatoren die regionale bijeenkomsten organiseren.<br>Geboorte van een nieuwe permanente route, de Divisoria (100 passen op de waterscheiding tussen de Atlantische Oceaan en de Middellandse Zee in Spanje).<br>Publicatie van een nieuwe catalogus van Europese wegpassen boven 2000 m en een eerste catalogus van verboden Franse passen door Jean-Paul Zuanon.<br>Twee sterfgevallen troffen de broederschap in het bijzonder: in het voorjaar dat van de nationale afgevaardigde voor Belgi\u00eb, Germain Geenens en in de zomer dat van Roland Grimaud, hoofd van de permanente Randonn\u00e9es. Rudy Pede verving Germain Geenens en Roger Colombo volgde Roland Grimaud op.<\/p>\n\n\n\n<p><strong>2011,&nbsp;<\/strong>Alain Gillodes en Chantal Sala organiseerden hun eerste buitenlandse lentereis, naar Ripoll in Spaans Cataloni\u00eb.<br>Introductie van Info Cent Cols online en online stemmen over statutaire verslagen op Algemene Vergaderingen.<br>Oprichting van een werkgroep voor het opstellen van een catalogus van Marokkaanse passen (Bernard Giraudeau, Guy Harl\u00e9, Jean-Paul Zuanon en Bernard Pommel).<\/p>\n\n\n\n<p><strong>2012, de Broederschap bestaat 40 jaar.<br><\/strong>Het jubileum werd gevierd met een feestelijke maaltijd aan het einde van de reis naar Lescheraines, georganiseerd door R\u00e9gis Paraz, en een Algemene Vergadering in Annecy, georganiseerd door Jean Perdoux, Henri Dusseau en de VC Annecy.<br>Het werd ook gemarkeerd door de publicatie van het boek van Jean Perdoux en Henri Dusseau, \u201c1972 - 2012, 40 jaar geschiedenis!.<br>Alain Brault treedt toe tot de Raad van Bestuur.<br>Na duizenden uren werk heeft de werkgroep Spanje een catalogus samengesteld van meer dan 15.000 Spaanse bergpassen.<br>De Chauvot, met meer dan 10500 Franse passen, wordt gepubliceerd in de vorm van een ordner. Er wordt een 2-daags seminar gehouden in Turijn om een Italiaanse werkgroep op te richten die een uniforme catalogus van alle passen in Itali\u00eb moet samenstellen.<br>7000 registratie<sup>e&nbsp;<\/sup>lid, blind.<\/p>\n\n\n\n<p><strong>2013,&nbsp;<\/strong>oprichting van het CoVal (<strong>Co<\/strong>miteit van&nbsp;&nbsp;<strong>Val<\/strong>idation des cols), die CERP vervangt (<strong>C<\/strong>ommissie d\u2019<strong>E<\/strong>theatraal,&nbsp;<strong>R<\/strong>en&nbsp;<strong>P<\/strong>roposal), met een kleiner aantal bestuursleden en leden met expertise in pasanalyse (Claude B\u00e9nistrand, Jean-Michel Clausse, R\u00e9gis Paraz, Philippe Carrez, Michel Mathieu).<br>Verkiezings Algemene Vergadering met een nieuwe Raad van Bestuur. Voorzitter: R\u00e9gis Paraz, Algemeen Secretaris: Guy Harl\u00e9, Penningmeester: Michel Mathieu, Assistent Secretaris: Nathalie Mauret, Ondervoorzitter: Mario Labelle (deze functie werd twee maanden later vacant na zijn ontslag).<br>Chantal Sala is herbenoemd tot hoofdredacteur van het tijdschrift.<\/p>\n\n\n\n<p><strong>2014,&nbsp;<\/strong>oprichting van de GT Info (IT-werkgroep, bestaande uit Patrick Schleppi, Daniel Bossard, G\u00e9rard Birelli, Philippe Carrez, Jean-Michel Clausse, Graham Cutting, R\u00e9gis Paraz, Guy Ruffi\u00e9 en Chantal Sala) en een nieuwe richting voor het IT-beleid, zowel bij de toewijzing van verantwoordelijkheden als bij het dagelijks beheer en de uitvoering van projecten. Het principe van samenwerken zorgt voor de duurzaamheid van toepassingen door te voorkomen dat het systeem afhankelijk is van \u00e9\u00e9n persoon.<\/p>\n\n\n\n<p><strong>2015,&nbsp;<\/strong>Cre\u00ebren en implementeren van een nieuwe website, na het analyseren en verwoorden van de behoeften van de GT Info.<br>Start van een gezamenlijke database van bergpassen in alle landen.<br>Oprichting van een samenwerkingsverband met Openrunner, waardoor de zichtbaarheid van de club op internet wordt vergroot.<br>Robert Chauvot overleed in juli en de club verloor helaas de auteur van de Bijbel (Catalogue des cols de France).<\/p>\n\n\n\n<p>In 2015 telden we meer dan 7372 registraties, uit ongeveer twintig verschillende landen: Australi\u00eb, Oostenrijk, Belgi\u00eb, Brazili\u00eb, Canada, Denemarken, Frankrijk, Duitsland, Hongarije, Ierland, Itali\u00eb, Jamaica, Luxemburg, Nederland, Noorwegen, Polen, Sloveni\u00eb, Schotland, Spanje, Zweden, Zwitserland, Verenigd Koninkrijk, Verenigde Staten...<\/p>\n\n\n\n<p>De Zwitsers, Belgen en Italianen vormen het grootste contingent buitenlandse leden die zich bij onze Confr\u00e9rie hebben aangesloten.<\/p>\n\n\n\n<p>726 van onze actieve leden hebben meer dan 1.000 verschillende bergpassen beklommen.<\/p>\n\n\n\n<p><strong>2016<\/strong><\/p>\n\n\n\n<ul class=\"wp-block-list\">\n<li>Blijft\n<ul class=\"wp-block-list\">\n<li>Ghisonaccia (Frankrijk-Corsica), van 24 tot 30 april<\/li>\n\n\n\n<li>Vassieux-en-Vercors (Frankrijk-Dr\u00f4me), van 16 tot 24 juli.<\/li>\n<\/ul>\n<\/li>\n\n\n\n<li>2016 AVA en herfstvakantie\n<ul class=\"wp-block-list\">\n<li>Balaruc-les-Bains (Frankrijk-H\u00e9rault) 12 november 2016<\/li>\n\n\n\n<li>2331 volgestorte leden.<\/li>\n<\/ul>\n<\/li>\n\n\n\n<li>Catalogi\n<ul class=\"wp-block-list\">\n<li>Publicatie van een catalogus van Italiaanse passen (7.635 passen).<\/li>\n<\/ul>\n<\/li>\n\n\n\n<li>Diverse\n<ul class=\"wp-block-list\">\n<li>Introductie van bankoverschrijvingen en Paypal voor betalingen en aankopen.<\/li>\n<\/ul>\n<\/li>\n<\/ul>\n\n\n\n<p><strong>&nbsp;<\/strong><strong>2017<\/strong><\/p>\n\n\n\n<ul class=\"wp-block-list\">\n<li>Verblijven :\n<ul class=\"wp-block-list\">\n<li>Ceriale (Itali\u00eb-Liguri\u00eb) 8 t\/m 15 mei 2017.<\/li>\n\n\n\n<li>Bielle (Frankrijk-Hautes-Pyr\u00e9n\u00e9es) 13 t\/m 20 augustus.<\/li>\n<\/ul>\n<\/li>\n\n\n\n<li>AVA 2017 en herfstvakantie\n<ul class=\"wp-block-list\">\n<li>Saint-Jorioz (Frankrijk-Haute-Savoie) 10 november 2017.<\/li>\n\n\n\n<li>2220 betalende leden.\n<ul class=\"wp-block-list\">\n<li>Verkiezings AVA: vernieuwing van de Raad van Bestuur<br>Bernard Giraudeau: Voorzitter.<br>G\u00e9rard Birelli: Vice-voorzitter, verantwoordelijk voor juridische en verzekeringszaken. Referent voor de spelregels en catalogi.<br>S\u00e9bastien Vadot: Penningmeester<br>Guy Harl\u00e9: secretaris, relaties en FFCT-licenties.<br>Nadine Giraudeau: Assistent-secretaris verantwoordelijk voor het verwelkomen van nieuwe leden, diploma's en medailles.<br>Thierry Labour : Stays Manager en Assistent Penningmeester.<br>Enrico Alberini: Internationale betrekkingen en promoties.<br>Fran\u00e7ois Rieu: redacteur van het tijdschrift.<\/li>\n<\/ul>\n<\/li>\n<\/ul>\n<\/li>\n\n\n\n<li>Bestuursbesluiten\n<ul class=\"wp-block-list\">\n<li>het aantal bestuursleden verhogen van 8 naar 11<\/li>\n\n\n\n<li>afschaffing van de COVAL<\/li>\n\n\n\n<li>autonoom GT-beheer<\/li>\n\n\n\n<li>Verandering van clubuniform<\/li>\n<\/ul>\n<\/li>\n\n\n\n<li>IT\n<ul class=\"wp-block-list\">\n<li>\n<ul class=\"wp-block-list\">\n<li>Verbeteringen aan de pasweergave<\/li>\n<\/ul>\n<\/li>\n<\/ul>\n<\/li>\n\n\n\n<li>Catalogi\n<ul class=\"wp-block-list\">\n<li>\n<ul class=\"wp-block-list\">\n<li>In januari werd een nieuwe catalogus voor Spanje gepubliceerd, samen met catalogi voor Zuid-Afrika, Lesotho, Macedoni\u00eb en Jamaica.<\/li>\n<\/ul>\n<\/li>\n<\/ul>\n<\/li>\n\n\n\n<li>Diverse\n<ul class=\"wp-block-list\">\n<li>\n<ul class=\"wp-block-list\">\n<li>\n<ul class=\"wp-block-list\">\n<li>Een nieuwe permanente tour, \u00abHelvetica Ronda\u00bb, beslaat 2.830 km en een totaal hoogteverschil van 49.000 m.<\/li>\n<\/ul>\n<\/li>\n<\/ul>\n<\/li>\n<\/ul>\n<\/li>\n<\/ul>\n\n\n\n<p><strong>2018<\/strong><\/p>\n\n\n\n<ul class=\"wp-block-list\">\n<li>Blijft\n<ul class=\"wp-block-list\">\n<li>Argel\u00e8s-sur-Mer (Frankrijk- Pyr\u00e9n\u00e9es Orientales) 14 tot 22 april.<\/li>\n\n\n\n<li>Saint-Maurice (Zwitserland - Wallis) 13 tot 19 augustus.<\/li>\n<\/ul>\n<\/li>\n\n\n\n<li>2018 Buitengewone Algemene Vergadering (statutenwijziging), Gewone Algemene Vergadering en herfstvakantie\n<ul class=\"wp-block-list\">\n<li>B\u00e9doin (Frankrijk-Vaucluse) 10 november 2018.<\/li>\n\n\n\n<li>2166 betalende leden.<\/li>\n\n\n\n<li>Het bestuur heeft 11 leden in plaats van de vorige 8.<\/li>\n\n\n\n<li>Start van de verkoop aan leden van het nieuwe tenue van de Club, gemaakt in Itali\u00eb door Moa-Sport NALINI.<\/li>\n<\/ul>\n<\/li>\n\n\n\n<li>Bestuursbesluiten\n<ul class=\"wp-block-list\">\n<li>H\u00e9l\u00e8ne Laxenaire neemt het stokje over van Nicole Poty als manager van de kledingwinkel van de club.<\/li>\n<\/ul>\n<\/li>\n\n\n\n<li>Productie van de Info Cent Cols in kleur.<\/li>\n\n\n\n<li>Oprichting van een intern Club Solidariteitsfonds voor \u201cgerechtvaardigde\u201d afzeggingen (ziekte, ongeval, enz.).<\/li>\n\n\n\n<li>De catalogi zijn gratis voor clubleden, terwijl niet-leden de catalogi alleen in PDF-formaat kunnen kopen.<\/li>\n\n\n\n<li>Claude Benistrand benoemd tot erevoorzitter<\/li>\n\n\n\n<li>IT\n<ul class=\"wp-block-list\">\n<li>De site is beschikbaar in het Engels en Italiaans.<\/li>\n<\/ul>\n<\/li>\n\n\n\n<li>Catalogi\n<ul class=\"wp-block-list\">\n<li>\n<ul class=\"wp-block-list\">\n<li>Nieuwe editie van de catalogus voor de Verenigde Staten.<\/li>\n<\/ul>\n<\/li>\n<\/ul>\n<\/li>\n\n\n\n<li>DT\n<ul class=\"wp-block-list\">\n<li>\n<ul class=\"wp-block-list\">\n<li>\n<ul class=\"wp-block-list\">\n<li>Nadat Zone 04W in 2 delen was gesplitst, droeg Claude Mabillot Zone 04N over aan Robert de Rudder en Zone 04S aan Jean-Marie Gilouin.<\/li>\n\n\n\n<li>Luigi Spina wordt TD van Itali\u00eb in plaats van Enrico Alberini<\/li>\n\n\n\n<li>Henk Leroy vervangt Rudy Pede als Belgische TD.<\/li>\n<\/ul>\n<\/li>\n<\/ul>\n<\/li>\n<\/ul>\n<\/li>\n<\/ul>\n\n\n\n<p><strong>2019<\/strong><\/p>\n\n\n\n<ul class=\"wp-block-list\">\n<li>Blijft\n<ul class=\"wp-block-list\">\n<li>Propriano (Frankrijk-Corsica) 11 tot 18 mei.<\/li>\n\n\n\n<li>St Di\u00e9-des-Vosges 20 tot 27 juli.<\/li>\n<\/ul>\n<\/li>\n\n\n\n<li>AVA 2019\n<ul class=\"wp-block-list\">\n<li>in Nant op 9 november 2019.<\/li>\n\n\n\n<li>2069 betalende leden.<\/li>\n<\/ul>\n<\/li>\n\n\n\n<li>Bestuursbesluiten\n<ul class=\"wp-block-list\">\n<li>Ondertekening van een partnerschapsovereenkomst tussen de CCC en de FFCT.<\/li>\n\n\n\n<li>Creatie van een \"trombinoscoop\" (foto's van vakantiegangers).<\/li>\n\n\n\n<li>Bruno Litwin geco\u00f6pteerd als winkelmanager.<\/li>\n\n\n\n<li>Christophe Badonnel werd medeverantwoordelijk voor de vakantie.<\/li>\n\n\n\n<li>Oprichting van een GT-Com en zoeken naar synergie\u00ebn met Facebook en Strava.<\/li>\n\n\n\n<li>De Club biedt 4 uitdagingen die open staan voor iedereen, of ze nu lid zijn van de Club des Cent Cols of niet.<\/li>\n<\/ul>\n<\/li>\n\n\n\n<li>Catalogi\n<ul class=\"wp-block-list\">\n<li>Graham is verantwoordelijk voor de co\u00f6rdinatie tussen de werkgroepen.<\/li>\n<\/ul>\n<\/li>\n\n\n\n<li>DT\n<ul class=\"wp-block-list\">\n<li>Fran\u00e7ois Miroux vervangt Thierry Combelles voor \u00abLe reste du monde\u00bb.<\/li>\n\n\n\n<li>Jeremy Chandler wordt DT van \u00abVK en Ierland\u00bb.<\/li>\n<\/ul>\n<\/li>\n\n\n\n<li>Diverse\n<ul class=\"wp-block-list\">\n<li>Verlenging van de samenwerkingsovereenkomst met Openrunner.<\/li>\n\n\n\n<li>Presentatie van de CCC op de FFCT AGM in Angers.<\/li>\n\n\n\n<li>Clubuitnodiging voor de Ard\u00e9choise door G\u00e9rard Mistler (CCC-lid nr. 14) en oprichter van de Ard\u00e9choise.<\/li>\n<\/ul>\n<\/li>\n<\/ul>\n\n\n\n<p><strong>2020<\/strong><\/p>\n\n\n\n<ul class=\"wp-block-list\">\n<li>Blijft\n<ul class=\"wp-block-list\">\n<li>Cavi di Lavagna (Itali\u00eb-Liguri\u00eb), geannuleerd vanwege pandemie bij COVID<\/li>\n\n\n\n<li>Chessy-les Mines (Frankrijk-Rh\u00f4ne) 15 tot 22 augustus<\/li>\n<\/ul>\n<\/li>\n\n\n\n<li>2020 AVA en herfstvakantie\n<ul class=\"wp-block-list\">\n<li>Autun (Frankrijk-Sa\u00f4ne et Loire)\/ AVA afgelast vanwege pandemie bij COVID. Elektronische stemming over verslagen.<\/li>\n\n\n\n<li>2012 volgestorte leden.<\/li>\n<\/ul>\n<\/li>\n\n\n\n<li>Bestuursbesluiten\n<ul class=\"wp-block-list\">\n<li>Fran\u00e7ois Candau benoemd tot hoofd communicatie.<\/li>\n\n\n\n<li>Om te voldoen aan de wetgeving werd met Gritchen onderhandeld over een \u201cverzekerings\u201d-aanbod voor vakantiedagen om geleidelijk het Solidariteitsfonds te vervangen.<\/li>\n\n\n\n<li>Beslissing om Annecy te kiezen om de vijftigste verjaardag van de club te vieren.<\/li>\n\n\n\n<li>Toezicht op de permanente wandelingen door Jean-Marc Cl\u00e9ment.<\/li>\n<\/ul>\n<\/li>\n\n\n\n<li>IT\n<ul class=\"wp-block-list\">\n<li>Robert Charbonnier is toegevoegd aan het IT-team.<\/li>\n\n\n\n<li>Voltooiing van het werk aan de grenspassen.<\/li>\n\n\n\n<li>Het laatste stuk voor de lancering van de bergpasdatabase.<\/li>\n<\/ul>\n<\/li>\n\n\n\n<li>Catalogi\n<ul class=\"wp-block-list\">\n<li>55 catalogi voor bijna 70.000 flessen zijn operationeel<\/li>\n<\/ul>\n<\/li>\n\n\n\n<li>DT\n<ul class=\"wp-block-list\">\n<li>Claude en Michel Rabuteau vervangen Herv\u00e9 Richard in zone 03W<\/li>\n\n\n\n<li>Benoeming van Robert de Rudder tot technisch afgevaardigde<\/li>\n<\/ul>\n<\/li>\n\n\n\n<li>Diverse\n<ul class=\"wp-block-list\">\n<li>Introductie van een enqu\u00eate voor nieuwe leden<\/li>\n\n\n\n<li>Aspirant-kandidaten worden gesponsord door de TD's of door Nadine Giraudeau, die verantwoordelijk is voor de inschrijvingen.<\/li>\n<\/ul>\n<\/li>\n<\/ul>\n\n\n\n<p><strong>2021<\/strong><\/p>\n\n\n\n<ul class=\"wp-block-list\">\n<li>Blijft\n<ul class=\"wp-block-list\">\n<li>Cavi di Lavagna: afgelast wegens pandemie bij Covid<\/li>\n\n\n\n<li>M\u00e9ollans-Revel (Frankrijk-Alpes de Hautes Provence) 4 tot 11 september<\/li>\n<\/ul>\n<\/li>\n\n\n\n<li>2021 AVA en herfstvakantie\n<ul class=\"wp-block-list\">\n<li>Ste Maxime (Frankrijk-Var) 10 tot 14 november.<\/li>\n\n\n\n<li>1974 volgestorte leden.\n<ul class=\"wp-block-list\">\n<li>Electieve AVA: Vernieuwing van de Raad van Bestuur<br>Enrico Alberini: Voorzitter<br>Nadine Giraudeau: vicevoorzitter verantwoordelijk voor het verwelkomen van nieuwe leden, diploma's en medailles<br>Herv\u00e9 Reti\u00e8re: secretaris<br>S\u00e9bastien Vadot: Penningmeester<br>Christophe Badonnel: vakantiemanager en plaatsvervangend penningmeester<br>Fran\u00e7ois Rieu: hoofdredacteur<br>Jean-Luc Matte: medeverantwoordelijk voor vakanties<br>Bruno Litwin: winkelmanager<br>Bernard Giraudeau: Hoofd communicatie<\/li>\n<\/ul>\n<\/li>\n<\/ul>\n<\/li>\n\n\n\n<li>Bestuursbesluiten\n<ul class=\"wp-block-list\">\n<li>Creatie van wegenpassen per administratieve regio en nationale passen voor alle landen.<\/li>\n<\/ul>\n<\/li>\n\n\n\n<li>IT\n<ul class=\"wp-block-list\">\n<li>\n<ul class=\"wp-block-list\">\n<li>Pasdatabase gaat live<\/li>\n\n\n\n<li>Perfecte synchronisatie tussen de database, ccWay en de viewer.<\/li>\n\n\n\n<li>Nieuwe passen kunnen elk jaar automatisch worden gedeclareerd op de website.<\/li>\n\n\n\n<li>Beheer van regionale kaarten voor CCC-leden<\/li>\n<\/ul>\n<\/li>\n<\/ul>\n<\/li>\n\n\n\n<li>Catalogi\n<ul class=\"wp-block-list\">\n<li>\n<ul class=\"wp-block-list\">\n<li>Er worden dit jaar een aantal catalogi gelanceerd, van Latijns-Amerika tot Madagaskar, via Libanon en Isra\u00ebl.<\/li>\n<\/ul>\n<\/li>\n<\/ul>\n<\/li>\n\n\n\n<li>TD: Constant van Waterschoot draagt de functie van Nederlands TD over aan Paul Oude Luttighuis<\/li>\n<\/ul>\n\n\n\n<p><strong><em>2022 - De Broederschap wordt 50.<\/em><\/strong><\/p>\n\n\n\n<p>In maart is Michel Verhaeghe, de Top, overleden. Hij was het eerste lid dat 10.000 bergpassen bereikte.<\/p>\n\n\n\n<ul class=\"wp-block-list\">\n<li>Blijft\n<ul class=\"wp-block-list\">\n<li>Cavi di Lavagna (Itali\u00eb-Liguri\u00eb) van 1 tot 8 mei 2022<\/li>\n\n\n\n<li>Sare (Pyrenee\u00ebn-Atlantiques) van 2 tot 9 juli 2022<\/li>\n<\/ul>\n<\/li>\n\n\n\n<li>Bijeenkomst ter ere van de 50e verjaardag van de oprichting van onze club in Col Luitel op 25 juni<\/li>\n\n\n\n<li>AGM 50ste verjaardag van de oprichting van onze club en herfstvakantie\n<ul class=\"wp-block-list\">\n<li>Annecy 5 november 2022.<\/li>\n\n\n\n<li>1917 volgestorte leden.<\/li>\n<\/ul>\n<\/li>\n\n\n\n<li>IT\n<ul class=\"wp-block-list\">\n<li>Catalogi uit 35 nieuwe landen of gebieden (vooral in Azi\u00eb en Afrika). 129 catalogi maken nu deel uit van het erfgoed van de club. Er staan bijna 100.000 flessen in.<\/li>\n<\/ul>\n<\/li>\n\n\n\n<li>Communicatie\n<ul class=\"wp-block-list\">\n<li>De website, die in 2015 werd gecre\u00eberd en sinds 2018 beschikbaar is in het Engels en Italiaans, bevat een nieuwe sectie op de startpagina, La Gazette, die tot doel heeft om zowel leden als niet-leden zichtbaarheid te geven aan kleine en grote evenementen die verband houden met de club, haar activiteiten en die van haar leden.<\/li>\n\n\n\n<li>Een Europese aanpak wordt ge\u00efmplementeerd door middel van samenwerkingsverbanden met de UECT (European Cycling Union) en de FECT (Spanish Cycling Federation).<\/li>\n\n\n\n<li>Partnerschappen, die in het verleden al waren aangegaan met de FFCT en OpenRunner, worden versterkt en productiever.<\/li>\n<\/ul>\n<\/li>\n\n\n\n<li>Diverse\n<ul class=\"wp-block-list\">\n<li>8000ste lid van de Club, Christophe Marchal rijdt op een handbike<\/li>\n\n\n\n<li>Onder de permanente wandelingen zijn vijf lussen gecre\u00eberd, d.w.z. routes waarbij je kunt vertrekken en terugkeren naar hetzelfde startpunt.<\/li>\n<\/ul>\n<\/li>\n\n\n\n<li>DT\n<ul class=\"wp-block-list\">\n<li>G\u00e9rard Fillon-Robin draagt de controle over zone 04S over aan Jean-Yves Jamin<\/li>\n\n\n\n<li>Ars\u00e8ne Bickel draagt zijn taken als Regionaal Directeur voor Zone 03E over aan Denis Mathieu<\/li>\n\n\n\n<li>Alain Benoist vervangt Jean-Marie Gilouin als regionaal directeur voor Zone 04SW.<\/li>\n<\/ul>\n<\/li>\n<\/ul>\n\n\n\n<p><strong>2024 - Overlijden van Jean Perdoux<\/strong><\/p>\n\n\n\n<p>Jean Perdoux, oprichter van de Club des Cent Cols, is op 13 maart op 87-jarige leeftijd overleden. Dit betekent het einde van een lang hoofdstuk in de geschiedenis van de Club des Cent Cols. We hebben onze gids verloren, maar niet zijn idee\u00ebn.<\/p>\n\n\n\n<p><strong>Deze geschiedenis is gedeeltelijk gebaseerd op het boek van Jean PERDOUX en Henri DUSSEAU, \u201c<a href=\"https:\/\/centcols.org\/nl\/boutique\/produit\/livre-quarante-ans-dhistoire-de-la-confrerie\/\" target=\"_blank\" rel=\"noreferrer noopener\">40 jaar geschiedenis<\/a>\u201cdoor Chantal Sala en R\u00e9gis Paraz, later bijgewerkt door Bernard Giraudeau en Enrico Alberini.<\/strong><\/p>","protected":false},"excerpt":{"rendered":"<p>C\u2019est par une magnifique journ\u00e9e d\u2019automne 1970, durant l\u2019ascension du tr\u00e8s beau et assez difficile col du Luitel, situ\u00e9 pr\u00e8s de Grenoble, dans les Alpes, que naquit l\u2019id\u00e9e de la Confr\u00e9rie des \u201cCent Cols\u201d. Ce lieu fut en effet le t\u00e9moin innocent du r\u00eave d\u2019un cycliste aimant la montagne. Pr\u00e8s du po\u00e9tique lac Luitel et [&hellip;]<\/p>\n","protected":false},"author":2,"featured_media":79137,"parent":0,"menu_order":0,"comment_status":"open","ping_status":"closed","template":"","meta":{"_acf_changed":false,"footnotes":""},"class_list":["post-79136","page","type-page","status-publish","has-post-thumbnail","hentry"],"acf":[],"yoast_head":"<!-- This site is optimized with the Yoast SEO plugin v27.2 - https:\/\/yoast.com\/product\/yoast-seo-wordpress\/ -->\n<title>50 ans d&#039;histoire - Club des Cent Cols<\/title>\n<meta name=\"robots\" content=\"index, follow, max-snippet:-1, max-image-preview:large, max-video-preview:-1\" \/>\n<link rel=\"canonical\" href=\"https:\/\/centcols.org\/nl\/50-jaar-geschiedenis\/\" \/>\n<meta property=\"og:locale\" content=\"nl_BE\" \/>\n<meta property=\"og:type\" content=\"article\" \/>\n<meta property=\"og:title\" content=\"50 ans d&#039;histoire - Club des Cent Cols\" \/>\n<meta property=\"og:description\" content=\"C\u2019est par une magnifique journ\u00e9e d\u2019automne 1970, durant l\u2019ascension du tr\u00e8s beau et assez difficile col du Luitel, situ\u00e9 pr\u00e8s de Grenoble, dans les Alpes, que naquit l\u2019id\u00e9e de la Confr\u00e9rie des \u201cCent Cols\u201d. Ce lieu fut en effet le t\u00e9moin innocent du r\u00eave d\u2019un cycliste aimant la montagne. Pr\u00e8s du po\u00e9tique lac Luitel et [&hellip;]\" \/>\n<meta property=\"og:url\" content=\"https:\/\/centcols.org\/nl\/50-jaar-geschiedenis\/\" \/>\n<meta property=\"og:site_name\" content=\"Club des Cent Cols\" \/>\n<meta property=\"article:publisher\" content=\"https:\/\/www.facebook.com\/groups\/5261880558\/?locale=fr_FR\" \/>\n<meta property=\"article:modified_time\" content=\"2025-05-05T13:57:03+00:00\" \/>\n<meta property=\"og:image\" content=\"https:\/\/centcols.org\/wp-content\/uploads\/2025\/02\/dl_12-12-02-1.jpg\" \/>\n\t<meta property=\"og:image:width\" content=\"740\" \/>\n\t<meta property=\"og:image:height\" content=\"376\" \/>\n\t<meta property=\"og:image:type\" content=\"image\/jpeg\" \/>\n<meta name=\"twitter:card\" content=\"summary_large_image\" \/>\n<meta name=\"twitter:label1\" content=\"Geschatte leestijd\" \/>\n\t<meta name=\"twitter:data1\" content=\"20 minuten\" \/>\n<script type=\"application\/ld+json\" class=\"yoast-schema-graph\">{\"@context\":\"https:\/\/schema.org\",\"@graph\":[{\"@type\":\"WebPage\",\"@id\":\"https:\/\/centcols.org\/50-ans-dhistoire\/\",\"url\":\"https:\/\/centcols.org\/50-ans-dhistoire\/\",\"name\":\"50 ans d'histoire - Club des Cent Cols\",\"isPartOf\":{\"@id\":\"https:\/\/centcols.org\/#website\"},\"primaryImageOfPage\":{\"@id\":\"https:\/\/centcols.org\/50-ans-dhistoire\/#primaryimage\"},\"image\":{\"@id\":\"https:\/\/centcols.org\/50-ans-dhistoire\/#primaryimage\"},\"thumbnailUrl\":\"https:\/\/centcols.org\/wp-content\/uploads\/2025\/02\/dl_12-12-02-1.jpg\",\"datePublished\":\"2025-02-05T07:58:17+00:00\",\"dateModified\":\"2025-05-05T13:57:03+00:00\",\"breadcrumb\":{\"@id\":\"https:\/\/centcols.org\/50-ans-dhistoire\/#breadcrumb\"},\"inLanguage\":\"nl-BE\",\"potentialAction\":[{\"@type\":\"ReadAction\",\"target\":[\"https:\/\/centcols.org\/50-ans-dhistoire\/\"]}]},{\"@type\":\"ImageObject\",\"inLanguage\":\"nl-BE\",\"@id\":\"https:\/\/centcols.org\/50-ans-dhistoire\/#primaryimage\",\"url\":\"https:\/\/centcols.org\/wp-content\/uploads\/2025\/02\/dl_12-12-02-1.jpg\",\"contentUrl\":\"https:\/\/centcols.org\/wp-content\/uploads\/2025\/02\/dl_12-12-02-1.jpg\",\"width\":740,\"height\":376},{\"@type\":\"BreadcrumbList\",\"@id\":\"https:\/\/centcols.org\/50-ans-dhistoire\/#breadcrumb\",\"itemListElement\":[{\"@type\":\"ListItem\",\"position\":1,\"name\":\"Accueil\",\"item\":\"https:\/\/centcols.org\/\"},{\"@type\":\"ListItem\",\"position\":2,\"name\":\"50 ans d&rsquo;histoire\"}]},{\"@type\":\"WebSite\",\"@id\":\"https:\/\/centcols.org\/#website\",\"url\":\"https:\/\/centcols.org\/\",\"name\":\"Club des Cent Cols\",\"description\":\"\",\"publisher\":{\"@id\":\"https:\/\/centcols.org\/#organization\"},\"potentialAction\":[{\"@type\":\"SearchAction\",\"target\":{\"@type\":\"EntryPoint\",\"urlTemplate\":\"https:\/\/centcols.org\/?s={search_term_string}\"},\"query-input\":{\"@type\":\"PropertyValueSpecification\",\"valueRequired\":true,\"valueName\":\"search_term_string\"}}],\"inLanguage\":\"nl-BE\"},{\"@type\":\"Organization\",\"@id\":\"https:\/\/centcols.org\/#organization\",\"name\":\"Club des Cent Cols\",\"url\":\"https:\/\/centcols.org\/\",\"logo\":{\"@type\":\"ImageObject\",\"inLanguage\":\"nl-BE\",\"@id\":\"https:\/\/centcols.org\/#\/schema\/logo\/image\/\",\"url\":\"https:\/\/centcols.org\/wp-content\/uploads\/2025\/01\/carte-icone.png\",\"contentUrl\":\"https:\/\/centcols.org\/wp-content\/uploads\/2025\/01\/carte-icone.png\",\"width\":250,\"height\":250,\"caption\":\"Club des Cent Cols\"},\"image\":{\"@id\":\"https:\/\/centcols.org\/#\/schema\/logo\/image\/\"},\"sameAs\":[\"https:\/\/www.facebook.com\/groups\/5261880558\/?locale=fr_FR\"]}]}<\/script>\n<!-- \/ Yoast SEO plugin. -->","yoast_head_json":{"title":"50 jaar geschiedenis - Club des Cent Cols","robots":{"index":"index","follow":"follow","max-snippet":"max-snippet:-1","max-image-preview":"max-image-preview:large","max-video-preview":"max-video-preview:-1"},"canonical":"https:\/\/centcols.org\/nl\/50-jaar-geschiedenis\/","og_locale":"nl_BE","og_type":"article","og_title":"50 ans d'histoire - Club des Cent Cols","og_description":"C\u2019est par une magnifique journ\u00e9e d\u2019automne 1970, durant l\u2019ascension du tr\u00e8s beau et assez difficile col du Luitel, situ\u00e9 pr\u00e8s de Grenoble, dans les Alpes, que naquit l\u2019id\u00e9e de la Confr\u00e9rie des \u201cCent Cols\u201d. Ce lieu fut en effet le t\u00e9moin innocent du r\u00eave d\u2019un cycliste aimant la montagne. Pr\u00e8s du po\u00e9tique lac Luitel et [&hellip;]","og_url":"https:\/\/centcols.org\/nl\/50-jaar-geschiedenis\/","og_site_name":"Club des Cent Cols","article_publisher":"https:\/\/www.facebook.com\/groups\/5261880558\/?locale=fr_FR","article_modified_time":"2025-05-05T13:57:03+00:00","og_image":[{"width":740,"height":376,"url":"https:\/\/centcols.org\/wp-content\/uploads\/2025\/02\/dl_12-12-02-1.jpg","type":"image\/jpeg"}],"twitter_card":"summary_large_image","twitter_misc":{"Geschatte leestijd":"20 minuten"},"schema":{"@context":"https:\/\/schema.org","@graph":[{"@type":"WebPage","@id":"https:\/\/centcols.org\/50-ans-dhistoire\/","url":"https:\/\/centcols.org\/50-ans-dhistoire\/","name":"50 jaar geschiedenis - Club des Cent Cols","isPartOf":{"@id":"https:\/\/centcols.org\/#website"},"primaryImageOfPage":{"@id":"https:\/\/centcols.org\/50-ans-dhistoire\/#primaryimage"},"image":{"@id":"https:\/\/centcols.org\/50-ans-dhistoire\/#primaryimage"},"thumbnailUrl":"https:\/\/centcols.org\/wp-content\/uploads\/2025\/02\/dl_12-12-02-1.jpg","datePublished":"2025-02-05T07:58:17+00:00","dateModified":"2025-05-05T13:57:03+00:00","breadcrumb":{"@id":"https:\/\/centcols.org\/50-ans-dhistoire\/#breadcrumb"},"inLanguage":"nl-BE","potentialAction":[{"@type":"ReadAction","target":["https:\/\/centcols.org\/50-ans-dhistoire\/"]}]},{"@type":"ImageObject","inLanguage":"nl-BE","@id":"https:\/\/centcols.org\/50-ans-dhistoire\/#primaryimage","url":"https:\/\/centcols.org\/wp-content\/uploads\/2025\/02\/dl_12-12-02-1.jpg","contentUrl":"https:\/\/centcols.org\/wp-content\/uploads\/2025\/02\/dl_12-12-02-1.jpg","width":740,"height":376},{"@type":"BreadcrumbList","@id":"https:\/\/centcols.org\/50-ans-dhistoire\/#breadcrumb","itemListElement":[{"@type":"ListItem","position":1,"name":"Accueil","item":"https:\/\/centcols.org\/"},{"@type":"ListItem","position":2,"name":"50 ans d&rsquo;histoire"}]},{"@type":"WebSite","@id":"https:\/\/centcols.org\/#website","url":"https:\/\/centcols.org\/","name":"Club van Cent Cols","description":"","publisher":{"@id":"https:\/\/centcols.org\/#organization"},"potentialAction":[{"@type":"SearchAction","target":{"@type":"EntryPoint","urlTemplate":"https:\/\/centcols.org\/?s={search_term_string}"},"query-input":{"@type":"PropertyValueSpecification","valueRequired":true,"valueName":"search_term_string"}}],"inLanguage":"nl-BE"},{"@type":"Organization","@id":"https:\/\/centcols.org\/#organization","name":"Club van Cent Cols","url":"https:\/\/centcols.org\/","logo":{"@type":"ImageObject","inLanguage":"nl-BE","@id":"https:\/\/centcols.org\/#\/schema\/logo\/image\/","url":"https:\/\/centcols.org\/wp-content\/uploads\/2025\/01\/carte-icone.png","contentUrl":"https:\/\/centcols.org\/wp-content\/uploads\/2025\/01\/carte-icone.png","width":250,"height":250,"caption":"Club des Cent Cols"},"image":{"@id":"https:\/\/centcols.org\/#\/schema\/logo\/image\/"},"sameAs":["https:\/\/www.facebook.com\/groups\/5261880558\/?locale=fr_FR"]}]}},"_links":{"self":[{"href":"https:\/\/centcols.org\/nl\/wp-json\/wp\/v2\/pages\/79136","targetHints":{"allow":["GET"]}}],"collection":[{"href":"https:\/\/centcols.org\/nl\/wp-json\/wp\/v2\/pages"}],"about":[{"href":"https:\/\/centcols.org\/nl\/wp-json\/wp\/v2\/types\/page"}],"author":[{"embeddable":true,"href":"https:\/\/centcols.org\/nl\/wp-json\/wp\/v2\/users\/2"}],"replies":[{"embeddable":true,"href":"https:\/\/centcols.org\/nl\/wp-json\/wp\/v2\/comments?post=79136"}],"version-history":[{"count":0,"href":"https:\/\/centcols.org\/nl\/wp-json\/wp\/v2\/pages\/79136\/revisions"}],"wp:featuredmedia":[{"embeddable":true,"href":"https:\/\/centcols.org\/nl\/wp-json\/wp\/v2\/media\/79137"}],"wp:attachment":[{"href":"https:\/\/centcols.org\/nl\/wp-json\/wp\/v2\/media?parent=79136"}],"curies":[{"name":"wp","href":"https:\/\/api.w.org\/{rel}","templated":true}]}}