{"id":79553,"date":"2025-02-05T10:08:06","date_gmt":"2025-02-05T08:08:06","guid":{"rendered":"https:\/\/centcols.org\/les-delegues-et-autres-benevoles\/"},"modified":"2025-12-13T20:44:54","modified_gmt":"2025-12-13T18:44:54","slug":"afgevaardigden-en-andere-vrijwilligers","status":"publish","type":"page","link":"https:\/\/centcols.org\/nl\/les-delegues-et-autres-benevoles\/","title":{"rendered":"Afgevaardigden en andere vrijwilligers"},"content":{"rendered":"<p>Veel vrijwilligers werken het hele jaar door. Of ze nu in werkgroepen zitten of specifieke taken uitvoeren, ze leveren een actieve bijdrage aan het functioneren en de reputatie van de club.<\/p>\n\n\n\n<h2 class=\"wp-block-heading\">Regionale en nationale afgevaardigden<\/h2>\n\n\n\n<p>De regionale afgevaardigden en nationale afgevaardigden zijn de regionale contactpersonen van de club. Zij zijn verantwoordelijk voor het valideren van de collarlijsten van de leden en zorgen ervoor dat de spelregels worden nageleefd, maar ook voor het beheren van de jaarabonnementen en het bijwerken van de ledenbestanden. Ze kunnen ook technische ondersteuning bieden aan collega's bij het gebruik van de tools die de club ter beschikking stelt.<\/p>\n\n\n\n<p class=\"has-text-align-center\"><em>Leden moeten contact opnemen met hun territoriale of nationale afgevaardigde voor alle zaken met betrekking tot hun paslijsten en abonnementen.<\/em><\/p>\n\n\n\n<h3 class=\"wp-block-heading has-text-align-center\">Frankrijk<\/h3>\n\n\n<div class=\"wp-block-image\">\n<figure class=\"aligncenter size-full\"><img loading=\"lazy\" decoding=\"async\" width=\"800\" height=\"700\" src=\"https:\/\/centcols.org\/wp-content\/uploads\/2025\/08\/Carte-DT_2023-04-05-site.jpg\" alt=\"\" class=\"wp-image-85404\" srcset=\"https:\/\/centcols.org\/wp-content\/uploads\/2025\/08\/Carte-DT_2023-04-05-site.jpg 800w, https:\/\/centcols.org\/wp-content\/uploads\/2025\/08\/Carte-DT_2023-04-05-site-768x672.jpg 768w, https:\/\/centcols.org\/wp-content\/uploads\/2025\/08\/Carte-DT_2023-04-05-site-14x12.jpg 14w\" sizes=\"auto, (max-width: 800px) 100vw, 800px\" \/><\/figure>\n<\/div>\n\n\n<div class=\"wp-block-columns is-layout-flex wp-container-core-columns-is-layout-9d6595d7 wp-block-columns-is-layout-flex\">\n<div class=\"wp-block-column is-layout-flow wp-block-column-is-layout-flow\">\n<h4 class=\"wp-block-heading has-text-align-center has-background\" style=\"background-color:#cfcfcf\">Zone 01 + DOM-TOM<\/h4>\n\n\n\n<div class=\"wp-block-group has-background\" style=\"background-color:#f6f6f6\"><div class=\"wp-block-group__inner-container is-layout-constrained wp-block-group-is-layout-constrained\"><div class=\"wp-block-image is-style-rounded\">\n<figure class=\"aligncenter size-full is-resized\"><img loading=\"lazy\" decoding=\"async\" width=\"150\" height=\"200\" src=\"https:\/\/centcols.org\/wp-content\/uploads\/2025\/08\/remond.jpg\" alt=\"\" class=\"wp-image-85779\" style=\"width:auto;height:150px\"\/><\/figure>\n<\/div>\n\n\n<h3 class=\"wp-block-heading has-text-align-center\">Didier R\u00e9mond (Nr. 1202)<\/h3>\n\n\n\n<p class=\"has-text-align-center has-small-font-size\">10 rue Camille Desmoulins<br>93600 Aulnay-sous-Bois<\/p>\n\n\n\n<p class=\"has-text-align-center has-small-font-size\"><a href=\"\/nl\/&\/#x6d;a&#x69;l&#x74;&#111;&#x3a;&#100;i&#x64;i&#x65;&#114;&#x72;&#101;&#x6d;&#111;n&#x64;&#64;&#x66;&#114;&#x65;&#101;&#x2e;&#x66;r\">didierremond@free.fr<\/a><\/p>\n<\/div><\/div>\n<\/div>\n\n\n\n<div class=\"wp-block-column is-layout-flow wp-block-column-is-layout-flow\">\n<h4 class=\"wp-block-heading has-text-align-center has-background\" style=\"background-color:#f4e503\">Zone 02<\/h4>\n\n\n\n<div class=\"wp-block-group has-background\" style=\"background-color:#f6f6f6\"><div class=\"wp-block-group__inner-container is-layout-constrained wp-block-group-is-layout-constrained\"><div class=\"wp-block-image is-style-rounded\">\n<figure class=\"aligncenter size-full is-resized\"><img loading=\"lazy\" decoding=\"async\" width=\"150\" height=\"200\" src=\"https:\/\/centcols.org\/wp-content\/uploads\/2025\/08\/dt_jol.jpg\" alt=\"\" class=\"wp-image-85771\" style=\"width:auto;height:150px\"\/><\/figure>\n<\/div>\n\n\n<h3 class=\"wp-block-heading has-text-align-center\">Dominique Joly (nr. 2958)<\/h3>\n\n\n\n<p class=\"has-text-align-center has-small-font-size\">71 route des Vall\u00e9es<br>37510 Ballan-Mir\u00e9<\/p>\n\n\n\n<p class=\"has-text-align-center has-small-font-size\"><a href=\"\/nl\/&\/#109;&#x61;i&#x6c;&#x74;&#111;&#x3a;d&#111;&#x6d;&#105;&#x6e;i&#113;&#x75;e&#x2e;j&#111;&#x6c;y&#x34;&#x40;&#111;&#x72;a&#110;&#x67;&#101;&#x2e;f&#114;\">dominique.joly4@orange.fr<\/a><\/p>\n<\/div><\/div>\n<\/div>\n\n\n\n<div class=\"wp-block-column is-layout-flow wp-block-column-is-layout-flow\">\n<h4 class=\"wp-block-heading has-text-align-center has-background\" style=\"background-color:#73c6d6\">Zone 03E<\/h4>\n\n\n\n<div class=\"wp-block-group has-background\" style=\"background-color:#f6f6f6\"><div class=\"wp-block-group__inner-container is-layout-constrained wp-block-group-is-layout-constrained\"><div class=\"wp-block-image is-style-rounded\">\n<figure class=\"aligncenter size-full is-resized\"><img loading=\"lazy\" decoding=\"async\" width=\"237\" height=\"300\" src=\"https:\/\/centcols.org\/wp-content\/uploads\/2025\/08\/6820-Denis-Mathieu-.jpg\" alt=\"\" class=\"wp-image-85762\" style=\"width:120px\"\/><\/figure>\n<\/div>\n\n\n<h3 class=\"wp-block-heading has-text-align-center\">Denis Mathieu (nr. 6820)<\/h3>\n\n\n\n<p class=\"has-text-align-center has-small-font-size\">22 rue des Gli\u00e8res<br>54500 Vand\u0153uvre-l\u00e8s-Nancy<\/p>\n\n\n\n<p class=\"has-text-align-center has-small-font-size\"><a href=\"\/nl\/&\/#109;&#x61;i&#x6c;t&#111;&#x3a;&#100;&#x65;n&#105;&#x2e;&#109;&#x61;t&#x68;&#x69;&#101;&#x75;&#64;&#x6f;r&#97;&#x6e;&#103;&#x65;&#46;&#102;&#x72;\">deni.mathieu@orange.fr<\/a><\/p>\n<\/div><\/div>\n<\/div>\n<\/div>\n\n\n\n<div class=\"wp-block-columns is-layout-flex wp-container-core-columns-is-layout-9d6595d7 wp-block-columns-is-layout-flex\">\n<div class=\"wp-block-column is-layout-flow wp-block-column-is-layout-flow\">\n<h4 class=\"wp-block-heading has-text-align-center has-background\" style=\"background-color:#7dad3f\">Zone 03W<\/h4>\n\n\n\n<div class=\"wp-block-group has-background\" style=\"background-color:#f6f6f6\"><div class=\"wp-block-group__inner-container is-layout-constrained wp-block-group-is-layout-constrained\"><div class=\"wp-block-image is-style-rounded\">\n<figure class=\"aligncenter size-full is-resized\"><img loading=\"lazy\" decoding=\"async\" width=\"100\" height=\"100\" src=\"https:\/\/centcols.org\/wp-content\/uploads\/2025\/08\/rabuteau.jpg\" alt=\"\" class=\"wp-image-85778\" style=\"width:auto;height:150px\" srcset=\"https:\/\/centcols.org\/wp-content\/uploads\/2025\/08\/rabuteau.jpg 100w, https:\/\/centcols.org\/wp-content\/uploads\/2025\/08\/rabuteau-12x12.jpg 12w\" sizes=\"auto, (max-width: 100px) 100vw, 100px\" \/><\/figure>\n<\/div>\n\n\n<h3 class=\"wp-block-heading has-text-align-center\" style=\"font-size:23px\">Claude en Michel Rabuteau (nrs. 5493 en 5494)<\/h3>\n\n\n\n<p class=\"has-text-align-center has-small-font-size\">12 rue Arthur Kleinclausz<br>21000 Dijon<\/p>\n\n\n\n<p class=\"has-text-align-center has-small-font-size\"><a href=\"\/nl\/&\/#x6d;&#97;i&#x6c;&#116;&#111;&#x3a;&#x72;&#97;b&#x75;&#116;e&#x61;&#x75;&#46;m&#x69;&#99;h&#x65;&#x6c;&#64;g&#x6d;&#97;i&#x6c;&#x2e;&#99;o&#x6d;\">rabuteau.michel@gmail.com<\/a><\/p>\n\n\n\n<div style=\"height:27px\" aria-hidden=\"true\" class=\"wp-block-spacer\"><\/div>\n<\/div><\/div>\n<\/div>\n\n\n\n<div class=\"wp-block-column is-layout-flow wp-block-column-is-layout-flow\">\n<h4 class=\"wp-block-heading has-text-align-center has-background\" style=\"background-color:#f6cd4d\">Zone 04E<\/h4>\n\n\n\n<div class=\"wp-block-group has-background\" style=\"background-color:#f6f6f6\"><div class=\"wp-block-group__inner-container is-layout-constrained wp-block-group-is-layout-constrained\"><div class=\"wp-block-image is-style-rounded\">\n<figure class=\"aligncenter size-full is-resized\"><img loading=\"lazy\" decoding=\"async\" width=\"150\" height=\"200\" src=\"https:\/\/centcols.org\/wp-content\/uploads\/2025\/08\/bernardVieillard.jpg\" alt=\"\" class=\"wp-image-85765\" style=\"width:auto;height:150px\"\/><\/figure>\n<\/div>\n\n\n<h3 class=\"wp-block-heading has-text-align-center\">Bernard Vieillard (nr. 1355)<\/h3>\n\n\n\n<p class=\"has-text-align-center has-small-font-size\">7 all\u00e9e des Marmottes<br>73260 Aigueblanche<\/p>\n\n\n\n<p class=\"has-text-align-center has-small-font-size\"><a href=\"\/nl\/&\/#x6d;a&#x69;l&#x74;&#111;&#x3a;&#98;e&#x72;e&#x67;&#55;&#x33;&#64;&#x6f;&#114;a&#x6e;g&#x65;&#46;&#x66;&#114;\">bereg73@orange.fr<\/a><\/p>\n<\/div><\/div>\n<\/div>\n\n\n\n<div class=\"wp-block-column is-layout-flow wp-block-column-is-layout-flow\">\n<h4 class=\"wp-block-heading has-text-align-center has-background\" style=\"background-color:#8d898a\">Zone 04N<\/h4>\n\n\n\n<div class=\"wp-block-group has-background\" style=\"background-color:#f6f6f6\"><div class=\"wp-block-group__inner-container is-layout-constrained wp-block-group-is-layout-constrained\"><div class=\"wp-block-image is-style-rounded\">\n<figure class=\"aligncenter size-full is-resized\"><img loading=\"lazy\" decoding=\"async\" width=\"150\" height=\"194\" src=\"https:\/\/centcols.org\/wp-content\/uploads\/2025\/08\/5187-Corinne-Dameron.jpg\" alt=\"\" class=\"wp-image-85783\" style=\"width:auto;height:150px\"\/><\/figure>\n<\/div>\n\n\n<h3 class=\"wp-block-heading has-text-align-center\">Corinne Dameron (Nr. 5187)<\/h3>\n\n\n\n<p class=\"has-text-align-center has-small-font-size\">1 Impasse l'Aigas de Ribbes<br>69160 Tassin-la-Demi-Lune<\/p>\n\n\n\n<p class=\"has-text-align-center has-small-font-size\"><a href=\"\/nl\/&\/#x6d;&#x61;&#x69;&#x6c;&#x74;&#x6f;&#x3a;&#x63;&#x6f;&#x72;&#x69;&#x6e;&#x6e;&#x65;&#x64;&#x61;&#x6d;&#x65;&#x72;&#x6f;&#x6e;&#x2e;&#x64;&#x74;&#x40;&#x67;&#x6d;&#x61;&#x69;&#x6c;&#x2e;&#x63;&#x6f;&#x6d;\">corinnedameron.dt@gmail.com<\/a><\/p>\n<\/div><\/div>\n<\/div>\n<\/div>\n\n\n\n<div class=\"wp-block-columns is-layout-flex wp-container-core-columns-is-layout-9d6595d7 wp-block-columns-is-layout-flex\">\n<div class=\"wp-block-column is-layout-flow wp-block-column-is-layout-flow\">\n<h4 class=\"wp-block-heading has-text-align-center has-background\" style=\"background-color:#54bfe9\">Zone 04S<\/h4>\n\n\n\n<div class=\"wp-block-group has-background\" style=\"background-color:#f6f6f6\"><div class=\"wp-block-group__inner-container is-layout-constrained wp-block-group-is-layout-constrained\"><div class=\"wp-block-image is-style-rounded\">\n<figure class=\"aligncenter size-full is-resized\"><img loading=\"lazy\" decoding=\"async\" width=\"282\" height=\"300\" src=\"https:\/\/centcols.org\/wp-content\/uploads\/2025\/08\/7341_JYJamin.jpg\" alt=\"\" class=\"wp-image-85763\" style=\"width:auto;height:150px\"\/><\/figure>\n<\/div>\n\n\n<h3 class=\"wp-block-heading has-text-align-center\">Jean-Yves Jamin (nr. 7341)<\/h3>\n\n\n\n<p class=\"has-text-align-center has-small-font-size\">14 Rue des Gardians<br>34970 Lattes<\/p>\n\n\n\n<p class=\"has-text-align-center has-small-font-size\"><a href=\"\/nl\/&\/#109;&#x61;i&#x6c;&#x74;&#111;&#x3a;d&#x74;&#x2e;&#48;&#x34;s&#x2e;&#x63;&#99;&#x63;&#64;&#x67;&#x6d;&#97;&#x69;l&#x2e;&#x63;&#111;&#x6d;\">dt.04s.ccc@gmail.com<\/a><\/p>\n<\/div><\/div>\n<\/div>\n\n\n\n<div class=\"wp-block-column is-layout-flow wp-block-column-is-layout-flow\">\n<h4 class=\"wp-block-heading has-text-align-center has-background\" style=\"background-color:#ddadc5\">Zone 04SW<\/h4>\n\n\n\n<div class=\"wp-block-group has-background\" style=\"background-color:#f6f6f6\"><div class=\"wp-block-group__inner-container is-layout-constrained wp-block-group-is-layout-constrained\"><div class=\"wp-block-image is-style-rounded\">\n<figure class=\"aligncenter size-full is-resized\"><img loading=\"lazy\" decoding=\"async\" width=\"730\" height=\"984\" src=\"https:\/\/centcols.org\/wp-content\/uploads\/2025\/08\/benoist.jpg\" alt=\"\" class=\"wp-image-85764\" style=\"width:auto;height:150px\"\/><\/figure>\n<\/div>\n\n\n<h3 class=\"wp-block-heading has-text-align-center\">Alain Benoist (N\u00b0 5663)<\/h3>\n\n\n\n<p class=\"has-text-align-center has-small-font-size\">21 Impasse des Alpes<br>26120 Malissard<\/p>\n\n\n\n<p class=\"has-text-align-center has-small-font-size\"><a href=\"\/nl\/&\/#109;&#x61;&#105;&#x6c;&#116;&#x6f;:&#x61;l&#x61;i&#110;&#x2e;&#98;&#x65;&#110;&#x6f;&#105;&#x73;t&#x2e;d&#x74;0&#52;&#x73;&#119;&#x40;&#103;&#x6d;&#97;&#x69;l&#x2e;c&#x6f;m\">alain.benoist.dt04sw@gmail.com<\/a><\/p>\n<\/div><\/div>\n<\/div>\n\n\n\n<div class=\"wp-block-column is-layout-flow wp-block-column-is-layout-flow\">\n<h4 class=\"wp-block-heading has-text-align-center has-background\" style=\"background-color:#d63431\">Zone 05<\/h4>\n\n\n\n<div class=\"wp-block-group has-background\" style=\"background-color:#f6f6f6\"><div class=\"wp-block-group__inner-container is-layout-constrained wp-block-group-is-layout-constrained\"><div class=\"wp-block-image is-style-rounded\">\n<figure class=\"aligncenter size-full is-resized\"><img loading=\"lazy\" decoding=\"async\" width=\"150\" height=\"200\" src=\"https:\/\/centcols.org\/wp-content\/uploads\/2025\/08\/gil.jpg\" alt=\"\" class=\"wp-image-85773\" style=\"width:auto;height:150px\"\/><\/figure>\n<\/div>\n\n\n<h3 class=\"wp-block-heading has-text-align-center\">Alain Gillodes (nr. 722)<\/h3>\n\n\n\n<p class=\"has-text-align-center has-small-font-size\">10 impasse Joseph Delteil<br>31600 Muret<\/p>\n\n\n\n<p class=\"has-text-align-center has-small-font-size\"><a href=\"\/nl\/&\/#109;&#x61;&#105;&#x6c;&#116;&#x6f;:&#x61;l&#x69;a&#110;&#x2e;&#103;&#x69;&#108;&#x6c;&#111;&#x64;e&#x73;&#64;&#x6f;r&#97;&#x6e;&#103;&#x65;&#46;&#x66;&#114;\">alian.gillodes@orange.fr<\/a><\/p>\n<\/div><\/div>\n<\/div>\n<\/div>\n\n\n\n<h3 class=\"wp-block-heading has-text-align-center\">Andere landen<\/h3>\n\n\n\n<div class=\"wp-block-columns is-layout-flex wp-container-core-columns-is-layout-9d6595d7 wp-block-columns-is-layout-flex\">\n<div class=\"wp-block-column is-layout-flow wp-block-column-is-layout-flow\">\n<h4 class=\"wp-block-heading has-text-align-center\">DELEGATO NAZIONALE<\/h4>\n\n\n\n<h4 class=\"wp-block-heading has-text-align-center\">PER L'ITALIA <\/h4>\n\n\n<div class=\"wp-block-image\">\n<figure class=\"aligncenter size-large\"><img decoding=\"async\" src=\"https:\/\/centcols.org\/res\/ico\/pays\/m\/drpit.png\" alt=\"\" style=\"aspect-ratio:4\/3;object-fit:contain\"\/><\/figure>\n<\/div>\n\n\n<div class=\"wp-block-group has-background\" style=\"background-color:#f6f6f6\"><div class=\"wp-block-group__inner-container is-layout-constrained wp-block-group-is-layout-constrained\"><div class=\"wp-block-image is-style-rounded\">\n<figure data-wp-context=\"{&quot;imageId&quot;:&quot;69f119e742090&quot;}\" data-wp-interactive=\"core\/image\" data-wp-key=\"69f119e742090\" class=\"aligncenter size-full is-resized wp-lightbox-container\"><img loading=\"lazy\" decoding=\"async\" width=\"375\" height=\"500\" data-wp-class--hide=\"state.isContentHidden\" data-wp-class--show=\"state.isContentVisible\" data-wp-init=\"callbacks.setButtonStyles\" data-wp-on--click=\"actions.showLightbox\" data-wp-on--load=\"callbacks.setButtonStyles\" data-wp-on-window--resize=\"callbacks.setButtonStyles\" src=\"https:\/\/centcols.org\/wp-content\/uploads\/2025\/08\/LuigiSpina.jpg\" alt=\"\" class=\"wp-image-85775\" style=\"width:auto;height:150px\"\/><button\n\t\t\tclass=\"lightbox-trigger\"\n\t\t\ttype=\"button\"\n\t\t\taria-haspopup=\"dialog\"\n\t\t\taria-label=\"Vergroten\"\n\t\t\tdata-wp-init=\"callbacks.initTriggerButton\"\n\t\t\tdata-wp-on--click=\"actions.showLightbox\"\n\t\t\tdata-wp-style--right=\"state.imageButtonRight\"\n\t\t\tdata-wp-style--top=\"state.imageButtonTop\"\n\t\t>\n\t\t\t<svg xmlns=\"http:\/\/www.w3.org\/2000\/svg\" width=\"12\" height=\"12\" fill=\"none\" viewbox=\"0 0 12 12\">\n\t\t\t\t<path fill=\"#fff\" d=\"M2 0a2 2 0 0 0-2 2v2h1.5V2a.5.5 0 0 1 .5-.5h2V0H2Zm2 10.5H2a.5.5 0 0 1-.5-.5V8H0v2a2 2 0 0 0 2 2h2v-1.5ZM8 12v-1.5h2a.5.5 0 0 0 .5-.5V8H12v2a2 2 0 0 1-2 2H8Zm2-12a2 2 0 0 1 2 2v2h-1.5V2a.5.5 0 0 0-.5-.5H8V0h2Z\" \/>\n\t\t\t<\/svg>\n\t\t<\/button><\/figure>\n<\/div>\n\n\n<h3 class=\"wp-block-heading has-text-align-center\">Luigi Spina (nr. 5067)<\/h3>\n\n\n\n<p class=\"has-text-align-center has-small-font-size\">Corso Verona 33<br>10153 Turijn<br>ITALI\u00cb<\/p>\n\n\n\n<p class=\"has-text-align-center has-small-font-size\"><a href=\"\/nl\/&\/#109;&#x61;&#105;&#x6c;&#116;&#x6f;&#58;&#x6c;&#117;&#x69;&#103;&#x69;&#46;&#x73;p&#x69;n&#x61;&#64;&#x67;m&#x78;&#46;&#100;&#x65;\">luigi.spina@gmx.de<\/a><\/p>\n<\/div><\/div>\n<\/div>\n\n\n\n<div class=\"wp-block-column is-layout-flow wp-block-column-is-layout-flow\">\n<h4 class=\"wp-block-heading has-text-align-center\">NATIONAAL AFGEVAARDIGDE VOOR BELGI\u00cb<\/h4>\n\n\n<div class=\"wp-block-image\">\n<figure class=\"aligncenter size-large\"><img decoding=\"async\" src=\"https:\/\/centcols.org\/res\/ico\/pays\/m\/drpbe.png\" alt=\"\" style=\"aspect-ratio:4\/3;object-fit:contain\"\/><\/figure>\n<\/div>\n\n\n<div class=\"wp-block-group has-background\" style=\"background-color:#f6f6f6\"><div class=\"wp-block-group__inner-container is-layout-constrained wp-block-group-is-layout-constrained\"><div class=\"wp-block-image is-style-rounded\">\n<figure data-wp-context=\"{&quot;imageId&quot;:&quot;69f119e7430e1&quot;}\" data-wp-interactive=\"core\/image\" data-wp-key=\"69f119e7430e1\" class=\"aligncenter size-full is-resized wp-lightbox-container\"><img loading=\"lazy\" decoding=\"async\" width=\"150\" height=\"200\" data-wp-class--hide=\"state.isContentHidden\" data-wp-class--show=\"state.isContentVisible\" data-wp-init=\"callbacks.setButtonStyles\" data-wp-on--click=\"actions.showLightbox\" data-wp-on--load=\"callbacks.setButtonStyles\" data-wp-on-window--resize=\"callbacks.setButtonStyles\" src=\"https:\/\/centcols.org\/wp-content\/uploads\/2025\/08\/leroy.jpg\" alt=\"\" class=\"wp-image-85774\" style=\"width:auto;height:150px\"\/><button\n\t\t\tclass=\"lightbox-trigger\"\n\t\t\ttype=\"button\"\n\t\t\taria-haspopup=\"dialog\"\n\t\t\taria-label=\"Vergroten\"\n\t\t\tdata-wp-init=\"callbacks.initTriggerButton\"\n\t\t\tdata-wp-on--click=\"actions.showLightbox\"\n\t\t\tdata-wp-style--right=\"state.imageButtonRight\"\n\t\t\tdata-wp-style--top=\"state.imageButtonTop\"\n\t\t>\n\t\t\t<svg xmlns=\"http:\/\/www.w3.org\/2000\/svg\" width=\"12\" height=\"12\" fill=\"none\" viewbox=\"0 0 12 12\">\n\t\t\t\t<path fill=\"#fff\" d=\"M2 0a2 2 0 0 0-2 2v2h1.5V2a.5.5 0 0 1 .5-.5h2V0H2Zm2 10.5H2a.5.5 0 0 1-.5-.5V8H0v2a2 2 0 0 0 2 2h2v-1.5ZM8 12v-1.5h2a.5.5 0 0 0 .5-.5V8H12v2a2 2 0 0 1-2 2H8Zm2-12a2 2 0 0 1 2 2v2h-1.5V2a.5.5 0 0 0-.5-.5H8V0h2Z\" \/>\n\t\t\t<\/svg>\n\t\t<\/button><\/figure>\n<\/div>\n\n\n<h3 class=\"wp-block-heading has-text-align-center\">Henk Leroy (nr. 6999)<\/h3>\n\n\n\n<p class=\"has-text-align-center has-small-font-size\">Pirrestraat 55<br>9500 Geraardsbergen<br>BELGIE \/ BELGIQUE<\/p>\n\n\n\n<p class=\"has-text-align-center has-small-font-size\"><a href=\"\/nl\/&\/#x6d;&#x61;&#x69;&#x6c;&#x74;&#x6f;&#x3a;&#x68;&#x65;&#x6e;&#x6b;&#x2e;&#x6c;&#x65;&#114;&#111;&#121;&#64;&#116;&#101;&#108;&#101;&#110;&#101;&#116;&#46;be\">henk.leroy@telenet.be<\/a><\/p>\n<\/div><\/div>\n<\/div>\n\n\n\n<div class=\"wp-block-column is-layout-flow wp-block-column-is-layout-flow\">\n<h4 class=\"wp-block-heading has-text-align-center\">NATIONAAL AFGEVAARDIGDE <\/h4>\n\n\n\n<h4 class=\"wp-block-heading has-text-align-center\">VOOR NEDERLAND<\/h4>\n\n\n<div class=\"wp-block-image\">\n<figure class=\"aligncenter size-large\"><img decoding=\"async\" src=\"https:\/\/centcols.org\/res\/ico\/pays\/m\/drpnl.png\" alt=\"\" style=\"aspect-ratio:4\/3;object-fit:contain\"\/><\/figure>\n<\/div>\n\n\n<div class=\"wp-block-group has-background\" style=\"background-color:#f6f6f6\"><div class=\"wp-block-group__inner-container is-layout-constrained wp-block-group-is-layout-constrained\"><div class=\"wp-block-image is-style-rounded\">\n<figure data-wp-context=\"{&quot;imageId&quot;:&quot;69f119e743e70&quot;}\" data-wp-interactive=\"core\/image\" data-wp-key=\"69f119e743e70\" class=\"aligncenter size-full is-resized wp-lightbox-container\"><img loading=\"lazy\" decoding=\"async\" width=\"236\" height=\"304\" data-wp-class--hide=\"state.isContentHidden\" data-wp-class--show=\"state.isContentVisible\" data-wp-init=\"callbacks.setButtonStyles\" data-wp-on--click=\"actions.showLightbox\" data-wp-on--load=\"callbacks.setButtonStyles\" data-wp-on-window--resize=\"callbacks.setButtonStyles\" src=\"https:\/\/centcols.org\/wp-content\/uploads\/2025\/08\/oude-luttighuis-1.jpg\" alt=\"\" class=\"wp-image-85777\" style=\"width:auto;height:150px\"\/><button\n\t\t\tclass=\"lightbox-trigger\"\n\t\t\ttype=\"button\"\n\t\t\taria-haspopup=\"dialog\"\n\t\t\taria-label=\"Vergroten\"\n\t\t\tdata-wp-init=\"callbacks.initTriggerButton\"\n\t\t\tdata-wp-on--click=\"actions.showLightbox\"\n\t\t\tdata-wp-style--right=\"state.imageButtonRight\"\n\t\t\tdata-wp-style--top=\"state.imageButtonTop\"\n\t\t>\n\t\t\t<svg xmlns=\"http:\/\/www.w3.org\/2000\/svg\" width=\"12\" height=\"12\" fill=\"none\" viewbox=\"0 0 12 12\">\n\t\t\t\t<path fill=\"#fff\" d=\"M2 0a2 2 0 0 0-2 2v2h1.5V2a.5.5 0 0 1 .5-.5h2V0H2Zm2 10.5H2a.5.5 0 0 1-.5-.5V8H0v2a2 2 0 0 0 2 2h2v-1.5ZM8 12v-1.5h2a.5.5 0 0 0 .5-.5V8H12v2a2 2 0 0 1-2 2H8Zm2-12a2 2 0 0 1 2 2v2h-1.5V2a.5.5 0 0 0-.5-.5H8V0h2Z\" \/>\n\t\t\t<\/svg>\n\t\t<\/button><\/figure>\n<\/div>\n\n\n<h3 class=\"wp-block-heading has-text-align-center\">Paul Oude Luttighuis (Nr. 2983)<\/h3>\n\n\n\n<p class=\"has-text-align-center has-small-font-size\">Nieuwe Schoolweg 60<br>7514 CG Enschede<br>NEDERLAND<\/p>\n\n\n\n<p class=\"has-text-align-center has-small-font-size\"><a href=\"\/nl\/&\/#x6d;&#x61;&#x69;&#x6c;&#x74;&#x6f;&#x3a;&#x70;&#x61;&#x75;&#x6c;&#x40;&#x6f;&#x75;&#x64;&#x65;&#x6c;&#x75;&#x74;&#x74;&#x69;&#x67;&#104;&#117;&#105;&#115;&#46;&#110;&#108;\">paul@oudeluttighuis.nl<\/a><\/p>\n<\/div><\/div>\n<\/div>\n<\/div>\n\n\n\n<div class=\"wp-block-columns is-layout-flex wp-container-core-columns-is-layout-9d6595d7 wp-block-columns-is-layout-flex\">\n<div class=\"wp-block-column is-layout-flow wp-block-column-is-layout-flow\">\n<h4 class=\"wp-block-heading has-text-align-center\">NATIONALE AFGEVAARDIGDE VOOR ZWITSERLAND<\/h4>\n\n\n<div class=\"wp-block-image\">\n<figure class=\"aligncenter size-large is-resized\"><img decoding=\"async\" src=\"https:\/\/centcols.org\/res\/ico\/pays\/m\/drpch.png\" alt=\"\" style=\"aspect-ratio:1;object-fit:cover;width:auto;height:50px\"\/><\/figure>\n<\/div>\n\n\n<div class=\"wp-block-group has-background\" style=\"background-color:#f6f6f6\"><div class=\"wp-block-group__inner-container is-layout-constrained wp-block-group-is-layout-constrained\"><div class=\"wp-block-image is-style-rounded\">\n<figure class=\"aligncenter size-full is-resized\"><img loading=\"lazy\" decoding=\"async\" width=\"150\" height=\"200\" src=\"https:\/\/centcols.org\/wp-content\/uploads\/2025\/08\/dt_mai.jpg\" alt=\"\" class=\"wp-image-85772\" style=\"width:auto;height:150px\"\/><\/figure>\n<\/div>\n\n\n<h3 class=\"wp-block-heading has-text-align-center\">Pierre Mai (nr. 4906)<\/h3>\n\n\n\n<p class=\"has-text-align-center has-small-font-size\">La vy de Bi\u00e8re 8<br>1144 Ballens<br>SUISSE \/ SCHWEIZ \/ SVIZZERA<\/p>\n\n\n\n<p class=\"has-text-align-center has-small-font-size\"><a href=\"\/nl\/m&\/#97;&#105;&#x6c;&#x74;&#x6f;:p&#109;&#97;&#x69;&#x40;&#x62;l&#117;&#101;&#119;&#x69;&#x6e;&#x2e;c&#104;\">pmai@bluewin.ch<\/a><\/p>\n<\/div><\/div>\n<\/div>\n\n\n\n<div class=\"wp-block-column is-layout-flow wp-block-column-is-layout-flow\">\n<h4 class=\"wp-block-heading has-text-align-center\">NATIONALE AFGEVAARDIGDE VOOR HET VERENIGD KONINKRIJK EN IERLAND<\/h4>\n\n\n<div class=\"wp-block-image\">\n<figure class=\"aligncenter size-full is-resized\"><img loading=\"lazy\" decoding=\"async\" width=\"122\" height=\"27\" src=\"https:\/\/centcols.org\/wp-content\/uploads\/2025\/09\/gb-ie.png\" alt=\"\" class=\"wp-image-89619\" style=\"width:auto;height:50px\" srcset=\"https:\/\/centcols.org\/wp-content\/uploads\/2025\/09\/gb-ie.png 122w, https:\/\/centcols.org\/wp-content\/uploads\/2025\/09\/gb-ie-18x4.png 18w\" sizes=\"auto, (max-width: 122px) 100vw, 122px\" \/><\/figure>\n<\/div>\n\n\n<div class=\"wp-block-group has-background\" style=\"background-color:#f6f6f6\"><div class=\"wp-block-group__inner-container is-layout-constrained wp-block-group-is-layout-constrained\"><div class=\"wp-block-image is-style-rounded\">\n<figure class=\"aligncenter size-full is-resized\"><img loading=\"lazy\" decoding=\"async\" width=\"730\" height=\"984\" src=\"https:\/\/centcols.org\/wp-content\/uploads\/2025\/08\/benoist.jpg\" alt=\"\" class=\"wp-image-85764\" style=\"width:auto;height:150px\"\/><\/figure>\n<\/div>\n\n\n<h3 class=\"wp-block-heading has-text-align-center\">Alain Benoist (N\u00b0 5663)<\/h3>\n\n\n\n<p class=\"has-text-align-center has-small-font-size\">Treedt op na het overlijden van Gerald Cohwam<\/p>\n\n\n\n<p class=\"has-text-align-center has-small-font-size\">21 Impasse des Alpes<br>26120 Malissard<\/p>\n\n\n\n<p class=\"has-text-align-center has-small-font-size\"><a href=\"\/nl\/&\/#109;&#x61;&#x69;l&#116;&#x6f;&#x3a;a&#108;&#x61;i&#110;&#x2e;&#x62;e&#110;&#x6f;i&#115;&#x74;&#x2e;d&#116;&#x30;&#x34;&#115;&#x77;&#x40;g&#109;&#x61;&#x69;l&#46;&#x63;o&#109;\">alain.benoist.dt04sw@gmail.com<\/a><\/p>\n<\/div><\/div>\n<\/div>\n\n\n\n<div class=\"wp-block-column is-layout-flow wp-block-column-is-layout-flow\">\n<h4 class=\"wp-block-heading has-text-align-center\">GEBIEDSAFGEVAARDIGDE VOOR ALLE ANDERE LANDEN<\/h4>\n\n\n<div class=\"wp-block-image\">\n<figure class=\"aligncenter size-full is-resized\"><img loading=\"lazy\" decoding=\"async\" width=\"44\" height=\"44\" src=\"https:\/\/centcols.org\/wp-content\/uploads\/2025\/09\/globe.png\" alt=\"\" class=\"wp-image-89620\" style=\"width:auto;height:50px\" srcset=\"https:\/\/centcols.org\/wp-content\/uploads\/2025\/09\/globe.png 44w, https:\/\/centcols.org\/wp-content\/uploads\/2025\/09\/globe-12x12.png 12w\" sizes=\"auto, (max-width: 44px) 100vw, 44px\" \/><\/figure>\n<\/div>\n\n\n<div class=\"wp-block-group has-background\" style=\"background-color:#f6f6f6\"><div class=\"wp-block-group__inner-container is-layout-constrained wp-block-group-is-layout-constrained\"><div class=\"wp-block-image is-style-rounded\">\n<figure class=\"aligncenter size-full is-resized\"><img loading=\"lazy\" decoding=\"async\" width=\"150\" height=\"200\" src=\"https:\/\/centcols.org\/wp-content\/uploads\/2025\/08\/Miroux.jpg\" alt=\"\" class=\"wp-image-85776\" style=\"width:auto;height:150px\"\/><\/figure>\n<\/div>\n\n\n<h3 class=\"wp-block-heading has-text-align-center\">Fran\u00e7ois Miroux (nr. 4900)<\/h3>\n\n\n\n<p class=\"has-text-align-center has-small-font-size\">5 Moulin \u00e0 Vent<br>03220 Saint-L\u00e9on<br>FRANKRIJK<\/p>\n\n\n\n<p class=\"has-text-align-center has-small-font-size\"><a href=\"\/nl\/m&\/#97;&#105;&#x6c;&#x74;o:&#102;&#114;&#x61;&#x6e;co&#105;&#115;&#x6d;&#x69;ro&#117;&#x78;&#x37;&#x40;g&#109;&#97;&#x69;&#x6c;&#x2e;c&#111;&#109;\">francoismiroux7@gmail.com<\/a><\/p>\n<\/div><\/div>\n<\/div>\n<\/div>\n\n\n\n<h2 class=\"wp-block-heading\">IT-managers<\/h2>\n\n\n\n<div class=\"wp-block-columns is-layout-flex wp-container-core-columns-is-layout-9d6595d7 wp-block-columns-is-layout-flex\">\n<div class=\"wp-block-column is-layout-flow wp-block-column-is-layout-flow\">\n<div class=\"wp-block-group has-background\" style=\"background-color:#f6f6f6\"><div class=\"wp-block-group__inner-container is-layout-constrained wp-block-group-is-layout-constrained\">\n<div style=\"height:20px\" aria-hidden=\"true\" class=\"wp-block-spacer\"><\/div>\n\n\n<div class=\"wp-block-image is-style-rounded\">\n<figure class=\"aligncenter size-full is-resized\"><img loading=\"lazy\" decoding=\"async\" width=\"150\" height=\"200\" src=\"https:\/\/centcols.org\/wp-content\/uploads\/2025\/08\/ps1.jpg\" alt=\"\" class=\"wp-image-85782\" style=\"width:auto;height:150px\"\/><\/figure>\n<\/div>\n\n\n<h3 class=\"wp-block-heading has-text-align-center\" style=\"text-transform:none\">Patrick Schleppi (nr. 5845)<\/h3>\n\n\n\n<p class=\"has-text-align-center has-small-font-size\">CH-8142 Uitikon Waldegg, ZH<\/p>\n\n\n\n<p class=\"has-text-align-center has-small-font-size\"><a href=\"\/nl\/&\/#x6d;&#x61;&#x69;&#x6c;&#x74;&#x6f;&#x3a;&#x73;&#x63;&#x68;&#x6c;&#x65;&#x70;&#x70;&#x69;&#x40;&#x62;&#x6c;&#x75;&#x65;&#x77;&#x69;&#x6e;&#x2e;&#x63;&#x68;\">schleppi@bluewin.ch<\/a><\/p>\n<\/div><\/div>\n<\/div>\n\n\n\n<div class=\"wp-block-column is-layout-flow wp-block-column-is-layout-flow\">\n<div class=\"wp-block-group has-background\" style=\"background-color:#f6f6f6\"><div class=\"wp-block-group__inner-container is-layout-constrained wp-block-group-is-layout-constrained\">\n<div style=\"height:20px\" aria-hidden=\"true\" class=\"wp-block-spacer\"><\/div>\n\n\n<div class=\"wp-block-image is-style-rounded\">\n<figure class=\"aligncenter size-full is-resized\"><img loading=\"lazy\" decoding=\"async\" width=\"151\" height=\"196\" src=\"https:\/\/centcols.org\/wp-content\/uploads\/2025\/08\/d_bossard.png\" alt=\"\" class=\"wp-image-85770\" style=\"width:auto;height:150px\"\/><\/figure>\n<\/div>\n\n\n<h3 class=\"wp-block-heading has-text-align-center\" style=\"text-transform:none\">Daniel Bossard (nr. 6053)<\/h3>\n\n\n\n<p class=\"has-text-align-center has-small-font-size\">44 Savenay<\/p>\n\n\n\n<p class=\"has-text-align-center has-small-font-size\"><a href=\"\/nl\/&\/#x6d;&#x61;&#x69;&#x6c;&#x74;&#x6f;&#x3a;&#x64;&#98;&#111;&#115;&#115;&#97;&#114;&#100;53&#64;o&#x72;&#x61;&#x6e;&#x67;&#x65;&#x2e;&#x66;&#x72;\">dbossard53@orange.fr<\/a><\/p>\n<\/div><\/div>\n<\/div>\n\n\n\n<div class=\"wp-block-column is-layout-flow wp-block-column-is-layout-flow\">\n<div class=\"wp-block-group has-background\" style=\"background-color:#f6f6f6\"><div class=\"wp-block-group__inner-container is-layout-constrained wp-block-group-is-layout-constrained\">\n<div style=\"height:20px\" aria-hidden=\"true\" class=\"wp-block-spacer\"><\/div>\n\n\n<div class=\"wp-block-image is-style-rounded\">\n<figure class=\"aligncenter size-full is-resized\"><img loading=\"lazy\" decoding=\"async\" width=\"394\" height=\"500\" src=\"https:\/\/centcols.org\/wp-content\/uploads\/2025\/08\/charbonnier-robert.jpg\" alt=\"\" class=\"wp-image-85768\" style=\"width:auto;height:150px\"\/><\/figure>\n<\/div>\n\n\n<h3 class=\"wp-block-heading has-text-align-center\" style=\"text-transform:none\">Robert Charbonnier (N\u00b0 7549)<\/h3>\n\n\n\n<p class=\"has-text-align-center has-small-font-size\">06 Leuk<\/p>\n\n\n\n<p class=\"has-text-align-center has-small-font-size\"><a href=\"\/nl\/&\/#x6d;a&#x69;&#108;&#x74;&#111;:&#x72;o&#x62;&#101;&#x72;&#116;&#46;&#x63;&#104;&#x61;&#114;b&#x6f;n&#x6e;&#105;&#x65;&#114;&#46;&#x6e;i&#x63;&#101;&#x40;&#x66;r&#x65;&#101;&#x2e;&#102;r\">robert.charbonnier.nice@free.fr<\/a><\/p>\n<\/div><\/div>\n<\/div>\n<\/div>\n\n\n\n<div class=\"wp-block-columns is-layout-flex wp-container-core-columns-is-layout-9d6595d7 wp-block-columns-is-layout-flex\">\n<div class=\"wp-block-column is-layout-flow wp-block-column-is-layout-flow\">\n<div class=\"wp-block-group has-background\" style=\"background-color:#f6f6f6\"><div class=\"wp-block-group__inner-container is-layout-constrained wp-block-group-is-layout-constrained\">\n<div style=\"height:20px\" aria-hidden=\"true\" class=\"wp-block-spacer\"><\/div>\n\n\n<div class=\"wp-block-image is-style-rounded\">\n<figure class=\"aligncenter size-full is-resized\"><img decoding=\"async\" src=\"https:\/\/centcols.org\/wp-content\/uploads\/2025\/08\/rparaz.jpg\" alt=\"\" class=\"wp-image-85780\" style=\"width:auto;height:150px\"\/><\/figure>\n<\/div>\n\n\n<h3 class=\"wp-block-heading has-text-align-center\">R\u00e9gis Paraz (nr. 3225)<\/h3>\n\n\n\n<p class=\"has-text-align-center has-small-font-size\">73 La Motte-Servolex<\/p>\n\n\n\n<p class=\"has-text-align-center has-small-font-size\"><a href=\"\/nl\/&\/#x6d;&#x61;&#x69;&#x6c;&#116;&#111;:re&#x67;&#x69;&#x73;&#x2e;&#112;&#97;raz&#x40;&#x6d;&#x6f;&#x64;&#97;&#99;&#104;ul&#x76;&#x65;&#x6c;&#x6f;&#46;&#99;&#111;m\">regis.paraz@modachulvelo.com<\/a><\/p>\n<\/div><\/div>\n<\/div>\n\n\n\n<div class=\"wp-block-column is-layout-flow wp-block-column-is-layout-flow\">\n<div class=\"wp-block-group has-background\" style=\"background-color:#f6f6f6\"><div class=\"wp-block-group__inner-container is-layout-constrained wp-block-group-is-layout-constrained\">\n<div style=\"height:20px\" aria-hidden=\"true\" class=\"wp-block-spacer\"><\/div>\n\n\n<div class=\"wp-block-image is-style-rounded\">\n<figure class=\"aligncenter size-full is-resized\"><img loading=\"lazy\" decoding=\"async\" width=\"150\" height=\"200\" src=\"https:\/\/centcols.org\/wp-content\/uploads\/2025\/08\/car.jpg\" alt=\"\" class=\"wp-image-85767\" style=\"width:auto;height:150px\"\/><\/figure>\n<\/div>\n\n\n<h3 class=\"wp-block-heading has-text-align-center\">Philippe Carrez (nr. 3092)<\/h3>\n\n\n\n<p class=\"has-text-align-center has-small-font-size\">56 S\u00e9n\u00e9<\/p>\n\n\n\n<p class=\"has-text-align-center has-small-font-size\"><a href=\"\/nl\/m&\/#97;&#x69;&#x6c;t&#111;&#x3a;&#x63;a&#114;&#x72;&#x65;z&#46;&#x70;&#x68;i&#108;&#x69;&#x70;p&#101;&#64;&#x66;&#x72;e&#101;&#x2e;&#x66;r\">carrez.philippe@free.fr<\/a><\/p>\n<\/div><\/div>\n<\/div>\n<\/div>\n\n\n\n<div style=\"height:15px\" aria-hidden=\"true\" class=\"wp-block-spacer\"><\/div>\n\n\n\n<div class=\"wp-block-columns is-layout-flex wp-container-core-columns-is-layout-9d6595d7 wp-block-columns-is-layout-flex\">\n<div class=\"wp-block-column is-layout-flow wp-block-column-is-layout-flow\" style=\"flex-basis:66.66%\">\n<h2 class=\"wp-block-heading has-text-align-left\">Winkelmanager<\/h2>\n\n\n\n<div class=\"wp-block-columns is-layout-flex wp-container-core-columns-is-layout-9d6595d7 wp-block-columns-is-layout-flex\">\n<div class=\"wp-block-column is-layout-flow wp-block-column-is-layout-flow\">\n<div class=\"wp-block-group has-background\" style=\"background-color:#f6f6f6\"><div class=\"wp-block-group__inner-container is-layout-constrained wp-block-group-is-layout-constrained\">\n<div style=\"height:60px\" aria-hidden=\"true\" class=\"wp-block-spacer\"><\/div>\n\n\n<div class=\"wp-block-image is-style-rounded\">\n<figure class=\"aligncenter size-full is-resized\"><img loading=\"lazy\" decoding=\"async\" width=\"209\" height=\"314\" src=\"https:\/\/centcols.org\/wp-content\/uploads\/2025\/08\/Bruno_LITWIN.jpg\" alt=\"\" class=\"wp-image-85766\" style=\"width:auto;height:150px\"\/><\/figure>\n<\/div>\n\n\n<h3 class=\"wp-block-heading has-text-align-center\">Bruno Litwin (nr. 3014)<\/h3>\n\n\n\n<p class=\"has-text-align-center has-small-font-size\">winkelbeheer, bestellingen<br>74 Annecy<\/p>\n\n\n\n<p class=\"has-text-align-center has-small-font-size\"><a href=\"\/nl\/&\/#x6d;&#97;&#x69;&#x6c;t&#x6f;&#58;b&#x6f;&#117;t&#x69;&#113;&#x75;&#x65;&#64;&#x63;&#101;n&#x74;&#99;o&#x6c;&#115;&#x2e;&#x6f;&#114;&#x67;\">boutique@centcols.org<\/a><\/p>\n<\/div><\/div>\n<\/div>\n\n\n\n<div class=\"wp-block-column is-layout-flow wp-block-column-is-layout-flow\"><\/div>\n<\/div>\n<\/div>\n\n\n\n<div class=\"wp-block-column is-layout-flow wp-block-column-is-layout-flow\" style=\"flex-basis:33.33%\">\n<h2 class=\"wp-block-heading\">Co\u00f6rdinator van permanente rondleidingen<\/h2>\n\n\n\n<div class=\"wp-block-group has-background\" style=\"background-color:#f6f6f6\"><div class=\"wp-block-group__inner-container is-layout-constrained wp-block-group-is-layout-constrained\"><div class=\"wp-block-image is-style-rounded\">\n<figure class=\"aligncenter size-full is-resized\"><img loading=\"lazy\" decoding=\"async\" width=\"150\" height=\"200\" src=\"https:\/\/centcols.org\/wp-content\/uploads\/2025\/08\/clement.jpg\" alt=\"\" class=\"wp-image-85769\" style=\"width:auto;height:150px\"\/><\/figure>\n<\/div>\n\n\n<h3 class=\"wp-block-heading has-text-align-center\">Jean-Marc Cl\u00e9ment (Nr. 6158)<\/h3>\n\n\n\n<p class=\"has-text-align-center has-small-font-size\">beheer, registraties, monitoring<br>31 Portet sur Garonne<\/p>\n\n\n\n<p class=\"has-text-align-center has-small-font-size\"><a href=\"\/nl\/&\/#x6d;&#x61;&#x69;&#108;&#116;o:&#x72;&#x61;&#x6e;&#100;&#111;s&#64;&#x63;&#x65;&#x6e;&#116;&#99;ol&#x73;&#x2e;&#x6f;&#114;&#103;\">randos@centcols.org<\/a><\/p>\n<\/div><\/div>\n<\/div>\n<\/div>","protected":false},"excerpt":{"rendered":"<p>De nombreux b\u00e9n\u00e9voles \u0153uvrent tout au long de l&rsquo;ann\u00e9e. Que ce soit dans des groupes de travail ou dans des t\u00e2ches bien pr\u00e9cises, ils contribuent activement au fonctionnement et au rayonnement du club. D\u00e9l\u00e9gu\u00e9s territoriaux et nationaux Les d\u00e9l\u00e9gu\u00e9s territoriaux et les d\u00e9l\u00e9gu\u00e9s nationaux sont les relais r\u00e9gionaux du club. Charg\u00e9s de la validation des [&hellip;]<\/p>\n","protected":false},"author":2,"featured_media":0,"parent":0,"menu_order":0,"comment_status":"open","ping_status":"open","template":"","meta":{"_acf_changed":false,"footnotes":""},"class_list":["post-79553","page","type-page","status-publish","hentry"],"acf":[],"yoast_head":"<!-- This site is optimized with the Yoast SEO plugin v27.2 - https:\/\/yoast.com\/product\/yoast-seo-wordpress\/ -->\n<title>Les d\u00e9l\u00e9gu\u00e9s et autres b\u00e9n\u00e9voles - Club des Cent Cols<\/title>\n<meta name=\"robots\" content=\"index, follow, max-snippet:-1, max-image-preview:large, max-video-preview:-1\" \/>\n<link rel=\"canonical\" href=\"https:\/\/centcols.org\/nl\/afgevaardigden-en-andere-vrijwilligers\/\" \/>\n<meta property=\"og:locale\" content=\"nl_BE\" \/>\n<meta property=\"og:type\" content=\"article\" \/>\n<meta property=\"og:title\" content=\"Les d\u00e9l\u00e9gu\u00e9s et autres b\u00e9n\u00e9voles - Club des Cent Cols\" \/>\n<meta property=\"og:description\" content=\"De nombreux b\u00e9n\u00e9voles \u0153uvrent tout au long de l&rsquo;ann\u00e9e. Que ce soit dans des groupes de travail ou dans des t\u00e2ches bien pr\u00e9cises, ils contribuent activement au fonctionnement et au rayonnement du club. D\u00e9l\u00e9gu\u00e9s territoriaux et nationaux Les d\u00e9l\u00e9gu\u00e9s territoriaux et les d\u00e9l\u00e9gu\u00e9s nationaux sont les relais r\u00e9gionaux du club. Charg\u00e9s de la validation des [&hellip;]\" \/>\n<meta property=\"og:url\" content=\"https:\/\/centcols.org\/nl\/afgevaardigden-en-andere-vrijwilligers\/\" \/>\n<meta property=\"og:site_name\" content=\"Club des Cent Cols\" \/>\n<meta property=\"article:publisher\" content=\"https:\/\/www.facebook.com\/groups\/5261880558\/?locale=fr_FR\" \/>\n<meta property=\"article:modified_time\" content=\"2025-12-13T18:44:54+00:00\" \/>\n<meta property=\"og:image\" content=\"https:\/\/centcols.org\/wp-content\/uploads\/2025\/08\/Carte-DT_2023-04-05-site.jpg\" \/>\n\t<meta property=\"og:image:width\" content=\"800\" \/>\n\t<meta property=\"og:image:height\" content=\"700\" \/>\n\t<meta property=\"og:image:type\" content=\"image\/jpeg\" \/>\n<meta name=\"twitter:card\" content=\"summary_large_image\" \/>\n<meta name=\"twitter:label1\" content=\"Geschatte leestijd\" \/>\n\t<meta name=\"twitter:data1\" content=\"9 minuten\" \/>\n<script type=\"application\/ld+json\" class=\"yoast-schema-graph\">{\"@context\":\"https:\/\/schema.org\",\"@graph\":[{\"@type\":\"WebPage\",\"@id\":\"https:\/\/centcols.org\/les-delegues-et-autres-benevoles\/\",\"url\":\"https:\/\/centcols.org\/les-delegues-et-autres-benevoles\/\",\"name\":\"Les d\u00e9l\u00e9gu\u00e9s et autres b\u00e9n\u00e9voles - Club des Cent Cols\",\"isPartOf\":{\"@id\":\"https:\/\/centcols.org\/#website\"},\"primaryImageOfPage\":{\"@id\":\"https:\/\/centcols.org\/les-delegues-et-autres-benevoles\/#primaryimage\"},\"image\":{\"@id\":\"https:\/\/centcols.org\/les-delegues-et-autres-benevoles\/#primaryimage\"},\"thumbnailUrl\":\"https:\/\/centcols.org\/wp-content\/uploads\/2025\/08\/Carte-DT_2023-04-05-site.jpg\",\"datePublished\":\"2025-02-05T08:08:06+00:00\",\"dateModified\":\"2025-12-13T18:44:54+00:00\",\"breadcrumb\":{\"@id\":\"https:\/\/centcols.org\/les-delegues-et-autres-benevoles\/#breadcrumb\"},\"inLanguage\":\"nl-BE\",\"potentialAction\":[{\"@type\":\"ReadAction\",\"target\":[\"https:\/\/centcols.org\/les-delegues-et-autres-benevoles\/\"]}]},{\"@type\":\"ImageObject\",\"inLanguage\":\"nl-BE\",\"@id\":\"https:\/\/centcols.org\/les-delegues-et-autres-benevoles\/#primaryimage\",\"url\":\"https:\/\/centcols.org\/wp-content\/uploads\/2025\/08\/Carte-DT_2023-04-05-site.jpg\",\"contentUrl\":\"https:\/\/centcols.org\/wp-content\/uploads\/2025\/08\/Carte-DT_2023-04-05-site.jpg\"},{\"@type\":\"BreadcrumbList\",\"@id\":\"https:\/\/centcols.org\/les-delegues-et-autres-benevoles\/#breadcrumb\",\"itemListElement\":[{\"@type\":\"ListItem\",\"position\":1,\"name\":\"Accueil\",\"item\":\"https:\/\/centcols.org\/\"},{\"@type\":\"ListItem\",\"position\":2,\"name\":\"Les d\u00e9l\u00e9gu\u00e9s et autres b\u00e9n\u00e9voles\"}]},{\"@type\":\"WebSite\",\"@id\":\"https:\/\/centcols.org\/#website\",\"url\":\"https:\/\/centcols.org\/\",\"name\":\"Club des Cent Cols\",\"description\":\"\",\"publisher\":{\"@id\":\"https:\/\/centcols.org\/#organization\"},\"potentialAction\":[{\"@type\":\"SearchAction\",\"target\":{\"@type\":\"EntryPoint\",\"urlTemplate\":\"https:\/\/centcols.org\/?s={search_term_string}\"},\"query-input\":{\"@type\":\"PropertyValueSpecification\",\"valueRequired\":true,\"valueName\":\"search_term_string\"}}],\"inLanguage\":\"nl-BE\"},{\"@type\":\"Organization\",\"@id\":\"https:\/\/centcols.org\/#organization\",\"name\":\"Club des Cent Cols\",\"url\":\"https:\/\/centcols.org\/\",\"logo\":{\"@type\":\"ImageObject\",\"inLanguage\":\"nl-BE\",\"@id\":\"https:\/\/centcols.org\/#\/schema\/logo\/image\/\",\"url\":\"https:\/\/centcols.org\/wp-content\/uploads\/2025\/01\/carte-icone.png\",\"contentUrl\":\"https:\/\/centcols.org\/wp-content\/uploads\/2025\/01\/carte-icone.png\",\"width\":250,\"height\":250,\"caption\":\"Club des Cent Cols\"},\"image\":{\"@id\":\"https:\/\/centcols.org\/#\/schema\/logo\/image\/\"},\"sameAs\":[\"https:\/\/www.facebook.com\/groups\/5261880558\/?locale=fr_FR\"]}]}<\/script>\n<!-- \/ Yoast SEO plugin. -->","yoast_head_json":{"title":"Afgevaardigden en andere vrijwilligers - Club des Cent Cols","robots":{"index":"index","follow":"follow","max-snippet":"max-snippet:-1","max-image-preview":"max-image-preview:large","max-video-preview":"max-video-preview:-1"},"canonical":"https:\/\/centcols.org\/nl\/afgevaardigden-en-andere-vrijwilligers\/","og_locale":"nl_BE","og_type":"article","og_title":"Les d\u00e9l\u00e9gu\u00e9s et autres b\u00e9n\u00e9voles - Club des Cent Cols","og_description":"De nombreux b\u00e9n\u00e9voles \u0153uvrent tout au long de l&rsquo;ann\u00e9e. Que ce soit dans des groupes de travail ou dans des t\u00e2ches bien pr\u00e9cises, ils contribuent activement au fonctionnement et au rayonnement du club. D\u00e9l\u00e9gu\u00e9s territoriaux et nationaux Les d\u00e9l\u00e9gu\u00e9s territoriaux et les d\u00e9l\u00e9gu\u00e9s nationaux sont les relais r\u00e9gionaux du club. Charg\u00e9s de la validation des [&hellip;]","og_url":"https:\/\/centcols.org\/nl\/afgevaardigden-en-andere-vrijwilligers\/","og_site_name":"Club des Cent Cols","article_publisher":"https:\/\/www.facebook.com\/groups\/5261880558\/?locale=fr_FR","article_modified_time":"2025-12-13T18:44:54+00:00","og_image":[{"width":800,"height":700,"url":"https:\/\/centcols.org\/wp-content\/uploads\/2025\/08\/Carte-DT_2023-04-05-site.jpg","type":"image\/jpeg"}],"twitter_card":"summary_large_image","twitter_misc":{"Geschatte leestijd":"9 minuten"},"schema":{"@context":"https:\/\/schema.org","@graph":[{"@type":"WebPage","@id":"https:\/\/centcols.org\/les-delegues-et-autres-benevoles\/","url":"https:\/\/centcols.org\/les-delegues-et-autres-benevoles\/","name":"Afgevaardigden en andere vrijwilligers - Club des Cent Cols","isPartOf":{"@id":"https:\/\/centcols.org\/#website"},"primaryImageOfPage":{"@id":"https:\/\/centcols.org\/les-delegues-et-autres-benevoles\/#primaryimage"},"image":{"@id":"https:\/\/centcols.org\/les-delegues-et-autres-benevoles\/#primaryimage"},"thumbnailUrl":"https:\/\/centcols.org\/wp-content\/uploads\/2025\/08\/Carte-DT_2023-04-05-site.jpg","datePublished":"2025-02-05T08:08:06+00:00","dateModified":"2025-12-13T18:44:54+00:00","breadcrumb":{"@id":"https:\/\/centcols.org\/les-delegues-et-autres-benevoles\/#breadcrumb"},"inLanguage":"nl-BE","potentialAction":[{"@type":"ReadAction","target":["https:\/\/centcols.org\/les-delegues-et-autres-benevoles\/"]}]},{"@type":"ImageObject","inLanguage":"nl-BE","@id":"https:\/\/centcols.org\/les-delegues-et-autres-benevoles\/#primaryimage","url":"https:\/\/centcols.org\/wp-content\/uploads\/2025\/08\/Carte-DT_2023-04-05-site.jpg","contentUrl":"https:\/\/centcols.org\/wp-content\/uploads\/2025\/08\/Carte-DT_2023-04-05-site.jpg"},{"@type":"BreadcrumbList","@id":"https:\/\/centcols.org\/les-delegues-et-autres-benevoles\/#breadcrumb","itemListElement":[{"@type":"ListItem","position":1,"name":"Accueil","item":"https:\/\/centcols.org\/"},{"@type":"ListItem","position":2,"name":"Les d\u00e9l\u00e9gu\u00e9s et autres b\u00e9n\u00e9voles"}]},{"@type":"WebSite","@id":"https:\/\/centcols.org\/#website","url":"https:\/\/centcols.org\/","name":"Club van Cent Cols","description":"","publisher":{"@id":"https:\/\/centcols.org\/#organization"},"potentialAction":[{"@type":"SearchAction","target":{"@type":"EntryPoint","urlTemplate":"https:\/\/centcols.org\/?s={search_term_string}"},"query-input":{"@type":"PropertyValueSpecification","valueRequired":true,"valueName":"search_term_string"}}],"inLanguage":"nl-BE"},{"@type":"Organization","@id":"https:\/\/centcols.org\/#organization","name":"Club van Cent Cols","url":"https:\/\/centcols.org\/","logo":{"@type":"ImageObject","inLanguage":"nl-BE","@id":"https:\/\/centcols.org\/#\/schema\/logo\/image\/","url":"https:\/\/centcols.org\/wp-content\/uploads\/2025\/01\/carte-icone.png","contentUrl":"https:\/\/centcols.org\/wp-content\/uploads\/2025\/01\/carte-icone.png","width":250,"height":250,"caption":"Club des Cent Cols"},"image":{"@id":"https:\/\/centcols.org\/#\/schema\/logo\/image\/"},"sameAs":["https:\/\/www.facebook.com\/groups\/5261880558\/?locale=fr_FR"]}]}},"_links":{"self":[{"href":"https:\/\/centcols.org\/nl\/wp-json\/wp\/v2\/pages\/79553","targetHints":{"allow":["GET"]}}],"collection":[{"href":"https:\/\/centcols.org\/nl\/wp-json\/wp\/v2\/pages"}],"about":[{"href":"https:\/\/centcols.org\/nl\/wp-json\/wp\/v2\/types\/page"}],"author":[{"embeddable":true,"href":"https:\/\/centcols.org\/nl\/wp-json\/wp\/v2\/users\/2"}],"replies":[{"embeddable":true,"href":"https:\/\/centcols.org\/nl\/wp-json\/wp\/v2\/comments?post=79553"}],"version-history":[{"count":0,"href":"https:\/\/centcols.org\/nl\/wp-json\/wp\/v2\/pages\/79553\/revisions"}],"wp:attachment":[{"href":"https:\/\/centcols.org\/nl\/wp-json\/wp\/v2\/media?parent=79553"}],"curies":[{"name":"wp","href":"https:\/\/api.w.org\/{rel}","templated":true}]}}