{"id":79555,"date":"2025-02-05T10:08:06","date_gmt":"2025-02-05T08:08:06","guid":{"rendered":"https:\/\/centcols.org\/les-autres-benevoles\/"},"modified":"2026-01-06T20:19:11","modified_gmt":"2026-01-06T18:19:11","slug":"gt-halsbanden","status":"publish","type":"page","link":"https:\/\/centcols.org\/nl\/gt-cols\/","title":{"rendered":"Werkgroepen doorgeven"},"content":{"rendered":"<p>Bij Club des Cent Cols zijn naast de Raad van Bestuur het hele jaar door veel vrijwilligers actief. In werkgroepen of voor specifieke taken leveren zij een actieve bijdrage aan het functioneren en de reputatie van de club. De werkgroepen voor de bergpascatalogi bestuderen kaarten, kadasters, gidsen en voorstellen van leden om de bergpascatalogi bij te werken (voorstellen moeten naar onderstaand adres worden gestuurd).<\/p>\n\n\n\n<h3 class=\"wp-block-heading has-text-align-center\">Co\u00f6rdinatie van werkgroepen \/ bestuur \/ IT-specialisten<\/h3>\n\n\n\n<div class=\"wp-block-group has-background\" style=\"background-color:#f6f6f6\"><div class=\"wp-block-group__inner-container is-layout-constrained wp-block-group-is-layout-constrained\">\n<div style=\"height:20px\" aria-hidden=\"true\" class=\"wp-block-spacer\"><\/div>\n\n\n<div class=\"wp-block-image is-style-rounded\">\n<figure class=\"aligncenter size-full is-resized\"><img loading=\"lazy\" decoding=\"async\" width=\"300\" height=\"400\" src=\"https:\/\/centcols.org\/wp-content\/uploads\/2025\/02\/GAC.jpg\" alt=\"\" class=\"wp-image-79558\" style=\"width:auto;height:150px\"\/><\/figure>\n<\/div>\n\n\n<h3 class=\"wp-block-heading has-text-align-center\">Graham Cutting (nr. 4927)<\/h3>\n\n\n\n<p class=\"has-text-align-center has-small-font-size\">GT-co\u00f6rdinator<br>73 Bourdeau<br>FRANKRIJK<\/p>\n\n\n\n<p class=\"has-text-align-center has-small-font-size\"><a href=\"\/nl\/&\/#109;&#x61;i&#108;&#x74;&#111;&#x3a;c&#111;&#x6c;s&#x40;&#x63;&#101;&#x6e;t&#99;&#x6f;l&#x73;&#x2e;&#111;&#x72;g\">cols@centcols.org<\/a><\/p>\n<\/div><\/div>\n\n\n\n<h3 class=\"wp-block-heading has-text-align-center\">Duitsland<\/h3>\n\n\n\n<div style=\"height:20px\" aria-hidden=\"true\" class=\"wp-block-spacer\"><\/div>\n\n\n\n<div class=\"wp-block-columns is-layout-flex wp-container-core-columns-is-layout-9d6595d7 wp-block-columns-is-layout-flex\">\n<div class=\"wp-block-column is-layout-flow wp-block-column-is-layout-flow\">\n<div class=\"wp-block-group has-background\" style=\"background-color:#f6f6f6\"><div class=\"wp-block-group__inner-container is-layout-constrained wp-block-group-is-layout-constrained\">\n<div style=\"height:20px\" aria-hidden=\"true\" class=\"wp-block-spacer\"><\/div>\n\n\n<div class=\"wp-block-image is-style-rounded\">\n<figure class=\"aligncenter size-full is-resized\"><img loading=\"lazy\" decoding=\"async\" width=\"200\" height=\"253\" src=\"https:\/\/centcols.org\/wp-content\/uploads\/2025\/02\/vorberg.jpg\" alt=\"\" class=\"wp-image-79557\" style=\"width:auto;height:150px\"\/><\/figure>\n<\/div>\n\n\n<h3 class=\"wp-block-heading has-text-align-center\">Ludger Vorberg (Nr. 4898)<\/h3>\n\n\n\n<p class=\"has-text-align-center has-small-font-size\">GT-lid<br>Merzhausen<br>ALLEMAGNE\/DEUTSCHLAND \/ DUITSLAND<\/p>\n<\/div><\/div>\n<\/div>\n\n\n\n<div class=\"wp-block-column is-layout-flow wp-block-column-is-layout-flow\">\n<div class=\"wp-block-group has-background\" style=\"background-color:#f6f6f6\"><div class=\"wp-block-group__inner-container is-layout-constrained wp-block-group-is-layout-constrained\">\n<div style=\"height:20px\" aria-hidden=\"true\" class=\"wp-block-spacer\"><\/div>\n\n\n<div class=\"wp-block-image is-style-rounded\">\n<figure class=\"aligncenter size-full is-resized\"><img loading=\"lazy\" decoding=\"async\" width=\"150\" height=\"200\" src=\"https:\/\/centcols.org\/wp-content\/uploads\/2025\/08\/Miroux.jpg\" alt=\"\" class=\"wp-image-85776\" style=\"width:auto;height:150px\"\/><\/figure>\n<\/div>\n\n\n<h3 class=\"wp-block-heading has-text-align-center\">Fran\u00e7ois Miroux (nr. 4900)<\/h3>\n\n\n\n<p class=\"has-text-align-center has-small-font-size\">GT-lid<br> Mauerstetten<br>ALLEMAGNE\/DEUTSCHLAND \/ DUITSLAND<\/p>\n<\/div><\/div>\n<\/div>\n<\/div>\n\n\n\n<h3 class=\"wp-block-heading has-text-align-center\">Frankrijk<\/h3>\n\n\n\n<div style=\"height:20px\" aria-hidden=\"true\" class=\"wp-block-spacer\"><\/div>\n\n\n\n<div class=\"wp-block-columns is-layout-flex wp-container-core-columns-is-layout-9d6595d7 wp-block-columns-is-layout-flex\">\n<div class=\"wp-block-column is-layout-flow wp-block-column-is-layout-flow\">\n<div class=\"wp-block-group has-background\" style=\"background-color:#f6f6f6\"><div class=\"wp-block-group__inner-container is-layout-constrained wp-block-group-is-layout-constrained\">\n<div style=\"height:20px\" aria-hidden=\"true\" class=\"wp-block-spacer\"><\/div>\n\n\n<div class=\"wp-block-image is-style-rounded\">\n<figure class=\"aligncenter size-large is-resized\"><img decoding=\"async\" src=\"https:\/\/centcols.org\/membres\/portraits\/portrait.php?num=601\" alt=\"\" style=\"width:auto;height:150px\"\/><\/figure>\n<\/div>\n\n\n<h3 class=\"wp-block-heading has-text-align-center\">Pierre Brivet (nr. 601)<\/h3>\n\n\n\n<p class=\"has-text-align-center has-small-font-size\">GT-lid<br>42 Roanne<br>FRANKRIJK<\/p>\n<\/div><\/div>\n<\/div>\n\n\n\n<div class=\"wp-block-column is-layout-flow wp-block-column-is-layout-flow\">\n<div class=\"wp-block-group has-background\" style=\"background-color:#f6f6f6\"><div class=\"wp-block-group__inner-container is-layout-constrained wp-block-group-is-layout-constrained\">\n<div style=\"height:20px\" aria-hidden=\"true\" class=\"wp-block-spacer\"><\/div>\n\n\n<div class=\"wp-block-image is-style-rounded\">\n<figure class=\"aligncenter size-full is-resized\"><img loading=\"lazy\" decoding=\"async\" width=\"150\" height=\"200\" src=\"https:\/\/centcols.org\/wp-content\/uploads\/2025\/08\/car.jpg\" alt=\"\" class=\"wp-image-85767\" style=\"width:auto;height:150px\"\/><\/figure>\n<\/div>\n\n\n<h3 class=\"wp-block-heading has-text-align-center\">Philippe Carrez (nr. 3092)<\/h3>\n\n\n\n<p class=\"has-text-align-center has-small-font-size\">GT-lid<br>56 S\u00e9n\u00e9<br>FRANKRIJK<\/p>\n<\/div><\/div>\n<\/div>\n\n\n\n<div class=\"wp-block-column is-layout-flow wp-block-column-is-layout-flow\">\n<div class=\"wp-block-group has-background\" style=\"background-color:#f6f6f6\"><div class=\"wp-block-group__inner-container is-layout-constrained wp-block-group-is-layout-constrained\">\n<div style=\"height:20px\" aria-hidden=\"true\" class=\"wp-block-spacer\"><\/div>\n\n\n<div class=\"wp-block-image is-style-rounded\">\n<figure class=\"aligncenter size-large is-resized\"><img decoding=\"async\" src=\"https:\/\/centcols.org\/membres\/portraits\/portrait.php?num=1364\" alt=\"\" style=\"width:auto;height:150px\"\/><\/figure>\n<\/div>\n\n\n<h3 class=\"wp-block-heading has-text-align-center\">Jean-Michel Clausse (Nr. 1364)<\/h3>\n\n\n\n<p class=\"has-text-align-center has-small-font-size\">GT-lid<br>06 Villeneuve-Loubet<br>FRANKRIJK<\/p>\n<\/div><\/div>\n<\/div>\n<\/div>\n\n\n\n<div class=\"wp-block-columns is-layout-flex wp-container-core-columns-is-layout-9d6595d7 wp-block-columns-is-layout-flex\">\n<div class=\"wp-block-column is-layout-flow wp-block-column-is-layout-flow\">\n<div class=\"wp-block-group has-background\" style=\"background-color:#f6f6f6\"><div class=\"wp-block-group__inner-container is-layout-constrained wp-block-group-is-layout-constrained\">\n<div style=\"height:20px\" aria-hidden=\"true\" class=\"wp-block-spacer\"><\/div>\n\n\n<div class=\"wp-block-image is-style-rounded\">\n<figure class=\"aligncenter size-large is-resized\"><img decoding=\"async\" src=\"https:\/\/centcols.org\/membres\/portraits\/portrait.php?num=4614\" alt=\"\" style=\"width:auto;height:150px\"\/><\/figure>\n<\/div>\n\n\n<h3 class=\"wp-block-heading has-text-align-center\">Jean-Fran\u00e7ois Plantard (nr. 4614)<\/h3>\n\n\n\n<p class=\"has-text-align-center has-small-font-size\">GT-lid<br>84 Sablet<br>FRANKRIJK<\/p>\n<\/div><\/div>\n<\/div>\n\n\n\n<div class=\"wp-block-column is-layout-flow wp-block-column-is-layout-flow\">\n<div class=\"wp-block-group has-background\" style=\"background-color:#f6f6f6\"><div class=\"wp-block-group__inner-container is-layout-constrained wp-block-group-is-layout-constrained\">\n<div style=\"height:20px\" aria-hidden=\"true\" class=\"wp-block-spacer\"><\/div>\n\n\n<div class=\"wp-block-image is-style-rounded\">\n<figure class=\"aligncenter size-large is-resized\"><img decoding=\"async\" src=\"https:\/\/centcols.org\/membres\/portraits\/portrait.php?num=5497\" alt=\"\" style=\"width:auto;height:150px\"\/><\/figure>\n<\/div>\n\n\n<h3 class=\"wp-block-heading has-text-align-center\">Guy Ruffi\u00e9 (nr. 5497)<\/h3>\n\n\n\n<p class=\"has-text-align-center has-small-font-size\">GT-lid<br>31 Toulouse<br>FRANKRIJK<\/p>\n<\/div><\/div>\n<\/div>\n<\/div>\n\n\n\n<h3 class=\"wp-block-heading has-text-align-center\">Itali\u00eb<\/h3>\n\n\n\n<div style=\"height:20px\" aria-hidden=\"true\" class=\"wp-block-spacer\"><\/div>\n\n\n\n<div class=\"wp-block-columns is-layout-flex wp-container-core-columns-is-layout-9d6595d7 wp-block-columns-is-layout-flex\">\n<div class=\"wp-block-column is-layout-flow wp-block-column-is-layout-flow\">\n<div class=\"wp-block-group has-background\" style=\"background-color:#f6f6f6\"><div class=\"wp-block-group__inner-container is-layout-constrained wp-block-group-is-layout-constrained\">\n<div style=\"height:20px\" aria-hidden=\"true\" class=\"wp-block-spacer\"><\/div>\n\n\n<div class=\"wp-block-image is-style-rounded\">\n<figure class=\"aligncenter size-full is-resized\"><img loading=\"lazy\" decoding=\"async\" width=\"150\" height=\"200\" src=\"https:\/\/centcols.org\/wp-content\/uploads\/2025\/08\/enrico-alberini-primo-piano-e1638110289143.jpg\" alt=\"\" class=\"wp-image-85788\" style=\"width:auto;height:150px\"\/><\/figure>\n<\/div>\n\n\n<h3 class=\"wp-block-heading has-text-align-center\">Enrico Alberini (nr. 5065)<\/h3>\n\n\n\n<p class=\"has-text-align-center has-small-font-size\">GT-lid<br>Mantua<br>ITALI\u00cb\/ITALI\u00cb<\/p>\n<\/div><\/div>\n<\/div>\n\n\n\n<div class=\"wp-block-column is-layout-flow wp-block-column-is-layout-flow\">\n<div class=\"wp-block-group has-background\" style=\"background-color:#f6f6f6\"><div class=\"wp-block-group__inner-container is-layout-constrained wp-block-group-is-layout-constrained\">\n<div style=\"height:20px\" aria-hidden=\"true\" class=\"wp-block-spacer\"><\/div>\n\n\n<div class=\"wp-block-image is-style-rounded\">\n<figure class=\"aligncenter size-large is-resized\"><img decoding=\"async\" src=\"https:\/\/centcols.org\/membres\/portraits\/portrait.php?num=5553\" alt=\"\" style=\"width:auto;height:150px\"\/><\/figure>\n<\/div>\n\n\n<h3 class=\"wp-block-heading has-text-align-center\">G\u00e9rard Birelli (N\u00b0 5553)<\/h3>\n\n\n\n<p class=\"has-text-align-center has-small-font-size\">GT-lid<br>37 Sint-Avertin<br>FRANKRIJK<\/p>\n<\/div><\/div>\n<\/div>\n\n\n\n<div class=\"wp-block-column is-layout-flow wp-block-column-is-layout-flow\">\n<div class=\"wp-block-group has-background\" style=\"background-color:#f6f6f6\"><div class=\"wp-block-group__inner-container is-layout-constrained wp-block-group-is-layout-constrained\">\n<div style=\"height:20px\" aria-hidden=\"true\" class=\"wp-block-spacer\"><\/div>\n\n\n<div class=\"wp-block-image is-style-rounded\">\n<figure class=\"aligncenter size-full is-resized\"><img loading=\"lazy\" decoding=\"async\" width=\"300\" height=\"400\" src=\"https:\/\/centcols.org\/wp-content\/uploads\/2025\/02\/GAC.jpg\" alt=\"\" class=\"wp-image-79558\" style=\"width:auto;height:150px\"\/><\/figure>\n<\/div>\n\n\n<h3 class=\"wp-block-heading has-text-align-center\">Graham Cutting (nr. 4927)<\/h3>\n\n\n\n<p class=\"has-text-align-center has-small-font-size\">GT-lid<br>73 Bourdeau<br>FRANKRIJK<\/p>\n<\/div><\/div>\n<\/div>\n<\/div>\n\n\n\n<div class=\"wp-block-columns is-layout-flex wp-container-core-columns-is-layout-9d6595d7 wp-block-columns-is-layout-flex\">\n<div class=\"wp-block-column is-layout-flow wp-block-column-is-layout-flow\">\n<div class=\"wp-block-group has-background\" style=\"background-color:#f6f6f6\"><div class=\"wp-block-group__inner-container is-layout-constrained wp-block-group-is-layout-constrained\">\n<div style=\"height:20px\" aria-hidden=\"true\" class=\"wp-block-spacer\"><\/div>\n\n\n<div class=\"wp-block-image is-style-rounded\">\n<figure class=\"aligncenter size-full is-resized\"><img loading=\"lazy\" decoding=\"async\" width=\"360\" height=\"480\" src=\"https:\/\/centcols.org\/wp-content\/uploads\/2025\/02\/olivero-3-4.jpg\" alt=\"\" class=\"wp-image-79559\" style=\"width:auto;height:150px\"\/><\/figure>\n<\/div>\n\n\n<h3 class=\"wp-block-heading has-text-align-center\">Alberto Olivero (nr. 5722)<\/h3>\n\n\n\n<p class=\"has-text-align-center has-small-font-size\">GT-lid<br>Monteu da Po (TO)<br>ITALI\u00cb\/ITALI\u00cb<\/p>\n<\/div><\/div>\n<\/div>\n\n\n\n<div class=\"wp-block-column is-layout-flow wp-block-column-is-layout-flow\">\n<div class=\"wp-block-group has-background\" style=\"background-color:#f6f6f6\"><div class=\"wp-block-group__inner-container is-layout-constrained wp-block-group-is-layout-constrained\">\n<div style=\"height:20px\" aria-hidden=\"true\" class=\"wp-block-spacer\"><\/div>\n\n\n<div class=\"wp-block-image is-style-rounded\">\n<figure class=\"aligncenter size-full is-resized\"><img loading=\"lazy\" decoding=\"async\" width=\"375\" height=\"500\" src=\"https:\/\/centcols.org\/wp-content\/uploads\/2025\/08\/LuigiSpina.jpg\" alt=\"\" class=\"wp-image-85775\" style=\"width:auto;height:150px\"\/><\/figure>\n<\/div>\n\n\n<h3 class=\"wp-block-heading has-text-align-center\">Luigi Spina (N\u00b05067)<\/h3>\n\n\n\n<p class=\"has-text-align-center has-small-font-size\">GT-lid<br>Turijn<br>ITALI\u00cb\/ITALI\u00cb<\/p>\n<\/div><\/div>\n<\/div>\n<\/div>\n\n\n\n<h3 class=\"wp-block-heading has-text-align-center\">Zwitserland<\/h3>\n\n\n\n<div style=\"height:20px\" aria-hidden=\"true\" class=\"wp-block-spacer\"><\/div>\n\n\n\n<div class=\"wp-block-columns is-layout-flex wp-container-core-columns-is-layout-9d6595d7 wp-block-columns-is-layout-flex\">\n<div class=\"wp-block-column is-layout-flow wp-block-column-is-layout-flow\">\n<div class=\"wp-block-group has-background\" style=\"background-color:#f6f6f6\"><div class=\"wp-block-group__inner-container is-layout-constrained wp-block-group-is-layout-constrained\">\n<div style=\"height:20px\" aria-hidden=\"true\" class=\"wp-block-spacer\"><\/div>\n\n\n<div class=\"wp-block-image is-style-rounded\">\n<figure class=\"aligncenter size-large is-resized\"><img decoding=\"async\" src=\"https:\/\/centcols.org\/membres\/portraits\/portrait.php?num=5900\" alt=\"\" style=\"width:auto;height:150px\"\/><\/figure>\n<\/div>\n\n\n<h3 class=\"wp-block-heading has-text-align-center\">Christian Binggeli (N\u00b0 5900)<\/h3>\n\n\n\n<p class=\"has-text-align-center has-small-font-size\">GT-lid<br>Denens<br>SUISSE \/ SCHWEIZ \/ SVIZZERA<\/p>\n<\/div><\/div>\n<\/div>\n\n\n\n<div class=\"wp-block-column is-layout-flow wp-block-column-is-layout-flow\">\n<div class=\"wp-block-group has-background\" style=\"background-color:#f6f6f6\"><div class=\"wp-block-group__inner-container is-layout-constrained wp-block-group-is-layout-constrained\">\n<div style=\"height:20px\" aria-hidden=\"true\" class=\"wp-block-spacer\"><\/div>\n\n\n<div class=\"wp-block-image is-style-rounded\">\n<figure class=\"aligncenter size-full is-resized\"><img loading=\"lazy\" decoding=\"async\" width=\"150\" height=\"200\" src=\"https:\/\/centcols.org\/wp-content\/uploads\/2025\/08\/dt_mai.jpg\" alt=\"\" class=\"wp-image-85772\" style=\"width:auto;height:150px\"\/><\/figure>\n<\/div>\n\n\n<h3 class=\"wp-block-heading has-text-align-center\">Pierre Mai (nr. 4906)<\/h3>\n\n\n\n<p class=\"has-text-align-center has-small-font-size\">GT-lid<br>Ballens<br>SUISSE \/ SCHWEIZ \/ SVIZZERA<\/p>\n<\/div><\/div>\n<\/div>\n\n\n\n<div class=\"wp-block-column is-layout-flow wp-block-column-is-layout-flow\">\n<div class=\"wp-block-group has-background\" style=\"background-color:#f6f6f6\"><div class=\"wp-block-group__inner-container is-layout-constrained wp-block-group-is-layout-constrained\">\n<div style=\"height:20px\" aria-hidden=\"true\" class=\"wp-block-spacer\"><\/div>\n\n\n<div class=\"wp-block-image is-style-rounded\">\n<figure class=\"aligncenter size-full is-resized\"><img loading=\"lazy\" decoding=\"async\" width=\"150\" height=\"200\" src=\"https:\/\/centcols.org\/wp-content\/uploads\/2026\/01\/rudaz.jpeg\" alt=\"\" class=\"wp-image-92542\" style=\"width:auto;height:150px\" srcset=\"https:\/\/centcols.org\/wp-content\/uploads\/2026\/01\/rudaz.jpeg 150w, https:\/\/centcols.org\/wp-content\/uploads\/2026\/01\/rudaz-9x12.jpeg 9w\" sizes=\"auto, (max-width: 150px) 100vw, 150px\" \/><\/figure>\n<\/div>\n\n\n<h3 class=\"wp-block-heading has-text-align-center\">Andr\u00e9 Rudaz (nr. 814)<\/h3>\n\n\n\n<p class=\"has-text-align-center has-small-font-size\">GT-lid<br>Losone<br>SUISSE \/ SCHWEIZ \/ SVIZZERA<\/p>\n<\/div><\/div>\n<\/div>\n<\/div>\n\n\n\n<h3 class=\"wp-block-heading has-text-align-center\">Rest van de wereld<\/h3>\n\n\n\n<div class=\"wp-block-columns is-layout-flex wp-container-core-columns-is-layout-9d6595d7 wp-block-columns-is-layout-flex\">\n<div class=\"wp-block-column is-layout-flow wp-block-column-is-layout-flow\">\n<div class=\"wp-block-group has-background\" style=\"background-color:#f6f6f6\"><div class=\"wp-block-group__inner-container is-layout-constrained wp-block-group-is-layout-constrained\">\n<div style=\"height:20px\" aria-hidden=\"true\" class=\"wp-block-spacer\"><\/div>\n\n\n<div class=\"wp-block-image is-style-rounded\">\n<figure class=\"aligncenter size-full is-resized\"><img loading=\"lazy\" decoding=\"async\" width=\"300\" height=\"400\" src=\"https:\/\/centcols.org\/wp-content\/uploads\/2025\/02\/GAC.jpg\" alt=\"\" class=\"wp-image-79558\" style=\"width:auto;height:150px\"\/><\/figure>\n<\/div>\n\n\n<h3 class=\"wp-block-heading has-text-align-center\">Graham Cutting (nr. 4927)<\/h3>\n\n\n\n<p class=\"has-text-align-center has-small-font-size\">GT-lid<br>73 Bourdeau<br>FRANKRIJK<\/p>\n<\/div><\/div>\n<\/div>\n\n\n\n<div class=\"wp-block-column is-layout-flow wp-block-column-is-layout-flow\">\n<div class=\"wp-block-group has-background\" style=\"background-color:#f6f6f6\"><div class=\"wp-block-group__inner-container is-layout-constrained wp-block-group-is-layout-constrained\">\n<div style=\"height:20px\" aria-hidden=\"true\" class=\"wp-block-spacer\"><\/div>\n\n\n<div class=\"wp-block-image is-style-rounded\">\n<figure class=\"aligncenter size-full is-resized\"><img loading=\"lazy\" decoding=\"async\" width=\"200\" height=\"253\" src=\"https:\/\/centcols.org\/wp-content\/uploads\/2025\/02\/vorberg.jpg\" alt=\"\" class=\"wp-image-79557\" style=\"width:auto;height:150px\"\/><\/figure>\n<\/div>\n\n\n<h3 class=\"wp-block-heading has-text-align-center\">Ludger Vorberg (Nr. 4898)<\/h3>\n\n\n\n<p class=\"has-text-align-center has-small-font-size\">GT-lid<br>Merzhausen<br>ALLEMAGNE\/DEUTSCHLAND \/ DUITSLAND<\/p>\n<\/div><\/div>\n<\/div>\n<\/div>\n\n\n\n<p><\/p>","protected":false},"excerpt":{"rendered":"<p>Au Club des Cent Cols, outre le Conseil d&rsquo;administration de nombreux b\u00e9n\u00e9voles \u0153uvrent tout au long de l&rsquo;ann\u00e9e. Que ce soit dans des groupes de travail ou dans des t\u00e2ches bien pr\u00e9cises, ils contribuent activement au fonctionnement et au rayonnement du club. Les groupes de travail pour les catalogues de cols \u00e9tudient les cartes, les [&hellip;]<\/p>\n","protected":false},"author":2,"featured_media":79556,"parent":0,"menu_order":0,"comment_status":"open","ping_status":"open","template":"","meta":{"_acf_changed":false,"footnotes":""},"class_list":["post-79555","page","type-page","status-publish","has-post-thumbnail","hentry"],"acf":[],"yoast_head":"<!-- This site is optimized with the Yoast SEO plugin v27.2 - https:\/\/yoast.com\/product\/yoast-seo-wordpress\/ -->\n<title>Les groupes de travail sur les cols - Club des Cent Cols<\/title>\n<meta name=\"robots\" content=\"index, follow, max-snippet:-1, max-image-preview:large, max-video-preview:-1\" \/>\n<link rel=\"canonical\" href=\"https:\/\/centcols.org\/nl\/gt-halsbanden\/\" \/>\n<meta property=\"og:locale\" content=\"nl_BE\" \/>\n<meta property=\"og:type\" content=\"article\" \/>\n<meta property=\"og:title\" content=\"Les groupes de travail sur les cols - Club des Cent Cols\" \/>\n<meta property=\"og:description\" content=\"Au Club des Cent Cols, outre le Conseil d&rsquo;administration de nombreux b\u00e9n\u00e9voles \u0153uvrent tout au long de l&rsquo;ann\u00e9e. Que ce soit dans des groupes de travail ou dans des t\u00e2ches bien pr\u00e9cises, ils contribuent activement au fonctionnement et au rayonnement du club. Les groupes de travail pour les catalogues de cols \u00e9tudient les cartes, les [&hellip;]\" \/>\n<meta property=\"og:url\" content=\"https:\/\/centcols.org\/nl\/gt-halsbanden\/\" \/>\n<meta property=\"og:site_name\" content=\"Club des Cent Cols\" \/>\n<meta property=\"article:publisher\" content=\"https:\/\/www.facebook.com\/groups\/5261880558\/?locale=fr_FR\" \/>\n<meta property=\"article:modified_time\" content=\"2026-01-06T18:19:11+00:00\" \/>\n<meta property=\"og:image\" content=\"https:\/\/centcols.org\/wp-content\/uploads\/2025\/02\/5722-Alberto-Olivero.jpg\" \/>\n\t<meta property=\"og:image:width\" content=\"524\" \/>\n\t<meta property=\"og:image:height\" content=\"600\" \/>\n\t<meta property=\"og:image:type\" content=\"image\/jpeg\" \/>\n<meta name=\"twitter:card\" content=\"summary_large_image\" \/>\n<meta name=\"twitter:label1\" content=\"Geschatte leestijd\" \/>\n\t<meta name=\"twitter:data1\" content=\"6 minuten\" \/>\n<script type=\"application\/ld+json\" class=\"yoast-schema-graph\">{\"@context\":\"https:\/\/schema.org\",\"@graph\":[{\"@type\":\"WebPage\",\"@id\":\"https:\/\/centcols.org\/gt-cols\/\",\"url\":\"https:\/\/centcols.org\/gt-cols\/\",\"name\":\"Les groupes de travail sur les cols - Club des Cent Cols\",\"isPartOf\":{\"@id\":\"https:\/\/centcols.org\/#website\"},\"primaryImageOfPage\":{\"@id\":\"https:\/\/centcols.org\/gt-cols\/#primaryimage\"},\"image\":{\"@id\":\"https:\/\/centcols.org\/gt-cols\/#primaryimage\"},\"thumbnailUrl\":\"https:\/\/centcols.org\/wp-content\/uploads\/2025\/02\/5722-Alberto-Olivero.jpg\",\"datePublished\":\"2025-02-05T08:08:06+00:00\",\"dateModified\":\"2026-01-06T18:19:11+00:00\",\"breadcrumb\":{\"@id\":\"https:\/\/centcols.org\/gt-cols\/#breadcrumb\"},\"inLanguage\":\"nl-BE\",\"potentialAction\":[{\"@type\":\"ReadAction\",\"target\":[\"https:\/\/centcols.org\/gt-cols\/\"]}]},{\"@type\":\"ImageObject\",\"inLanguage\":\"nl-BE\",\"@id\":\"https:\/\/centcols.org\/gt-cols\/#primaryimage\",\"url\":\"https:\/\/centcols.org\/wp-content\/uploads\/2025\/02\/5722-Alberto-Olivero.jpg\",\"contentUrl\":\"https:\/\/centcols.org\/wp-content\/uploads\/2025\/02\/5722-Alberto-Olivero.jpg\",\"width\":524,\"height\":600},{\"@type\":\"BreadcrumbList\",\"@id\":\"https:\/\/centcols.org\/gt-cols\/#breadcrumb\",\"itemListElement\":[{\"@type\":\"ListItem\",\"position\":1,\"name\":\"Accueil\",\"item\":\"https:\/\/centcols.org\/\"},{\"@type\":\"ListItem\",\"position\":2,\"name\":\"Les groupes de travail sur les cols\"}]},{\"@type\":\"WebSite\",\"@id\":\"https:\/\/centcols.org\/#website\",\"url\":\"https:\/\/centcols.org\/\",\"name\":\"Club des Cent Cols\",\"description\":\"\",\"publisher\":{\"@id\":\"https:\/\/centcols.org\/#organization\"},\"potentialAction\":[{\"@type\":\"SearchAction\",\"target\":{\"@type\":\"EntryPoint\",\"urlTemplate\":\"https:\/\/centcols.org\/?s={search_term_string}\"},\"query-input\":{\"@type\":\"PropertyValueSpecification\",\"valueRequired\":true,\"valueName\":\"search_term_string\"}}],\"inLanguage\":\"nl-BE\"},{\"@type\":\"Organization\",\"@id\":\"https:\/\/centcols.org\/#organization\",\"name\":\"Club des Cent Cols\",\"url\":\"https:\/\/centcols.org\/\",\"logo\":{\"@type\":\"ImageObject\",\"inLanguage\":\"nl-BE\",\"@id\":\"https:\/\/centcols.org\/#\/schema\/logo\/image\/\",\"url\":\"https:\/\/centcols.org\/wp-content\/uploads\/2025\/01\/carte-icone.png\",\"contentUrl\":\"https:\/\/centcols.org\/wp-content\/uploads\/2025\/01\/carte-icone.png\",\"width\":250,\"height\":250,\"caption\":\"Club des Cent Cols\"},\"image\":{\"@id\":\"https:\/\/centcols.org\/#\/schema\/logo\/image\/\"},\"sameAs\":[\"https:\/\/www.facebook.com\/groups\/5261880558\/?locale=fr_FR\"]}]}<\/script>\n<!-- \/ Yoast SEO plugin. -->","yoast_head_json":{"title":"Werkgroepen voor de passen - Club des Cent Cols","robots":{"index":"index","follow":"follow","max-snippet":"max-snippet:-1","max-image-preview":"max-image-preview:large","max-video-preview":"max-video-preview:-1"},"canonical":"https:\/\/centcols.org\/nl\/gt-halsbanden\/","og_locale":"nl_BE","og_type":"article","og_title":"Les groupes de travail sur les cols - Club des Cent Cols","og_description":"Au Club des Cent Cols, outre le Conseil d&rsquo;administration de nombreux b\u00e9n\u00e9voles \u0153uvrent tout au long de l&rsquo;ann\u00e9e. Que ce soit dans des groupes de travail ou dans des t\u00e2ches bien pr\u00e9cises, ils contribuent activement au fonctionnement et au rayonnement du club. Les groupes de travail pour les catalogues de cols \u00e9tudient les cartes, les [&hellip;]","og_url":"https:\/\/centcols.org\/nl\/gt-halsbanden\/","og_site_name":"Club des Cent Cols","article_publisher":"https:\/\/www.facebook.com\/groups\/5261880558\/?locale=fr_FR","article_modified_time":"2026-01-06T18:19:11+00:00","og_image":[{"width":524,"height":600,"url":"https:\/\/centcols.org\/wp-content\/uploads\/2025\/02\/5722-Alberto-Olivero.jpg","type":"image\/jpeg"}],"twitter_card":"summary_large_image","twitter_misc":{"Geschatte leestijd":"6 minuten"},"schema":{"@context":"https:\/\/schema.org","@graph":[{"@type":"WebPage","@id":"https:\/\/centcols.org\/gt-cols\/","url":"https:\/\/centcols.org\/gt-cols\/","name":"Werkgroepen voor de passen - Club des Cent Cols","isPartOf":{"@id":"https:\/\/centcols.org\/#website"},"primaryImageOfPage":{"@id":"https:\/\/centcols.org\/gt-cols\/#primaryimage"},"image":{"@id":"https:\/\/centcols.org\/gt-cols\/#primaryimage"},"thumbnailUrl":"https:\/\/centcols.org\/wp-content\/uploads\/2025\/02\/5722-Alberto-Olivero.jpg","datePublished":"2025-02-05T08:08:06+00:00","dateModified":"2026-01-06T18:19:11+00:00","breadcrumb":{"@id":"https:\/\/centcols.org\/gt-cols\/#breadcrumb"},"inLanguage":"nl-BE","potentialAction":[{"@type":"ReadAction","target":["https:\/\/centcols.org\/gt-cols\/"]}]},{"@type":"ImageObject","inLanguage":"nl-BE","@id":"https:\/\/centcols.org\/gt-cols\/#primaryimage","url":"https:\/\/centcols.org\/wp-content\/uploads\/2025\/02\/5722-Alberto-Olivero.jpg","contentUrl":"https:\/\/centcols.org\/wp-content\/uploads\/2025\/02\/5722-Alberto-Olivero.jpg","width":524,"height":600},{"@type":"BreadcrumbList","@id":"https:\/\/centcols.org\/gt-cols\/#breadcrumb","itemListElement":[{"@type":"ListItem","position":1,"name":"Accueil","item":"https:\/\/centcols.org\/"},{"@type":"ListItem","position":2,"name":"Les groupes de travail sur les cols"}]},{"@type":"WebSite","@id":"https:\/\/centcols.org\/#website","url":"https:\/\/centcols.org\/","name":"Club van Cent Cols","description":"","publisher":{"@id":"https:\/\/centcols.org\/#organization"},"potentialAction":[{"@type":"SearchAction","target":{"@type":"EntryPoint","urlTemplate":"https:\/\/centcols.org\/?s={search_term_string}"},"query-input":{"@type":"PropertyValueSpecification","valueRequired":true,"valueName":"search_term_string"}}],"inLanguage":"nl-BE"},{"@type":"Organization","@id":"https:\/\/centcols.org\/#organization","name":"Club van Cent Cols","url":"https:\/\/centcols.org\/","logo":{"@type":"ImageObject","inLanguage":"nl-BE","@id":"https:\/\/centcols.org\/#\/schema\/logo\/image\/","url":"https:\/\/centcols.org\/wp-content\/uploads\/2025\/01\/carte-icone.png","contentUrl":"https:\/\/centcols.org\/wp-content\/uploads\/2025\/01\/carte-icone.png","width":250,"height":250,"caption":"Club des Cent Cols"},"image":{"@id":"https:\/\/centcols.org\/#\/schema\/logo\/image\/"},"sameAs":["https:\/\/www.facebook.com\/groups\/5261880558\/?locale=fr_FR"]}]}},"_links":{"self":[{"href":"https:\/\/centcols.org\/nl\/wp-json\/wp\/v2\/pages\/79555","targetHints":{"allow":["GET"]}}],"collection":[{"href":"https:\/\/centcols.org\/nl\/wp-json\/wp\/v2\/pages"}],"about":[{"href":"https:\/\/centcols.org\/nl\/wp-json\/wp\/v2\/types\/page"}],"author":[{"embeddable":true,"href":"https:\/\/centcols.org\/nl\/wp-json\/wp\/v2\/users\/2"}],"replies":[{"embeddable":true,"href":"https:\/\/centcols.org\/nl\/wp-json\/wp\/v2\/comments?post=79555"}],"version-history":[{"count":0,"href":"https:\/\/centcols.org\/nl\/wp-json\/wp\/v2\/pages\/79555\/revisions"}],"wp:featuredmedia":[{"embeddable":true,"href":"https:\/\/centcols.org\/nl\/wp-json\/wp\/v2\/media\/79556"}],"wp:attachment":[{"href":"https:\/\/centcols.org\/nl\/wp-json\/wp\/v2\/media?parent=79555"}],"curies":[{"name":"wp","href":"https:\/\/api.w.org\/{rel}","templated":true}]}}